{"id":555,"date":"2022-05-03T15:59:15","date_gmt":"2022-05-03T15:59:15","guid":{"rendered":"https:\/\/www.conradpuntademita.com\/?post_type=dining&#038;p=555"},"modified":"2025-10-22T16:19:24","modified_gmt":"2025-10-22T16:19:24","slug":"arbol-2","status":"publish","type":"dining","link":"https:\/\/www.conradpuntademita.com\/es\/restaurantes-bares\/arbol-2\/","title":{"rendered":"\u00c1rbol"},"content":{"rendered":"<section id=\"dining-banner-block_ffedfd84e0aa943d51fdadda83def39b\" class=\"dining-banner gradient-banner-2\">\n\t<span><h1 class=\"heading1\">Alta Cocina Mexicana<\/h1>\n<\/span>\n\t\t\t\t\t\t<div class=\"dining-banner__image images image2\">\n\t\t\t\t<img decoding=\"async\" src=\"https:\/\/cdn.conradpuntademita.com\/wp-content\/uploads\/2022\/05\/02233436\/IMG_56411-3-scaled.webp\" alt=\"Bandera\">\n\t\t\t<\/div>\n\t\t\t<div class=\"dining-banner__image images\">\n\t\t\t\t<img decoding=\"async\" src=\"https:\/\/cdn.conradpuntademita.com\/wp-content\/uploads\/2022\/05\/13124532\/PVRPMCI_Arbol-terraza-e1653667690319.webp\" alt=\"Bandera\">\n\t\t\t<\/div>\n\t\t\t<\/section>\n\n\n<section class=\"wysiwig body-wrapper half-width dining-wysiwig\" id=\"wysiwig-block_8900288a80d4394f24e6fa19e3827df8\">\n  <h2 class=\"heading2\" style=\"text-align: center;\">\u00c1rbol<\/h2>\n<p style=\"text-align: center;\"><span style=\"font-weight: 400;\">\u00c1rbol ahora ofrece dos experiencias culinarias distintas en un ambiente acogedor. Por la ma\u00f1ana, ofrece un abundante desayuno buffet mexicano y opciones a la carta, con platillos favoritos como chilaquiles, huevos rancheros y tortillas al momento, elaboradas con ingredientes locales frescos. Por la noche, \u00c1rbol se transforma en \u00c1rbol Cucina, un restaurante italiano de temporada que celebra la rica tradici\u00f3n de la cocina italiana con pastas artesanales, mariscos locales de primera calidad y verduras de temporada preparadas con t\u00e9cnicas atemporales y creatividad moderna.\u00a0<\/span><\/p>\n<p><a class=\"btn btn-outline\" href=\"https:\/\/visitingmedia.com\/tt8\/?ttid=conrad-punta-de-mita#\/3d-model\/0\/2\" target=\"_blank\" rel=\"noopener\">Ver tour virtual<\/a><\/p>\n<\/section>\n\n<div id='menus' class='menus-url-anchor-dont-remove'><\/div>\n\t<section class=\"accordions accordions--menu accordion-in-menusapp\"\n\t\tid=\"arbol\">\n\n\n\t\t\t\t\t<div class=\"container\">\n\t\t\t\t<img data-src=\"https:\/\/cdn.conradpuntademita.com\/wp-content\/uploads\/2023\/06\/27135000\/ARBOL-LOGO-2-1.webp\" alt=\"Marca denominativa azul que dice \u201c\u00c1RBOL\u201d con s\u00edmbolos decorativos de estrellas en ambos lados.\"\n\t\t\t\t\tclass=\"restologo lazy lazyload\" width=\"350\" height=\"auto\" \/>\n\t\t\t<\/div>\n\t\t\t\t\t\t<div class=\"full-slider full-slider-resto enable-dots\">\n\t\t\t\t<div class=\"container\">\n\t\t\t\t\t<div class=\"slider enable-dots rooms-carousel resto-carousel a-op a-delay-1\">\n\t\t\t\t\t\t\t\t\t\t\t\t\t<div class=\"slide\">\n\t\t\t\t\t\t\t\t\t\t\t\t\t\t\t\t\t<img decoding=\"async\" class=\"slide-image\" src=\"https:\/\/cdn.conradpuntademita.com\/wp-content\/uploads\/2022\/05\/13124532\/PVRPMCI_Arbol-terraza-e1653667690319.webp\"\n\t\t\t\t\t\t\t\t\t\talt=\"Imagen del restaurante al aire libre con vista al jard\u00edn.\">\n\t\t\t\t\t\t\t\t\t\t\t\t\t\t\t<\/div>\n\t\t\t\t\t\t\t\t\t\t\t\t\t<div class=\"slide\">\n\t\t\t\t\t\t\t\t\t\t\t\t\t\t\t\t\t<img decoding=\"async\" class=\"slide-image\" src=\"https:\/\/cdn.conradpuntademita.com\/wp-content\/uploads\/2022\/05\/13122422\/ConradPuntadeMita-JoeThomas-103-1-scaled.webp\"\n\t\t\t\t\t\t\t\t\t\talt=\"Imagen de un sof\u00e1, silla con vista al r\u00edo.\">\n\t\t\t\t\t\t\t\t\t\t\t\t\t\t\t<\/div>\n\t\t\t\t\t\t\t\t\t\t\t\t\t<div class=\"slide\">\n\t\t\t\t\t\t\t\t\t\t\t\t\t\t\t\t\t<img decoding=\"async\" class=\"slide-image\" src=\"https:\/\/cdn.conradpuntademita.com\/wp-content\/uploads\/2022\/05\/13122410\/ConradPuntaMita-Spherical-JoeThomas-022022-10-1.webp\"\n\t\t\t\t\t\t\t\t\t\talt=\"Chef sosteniendo bocadillos\">\n\t\t\t\t\t\t\t\t\t\t\t\t\t\t\t<\/div>\n\t\t\t\t\t\t\t\t\t\t\t<\/div>\n\t\t\t\t<\/div>\n\t\t\t<\/div>\n\t\t\t\t\t<div class=\"container\">\n\n\t\t\t\t\t\t\t<div class=\"cuisine-hours\">\n\t\t\t\t\t<p><b>Horas de funcionamiento<\/b><\/p>\n<p>DESAYUNO \u2013 7:00 am a 11:00 am<br \/>\nCENA \u2013 17:30 a 22:30 horas<\/p>\n\t\t\t\t<\/div>\n\t\t\t\t\t\t\t\t\t<h2 class=\"meal-menu__heading heading3\">\n\t\t\t\t\t\t<span>Men\u00fas de comedor<\/span>\n\t\t\t\t\t<\/h2>\n\t\t\t\t\t\t\t\t\t\t\t\t\t\t\n\t\t\t\t\t<div class=\"accordion a-up\">\n\t\t\t\t\t\t\n\t\t\t\t\t\t<div class=\"accordion-title\">\n\t\t\t\tDesayuno\t\t\t\t\t<\/div>\n\t\t\t\n\t\t\t\t\t\t\t\t\t\t\t\t\t\t\t\t\t\t\t\t\t<div class=\"accordion-content\">\n\t\t\t\t\t\t\t\t\t\t\t\t\t\t\t\t\t\t\t<div class=\"accordion-menus\">\n\t\t\t\t\t\t\t\t\t\t\t\n\t\t\t\t\t\t<h6 class=\"accordion-menus__title\">\n\t\t\t\tNUESTRAS ESPECIALIDADES\t\t\t\t\t<\/h6>\n\t\t\t\n\t\t\t\t\t\t\t\t\t\t\t\t\t\t\t\t\t\t\t\t\t\t\t\t<div class=\"accordion-menu\">\n\t\t\t\t\t\t\t\t\t\t\t\t\t\t<div class=\"accordion-menu__info\">\n\t\t\t\t\t\t\t\t\t\t\t\t\t\t\t\n\t\t\t\t\t\t<div class=\"accordion-menu__name\">\n\t\t\t\tDESAYUNO COMPLETO\t\t\t\t\t<\/div>\n\t\t\t\n\t\t\t\t\t\t\t\t\t\t\t\t\t\t\t\n\t\t\t\t\t\t\t\t\t\t\t\t\t\t<\/div>\n\t\t\t\t\t\t\t\t\t\t\t\t\t\t\n\t\t\t\t\t\t<div class=\"accordion-menu__desc\">\n\t\t\t\t2 huevos al gusto, tomate asado, salchicha de desayuno. frijoles refritos, papa hash brown, frutas, 2 pastelitos.\r\n\t\t\t\t\t<\/div>\n\t\t\t\n\t\t\t\t\t\t\t\t\t\t\t\t\t<\/div>\n\t\t\t\t\t\t\t\t\t\t\t\t\t\t\t\t\t\t\t\t\t\t\t\t\t\t<div class=\"accordion-menu\">\n\t\t\t\t\t\t\t\t\t\t\t\t\t\t<div class=\"accordion-menu__info\">\n\t\t\t\t\t\t\t\t\t\t\t\t\t\t\t\n\t\t\t\t\t\t<div class=\"accordion-menu__name\">\n\t\t\t\tDESAYUNO CONTINENTAL\t\t\t\t\t<\/div>\n\t\t\t\n\t\t\t\t\t\t\t\t\t\t\t\t\t\t\t\n\t\t\t\t\t\t\t\t\t\t\t\t\t\t<\/div>\n\t\t\t\t\t\t\t\t\t\t\t\t\t\t\n\t\t\t\t\t\t<div class=\"accordion-menu__desc\">\n\t\t\t\tSelecci\u00f3n de panes y boller\u00eda, frutas de temporada, granola casera con yogur, caf\u00e9 y zumo reci\u00e9n exprimido.\r\n\t\t\t\t\t<\/div>\n\t\t\t\n\t\t\t\t\t\t\t\t\t\t\t\t\t<\/div>\n\t\t\t\t\t\t\t\t\t\t\t\t\t\t\t\t\t\t\t\t\t\t\t\t\t\t<div class=\"accordion-menu\">\n\t\t\t\t\t\t\t\t\t\t\t\t\t\t<div class=\"accordion-menu__info\">\n\t\t\t\t\t\t\t\t\t\t\t\t\t\t\t\n\t\t\t\t\t\t<div class=\"accordion-menu__name\">\n\t\t\t\tA LA MANERA DE SAYULITA\t\t\t\t\t<\/div>\n\t\t\t\n\t\t\t\t\t\t\t\t\t\t\t\t\t\t\t\n\t\t\t\t\t\t\t\t\t\t\t\t\t\t<\/div>\n\t\t\t\t\t\t\t\t\t\t\t\t\t\t\n\t\t\t\t\t\t<div class=\"accordion-menu__desc\">\n\t\t\t\tPlato de frutas mixtas, yogur, granola y miel de abeja\r\n\t\t\t\t\t<\/div>\n\t\t\t\n\t\t\t\t\t\t\t\t\t\t\t\t\t<\/div>\n\t\t\t\t\t\t\t\t\t\t\t\t\t\t\t\t\t\t\t\t\t\t\t\t\t\t<div class=\"accordion-menu\">\n\t\t\t\t\t\t\t\t\t\t\t\t\t\t<div class=\"accordion-menu__info\">\n\t\t\t\t\t\t\t\t\t\t\t\t\t\t\t\n\t\t\t\t\t\t<div class=\"accordion-menu__name\">\n\t\t\t\tCUENCO DE ACAI\t\t\t\t\t<\/div>\n\t\t\t\n\t\t\t\t\t\t\t\t\t\t\t\t\t\t\t\n\t\t\t\t\t\t\t\t\t\t\t\t\t\t<\/div>\n\t\t\t\t\t\t\t\t\t\t\t\t\t\t\n\t\t\t\t\t\t<div class=\"accordion-menu__desc\">\n\t\t\t\tSemillas de girasol, ch\u00eda, pl\u00e1tano, amaranto, fresas\r\n\t\t\t\t\t<\/div>\n\t\t\t\n\t\t\t\t\t\t\t\t\t\t\t\t\t<\/div>\n\t\t\t\t\t\t\t\t\t\t\t\t\t\t\t\t\t\t\t\t\t\t\t\t\t\t<div class=\"accordion-menu\">\n\t\t\t\t\t\t\t\t\t\t\t\t\t\t<div class=\"accordion-menu__info\">\n\t\t\t\t\t\t\t\t\t\t\t\t\t\t\t\n\t\t\t\t\t\t<div class=\"accordion-menu__name\">\n\t\t\t\tCHILAQUILES\t\t\t\t\t<\/div>\n\t\t\t\n\t\t\t\t\t\t\t\t\t\t\t\t\t\t\t\n\t\t\t\t\t\t\t\t\t\t\t\t\t\t<\/div>\n\t\t\t\t\t\t\t\t\t\t\t\t\t\t\n\t\t\t\t\t\t<div class=\"accordion-menu__desc\">\n\t\t\t\tSalsa a elegir: tomatillo o ranchera, queso cotija a\u00f1ejo, aguacate, cebolla morada, crema agria, epazote <\/br>\r\nAgregar:\r\n<\/br>Huevos fritos (2 unidades)\r\n<\/br>Pollo 90 g.\r\n<\/br>Cecina de res 90 g.\t\t\t\t\t<\/div>\n\t\t\t\n\t\t\t\t\t\t\t\t\t\t\t\t\t<\/div>\n\t\t\t\t\t\t\t\t\t\t\t\t\t\t\t\t\t\t\t\t\t\t\t\t\t\t<div class=\"accordion-menu\">\n\t\t\t\t\t\t\t\t\t\t\t\t\t\t<div class=\"accordion-menu__info\">\n\t\t\t\t\t\t\t\t\t\t\t\t\t\t\t\n\t\t\t\t\t\t<div class=\"accordion-menu__name\">\n\t\t\t\t HUEVOS RANCHEROS\t\t\t\t\t<\/div>\n\t\t\t\n\t\t\t\t\t\t\t\t\t\t\t\t\t\t\t\n\t\t\t\t\t\t\t\t\t\t\t\t\t\t<\/div>\n\t\t\t\t\t\t\t\t\t\t\t\t\t\t\n\t\t\t\t\t\t<div class=\"accordion-menu__desc\">\n\t\t\t\t2 huevos fritos, tortilla de ma\u00edz, salsa ranchera, frijoles refritos, jitomate, queso panela, jalape\u00f1o asado.\r\n\t\t\t\t\t<\/div>\n\t\t\t\n\t\t\t\t\t\t\t\t\t\t\t\t\t<\/div>\n\t\t\t\t\t\t\t\t\t\t\t\t\t\t\t\t\t\t\t\t\t\t\t\t\t\t<div class=\"accordion-menu\">\n\t\t\t\t\t\t\t\t\t\t\t\t\t\t<div class=\"accordion-menu__info\">\n\t\t\t\t\t\t\t\t\t\t\t\t\t\t\t\n\t\t\t\t\t\t<div class=\"accordion-menu__name\">\n\t\t\t\tFRITTATA DE HUEVO Y VEGETALES\t\t\t\t\t<\/div>\n\t\t\t\n\t\t\t\t\t\t\t\t\t\t\t\t\t\t\t\n\t\t\t\t\t\t\t\t\t\t\t\t\t\t<\/div>\n\t\t\t\t\t\t\t\t\t\t\t\t\t\t\n\t\t\t\t\t\t<div class=\"accordion-menu__desc\">\n\t\t\t\tPortobello, queso de cabra, esp\u00e1rragos, guisantes, tomate cherry, jud\u00edas verdes\r\n\t\t\t\t\t<\/div>\n\t\t\t\n\t\t\t\t\t\t\t\t\t\t\t\t\t<\/div>\n\t\t\t\t\t\t\t\t\t\t\t\t\t\t\t\t\t\t\t\t\t\t\t\t\t\t<div class=\"accordion-menu\">\n\t\t\t\t\t\t\t\t\t\t\t\t\t\t<div class=\"accordion-menu__info\">\n\t\t\t\t\t\t\t\t\t\t\t\t\t\t\t\n\t\t\t\t\t\t<div class=\"accordion-menu__name\">\n\t\t\t\tENCHILADAS DE POLLO\t\t\t\t\t<\/div>\n\t\t\t\n\t\t\t\t\t\t\t\t\t\t\t\t\t\t\t\n\t\t\t\t\t\t\t\t\t\t\t\t\t\t<\/div>\n\t\t\t\t\t\t\t\t\t\t\t\t\t\t\n\t\t\t\t\t\t<div class=\"accordion-menu__desc\">\n\t\t\t\t90 g de pollo desmenuzado, salsa verde o roja, crema agria, queso fresco, cebolla encurtida, cilantro.\r\n\t\t\t\t\t<\/div>\n\t\t\t\n\t\t\t\t\t\t\t\t\t\t\t\t\t<\/div>\n\t\t\t\t\t\t\t\t\t\t\t\t\t\t\t\t\t\t\t\t\t\t\t\t\t\t<div class=\"accordion-menu\">\n\t\t\t\t\t\t\t\t\t\t\t\t\t\t<div class=\"accordion-menu__info\">\n\t\t\t\t\t\t\t\t\t\t\t\t\t\t\t\n\t\t\t\t\t\t<div class=\"accordion-menu__name\">\n\t\t\t\tTOSTADA DE AGUACATE\t\t\t\t\t<\/div>\n\t\t\t\n\t\t\t\t\t\t\t\t\t\t\t\t\t\t\t\n\t\t\t\t\t\t\t\t\t\t\t\t\t\t<\/div>\n\t\t\t\t\t\t\t\t\t\t\t\t\t\t\n\t\t\t\t\t\t<div class=\"accordion-menu__desc\">\n\t\t\t\tPan de masa madre, pur\u00e9 de aguacate, r\u00facula, tomate cherry\r\n<br\/>\r\nAgregar:<br\/>\r\n2 huevos fritos<br\/>\r\n2 huevos escalfados\r\n\t\t\t\t\t<\/div>\n\t\t\t\n\t\t\t\t\t\t\t\t\t\t\t\t\t<\/div>\n\t\t\t\t\t\t\t\t\t\t\t\t\t\t\t\t\t\t\t\t\t\t\t\t\t\t<div class=\"accordion-menu\">\n\t\t\t\t\t\t\t\t\t\t\t\t\t\t<div class=\"accordion-menu__info\">\n\t\t\t\t\t\t\t\t\t\t\t\t\t\t\t\n\t\t\t\t\t\t<div class=\"accordion-menu__name\">\n\t\t\t\t TOSTADAS DE CANELA\t\t\t\t\t<\/div>\n\t\t\t\n\t\t\t\t\t\t\t\t\t\t\t\t\t\t\t\n\t\t\t\t\t\t\t\t\t\t\t\t\t\t<\/div>\n\t\t\t\t\t\t\t\t\t\t\t\t\t\t\n\t\t\t\t\t\t<div class=\"accordion-menu__desc\">\n\t\t\t\tPl\u00e1tano dulce, canela, pasas, pecanas confitadas, ricota local y jarabe de arce.\r\n\t\t\t\t\t<\/div>\n\t\t\t\n\t\t\t\t\t\t\t\t\t\t\t\t\t<\/div>\n\t\t\t\t\t\t\t\t\t\t\t\t\t\t\t\t\t\t\t\t\t\t\t\t\t\t<div class=\"accordion-menu\">\n\t\t\t\t\t\t\t\t\t\t\t\t\t\t<div class=\"accordion-menu__info\">\n\t\t\t\t\t\t\t\t\t\t\t\t\t\t\t\n\t\t\t\t\t\t<div class=\"accordion-menu__name\">\n\t\t\t\tTORTITAS 3 uds\t\t\t\t\t<\/div>\n\t\t\t\n\t\t\t\t\t\t\t\t\t\t\t\t\t\t\t\n\t\t\t\t\t\t\t\t\t\t\t\t\t\t<\/div>\n\t\t\t\t\t\t\t\t\t\t\t\t\t\t\n\t\t\t\t\t\t<div class=\"accordion-menu__desc\">\n\t\t\t\tSalsa de vainilla, semillas de calabaza confitadas, bayas.\r\n\t\t\t\t\t<\/div>\n\t\t\t\n\t\t\t\t\t\t\t\t\t\t\t\t\t<\/div>\n\t\t\t\t\t\t\t\t\t\t\t\t\t\t\t\t\t\t\t\t\t\t\t\t\t\t<div class=\"accordion-menu\">\n\t\t\t\t\t\t\t\t\t\t\t\t\t\t<div class=\"accordion-menu__info\">\n\t\t\t\t\t\t\t\t\t\t\t\t\t\t\t\n\t\t\t\t\t\t<div class=\"accordion-menu__name\">\n\t\t\t\tWAFFLES DE CHOCOLATE Y TOCINO 1ud\t\t\t\t\t<\/div>\n\t\t\t\n\t\t\t\t\t\t\t\t\t\t\t\t\t\t\t\n\t\t\t\t\t\t\t\t\t\t\t\t\t\t<\/div>\n\t\t\t\t\t\t\t\t\t\t\t\t\t\t\n\t\t\t\t\t\t<div class=\"accordion-menu__desc\">\n\t\t\t\tBrule\u00e9 de pl\u00e1tano, sirope de arce y mermelada artesana\r\n\t\t\t\t\t<\/div>\n\t\t\t\n\t\t\t\t\t\t\t\t\t\t\t\t\t<\/div>\n\t\t\t\t\t\t\t\t\t\t\t\t\t\t\t\t\t\t\t\t\t\t\t\t\t\t<div class=\"accordion-menu\">\n\t\t\t\t\t\t\t\t\t\t\t\t\t\t<div class=\"accordion-menu__info\">\n\t\t\t\t\t\t\t\t\t\t\t\t\t\t\t\n\t\t\t\t\t\t<div class=\"accordion-menu__name\">\n\t\t\t\tLADOS\t\t\t\t\t<\/div>\n\t\t\t\n\t\t\t\t\t\t\t\t\t\t\t\t\t\t\t\n\t\t\t\t\t\t\t\t\t\t\t\t\t\t<\/div>\n\t\t\t\t\t\t\t\t\t\t\t\t\t\t\n\t\t\t\t\t\t<div class=\"accordion-menu__desc\">\n\t\t\t\tTocino\r\n<\/br>\r\nPapas ralladas\r\n<\/br>\r\nPalta \r\n<\/br>\r\nEmbutido\r\n<\/br>\r\nCesta de pasteles, 3 unidades.\r\n<\/br>\r\nAvena con agua o leche \t\t\t\t\t<\/div>\n\t\t\t\n\t\t\t\t\t\t\t\t\t\t\t\t\t<\/div>\n\t\t\t\t\t\t\t\t\t\t\t\t\t\t\t\t\t\t\t\t\t\t\t<\/div>\n\t\t\t\t\t\t\t\t\t\t\t\t\t\t\t\t\t<\/div>\n\t\t\t\t\t\t\t\t\t\t\t\t\t\t\t\t\t\t<\/div>\n\n\t\t\t\t\n\t\t\t\t\t<div class=\"accordion a-up\">\n\t\t\t\t\t\t\n\t\t\t\t\t\t<div class=\"accordion-title\">\n\t\t\t\tCena\t\t\t\t\t<\/div>\n\t\t\t\n\t\t\t\t\t\t\t\t\t\t\t\t\t\t\t\t\t\t\t\t\t<div class=\"accordion-content\">\n\t\t\t\t\t\t\t\t\t\t\t\t\t\t\t\t\t\t\t<div class=\"accordion-menus\">\n\t\t\t\t\t\t\t\t\t\t\t\n\t\t\t\t\t\t<h6 class=\"accordion-menus__title\">\n\t\t\t\tDA CONDIVIDERE \u2013 COMPARTIR\t\t\t\t\t<\/h6>\n\t\t\t\n\t\t\t\t\t\t\t\t\t\t\t\t\t\t\t\t\t\t\t\t\t\t\t\t<div class=\"accordion-menu\">\n\t\t\t\t\t\t\t\t\t\t\t\t\t\t<div class=\"accordion-menu__info\">\n\t\t\t\t\t\t\t\t\t\t\t\t\t\t\t\n\t\t\t\t\t\t<div class=\"accordion-menu__name\">\n\t\t\t\tFocaccia barese 230 g (df, nf, vg)\t\t\t\t\t<\/div>\n\t\t\t\n\t\t\t\t\t\t\t\t\t\t\t\t\t\t\t\n\t\t\t\t\t\t\t\t\t\t\t\t\t\t<\/div>\n\t\t\t\t\t\t\t\t\t\t\t\t\t\t\n\t\t\t\t\t\t<div class=\"accordion-menu__desc\">\n\t\t\t\tFocaccia tradicional de Apulia, servida con aceite de oliva virgen extra\t\t\t\t\t<\/div>\n\t\t\t\n\t\t\t\t\t\t\t\t\t\t\t\t\t<\/div>\n\t\t\t\t\t\t\t\t\t\t\t\t\t\t\t\t\t\t\t\t\t\t\t\t\t\t<div class=\"accordion-menu\">\n\t\t\t\t\t\t\t\t\t\t\t\t\t\t<div class=\"accordion-menu__info\">\n\t\t\t\t\t\t\t\t\t\t\t\t\t\t\t\n\t\t\t\t\t\t<div class=\"accordion-menu__name\">\n\t\t\t\tProsciutto di San Daniele, burrata y r\u00facula 295 g (sg, nf)\t\t\t\t\t<\/div>\n\t\t\t\n\t\t\t\t\t\t\t\t\t\t\t\t\t\t\t\n\t\t\t\t\t\t\t\t\t\t\t\t\t\t<\/div>\n\t\t\t\t\t\t\t\t\t\t\t\t\t\t\n\t\t\t\t\t\t<div class=\"accordion-menu__desc\">\n\t\t\t\t100 g de jam\u00f3n serrano San Daniele con certificaci\u00f3n DOP, burrata, r\u00facula fresca\t\t\t\t\t<\/div>\n\t\t\t\n\t\t\t\t\t\t\t\t\t\t\t\t\t<\/div>\n\t\t\t\t\t\t\t\t\t\t\t\t\t\t\t\t\t\t\t\t\t\t\t\t\t\t<div class=\"accordion-menu\">\n\t\t\t\t\t\t\t\t\t\t\t\t\t\t<div class=\"accordion-menu__info\">\n\t\t\t\t\t\t\t\t\t\t\t\t\t\t\t\n\t\t\t\t\t\t<div class=\"accordion-menu__name\">\n\t\t\t\tDegustazione di Ostriche (6 piezas) (GF, NF)\t\t\t\t\t<\/div>\n\t\t\t\n\t\t\t\t\t\t\t\t\t\t\t\t\t\t\t\n\t\t\t\t\t\t\t\t\t\t\t\t\t\t<\/div>\n\t\t\t\t\t\t\t\t\t\t\t\t\t\t\n\t\t\t\t\t\t<div class=\"accordion-menu__desc\">\n\t\t\t\tSelecci\u00f3n de ostras servidas con lim\u00f3n amarillo.\t\t\t\t\t<\/div>\n\t\t\t\n\t\t\t\t\t\t\t\t\t\t\t\t\t<\/div>\n\t\t\t\t\t\t\t\t\t\t\t\t\t\t\t\t\t\t\t\t\t\t\t\t\t\t<div class=\"accordion-menu\">\n\t\t\t\t\t\t\t\t\t\t\t\t\t\t<div class=\"accordion-menu__info\">\n\t\t\t\t\t\t\t\t\t\t\t\t\t\t\t\n\t\t\t\t\t\t<div class=\"accordion-menu__name\">\n\t\t\t\tDegustazione di Ostriche (12 piezas) (GF, NF)\t\t\t\t\t<\/div>\n\t\t\t\n\t\t\t\t\t\t\t\t\t\t\t\t\t\t\t\n\t\t\t\t\t\t\t\t\t\t\t\t\t\t<\/div>\n\t\t\t\t\t\t\t\t\t\t\t\t\t\t\n\t\t\t\t\t\t<div class=\"accordion-menu__desc\">\n\t\t\t\tSelecci\u00f3n de ostras servidas con lim\u00f3n amarillo.\t\t\t\t\t<\/div>\n\t\t\t\n\t\t\t\t\t\t\t\t\t\t\t\t\t<\/div>\n\t\t\t\t\t\t\t\t\t\t\t\t\t\t\t\t\t\t\t\t\t\t\t<\/div>\n\t\t\t\t\t\t\t\t\t\t\t\t\t\t\t\t\t\t\t<div class=\"accordion-menus\">\n\t\t\t\t\t\t\t\t\t\t\t\n\t\t\t\t\t\t<h6 class=\"accordion-menus__title\">\n\t\t\t\tANTIPASTO \u2013 APERITIVOS \t\t\t\t\t<\/h6>\n\t\t\t\n\t\t\t\t\t\t\t\t\t\t\t\t\t\t\t\t\t\t\t\t\t\t\t\t<div class=\"accordion-menu\">\n\t\t\t\t\t\t\t\t\t\t\t\t\t\t<div class=\"accordion-menu__info\">\n\t\t\t\t\t\t\t\t\t\t\t\t\t\t\t\n\t\t\t\t\t\t<div class=\"accordion-menu__name\">\n\t\t\t\tSurtido de bruschettas 285 g (2 piezas) (G, VG, NF)\t\t\t\t\t<\/div>\n\t\t\t\n\t\t\t\t\t\t\t\t\t\t\t\t\t\t\t\n\t\t\t\t\t\t\t\t\t\t\t\t\t\t<\/div>\n\t\t\t\t\t\t\t\t\t\t\t\t\t\t\n\t\t\t\t\t\t<div class=\"accordion-menu__desc\">\n\t\t\t\tCrostini de gorgonzola, pera confitada glaseada con bals\u00e1mico, tomate, mozzarella, crostini de albahaca fresca\t\t\t\t\t<\/div>\n\t\t\t\n\t\t\t\t\t\t\t\t\t\t\t\t\t<\/div>\n\t\t\t\t\t\t\t\t\t\t\t\t\t\t\t\t\t\t\t\t\t\t\t\t\t\t<div class=\"accordion-menu\">\n\t\t\t\t\t\t\t\t\t\t\t\t\t\t<div class=\"accordion-menu__info\">\n\t\t\t\t\t\t\t\t\t\t\t\t\t\t\t\n\t\t\t\t\t\t<div class=\"accordion-menu__name\">\n\t\t\t\tParmigiana di Melanzane y Mozzarella 320 g (G, VG, NF)\t\t\t\t\t<\/div>\n\t\t\t\n\t\t\t\t\t\t\t\t\t\t\t\t\t\t\t\n\t\t\t\t\t\t\t\t\t\t\t\t\t\t<\/div>\n\t\t\t\t\t\t\t\t\t\t\t\t\t\t\n\t\t\t\t\t\t<div class=\"accordion-menu__desc\">\n\t\t\t\tBerenjena asada con salsa pomodoro, parmesano y mozzarella gratinada\t\t\t\t\t<\/div>\n\t\t\t\n\t\t\t\t\t\t\t\t\t\t\t\t\t<\/div>\n\t\t\t\t\t\t\t\t\t\t\t\t\t\t\t\t\t\t\t\t\t\t\t\t\t\t<div class=\"accordion-menu\">\n\t\t\t\t\t\t\t\t\t\t\t\t\t\t<div class=\"accordion-menu__info\">\n\t\t\t\t\t\t\t\t\t\t\t\t\t\t\t\n\t\t\t\t\t\t<div class=\"accordion-menu__name\">\n\t\t\t\tTartar de salm\u00f3n con lim\u00f3n siciliano 300 g (sin l\u00e1cteos, sin frutos secos)\t\t\t\t\t<\/div>\n\t\t\t\n\t\t\t\t\t\t\t\t\t\t\t\t\t\t\t\n\t\t\t\t\t\t\t\t\t\t\t\t\t\t<\/div>\n\t\t\t\t\t\t\t\t\t\t\t\t\t\t\n\t\t\t\t\t\t<div class=\"accordion-menu__desc\">\n\t\t\t\tSalm\u00f3n marinado de 140 g con ralladura de lim\u00f3n siciliano, pimienta fresca y tierno hinojo infusionado con lim\u00f3n.\t\t\t\t\t<\/div>\n\t\t\t\n\t\t\t\t\t\t\t\t\t\t\t\t\t<\/div>\n\t\t\t\t\t\t\t\t\t\t\t\t\t\t\t\t\t\t\t\t\t\t\t<\/div>\n\t\t\t\t\t\t\t\t\t\t\t\t\t\t\t\t\t\t\t<div class=\"accordion-menus\">\n\t\t\t\t\t\t\t\t\t\t\t\n\t\t\t\t\t\t<h6 class=\"accordion-menus__title\">\n\t\t\t\tINSALATE E ZUPPE \u2013 ENSALADAS Y SOPAS\t\t\t\t\t<\/h6>\n\t\t\t\n\t\t\t\t\t\t\t\t\t\t\t\t\t\t\t\t\t\t\t\t\t\t\t\t<div class=\"accordion-menu\">\n\t\t\t\t\t\t\t\t\t\t\t\t\t\t<div class=\"accordion-menu__info\">\n\t\t\t\t\t\t\t\t\t\t\t\t\t\t\t\n\t\t\t\t\t\t<div class=\"accordion-menu__name\">\n\t\t\t\tInsalata di Stagione 260 g (VG, DF, NF)\t\t\t\t\t<\/div>\n\t\t\t\n\t\t\t\t\t\t\t\t\t\t\t\t\t\t\t\n\t\t\t\t\t\t\t\t\t\t\t\t\t\t<\/div>\n\t\t\t\t\t\t\t\t\t\t\t\t\t\t\n\t\t\t\t\t\t<div class=\"accordion-menu__desc\">\n\t\t\t\tMezcla de verduras frescas y verduras asadas, queso parmesano y vinagre bals\u00e1mico de M\u00f3dena.\t\t\t\t\t<\/div>\n\t\t\t\n\t\t\t\t\t\t\t\t\t\t\t\t\t<\/div>\n\t\t\t\t\t\t\t\t\t\t\t\t\t\t\t\t\t\t\t\t\t\t\t\t\t\t<div class=\"accordion-menu\">\n\t\t\t\t\t\t\t\t\t\t\t\t\t\t<div class=\"accordion-menu__info\">\n\t\t\t\t\t\t\t\t\t\t\t\t\t\t\t\n\t\t\t\t\t\t<div class=\"accordion-menu__name\">\n\t\t\t\tEnsalada C\u00e9sar 135 g (NF)\t\t\t\t\t<\/div>\n\t\t\t\n\t\t\t\t\t\t\t\t\t\t\t\t\t\t\t\n\t\t\t\t\t\t\t\t\t\t\t\t\t\t<\/div>\n\t\t\t\t\t\t\t\t\t\t\t\t\t\t\n\t\t\t\t\t\t<div class=\"accordion-menu__desc\">\n\t\t\t\tEnsalada C\u00e9sar cl\u00e1sica, opci\u00f3n de a\u00f1adir: Pollo a la parrilla 80 g, Camarones 80 g, Langosta 80 g, Bistec de falda 80 g\t\t\t\t\t<\/div>\n\t\t\t\n\t\t\t\t\t\t\t\t\t\t\t\t\t<\/div>\n\t\t\t\t\t\t\t\t\t\t\t\t\t\t\t\t\t\t\t\t\t\t\t\t\t\t<div class=\"accordion-menu\">\n\t\t\t\t\t\t\t\t\t\t\t\t\t\t<div class=\"accordion-menu__info\">\n\t\t\t\t\t\t\t\t\t\t\t\t\t\t\t\n\t\t\t\t\t\t<div class=\"accordion-menu__name\">\n\t\t\t\tCaprese con Pesto di Epazote 195 g (GF, VG)\t\t\t\t\t<\/div>\n\t\t\t\n\t\t\t\t\t\t\t\t\t\t\t\t\t\t\t\n\t\t\t\t\t\t\t\t\t\t\t\t\t\t<\/div>\n\t\t\t\t\t\t\t\t\t\t\t\t\t\t\n\t\t\t\t\t\t<div class=\"accordion-menu__desc\">\n\t\t\t\tMozzarella di Bufala, tomates maduros en rama y pesto arom\u00e1tico de epazote\t\t\t\t\t<\/div>\n\t\t\t\n\t\t\t\t\t\t\t\t\t\t\t\t\t<\/div>\n\t\t\t\t\t\t\t\t\t\t\t\t\t\t\t\t\t\t\t\t\t\t\t\t\t\t<div class=\"accordion-menu\">\n\t\t\t\t\t\t\t\t\t\t\t\t\t\t<div class=\"accordion-menu__info\">\n\t\t\t\t\t\t\t\t\t\t\t\t\t\t\t\n\t\t\t\t\t\t<div class=\"accordion-menu__name\">\n\t\t\t\tMinestrone al Pesto di Basilico 300 g\t\t\t\t\t<\/div>\n\t\t\t\n\t\t\t\t\t\t\t\t\t\t\t\t\t\t\t\n\t\t\t\t\t\t\t\t\t\t\t\t\t\t<\/div>\n\t\t\t\t\t\t\t\t\t\t\t\t\t\t\n\t\t\t\t\t\t<div class=\"accordion-menu__desc\">\n\t\t\t\tSopa tradicional italiana, zanahoria, calabac\u00edn, habas, patatas, pesto ginebrino.\t\t\t\t\t<\/div>\n\t\t\t\n\t\t\t\t\t\t\t\t\t\t\t\t\t<\/div>\n\t\t\t\t\t\t\t\t\t\t\t\t\t\t\t\t\t\t\t\t\t\t\t<\/div>\n\t\t\t\t\t\t\t\t\t\t\t\t\t\t\t\t\t\t\t<div class=\"accordion-menus\">\n\t\t\t\t\t\t\t\t\t\t\t\n\t\t\t\t\t\t<h6 class=\"accordion-menus__title\">\n\t\t\t\tPASTA FRESCHE \u2013 PASTA CASERA\t\t\t\t\t<\/h6>\n\t\t\t\n\t\t\t\t\t\t\t\t\t\t\t\t\t\t\t\t\t\t\t\t\t\t\t\t<div class=\"accordion-menu\">\n\t\t\t\t\t\t\t\t\t\t\t\t\t\t<div class=\"accordion-menu__info\">\n\t\t\t\t\t\t\t\t\t\t\t\t\t\t\t\n\t\t\t\t\t\t<div class=\"accordion-menu__name\">\n\t\t\t\tCasarecce con pesto trapan\u00e9s 260 g (VG)\t\t\t\t\t<\/div>\n\t\t\t\n\t\t\t\t\t\t\t\t\t\t\t\t\t\t\t\n\t\t\t\t\t\t\t\t\t\t\t\t\t\t<\/div>\n\t\t\t\t\t\t\t\t\t\t\t\t\t\t\n\t\t\t\t\t\t<div class=\"accordion-menu__desc\">\n\t\t\t\tPasta casarecce al estilo siciliano, pesto alla Trapanese, albahaca, almendras, queso pecorino, tomates\t\t\t\t\t<\/div>\n\t\t\t\n\t\t\t\t\t\t\t\t\t\t\t\t\t<\/div>\n\t\t\t\t\t\t\t\t\t\t\t\t\t\t\t\t\t\t\t\t\t\t\t\t\t\t<div class=\"accordion-menu\">\n\t\t\t\t\t\t\t\t\t\t\t\t\t\t<div class=\"accordion-menu__info\">\n\t\t\t\t\t\t\t\t\t\t\t\t\t\t\t\n\t\t\t\t\t\t<div class=\"accordion-menu__name\">\n\t\t\t\tBucatini Cacio e Pepe 220 g (VG, NF)\t\t\t\t\t<\/div>\n\t\t\t\n\t\t\t\t\t\t\t\t\t\t\t\t\t\t\t\n\t\t\t\t\t\t\t\t\t\t\t\t\t\t<\/div>\n\t\t\t\t\t\t\t\t\t\t\t\t\t\t\n\t\t\t\t\t\t<div class=\"accordion-menu__desc\">\n\t\t\t\t\u00d1oquis caseros de patata y verdolaga servidos con 100 g de langosta en una delicada salsa de mantequilla.\t\t\t\t\t<\/div>\n\t\t\t\n\t\t\t\t\t\t\t\t\t\t\t\t\t<\/div>\n\t\t\t\t\t\t\t\t\t\t\t\t\t\t\t\t\t\t\t\t\t\t\t\t\t\t<div class=\"accordion-menu\">\n\t\t\t\t\t\t\t\t\t\t\t\t\t\t<div class=\"accordion-menu__info\">\n\t\t\t\t\t\t\t\t\t\t\t\t\t\t\t\n\t\t\t\t\t\t<div class=\"accordion-menu__name\">\n\t\t\t\tEspaguetis a la carbonara 265 g (NF)\t\t\t\t\t<\/div>\n\t\t\t\n\t\t\t\t\t\t\t\t\t\t\t\t\t\t\t\n\t\t\t\t\t\t\t\t\t\t\t\t\t\t<\/div>\n\t\t\t\t\t\t\t\t\t\t\t\t\t\t\n\t\t\t\t\t\t<div class=\"accordion-menu__desc\">\n\t\t\t\tPasta cl\u00e1sica al huevo mezclada con guanciale 70 g, yema de huevo y Parmigiano Reggiano\t\t\t\t\t<\/div>\n\t\t\t\n\t\t\t\t\t\t\t\t\t\t\t\t\t<\/div>\n\t\t\t\t\t\t\t\t\t\t\t\t\t\t\t\t\t\t\t\t\t\t\t\t\t\t<div class=\"accordion-menu\">\n\t\t\t\t\t\t\t\t\t\t\t\t\t\t<div class=\"accordion-menu__info\">\n\t\t\t\t\t\t\t\t\t\t\t\t\t\t\t\n\t\t\t\t\t\t<div class=\"accordion-menu__name\">\n\t\t\t\tPappardelle al Rag\u00f9 di Agnello 250 g (NF)\t\t\t\t\t<\/div>\n\t\t\t\n\t\t\t\t\t\t\t\t\t\t\t\t\t\t\t\n\t\t\t\t\t\t\t\t\t\t\t\t\t\t<\/div>\n\t\t\t\t\t\t\t\t\t\t\t\t\t\t\n\t\t\t\t\t\t<div class=\"accordion-menu__desc\">\n\t\t\t\tPasta ancha en forma de cinta con rag\u00fa de cordero cocinado a fuego lento 80 g \t\t\t\t\t<\/div>\n\t\t\t\n\t\t\t\t\t\t\t\t\t\t\t\t\t<\/div>\n\t\t\t\t\t\t\t\t\t\t\t\t\t\t\t\t\t\t\t\t\t\t\t\t\t\t<div class=\"accordion-menu\">\n\t\t\t\t\t\t\t\t\t\t\t\t\t\t<div class=\"accordion-menu__info\">\n\t\t\t\t\t\t\t\t\t\t\t\t\t\t\t\n\t\t\t\t\t\t<div class=\"accordion-menu__name\">\n\t\t\t\tGnocchi di Patate e Portulaca con Astice 370 g (NF)\t\t\t\t\t<\/div>\n\t\t\t\n\t\t\t\t\t\t\t\t\t\t\t\t\t\t\t\n\t\t\t\t\t\t\t\t\t\t\t\t\t\t<\/div>\n\t\t\t\t\t\t\t\t\t\t\t\t\t\t\n\t\t\t\t\t\t<div class=\"accordion-menu__desc\">\n\t\t\t\t\u00d1oquis caseros de patata y verdolaga, 100 g de langosta, salsa de mantequilla.\t\t\t\t\t<\/div>\n\t\t\t\n\t\t\t\t\t\t\t\t\t\t\t\t\t<\/div>\n\t\t\t\t\t\t\t\t\t\t\t\t\t\t\t\t\t\t\t\t\t\t\t\t\t\t<div class=\"accordion-menu\">\n\t\t\t\t\t\t\t\t\t\t\t\t\t\t<div class=\"accordion-menu__info\">\n\t\t\t\t\t\t\t\t\t\t\t\t\t\t\t\n\t\t\t\t\t\t<div class=\"accordion-menu__name\">\n\t\t\t\tLinguine al frutti di mare 500 g (NF)\t\t\t\t\t<\/div>\n\t\t\t\n\t\t\t\t\t\t\t\t\t\t\t\t\t\t\t\n\t\t\t\t\t\t\t\t\t\t\t\t\t\t<\/div>\n\t\t\t\t\t\t\t\t\t\t\t\t\t\t\n\t\t\t\t\t\t<div class=\"accordion-menu__desc\">\n\t\t\t\tLinguini salteado con una selecci\u00f3n premium de mariscos (110 g), tomate y salsa blanca.\t\t\t\t\t<\/div>\n\t\t\t\n\t\t\t\t\t\t\t\t\t\t\t\t\t<\/div>\n\t\t\t\t\t\t\t\t\t\t\t\t\t\t\t\t\t\t\t\t\t\t\t<\/div>\n\t\t\t\t\t\t\t\t\t\t\t\t\t\t\t\t\t\t\t<div class=\"accordion-menus\">\n\t\t\t\t\t\t\t\t\t\t\t\n\t\t\t\t\t\t<h6 class=\"accordion-menus__title\">\n\t\t\t\tPASTA RIPIENA \u2013 PASTA RELLENA\t\t\t\t\t<\/h6>\n\t\t\t\n\t\t\t\t\t\t\t\t\t\t\t\t\t\t\t\t\t\t\t\t\t\t\t\t<div class=\"accordion-menu\">\n\t\t\t\t\t\t\t\t\t\t\t\t\t\t<div class=\"accordion-menu__info\">\n\t\t\t\t\t\t\t\t\t\t\t\t\t\t\t\n\t\t\t\t\t\t<div class=\"accordion-menu__name\">\n\t\t\t\tLasa\u00f1a a la bolo\u00f1esa con Prosciutto Cotto 460 g (NF)\t\t\t\t\t<\/div>\n\t\t\t\n\t\t\t\t\t\t\t\t\t\t\t\t\t\t\t\n\t\t\t\t\t\t\t\t\t\t\t\t\t\t<\/div>\n\t\t\t\t\t\t\t\t\t\t\t\t\t\t\n\t\t\t\t\t\t<div class=\"accordion-menu__desc\">\n\t\t\t\tLasa\u00f1a de pasta con espinacas al horno con rag\u00fa, bolo\u00f1esa tradicional, jam\u00f3n cocido y bechamel casera\t\t\t\t\t<\/div>\n\t\t\t\n\t\t\t\t\t\t\t\t\t\t\t\t\t<\/div>\n\t\t\t\t\t\t\t\t\t\t\t\t\t\t\t\t\t\t\t\t\t\t\t\t\t\t<div class=\"accordion-menu\">\n\t\t\t\t\t\t\t\t\t\t\t\t\t\t<div class=\"accordion-menu__info\">\n\t\t\t\t\t\t\t\t\t\t\t\t\t\t\t\n\t\t\t\t\t\t<div class=\"accordion-menu__name\">\n\t\t\t\tRavioli Courligiones di cerde\u00f1a, patate e fave 305 g (NF)\t\t\t\t\t<\/div>\n\t\t\t\n\t\t\t\t\t\t\t\t\t\t\t\t\t\t\t\n\t\t\t\t\t\t\t\t\t\t\t\t\t\t<\/div>\n\t\t\t\t\t\t\t\t\t\t\t\t\t\t\n\t\t\t\t\t\t<div class=\"accordion-menu__desc\">\n\t\t\t\tRavioles rellenos de queso ricotta, huitlacoche, papas, frijol \t\t\t\t\t<\/div>\n\t\t\t\n\t\t\t\t\t\t\t\t\t\t\t\t\t<\/div>\n\t\t\t\t\t\t\t\t\t\t\t\t\t\t\t\t\t\t\t\t\t\t\t\t\t\t<div class=\"accordion-menu\">\n\t\t\t\t\t\t\t\t\t\t\t\t\t\t<div class=\"accordion-menu__info\">\n\t\t\t\t\t\t\t\t\t\t\t\t\t\t\t\n\t\t\t\t\t\t<div class=\"accordion-menu__name\">\n\t\t\t\tRotolo de pasta al horno 305 g (VG)\t\t\t\t\t<\/div>\n\t\t\t\n\t\t\t\t\t\t\t\t\t\t\t\t\t\t\t\n\t\t\t\t\t\t\t\t\t\t\t\t\t\t<\/div>\n\t\t\t\t\t\t\t\t\t\t\t\t\t\t\n\t\t\t\t\t\t<div class=\"accordion-menu__desc\">\n\t\t\t\tRollo de pasta al horno relleno de queso ricotta, champi\u00f1ones, nueces y espinacas.\t\t\t\t\t<\/div>\n\t\t\t\n\t\t\t\t\t\t\t\t\t\t\t\t\t<\/div>\n\t\t\t\t\t\t\t\t\t\t\t\t\t\t\t\t\t\t\t\t\t\t\t<\/div>\n\t\t\t\t\t\t\t\t\t\t\t\t\t\t\t\t\t\t\t<div class=\"accordion-menus\">\n\t\t\t\t\t\t\t\t\t\t\t\n\t\t\t\t\t\t<h6 class=\"accordion-menus__title\">\n\t\t\t\tCARNE Y PESCADO \u2013 CARNE Y MARISCOS\t\t\t\t\t<\/h6>\n\t\t\t\n\t\t\t\t\t\t\t\t\t\t\t\t\t\t\t\t\t\t\t\t\t\t\t\t<div class=\"accordion-menu\">\n\t\t\t\t\t\t\t\t\t\t\t\t\t\t<div class=\"accordion-menu__info\">\n\t\t\t\t\t\t\t\t\t\t\t\t\t\t\t\n\t\t\t\t\t\t<div class=\"accordion-menu__name\">\n\t\t\t\tOssobuco Milan\u00e9s 385 g (GF, NF)\t\t\t\t\t<\/div>\n\t\t\t\n\t\t\t\t\t\t\t\t\t\t\t\t\t\t\t\n\t\t\t\t\t\t\t\t\t\t\t\t\t\t<\/div>\n\t\t\t\t\t\t\t\t\t\t\t\t\t\t\n\t\t\t\t\t\t<div class=\"accordion-menu__desc\">\n\t\t\t\tOssobuco de ternera 350 g, gremolata Carnaroli risotto de azafr\u00e1n\t\t\t\t\t<\/div>\n\t\t\t\n\t\t\t\t\t\t\t\t\t\t\t\t\t<\/div>\n\t\t\t\t\t\t\t\t\t\t\t\t\t\t\t\t\t\t\t\t\t\t\t\t\t\t<div class=\"accordion-menu\">\n\t\t\t\t\t\t\t\t\t\t\t\t\t\t<div class=\"accordion-menu__info\">\n\t\t\t\t\t\t\t\t\t\t\t\t\t\t\t\n\t\t\t\t\t\t<div class=\"accordion-menu__name\">\n\t\t\t\tBistecca alla Fiorentina con Patate Rustiche 1200 g (GF, NF)\t\t\t\t\t<\/div>\n\t\t\t\n\t\t\t\t\t\t\t\t\t\t\t\t\t\t\t\n\t\t\t\t\t\t\t\t\t\t\t\t\t\t<\/div>\n\t\t\t\t\t\t\t\t\t\t\t\t\t\t\n\t\t\t\t\t\t<div class=\"accordion-menu__desc\">\n\t\t\t\tChulet\u00f3n a la parrilla de 700 g, acompa\u00f1ado de patatas fritas r\u00fasticas cortadas a mano. (Para dos personas)\t\t\t\t\t<\/div>\n\t\t\t\n\t\t\t\t\t\t\t\t\t\t\t\t\t<\/div>\n\t\t\t\t\t\t\t\t\t\t\t\t\t\t\t\t\t\t\t\t\t\t\t\t\t\t<div class=\"accordion-menu\">\n\t\t\t\t\t\t\t\t\t\t\t\t\t\t<div class=\"accordion-menu__info\">\n\t\t\t\t\t\t\t\t\t\t\t\t\t\t\t\n\t\t\t\t\t\t<div class=\"accordion-menu__name\">\n\t\t\t\tAragosta alla Brace con burro 420 g (GF, NF)\t\t\t\t\t<\/div>\n\t\t\t\n\t\t\t\t\t\t\t\t\t\t\t\t\t\t\t\n\t\t\t\t\t\t\t\t\t\t\t\t\t\t<\/div>\n\t\t\t\t\t\t\t\t\t\t\t\t\t\t\n\t\t\t\t\t\t<div class=\"accordion-menu__desc\">\n\t\t\t\tCola de langosta a la parrilla (210 g), untada con mantequilla y servida con verduras de temporada.\t\t\t\t\t<\/div>\n\t\t\t\n\t\t\t\t\t\t\t\t\t\t\t\t\t<\/div>\n\t\t\t\t\t\t\t\t\t\t\t\t\t\t\t\t\t\t\t\t\t\t\t\t\t\t<div class=\"accordion-menu\">\n\t\t\t\t\t\t\t\t\t\t\t\t\t\t<div class=\"accordion-menu__info\">\n\t\t\t\t\t\t\t\t\t\t\t\t\t\t\t\n\t\t\t\t\t\t<div class=\"accordion-menu__name\">\n\t\t\t\tPescato del Giorno 500 g (GF, NF)\t\t\t\t\t<\/div>\n\t\t\t\n\t\t\t\t\t\t\t\t\t\t\t\t\t\t\t\n\t\t\t\t\t\t\t\t\t\t\t\t\t\t<\/div>\n\t\t\t\t\t\t\t\t\t\t\t\t\t\t\n\t\t\t\t\t\t<div class=\"accordion-menu__desc\">\n\t\t\t\tPescado fresco del d\u00eda a la parrilla (250 g), verduras de temporada.\t\t\t\t\t<\/div>\n\t\t\t\n\t\t\t\t\t\t\t\t\t\t\t\t\t<\/div>\n\t\t\t\t\t\t\t\t\t\t\t\t\t\t\t\t\t\t\t\t\t\t\t\t\t\t<div class=\"accordion-menu\">\n\t\t\t\t\t\t\t\t\t\t\t\t\t\t<div class=\"accordion-menu__info\">\n\t\t\t\t\t\t\t\t\t\t\t\t\t\t\t\n\t\t\t\t\t\t<div class=\"accordion-menu__name\">\n\t\t\t\tPollo Arrosto 370 g (SG, NF)\t\t\t\t\t<\/div>\n\t\t\t\n\t\t\t\t\t\t\t\t\t\t\t\t\t\t\t\n\t\t\t\t\t\t\t\t\t\t\t\t\t\t<\/div>\n\t\t\t\t\t\t\t\t\t\t\t\t\t\t\n\t\t\t\t\t\t<div class=\"accordion-menu__desc\">\n\t\t\t\tSuprema de pollo a la parrilla 220 g, pimientos asados lentamente, prosciutto\t\t\t\t\t<\/div>\n\t\t\t\n\t\t\t\t\t\t\t\t\t\t\t\t\t<\/div>\n\t\t\t\t\t\t\t\t\t\t\t\t\t\t\t\t\t\t\t\t\t\t\t\t\t\t<div class=\"accordion-menu\">\n\t\t\t\t\t\t\t\t\t\t\t\t\t\t<div class=\"accordion-menu__info\">\n\t\t\t\t\t\t\t\t\t\t\t\t\t\t\t\n\t\t\t\t\t\t<div class=\"accordion-menu__name\">\n\t\t\t\tSalmone al Limone Sfusato Amalfitano 440 g (GF, NF)\t\t\t\t\t<\/div>\n\t\t\t\n\t\t\t\t\t\t\t\t\t\t\t\t\t\t\t\n\t\t\t\t\t\t\t\t\t\t\t\t\t\t<\/div>\n\t\t\t\t\t\t\t\t\t\t\t\t\t\t\n\t\t\t\t\t\t<div class=\"accordion-menu__desc\">\n\t\t\t\tSalm\u00f3n fresco de 250 g, en salsa de lim\u00f3n de Amalfi, servido con esp\u00e1rragos y aceitunas negras bals\u00e1micas.\t\t\t\t\t<\/div>\n\t\t\t\n\t\t\t\t\t\t\t\t\t\t\t\t\t<\/div>\n\t\t\t\t\t\t\t\t\t\t\t\t\t\t\t\t\t\t\t\t\t\t\t\t\t\t<div class=\"accordion-menu\">\n\t\t\t\t\t\t\t\t\t\t\t\t\t\t<div class=\"accordion-menu__info\">\n\t\t\t\t\t\t\t\t\t\t\t\t\t\t\t\n\t\t\t\t\t\t<div class=\"accordion-menu__name\">\n\t\t\t\tTagliata di Manzo 350 g (DF, GF, NF)\t\t\t\t\t<\/div>\n\t\t\t\n\t\t\t\t\t\t\t\t\t\t\t\t\t\t\t\n\t\t\t\t\t\t\t\t\t\t\t\t\t\t<\/div>\n\t\t\t\t\t\t\t\t\t\t\t\t\t\t\n\t\t\t\t\t\t<div class=\"accordion-menu__desc\">\n\t\t\t\tLonchas de ternera Angus New York (200 g) con r\u00facula, tomates secos y queso parmesano.\t\t\t\t\t<\/div>\n\t\t\t\n\t\t\t\t\t\t\t\t\t\t\t\t\t<\/div>\n\t\t\t\t\t\t\t\t\t\t\t\t\t\t\t\t\t\t\t\t\t\t\t\t\t\t<div class=\"accordion-menu\">\n\t\t\t\t\t\t\t\t\t\t\t\t\t\t<div class=\"accordion-menu__info\">\n\t\t\t\t\t\t\t\t\t\t\t\t\t\t\t\n\t\t\t\t\t\t<div class=\"accordion-menu__name\">\n\t\t\t\tRisotto ai Porcini con costillas cortas 430 g, (Sin gluten, Sin frutos secos)\t\t\t\t\t<\/div>\n\t\t\t\n\t\t\t\t\t\t\t\t\t\t\t\t\t\t\t\n\t\t\t\t\t\t\t\t\t\t\t\t\t\t<\/div>\n\t\t\t\t\t\t\t\t\t\t\t\t\t\t\n\t\t\t\t\t\t<div class=\"accordion-menu__desc\">\n\t\t\t\tRisotto cremoso, setas porcini y costilla estofada 80 g\t\t\t\t\t<\/div>\n\t\t\t\n\t\t\t\t\t\t\t\t\t\t\t\t\t<\/div>\n\t\t\t\t\t\t\t\t\t\t\t\t\t\t\t\t\t\t\t\t\t\t\t<\/div>\n\t\t\t\t\t\t\t\t\t\t\t\t\t\t\t\t\t\t\t<div class=\"accordion-menus\">\n\t\t\t\t\t\t\t\t\t\t\t\n\t\t\t\t\t\t<h6 class=\"accordion-menus__title\">\n\t\t\t\tCONTORNI \u2013 LADOS\t\t\t\t\t<\/h6>\n\t\t\t\n\t\t\t\t\t\t\t\t\t\t\t\t\t\t\t\t\t\t\t\t\t\t\t\t<div class=\"accordion-menu\">\n\t\t\t\t\t\t\t\t\t\t\t\t\t\t<div class=\"accordion-menu__info\">\n\t\t\t\t\t\t\t\t\t\t\t\t\t\t\t\n\t\t\t\t\t\t<div class=\"accordion-menu__name\">\n\t\t\t\tPatate Croccanti 195 g (GF, NF)\t\t\t\t\t<\/div>\n\t\t\t\n\t\t\t\t\t\t\t\t\t\t\t\t\t\t\t\n\t\t\t\t\t\t\t\t\t\t\t\t\t\t<\/div>\n\t\t\t\t\t\t\t\t\t\t\t\t\t\t\n\t\t\t\t\t\t<div class=\"accordion-menu__desc\">\n\t\t\t\tpatatas asadas crujientes\t\t\t\t\t<\/div>\n\t\t\t\n\t\t\t\t\t\t\t\t\t\t\t\t\t<\/div>\n\t\t\t\t\t\t\t\t\t\t\t\t\t\t\t\t\t\t\t\t\t\t\t\t\t\t<div class=\"accordion-menu\">\n\t\t\t\t\t\t\t\t\t\t\t\t\t\t<div class=\"accordion-menu__info\">\n\t\t\t\t\t\t\t\t\t\t\t\t\t\t\t\n\t\t\t\t\t\t<div class=\"accordion-menu__name\">\n\t\t\t\tEsp\u00e1rragos Grigliati 180 g (GF, NF)\t\t\t\t\t<\/div>\n\t\t\t\n\t\t\t\t\t\t\t\t\t\t\t\t\t\t\t\n\t\t\t\t\t\t\t\t\t\t\t\t\t\t<\/div>\n\t\t\t\t\t\t\t\t\t\t\t\t\t\t\n\t\t\t\t\t\t<div class=\"accordion-menu__desc\">\n\t\t\t\tEsp\u00e1rragos de temporada a la parrilla\t\t\t\t\t<\/div>\n\t\t\t\n\t\t\t\t\t\t\t\t\t\t\t\t\t<\/div>\n\t\t\t\t\t\t\t\t\t\t\t\t\t\t\t\t\t\t\t\t\t\t\t\t\t\t<div class=\"accordion-menu\">\n\t\t\t\t\t\t\t\t\t\t\t\t\t\t<div class=\"accordion-menu__info\">\n\t\t\t\t\t\t\t\t\t\t\t\t\t\t\t\n\t\t\t\t\t\t<div class=\"accordion-menu__name\">\n\t\t\t\tCavoletti di Bruxelles Arrosto 175 g (GF, NF)\t\t\t\t\t<\/div>\n\t\t\t\n\t\t\t\t\t\t\t\t\t\t\t\t\t\t\t\n\t\t\t\t\t\t\t\t\t\t\t\t\t\t<\/div>\n\t\t\t\t\t\t\t\t\t\t\t\t\t\t\n\t\t\t\t\t\t<div class=\"accordion-menu__desc\">\n\t\t\t\tColes de Bruselas asadas al horno\t\t\t\t\t<\/div>\n\t\t\t\n\t\t\t\t\t\t\t\t\t\t\t\t\t<\/div>\n\t\t\t\t\t\t\t\t\t\t\t\t\t\t\t\t\t\t\t\t\t\t\t\t\t\t<div class=\"accordion-menu\">\n\t\t\t\t\t\t\t\t\t\t\t\t\t\t<div class=\"accordion-menu__info\">\n\t\t\t\t\t\t\t\t\t\t\t\t\t\t\t\n\t\t\t\t\t\t<div class=\"accordion-menu__name\">\n\t\t\t\tBroccolini saltati 190 g (GF, NF)\t\t\t\t\t<\/div>\n\t\t\t\n\t\t\t\t\t\t\t\t\t\t\t\t\t\t\t\n\t\t\t\t\t\t\t\t\t\t\t\t\t\t<\/div>\n\t\t\t\t\t\t\t\t\t\t\t\t\t\t\n\t\t\t\t\t\t<div class=\"accordion-menu__desc\">\n\t\t\t\tBr\u00f3coli salteado con ajo y aceite de oliva\t\t\t\t\t<\/div>\n\t\t\t\n\t\t\t\t\t\t\t\t\t\t\t\t\t<\/div>\n\t\t\t\t\t\t\t\t\t\t\t\t\t\t\t\t\t\t\t\t\t\t\t<\/div>\n\t\t\t\t\t\t\t\t\t\t\t\t\t\t\t\t\t<\/div>\n\t\t\t\t\t\t\t\t\t\t\t\t\t\t\t\t\t\t<\/div>\n\n\t\t\t\t\n\t\t\t\t\t<div class=\"accordion a-up\">\n\t\t\t\t\t\t\n\t\t\t\t\t\t<div class=\"accordion-title\">\n\t\t\t\tpostres-cena\t\t\t\t\t<\/div>\n\t\t\t\n\t\t\t\t\t\t\t\t\t\t\t\t\t\t\t\t\t\t\t\t\t<div class=\"accordion-content\">\n\t\t\t\t\t\t\t\t\t\t\t\t\t\t\t\t\t\t\t<div class=\"accordion-menus\">\n\t\t\t\t\t\t\t\t\t\t\t\n\t\t\t\t\t\t<h6 class=\"accordion-menus__title\">\n\t\t\t\tDOLCI\t\t\t\t\t<\/h6>\n\t\t\t\n\t\t\t\t\t\t\t\t\t\t\t\t\t\t\t\t\t\t\t\t\t\t\t\t<div class=\"accordion-menu\">\n\t\t\t\t\t\t\t\t\t\t\t\t\t\t<div class=\"accordion-menu__info\">\n\t\t\t\t\t\t\t\t\t\t\t\t\t\t\t\n\t\t\t\t\t\t<div class=\"accordion-menu__name\">\n\t\t\t\tCannoli con helado al pistacho 120 g\t\t\t\t\t<\/div>\n\t\t\t\n\t\t\t\t\t\t\t\t\t\t\t\t\t\t\t\n\t\t\t\t\t\t\t\t\t\t\t\t\t\t<\/div>\n\t\t\t\t\t\t\t\t\t\t\t\t\t\t\n\t\t\t\t\t\t<div class=\"accordion-menu__desc\">\n\t\t\t\tCannoli crujientes rellenos y servidos con helado de pistacho\t\t\t\t\t<\/div>\n\t\t\t\n\t\t\t\t\t\t\t\t\t\t\t\t\t<\/div>\n\t\t\t\t\t\t\t\t\t\t\t\t\t\t\t\t\t\t\t\t\t\t\t\t\t\t<div class=\"accordion-menu\">\n\t\t\t\t\t\t\t\t\t\t\t\t\t\t<div class=\"accordion-menu__info\">\n\t\t\t\t\t\t\t\t\t\t\t\t\t\t\t\n\t\t\t\t\t\t<div class=\"accordion-menu__name\">\n\t\t\t\tTiramis\u00fa del Veneto 150 g\t\t\t\t\t<\/div>\n\t\t\t\n\t\t\t\t\t\t\t\t\t\t\t\t\t\t\t\n\t\t\t\t\t\t\t\t\t\t\t\t\t\t<\/div>\n\t\t\t\t\t\t\t\t\t\t\t\t\t\t\n\t\t\t\t\t\t<div class=\"accordion-menu__desc\">\n\t\t\t\tCl\u00e1sico pastel veneciano de tiramis\u00fa, mascarpone y espresso\t\t\t\t\t<\/div>\n\t\t\t\n\t\t\t\t\t\t\t\t\t\t\t\t\t<\/div>\n\t\t\t\t\t\t\t\t\t\t\t\t\t\t\t\t\t\t\t\t\t\t\t\t\t\t<div class=\"accordion-menu\">\n\t\t\t\t\t\t\t\t\t\t\t\t\t\t<div class=\"accordion-menu__info\">\n\t\t\t\t\t\t\t\t\t\t\t\t\t\t\t\n\t\t\t\t\t\t<div class=\"accordion-menu__name\">\n\t\t\t\tGanache al Cioccolato con Pane, Olio e Sale 110 g\t\t\t\t\t<\/div>\n\t\t\t\n\t\t\t\t\t\t\t\t\t\t\t\t\t\t\t\n\t\t\t\t\t\t\t\t\t\t\t\t\t\t<\/div>\n\t\t\t\t\t\t\t\t\t\t\t\t\t\t\n\t\t\t\t\t\t<div class=\"accordion-menu__desc\">\n\t\t\t\tGanache de chocolate con pan r\u00fastico, aceite de oliva virgen extra, sal marina\t\t\t\t\t<\/div>\n\t\t\t\n\t\t\t\t\t\t\t\t\t\t\t\t\t<\/div>\n\t\t\t\t\t\t\t\t\t\t\t\t\t\t\t\t\t\t\t\t\t\t\t\t\t\t<div class=\"accordion-menu\">\n\t\t\t\t\t\t\t\t\t\t\t\t\t\t<div class=\"accordion-menu__info\">\n\t\t\t\t\t\t\t\t\t\t\t\t\t\t\t\n\t\t\t\t\t\t<div class=\"accordion-menu__name\">\n\t\t\t\tSemifreddo al Limoncello 115 g\t\t\t\t\t<\/div>\n\t\t\t\n\t\t\t\t\t\t\t\t\t\t\t\t\t\t\t\n\t\t\t\t\t\t\t\t\t\t\t\t\t\t<\/div>\n\t\t\t\t\t\t\t\t\t\t\t\t\t\t\n\t\t\t\t\t\t<div class=\"accordion-menu__desc\">\n\t\t\t\tParfait de limoncello fr\u00edo\t\t\t\t\t<\/div>\n\t\t\t\n\t\t\t\t\t\t\t\t\t\t\t\t\t<\/div>\n\t\t\t\t\t\t\t\t\t\t\t\t\t\t\t\t\t\t\t\t\t\t\t<\/div>\n\t\t\t\t\t\t\t\t\t\t\t\t\t\t\t\t\t<\/div>\n\t\t\t\t\t\t\t\t\t\t\t\t\t\t\t\t\t\t<\/div>\n\n\t\t\t\t\n\t\t\t\t\t<div class=\"accordion a-up\">\n\t\t\t\t\t\t\n\t\t\t\t\t\t<div class=\"accordion-title\">\n\t\t\t\tMIXOLOGIA\t\t\t\t\t<\/div>\n\t\t\t\n\t\t\t\t\t\t\t\t\t\t\t\t\t\t\t\t\t\t\t\t\t<div class=\"accordion-content\">\n\t\t\t\t\t\t\t\t\t\t\t\t\t\t\t\t\t\t\t<div class=\"accordion-menus\">\n\t\t\t\t\t\t\t\t\t\t\t\n\t\t\t\t\t\t<h6 class=\"accordion-menus__title\">\n\t\t\t\tMIXOLOGIA\t\t\t\t\t<\/h6>\n\t\t\t\n\t\t\t\t\t\t\t\t\t\t\t\t\t\t\t\t\t\t\t\t\t\t\t\t<div class=\"accordion-menu\">\n\t\t\t\t\t\t\t\t\t\t\t\t\t\t<div class=\"accordion-menu__info\">\n\t\t\t\t\t\t\t\t\t\t\t\t\t\t\t\n\t\t\t\t\t\t<div class=\"accordion-menu__name\">\n\t\t\t\tVerano \t\t\t\t\t<\/div>\n\t\t\t\n\t\t\t\t\t\t\t\t\t\t\t\t\t\t\t\n\t\t\t\t\t\t\t\t\t\t\t\t\t\t<\/div>\n\t\t\t\t\t\t\t\t\t\t\t\t\t\t\n\t\t\t\t\t\t<div class=\"accordion-menu__desc\">\n\t\t\t\tLicor Aperol 30 ml, jugo de pi\u00f1a, jugo de lim\u00f3n\t\t\t\t\t<\/div>\n\t\t\t\n\t\t\t\t\t\t\t\t\t\t\t\t\t<\/div>\n\t\t\t\t\t\t\t\t\t\t\t\t\t\t\t\t\t\t\t\t\t\t\t\t\t\t<div class=\"accordion-menu\">\n\t\t\t\t\t\t\t\t\t\t\t\t\t\t<div class=\"accordion-menu__info\">\n\t\t\t\t\t\t\t\t\t\t\t\t\t\t\t\n\t\t\t\t\t\t<div class=\"accordion-menu__name\">\n\t\t\t\tPaloma Rosso\t\t\t\t\t<\/div>\n\t\t\t\n\t\t\t\t\t\t\t\t\t\t\t\t\t\t\t\n\t\t\t\t\t\t\t\t\t\t\t\t\t\t<\/div>\n\t\t\t\t\t\t\t\t\t\t\t\t\t\t\n\t\t\t\t\t\t<div class=\"accordion-menu__desc\">\n\t\t\t\tTequila Patr\u00f3n Blanco 45 ml, Licor Martini Rosso 30 ml, jugo de toronja y refresco\t\t\t\t\t<\/div>\n\t\t\t\n\t\t\t\t\t\t\t\t\t\t\t\t\t<\/div>\n\t\t\t\t\t\t\t\t\t\t\t\t\t\t\t\t\t\t\t\t\t\t\t\t\t\t<div class=\"accordion-menu\">\n\t\t\t\t\t\t\t\t\t\t\t\t\t\t<div class=\"accordion-menu__info\">\n\t\t\t\t\t\t\t\t\t\t\t\t\t\t\t\n\t\t\t\t\t\t<div class=\"accordion-menu__name\">\n\t\t\t\tMezcla agria Strega\t\t\t\t\t<\/div>\n\t\t\t\n\t\t\t\t\t\t\t\t\t\t\t\t\t\t\t\n\t\t\t\t\t\t\t\t\t\t\t\t\t\t<\/div>\n\t\t\t\t\t\t\t\t\t\t\t\t\t\t\n\t\t\t\t\t\t<div class=\"accordion-menu__desc\">\n\t\t\t\tTequila Patr\u00f3n Blanco 45 ml, licor Strega 15 ml, amargo de lavanda, miel de agave, albahaca, jugo de lim\u00f3n, jugo de naranja\t\t\t\t\t<\/div>\n\t\t\t\n\t\t\t\t\t\t\t\t\t\t\t\t\t<\/div>\n\t\t\t\t\t\t\t\t\t\t\t\t\t\t\t\t\t\t\t\t\t\t\t\t\t\t<div class=\"accordion-menu\">\n\t\t\t\t\t\t\t\t\t\t\t\t\t\t<div class=\"accordion-menu__info\">\n\t\t\t\t\t\t\t\t\t\t\t\t\t\t\t\n\t\t\t\t\t\t<div class=\"accordion-menu__name\">\n\t\t\t\tMezcalchello\t\t\t\t\t<\/div>\n\t\t\t\n\t\t\t\t\t\t\t\t\t\t\t\t\t\t\t\n\t\t\t\t\t\t\t\t\t\t\t\t\t\t<\/div>\n\t\t\t\t\t\t\t\t\t\t\t\t\t\t\n\t\t\t\t\t\t<div class=\"accordion-menu__desc\">\n\t\t\t\tRecuerdo de Oaxaca mezcal \u201ctepache\u201d 30 ml, licor Strega 5 ml, amargo de angostura, refresco\t\t\t\t\t<\/div>\n\t\t\t\n\t\t\t\t\t\t\t\t\t\t\t\t\t<\/div>\n\t\t\t\t\t\t\t\t\t\t\t\t\t\t\t\t\t\t\t\t\t\t\t\t\t\t<div class=\"accordion-menu\">\n\t\t\t\t\t\t\t\t\t\t\t\t\t\t<div class=\"accordion-menu__info\">\n\t\t\t\t\t\t\t\t\t\t\t\t\t\t\t\n\t\t\t\t\t\t<div class=\"accordion-menu__name\">\n\t\t\t\tBellini Cl\u00e1sico Especial\t\t\t\t\t<\/div>\n\t\t\t\n\t\t\t\t\t\t\t\t\t\t\t\t\t\t\t\n\t\t\t\t\t\t\t\t\t\t\t\t\t\t<\/div>\n\t\t\t\t\t\t\t\t\t\t\t\t\t\t\n\t\t\t\t\t\t<div class=\"accordion-menu__desc\">\n\t\t\t\tIL Follo Brut prosecco 60 ml, melocot\u00f3n\t\t\t\t\t<\/div>\n\t\t\t\n\t\t\t\t\t\t\t\t\t\t\t\t\t<\/div>\n\t\t\t\t\t\t\t\t\t\t\t\t\t\t\t\t\t\t\t\t\t\t\t\t\t\t<div class=\"accordion-menu\">\n\t\t\t\t\t\t\t\t\t\t\t\t\t\t<div class=\"accordion-menu__info\">\n\t\t\t\t\t\t\t\t\t\t\t\t\t\t\t\n\t\t\t\t\t\t<div class=\"accordion-menu__name\">\n\t\t\t\tAperol Spritz Especial\t\t\t\t\t<\/div>\n\t\t\t\n\t\t\t\t\t\t\t\t\t\t\t\t\t\t\t\n\t\t\t\t\t\t\t\t\t\t\t\t\t\t<\/div>\n\t\t\t\t\t\t\t\t\t\t\t\t\t\t\n\t\t\t\t\t\t<div class=\"accordion-menu__desc\">\n\t\t\t\tAperol licor hielo 60 ml, Il Follo prosecco 45 ml, Ginger Ale\t\t\t\t\t<\/div>\n\t\t\t\n\t\t\t\t\t\t\t\t\t\t\t\t\t<\/div>\n\t\t\t\t\t\t\t\t\t\t\t\t\t\t\t\t\t\t\t\t\t\t\t\t\t\t<div class=\"accordion-menu\">\n\t\t\t\t\t\t\t\t\t\t\t\t\t\t<div class=\"accordion-menu__info\">\n\t\t\t\t\t\t\t\t\t\t\t\t\t\t\t\n\t\t\t\t\t\t<div class=\"accordion-menu__name\">\n\t\t\t\tNegroni cl\u00e1sico\t\t\t\t\t<\/div>\n\t\t\t\n\t\t\t\t\t\t\t\t\t\t\t\t\t\t\t\n\t\t\t\t\t\t\t\t\t\t\t\t\t\t<\/div>\n\t\t\t\t\t\t\t\t\t\t\t\t\t\t\n\t\t\t\t\t\t<div class=\"accordion-menu__desc\">\n\t\t\t\tGinebra Beefeater 30 ml, licor Matini Rosso 30 ml, licor Campari 30 ml\t\t\t\t\t<\/div>\n\t\t\t\n\t\t\t\t\t\t\t\t\t\t\t\t\t<\/div>\n\t\t\t\t\t\t\t\t\t\t\t\t\t\t\t\t\t\t\t\t\t\t\t\t\t\t<div class=\"accordion-menu\">\n\t\t\t\t\t\t\t\t\t\t\t\t\t\t<div class=\"accordion-menu__info\">\n\t\t\t\t\t\t\t\t\t\t\t\t\t\t\t\n\t\t\t\t\t\t<div class=\"accordion-menu__name\">\n\t\t\t\tSanta Guayaba\t\t\t\t\t<\/div>\n\t\t\t\n\t\t\t\t\t\t\t\t\t\t\t\t\t\t\t\n\t\t\t\t\t\t\t\t\t\t\t\t\t\t<\/div>\n\t\t\t\t\t\t\t\t\t\t\t\t\t\t\n\t\t\t\t\t\t<div class=\"accordion-menu__desc\">\n\t\t\t\tTequila Patr\u00f3n Blanco 30 ml, Il Follo Ros\u00e9 prosecco 60 ml, licor St. Germain 30 ml, guayaba, jugo de lim\u00f3n\t\t\t\t\t<\/div>\n\t\t\t\n\t\t\t\t\t\t\t\t\t\t\t\t\t<\/div>\n\t\t\t\t\t\t\t\t\t\t\t\t\t\t\t\t\t\t\t\t\t\t\t<\/div>\n\t\t\t\t\t\t\t\t\t\t\t\t\t\t\t\t\t\t\t<div class=\"accordion-menus\">\n\t\t\t\t\t\t\t\t\t\t\t\n\t\t\t\t\t\t<h6 class=\"accordion-menus__title\">\n\t\t\t\tCERO PRUEBA\t\t\t\t\t<\/h6>\n\t\t\t\n\t\t\t\t\t\t\t\t\t\t\t\t\t\t\t\t\t\t\t\t\t\t\t\t<div class=\"accordion-menu\">\n\t\t\t\t\t\t\t\t\t\t\t\t\t\t<div class=\"accordion-menu__info\">\n\t\t\t\t\t\t\t\t\t\t\t\t\t\t\t\n\t\t\t\t\t\t<div class=\"accordion-menu__name\">\n\t\t\t\tSue\u00f1os de guayaba \t\t\t\t\t<\/div>\n\t\t\t\n\t\t\t\t\t\t\t\t\t\t\t\t\t\t\t\n\t\t\t\t\t\t\t\t\t\t\t\t\t\t<\/div>\n\t\t\t\t\t\t\t\t\t\t\t\t\t\t\n\t\t\t\t\t\t<div class=\"accordion-menu__desc\">\n\t\t\t\tGuayaba, jugo de lim\u00f3n, jugo de pi\u00f1a.\t\t\t\t\t<\/div>\n\t\t\t\n\t\t\t\t\t\t\t\t\t\t\t\t\t<\/div>\n\t\t\t\t\t\t\t\t\t\t\t\t\t\t\t\t\t\t\t\t\t\t\t\t\t\t<div class=\"accordion-menu\">\n\t\t\t\t\t\t\t\t\t\t\t\t\t\t<div class=\"accordion-menu__info\">\n\t\t\t\t\t\t\t\t\t\t\t\t\t\t\t\n\t\t\t\t\t\t<div class=\"accordion-menu__name\">\n\t\t\t\tMartini esencial\t\t\t\t\t<\/div>\n\t\t\t\n\t\t\t\t\t\t\t\t\t\t\t\t\t\t\t\n\t\t\t\t\t\t\t\t\t\t\t\t\t\t<\/div>\n\t\t\t\t\t\t\t\t\t\t\t\t\t\t\n\t\t\t\t\t\t<div class=\"accordion-menu__desc\">\n\t\t\t\tGinebra Essential Dry zeroproof, zumo de lim\u00f3n, zumo de pi\u00f1a, aquafaba\t\t\t\t\t<\/div>\n\t\t\t\n\t\t\t\t\t\t\t\t\t\t\t\t\t<\/div>\n\t\t\t\t\t\t\t\t\t\t\t\t\t\t\t\t\t\t\t\t\t\t\t\t\t\t<div class=\"accordion-menu\">\n\t\t\t\t\t\t\t\t\t\t\t\t\t\t<div class=\"accordion-menu__info\">\n\t\t\t\t\t\t\t\t\t\t\t\t\t\t\t\n\t\t\t\t\t\t<div class=\"accordion-menu__name\">\n\t\t\t\tQuetzal\t\t\t\t\t<\/div>\n\t\t\t\n\t\t\t\t\t\t\t\t\t\t\t\t\t\t\t\n\t\t\t\t\t\t\t\t\t\t\t\t\t\t<\/div>\n\t\t\t\t\t\t\t\t\t\t\t\t\t\t\n\t\t\t\t\t\t<div class=\"accordion-menu__desc\">\n\t\t\t\tApio, jugo de lim\u00f3n, fresa.\t\t\t\t\t<\/div>\n\t\t\t\n\t\t\t\t\t\t\t\t\t\t\t\t\t<\/div>\n\t\t\t\t\t\t\t\t\t\t\t\t\t\t\t\t\t\t\t\t\t\t\t<\/div>\n\t\t\t\t\t\t\t\t\t\t\t\t\t\t\t\t\t<\/div>\n\t\t\t\t\t\t\t\t\t\t\t\t\t\t\t\t\t\t<\/div>\n\n\t\t\t\t\n\t\t\t\t\t<div class=\"accordion a-up\">\n\t\t\t\t\t\t\n\t\t\t\t\t\t<div class=\"accordion-title\">\n\t\t\t\tVioloncelos caseros \t\t\t\t\t<\/div>\n\t\t\t\n\t\t\t\t\t\t\t\t\t\t\t\t\t\t\t\t\t\t\t\t\t<div class=\"accordion-content\">\n\t\t\t\t\t\t\t\t\t\t\t\t\t\t\t\t\t\t\t<div class=\"accordion-menus\">\n\t\t\t\t\t\t\t\t\t\t\t\n\t\t\t\t\t\t<h6 class=\"accordion-menus__title\">\n\t\t\t\tVioloncelos caseros \t\t\t\t\t<\/h6>\n\t\t\t\n\t\t\t\t\t\t\t\t\t\t\t\t\t\t\t\t\t\t\t\t\t\t\t\t<div class=\"accordion-menu\">\n\t\t\t\t\t\t\t\t\t\t\t\t\t\t<div class=\"accordion-menu__info\">\n\t\t\t\t\t\t\t\t\t\t\t\t\t\t\t\n\t\t\t\t\t\t<div class=\"accordion-menu__name\">\n\t\t\t\tToroncello 45 ml \t\t\t\t\t<\/div>\n\t\t\t\n\t\t\t\t\t\t\t\t\t\t\t\t\t\t\t\n\t\t\t\t\t\t\t\t\t\t\t\t\t\t<\/div>\n\t\t\t\t\t\t\t\t\t\t\t\t\t\t\n\n\t\t\t\t\t\t\t\t\t\t\t\t\t<\/div>\n\t\t\t\t\t\t\t\t\t\t\t\t\t\t\t\t\t\t\t\t\t\t\t\t\t\t<div class=\"accordion-menu\">\n\t\t\t\t\t\t\t\t\t\t\t\t\t\t<div class=\"accordion-menu__info\">\n\t\t\t\t\t\t\t\t\t\t\t\t\t\t\t\n\t\t\t\t\t\t<div class=\"accordion-menu__name\">\n\t\t\t\tNarancello 45 ml\t\t\t\t\t<\/div>\n\t\t\t\n\t\t\t\t\t\t\t\t\t\t\t\t\t\t\t\n\t\t\t\t\t\t\t\t\t\t\t\t\t\t<\/div>\n\t\t\t\t\t\t\t\t\t\t\t\t\t\t\n\n\t\t\t\t\t\t\t\t\t\t\t\t\t<\/div>\n\t\t\t\t\t\t\t\t\t\t\t\t\t\t\t\t\t\t\t\t\t\t\t\t\t\t<div class=\"accordion-menu\">\n\t\t\t\t\t\t\t\t\t\t\t\t\t\t<div class=\"accordion-menu__info\">\n\t\t\t\t\t\t\t\t\t\t\t\t\t\t\t\n\t\t\t\t\t\t<div class=\"accordion-menu__name\">\n\t\t\t\tLimoncello 45 ml\t\t\t\t\t<\/div>\n\t\t\t\n\t\t\t\t\t\t\t\t\t\t\t\t\t\t\t\n\t\t\t\t\t\t\t\t\t\t\t\t\t\t<\/div>\n\t\t\t\t\t\t\t\t\t\t\t\t\t\t\n\n\t\t\t\t\t\t\t\t\t\t\t\t\t<\/div>\n\t\t\t\t\t\t\t\t\t\t\t\t\t\t\t\t\t\t\t\t\t\t\t\t\t\t<div class=\"accordion-menu\">\n\t\t\t\t\t\t\t\t\t\t\t\t\t\t<div class=\"accordion-menu__info\">\n\t\t\t\t\t\t\t\t\t\t\t\t\t\t\t\n\t\t\t\t\t\t<div class=\"accordion-menu__name\">\n\t\t\t\tPistacho 45 ml \t\t\t\t\t<\/div>\n\t\t\t\n\t\t\t\t\t\t\t\t\t\t\t\t\t\t\t\n\t\t\t\t\t\t\t\t\t\t\t\t\t\t<\/div>\n\t\t\t\t\t\t\t\t\t\t\t\t\t\t\n\n\t\t\t\t\t\t\t\t\t\t\t\t\t<\/div>\n\t\t\t\t\t\t\t\t\t\t\t\t\t\t\t\t\t\t\t\t\t\t\t<\/div>\n\t\t\t\t\t\t\t\t\t\t\t\t\t\t\t\t\t<\/div>\n\t\t\t\t\t\t\t\t\t\t\t\t\t\t\t\t\t\t<\/div>\n\n\t\t\t\t\n\t\t\t\t\t<div class=\"accordion a-up\">\n\t\t\t\t\t\t\n\t\t\t\t\t\t<div class=\"accordion-title\">\n\t\t\t\tcena-ni\u00f1os\t\t\t\t\t<\/div>\n\t\t\t\n\t\t\t\t\t\t\t\t\t\t\t\t\t\t\t\t\t\t\t\t\t<div class=\"accordion-content\">\n\t\t\t\t\t\t\t\t\t\t\t\t\t\t\t\t\t\t\t<div class=\"accordion-menus\">\n\t\t\t\t\t\t\t\t\t\t\t\n\t\t\t\t\t\t<h6 class=\"accordion-menus__title\">\n\t\t\t\tMen\u00fa infantil\t\t\t\t\t<\/h6>\n\t\t\t\n\t\t\t\t\t\t\t\t\t\t\t\t\t\t\t\t\t\t\t\t\t\t\t\t<div class=\"accordion-menu\">\n\t\t\t\t\t\t\t\t\t\t\t\t\t\t<div class=\"accordion-menu__info\">\n\t\t\t\t\t\t\t\t\t\t\t\t\t\t\t\n\t\t\t\t\t\t<div class=\"accordion-menu__name\">\n\t\t\t\tFusili 110 g\t\t\t\t\t<\/div>\n\t\t\t\n\t\t\t\t\t\t\t\t\t\t\t\t\t\t\t\n\t\t\t\t\t\t\t\t\t\t\t\t\t\t<\/div>\n\t\t\t\t\t\t\t\t\t\t\t\t\t\t\n\t\t\t\t\t\t<div class=\"accordion-menu__desc\">\n\t\t\t\tPasta con salsa pomodoro, queso parmesano y albahaca\t\t\t\t\t<\/div>\n\t\t\t\n\t\t\t\t\t\t\t\t\t\t\t\t\t<\/div>\n\t\t\t\t\t\t\t\t\t\t\t\t\t\t\t\t\t\t\t\t\t\t\t\t\t\t<div class=\"accordion-menu\">\n\t\t\t\t\t\t\t\t\t\t\t\t\t\t<div class=\"accordion-menu__info\">\n\t\t\t\t\t\t\t\t\t\t\t\t\t\t\t\n\t\t\t\t\t\t<div class=\"accordion-menu__name\">\n\t\t\t\tEspaguetis 260 g\t\t\t\t\t<\/div>\n\t\t\t\n\t\t\t\t\t\t\t\t\t\t\t\t\t\t\t\n\t\t\t\t\t\t\t\t\t\t\t\t\t\t<\/div>\n\t\t\t\t\t\t\t\t\t\t\t\t\t\t\n\t\t\t\t\t\t<div class=\"accordion-menu__desc\">\n\t\t\t\tPasta con 100 g de alb\u00f3ndigas y salsa de tomate, cubierta con queso parmesano rallado.\t\t\t\t\t<\/div>\n\t\t\t\n\t\t\t\t\t\t\t\t\t\t\t\t\t<\/div>\n\t\t\t\t\t\t\t\t\t\t\t\t\t\t\t\t\t\t\t\t\t\t\t\t\t\t<div class=\"accordion-menu\">\n\t\t\t\t\t\t\t\t\t\t\t\t\t\t<div class=\"accordion-menu__info\">\n\t\t\t\t\t\t\t\t\t\t\t\t\t\t\t\n\t\t\t\t\t\t<div class=\"accordion-menu__name\">\n\t\t\t\tPollo a la parmesana 440 g\t\t\t\t\t<\/div>\n\t\t\t\n\t\t\t\t\t\t\t\t\t\t\t\t\t\t\t\n\t\t\t\t\t\t\t\t\t\t\t\t\t\t<\/div>\n\t\t\t\t\t\t\t\t\t\t\t\t\t\t\n\t\t\t\t\t\t<div class=\"accordion-menu__desc\">\n\t\t\t\tPechuga de pollo empanizada (130 g), gratinada con salsa pomodoro y queso mozzarella; servida con papas fritas\t\t\t\t\t<\/div>\n\t\t\t\n\t\t\t\t\t\t\t\t\t\t\t\t\t<\/div>\n\t\t\t\t\t\t\t\t\t\t\t\t\t\t\t\t\t\t\t\t\t\t\t\t\t\t<div class=\"accordion-menu\">\n\t\t\t\t\t\t\t\t\t\t\t\t\t\t<div class=\"accordion-menu__info\">\n\t\t\t\t\t\t\t\t\t\t\t\t\t\t\t\n\t\t\t\t\t\t<div class=\"accordion-menu__name\">\n\t\t\t\tPalitos de mozzarella 340 g\t\t\t\t\t<\/div>\n\t\t\t\n\t\t\t\t\t\t\t\t\t\t\t\t\t\t\t\n\t\t\t\t\t\t\t\t\t\t\t\t\t\t<\/div>\n\t\t\t\t\t\t\t\t\t\t\t\t\t\t\n\t\t\t\t\t\t<div class=\"accordion-menu__desc\">\n\t\t\t\tPalitos de queso mozzarella empanizados servidos con salsa de tomate y albahaca fresca\t\t\t\t\t<\/div>\n\t\t\t\n\t\t\t\t\t\t\t\t\t\t\t\t\t<\/div>\n\t\t\t\t\t\t\t\t\t\t\t\t\t\t\t\t\t\t\t\t\t\t\t\t\t\t<div class=\"accordion-menu\">\n\t\t\t\t\t\t\t\t\t\t\t\t\t\t<div class=\"accordion-menu__info\">\n\t\t\t\t\t\t\t\t\t\t\t\t\t\t\t\n\t\t\t\t\t\t<div class=\"accordion-menu__name\">\n\t\t\t\tPescado piccata 270 g\t\t\t\t\t<\/div>\n\t\t\t\n\t\t\t\t\t\t\t\t\t\t\t\t\t\t\t\n\t\t\t\t\t\t\t\t\t\t\t\t\t\t<\/div>\n\t\t\t\t\t\t\t\t\t\t\t\t\t\t\n\t\t\t\t\t\t<div class=\"accordion-menu__desc\">\n\t\t\t\tPesca del d\u00eda (140 g) con salsa de lim\u00f3n Meyer, mantequilla y alcaparras, servida con risotto cremoso\t\t\t\t\t<\/div>\n\t\t\t\n\t\t\t\t\t\t\t\t\t\t\t\t\t<\/div>\n\t\t\t\t\t\t\t\t\t\t\t\t\t\t\t\t\t\t\t\t\t\t\t<\/div>\n\t\t\t\t\t\t\t\t\t\t\t\t\t\t\t\t\t<\/div>\n\t\t\t\t\t\t\t\t\t\t\t\t\t\t\t\t\t\t<\/div>\n\n\t\t\t\t\t\t\t\n\t\t\t\t\t\t\t<a class=\"btn btn-accent btn-reserve-resto\" href=\"https:\/\/www.opentable.com\/restref\/client\/?rid=1082668&#038;.conrad.rdmenu.com\" target=\"_blank\" rel=\"noopener\">Reservar una mesa<\/a>\n\t\t\t\n\t\t<\/div>\n\n\t<\/section>\n\n            <section class=\"simple-content simple-content--1\" id=\"\">\n              <div class=\"container\">\n                \n\t\t\t\t\t\t<div class=\"simple-content__inner a-up\">\n\t\t\t\t<p style=\"text-align: center;\">GF-SIN GLUTEN \u00b7 DF-SIN L\u00c1CTEOS \u00b7 VG-VEGETARIANO<\/p>\n<p style=\"text-align: center;\">**Art\u00edculo Premium. No incluido en el Plan de Comidas Gourmet. Disponible exclusivamente para convenciones.<\/p>\n<p style=\"text-align: center;\">*Estos alimentos pueden estar crudos o contener ingredientes crudos o poco cocidos. El consumo de alimentos de origen animal crudos o poco cocidos, como carne de res, huevos, pescado, cordero, cerdo, aves o mariscos, puede aumentar el riesgo de enfermedades transmitidas por los alimentos.<\/p>\n<p style=\"text-align: center;\">Los precios se cotizan en USD. Los impuestos est\u00e1n incluidos.<\/p>\n\t\t\t\t\t<\/div>\n\t\t\t\n              <\/div>\n            <\/section>\n          \n\n\n<section id=\"meal-slider-block_5ef232cb483c111d1f66869854da9260\" class=\"meal-slider\">\n      <h2 class=\"meal-slider__heading heading2\">Cena<\/h2>\n  \n  <div class=\"meal-slider__wrapper\">\n    <div class=\"meal-slider__gallery\">\n                        <div class=\"meal-slider__gallery__img\">\n            <img decoding=\"async\" src=\"https:\/\/cdn.conradpuntademita.com\/wp-content\/uploads\/2022\/05\/13120019\/ConradPuntaMita-Spherical-JoeThomas-022022-10-2.webp\" alt=\"Imagen de la comida en el plato negro.\">\n          <\/div>\n                  <div class=\"meal-slider__gallery__img\">\n            <img decoding=\"async\" src=\"https:\/\/cdn.conradpuntademita.com\/wp-content\/uploads\/2022\/05\/13122023\/ConradPuntadeMita-JoeThomas-32-scaled.webp\" alt=\"Bocadillos guardados en el plato\">\n          <\/div>\n                  <div class=\"meal-slider__gallery__img\">\n            <img decoding=\"async\" src=\"https:\/\/cdn.conradpuntademita.com\/wp-content\/uploads\/2023\/03\/06160218\/ConradPuntaMita-Spherical-JoeThomas-022022-7.webp\" alt=\"Un bol de carb\u00f3n sobre una bandeja con chile rojo y verde, cebolla y tomates.\">\n          <\/div>\n                  <div class=\"meal-slider__gallery__img\">\n            <img decoding=\"async\" src=\"https:\/\/cdn.conradpuntademita.com\/wp-content\/uploads\/2023\/07\/21010956\/ConradPuntaMita-Spherical-JoeThomas-022022-14-Dining-Arbol-1.webp\" alt=\"Un chef se prepara para servir un delicioso desayuno en un plato de carb\u00f3n.\">\n          <\/div>\n                  <\/div>\n\n    <div class=\"meal-slider__content\">\n              <div class=\"meal-slider__text\">\n          <p>Disfrute de la comodidad y la calidez de los verdaderos sabores mexicanos y la hospitalidad en \u00c1rbol. Refrescantemente familiar y, sin embargo, claramente moderno, nuestra oferta incluye platos locales de la Riviera Nayarit como ensalada de nopales, sopa de pulpo, pescado entero, tamal de langosta, costillas estofadas y m\u00e1s.\r\n<\/p>\n        <\/div>\n      \n      <div class=\"meal-slider__hours\">\n                  <h3 class=\"meal-slider__subheading\">Horario<\/h3>\n        \n                              <div class=\"meal-slider__hours--item\"><p>Diario: 17:00 \u2013 23:00*<\/p><\/div>\n                <\/div>\n\n      <div class=\"meal-slider__contact\">\n                  <h3 class=\"meal-slider__subheading heading3\">Cont\u00e1ctenos<\/h3>\n        \n        \n                  <a href=\"mailto:PVRPM.FBReservations@conradhotels.com\" class=\"meal-slider__link contact_email\"><p>PVRPM.FBReservations@conradhotels.com<\/p><\/a>\n              <\/div>\n    <\/div>\n  <\/div>\n<\/section>\n\n\n<section id=\"meal-slider-block_9521441c8753c198619213c0a1426539\" class=\"meal-slider\">\n      <h2 class=\"meal-slider__heading heading2\">Desayuno<\/h2>\n  \n  <div class=\"meal-slider__wrapper reverse\">\n    <div class=\"meal-slider__gallery\">\n                        <div class=\"meal-slider__gallery__img\">\n            <img decoding=\"async\" src=\"https:\/\/cdn.conradpuntademita.com\/wp-content\/uploads\/2022\/05\/02233002\/CONRAD-PUNTA-DE-MITA-043001A-2-scaled.webp\" alt=\"Torrijas con pl\u00e1tano y jugo de naranja\">\n          <\/div>\n                  <div class=\"meal-slider__gallery__img\">\n            <img decoding=\"async\" src=\"https:\/\/cdn.conradpuntademita.com\/wp-content\/uploads\/2022\/05\/02233341\/IMG_5276-scaled.webp\" alt=\"Chica Cocinando en Los Cabos\">\n          <\/div>\n                  <div class=\"meal-slider__gallery__img\">\n            <img decoding=\"async\" src=\"https:\/\/cdn.conradpuntademita.com\/wp-content\/uploads\/2022\/05\/02233312\/IMG_5258-scaled-e1654213684414.webp\" alt=\"Hermoso d\u00eda soleado afuera. Delicioso desayuno en una mesa.\">\n          <\/div>\n                  <\/div>\n\n    <div class=\"meal-slider__content\">\n              <div class=\"meal-slider__text\">\n          <p>Incre\u00edblemente fresco, el desayuno en \u00c1rbol es un acontecimiento que se disfruta en la terraza al aire libre o en el interior de nuestro espacioso restaurante. Disfrute de un abundante desayuno buffet o pida a la carta los platos mexicanos favoritos, como chilaquiles, pozole y tortillas hechas al momento, as\u00ed como opciones m\u00e1s ligeras, como cuencos de a\u00e7a\u00ed y matcha. \r\n<\/p>\n        <\/div>\n      \n      <div class=\"meal-slider__hours\">\n                  <h3 class=\"meal-slider__subheading\">Horario<\/h3>\n        \n                              <div class=\"meal-slider__hours--item\"><p>Diario: 7 am \u2013 11 am*<\/p><\/div>\n                <\/div>\n\n      <div class=\"meal-slider__contact\">\n        \n        \n              <\/div>\n    <\/div>\n  <\/div>\n<\/section>\n\n  <section id=\"banner-slide\" class=\"slider  slick-slider body-wrapper\">\n    <div class=\"container\">\n      <div class=\"slides slides-images\">\n                  <div class=\"slide\">\n            <div class=\"slide-img\">\n                              <!-- <a href=\"https:\/\/cdn.conradpuntademita.com\/wp-content\/uploads\/2022\/05\/13124532\/PVRPMCI_Arbol-terraza-e1653667690319.webp\" data-fancybox=\"gallery\" rel=\"banner-slide\" data-caption=\"\"> -->\n                <img decoding=\"async\" class=\"lazyload\" src=\"https:\/\/cdn.conradpuntademita.com\/wp-content\/uploads\/2022\/05\/13124532\/PVRPMCI_Arbol-terraza-1200x665.webp\" alt=\"Imagen del restaurante al aire libre con vista al jard\u00edn.\">\n                <!-- <\/a> -->\n                                          <svg class=\"slide-caption\" width=\"22\" height=\"24\" viewbox=\"0 0 22 24\" fill=\"none\" xmlns=\"http:\/\/www.w3.org\/2000\/svg\">\n                <path d=\"M11 0L0 6V18.131L11 24L22 18.131V6.065L11 0ZM10 21.2L3.336 17.645L7.537 14.844C8.617 14.125 7.471 12.485 6.294 13.269L2 16.131V8.23L10 12.593V21.2ZM3.133 6.57L10 2.824V7.25C10 8.573 12 8.574 12 7.25V2.835L18.91 6.646L11.005 10.864L3.133 6.57ZM12 12.6L20 8.331V16.131L15.737 13.289C14.556 12.504 13.414 14.144 14.492 14.863L18.664 17.644L12 21.2V12.6Z\" fill=\"white\" \/>\n              <\/svg>\n            <\/div>\n\n            <div class=\"slide-content\">\n                                        <\/div>\n          <\/div>\n              <\/div>\n    <\/div>\n  <\/section>\n\n\n\n<section class=\"wysiwig body-wrapper half-width\" id=\"wysiwig-block_5aa37616899116802434668a4c4d851c\">\n  <p style=\"text-align: center;\"><a class=\"btn btn-secondary\" href=\"https:\/\/www.opentable.com\/r\/arbol-at-conrad-punta-de-mita\" target=\"_blank\" rel=\"noopener\">RESERVA AHORA<\/a><\/p>\n<p>&nbsp;<\/p>\n<p style=\"text-align: center;\">*El horario de atenci\u00f3n puede cambiar; por favor confirme con Concierge.<\/p>\n<\/section>\n\n\n<section id=\"venue-media-block_463b0438c2eb6a611b7e3d9bde927b97\" class=\"venue-media\">\n      <h2 class=\"venue-media__heading heading2\">Tambi\u00e9n puedes disfrutar<\/h2>\n  \n  <div class=\"venue-media__img\">\n          <div class=\"gradient-top gradient\"><\/div>\n      <img decoding=\"async\" src=\"https:\/\/cdn.conradpuntademita.com\/wp-content\/uploads\/2022\/05\/13124719\/codex-1.webp\" alt=\"Restaurante al aire libre con vista al mar\">\n      <div class=\"gradient-bottom gradient\"><\/div>\n    \n          \n              <a class=\"venue-media__name venue-media__link\" href=\"\/es\/restaurantes-bares\/codex-2\/\" target=\"\"><span class=\"heading1\" style=\"color:#F6F6F5\">Codex<\/span><\/a>\n            <\/div>\n<\/section>","protected":false},"excerpt":{"rendered":"<p>Comience el d\u00eda con un abundante desayuno buffet mexicano con ingredientes locales frescos y especialidades regionales. Por la noche, \u00c1rbol se transforma en \u00c1rbol Cucina, un restaurante italiano de temporada que ofrece pastas artesanales, mariscos frescos y verduras de temporada, preparados con t\u00e9cnicas atemporales y un toque contempor\u00e1neo.<\/p>","protected":false},"featured_media":968,"parent":0,"menu_order":2,"template":"","meta":{"_acf_changed":true,"inline_featured_image":false},"dining_category":[25,27],"class_list":["post-555","dining","type-dining","status-publish","has-post-thumbnail","hentry","dining_category-evening","dining_category-morning"],"acf":[],"publishpress_future_workflow_manual_trigger":{"enabledWorkflows":[]},"_links":{"self":[{"href":"https:\/\/www.conradpuntademita.com\/es\/wp-json\/wp\/v2\/dining\/555","targetHints":{"allow":["GET"]}}],"collection":[{"href":"https:\/\/www.conradpuntademita.com\/es\/wp-json\/wp\/v2\/dining"}],"about":[{"href":"https:\/\/www.conradpuntademita.com\/es\/wp-json\/wp\/v2\/types\/dining"}],"wp:featuredmedia":[{"embeddable":true,"href":"https:\/\/www.conradpuntademita.com\/es\/wp-json\/wp\/v2\/media\/968"}],"wp:attachment":[{"href":"https:\/\/www.conradpuntademita.com\/es\/wp-json\/wp\/v2\/media?parent=555"}],"wp:term":[{"taxonomy":"dining_category","embeddable":true,"href":"https:\/\/www.conradpuntademita.com\/es\/wp-json\/wp\/v2\/dining_category?post=555"}],"curies":[{"name":"wp","href":"https:\/\/api.w.org\/{rel}","templated":true}]}}