{"id":5569,"date":"2023-05-26T21:07:07","date_gmt":"2023-05-26T21:07:07","guid":{"rendered":"https:\/\/www.conradpuntademita.com\/?post_type=editorial&#038;p=5569"},"modified":"2024-08-09T20:13:31","modified_gmt":"2024-08-09T20:13:31","slug":"conrad-punta-de-mita-actividades-de-verano","status":"publish","type":"editorial","link":"https:\/\/www.conradpuntademita.com\/es\/blog\/conrad-punta-de-mita-actividades-de-verano\/","title":{"rendered":"Verano en Punta de Mita"},"content":{"rendered":"<section id=\"banner-block_ff2b8d96c4fff26354678044281a0a48\" class=\"banner gradient-banner single-room\">\n  <div class=\"banner-wrapper\">\n          <img decoding=\"async\" src=\"https:\/\/cdn.conradpuntademita.com\/wp-content\/uploads\/2022\/05\/13120616\/ConradPuntaMita-Spherical-JoeThomas-022022-137-1-scaled-e1653610828236.webp\" alt=\"ConradPuntaMita-Spherical-JoeThomas-022022-137\" class=\"banner__img banner__media\">\n      <\/div>\n\n      <div class=\"banner-content\">\n              <h2 class=\"banner-title heading1\">Verano en Punta de Mita<\/h2>\n      \n              \n      \n<\/section>\n\n\n<section id=\"responsive-spacer-block_71b312f242a0eb0ff58920bee0122ed0\" class=\"responsive-spacer\">\n<\/section>\n<style>\n  #responsive-spacer-block_71b312f242a0eb0ff58920bee0122ed0 {\n    width: 100%;\n  }\n\n  #responsive-spacer-block_71b312f242a0eb0ff58920bee0122ed0 {\n    height: 38px;\n  }\n\n  @media (min-width: 769px) {\n    #responsive-spacer-block_71b312f242a0eb0ff58920bee0122ed0 {\n      height: 60px;\n    }\n  }\n\n  @media (min-width: 1201px) {\n    #responsive-spacer-block_71b312f242a0eb0ff58920bee0122ed0 {\n      height: 84px;\n    }\n  }\n\n  <\/style>\n\n\n<p> <\/p>\n\n\n\n<section class=\"wysiwig body-wrapper half-width\" id=\"wysiwig-block_acf28d85afe0782b895c507a3a6335b2\">\n  <p>El pensamiento te asalta por primera vez mientras abordas el bote para tu safari de surf privado: esta parte de M\u00e9xico, Punta de Mita, no se parece a ning\u00fan otro lugar en el que hayas estado.<\/p>\n<p>&nbsp;<\/p>\n<p>Ayer mismo andabas en cuatrimotos a trav\u00e9s de una densa jungla verde por estrechos senderos que conducen a playas de arena blanca, y ahora est\u00e1s cargando tablas en un bote para recorrer este tramo de la costa del Pac\u00edfico en busca de la ola perfecta.<\/p>\n<\/section>\n\n\n\n\n\n<section id=\"responsive-spacer-block_f08b64ecfdcbe16321507134dab9808a\" class=\"responsive-spacer\">\n<\/section>\n<style>\n  #responsive-spacer-block_f08b64ecfdcbe16321507134dab9808a {\n    width: 100%;\n  }\n\n  #responsive-spacer-block_f08b64ecfdcbe16321507134dab9808a {\n    height: 90px;\n  }\n\n  @media (min-width: 769px) {\n    #responsive-spacer-block_f08b64ecfdcbe16321507134dab9808a {\n      height: 130px;\n    }\n  }\n\n  @media (min-width: 1201px) {\n    #responsive-spacer-block_f08b64ecfdcbe16321507134dab9808a {\n      height: 177px;\n    }\n  }\n\n  <\/style>\n\n\n\t<section class=\"media-content body-wrapper not-link\" id=\"banner-block_bf82571764e41c3391570b6a196ff580\">\n\t<div class=\"media-content__left\">\n\t\t\t\t\t\t\t<h4 class=\"media-content__subheading a-up a-delay-1\">Tesoros locales<\/h4>\n\t\t\n\t\t\n\t\t\n\t\t\t\t<div class=\"media-content__text a-up a-delay-2\"><p>Ha nadado a trav\u00e9s de una cueva en busca de la \u201cPlaya Escondida\u201d en un viaje a las Islas Marietas, y ha pasado una tarde escalando la \u201cMonta\u00f1a de los Monos\u201d en una caminata con vistas a la costa.<\/p><\/div>\n\t\t\n\t\t\t<\/div>\n\n\t<div class=\"media-content__right hover-images a-up a-delay-2\">\n\t\t<span class=\"media-content__gradient media-content__gradient-left\"><\/span>\n\t\t<span class=\"media-content__gradient media-content__gradient-right\"><\/span>\n\t\t<span class=\"media-content__gradient media-content__gradient-top\"><\/span>\n\t\t<span class=\"media-content__gradient media-content__gradient-bottom\"><\/span>\n\t\t\t\t\t\t\t<img decoding=\"async\" width=\"2400\" height=\"1600\" src=\"https:\/\/cdn.conradpuntademita.com\/wp-content\/uploads\/2023\/04\/14211134\/Marietas_HiddenBeach_2400x1600.webp\" class=\"hover-image is-hovered\" alt=\"Playa Escondida en Islas Marietas\" loading=\"lazy\" srcset=\"https:\/\/cdn.conradpuntademita.com\/wp-content\/uploads\/2023\/04\/14211134\/Marietas_HiddenBeach_2400x1600.webp 2400w, https:\/\/cdn.conradpuntademita.com\/wp-content\/uploads\/2023\/04\/14211134\/Marietas_HiddenBeach_2400x1600-300x200.jpg 300w, https:\/\/cdn.conradpuntademita.com\/wp-content\/uploads\/2023\/04\/14211134\/Marietas_HiddenBeach_2400x1600-1024x683.jpg 1024w, https:\/\/cdn.conradpuntademita.com\/wp-content\/uploads\/2023\/04\/14211134\/Marietas_HiddenBeach_2400x1600-768x512.jpg 768w, https:\/\/cdn.conradpuntademita.com\/wp-content\/uploads\/2023\/04\/14211134\/Marietas_HiddenBeach_2400x1600-1536x1024.jpg 1536w, https:\/\/cdn.conradpuntademita.com\/wp-content\/uploads\/2023\/04\/14211134\/Marietas_HiddenBeach_2400x1600-2048x1365.jpg 2048w, https:\/\/cdn.conradpuntademita.com\/wp-content\/uploads\/2023\/04\/14211134\/Marietas_HiddenBeach_2400x1600-18x12.jpg 18w, https:\/\/cdn.conradpuntademita.com\/wp-content\/uploads\/2023\/04\/14211134\/Marietas_HiddenBeach_2400x1600-600x400.jpg 600w\" sizes=\"auto, (max-width: 2400px) 100vw, 2400px\" \/>\t\t\t\t\t<\/div>\n\n\t\t<\/section>\n\n\n<section id=\"responsive-spacer-block_f08b64ecfdcbe16321507134dab9808a\" class=\"responsive-spacer\">\n<\/section>\n<style>\n  #responsive-spacer-block_f08b64ecfdcbe16321507134dab9808a {\n    width: 100%;\n  }\n\n  #responsive-spacer-block_f08b64ecfdcbe16321507134dab9808a {\n    height: 90px;\n  }\n\n  @media (min-width: 769px) {\n    #responsive-spacer-block_f08b64ecfdcbe16321507134dab9808a {\n      height: 130px;\n    }\n  }\n\n  @media (min-width: 1201px) {\n    #responsive-spacer-block_f08b64ecfdcbe16321507134dab9808a {\n      height: 177px;\n    }\n  }\n\n  <\/style>\n\n\n<section class=\"wysiwig body-wrapper half-width\" id=\"wysiwig-block_b0ced59c1fdb57c4b5ef0a53bdeb6581\">\n  <p>Has cenado en la arena frente a tu resort, donde los pescadores locales traen su pesca fresca y los chefs talentosos la cocinan en la playa, usando recetas que datan de generaciones.<\/p>\n<p>&nbsp;<\/p>\n<p>Has deambulado por los callejones de la elegante Sayulita en busca de caf\u00e9 y cacao y paseado por los coloridos puestos de artesan\u00edas para comprar artesan\u00edas de inspiraci\u00f3n huichol.<\/p>\n<p>&nbsp;<\/p>\n<p>La aventura, la cultura, la adrenalina y la comodidad se han combinado perfectamente desde el momento en que llegaste, y existe la sensaci\u00f3n de que, incluso si intentas hacerlo todo, solo habr\u00e1s ara\u00f1ado la superficie de lo que es posible aqu\u00ed en esta costa.<\/p>\n<\/section>\n\n<section id=\"responsive-spacer-block_f08b64ecfdcbe16321507134dab9808a\" class=\"responsive-spacer\">\n<\/section>\n<style>\n  #responsive-spacer-block_f08b64ecfdcbe16321507134dab9808a {\n    width: 100%;\n  }\n\n  #responsive-spacer-block_f08b64ecfdcbe16321507134dab9808a {\n    height: 90px;\n  }\n\n  @media (min-width: 769px) {\n    #responsive-spacer-block_f08b64ecfdcbe16321507134dab9808a {\n      height: 130px;\n    }\n  }\n\n  @media (min-width: 1201px) {\n    #responsive-spacer-block_f08b64ecfdcbe16321507134dab9808a {\n      height: 177px;\n    }\n  }\n\n  <\/style>\n\n\n\t<section class=\"media-content body-wrapper not-link\" id=\"banner-block_264f488187c4f482c8ae3f3ca6ca238d\">\n\t<div class=\"media-content__left\">\n\t\t\t\t\t\t\t<h4 class=\"media-content__subheading a-up a-delay-1\">verano en el mar<\/h4>\n\t\t\n\t\t\n\t\t\n\t\t\t\t<div class=\"media-content__text a-up a-delay-2\"><p>El verano aqu\u00ed en la Riviera Nayarit de M\u00e9xico es un escape espectacular, salado y ba\u00f1ado por el sol, donde las actividades oce\u00e1nicas, desde la pesca submarina hasta el surf, lo siguen atrayendo hacia el mar. Ya sea que est\u00e9 desplegando las velas sobre el agua o explorando debajo de ella con un esn\u00f3rquel, el c\u00e1lido y tropical Oc\u00e9ano Pac\u00edfico es un gran patio de recreo azul que sirve como tel\u00f3n de fondo siempre presente para las actividades de verano.<\/p><\/div>\n\t\t\n\t\t\t<\/div>\n\n\t<div class=\"media-content__right hover-images a-up a-delay-2\">\n\t\t<span class=\"media-content__gradient media-content__gradient-left\"><\/span>\n\t\t<span class=\"media-content__gradient media-content__gradient-right\"><\/span>\n\t\t<span class=\"media-content__gradient media-content__gradient-top\"><\/span>\n\t\t<span class=\"media-content__gradient media-content__gradient-bottom\"><\/span>\n\t\t\t\t\t\t\t<img decoding=\"async\" width=\"640\" height=\"819\" src=\"https:\/\/cdn.conradpuntademita.com\/wp-content\/uploads\/2022\/05\/13120645\/naitian-tony-wang-vjCiYZuEApk-unsplash.jpg\" class=\"hover-image is-hovered\" alt=\"Hombre que sostiene la tabla de surf durante la puesta de sol\" loading=\"lazy\" srcset=\"https:\/\/cdn.conradpuntademita.com\/wp-content\/uploads\/2022\/05\/13120645\/naitian-tony-wang-vjCiYZuEApk-unsplash.jpg 640w, https:\/\/cdn.conradpuntademita.com\/wp-content\/uploads\/2022\/05\/13120645\/naitian-tony-wang-vjCiYZuEApk-unsplash-234x300.jpg 234w\" sizes=\"auto, (max-width: 640px) 100vw, 640px\" \/>\t\t\t\t\t<\/div>\n\n\t\t<\/section>\n\n\n<section id=\"responsive-spacer-block_f08b64ecfdcbe16321507134dab9808a\" class=\"responsive-spacer\">\n<\/section>\n<style>\n  #responsive-spacer-block_f08b64ecfdcbe16321507134dab9808a {\n    width: 100%;\n  }\n\n  #responsive-spacer-block_f08b64ecfdcbe16321507134dab9808a {\n    height: 90px;\n  }\n\n  @media (min-width: 769px) {\n    #responsive-spacer-block_f08b64ecfdcbe16321507134dab9808a {\n      height: 130px;\n    }\n  }\n\n  @media (min-width: 1201px) {\n    #responsive-spacer-block_f08b64ecfdcbe16321507134dab9808a {\n      height: 177px;\n    }\n  }\n\n  <\/style>\n\n\n<section class=\"wysiwig body-wrapper half-width\" id=\"wysiwig-block_5ceb7febdc3c387dd6496c7fb89ec1bb\">\n  <p>Lo bueno de la Riviera Nayarit, sin embargo, es que aqu\u00ed, en este lugar donde la selva se encuentra con el mar, las aventuras en tierra son tan emocionantes como las que encontrar\u00e1s en alta mar.<\/p>\n<p>&nbsp;<\/p>\n<p>Si bien el surf, el esn\u00f3rquel, la pesca y el buceo son lo que buscan muchos viajeros, son los paseos a caballo por una playa vac\u00eda al atardecer, o la sensaci\u00f3n de viajar en el tiempo mientras explora pueblos como San Francisco, o el relajado Lo de Marcos, lo que podr\u00eda no ser la raz\u00f3n por la que los viajeros llegaron por primera vez, sino que son la raz\u00f3n por la que siguen regresando.<\/p>\n<\/section>\n\n<section id=\"responsive-spacer-block_f08b64ecfdcbe16321507134dab9808a\" class=\"responsive-spacer\">\n<\/section>\n<style>\n  #responsive-spacer-block_f08b64ecfdcbe16321507134dab9808a {\n    width: 100%;\n  }\n\n  #responsive-spacer-block_f08b64ecfdcbe16321507134dab9808a {\n    height: 90px;\n  }\n\n  @media (min-width: 769px) {\n    #responsive-spacer-block_f08b64ecfdcbe16321507134dab9808a {\n      height: 130px;\n    }\n  }\n\n  @media (min-width: 1201px) {\n    #responsive-spacer-block_f08b64ecfdcbe16321507134dab9808a {\n      height: 177px;\n    }\n  }\n\n  <\/style>\n\n\n\t<section class=\"media-content body-wrapper not-link\" id=\"banner-block_8caeaf42f74de5d4249cc0caefd6af22\">\n\t<div class=\"media-content__left\">\n\t\t\t\t\t\t\t<h4 class=\"media-content__subheading a-up a-delay-1\">Cuidados personales<\/h4>\n\t\t\n\t\t\n\t\t\n\t\t\t\t<div class=\"media-content__text a-up a-delay-2\"><p>Agregue un poco de yoga al amanecer en la playa o surf de remo al atardecer, y las comodidades de Conrad Punta de Mita se combinan perfectamente con cualquier grado de aventura que parezca adecuado para el d\u00eda.<\/p><\/div>\n\t\t\n\t\t\t<\/div>\n\n\t<div class=\"media-content__right hover-images a-up a-delay-2\">\n\t\t<span class=\"media-content__gradient media-content__gradient-left\"><\/span>\n\t\t<span class=\"media-content__gradient media-content__gradient-right\"><\/span>\n\t\t<span class=\"media-content__gradient media-content__gradient-top\"><\/span>\n\t\t<span class=\"media-content__gradient media-content__gradient-bottom\"><\/span>\n\t\t\t\t\t\t\t<img decoding=\"async\" width=\"2048\" height=\"1365\" src=\"https:\/\/cdn.conradpuntademita.com\/wp-content\/uploads\/2022\/05\/13123100\/ConradPuntaMita-Spherical-JoeThomas-022022-63.webp\" class=\"hover-image is-hovered\" alt=\"una mujer haciendo yoga en la playa\" loading=\"lazy\" srcset=\"https:\/\/cdn.conradpuntademita.com\/wp-content\/uploads\/2022\/05\/13123100\/ConradPuntaMita-Spherical-JoeThomas-022022-63.webp 2048w, https:\/\/cdn.conradpuntademita.com\/wp-content\/uploads\/2022\/05\/13123100\/ConradPuntaMita-Spherical-JoeThomas-022022-63-300x200.jpg 300w, https:\/\/cdn.conradpuntademita.com\/wp-content\/uploads\/2022\/05\/13123100\/ConradPuntaMita-Spherical-JoeThomas-022022-63-1024x683.jpg 1024w, https:\/\/cdn.conradpuntademita.com\/wp-content\/uploads\/2022\/05\/13123100\/ConradPuntaMita-Spherical-JoeThomas-022022-63-768x512.jpg 768w, https:\/\/cdn.conradpuntademita.com\/wp-content\/uploads\/2022\/05\/13123100\/ConradPuntaMita-Spherical-JoeThomas-022022-63-1536x1024.jpg 1536w, https:\/\/cdn.conradpuntademita.com\/wp-content\/uploads\/2022\/05\/13123100\/ConradPuntaMita-Spherical-JoeThomas-022022-63-600x400.jpg 600w\" sizes=\"auto, (max-width: 2048px) 100vw, 2048px\" \/>\t\t\t\t\t<\/div>\n\n\t\t<\/section>\n\n\n<section id=\"responsive-spacer-block_f08b64ecfdcbe16321507134dab9808a\" class=\"responsive-spacer\">\n<\/section>\n<style>\n  #responsive-spacer-block_f08b64ecfdcbe16321507134dab9808a {\n    width: 100%;\n  }\n\n  #responsive-spacer-block_f08b64ecfdcbe16321507134dab9808a {\n    height: 90px;\n  }\n\n  @media (min-width: 769px) {\n    #responsive-spacer-block_f08b64ecfdcbe16321507134dab9808a {\n      height: 130px;\n    }\n  }\n\n  @media (min-width: 1201px) {\n    #responsive-spacer-block_f08b64ecfdcbe16321507134dab9808a {\n      height: 177px;\n    }\n  }\n\n  <\/style>\n\n\n<section class=\"wysiwig body-wrapper half-width\" id=\"wysiwig-block_380895f8e5c5f92516c3d1a16fcffa87\">\n  <p>Por supuesto, tambi\u00e9n puede pasar un d\u00eda entero descansando y relaj\u00e1ndose junto a la piscina, disfrutando de la brisa refrescante del mar mientras prueba la exquisita cocina regional que nunca est\u00e1 a m\u00e1s de unos pasos de su c\u00f3moda caba\u00f1a a la sombra.<\/p>\n<p>&nbsp;<\/p>\n<p>Esa es la belleza de planificar tu <a href=\"https:\/\/www.conradpuntademita.com\/es\/verano\/\">Punta de Mita verano<\/a> actividades: pueden estar llenas de adrenalina, llenas de aventuras y llenas de historias para llevar a casa, o tan simples como ver la puesta de sol, ver c\u00f3mo los pasos desaparecen lentamente, arrastrados por el oleaje.<\/p>\n<p>&nbsp;<\/p>\n<p>&nbsp;<\/p>\n<\/section>\n\n<section id=\"responsive-spacer-block_f08b64ecfdcbe16321507134dab9808a\" class=\"responsive-spacer\">\n<\/section>\n<style>\n  #responsive-spacer-block_f08b64ecfdcbe16321507134dab9808a {\n    width: 100%;\n  }\n\n  #responsive-spacer-block_f08b64ecfdcbe16321507134dab9808a {\n    height: 90px;\n  }\n\n  @media (min-width: 769px) {\n    #responsive-spacer-block_f08b64ecfdcbe16321507134dab9808a {\n      height: 130px;\n    }\n  }\n\n  @media (min-width: 1201px) {\n    #responsive-spacer-block_f08b64ecfdcbe16321507134dab9808a {\n      height: 177px;\n    }\n  }\n\n  <\/style>\n\n<section id=\"venues-spaces-block_640eb4cb176c4011d7ae1439499d9ff8\" class=\"venues-spaces experience-events body-wrapper\" data-cpt=\"experience\">\n  \n      <h2 class=\"venues-spaces__heading a-up\">Experiencias de Verano<\/h2>\n  \n      <div class=\"venues-spaces__items\">\n                \t\n\t<div class=\"loop-event\">\n\t<div class=\"loop-event__link-wrapper\">\n\t\t<div class=\"loop-event__link\">\n\t\n\t<div class=\"loop-event__img\">\n\t\t\t\t\t<a href=\"https:\/\/www.conradpuntademita.com\/es\/experiencias\/canal-de-television-britanico\/\" class=\"foto-hover\">\n\t\t\t\t\t\t\t\t\t<img decoding=\"async\" src=\"https:\/\/cdn.conradpuntademita.com\/wp-content\/uploads\/2022\/05\/13120629\/shutterstock_1146141119-585x730.jpg\" alt=\"ATV amarillo en la arena\">\n\t\t\t\n\t\t\t\t<\/a>\n\t\t\t\t\n\t<\/div>\n\n\n\n\n\t\t\n\n\t\t<\/div>\n\t\n\n\n\t<\/div>\n\n\t<div class=\"loop-event__info\">\n\n\t<h3 class='loop-event__heading heading3 a-up'>\n\tVEH\u00cdCULOS TODO TERRENO\t<\/h3>\n\n\t\t\t\t\t<div class=\"loop-event__text a-up a-delay-1\">\n\t\t\t\t<p>Sin descubrir y sin desarrollar, la costa occidental de M\u00e9xico es una de las regiones silvestres m\u00e1s escarpadas del pa\u00eds. S\u00fabete a un veh\u00edculo todo terreno para experimentarlo todoterreno. Dirigido por gu\u00edas profesionales por senderos en la jungla y ranchos abiertos, obtendr\u00e1 una descarga de adrenalina con un lado de la belleza natural. <\/p>\n\t\t\t<\/div>\n\t\t\n\t<div class=\"loop-event__cta-wrapper\">\n\t\t\t<a class=\"btn btn-secondary loop-event__cta a-up a-delay-2\" href=\"\/es\/experiencias\/canal-de-television-britanico\/\" target=\"_self\">Descubre m\u00e1s<\/a>\n\t\n\t\n\t\t\t\t<\/div>\n\n\t<\/div>\n\t<\/div>\n\t                \t          <\/div>\n  \n      <a href=\"https:\/\/www.conradpuntademita.com\/es\/experience\/verano\/\" target=\"\" class=\"venues-spaces__cta btn btn-primary a-up a-delay-2\">Ver todo<\/a>\n  <\/section>\n\n\n<section id=\"responsive-spacer-block_f08b64ecfdcbe16321507134dab9808a\" class=\"responsive-spacer\">\n<\/section>\n<style>\n  #responsive-spacer-block_f08b64ecfdcbe16321507134dab9808a {\n    width: 100%;\n  }\n\n  #responsive-spacer-block_f08b64ecfdcbe16321507134dab9808a {\n    height: 90px;\n  }\n\n  @media (min-width: 769px) {\n    #responsive-spacer-block_f08b64ecfdcbe16321507134dab9808a {\n      height: 130px;\n    }\n  }\n\n  @media (min-width: 1201px) {\n    #responsive-spacer-block_f08b64ecfdcbe16321507134dab9808a {\n      height: 177px;\n    }\n  }\n\n  <\/style>","protected":false},"excerpt":{"rendered":"<p>Esta parte de M\u00e9xico, Punta de Mita, no se parece a ning\u00fan otro lugar en el que hayas estado.  <\/p>","protected":false},"featured_media":5238,"parent":0,"menu_order":0,"template":"","meta":{"_acf_changed":false,"inline_featured_image":false},"editorial_category":[76,77,75],"class_list":["post-5569","editorial","type-editorial","status-publish","has-post-thumbnail","hentry","editorial_category-summer","editorial_category-resort","editorial_category-adventure"],"acf":[],"publishpress_future_workflow_manual_trigger":{"enabledWorkflows":[]},"_links":{"self":[{"href":"https:\/\/www.conradpuntademita.com\/es\/wp-json\/wp\/v2\/editorial\/5569","targetHints":{"allow":["GET"]}}],"collection":[{"href":"https:\/\/www.conradpuntademita.com\/es\/wp-json\/wp\/v2\/editorial"}],"about":[{"href":"https:\/\/www.conradpuntademita.com\/es\/wp-json\/wp\/v2\/types\/editorial"}],"wp:featuredmedia":[{"embeddable":true,"href":"https:\/\/www.conradpuntademita.com\/es\/wp-json\/wp\/v2\/media\/5238"}],"wp:attachment":[{"href":"https:\/\/www.conradpuntademita.com\/es\/wp-json\/wp\/v2\/media?parent=5569"}],"wp:term":[{"taxonomy":"editorial_category","embeddable":true,"href":"https:\/\/www.conradpuntademita.com\/es\/wp-json\/wp\/v2\/editorial_category?post=5569"}],"curies":[{"name":"wp","href":"https:\/\/api.w.org\/{rel}","templated":true}]}}