{"id":6264,"date":"2023-07-14T01:13:28","date_gmt":"2023-07-14T01:13:28","guid":{"rendered":"https:\/\/www.conradpuntademita.com\/?post_type=editorial&#038;p=6264"},"modified":"2024-10-30T12:15:03","modified_gmt":"2024-10-30T12:15:03","slug":"verano-en-punta-de-mita-2","status":"publish","type":"editorial","link":"https:\/\/www.conradpuntademita.com\/es\/blog\/verano-en-punta-de-mita-2\/","title":{"rendered":"Edith la dama de la tortilla"},"content":{"rendered":"<section id=\"banner-block_411ec418977edd548bd0e7929522db16\" class=\"banner gradient-banner single-room\">\n  <div class=\"banner-wrapper\">\n          <img decoding=\"async\" src=\"https:\/\/cdn.conradpuntademita.com\/wp-content\/uploads\/2023\/07\/24050549\/Conrad-_StudioCaribe-DSC06358-scaled.webp\" alt=\"_Conrad _Estudio Caribe DSC06358\" class=\"banner__img banner__media\">\n      <\/div>\n\n      <div class=\"banner-content\">\n              <h2 class=\"banner-title heading1\">Edith la dama de la tortilla<\/h2>\n      \n              \n      \n<\/section>\n\n\n<section id=\"responsive-spacer-block_966e2ce78aa1c2502019f3c86ae99399\" class=\"responsive-spacer\">\n<\/section>\n<style>\n  #responsive-spacer-block_966e2ce78aa1c2502019f3c86ae99399 {\n    width: 100%;\n  }\n\n  #responsive-spacer-block_966e2ce78aa1c2502019f3c86ae99399 {\n    height: 38px;\n  }\n\n  @media (min-width: 769px) {\n    #responsive-spacer-block_966e2ce78aa1c2502019f3c86ae99399 {\n      height: 60px;\n    }\n  }\n\n  @media (min-width: 1201px) {\n    #responsive-spacer-block_966e2ce78aa1c2502019f3c86ae99399 {\n      height: 220px;\n    }\n  }\n\n  <\/style>\n\n\n<div class=\"wp-block-columns is-layout-flex wp-container-core-columns-is-layout-9d6595d7 wp-block-columns-is-layout-flex\">\n<div class=\"wp-block-column is-layout-flow wp-block-column-is-layout-flow\">\n<section class=\"wysiwig body-wrapper event-detail\" id=\"wysiwig-block_a5edd3b41933819c363d6b7115726a6d\">\n  <p>Si le preguntas a Edith c\u00f3mo hacer tortillas, es muy probable que te muestre una gran sonrisa y te muestre sus dos manos.<\/p>\n<p>\u201cMira\u201d, dice, levantando las dos palmas hacia el cielo, \u201cmis manos son tan suaves, est\u00e1n completamente lisas; es como un exfoliante natural, simplemente trabajando cada d\u00eda con tortillas\u201d.<\/p>\n<\/section><\/div>\n\n\n\n<div class=\"wp-block-column is-layout-flow wp-block-column-is-layout-flow\">\n<section class=\"wysiwig body-wrapper event-list\" id=\"wysiwig-block_164a3de323494d5d5be05ec2833d3aef\">\n  <p>Comience su d\u00eda en el restaurante \u00c1rbol, y encontrar\u00e1 a Edith la mayor\u00eda de los d\u00edas de la semana mientras elabora magistralmente exquisitas tortillas en la barra de tortillas, ubicada al aire libre.<\/p>\n<\/section><\/div>\n<\/div>\n\n\n<section id=\"responsive-spacer-block_607e94b126c92e7639b2c2c694d00306\" class=\"responsive-spacer\">\n<\/section>\n<style>\n  #responsive-spacer-block_607e94b126c92e7639b2c2c694d00306 {\n    width: 100%;\n  }\n\n  #responsive-spacer-block_607e94b126c92e7639b2c2c694d00306 {\n    height: 38px;\n  }\n\n  @media (min-width: 769px) {\n    #responsive-spacer-block_607e94b126c92e7639b2c2c694d00306 {\n      height: 60px;\n    }\n  }\n\n  @media (min-width: 1201px) {\n    #responsive-spacer-block_607e94b126c92e7639b2c2c694d00306 {\n      height: 84px;\n    }\n  }\n\n  <\/style>\n\n\n\t<section class=\"media-content body-wrapper align-center not-link\" id=\"banner-block_c6d001a49c6f61a1339e33fecbbe7309\">\n\t<div class=\"media-content__left\">\n\t\t\t\t\n\t\t\n\t\t\n\t\t\t\t<div class=\"media-content__text a-up a-delay-2\"><p>Criada en el estado mexicano de Guerrero, Edith cuenta historias de c\u00f3mo aprendi\u00f3 el oficio a los ocho a\u00f1os, cuando ella y su madre prensaban tortillas a mano.<\/p><\/div>\n\t\t\n\t\t\t<\/div>\n\n\t<div class=\"media-content__right hover-images a-up a-delay-2\">\n\t\t<span class=\"media-content__gradient media-content__gradient-left\"><\/span>\n\t\t<span class=\"media-content__gradient media-content__gradient-right\"><\/span>\n\t\t<span class=\"media-content__gradient media-content__gradient-top\"><\/span>\n\t\t<span class=\"media-content__gradient media-content__gradient-bottom\"><\/span>\n\t\t\t\t\t\t\t<img decoding=\"async\" width=\"1000\" height=\"1500\" src=\"https:\/\/cdn.conradpuntademita.com\/wp-content\/uploads\/2023\/07\/14014511\/edi-3.webp\" class=\"hover-image is-hovered\" alt=\"Estaci\u00f3n de chef al aire libre con planchas, vegetales frescos y coloridos y ollas hirviendo bajo grandes sombrillas de patio.\" loading=\"lazy\" srcset=\"https:\/\/cdn.conradpuntademita.com\/wp-content\/uploads\/2023\/07\/14014511\/edi-3.webp 1000w, https:\/\/cdn.conradpuntademita.com\/wp-content\/uploads\/2023\/07\/14014511\/edi-3-200x300.jpg 200w, https:\/\/cdn.conradpuntademita.com\/wp-content\/uploads\/2023\/07\/14014511\/edi-3-683x1024.jpg 683w, https:\/\/cdn.conradpuntademita.com\/wp-content\/uploads\/2023\/07\/14014511\/edi-3-768x1152.jpg 768w, https:\/\/cdn.conradpuntademita.com\/wp-content\/uploads\/2023\/07\/14014511\/edi-3-8x12.jpg 8w\" sizes=\"auto, (max-width: 1000px) 100vw, 1000px\" \/>\t\t\t\t\t<\/div>\n\n\t\t<\/section>\n\n\n<section id=\"responsive-spacer-block_64bbafdbbc1e4da0971fa4c7f9d55ebb\" class=\"responsive-spacer\">\n<\/section>\n<style>\n  #responsive-spacer-block_64bbafdbbc1e4da0971fa4c7f9d55ebb {\n    width: 100%;\n  }\n\n  #responsive-spacer-block_64bbafdbbc1e4da0971fa4c7f9d55ebb {\n    height: 38px;\n  }\n\n  @media (min-width: 769px) {\n    #responsive-spacer-block_64bbafdbbc1e4da0971fa4c7f9d55ebb {\n      height: 60px;\n    }\n  }\n\n  @media (min-width: 1201px) {\n    #responsive-spacer-block_64bbafdbbc1e4da0971fa4c7f9d55ebb {\n      height: 223px;\n    }\n  }\n\n  <\/style>\n\n\n<div class=\"wp-block-columns is-layout-flex wp-container-core-columns-is-layout-9d6595d7 wp-block-columns-is-layout-flex\">\n<div class=\"wp-block-column is-layout-flow wp-block-column-is-layout-flow\">\n<section class=\"wysiwig body-wrapper event-detail\" id=\"wysiwig-block_4cfaede5136353dd93c9fa0d7d9c9742\">\n  <p>En Acapulco, dice, todas las tortillas eran de ma\u00edz blanco, pero aqu\u00ed en \u00c1rbol, en Nayarit, muestra con orgullo ma\u00edces de todos los colores, desde rojos del tono del Cabernet, hasta morados, azules y blancos tradicionales que estallan de sabor en cada grano.<\/p>\n<p>El ma\u00edz, como ella misma te dir\u00e1, es mucho m\u00e1s que un cultivo b\u00e1sico para muchas personas en M\u00e9xico. Es una planta que da vida y una enorme fuente de orgullo, y cualquier agricultor que tenga ma\u00edz en su huerto est\u00e1 bendecido con una fortuna infinita.<\/p>\n<\/section><\/div>\n\n\n\n<div class=\"wp-block-column is-layout-flow wp-block-column-is-layout-flow\">\n<section class=\"wysiwig body-wrapper event-list\" id=\"wysiwig-block_fd0e3760d1fc9624721ba47c434229d9\">\n  <p>La mayor\u00eda de las comidas en M\u00e9xico, incluido el desayuno, incluyen tortillas de ma\u00edz que se usan para hacer sopes, empanadas, quesadillas o tacos, y como Edith te dir\u00e1 mientras amasas masa, o peque\u00f1as bolas redondas de masa, puedes saborear la diferencia, incluso sentirla, entre las tortillas hechas a mano y las que puedes encontrar en una tienda.<\/p>\n<\/section><\/div>\n<\/div>\n\n\n<section id=\"responsive-spacer-block_607e94b126c92e7639b2c2c694d00306\" class=\"responsive-spacer\">\n<\/section>\n<style>\n  #responsive-spacer-block_607e94b126c92e7639b2c2c694d00306 {\n    width: 100%;\n  }\n\n  #responsive-spacer-block_607e94b126c92e7639b2c2c694d00306 {\n    height: 38px;\n  }\n\n  @media (min-width: 769px) {\n    #responsive-spacer-block_607e94b126c92e7639b2c2c694d00306 {\n      height: 60px;\n    }\n  }\n\n  @media (min-width: 1201px) {\n    #responsive-spacer-block_607e94b126c92e7639b2c2c694d00306 {\n      height: 84px;\n    }\n  }\n\n  <\/style>\n\n\n\t<section class=\"media-content body-wrapper align-center not-link\" id=\"banner-block_d50a44d16c23971a08d0fd4967f24f1a\">\n\t<div class=\"media-content__left\">\n\t\t\t\t\n\t\t\n\t\t\n\t\t\t\t<div class=\"media-content__text a-up a-delay-2\"><p>\u00bfSu tipo de ma\u00edz favorito? El rojo, porque sabe a chocolate. <br><br>\r\n\u201cMuchas personas con las que hablo\u201d, explica, \u201cse sorprenden al saber que hay tantos tipos diferentes de tortillas y de ma\u00edz\u201d.\r\n<br><br>Todos est\u00e1n en exhibici\u00f3n en el bar al aire libre, donde puedes sentarte y observar c\u00f3mo Edith coloca bolas de masa dentro de una prensa de madera y las convierte en discos de forma perfecta para el desayuno matutino.<\/p><\/div>\n\t\t\n\t\t\t<\/div>\n\n\t<div class=\"media-content__right hover-images a-up a-delay-2\">\n\t\t<span class=\"media-content__gradient media-content__gradient-left\"><\/span>\n\t\t<span class=\"media-content__gradient media-content__gradient-right\"><\/span>\n\t\t<span class=\"media-content__gradient media-content__gradient-top\"><\/span>\n\t\t<span class=\"media-content__gradient media-content__gradient-bottom\"><\/span>\n\t\t\t\t\t\t\t<img decoding=\"async\" width=\"1080\" height=\"1920\" src=\"https:\/\/cdn.conradpuntademita.com\/wp-content\/uploads\/2023\/07\/14014456\/edith-and-tortilla.webp\" class=\"hover-image is-hovered\" alt=\"Chef preparando comida en el mostrador de comida.\" loading=\"lazy\" srcset=\"https:\/\/cdn.conradpuntademita.com\/wp-content\/uploads\/2023\/07\/14014456\/edith-and-tortilla.webp 1080w, https:\/\/cdn.conradpuntademita.com\/wp-content\/uploads\/2023\/07\/14014456\/edith-and-tortilla-169x300.jpg 169w, https:\/\/cdn.conradpuntademita.com\/wp-content\/uploads\/2023\/07\/14014456\/edith-and-tortilla-576x1024.jpg 576w, https:\/\/cdn.conradpuntademita.com\/wp-content\/uploads\/2023\/07\/14014456\/edith-and-tortilla-768x1365.jpg 768w, https:\/\/cdn.conradpuntademita.com\/wp-content\/uploads\/2023\/07\/14014456\/edith-and-tortilla-864x1536.jpg 864w, https:\/\/cdn.conradpuntademita.com\/wp-content\/uploads\/2023\/07\/14014456\/edith-and-tortilla-7x12.jpg 7w\" sizes=\"auto, (max-width: 1080px) 100vw, 1080px\" \/>\t\t\t\t\t<\/div>\n\n\t\t<\/section>\n\n\n<section id=\"responsive-spacer-block_64bbafdbbc1e4da0971fa4c7f9d55ebb\" class=\"responsive-spacer\">\n<\/section>\n<style>\n  #responsive-spacer-block_64bbafdbbc1e4da0971fa4c7f9d55ebb {\n    width: 100%;\n  }\n\n  #responsive-spacer-block_64bbafdbbc1e4da0971fa4c7f9d55ebb {\n    height: 38px;\n  }\n\n  @media (min-width: 769px) {\n    #responsive-spacer-block_64bbafdbbc1e4da0971fa4c7f9d55ebb {\n      height: 60px;\n    }\n  }\n\n  @media (min-width: 1201px) {\n    #responsive-spacer-block_64bbafdbbc1e4da0971fa4c7f9d55ebb {\n      height: 223px;\n    }\n  }\n\n  <\/style>\n\n\n<div class=\"wp-block-columns is-layout-flex wp-container-core-columns-is-layout-9d6595d7 wp-block-columns-is-layout-flex\">\n<div class=\"wp-block-column is-layout-flow wp-block-column-is-layout-flow\">\n<section class=\"wysiwig body-wrapper event-detail\" id=\"wysiwig-block_fe5f42f004708171d8acccd9cc66232d\">\n  <p>Edith se\u00f1ala que no hay nada artificial en las tortillas reci\u00e9n hechas a mano, s\u00f3lo un poco de agua y masa hecha de ma\u00edz, sin mantequilla, sin gluten, sin aceite.<\/p>\n<\/section><\/div>\n\n\n\n<div class=\"wp-block-column is-layout-flow wp-block-column-is-layout-flow\">\n<section class=\"wysiwig body-wrapper event-list\" id=\"wysiwig-block_3654ba4981580f22b4336b6b6e117d5c\">\n  <p>Y, aun con toda la alegr\u00eda que siente al presentarles a sus invitados comida reci\u00e9n hecha que es orgullosamente parte de su cultura, Edith tambi\u00e9n admite que hay una parte de su trabajo que quiz\u00e1s ama m\u00e1s:<\/p>\n<\/section><\/div>\n<\/div>\n\n\n<section id=\"responsive-spacer-block_607e94b126c92e7639b2c2c694d00306\" class=\"responsive-spacer\">\n<\/section>\n<style>\n  #responsive-spacer-block_607e94b126c92e7639b2c2c694d00306 {\n    width: 100%;\n  }\n\n  #responsive-spacer-block_607e94b126c92e7639b2c2c694d00306 {\n    height: 38px;\n  }\n\n  @media (min-width: 769px) {\n    #responsive-spacer-block_607e94b126c92e7639b2c2c694d00306 {\n      height: 60px;\n    }\n  }\n\n  @media (min-width: 1201px) {\n    #responsive-spacer-block_607e94b126c92e7639b2c2c694d00306 {\n      height: 84px;\n    }\n  }\n\n  <\/style>\n\n\n\t<section class=\"media-content body-wrapper align-center not-link\" id=\"banner-block_d1ec8b7f7285b636470d382a9a88b4d9\">\n\t<div class=\"media-content__left\">\n\t\t\t\t\n\t\t\n\t\t\n\t\t\t\t<div class=\"media-content__text a-up a-delay-2\"><p>\u201cLa vista\u201d, se r\u00ede mientras esboza otra sonrisa. \u201cEs dif\u00edcil superar el trabajo con una vista como esta, mirando directamente al mar\u201d.<br><br>\r\nEl restaurante \u00c1rbol est\u00e1 abierto todas las ma\u00f1anas de 7 a 11 a. m. y ofrece tortillas reci\u00e9n hechas a pedido, junto con un abundante desayuno buffet que toda la familia disfrutar\u00e1.<\/p><\/div>\n\t\t\n\t\t\t<\/div>\n\n\t<div class=\"media-content__right hover-images a-up a-delay-2\">\n\t\t<span class=\"media-content__gradient media-content__gradient-left\"><\/span>\n\t\t<span class=\"media-content__gradient media-content__gradient-right\"><\/span>\n\t\t<span class=\"media-content__gradient media-content__gradient-top\"><\/span>\n\t\t<span class=\"media-content__gradient media-content__gradient-bottom\"><\/span>\n\t\t\t\t\t\t\t<img decoding=\"async\" width=\"1426\" height=\"2000\" src=\"https:\/\/cdn.conradpuntademita.com\/wp-content\/uploads\/2023\/07\/24050858\/tortilla-2.webp\" class=\"hover-image is-hovered\" alt=\"tortilla\" loading=\"lazy\" srcset=\"https:\/\/cdn.conradpuntademita.com\/wp-content\/uploads\/2023\/07\/24050858\/tortilla-2.webp 1426w, https:\/\/cdn.conradpuntademita.com\/wp-content\/uploads\/2023\/07\/24050858\/tortilla-2-214x300.jpg 214w, https:\/\/cdn.conradpuntademita.com\/wp-content\/uploads\/2023\/07\/24050858\/tortilla-2-730x1024.jpg 730w, https:\/\/cdn.conradpuntademita.com\/wp-content\/uploads\/2023\/07\/24050858\/tortilla-2-768x1077.jpg 768w, https:\/\/cdn.conradpuntademita.com\/wp-content\/uploads\/2023\/07\/24050858\/tortilla-2-1095x1536.jpg 1095w, https:\/\/cdn.conradpuntademita.com\/wp-content\/uploads\/2023\/07\/24050858\/tortilla-2-9x12.jpg 9w, https:\/\/cdn.conradpuntademita.com\/wp-content\/uploads\/2023\/07\/24050858\/tortilla-2-400x560.jpg 400w\" sizes=\"auto, (max-width: 1426px) 100vw, 1426px\" \/>\t\t\t\t\t<\/div>\n\n\t\t<\/section>\n\n\n<section id=\"responsive-spacer-block_a40ee975d7702a3e1de0314423549164\" class=\"responsive-spacer\">\n<\/section>\n<style>\n  #responsive-spacer-block_a40ee975d7702a3e1de0314423549164 {\n    width: 100%;\n  }\n\n  #responsive-spacer-block_a40ee975d7702a3e1de0314423549164 {\n    height: 90px;\n  }\n\n  @media (min-width: 769px) {\n    #responsive-spacer-block_a40ee975d7702a3e1de0314423549164 {\n      height: 130px;\n    }\n  }\n\n  @media (min-width: 1201px) {\n    #responsive-spacer-block_a40ee975d7702a3e1de0314423549164 {\n      height: 90px;\n    }\n  }\n\n  <\/style>","protected":false},"excerpt":{"rendered":"<p>Comience su d\u00eda en el restaurante \u00c1rbol, y encontrar\u00e1 a Edith la mayor\u00eda de los d\u00edas de la semana mientras elabora magistralmente exquisitas tortillas en la barra de tortillas, ubicada al aire libre.<\/p>","protected":false},"featured_media":6286,"parent":0,"menu_order":0,"template":"","meta":{"_acf_changed":false,"inline_featured_image":false},"editorial_category":[79,77],"class_list":["post-6264","editorial","type-editorial","status-publish","has-post-thumbnail","hentry","editorial_category-dining","editorial_category-resort"],"acf":[],"publishpress_future_workflow_manual_trigger":{"enabledWorkflows":[]},"_links":{"self":[{"href":"https:\/\/www.conradpuntademita.com\/es\/wp-json\/wp\/v2\/editorial\/6264","targetHints":{"allow":["GET"]}}],"collection":[{"href":"https:\/\/www.conradpuntademita.com\/es\/wp-json\/wp\/v2\/editorial"}],"about":[{"href":"https:\/\/www.conradpuntademita.com\/es\/wp-json\/wp\/v2\/types\/editorial"}],"wp:featuredmedia":[{"embeddable":true,"href":"https:\/\/www.conradpuntademita.com\/es\/wp-json\/wp\/v2\/media\/6286"}],"wp:attachment":[{"href":"https:\/\/www.conradpuntademita.com\/es\/wp-json\/wp\/v2\/media?parent=6264"}],"wp:term":[{"taxonomy":"editorial_category","embeddable":true,"href":"https:\/\/www.conradpuntademita.com\/es\/wp-json\/wp\/v2\/editorial_category?post=6264"}],"curies":[{"name":"wp","href":"https:\/\/api.w.org\/{rel}","templated":true}]}}