{"id":9490,"date":"2024-01-28T14:47:15","date_gmt":"2024-01-28T14:47:15","guid":{"rendered":"https:\/\/www.conradpuntademita.com\/?post_type=editorial&#038;p=9490"},"modified":"2024-07-30T09:19:54","modified_gmt":"2024-07-30T09:19:54","slug":"guia-de-bodas","status":"publish","type":"editorial","link":"https:\/\/www.conradpuntademita.com\/es\/blog\/guia-de-bodas\/","title":{"rendered":"Gu\u00eda de bodas en un destino de ensue\u00f1o | Conrado Punta de Mita"},"content":{"rendered":"<section id=\"banner-block_a31d494f7f23f2f5ed67fec98682f596\" class=\"banner gradient-banner full-height-banner full-height single-room\">\n  <div class=\"banner-wrapper\">\n          <img decoding=\"async\" src=\"https:\/\/cdn.conradpuntademita.com\/wp-content\/uploads\/2024\/02\/07110044\/CPM-Small-Intimate-Weddings-63-2000x1333-1-e1721045633476.jpg\" alt=\"CPM Bodas peque\u00f1as + \u00edntimas 63 2000x1333\" class=\"banner__img banner__media\">\n      <\/div>\n\n      <div class=\"banner-content\">\n              <h1 class=\"banner-title heading1\">Planifica la boda de tus sue\u00f1os en Punta de Mita<\/h1>\n      \n              \n      \n<\/section>\n\n\n<section id=\"responsive-spacer-block_a1adc99379610d8a8c0319a52dc3a182\" class=\"responsive-spacer\">\n<\/section>\n<style>\n  #responsive-spacer-block_a1adc99379610d8a8c0319a52dc3a182 {\n    width: 100%;\n  }\n\n  #responsive-spacer-block_a1adc99379610d8a8c0319a52dc3a182 {\n    height: 38px;\n  }\n\n  @media (min-width: 769px) {\n    #responsive-spacer-block_a1adc99379610d8a8c0319a52dc3a182 {\n      height: 60px;\n    }\n  }\n\n  @media (min-width: 1201px) {\n    #responsive-spacer-block_a1adc99379610d8a8c0319a52dc3a182 {\n      height: 220px;\n    }\n  }\n\n  <\/style>\n\n\n\t<section class=\"media-content body-wrapper not-link\" id=\"banner-block_8cfa265ea7fb1785633784bc04ad2a9d\">\n\t<div class=\"media-content__left\">\n\t\t\t\t\n\t\t\n\t\t\n\t\t\t\t<div class=\"media-content__text a-up a-delay-2\"><p>Atardeceres seductores. Cocina suntuosa. Entorno sensacional: amigos, familiares y fuegos artificiales en la playa. Si esto es lo que imaginas al imaginar el camino de tus sue\u00f1os hacia el altar, nuestra gu\u00eda para planificar una boda ex\u00f3tica e inolvidable en la Riviera Nayarit de M\u00e9xico es para ti. Descubra todo lo que necesita saber para organizar el fin de semana de bodas, fiesta o incluso escapada perfecta en la exclusiva Punta de Mita de Riviera Nayarit. Tu camino hacia Felices para siempre comienza aqu\u00ed. <\/p><\/div>\n\t\t\n\t\t\t<\/div>\n\n\t<div class=\"media-content__right hover-images a-up a-delay-2\">\n\t\t<span class=\"media-content__gradient media-content__gradient-left\"><\/span>\n\t\t<span class=\"media-content__gradient media-content__gradient-right\"><\/span>\n\t\t<span class=\"media-content__gradient media-content__gradient-top\"><\/span>\n\t\t<span class=\"media-content__gradient media-content__gradient-bottom\"><\/span>\n\t\t\t\t\t\t\t<img decoding=\"async\" width=\"1080\" height=\"1350\" src=\"https:\/\/cdn.conradpuntademita.com\/wp-content\/uploads\/2023\/07\/20202616\/raeganbuckleyphoto_324538265_583861100232701_7488688406225655622_n-1.webp\" class=\"hover-image is-hovered\" alt=\"boda\" loading=\"lazy\" srcset=\"https:\/\/cdn.conradpuntademita.com\/wp-content\/uploads\/2023\/07\/20202616\/raeganbuckleyphoto_324538265_583861100232701_7488688406225655622_n-1.webp 1080w, https:\/\/cdn.conradpuntademita.com\/wp-content\/uploads\/2023\/07\/20202616\/raeganbuckleyphoto_324538265_583861100232701_7488688406225655622_n-1-240x300.jpg 240w, https:\/\/cdn.conradpuntademita.com\/wp-content\/uploads\/2023\/07\/20202616\/raeganbuckleyphoto_324538265_583861100232701_7488688406225655622_n-1-819x1024.jpg 819w, https:\/\/cdn.conradpuntademita.com\/wp-content\/uploads\/2023\/07\/20202616\/raeganbuckleyphoto_324538265_583861100232701_7488688406225655622_n-1-768x960.jpg 768w, https:\/\/cdn.conradpuntademita.com\/wp-content\/uploads\/2023\/07\/20202616\/raeganbuckleyphoto_324538265_583861100232701_7488688406225655622_n-1-10x12.jpg 10w, https:\/\/cdn.conradpuntademita.com\/wp-content\/uploads\/2023\/07\/20202616\/raeganbuckleyphoto_324538265_583861100232701_7488688406225655622_n-1-585x730.jpg 585w\" sizes=\"auto, (max-width: 1080px) 100vw, 1080px\" \/>\t\t\t\t\t<\/div>\n\n\t\t<\/section>\n\n\n\n<section class=\"wysiwig body-wrapper half-width\" id=\"wysiwig-block_9a4ac6efe6327fffe397a79328367242\">\n  <h2 style=\"text-align: center;\"><span style=\"font-weight: 400;\">Explorando la belleza de Punta de Mita para tu d\u00eda especial<\/span><\/h2>\n<p>&nbsp;<\/p>\n<p><span style=\"font-weight: 400;\">Situada en la costa occidental de Nayarit en M\u00e9xico, Punta de Mita es un destino exclusivo e \u00edntimo frente al mar, lo que lo convierte en un lugar ideal para celebraciones rom\u00e1nticas, especialmente bodas. Con su exuberante paisaje tropical, incre\u00edbles vistas del Oc\u00e9ano Pac\u00edfico y un ambiente acogedor y privado que separa la regi\u00f3n de los bulliciosos vecindarios cercanos en Puerto Vallarta, Punta de Mita ofrece un escape \u00fanico frente al mar para fiestas de bodas. <\/span><span style=\"font-weight: 400;\"><br \/>\n<\/span><span style=\"font-weight: 400;\"><br \/>\n<\/span><span style=\"font-weight: 400;\">Punta de Mita ofrece mucho m\u00e1s que un tel\u00f3n de fondo perfecto para su caminata hacia el altar. Su fiesta de bodas puede aprovechar una <\/span><a href=\"https:\/\/www.conradpuntademita.com\/es\/experiencias\/\"><span style=\"font-weight: 400;\">gran cantidad de actividades al aire libre, excursiones y excursiones de un d\u00eda<\/span><\/a><span style=\"font-weight: 400;\"> para explorar los cercanos Pueblos M\u00e1gicos (\u201cpueblos m\u00e1gicos\u201d) y las islas deshabitadas. Adem\u00e1s, los resorts de lujo como Conrad Punta de Mita ofrecen planificaci\u00f3n de eventos de servicio completo y est\u00e1n disponibles para crear itinerarios personalizados para usted y sus invitados, ya sea que desee experiencias exclusivas en el lugar, como degustaciones en nuestro Agave Studio y eventos privados. <\/span><a href=\"https:\/\/www.conradpuntademita.com\/es\/bienestar\/#temazcal\"><span style=\"font-weight: 400;\">ceremonias de temazcal<\/span><\/a><span style=\"font-weight: 400;\">, o excursiones fuera del sitio como torneos de golf, paseos en veh\u00edculos todo terreno o expediciones de avistamiento de ballenas.\u00a0<\/span><\/p>\n<p><span style=\"font-weight: 400;\">Lo mejor de todo es que llegar a la encantadora regi\u00f3n de Punta de Mita es m\u00e1s f\u00e1cil de lo que piensas. Ubicados a unas diez millas al norte de Puerto Vallarta, complejos tur\u00edsticos como Conrad Punta de Mita son <\/span><a href=\"https:\/\/www.conradpuntademita.com\/es\/llegar-aqui\/\"><span style=\"font-weight: 400;\">a poca distancia del Aeropuerto Internacional de Puerto Vallarta (PVR)<\/span><\/a><span style=\"font-weight: 400;\">, con c\u00f3modos traslados de lujo al aeropuerto disponibles para los invitados a su boda.\u00a0 <\/span><\/p>\n<\/section>\n\n\n\t<section class=\"media-content body-wrapper not-link\" id=\"banner-block_1471113df899626d6804d53bef57da0f\">\n\t<div class=\"media-content__left\">\n\t\t\t\t<h2 class=\"heading2 a-up\">\n\t\t\tDescubriendo los mejores lugares para celebrar bodas en Punta de Mita\t\t\t\t\t<\/h2>\n\t\t\t\t\n\t\t\n\t\t\n\t\t\t\t<div class=\"media-content__text a-up a-delay-2\"><p>Ya sea que desee una ceremonia \u00edntima frente al mar, una recepci\u00f3n \u00fanica en la playa o un gran baile en el sal\u00f3n, encontrar\u00e1 el espacio perfecto para su boda perfecta en Conrad Punta de Mita. Cada lugar ofrece un ambiente \u00fanico que captura las vibraciones ex\u00f3ticas de la costa de la Riviera Nayarit de M\u00e9xico y se puede personalizar con una decoraci\u00f3n que haga realidad la visi\u00f3n de su boda. <\/p><\/div>\n\t\t\n\t\t\t<\/div>\n\n\t<div class=\"media-content__right hover-images a-up a-delay-2\">\n\t\t<span class=\"media-content__gradient media-content__gradient-left\"><\/span>\n\t\t<span class=\"media-content__gradient media-content__gradient-right\"><\/span>\n\t\t<span class=\"media-content__gradient media-content__gradient-top\"><\/span>\n\t\t<span class=\"media-content__gradient media-content__gradient-bottom\"><\/span>\n\t\t\t\t\t\t\t<\/div>\n\n\t\t<\/section>\n\n\n\n\t<section class=\"media-content body-wrapper not-link\" id=\"banner-block_13cc9285f97de83c0242643edd124534\">\n\t<div class=\"media-content__left\">\n\t\t\t\t<h3 class=\"heading2 a-up\">\n\t\t\tRestaurante Codex y c\u00e9sped\t\t\t\t\t<\/h3>\n\t\t\t\t\n\t\t\n\t\t\n\t\t\t\t<div class=\"media-content__text a-up a-delay-2\"><p>Rodeado de exuberantes jardines y manglares protegidos, nuestro restaurante al aire libre ofrece un entorno apartado frente a la playa para una recepci\u00f3n o banquete con servicio completo. Reciba hasta 120 invitados para una cena mexicana de inspiraci\u00f3n local y baile bajo las estrellas.<\/p><\/div>\n\t\t\n\t\t\t<\/div>\n\n\t<div class=\"media-content__right hover-images a-up a-delay-2\">\n\t\t<span class=\"media-content__gradient media-content__gradient-left\"><\/span>\n\t\t<span class=\"media-content__gradient media-content__gradient-right\"><\/span>\n\t\t<span class=\"media-content__gradient media-content__gradient-top\"><\/span>\n\t\t<span class=\"media-content__gradient media-content__gradient-bottom\"><\/span>\n\t\t\t\t\t\t\t<img decoding=\"async\" width=\"2000\" height=\"1333\" src=\"https:\/\/cdn.conradpuntademita.com\/wp-content\/uploads\/2022\/05\/13120602\/DSC_7487.jpg\" class=\"hover-image is-hovered\" alt=\"Placa y vidrio en la mesa, silla y l\u00e1mpara con el fondo del jard\u00edn.\" loading=\"lazy\" srcset=\"https:\/\/cdn.conradpuntademita.com\/wp-content\/uploads\/2022\/05\/13120602\/DSC_7487.jpg 2000w, https:\/\/cdn.conradpuntademita.com\/wp-content\/uploads\/2022\/05\/13120602\/DSC_7487-300x200.jpg 300w, https:\/\/cdn.conradpuntademita.com\/wp-content\/uploads\/2022\/05\/13120602\/DSC_7487-1024x682.jpg 1024w, https:\/\/cdn.conradpuntademita.com\/wp-content\/uploads\/2022\/05\/13120602\/DSC_7487-768x512.jpg 768w, https:\/\/cdn.conradpuntademita.com\/wp-content\/uploads\/2022\/05\/13120602\/DSC_7487-1536x1024.jpg 1536w, https:\/\/cdn.conradpuntademita.com\/wp-content\/uploads\/2022\/05\/13120602\/DSC_7487-600x400.jpg 600w\" sizes=\"auto, (max-width: 2000px) 100vw, 2000px\" \/>\t\t\t\t\t<\/div>\n\n\t\t<\/section>\n\n\n\n\t<section class=\"media-content body-wrapper not-link\" id=\"banner-block_ea0d86b209f352ef74dd2391fe5d6472\">\n\t<div class=\"media-content__left\">\n\t\t\t\t<h3 class=\"heading2 a-up\">\n\t\t\tJard\u00edn Haramara\t\t\t\t\t<\/h3>\n\t\t\t\t\n\t\t\n\t\t\n\t\t\t\t<div class=\"media-content__text a-up a-delay-2\"><p>Enmarcado por imponentes palmeras y espectaculares vistas del Oc\u00e9ano Pac\u00edfico, nuestro exclusivo espacio al aire libre ofrece un lugar amplio y majestuoso para ceremonias y recepciones de bodas m\u00e1s grandes. Haga suyo el c\u00e9sped con una variedad de disposiciones para sentarse, que incluyen c\u00f3cteles o banquetes para hasta 700 invitados.<\/p><\/div>\n\t\t\n\t\t\t<\/div>\n\n\t<div class=\"media-content__right hover-images a-up a-delay-2\">\n\t\t<span class=\"media-content__gradient media-content__gradient-left\"><\/span>\n\t\t<span class=\"media-content__gradient media-content__gradient-right\"><\/span>\n\t\t<span class=\"media-content__gradient media-content__gradient-top\"><\/span>\n\t\t<span class=\"media-content__gradient media-content__gradient-bottom\"><\/span>\n\t\t\t\t\t\t\t<img decoding=\"async\" width=\"2000\" height=\"1333\" src=\"https:\/\/cdn.conradpuntademita.com\/wp-content\/uploads\/2022\/05\/20223048\/DSC_2838.webp\" class=\"hover-image is-hovered\" alt=\"boda\" loading=\"lazy\" srcset=\"https:\/\/cdn.conradpuntademita.com\/wp-content\/uploads\/2022\/05\/20223048\/DSC_2838.webp 2000w, https:\/\/cdn.conradpuntademita.com\/wp-content\/uploads\/2022\/05\/20223048\/DSC_2838-300x200.jpg 300w, https:\/\/cdn.conradpuntademita.com\/wp-content\/uploads\/2022\/05\/20223048\/DSC_2838-1024x682.jpg 1024w, https:\/\/cdn.conradpuntademita.com\/wp-content\/uploads\/2022\/05\/20223048\/DSC_2838-768x512.jpg 768w, https:\/\/cdn.conradpuntademita.com\/wp-content\/uploads\/2022\/05\/20223048\/DSC_2838-1536x1024.jpg 1536w, https:\/\/cdn.conradpuntademita.com\/wp-content\/uploads\/2022\/05\/20223048\/DSC_2838-18x12.jpg 18w, https:\/\/cdn.conradpuntademita.com\/wp-content\/uploads\/2022\/05\/20223048\/DSC_2838-600x400.jpg 600w\" sizes=\"auto, (max-width: 2000px) 100vw, 2000px\" \/>\t\t\t\t\t<\/div>\n\n\t\t<\/section>\n\n\n\n\t<section class=\"media-content body-wrapper not-link\" id=\"banner-block_20373fa3f7a92ee2205b41054da387e5\">\n\t<div class=\"media-content__left\">\n\t\t\t\t<h3 class=\"heading2 a-up\">\n\t\t\tc\u00e9sped tua\t\t\t\t\t<\/h3>\n\t\t\t\t\n\t\t\n\t\t\n\t\t\t\t<div class=\"media-content__text a-up a-delay-2\"><p>Para ceremonias y recepciones al aire libre m\u00e1s \u00edntimas, este espacio de c\u00e9sped flexible es ideal para celebraciones de bodas al atardecer. Con vistas perfectas al Oc\u00e9ano Pac\u00edfico y un paisaje tropical pero discreto, el Tua Lawn tiene capacidad para 50 invitados. <\/p><\/div>\n\t\t\n\t\t\t<\/div>\n\n\t<div class=\"media-content__right hover-images a-up a-delay-2\">\n\t\t<span class=\"media-content__gradient media-content__gradient-left\"><\/span>\n\t\t<span class=\"media-content__gradient media-content__gradient-right\"><\/span>\n\t\t<span class=\"media-content__gradient media-content__gradient-top\"><\/span>\n\t\t<span class=\"media-content__gradient media-content__gradient-bottom\"><\/span>\n\t\t\t\t\t\t\t<img decoding=\"async\" width=\"2000\" height=\"1333\" src=\"https:\/\/cdn.conradpuntademita.com\/wp-content\/uploads\/2024\/02\/14022914\/CPM-Small-Intimate-Weddings-tag-%40avesolphotography-%40delcaboevents-Conrad-119-2000x133-1.jpg\" class=\"hover-image is-hovered\" alt=\"Una impresionante configuraci\u00f3n de boda se coloca frente a un hermoso \u00e1rbol de flores rosas para la celebraci\u00f3n.\" loading=\"lazy\" srcset=\"https:\/\/cdn.conradpuntademita.com\/wp-content\/uploads\/2024\/02\/14022914\/CPM-Small-Intimate-Weddings-tag-%40avesolphotography-%40delcaboevents-Conrad-119-2000x133-1.jpg 2000w, https:\/\/cdn.conradpuntademita.com\/wp-content\/uploads\/2024\/02\/14022914\/CPM-Small-Intimate-Weddings-tag-%40avesolphotography-%40delcaboevents-Conrad-119-2000x133-1-300x200.jpg 300w, https:\/\/cdn.conradpuntademita.com\/wp-content\/uploads\/2024\/02\/14022914\/CPM-Small-Intimate-Weddings-tag-%40avesolphotography-%40delcaboevents-Conrad-119-2000x133-1-1024x682.jpg 1024w, https:\/\/cdn.conradpuntademita.com\/wp-content\/uploads\/2024\/02\/14022914\/CPM-Small-Intimate-Weddings-tag-%40avesolphotography-%40delcaboevents-Conrad-119-2000x133-1-768x512.jpg 768w, https:\/\/cdn.conradpuntademita.com\/wp-content\/uploads\/2024\/02\/14022914\/CPM-Small-Intimate-Weddings-tag-%40avesolphotography-%40delcaboevents-Conrad-119-2000x133-1-1536x1024.jpg 1536w, https:\/\/cdn.conradpuntademita.com\/wp-content\/uploads\/2024\/02\/14022914\/CPM-Small-Intimate-Weddings-tag-%40avesolphotography-%40delcaboevents-Conrad-119-2000x133-1-18x12.jpg 18w, https:\/\/cdn.conradpuntademita.com\/wp-content\/uploads\/2024\/02\/14022914\/CPM-Small-Intimate-Weddings-tag-%40avesolphotography-%40delcaboevents-Conrad-119-2000x133-1-600x400.jpg 600w\" sizes=\"auto, (max-width: 2000px) 100vw, 2000px\" \/>\t\t\t\t\t<\/div>\n\n\t\t<\/section>\n\n\n\n\t<section class=\"media-content body-wrapper not-link\" id=\"banner-block_5333eea50e322946ddce9f130cd6cd69\">\n\t<div class=\"media-content__left\">\n\t\t\t\t<h3 class=\"heading2 a-up\">\n\t\t\tPlaya y c\u00e9sped de Mezquite\t\t\t\t\t<\/h3>\n\t\t\t\t\n\t\t\n\t\t\n\t\t\t\t<div class=\"media-content__text a-up a-delay-2\"><p>Un lugar de playa por excelencia para ceremonias de boda y celebraciones de cualquier tama\u00f1o, este espacio es ideal para parejas que buscan un entorno arenoso y ba\u00f1ado por el sol para intercambiar votos. Un c\u00e9sped adyacente permite un entorno al aire libre \u00fanico que puede personalizarse a su manera y acomodar hasta 650 invitados.<\/p><\/div>\n\t\t\n\t\t\t<\/div>\n\n\t<div class=\"media-content__right hover-images a-up a-delay-2\">\n\t\t<span class=\"media-content__gradient media-content__gradient-left\"><\/span>\n\t\t<span class=\"media-content__gradient media-content__gradient-right\"><\/span>\n\t\t<span class=\"media-content__gradient media-content__gradient-top\"><\/span>\n\t\t<span class=\"media-content__gradient media-content__gradient-bottom\"><\/span>\n\t\t\t\t\t\t\t<img decoding=\"async\" width=\"2560\" height=\"1706\" src=\"https:\/\/cdn.conradpuntademita.com\/wp-content\/uploads\/2023\/07\/20203005\/Conrad-Punta-de-Mita-All-White-Wedding-Reception-Mezquite-Beach-scaled.jpg\" class=\"hover-image is-hovered\" alt=\"El c\u00e9sped de la boda adornado con flores blancas, creando un ambiente m\u00e1gico de boda.\" loading=\"lazy\" srcset=\"https:\/\/cdn.conradpuntademita.com\/wp-content\/uploads\/2023\/07\/20203005\/Conrad-Punta-de-Mita-All-White-Wedding-Reception-Mezquite-Beach-scaled.jpg 2560w, https:\/\/cdn.conradpuntademita.com\/wp-content\/uploads\/2023\/07\/20203005\/Conrad-Punta-de-Mita-All-White-Wedding-Reception-Mezquite-Beach-300x200.jpg 300w, https:\/\/cdn.conradpuntademita.com\/wp-content\/uploads\/2023\/07\/20203005\/Conrad-Punta-de-Mita-All-White-Wedding-Reception-Mezquite-Beach-1024x683.jpg 1024w, https:\/\/cdn.conradpuntademita.com\/wp-content\/uploads\/2023\/07\/20203005\/Conrad-Punta-de-Mita-All-White-Wedding-Reception-Mezquite-Beach-768x512.jpg 768w, https:\/\/cdn.conradpuntademita.com\/wp-content\/uploads\/2023\/07\/20203005\/Conrad-Punta-de-Mita-All-White-Wedding-Reception-Mezquite-Beach-1536x1024.jpg 1536w, https:\/\/cdn.conradpuntademita.com\/wp-content\/uploads\/2023\/07\/20203005\/Conrad-Punta-de-Mita-All-White-Wedding-Reception-Mezquite-Beach-2048x1365.jpg 2048w, https:\/\/cdn.conradpuntademita.com\/wp-content\/uploads\/2023\/07\/20203005\/Conrad-Punta-de-Mita-All-White-Wedding-Reception-Mezquite-Beach-18x12.jpg 18w, https:\/\/cdn.conradpuntademita.com\/wp-content\/uploads\/2023\/07\/20203005\/Conrad-Punta-de-Mita-All-White-Wedding-Reception-Mezquite-Beach-600x400.jpg 600w\" sizes=\"auto, (max-width: 2560px) 100vw, 2560px\" \/>\t\t\t\t\t<\/div>\n\n\t\t<\/section>\n\n\n\n\t<section class=\"media-content body-wrapper not-link\" id=\"banner-block_972ea34e56e9a135186b49047f1a370f\">\n\t<div class=\"media-content__left\">\n\t\t\t\t<h3 class=\"heading2 a-up\">\n\t\t\tSal\u00f3n Tukipa\t\t\t\t\t<\/h3>\n\t\t\t\t\n\t\t\n\t\t\n\t\t\t\t<div class=\"media-content__text a-up a-delay-2\"><p>Elegante, elegante y el sal\u00f3n de baile m\u00e1s grande de la regi\u00f3n de Punta de Mita con casi 10,000 pies cuadrados, este ic\u00f3nico espacio interior ofrece lo \u00faltimo en flexibilidad y puede transformarse para satisfacer su visi\u00f3n creativa \u00fanica. Aproveche el espacio completo del sal\u00f3n de baile con capacidad para 600 invitados u opte por una secci\u00f3n m\u00e1s peque\u00f1a para organizar un banquete o recepci\u00f3n de bodas igualmente impresionante. <\/p><\/div>\n\t\t\n\t\t\t<\/div>\n\n\t<div class=\"media-content__right hover-images a-up a-delay-2\">\n\t\t<span class=\"media-content__gradient media-content__gradient-left\"><\/span>\n\t\t<span class=\"media-content__gradient media-content__gradient-right\"><\/span>\n\t\t<span class=\"media-content__gradient media-content__gradient-top\"><\/span>\n\t\t<span class=\"media-content__gradient media-content__gradient-bottom\"><\/span>\n\t\t\t\t\t\t\t<img decoding=\"async\" width=\"2000\" height=\"1333\" src=\"https:\/\/cdn.conradpuntademita.com\/wp-content\/uploads\/2022\/04\/20224444\/DSC_2053.webp\" class=\"hover-image is-hovered\" alt=\"Una mesa de comedor adornada con grandes flores blancas y velas, perfecta para una celebraci\u00f3n.\" loading=\"lazy\" srcset=\"https:\/\/cdn.conradpuntademita.com\/wp-content\/uploads\/2022\/04\/20224444\/DSC_2053.webp 2000w, https:\/\/cdn.conradpuntademita.com\/wp-content\/uploads\/2022\/04\/20224444\/DSC_2053-300x200.jpg 300w, https:\/\/cdn.conradpuntademita.com\/wp-content\/uploads\/2022\/04\/20224444\/DSC_2053-1024x682.jpg 1024w, https:\/\/cdn.conradpuntademita.com\/wp-content\/uploads\/2022\/04\/20224444\/DSC_2053-768x512.jpg 768w, https:\/\/cdn.conradpuntademita.com\/wp-content\/uploads\/2022\/04\/20224444\/DSC_2053-1536x1024.jpg 1536w, https:\/\/cdn.conradpuntademita.com\/wp-content\/uploads\/2022\/04\/20224444\/DSC_2053-18x12.jpg 18w, https:\/\/cdn.conradpuntademita.com\/wp-content\/uploads\/2022\/04\/20224444\/DSC_2053-600x400.jpg 600w\" sizes=\"auto, (max-width: 2000px) 100vw, 2000px\" \/>\t\t\t\t\t<\/div>\n\n\t\t<\/section>\n\n\n\n\t<section class=\"media-content body-wrapper not-link\" id=\"banner-block_acc2c2da4c97d4c312d7874a0eb8ca6d\">\n\t<div class=\"media-content__left\">\n\t\t\t\t<h3 class=\"heading2 a-up\">\n\t\t\tFuga y lugares \u00edntimos\t\t\t\t\t<\/h3>\n\t\t\t\t\n\t\t\n\t\t\n\t\t\t\t<div class=\"media-content__text a-up a-delay-2\"><p>Para un d\u00eda especial m\u00e1s apartado, Conrad Punta de Mita ofrece una variedad de espacios m\u00e1s peque\u00f1os pero impresionantes para bodas y escapadas \u00edntimas. Celebre con hasta diez invitados en el balc\u00f3n de una suite con vista al mar con incre\u00edbles vistas a la playa como tel\u00f3n de fondo y un comedor con clima controlado para su banquete. O elija la rom\u00e1ntica privacidad del Tui Garden, un acogedor espacio al aire libre con vista al mar que puede albergar hasta diez invitados para ceremonias y recepciones en un solo espacio. <\/p><\/div>\n\t\t\n\t\t\t<\/div>\n\n\t<div class=\"media-content__right hover-images a-up a-delay-2\">\n\t\t<span class=\"media-content__gradient media-content__gradient-left\"><\/span>\n\t\t<span class=\"media-content__gradient media-content__gradient-right\"><\/span>\n\t\t<span class=\"media-content__gradient media-content__gradient-top\"><\/span>\n\t\t<span class=\"media-content__gradient media-content__gradient-bottom\"><\/span>\n\t\t\t\t\t\t\t<img decoding=\"async\" width=\"2000\" height=\"1331\" src=\"https:\/\/cdn.conradpuntademita.com\/wp-content\/uploads\/2024\/02\/07105454\/CPM-Small-Intimate-Weddings-23-2000x1333-1.jpg\" class=\"hover-image is-hovered\" alt=\"Una configuraci\u00f3n de boda incluye dos jarrones de flores largos en la playa, mostrando una impresionante vista al mar.\" loading=\"lazy\" srcset=\"https:\/\/cdn.conradpuntademita.com\/wp-content\/uploads\/2024\/02\/07105454\/CPM-Small-Intimate-Weddings-23-2000x1333-1.jpg 2000w, https:\/\/cdn.conradpuntademita.com\/wp-content\/uploads\/2024\/02\/07105454\/CPM-Small-Intimate-Weddings-23-2000x1333-1-300x200.jpg 300w, https:\/\/cdn.conradpuntademita.com\/wp-content\/uploads\/2024\/02\/07105454\/CPM-Small-Intimate-Weddings-23-2000x1333-1-1024x681.jpg 1024w, https:\/\/cdn.conradpuntademita.com\/wp-content\/uploads\/2024\/02\/07105454\/CPM-Small-Intimate-Weddings-23-2000x1333-1-768x511.jpg 768w, https:\/\/cdn.conradpuntademita.com\/wp-content\/uploads\/2024\/02\/07105454\/CPM-Small-Intimate-Weddings-23-2000x1333-1-1536x1022.jpg 1536w, https:\/\/cdn.conradpuntademita.com\/wp-content\/uploads\/2024\/02\/07105454\/CPM-Small-Intimate-Weddings-23-2000x1333-1-18x12.jpg 18w, https:\/\/cdn.conradpuntademita.com\/wp-content\/uploads\/2024\/02\/07105454\/CPM-Small-Intimate-Weddings-23-2000x1333-1-600x400.jpg 600w\" sizes=\"auto, (max-width: 2000px) 100vw, 2000px\" \/>\t\t\t\t\t<\/div>\n\n\t\t<\/section>\n\n\n\n<div class=\"wp-block-columns is-layout-flex wp-container-core-columns-is-layout-9d6595d7 wp-block-columns-is-layout-flex\">\n<div class=\"wp-block-column is-layout-flow wp-block-column-is-layout-flow\"><\/div>\n<\/div>\n\n\n\n<h2 class=\"wp-block-heading has-text-align-center\"><strong>Consejos de expertos para planificar su boda en Punta de Mita<\/strong><\/h2>\n\n\n<section id=\"responsive-spacer-block_1905502f0f15faeb07f555dd454cb778\" class=\"responsive-spacer\">\n<\/section>\n<style>\n  #responsive-spacer-block_1905502f0f15faeb07f555dd454cb778 {\n    width: 100%;\n  }\n\n  #responsive-spacer-block_1905502f0f15faeb07f555dd454cb778 {\n    height: 38px;\n  }\n\n  @media (min-width: 769px) {\n    #responsive-spacer-block_1905502f0f15faeb07f555dd454cb778 {\n      height: 60px;\n    }\n  }\n\n  @media (min-width: 1201px) {\n    #responsive-spacer-block_1905502f0f15faeb07f555dd454cb778 {\n      height: 150px;\n    }\n  }\n\n  <\/style>\n\n\n<div class=\"wp-block-columns is-layout-flex wp-container-core-columns-is-layout-9d6595d7 wp-block-columns-is-layout-flex\">\n<div class=\"wp-block-column is-layout-flow wp-block-column-is-layout-flow\">\n<section class=\"wysiwig body-wrapper half-width\" id=\"wysiwig-block_88055860ae97f057f37bf3e6973602fb\">\n  <p><span style=\"font-weight: 400;\">Reunir a amigos y familiares para una celebraci\u00f3n de boda inolvidable en un lugar tropical como la Riviera Nayarit de M\u00e9xico es m\u00e1s f\u00e1cil de lo que imagina. Cuando elija organizar su ocasi\u00f3n especial en Conrad Punta de Mita, tendr\u00e1 a su servicio las habilidades de planificadores de bodas entusiastas y experimentados, desde men\u00fas de degustaci\u00f3n y selecci\u00f3n de proveedores locales hasta la coordinaci\u00f3n del d\u00eda y el desarrollo del itinerario posterior a la fiesta de boda.<\/span><\/p>\n<\/section><\/div>\n\n\n\n<div class=\"wp-block-column is-layout-flow wp-block-column-is-layout-flow\">\n<section class=\"wysiwig body-wrapper half-width\" id=\"wysiwig-block_f8ee38520ce1b1d36f1d3e8c5f2952e7\">\n  <p><span style=\"font-weight: 400;\">Los coordinadores de bodas de Conrad Punta de Mita te ayudar\u00e1n con:<\/span><\/p>\n<ul>\n<li style=\"font-weight: 400;\" aria-level=\"1\"><span style=\"font-weight: 400;\">Planificaci\u00f3n del presupuesto de la boda<\/span><\/li>\n<li style=\"font-weight: 400;\" aria-level=\"1\"><span style=\"font-weight: 400;\">Asegurar <\/span><a href=\"https:\/\/www.conradpuntademita.com\/es\/habitaciones\/\"><span style=\"font-weight: 400;\">alojamiento de lujo<\/span><\/a><span style=\"font-weight: 400;\"> y bloques de habitaciones con tarifas especiales<\/span><\/li>\n<li style=\"font-weight: 400;\" aria-level=\"1\"><span style=\"font-weight: 400;\">Coordinaci\u00f3n de traslados al aeropuerto y servicio de valet parking para hu\u00e9spedes locales y de fuera de la ciudad.<\/span><\/li>\n<li style=\"font-weight: 400;\" aria-level=\"1\"><span style=\"font-weight: 400;\">Dise\u00f1ar itinerarios personalizados para su fiesta nupcial y los invitados en general para <\/span><a href=\"https:\/\/www.conradpuntademita.com\/es\/riviera-nayarit\/\"><span style=\"font-weight: 400;\">explorar Riviera Nayarit<\/span><\/a><span style=\"font-weight: 400;\">, atracciones locales en Punta de Mita e incluso experiencias y actividades privadas en el resort<\/span><\/li>\n<li style=\"font-weight: 400;\" aria-level=\"1\"><span style=\"font-weight: 400;\">Servir de enlace con proveedores locales para reservar arreglos florales, decoraci\u00f3n personalizada, entretenimiento con banda en vivo o DJ, o cualquier mejora adicional que solicite.<\/span><\/li>\n<li style=\"font-weight: 400;\" aria-level=\"1\"><span style=\"font-weight: 400;\">Elaborando tu <\/span><a href=\"https:\/\/www.conradpuntademita.com\/es\/restaurantes-bares\/\"><span style=\"font-weight: 400;\">men\u00fa ideal<\/span><\/a><span style=\"font-weight: 400;\">, incluido el dise\u00f1o de un c\u00f3ctel exclusivo.<\/span><\/li>\n<li style=\"font-weight: 400;\" aria-level=\"1\"><span style=\"font-weight: 400;\">Organizar mejoras \u00fanicas, como fuegos artificiales, un arco de boda personalizado e iluminaci\u00f3n y audiovisuales encantadores.\u00a0<\/span><\/li>\n<li style=\"font-weight: 400;\" aria-level=\"1\"><span style=\"font-weight: 400;\">Reserva de tratamientos de belleza y bienestar en su suite o en el hotel <\/span><a href=\"https:\/\/www.conradpuntademita.com\/es\/bienestar\/\"><span style=\"font-weight: 400;\">spa y sal\u00f3n de lujo<\/span><\/a><\/li>\n<li style=\"font-weight: 400;\" aria-level=\"1\"><span style=\"font-weight: 400;\">Manejando los detalles de su gran d\u00eda, con un coordinador en el lugar para gestionar de manera experta el flujo de su ceremonia y recepci\u00f3n de manera oportuna, amigable y profesional.<\/span><\/li>\n<li style=\"font-weight: 400;\" aria-level=\"1\"><span style=\"font-weight: 400;\">Organizar celebraciones previas y posteriores a la boda, incluidas despedidas de soltera, despedidas de soltero y soltera, cenas de ensayo y brunch.<\/span><\/li>\n<\/ul>\n<\/section><\/div>\n<\/div>\n\n\n<section id=\"responsive-spacer-block_a1adc99379610d8a8c0319a52dc3a182\" class=\"responsive-spacer\">\n<\/section>\n<style>\n  #responsive-spacer-block_a1adc99379610d8a8c0319a52dc3a182 {\n    width: 100%;\n  }\n\n  #responsive-spacer-block_a1adc99379610d8a8c0319a52dc3a182 {\n    height: 38px;\n  }\n\n  @media (min-width: 769px) {\n    #responsive-spacer-block_a1adc99379610d8a8c0319a52dc3a182 {\n      height: 60px;\n    }\n  }\n\n  @media (min-width: 1201px) {\n    #responsive-spacer-block_a1adc99379610d8a8c0319a52dc3a182 {\n      height: 220px;\n    }\n  }\n\n  <\/style>\n\n\n\t<section class=\"media-content body-wrapper not-link\" id=\"banner-block_84e6c007db9004351c8a989c37a67776\">\n\t<div class=\"media-content__left\">\n\t\t\t\t\n\t\t\n\t\t\n\t\t\t\t<div class=\"media-content__text a-up a-delay-2\"><p>Intercambiar \u201cS\u00ed, quiero\u201d en un lugar de playa ex\u00f3tico como Punta de Mita, un destino apartado en la costa occidental de M\u00e9xico, est\u00e1 a nuestro alcance. Comienza a planificar tu boda en Riviera Nayarit en el impecable resort spa Conrad Punta de Mita poni\u00e9ndote en contacto con nosotros.  <\/p><\/div>\n\t\t\n\t\t\t<\/div>\n\n\t<div class=\"media-content__right hover-images a-up a-delay-2\">\n\t\t<span class=\"media-content__gradient media-content__gradient-left\"><\/span>\n\t\t<span class=\"media-content__gradient media-content__gradient-right\"><\/span>\n\t\t<span class=\"media-content__gradient media-content__gradient-top\"><\/span>\n\t\t<span class=\"media-content__gradient media-content__gradient-bottom\"><\/span>\n\t\t\t\t\t\t\t<img decoding=\"async\" width=\"2000\" height=\"1331\" src=\"https:\/\/cdn.conradpuntademita.com\/wp-content\/uploads\/2024\/02\/07105454\/CPM-Small-Intimate-Weddings-23-2000x1333-1.jpg\" class=\"hover-image is-hovered\" alt=\"Una configuraci\u00f3n de boda incluye dos jarrones de flores largos en la playa, mostrando una impresionante vista al mar.\" loading=\"lazy\" srcset=\"https:\/\/cdn.conradpuntademita.com\/wp-content\/uploads\/2024\/02\/07105454\/CPM-Small-Intimate-Weddings-23-2000x1333-1.jpg 2000w, https:\/\/cdn.conradpuntademita.com\/wp-content\/uploads\/2024\/02\/07105454\/CPM-Small-Intimate-Weddings-23-2000x1333-1-300x200.jpg 300w, https:\/\/cdn.conradpuntademita.com\/wp-content\/uploads\/2024\/02\/07105454\/CPM-Small-Intimate-Weddings-23-2000x1333-1-1024x681.jpg 1024w, https:\/\/cdn.conradpuntademita.com\/wp-content\/uploads\/2024\/02\/07105454\/CPM-Small-Intimate-Weddings-23-2000x1333-1-768x511.jpg 768w, https:\/\/cdn.conradpuntademita.com\/wp-content\/uploads\/2024\/02\/07105454\/CPM-Small-Intimate-Weddings-23-2000x1333-1-1536x1022.jpg 1536w, https:\/\/cdn.conradpuntademita.com\/wp-content\/uploads\/2024\/02\/07105454\/CPM-Small-Intimate-Weddings-23-2000x1333-1-18x12.jpg 18w, https:\/\/cdn.conradpuntademita.com\/wp-content\/uploads\/2024\/02\/07105454\/CPM-Small-Intimate-Weddings-23-2000x1333-1-600x400.jpg 600w\" sizes=\"auto, (max-width: 2000px) 100vw, 2000px\" \/>\t\t\t\t\t<\/div>\n\n\t\t<\/section>","protected":false},"excerpt":{"rendered":"<p>Explora la belleza de Punta de Mita para tu boda. Nuestra gu\u00eda incluye los mejores lugares, consejos de expertos e impresionantes ideas para bodas en la playa para que su d\u00eda sea inolvidable.<\/p>","protected":false},"featured_media":7570,"parent":0,"menu_order":0,"template":"","meta":{"_acf_changed":true,"inline_featured_image":false},"editorial_category":[],"class_list":["post-9490","editorial","type-editorial","status-publish","has-post-thumbnail","hentry"],"acf":[],"publishpress_future_workflow_manual_trigger":{"enabledWorkflows":[]},"_links":{"self":[{"href":"https:\/\/www.conradpuntademita.com\/es\/wp-json\/wp\/v2\/editorial\/9490","targetHints":{"allow":["GET"]}}],"collection":[{"href":"https:\/\/www.conradpuntademita.com\/es\/wp-json\/wp\/v2\/editorial"}],"about":[{"href":"https:\/\/www.conradpuntademita.com\/es\/wp-json\/wp\/v2\/types\/editorial"}],"wp:featuredmedia":[{"embeddable":true,"href":"https:\/\/www.conradpuntademita.com\/es\/wp-json\/wp\/v2\/media\/7570"}],"wp:attachment":[{"href":"https:\/\/www.conradpuntademita.com\/es\/wp-json\/wp\/v2\/media?parent=9490"}],"wp:term":[{"taxonomy":"editorial_category","embeddable":true,"href":"https:\/\/www.conradpuntademita.com\/es\/wp-json\/wp\/v2\/editorial_category?post=9490"}],"curies":[{"name":"wp","href":"https:\/\/api.w.org\/{rel}","templated":true}]}}