{"id":9532,"date":"2023-10-17T17:58:00","date_gmt":"2023-10-17T17:58:00","guid":{"rendered":"https:\/\/www.conradpuntademita.com\/?post_type=editorial&#038;p=9532"},"modified":"2024-06-18T00:47:27","modified_gmt":"2024-06-18T00:47:27","slug":"actividades-de-invierno","status":"publish","type":"editorial","link":"https:\/\/www.conradpuntademita.com\/es\/blog\/actividades-de-invierno\/","title":{"rendered":"Abraza la magia del invierno en Conrad Punta de Mita"},"content":{"rendered":"<section id=\"banner-block_0fee2a90422e1b31ea2cff16d2511348\" class=\"banner gradient-banner single-room\">\n  <div class=\"banner-wrapper\">\n          <img decoding=\"async\" src=\"https:\/\/cdn.conradpuntademita.com\/wp-content\/uploads\/2023\/03\/23205907\/ConradPuntaMita-Spherical-JoeThomas-022022-4-Beach.webp\" alt=\"ConradPuntaMita-Spherical-JoeThomas-022022-4-Beach\" class=\"banner__img banner__media\">\n      <\/div>\n\n            <div class=\"banner-logo a-op a-delay-2\">\n        <div class=\"banner-logo--wrapper\">\n                      <span class=\"banner-logo__heading heading2 small white\">Abraza la magia del invierno en Conrad Punta de Mita<\/span>\n          \n                  <\/div>\n      <\/div>\n\n    \n  \n      \n<\/section>\n\n\n<section id=\"responsive-spacer-block_0f007572d81e3d7049e7c50e909f326b\" class=\"responsive-spacer\">\n<\/section>\n<style>\n  #responsive-spacer-block_0f007572d81e3d7049e7c50e909f326b {\n    width: 100%;\n  }\n\n  #responsive-spacer-block_0f007572d81e3d7049e7c50e909f326b {\n    height: 38px;\n  }\n\n  @media (min-width: 769px) {\n    #responsive-spacer-block_0f007572d81e3d7049e7c50e909f326b {\n      height: 60px;\n    }\n  }\n\n  @media (min-width: 1201px) {\n    #responsive-spacer-block_0f007572d81e3d7049e7c50e909f326b {\n      height: 60px;\n    }\n  }\n\n  <\/style>\n\n\n<div class=\"wp-block-columns is-layout-flex wp-container-core-columns-is-layout-9d6595d7 wp-block-columns-is-layout-flex\">\n<div class=\"wp-block-column is-layout-flow wp-block-column-is-layout-flow\">\n<section class=\"wysiwig body-wrapper event-detail\" id=\"wysiwig-block_fe1b51aa595bcb836d1ffd1b4107f503\">\n  <p><span style=\"font-weight: 400;\">A medida que el invierno despliega su abrazo helado en muchas partes del mundo, Conrad Punta de Mita est\u00e1 listo para brindar un c\u00e1lido santuario, donde la jungla se encuentra con el mar.<\/span><\/p>\n<\/section><\/div>\n\n\n\n<div class=\"wp-block-column is-layout-flow wp-block-column-is-layout-flow\">\n<section class=\"wysiwig body-wrapper event-list\" id=\"wysiwig-block_28fd61b623a42e36a5cb7d966b45957a\">\n  <p><span style=\"font-weight: 400;\">Convenientemente accesible con vuelos r\u00e1pidos y sin escalas a Puerto Vallarta desde ciudades como Denver, Chicago, Portland, Seattle, Toronto y Vancouver, el viaje al para\u00edso nunca est\u00e1 lejos. Escondido en el coraz\u00f3n de la Riviera Nayarit, este lujoso para\u00edso invita a los viajeros a intercambiar copos de nieve por sol y embarcarse en un retiro invernal inolvidable.<\/span><\/p>\n<\/section><\/div>\n<\/div>\n\n\n<section id=\"responsive-spacer-block_0f007572d81e3d7049e7c50e909f326b\" class=\"responsive-spacer\">\n<\/section>\n<style>\n  #responsive-spacer-block_0f007572d81e3d7049e7c50e909f326b {\n    width: 100%;\n  }\n\n  #responsive-spacer-block_0f007572d81e3d7049e7c50e909f326b {\n    height: 38px;\n  }\n\n  @media (min-width: 769px) {\n    #responsive-spacer-block_0f007572d81e3d7049e7c50e909f326b {\n      height: 60px;\n    }\n  }\n\n  @media (min-width: 1201px) {\n    #responsive-spacer-block_0f007572d81e3d7049e7c50e909f326b {\n      height: 60px;\n    }\n  }\n\n  <\/style>\n\n\n\t<section class=\"media-content body-wrapper align-left not-link\" id=\"banner-block_5d895d589c324264d4b1d441fffe8303\">\n\t<div class=\"media-content__left\">\n\t\t\t\t<h2 class=\"heading2 a-up\">\n\t\t\tSerenidad junto al mar\t\t\t\t\t<\/h2>\n\t\t\t\t\n\t\t\n\t\t\n\t\t\t\t<div class=\"media-content__text a-up a-delay-2\"><p>Disfrute del encanto de las playas v\u00edrgenes de Conrad Punta de Mita, donde las suaves arenas doradas y las r\u00edtmicas olas del Pac\u00edfico preparan el escenario para una variedad de actividades frente a la playa, desde tranquilos paseos hasta emocionantes deportes acu\u00e1ticos. Experimente una hospitalidad personalizada con su conserje personal de Conrad, su \u201ccompadre\u201d local, que refina su experiencia en el resort para una estad\u00eda inolvidable. Antes de su llegada, su compadre captura preferencias y confirma solicitudes especiales, seleccionando experiencias enriquecedoras que encarnan la esencia del destino, desde degustaciones personalizadas de agave hasta ahumados junto a la playa y alquiler de yates privados.<\/p><\/div>\n\t\t\n\t\t\t<\/div>\n\n\t<div class=\"media-content__right hover-images a-up a-delay-2\">\n\t\t<span class=\"media-content__gradient media-content__gradient-left\"><\/span>\n\t\t<span class=\"media-content__gradient media-content__gradient-right\"><\/span>\n\t\t<span class=\"media-content__gradient media-content__gradient-top\"><\/span>\n\t\t<span class=\"media-content__gradient media-content__gradient-bottom\"><\/span>\n\t\t\t\t\t\t\t<img decoding=\"async\" width=\"2560\" height=\"1707\" src=\"https:\/\/cdn.conradpuntademita.com\/wp-content\/uploads\/2023\/08\/23204929\/ConradPuntadeMita_CompadreButler-scaled.webp\" class=\"hover-image is-hovered\" alt=\"Pareja relaj\u00e1ndose en el jacuzzi de la azotea al atardecer mientras el camarero trae champ\u00e1n, con vistas al oc\u00e9ano.\" loading=\"lazy\" srcset=\"https:\/\/cdn.conradpuntademita.com\/wp-content\/uploads\/2023\/08\/23204929\/ConradPuntadeMita_CompadreButler-scaled.webp 2560w, https:\/\/cdn.conradpuntademita.com\/wp-content\/uploads\/2023\/08\/23204929\/ConradPuntadeMita_CompadreButler-300x200.jpg 300w, https:\/\/cdn.conradpuntademita.com\/wp-content\/uploads\/2023\/08\/23204929\/ConradPuntadeMita_CompadreButler-1024x683.jpg 1024w, https:\/\/cdn.conradpuntademita.com\/wp-content\/uploads\/2023\/08\/23204929\/ConradPuntadeMita_CompadreButler-768x512.jpg 768w, https:\/\/cdn.conradpuntademita.com\/wp-content\/uploads\/2023\/08\/23204929\/ConradPuntadeMita_CompadreButler-1536x1024.jpg 1536w, https:\/\/cdn.conradpuntademita.com\/wp-content\/uploads\/2023\/08\/23204929\/ConradPuntadeMita_CompadreButler-2048x1365.jpg 2048w, https:\/\/cdn.conradpuntademita.com\/wp-content\/uploads\/2023\/08\/23204929\/ConradPuntadeMita_CompadreButler-18x12.jpg 18w, https:\/\/cdn.conradpuntademita.com\/wp-content\/uploads\/2023\/08\/23204929\/ConradPuntadeMita_CompadreButler-600x400.jpg 600w\" sizes=\"auto, (max-width: 2560px) 100vw, 2560px\" \/>\t\t\t\t\t<\/div>\n\n\t\t<\/section>\n\n\n<section id=\"responsive-spacer-block_0f007572d81e3d7049e7c50e909f326b\" class=\"responsive-spacer\">\n<\/section>\n<style>\n  #responsive-spacer-block_0f007572d81e3d7049e7c50e909f326b {\n    width: 100%;\n  }\n\n  #responsive-spacer-block_0f007572d81e3d7049e7c50e909f326b {\n    height: 38px;\n  }\n\n  @media (min-width: 769px) {\n    #responsive-spacer-block_0f007572d81e3d7049e7c50e909f326b {\n      height: 60px;\n    }\n  }\n\n  @media (min-width: 1201px) {\n    #responsive-spacer-block_0f007572d81e3d7049e7c50e909f326b {\n      height: 60px;\n    }\n  }\n\n  <\/style>\n\n\n<section class=\"block-content-resort\">\n    <div class=\"block-content-resort__content\">\n        <div class=\"block-content-resort__content--inner\">\n                            <h1 class=\"block-content-resort__heading heading2 a-up\">Delicias Gourmet<\/h1>\n                                        <div class=\"block-content-resort__text a-up a-delay-1\"><p><span style=\"font-weight: 400;\">El invierno en Conrad Punta de Mita ofrece una amplia gama de opciones gastron\u00f3micas de clase mundial, cada una de las cuales combina sabores locales y estilo internacional. Ya sea que se sienta atra\u00eddo por el ambiente elemental junto a la playa en Mesquite o el sabor estimulante de los ingredientes de origen local en Arbol, nuestros hu\u00e9spedes pueden saborear los sabores de los mariscos frescos directamente de la costa. Ya sea una relajada barbacoa en la arena, una cena \u00edntima para dos o una degustaci\u00f3n exclusiva de raros licores de agave, nuestro equipo culinario est\u00e1 aqu\u00ed para transformar los sue\u00f1os de su paladar en realidad.<\/span><\/p>\n<\/div>\n                    <\/div>\n    <\/div>\n<\/section>\n\n\n\n\t<section class=\"media-content body-wrapper align-right not-link\" id=\"banner-block_4b7733d6110390ad43b85555596d169d\">\n\t<div class=\"media-content__left\">\n\t\t\t\t<h2 class=\"heading2 a-up\">\n\t\t\tAventuras Marinas\t\t\t\t\t<\/h2>\n\t\t\t\t\n\t\t\n\t\t\n\t\t\t\t<div class=\"media-content__text a-up a-delay-2\"><p>Avent\u00farate en las aut\u00e9nticas maravillas del mar de diciembre a marzo, donde la naturaleza despliega uno de sus espect\u00e1culos m\u00e1s extraordinarios: la migraci\u00f3n anual de las ballenas. Mientras las ballenas jorobadas, azules, cachalotes y otras ballenas adornan nuestras costas con sus majestuosos saltos, chorros y zambullidas, aproveche la oportunidad para un encuentro \u00edntimo en un recorrido en barco privado. Deje que la autenticidad de esta maravilla natural deje una marca imborrable en su memoria y aseg\u00farese de tener su c\u00e1mara lista para capturar la belleza sin filtros de estas incre\u00edbles criaturas.<\/p><\/div>\n\t\t\n\t\t\t<\/div>\n\n\t<div class=\"media-content__right hover-images a-up a-delay-2\">\n\t\t<span class=\"media-content__gradient media-content__gradient-left\"><\/span>\n\t\t<span class=\"media-content__gradient media-content__gradient-right\"><\/span>\n\t\t<span class=\"media-content__gradient media-content__gradient-top\"><\/span>\n\t\t<span class=\"media-content__gradient media-content__gradient-bottom\"><\/span>\n\t\t\t\t\t\t\t<img decoding=\"async\" width=\"640\" height=\"819\" src=\"https:\/\/cdn.conradpuntademita.com\/wp-content\/uploads\/2022\/05\/13120639\/davide-dalfovo-pca9QGR4ibE-unsplash.webp\" class=\"hover-image is-hovered\" alt=\"El oc\u00e9ano revela una cola de ballena visible atravesando la superficie del agua.\" loading=\"lazy\" srcset=\"https:\/\/cdn.conradpuntademita.com\/wp-content\/uploads\/2022\/05\/13120639\/davide-dalfovo-pca9QGR4ibE-unsplash.webp 640w, https:\/\/cdn.conradpuntademita.com\/wp-content\/uploads\/2022\/05\/13120639\/davide-dalfovo-pca9QGR4ibE-unsplash-234x300.jpg 234w\" sizes=\"auto, (max-width: 640px) 100vw, 640px\" \/>\t\t\t\t\t<\/div>\n\n\t\t<\/section>\n\n\n\n<section class=\"block-content-resort\">\n    <div class=\"block-content-resort__content\">\n        <div class=\"block-content-resort__content--inner\">\n                            <h1 class=\"block-content-resort__heading heading2 a-up\">Experiencias exclusivas de bienestar<\/h1>\n                                        <div class=\"block-content-resort__text a-up a-delay-1\"><p><span style=\"font-weight: 400;\">Disfrute del rejuvenecimiento de la mente, el cuerpo y el alma con experiencias de bienestar exclusivas dise\u00f1adas para la temporada de invierno. La ceremonia del temazcal, una tradici\u00f3n sagrada del pueblo huichol en el oeste de M\u00e9xico, se convierte en un viaje transformador de bienestar bajo la gu\u00eda de un gu\u00eda espiritual local. Ubicada en una c\u00e1mara de tierra en forma de c\u00fapula calentada con piedras, esta experiencia conmovedora te deja estimulado, desintoxicado y restaurado. <\/span><\/p>\n<\/div>\n                    <\/div>\n    <\/div>\n<\/section>\n\n\n<section id=\"responsive-spacer-block_0f007572d81e3d7049e7c50e909f326b\" class=\"responsive-spacer\">\n<\/section>\n<style>\n  #responsive-spacer-block_0f007572d81e3d7049e7c50e909f326b {\n    width: 100%;\n  }\n\n  #responsive-spacer-block_0f007572d81e3d7049e7c50e909f326b {\n    height: 38px;\n  }\n\n  @media (min-width: 769px) {\n    #responsive-spacer-block_0f007572d81e3d7049e7c50e909f326b {\n      height: 60px;\n    }\n  }\n\n  @media (min-width: 1201px) {\n    #responsive-spacer-block_0f007572d81e3d7049e7c50e909f326b {\n      height: 60px;\n    }\n  }\n\n  <\/style>\n\n\n\t<section class=\"media-content body-wrapper align-right not-link\" id=\"banner-block_9843805b134c8069ca27b9f51245db96\">\n\t<div class=\"media-content__left\">\n\t\t\t\t<h2 class=\"heading2 a-up\">\n\t\t\tExplorando la Riviera Nayarit\t\t\t\t\t<\/h2>\n\t\t\t\t\n\t\t\n\t\t\n\t\t\t\t<div class=\"media-content__text a-up a-delay-2\"><p>Si bien Conrad Punta de Mita ofrece un oasis de tranquilidad, la Riviera Nayarit circundante es un tesoro de experiencias culturales y al aire libre. Desde las vibrantes calles de Sayulita y San Pancho hasta los mejores mercados artesanales, puestos de tacos frente a la playa y galer\u00edas de arte de Punta de Mita, podemos ayudarlo a crear una escapada de invierno ideal. Los hu\u00e9spedes tienen la oportunidad de unirse a excursiones guiadas, adentr\u00e1ndose en exuberantes selvas, visitando pueblos encantadores y descubriendo las profundas tradiciones que se suman al encanto de esta cautivadora regi\u00f3n.<\/p><\/div>\n\t\t\n\t\t\t<\/div>\n\n\t<div class=\"media-content__right hover-images a-up a-delay-2\">\n\t\t<span class=\"media-content__gradient media-content__gradient-left\"><\/span>\n\t\t<span class=\"media-content__gradient media-content__gradient-right\"><\/span>\n\t\t<span class=\"media-content__gradient media-content__gradient-top\"><\/span>\n\t\t<span class=\"media-content__gradient media-content__gradient-bottom\"><\/span>\n\t\t\t\t\t\t\t<img decoding=\"async\" width=\"2048\" height=\"1365\" src=\"https:\/\/cdn.conradpuntademita.com\/wp-content\/uploads\/2023\/07\/17170012\/SAYULITA-6.webp\" class=\"hover-image is-hovered\" alt=\"sayulitas\" loading=\"lazy\" srcset=\"https:\/\/cdn.conradpuntademita.com\/wp-content\/uploads\/2023\/07\/17170012\/SAYULITA-6.webp 2048w, https:\/\/cdn.conradpuntademita.com\/wp-content\/uploads\/2023\/07\/17170012\/SAYULITA-6-300x200.jpg 300w, https:\/\/cdn.conradpuntademita.com\/wp-content\/uploads\/2023\/07\/17170012\/SAYULITA-6-1024x683.jpg 1024w, https:\/\/cdn.conradpuntademita.com\/wp-content\/uploads\/2023\/07\/17170012\/SAYULITA-6-768x512.jpg 768w, https:\/\/cdn.conradpuntademita.com\/wp-content\/uploads\/2023\/07\/17170012\/SAYULITA-6-1536x1024.jpg 1536w, https:\/\/cdn.conradpuntademita.com\/wp-content\/uploads\/2023\/07\/17170012\/SAYULITA-6-18x12.jpg 18w, https:\/\/cdn.conradpuntademita.com\/wp-content\/uploads\/2023\/07\/17170012\/SAYULITA-6-600x400.jpg 600w\" sizes=\"auto, (max-width: 2048px) 100vw, 2048px\" \/>\t\t\t\t\t<\/div>\n\n\t\t<\/section>\n\n\n<section id=\"responsive-spacer-block_0f007572d81e3d7049e7c50e909f326b\" class=\"responsive-spacer\">\n<\/section>\n<style>\n  #responsive-spacer-block_0f007572d81e3d7049e7c50e909f326b {\n    width: 100%;\n  }\n\n  #responsive-spacer-block_0f007572d81e3d7049e7c50e909f326b {\n    height: 38px;\n  }\n\n  @media (min-width: 769px) {\n    #responsive-spacer-block_0f007572d81e3d7049e7c50e909f326b {\n      height: 60px;\n    }\n  }\n\n  @media (min-width: 1201px) {\n    #responsive-spacer-block_0f007572d81e3d7049e7c50e909f326b {\n      height: 60px;\n    }\n  }\n\n  <\/style>\n\n\n<section class=\"wysiwig body-wrapper half-center\" id=\"wysiwig-block_29944e0e737bf46f71650a2e9d6d8d3f\">\n  <p style=\"text-align: center;\"><span style=\"font-weight: 400;\">Aqu\u00ed, el invierno se convierte en una temporada de aventuras ba\u00f1adas por el sol, delicias gourmet y momentos de pura serenidad. Ya sea que busque relajaci\u00f3n, exploraci\u00f3n o una escapada rom\u00e1ntica, Conrad Punta de Mita lo invita a redefinir su experiencia invernal.<\/span><\/p>\n<\/section>\n\n<section id=\"responsive-spacer-block_0f007572d81e3d7049e7c50e909f326b\" class=\"responsive-spacer\">\n<\/section>\n<style>\n  #responsive-spacer-block_0f007572d81e3d7049e7c50e909f326b {\n    width: 100%;\n  }\n\n  #responsive-spacer-block_0f007572d81e3d7049e7c50e909f326b {\n    height: 38px;\n  }\n\n  @media (min-width: 769px) {\n    #responsive-spacer-block_0f007572d81e3d7049e7c50e909f326b {\n      height: 60px;\n    }\n  }\n\n  @media (min-width: 1201px) {\n    #responsive-spacer-block_0f007572d81e3d7049e7c50e909f326b {\n      height: 60px;\n    }\n  }\n\n  <\/style>\n\n<section id=\"venues-spaces-block_fbb608bae3ad583243de886c0cd85b35\" class=\"venues-spaces experience-events body-wrapper\" data-cpt=\"experience\">\n  \n      <h2 class=\"venues-spaces__heading a-up\">Experiencias dentro del Resort<\/h2>\n  \n      <div class=\"venues-spaces__items\">\n                \t\n\t<div class=\"loop-event\">\n\t<div class=\"loop-event__link-wrapper\">\n\t\t<div class=\"loop-event__link\">\n\t\n\t<div class=\"loop-event__img\">\n\t\t\t\t\t<a href=\"https:\/\/www.conradpuntademita.com\/es\/experiencias\/verano-3\/\" class=\"foto-hover\">\n\t\t\t\t\t\t\t\t\t<img decoding=\"async\" src=\"https:\/\/cdn.conradpuntademita.com\/wp-content\/uploads\/2023\/08\/24155430\/ConradPuntaMita-Spherical-JoeThomas-022022-90-Dining-Codex-Private-585x730.webp\" alt=\"Una pareja de playa en un sof\u00e1, con las manos entrelazadas, saboreando bebidas junto a la orilla.\">\n\t\t\t\n\t\t\t\t<\/a>\n\t\t\t\t\n\t<\/div>\n\n\n\n\n\t\t\n\n\t\t<\/div>\n\t\n\n\n\t<\/div>\n\n\t<div class=\"loop-event__info\">\n\n\t<h3 class='loop-event__heading heading3 a-up'>\n\tInvierno\t<\/h3>\n\n\t\t\t\t\t<div class=\"loop-event__text a-up a-delay-1\">\n\t\t\t\t<p>Vive un invierno inolvidable en Punta de Mita.<\/p>\n\t\t\t<\/div>\n\t\t\n\t<div class=\"loop-event__cta-wrapper\">\n\t\t\t<a class=\"btn btn-secondary loop-event__cta a-up a-delay-2\" href=\"https:\/\/www.conradpuntademita.com\/es\/experiencias\/verano-3\/\" target=\"_self\">Descubre m\u00e1s<\/a>\n\t\n\t\n\t\t\t\t<\/div>\n\n\t<\/div>\n\t<\/div>\n\t                \t\n\t<div class=\"loop-event\">\n\t<div class=\"loop-event__link-wrapper\">\n\t\t<div class=\"loop-event__link\">\n\t\n\t<div class=\"loop-event__img\">\n\t\t\t\t\t<a href=\"https:\/\/www.conradpuntademita.com\/es\/experiencias\/conrad-conserje\/\" class=\"foto-hover\">\n\t\t\t\t\t\t\t\t\t<img decoding=\"async\" src=\"https:\/\/cdn.conradpuntademita.com\/wp-content\/uploads\/2023\/08\/23204929\/ConradPuntadeMita_CompadreButler-585x730.jpg\" alt=\"Pareja relaj\u00e1ndose en el jacuzzi de la azotea al atardecer mientras el camarero trae champ\u00e1n, con vistas al oc\u00e9ano.\">\n\t\t\t\n\t\t\t\t<\/a>\n\t\t\t\t\n\t<\/div>\n\n\n\n\n\t\t\n\n\t\t<\/div>\n\t\n\n\n\t<\/div>\n\n\t<div class=\"loop-event__info\">\n\n\t<h3 class='loop-event__heading heading3 a-up'>\n\tCompadre Concierge\t<\/h3>\n\n\t\t\t\t\t<div class=\"loop-event__text a-up a-delay-1\">\n\t\t\t\t<p>Conrad Punta de Mita presenta los servicios elevados Compadre Concierge para suites de primer nivel.<\/p>\n\t\t\t<\/div>\n\t\t\n\t<div class=\"loop-event__cta-wrapper\">\n\t\t\t<a class=\"btn btn-secondary loop-event__cta a-up a-delay-2\" href=\"https:\/\/www.conradpuntademita.com\/es\/experiencias\/conrad-conserje\/\" target=\"_blank\">Descubre m\u00e1s<\/a>\n\t\n\t\n\t\t\t\t<\/div>\n\n\t<\/div>\n\t<\/div>\n\t          <\/div>\n  \n  <\/section>","protected":false},"excerpt":{"rendered":"<p>Lib\u00e9rese del fr\u00edo del invierno y disfrute de d\u00edas c\u00e1lidos y ba\u00f1ados por el sol. Descubra playas tranquilas y sum\u00e9rjase en emocionantes aventuras para una escapada invernal llena de asombro y exploraci\u00f3n.<\/p>","protected":false},"featured_media":5238,"parent":0,"menu_order":0,"template":"","meta":{"_acf_changed":false,"inline_featured_image":false},"editorial_category":[75,77],"class_list":["post-9532","editorial","type-editorial","status-publish","has-post-thumbnail","hentry","editorial_category-adventure","editorial_category-resort"],"acf":[],"publishpress_future_workflow_manual_trigger":{"enabledWorkflows":[]},"_links":{"self":[{"href":"https:\/\/www.conradpuntademita.com\/es\/wp-json\/wp\/v2\/editorial\/9532","targetHints":{"allow":["GET"]}}],"collection":[{"href":"https:\/\/www.conradpuntademita.com\/es\/wp-json\/wp\/v2\/editorial"}],"about":[{"href":"https:\/\/www.conradpuntademita.com\/es\/wp-json\/wp\/v2\/types\/editorial"}],"wp:featuredmedia":[{"embeddable":true,"href":"https:\/\/www.conradpuntademita.com\/es\/wp-json\/wp\/v2\/media\/5238"}],"wp:attachment":[{"href":"https:\/\/www.conradpuntademita.com\/es\/wp-json\/wp\/v2\/media?parent=9532"}],"wp:term":[{"taxonomy":"editorial_category","embeddable":true,"href":"https:\/\/www.conradpuntademita.com\/es\/wp-json\/wp\/v2\/editorial_category?post=9532"}],"curies":[{"name":"wp","href":"https:\/\/api.w.org\/{rel}","templated":true}]}}