{"id":9536,"date":"2024-03-14T00:38:27","date_gmt":"2024-03-14T00:38:27","guid":{"rendered":"https:\/\/www.conradpuntademita.com\/?post_type=editorial&#038;p=9536"},"modified":"2024-06-18T13:29:05","modified_gmt":"2024-06-18T13:29:05","slug":"armonia-y-tranquilidad-en-conrad-punta-de-mitas-spa","status":"publish","type":"editorial","link":"https:\/\/www.conradpuntademita.com\/es\/blog\/armonia-y-tranquilidad-en-conrad-punta-de-mitas-spa\/","title":{"rendered":"Armon\u00eda y Tranquilidad en el Spa de Conrad Punta de Mita"},"content":{"rendered":"<section id=\"banner-block_d75b7d6ced68c78546bf60a9bdb6f859\" class=\"banner gradient-banner single-room\">\n  <div class=\"banner-wrapper\">\n          <img decoding=\"async\" src=\"https:\/\/cdn.conradpuntademita.com\/wp-content\/uploads\/2022\/05\/13120705\/PVRPMCI_SPA-Outdoor-pareja-e1653669687271.jpg\" alt=\"PVRPMCI_SPA Outdoor pareja\" class=\"banner__img banner__media\">\n      <\/div>\n\n            <div class=\"banner-logo a-op a-delay-2\">\n        <div class=\"banner-logo--wrapper\">\n                      <span class=\"banner-logo__heading heading2 small white\">Armon\u00eda y Tranquilidad en el Spa de Conrad Punta de Mita<\/span>\n          \n                  <\/div>\n      <\/div>\n\n    \n  \n      \n<\/section>\n\n\n<section id=\"responsive-spacer-block_e450db4f2b25b7cd461699dfccfb346a\" class=\"responsive-spacer\">\n<\/section>\n<style>\n  #responsive-spacer-block_e450db4f2b25b7cd461699dfccfb346a {\n    width: 100%;\n  }\n\n  #responsive-spacer-block_e450db4f2b25b7cd461699dfccfb346a {\n    height: 38px;\n  }\n\n  @media (min-width: 769px) {\n    #responsive-spacer-block_e450db4f2b25b7cd461699dfccfb346a {\n      height: 60px;\n    }\n  }\n\n  @media (min-width: 1201px) {\n    #responsive-spacer-block_e450db4f2b25b7cd461699dfccfb346a {\n      height: 60px;\n    }\n  }\n\n  <\/style>\n\n\n<div class=\"wp-block-columns is-layout-flex wp-container-core-columns-is-layout-9d6595d7 wp-block-columns-is-layout-flex\">\n<div class=\"wp-block-column is-layout-flow wp-block-column-is-layout-flow\">\n<section class=\"wysiwig body-wrapper event-detail\" id=\"wysiwig-block_16c58ef8ecfd4346942fa146d21bd6e9\">\n  <p><span style=\"font-weight: 400;\">En el coraz\u00f3n de Conrad Punta de Mita se encuentra un santuario de serenidad, donde la magnificencia y el misticismo de la antigua cultura huichol se entrelazan para crear el Conrad Spa. <\/span><\/p>\n<\/section><\/div>\n\n\n\n<div class=\"wp-block-column is-layout-flow wp-block-column-is-layout-flow\">\n<section class=\"wysiwig body-wrapper event-list\" id=\"wysiwig-block_08d3996a8f3f7fcc3101e0c6d46bd972\">\n  <p><span style=\"font-weight: 400;\">Este retiro te invita a embarcarte en un viaje transformador de autodescubrimiento y relajaci\u00f3n, envuelto en terapias que invocan la reflexi\u00f3n interna, el equilibrio y el rejuvenecimiento.\u00a0<\/span><\/p>\n<\/section><\/div>\n<\/div>\n\n\n<section id=\"responsive-spacer-block_e450db4f2b25b7cd461699dfccfb346a\" class=\"responsive-spacer\">\n<\/section>\n<style>\n  #responsive-spacer-block_e450db4f2b25b7cd461699dfccfb346a {\n    width: 100%;\n  }\n\n  #responsive-spacer-block_e450db4f2b25b7cd461699dfccfb346a {\n    height: 38px;\n  }\n\n  @media (min-width: 769px) {\n    #responsive-spacer-block_e450db4f2b25b7cd461699dfccfb346a {\n      height: 60px;\n    }\n  }\n\n  @media (min-width: 1201px) {\n    #responsive-spacer-block_e450db4f2b25b7cd461699dfccfb346a {\n      height: 60px;\n    }\n  }\n\n  <\/style>\n\n\n\t<section class=\"media-content body-wrapper align-left not-link\" id=\"banner-block_3b2d9a02764f176e078666b905c25b93\">\n\t<div class=\"media-content__left\">\n\t\t\t\t<h2 class=\"heading2 a-up\">\n\t\t\tUn tributo a la naturaleza\t\t\t\t\t<\/h2>\n\t\t\t\t\n\t\t\n\t\t\n\t\t\t\t<div class=\"media-content__text a-up a-delay-2\"><p>Inspirado en la belleza natural de Punta de Mita y la herencia huichol, Conrad Spa es un testimonio de la relaci\u00f3n armoniosa entre la humanidad y los elementos. La tierra, el cielo, el agua y el fuego convergen en una combinaci\u00f3n perfecta, ofreciendo una experiencia de spa que conecta con la naturaleza.<\/p><\/div>\n\t\t\n\t\t\t<\/div>\n\n\t<div class=\"media-content__right hover-images a-up a-delay-2\">\n\t\t<span class=\"media-content__gradient media-content__gradient-left\"><\/span>\n\t\t<span class=\"media-content__gradient media-content__gradient-right\"><\/span>\n\t\t<span class=\"media-content__gradient media-content__gradient-top\"><\/span>\n\t\t<span class=\"media-content__gradient media-content__gradient-bottom\"><\/span>\n\t\t\t\t\t\t\t<img decoding=\"async\" width=\"1830\" height=\"1706\" src=\"https:\/\/cdn.conradpuntademita.com\/wp-content\/uploads\/2022\/05\/13120732\/ConradPuntadeMita-JoeThomas-394-scaled-e1653318117703.webp\" class=\"hover-image is-hovered\" alt=\"Ba\u00f1o de spa en la sala de spa\" loading=\"lazy\" srcset=\"https:\/\/cdn.conradpuntademita.com\/wp-content\/uploads\/2022\/05\/13120732\/ConradPuntadeMita-JoeThomas-394-scaled-e1653318117703.webp 1830w, https:\/\/cdn.conradpuntademita.com\/wp-content\/uploads\/2022\/05\/13120732\/ConradPuntadeMita-JoeThomas-394-scaled-e1653318117703-300x280.jpg 300w, https:\/\/cdn.conradpuntademita.com\/wp-content\/uploads\/2022\/05\/13120732\/ConradPuntadeMita-JoeThomas-394-scaled-e1653318117703-1024x955.jpg 1024w, https:\/\/cdn.conradpuntademita.com\/wp-content\/uploads\/2022\/05\/13120732\/ConradPuntadeMita-JoeThomas-394-scaled-e1653318117703-768x716.jpg 768w, https:\/\/cdn.conradpuntademita.com\/wp-content\/uploads\/2022\/05\/13120732\/ConradPuntadeMita-JoeThomas-394-scaled-e1653318117703-1536x1432.jpg 1536w\" sizes=\"auto, (max-width: 1830px) 100vw, 1830px\" \/>\t\t\t\t\t<\/div>\n\n\t\t<\/section>\n\n\n<section id=\"responsive-spacer-block_e450db4f2b25b7cd461699dfccfb346a\" class=\"responsive-spacer\">\n<\/section>\n<style>\n  #responsive-spacer-block_e450db4f2b25b7cd461699dfccfb346a {\n    width: 100%;\n  }\n\n  #responsive-spacer-block_e450db4f2b25b7cd461699dfccfb346a {\n    height: 38px;\n  }\n\n  @media (min-width: 769px) {\n    #responsive-spacer-block_e450db4f2b25b7cd461699dfccfb346a {\n      height: 60px;\n    }\n  }\n\n  @media (min-width: 1201px) {\n    #responsive-spacer-block_e450db4f2b25b7cd461699dfccfb346a {\n      height: 60px;\n    }\n  }\n\n  <\/style>\n\n\n<section class=\"block-content-resort\">\n    <div class=\"block-content-resort__content\">\n        <div class=\"block-content-resort__content--inner\">\n                            <h1 class=\"block-content-resort__heading heading2 a-up\">Oasis al aire libre<\/h1>\n                                        <div class=\"block-content-resort__text a-up a-delay-1\"><p><span style=\"font-weight: 400;\">Ingrese a un encantador oasis al aire libre, donde las camillas de masaje se encuentran en una sala con techo de paja, lo que brinda privacidad y una profunda conexi\u00f3n con el medio ambiente. El suave susurro de las hojas, el relajante sonido del agua y la calidez del sol crean una sinfon\u00eda que mejora la experiencia general del spa. Despu\u00e9s de su rejuvenecedora sesi\u00f3n de spa, rel\u00e1jese en la aislada piscina del spa bajo un cielo azul despejado. Esta \u00e1rea de relajaci\u00f3n al aire libre brinda un espacio tranquilo para reflexionar y saborear los efectos persistentes de su experiencia de spa. <\/span><\/p>\n<\/div>\n                    <\/div>\n    <\/div>\n<\/section>\n\n\n<section id=\"responsive-spacer-block_e450db4f2b25b7cd461699dfccfb346a\" class=\"responsive-spacer\">\n<\/section>\n<style>\n  #responsive-spacer-block_e450db4f2b25b7cd461699dfccfb346a {\n    width: 100%;\n  }\n\n  #responsive-spacer-block_e450db4f2b25b7cd461699dfccfb346a {\n    height: 38px;\n  }\n\n  @media (min-width: 769px) {\n    #responsive-spacer-block_e450db4f2b25b7cd461699dfccfb346a {\n      height: 60px;\n    }\n  }\n\n  @media (min-width: 1201px) {\n    #responsive-spacer-block_e450db4f2b25b7cd461699dfccfb346a {\n      height: 60px;\n    }\n  }\n\n  <\/style>\n\n\n\t<section class=\"media-content body-wrapper align-right not-link\" id=\"banner-block_414b18fdeabf619b07145a220cd085c6\">\n\t<div class=\"media-content__left\">\n\t\t\t\t<h2 class=\"heading2 a-up\">\n\t\t\tRitual del Temazcal\t\t\t\t\t<\/h2>\n\t\t\t\t\n\t\t\n\t\t\n\t\t\t\t<div class=\"media-content__text a-up a-delay-2\"><p>Eleve su viaje con el antiguo ritual del Temazcal, una experiencia \u00fanica e inmersiva profundamente arraigada en la tradici\u00f3n mexicana. La c\u00e1mara del Temazcal, que significa \u201ccasa del calor\u201d, invita a los hu\u00e9spedes a participar en un humeante ritual purificador que limpia el cuerpo y el alma. Simbolizando el abrazo nutritivo de la Madre Tierra, este espacio sagrado, utilizado por culturas antiguas para ceremonias de curaci\u00f3n que abarcan milenios, se convierte en el escenario de un profundo viaje de bienestar y purificaci\u00f3n. Guiado por un gu\u00eda espiritual local que utiliza piedras calentadas por fuego para infundir al temazcal calor transformador, vapor de hierbas y canciones, el ritual de 90 minutos promete desintoxicaci\u00f3n, estimulaci\u00f3n, desaf\u00edo y un profundo sentido de conexi\u00f3n. Es un viaje al coraz\u00f3n del bienestar ind\u00edgena, donde lo antiguo se encuentra con lo contempor\u00e1neo.<\/p><\/div>\n\t\t\n\t\t\t<\/div>\n\n\t<div class=\"media-content__right hover-images a-up a-delay-2\">\n\t\t<span class=\"media-content__gradient media-content__gradient-left\"><\/span>\n\t\t<span class=\"media-content__gradient media-content__gradient-right\"><\/span>\n\t\t<span class=\"media-content__gradient media-content__gradient-top\"><\/span>\n\t\t<span class=\"media-content__gradient media-content__gradient-bottom\"><\/span>\n\t\t\t\t\t\t\t<img decoding=\"async\" width=\"810\" height=\"790\" src=\"https:\/\/cdn.conradpuntademita.com\/wp-content\/uploads\/2023\/11\/23134438\/temazcal-web.webp\" class=\"hover-image is-hovered\" alt=\"Ritual de limpieza espiritual grupal con humo de incienso rodeando a una mujer de pie con los brazos extendidos al atardecer.\" loading=\"lazy\" srcset=\"https:\/\/cdn.conradpuntademita.com\/wp-content\/uploads\/2023\/11\/23134438\/temazcal-web.webp 810w, https:\/\/cdn.conradpuntademita.com\/wp-content\/uploads\/2023\/11\/23134438\/temazcal-web-300x293.webp 300w, https:\/\/cdn.conradpuntademita.com\/wp-content\/uploads\/2023\/11\/23134438\/temazcal-web-768x749.webp 768w, https:\/\/cdn.conradpuntademita.com\/wp-content\/uploads\/2023\/11\/23134438\/temazcal-web-12x12.webp 12w\" sizes=\"auto, (max-width: 810px) 100vw, 810px\" \/>\t\t\t\t\t<\/div>\n\n\t\t<\/section>\n\n\n<section id=\"responsive-spacer-block_e450db4f2b25b7cd461699dfccfb346a\" class=\"responsive-spacer\">\n<\/section>\n<style>\n  #responsive-spacer-block_e450db4f2b25b7cd461699dfccfb346a {\n    width: 100%;\n  }\n\n  #responsive-spacer-block_e450db4f2b25b7cd461699dfccfb346a {\n    height: 38px;\n  }\n\n  @media (min-width: 769px) {\n    #responsive-spacer-block_e450db4f2b25b7cd461699dfccfb346a {\n      height: 60px;\n    }\n  }\n\n  @media (min-width: 1201px) {\n    #responsive-spacer-block_e450db4f2b25b7cd461699dfccfb346a {\n      height: 60px;\n    }\n  }\n\n  <\/style>\n\n\n<section class=\"block-content-resort\">\n    <div class=\"block-content-resort__content\">\n        <div class=\"block-content-resort__content--inner\">\n                            <h1 class=\"block-content-resort__heading heading2 a-up\">Tratamientos de spa de temporada<\/h1>\n                                        <div class=\"block-content-resort__text a-up a-delay-1\"><p><span style=\"font-weight: 400;\">Influenciado por las antiguas tradiciones curativas de la cultura huichol, Conrad Spa ofrece una selecci\u00f3n curada de tratamientos y servicios de spa de temporada que se inspiran en rituales sagrados y armonizan con los ritmos cambiantes de la naturaleza, sincroniz\u00e1ndose con el flujo y reflujo natural, las ofertas van desde vigorizantes tratamientos de primavera hasta acogedores caprichos invernales. Los terapeutas expertos utilizan productos org\u00e1nicos naturales adaptados a cada estaci\u00f3n, lo que garantiza que se fomente el bienestar y lo deje fresco y revitalizado en cada visita.<\/span><\/p>\n<\/div>\n                    <\/div>\n    <\/div>\n<\/section>\n\n\n<section id=\"responsive-spacer-block_e450db4f2b25b7cd461699dfccfb346a\" class=\"responsive-spacer\">\n<\/section>\n<style>\n  #responsive-spacer-block_e450db4f2b25b7cd461699dfccfb346a {\n    width: 100%;\n  }\n\n  #responsive-spacer-block_e450db4f2b25b7cd461699dfccfb346a {\n    height: 38px;\n  }\n\n  @media (min-width: 769px) {\n    #responsive-spacer-block_e450db4f2b25b7cd461699dfccfb346a {\n      height: 60px;\n    }\n  }\n\n  @media (min-width: 1201px) {\n    #responsive-spacer-block_e450db4f2b25b7cd461699dfccfb346a {\n      height: 60px;\n    }\n  }\n\n  <\/style>\n\n\n\t<section class=\"media-content body-wrapper align-right not-link\" id=\"banner-block_a6688a7796c10f1496ce429064b2ad0d\">\n\t<div class=\"media-content__left\">\n\t\t\t\t<h2 class=\"heading2 a-up\">\n\t\t\tIndulgencia hol\u00edstica\t\t\t\t\t<\/h2>\n\t\t\t\t\n\t\t\n\t\t\n\t\t\t\t<div class=\"media-content__text a-up a-delay-2\"><p>Conrad Spa va m\u00e1s all\u00e1 de las pr\u00e1cticas de spa convencionales y ofrece un placer hol\u00edstico que combina a la perfecci\u00f3n rituales antiguos con pr\u00e1cticas modernas de bienestar. Sum\u00e9rgete en los sabores tradicionales del chilate, una bebida proveniente de la costa del Pac\u00edfico de M\u00e9xico continental, o emb\u00e1rcate en un viaje de descubrimiento y equilibrio con la Experiencia de Purificaci\u00f3n de Copal Mara&#039;akame. Este ritual \u00fanico incluye una limpieza energ\u00e9tica curativa con incienso de copal y hierbas sahumerio, seguido de un masaje corporal desintoxicante. Ya sea inspir\u00e1ndose en la rica cultura huichol o incorporando terapias de vanguardia, cada faceta est\u00e1 dise\u00f1ada para nutrir su mente, cuerpo y esp\u00edritu.<\/p><\/div>\n\t\t\n\t\t\t<\/div>\n\n\t<div class=\"media-content__right hover-images a-up a-delay-2\">\n\t\t<span class=\"media-content__gradient media-content__gradient-left\"><\/span>\n\t\t<span class=\"media-content__gradient media-content__gradient-right\"><\/span>\n\t\t<span class=\"media-content__gradient media-content__gradient-top\"><\/span>\n\t\t<span class=\"media-content__gradient media-content__gradient-bottom\"><\/span>\n\t\t\t\t\t\t\t<img decoding=\"async\" width=\"1200\" height=\"1800\" src=\"https:\/\/cdn.conradpuntademita.com\/wp-content\/uploads\/2022\/05\/13120710\/IMG_6118-2-1-1-e1653630835108.jpg\" class=\"hover-image is-hovered\" alt=\"Terraza sombreada con sillas acolchadas con vista a la piscina reflectante curva, palmeras y edificios blancos del complejo.\" loading=\"lazy\" \/>\t\t\t\t\t<\/div>\n\n\t\t<\/section>\n\n\n<section id=\"responsive-spacer-block_e450db4f2b25b7cd461699dfccfb346a\" class=\"responsive-spacer\">\n<\/section>\n<style>\n  #responsive-spacer-block_e450db4f2b25b7cd461699dfccfb346a {\n    width: 100%;\n  }\n\n  #responsive-spacer-block_e450db4f2b25b7cd461699dfccfb346a {\n    height: 38px;\n  }\n\n  @media (min-width: 769px) {\n    #responsive-spacer-block_e450db4f2b25b7cd461699dfccfb346a {\n      height: 60px;\n    }\n  }\n\n  @media (min-width: 1201px) {\n    #responsive-spacer-block_e450db4f2b25b7cd461699dfccfb346a {\n      height: 60px;\n    }\n  }\n\n  <\/style>\n\n\n<section class=\"wysiwig body-wrapper half-center\" id=\"wysiwig-block_89193bbb0c3cae3e3f3221673637172c\">\n  <p style=\"text-align: center;\"><span style=\"font-weight: 400;\">R\u00edndete al encanto de Conrad Spa, donde cada tratamiento es un deleite de los sentidos, una danza con los elementos y una celebraci\u00f3n del bienestar. Nuestro compromiso de brindar una experiencia de spa transformadora garantiza que su estad\u00eda en Conrad Punta de Mita no sea solo una estad\u00eda, sino un viaje hacia un placer hol\u00edstico que lo dejar\u00e1 renovado y rejuvenecido.<\/span><\/p>\n<\/section>\n\n<section id=\"responsive-spacer-block_e450db4f2b25b7cd461699dfccfb346a\" class=\"responsive-spacer\">\n<\/section>\n<style>\n  #responsive-spacer-block_e450db4f2b25b7cd461699dfccfb346a {\n    width: 100%;\n  }\n\n  #responsive-spacer-block_e450db4f2b25b7cd461699dfccfb346a {\n    height: 38px;\n  }\n\n  @media (min-width: 769px) {\n    #responsive-spacer-block_e450db4f2b25b7cd461699dfccfb346a {\n      height: 60px;\n    }\n  }\n\n  @media (min-width: 1201px) {\n    #responsive-spacer-block_e450db4f2b25b7cd461699dfccfb346a {\n      height: 60px;\n    }\n  }\n\n  <\/style>\n\n<section id=\"venues-spaces-block_7fb012ece084388384a310b36baca28a\" class=\"venues-spaces experience-events body-wrapper\" data-cpt=\"experience\">\n  \n      <h2 class=\"venues-spaces__heading a-up\">Experiencias dentro del Resort<\/h2>\n  \n      <div class=\"venues-spaces__items\">\n                \t\n\t<div class=\"loop-event\">\n\t<div class=\"loop-event__link-wrapper\">\n\t\t<div class=\"loop-event__link\">\n\t\n\t<div class=\"loop-event__img\">\n\t\t\t\t\t<a href=\"https:\/\/www.conradpuntademita.com\/es\/experiencias\/menu-spa-2\/\" class=\"foto-hover\">\n\t\t\t\t\t\t\t\t\t<img decoding=\"async\" src=\"https:\/\/cdn.conradpuntademita.com\/wp-content\/uploads\/2022\/05\/13120705\/PVRPMCI_SPA-Outdoor-pareja-585x730.webp\" alt=\"Spa al aire libre con l\u00e1mpara\">\n\t\t\t\n\t\t\t\t<\/a>\n\t\t\t\t\n\t<\/div>\n\n\n\n\n\t\t\n\n\t\t<\/div>\n\t\n\n\n\t<\/div>\n\n\t<div class=\"loop-event__info\">\n\n\t<h3 class='loop-event__heading heading3 a-up'>\n\tBienestar y Spa\t<\/h3>\n\n\t\t\t\t\t<div class=\"loop-event__text a-up a-delay-1\">\n\t\t\t\t<p>Envuelto por una jungla tranquila e informado por tradiciones huicholes centenarias, Conrad Spa es un lugar de nutrici\u00f3n y curaci\u00f3n para el cuerpo y el alma. Reserve una sesi\u00f3n al aire libre en uno de nuestros &quot;nidos&quot; de tratamiento con c\u00fapula de paja refrescados por la brisa del oc\u00e9ano. O experimente el poder transformador de una ceremonia de temazcal.<\/p>\n\t\t\t<\/div>\n\t\t\n\t<div class=\"loop-event__cta-wrapper\">\n\t\t\t<a class=\"btn btn-secondary loop-event__cta a-up a-delay-2\" href=\"\/es\/bienestar\/\" target=\"_self\">Descubre m\u00e1s<\/a>\n\t\n\t\n\t\t\t\t<\/div>\n\n\t<\/div>\n\t<\/div>\n\t                \t\n\t<div class=\"loop-event\">\n\t<div class=\"loop-event__link-wrapper\">\n\t\t<div class=\"loop-event__link\">\n\t\n\t<div class=\"loop-event__img\">\n\t\t\t\t\t<a href=\"https:\/\/www.conradpuntademita.com\/es\/experiencias\/piscinas-de-playa\/\" class=\"foto-hover\">\n\t\t\t\t\t\t\t\t\t<img decoding=\"async\" src=\"https:\/\/cdn.conradpuntademita.com\/wp-content\/uploads\/2023\/08\/14165038\/ConradPuntaMita-Spherical-JoeThomas-022022-2-1-e1721046400500-585x730.jpg\" alt=\"piscinas de Conrad, grandes actividades\">\n\t\t\t\n\t\t\t\t<\/a>\n\t\t\t\t\n\t<\/div>\n\n\n\n\n\t\t\n\n\t\t<\/div>\n\t\n\n\n\t<\/div>\n\n\t<div class=\"loop-event__info\">\n\n\t<h3 class='loop-event__heading heading3 a-up'>\n\tPlaya y piscinas\t<\/h3>\n\n\t\t\t\t\t<div class=\"loop-event__text a-up a-delay-1\">\n\t\t\t\t<p>Ya sea que est\u00e9 buscando una serena soledad, diversi\u00f3n familiar o la oportunidad de hundir los dedos de los pies en las arenas doradas de la playa del resort, ofrecemos una amplia gama de experiencias acu\u00e1ticas adaptadas a cada estado de \u00e1nimo y momento.\u00a0<\/p>\n\t\t\t<\/div>\n\t\t\n\t<div class=\"loop-event__cta-wrapper\">\n\t\t\t<a class=\"btn btn-secondary loop-event__cta a-up a-delay-2\" href=\"https:\/\/www.conradpuntademita.com\/es\/experiencias\/piscinas-de-playa\/\" target=\"_self\">Descubre m\u00e1s<\/a>\n\t\n\t\n\t\t\t\t<\/div>\n\n\t<\/div>\n\t<\/div>\n\t          <\/div>\n  \n  <\/section>","protected":false},"excerpt":{"rendered":"<p>Descubra la antigua cultura huichol y el lujo moderno en el Spa de Conrad Punta de Mita. Desde el ritual transformador del Temazcal hasta tratamientos de temporada y un encantador oasis al aire libre, descubra la relajaci\u00f3n, el rejuvenecimiento y una profunda conexi\u00f3n con la belleza de Punta de Mita.<\/p>","protected":false},"featured_media":6549,"parent":0,"menu_order":0,"template":"","meta":{"_acf_changed":false,"inline_featured_image":false},"editorial_category":[77,78],"class_list":["post-9536","editorial","type-editorial","status-publish","has-post-thumbnail","hentry","editorial_category-resort","editorial_category-wellness"],"acf":[],"publishpress_future_workflow_manual_trigger":{"enabledWorkflows":[]},"_links":{"self":[{"href":"https:\/\/www.conradpuntademita.com\/es\/wp-json\/wp\/v2\/editorial\/9536","targetHints":{"allow":["GET"]}}],"collection":[{"href":"https:\/\/www.conradpuntademita.com\/es\/wp-json\/wp\/v2\/editorial"}],"about":[{"href":"https:\/\/www.conradpuntademita.com\/es\/wp-json\/wp\/v2\/types\/editorial"}],"wp:featuredmedia":[{"embeddable":true,"href":"https:\/\/www.conradpuntademita.com\/es\/wp-json\/wp\/v2\/media\/6549"}],"wp:attachment":[{"href":"https:\/\/www.conradpuntademita.com\/es\/wp-json\/wp\/v2\/media?parent=9536"}],"wp:term":[{"taxonomy":"editorial_category","embeddable":true,"href":"https:\/\/www.conradpuntademita.com\/es\/wp-json\/wp\/v2\/editorial_category?post=9536"}],"curies":[{"name":"wp","href":"https:\/\/api.w.org\/{rel}","templated":true}]}}