{"id":9540,"date":"2024-06-26T14:11:36","date_gmt":"2024-06-26T14:11:36","guid":{"rendered":"https:\/\/www.conradpuntademita.com\/?post_type=editorial&#038;p=9540"},"modified":"2024-08-09T21:08:32","modified_gmt":"2024-08-09T21:08:32","slug":"pueblos-magicos","status":"publish","type":"editorial","link":"https:\/\/www.conradpuntademita.com\/es\/blog\/pueblos-magicos\/","title":{"rendered":"Explorando el encanto m\u00e1s all\u00e1 de Punta de Mita: Excursiones de un d\u00eda a Pueblos M\u00e1gicos y Ciudades Hist\u00f3ricas"},"content":{"rendered":"<section id=\"banner-block_3c56e267c40857efbf8cd1cc243e8eba\" class=\"banner gradient-banner single-room\">\n  <div class=\"banner-wrapper\">\n          <img decoding=\"async\" src=\"https:\/\/cdn.conradpuntademita.com\/wp-content\/uploads\/2024\/07\/09205740\/Sayulita_Mural.jpg\" alt=\"Mural Sayulita\" class=\"banner__img banner__media\">\n      <\/div>\n\n            <div class=\"banner-logo a-op a-delay-2\">\n        <div class=\"banner-logo--wrapper\">\n                      <span class=\"banner-logo__heading heading2 small white\">Explorando el encanto m\u00e1s all\u00e1 de Punta de Mita: Excursiones de un d\u00eda a Pueblos M\u00e1gicos y Ciudades Hist\u00f3ricas<\/span>\n          \n                  <\/div>\n      <\/div>\n\n    \n  \n      \n<\/section>\n\n\n<section id=\"responsive-spacer-block_8dd3f86a0998fdbdb982f8cb880fed36\" class=\"responsive-spacer\">\n<\/section>\n<style>\n  #responsive-spacer-block_8dd3f86a0998fdbdb982f8cb880fed36 {\n    width: 100%;\n  }\n\n  #responsive-spacer-block_8dd3f86a0998fdbdb982f8cb880fed36 {\n    height: 38px;\n  }\n\n  @media (min-width: 769px) {\n    #responsive-spacer-block_8dd3f86a0998fdbdb982f8cb880fed36 {\n      height: 60px;\n    }\n  }\n\n  @media (min-width: 1201px) {\n    #responsive-spacer-block_8dd3f86a0998fdbdb982f8cb880fed36 {\n      height: 60px;\n    }\n  }\n\n  <\/style>\n\n\n<div class=\"wp-block-columns is-layout-flex wp-container-core-columns-is-layout-9d6595d7 wp-block-columns-is-layout-flex\">\n<div class=\"wp-block-column is-layout-flow wp-block-column-is-layout-flow\">\n<section class=\"wysiwig body-wrapper event-detail\" id=\"wysiwig-block_481a432d0a476dd067bf8b7838b5cc4a\">\n  <p><span style=\"font-weight: 400;\">Ubicado a lo largo de las impresionantes costas del Pac\u00edfico mexicano, Punta de Mita sirve como puerta de entrada no s\u00f3lo a los esplendores costeros sino tambi\u00e9n a los encantadores Pueblos M\u00e1gicos y joyas hist\u00f3ricas locales.\u00a0<\/span><\/p>\n<\/section><\/div>\n\n\n\n<div class=\"wp-block-column is-layout-flow wp-block-column-is-layout-flow\">\n<section class=\"wysiwig body-wrapper event-list\" id=\"wysiwig-block_bc0e2e35cbfa68ca5f041f161981e728\">\n  <p><span style=\"font-weight: 400;\">Avent\u00farese m\u00e1s all\u00e1 del atractivo del resort en Conrad Punta de Mita y emprenda una serie de excursiones de un d\u00eda que le revelar\u00e1n el rico tapiz cultural y las maravillas paisaj\u00edsticas. Siga leyendo para descubrir un emocionante itinerario que captura la esencia de cada pueblo y ofrece una visi\u00f3n de la belleza que le espera m\u00e1s all\u00e1 de Punta de Mita.<\/span><\/p>\n<\/section><\/div>\n<\/div>\n\n\n<section id=\"responsive-spacer-block_8dd3f86a0998fdbdb982f8cb880fed36\" class=\"responsive-spacer\">\n<\/section>\n<style>\n  #responsive-spacer-block_8dd3f86a0998fdbdb982f8cb880fed36 {\n    width: 100%;\n  }\n\n  #responsive-spacer-block_8dd3f86a0998fdbdb982f8cb880fed36 {\n    height: 38px;\n  }\n\n  @media (min-width: 769px) {\n    #responsive-spacer-block_8dd3f86a0998fdbdb982f8cb880fed36 {\n      height: 60px;\n    }\n  }\n\n  @media (min-width: 1201px) {\n    #responsive-spacer-block_8dd3f86a0998fdbdb982f8cb880fed36 {\n      height: 60px;\n    }\n  }\n\n  <\/style>\n\n\n\t<section class=\"media-content body-wrapper align-left not-link\" id=\"banner-block_5d0ff2b35a6d0ca669c85f6d17f9ceb1\">\n\t<div class=\"media-content__left\">\n\t\t\t\t<h2 class=\"heading2 a-up\">\n\t\t\tSayulita: El para\u00edso playero bohemio \t\t\t\t\t<\/h2>\n\t\t\t\t\n\t\t\n\t\t\n\t\t\t\t<div class=\"media-content__text a-up a-delay-2\"><p>Nuestro viaje comienza en la vibrante ciudad de Sayulita, un para\u00edso bohemio conocido por su atm\u00f3sfera animada, esp\u00edritu art\u00edstico y playas pr\u00edstinas. Pasee por sus calles coloridas, salpicadas de tiendas ecl\u00e9cticas y boutiques artesanales, y sienta la energ\u00eda de la cultura del surf de la ciudad. Disfrute de un d\u00eda tranquilo explorando galer\u00edas de arte locales, saboreando delicias de mariscos y tal vez atrapando una ola en los famosos lugares para surfear de Sayulita.<\/p><\/div>\n\t\t\n\t\t\t<\/div>\n\n\t<div class=\"media-content__right hover-images a-up a-delay-2\">\n\t\t<span class=\"media-content__gradient media-content__gradient-left\"><\/span>\n\t\t<span class=\"media-content__gradient media-content__gradient-right\"><\/span>\n\t\t<span class=\"media-content__gradient media-content__gradient-top\"><\/span>\n\t\t<span class=\"media-content__gradient media-content__gradient-bottom\"><\/span>\n\t\t\t\t\t\t\t<img decoding=\"async\" width=\"2000\" height=\"1333\" src=\"https:\/\/cdn.conradpuntademita.com\/wp-content\/uploads\/2024\/06\/09203600\/SanPanchoArt_RivieraNayaritCVB.jpg\" class=\"hover-image is-hovered\" alt=\"Se disponen decoraciones alrededor de la caba\u00f1a para crear un ambiente festivo para la celebraci\u00f3n.\" loading=\"lazy\" srcset=\"https:\/\/cdn.conradpuntademita.com\/wp-content\/uploads\/2024\/06\/09203600\/SanPanchoArt_RivieraNayaritCVB.jpg 2000w, https:\/\/cdn.conradpuntademita.com\/wp-content\/uploads\/2024\/06\/09203600\/SanPanchoArt_RivieraNayaritCVB-300x200.jpg 300w, https:\/\/cdn.conradpuntademita.com\/wp-content\/uploads\/2024\/06\/09203600\/SanPanchoArt_RivieraNayaritCVB-1024x682.jpg 1024w, https:\/\/cdn.conradpuntademita.com\/wp-content\/uploads\/2024\/06\/09203600\/SanPanchoArt_RivieraNayaritCVB-768x512.jpg 768w, https:\/\/cdn.conradpuntademita.com\/wp-content\/uploads\/2024\/06\/09203600\/SanPanchoArt_RivieraNayaritCVB-1536x1024.jpg 1536w, https:\/\/cdn.conradpuntademita.com\/wp-content\/uploads\/2024\/06\/09203600\/SanPanchoArt_RivieraNayaritCVB-18x12.jpg 18w, https:\/\/cdn.conradpuntademita.com\/wp-content\/uploads\/2024\/06\/09203600\/SanPanchoArt_RivieraNayaritCVB-600x400.jpg 600w\" sizes=\"auto, (max-width: 2000px) 100vw, 2000px\" \/>\t\t\t\t\t<\/div>\n\n\t\t<\/section>\n\n\n<section id=\"responsive-spacer-block_8dd3f86a0998fdbdb982f8cb880fed36\" class=\"responsive-spacer\">\n<\/section>\n<style>\n  #responsive-spacer-block_8dd3f86a0998fdbdb982f8cb880fed36 {\n    width: 100%;\n  }\n\n  #responsive-spacer-block_8dd3f86a0998fdbdb982f8cb880fed36 {\n    height: 38px;\n  }\n\n  @media (min-width: 769px) {\n    #responsive-spacer-block_8dd3f86a0998fdbdb982f8cb880fed36 {\n      height: 60px;\n    }\n  }\n\n  @media (min-width: 1201px) {\n    #responsive-spacer-block_8dd3f86a0998fdbdb982f8cb880fed36 {\n      height: 60px;\n    }\n  }\n\n  <\/style>\n\n\n<section class=\"block-content-resort\">\n    <div class=\"block-content-resort__content\">\n        <div class=\"block-content-resort__content--inner\">\n                            <h1 class=\"block-content-resort__heading heading2 a-up\">San Pancho: ambiente tranquilo y encanto cultural<\/h1>\n                                        <div class=\"block-content-resort__text a-up a-delay-1\"><p><span style=\"font-weight: 400;\">Hacia el norte, San Pancho ofrece un ambiente m\u00e1s tranquilo con sus relajadas playas y su rica escena cultural. Explora la pintoresca plaza del pueblo, practica yoga en un estudio local y sum\u00e9rgete en la escena art\u00edstica de los alrededores. San Pancho irradia un encanto relajado que te invita a relajarte y conectarte con los lugare\u00f1os y el aut\u00e9ntico esp\u00edritu de la Riviera Nayarit.<\/span><\/p>\n<\/div>\n                    <\/div>\n    <\/div>\n<\/section>\n\n\n\n\t<section class=\"media-content body-wrapper align-right not-link\" id=\"banner-block_0d3ea185b49ec9d7e2cac085f8d045d6\">\n\t<div class=\"media-content__left\">\n\t\t\t\t<h2 class=\"heading2 a-up\">\n\t\t\tLa Cruz de Huanacaxtle y Bucer\u00edas: pueblos pesqueros con estilo \t\t\t\t\t<\/h2>\n\t\t\t\t\n\t\t\n\t\t\n\t\t\t\t<div class=\"media-content__text a-up a-delay-2\"><p>Descubra el encanto costero de La Cruz de Huanacaxtle, un pueblo pesquero conocido por su animado puerto deportivo y paseo mar\u00edtimo. Disfrute de un fest\u00edn de mariscos en uno de los restaurantes locales y sum\u00e9rjase en el ambiente aut\u00e9ntico. Contin\u00fae su viaje hacia Bucer\u00edas, donde las calles adoquinadas conducen a mercados vibrantes que muestran el estilo art\u00edstico de la ciudad. Bucer\u00edas es un tesoro de artesan\u00edas hechas a mano, joyas y delicias locales.<\/p><\/div>\n\t\t\n\t\t\t<\/div>\n\n\t<div class=\"media-content__right hover-images a-up a-delay-2\">\n\t\t<span class=\"media-content__gradient media-content__gradient-left\"><\/span>\n\t\t<span class=\"media-content__gradient media-content__gradient-right\"><\/span>\n\t\t<span class=\"media-content__gradient media-content__gradient-top\"><\/span>\n\t\t<span class=\"media-content__gradient media-content__gradient-bottom\"><\/span>\n\t\t\t\t\t\t\t<img decoding=\"async\" width=\"2048\" height=\"1365\" src=\"https:\/\/cdn.conradpuntademita.com\/wp-content\/uploads\/2023\/07\/14022540\/NL-32.jpg\" class=\"hover-image is-hovered\" alt=\"Dos hombres anclan su barco en el oc\u00e9ano, mirando fijamente el agua.\" loading=\"lazy\" srcset=\"https:\/\/cdn.conradpuntademita.com\/wp-content\/uploads\/2023\/07\/14022540\/NL-32.jpg 2048w, https:\/\/cdn.conradpuntademita.com\/wp-content\/uploads\/2023\/07\/14022540\/NL-32-300x200.jpg 300w, https:\/\/cdn.conradpuntademita.com\/wp-content\/uploads\/2023\/07\/14022540\/NL-32-1024x683.jpg 1024w, https:\/\/cdn.conradpuntademita.com\/wp-content\/uploads\/2023\/07\/14022540\/NL-32-768x512.jpg 768w, https:\/\/cdn.conradpuntademita.com\/wp-content\/uploads\/2023\/07\/14022540\/NL-32-1536x1024.jpg 1536w, https:\/\/cdn.conradpuntademita.com\/wp-content\/uploads\/2023\/07\/14022540\/NL-32-18x12.jpg 18w, https:\/\/cdn.conradpuntademita.com\/wp-content\/uploads\/2023\/07\/14022540\/NL-32-600x400.jpg 600w\" sizes=\"auto, (max-width: 2048px) 100vw, 2048px\" \/>\t\t\t\t\t<\/div>\n\n\t\t<\/section>\n\n\n\n<section class=\"block-content-resort\">\n    <div class=\"block-content-resort__content\">\n        <div class=\"block-content-resort__content--inner\">\n                            <h1 class=\"block-content-resort__heading heading2 a-up\">San Sebasti\u00e1n del Oeste, Mascota y Talpa: retiros en la monta\u00f1a<\/h1>\n                                        <div class=\"block-content-resort__text a-up a-delay-1\"><p><span style=\"font-weight: 400;\">Para aquellos que buscan un cambio de escenario, avent\u00farense hacia las monta\u00f1as para explorar los pueblos hist\u00f3ricos de San Sebasti\u00e1n del Oeste, Mascota y Talpa. San Sebasti\u00e1n del Oeste, un Pueblo M\u00e1gico, te transportar\u00e1 al pasado con sus calles adoquinadas y su arquitectura colonial bien conservada. En Mascota, descubre un pueblo lleno de historia y adornado con plazas vibrantes. Concluye tu viaje en Talpa, famosa por su Bas\u00edlica y la venerada Virgen de Talpa, que atrae a peregrinos de lugares lejanos.<\/span><\/p>\n<\/div>\n                    <\/div>\n    <\/div>\n<\/section>\n\n\n<section id=\"responsive-spacer-block_8dd3f86a0998fdbdb982f8cb880fed36\" class=\"responsive-spacer\">\n<\/section>\n<style>\n  #responsive-spacer-block_8dd3f86a0998fdbdb982f8cb880fed36 {\n    width: 100%;\n  }\n\n  #responsive-spacer-block_8dd3f86a0998fdbdb982f8cb880fed36 {\n    height: 38px;\n  }\n\n  @media (min-width: 769px) {\n    #responsive-spacer-block_8dd3f86a0998fdbdb982f8cb880fed36 {\n      height: 60px;\n    }\n  }\n\n  @media (min-width: 1201px) {\n    #responsive-spacer-block_8dd3f86a0998fdbdb982f8cb880fed36 {\n      height: 60px;\n    }\n  }\n\n  <\/style>\n\n\n\t<section class=\"media-content body-wrapper align-right not-link\" id=\"banner-block_7944b65a9c3be758addf3b26adbd71ce\">\n\t<div class=\"media-content__left\">\n\t\t\t\t<h2 class=\"heading2 a-up\">\n\t\t\tDescripci\u00f3n general de su itinerario:\t\t\t\t\t<\/h2>\n\t\t\t\t\n\t\t\n\t\t\n\t\t\t\t<div class=\"media-content__text a-up a-delay-2\"><p>\u00b7 Salida desde Punta de Mita temprano por la ma\u00f1ana hacia Sayulita. \u00b7 Continuaci\u00f3n hacia el norte hasta San Pancho para un interludio cultural. \u00b7 Almuerzo en La Cruz de Huanacaxtle, luego exploraci\u00f3n de Bucer\u00edas. \u00b7 Para aquellos que buscan retiros en la monta\u00f1a, emprenda una excursi\u00f3n de un d\u00eda por separado a San Sebasti\u00e1n del Oeste, Mascota y Talpa.<\/p><\/div>\n\t\t\n\t\t\t<\/div>\n\n\t<div class=\"media-content__right hover-images a-up a-delay-2\">\n\t\t<span class=\"media-content__gradient media-content__gradient-left\"><\/span>\n\t\t<span class=\"media-content__gradient media-content__gradient-right\"><\/span>\n\t\t<span class=\"media-content__gradient media-content__gradient-top\"><\/span>\n\t\t<span class=\"media-content__gradient media-content__gradient-bottom\"><\/span>\n\t\t\t\t\t\t\t<img decoding=\"async\" width=\"1651\" height=\"2560\" src=\"https:\/\/cdn.conradpuntademita.com\/wp-content\/uploads\/2024\/06\/09203152\/SanPanchoBeach_RivieraNayaritCVB-scaled.jpg\" class=\"hover-image is-hovered\" alt=\"Los rayos del sol brillan en la arena de la playa mientras la gente disfruta de su tiempo en la orilla.\" loading=\"lazy\" srcset=\"https:\/\/cdn.conradpuntademita.com\/wp-content\/uploads\/2024\/06\/09203152\/SanPanchoBeach_RivieraNayaritCVB-scaled.jpg 1651w, https:\/\/cdn.conradpuntademita.com\/wp-content\/uploads\/2024\/06\/09203152\/SanPanchoBeach_RivieraNayaritCVB-193x300.jpg 193w, https:\/\/cdn.conradpuntademita.com\/wp-content\/uploads\/2024\/06\/09203152\/SanPanchoBeach_RivieraNayaritCVB-660x1024.jpg 660w, https:\/\/cdn.conradpuntademita.com\/wp-content\/uploads\/2024\/06\/09203152\/SanPanchoBeach_RivieraNayaritCVB-768x1191.jpg 768w, https:\/\/cdn.conradpuntademita.com\/wp-content\/uploads\/2024\/06\/09203152\/SanPanchoBeach_RivieraNayaritCVB-990x1536.jpg 990w, https:\/\/cdn.conradpuntademita.com\/wp-content\/uploads\/2024\/06\/09203152\/SanPanchoBeach_RivieraNayaritCVB-1320x2048.jpg 1320w, https:\/\/cdn.conradpuntademita.com\/wp-content\/uploads\/2024\/06\/09203152\/SanPanchoBeach_RivieraNayaritCVB-8x12.jpg 8w\" sizes=\"auto, (max-width: 1651px) 100vw, 1651px\" \/>\t\t\t\t\t<\/div>\n\n\t\t<\/section>\n\n\n<section id=\"responsive-spacer-block_8dd3f86a0998fdbdb982f8cb880fed36\" class=\"responsive-spacer\">\n<\/section>\n<style>\n  #responsive-spacer-block_8dd3f86a0998fdbdb982f8cb880fed36 {\n    width: 100%;\n  }\n\n  #responsive-spacer-block_8dd3f86a0998fdbdb982f8cb880fed36 {\n    height: 38px;\n  }\n\n  @media (min-width: 769px) {\n    #responsive-spacer-block_8dd3f86a0998fdbdb982f8cb880fed36 {\n      height: 60px;\n    }\n  }\n\n  @media (min-width: 1201px) {\n    #responsive-spacer-block_8dd3f86a0998fdbdb982f8cb880fed36 {\n      height: 60px;\n    }\n  }\n\n  <\/style>\n\n\n<section class=\"wysiwig body-wrapper half-center\" id=\"wysiwig-block_9c4e2c57a8d0a96fb373d62f5fe98797\">\n  <p style=\"text-align: center;\"><span style=\"font-weight: 400;\">Ya sea que te atraigan las playas bohemias, la tranquilidad de los pueblos costeros o el encanto hist\u00f3rico de los pueblos de monta\u00f1a, estas excursiones de un d\u00eda desde Punta de Mita prometen una variedad diversa de experiencias, capturando la esencia de los tesoros culturales y naturales de M\u00e9xico. <\/span><\/p>\n<\/section>\n\n<section id=\"responsive-spacer-block_8dd3f86a0998fdbdb982f8cb880fed36\" class=\"responsive-spacer\">\n<\/section>\n<style>\n  #responsive-spacer-block_8dd3f86a0998fdbdb982f8cb880fed36 {\n    width: 100%;\n  }\n\n  #responsive-spacer-block_8dd3f86a0998fdbdb982f8cb880fed36 {\n    height: 38px;\n  }\n\n  @media (min-width: 769px) {\n    #responsive-spacer-block_8dd3f86a0998fdbdb982f8cb880fed36 {\n      height: 60px;\n    }\n  }\n\n  @media (min-width: 1201px) {\n    #responsive-spacer-block_8dd3f86a0998fdbdb982f8cb880fed36 {\n      height: 60px;\n    }\n  }\n\n  <\/style>\n\n<section id=\"venues-spaces-block_08e30a8021ec6669885fa74f5644e9dc\" class=\"venues-spaces experience-events body-wrapper\" data-cpt=\"experience\">\n  \n      <h2 class=\"venues-spaces__heading a-up\">Experiencias dentro del Resort<\/h2>\n  \n      <div class=\"venues-spaces__items\">\n                \t\n\t<div class=\"loop-event\">\n\t<div class=\"loop-event__link-wrapper\">\n\t\t<div class=\"loop-event__link\">\n\t\n\t<div class=\"loop-event__img\">\n\t\t\t\t\t<a href=\"https:\/\/www.conradpuntademita.com\/es\/experiencias\/degustacion-de-licores-de-agave\/\" class=\"foto-hover\">\n\t\t\t\t\t\t\t\t\t<img decoding=\"async\" src=\"https:\/\/cdn.conradpuntademita.com\/wp-content\/uploads\/2022\/05\/13120249\/ConradPuntaMita-Spherical-JoeThomas-022022-22-810x790-1-585x730.webp\" alt=\"Chica mano vertiendo vodka en el vaso\">\n\t\t\t\n\t\t\t\t<\/a>\n\t\t\t\t\n\t<\/div>\n\n\n\n\n\t\t\n\n\t\t<\/div>\n\t\n\n\n\t<\/div>\n\n\t<div class=\"loop-event__info\">\n\n\t<h3 class='loop-event__heading heading3 a-up'>\n\tDegustaci\u00f3n de destilados de agave\t<\/h3>\n\n\t\t\t\t\t<div class=\"loop-event__text a-up a-delay-1\">\n\t\t\t\t<p>Nuestro Agave Studio est\u00e1 dedicado al antiguo destilado de agave y a sus m\u00faltiples y tentadoras formas. Nuestro experto en agave le guiar\u00e1 a trav\u00e9s de una cata seleccionada entre nuestras m\u00e1s de 200 botellas de tequila, mezcal, raicilla y sotol. Descubra su historia, procedencia y perfiles de sabor, acompa\u00f1ados de peque\u00f1os bocados. O reserve una cena de cinco platos con maridaje de agave. <\/p>\n\t\t\t<\/div>\n\t\t\n\t<div class=\"loop-event__cta-wrapper\">\n\t\t\t<a class=\"btn btn-secondary loop-event__cta a-up a-delay-2\" href=\"https:\/\/www.conradpuntademita.com\/es\/experiencias\/degustacion-de-licores-de-agave\/\" target=\"_self\">Descubre m\u00e1s<\/a>\n\t\n\t\n\t\t\t\t<\/div>\n\n\t<\/div>\n\t<\/div>\n\t                \t          <\/div>\n  \n  <\/section>","protected":false},"excerpt":{"rendered":"<p>Emb\u00e1rcate en un viaje desde Punta de Mita a los encantadores Pueblos M\u00e1gicos y joyas hist\u00f3ricas, explorando el diverso tapiz de la costa del Pac\u00edfico de M\u00e9xico en este cautivador itinerario.<\/p>","protected":false},"featured_media":9849,"parent":0,"menu_order":0,"template":"","meta":{"_acf_changed":true,"inline_featured_image":false},"editorial_category":[75,77],"class_list":["post-9540","editorial","type-editorial","status-publish","has-post-thumbnail","hentry","editorial_category-adventure","editorial_category-resort"],"acf":[],"publishpress_future_workflow_manual_trigger":{"enabledWorkflows":[]},"_links":{"self":[{"href":"https:\/\/www.conradpuntademita.com\/es\/wp-json\/wp\/v2\/editorial\/9540","targetHints":{"allow":["GET"]}}],"collection":[{"href":"https:\/\/www.conradpuntademita.com\/es\/wp-json\/wp\/v2\/editorial"}],"about":[{"href":"https:\/\/www.conradpuntademita.com\/es\/wp-json\/wp\/v2\/types\/editorial"}],"wp:featuredmedia":[{"embeddable":true,"href":"https:\/\/www.conradpuntademita.com\/es\/wp-json\/wp\/v2\/media\/9849"}],"wp:attachment":[{"href":"https:\/\/www.conradpuntademita.com\/es\/wp-json\/wp\/v2\/media?parent=9540"}],"wp:term":[{"taxonomy":"editorial_category","embeddable":true,"href":"https:\/\/www.conradpuntademita.com\/es\/wp-json\/wp\/v2\/editorial_category?post=9540"}],"curies":[{"name":"wp","href":"https:\/\/api.w.org\/{rel}","templated":true}]}}