{"id":2449,"date":"2022-05-27T10:37:41","date_gmt":"2022-05-27T10:37:41","guid":{"rendered":"https:\/\/www.conradpuntademita.com\/?post_type=experience&#038;p=2449"},"modified":"2025-10-15T10:24:21","modified_gmt":"2025-10-15T10:24:21","slug":"dia-de-muertos","status":"publish","type":"experience","link":"https:\/\/www.conradpuntademita.com\/es\/experiencias\/dia-de-muertos\/","title":{"rendered":"dia de muertos"},"content":{"rendered":"<section id=\"banner-block_0a01d1ce70f6c8ec430630dc9570b4b3\" class=\"banner gradient-banner full-height-banner full-height single-room\">\n  <div class=\"banner-wrapper\">\n          <img decoding=\"async\" src=\"https:\/\/cdn.conradpuntademita.com\/wp-content\/uploads\/2022\/05\/03191304\/dia-de-muertos.jpg\" alt=\"dia-de-muertos\" class=\"banner__img banner__media\">\n      <\/div>\n\n      <div class=\"banner-content\">\n              <h1 class=\"banner-title heading1\">D\u00eda de Muertos<\/h1>\n      \n              <h3 class=\"banner-subtitle heading5\">en Conrad Punta de Mita<\/h3>\n              \n      \n<\/section>\n\n\n\n<div style=\"height:10px\" aria-hidden=\"true\" class=\"wp-block-spacer\"><\/div>\n\n\n\n<section class=\"block-content\">\n  <div class=\"block-content-wrapper\">\n    <div class=\"block-content__content content\"><p style=\"text-align: center;\">Sum\u00e9rgete en el vibrante esp\u00edritu del D\u00eda de Muertos en nuestra celebraci\u00f3n, donde las tradiciones cobran vida en un tapiz de color y alegr\u00eda. Sum\u00e9rgete en el ambiente animado mientras la pintura facial de Catr\u00edn y Catrina te transforma en figuras ic\u00f3nicas, encarnando la esencia de esta venerada festividad mexicana.<\/p>\n<p style=\"text-align: center;\" data-start=\"528\" data-end=\"886\">La celebraci\u00f3n de este a\u00f1o incluye Catrinas, altares luminosos y pintura facial en vivo. Los artesanos emergentes presentan dulces regionales en Colibr\u00ed, creaciones huicholes y alebrijes originales inspirados en historias queridas. Las familias se re\u00fanen para disfrutar del cine al aire libre bajo las estrellas mientras la m\u00fasica y los aromas se extienden por todo el resort.<\/p>\n<p>&nbsp;<\/p>\n<p style=\"text-align: center;\"><a class=\"btn btn-primary\" href=\"https:\/\/www.hilton.com\/en\/book\/reservation\/deeplink\/?&amp;ctyhocn=PVRPMCI&amp;spec_plan=PGAIRO&amp;requestedRatesOnly=true&amp;arrivalDate=2025-10-29&amp;departureDate=2025-11-01&amp;flexibleDates=true\" target=\"_blank\" rel=\"noopener\">Consulta disponibilidad<\/a>\u00a0 |\u00a0 <a href=\"https:\/\/cdn.conradpuntademita.com\/wp-content\/uploads\/2025\/10\/09143726\/Conrad_DiaDeMuertos2025_E-Brochure_EN-1.pdf\">Ver folleto<\/a><\/p>\n<\/div>\n  <\/div>\n<\/section>\n\n\n\t<section class=\"media-content body-wrapper not-link\" id=\"banner-block_67ce6ff6757fc3d9bfe3b78d7a94a6fb\">\n\t<div class=\"media-content__left\">\n\t\t\t\t<h2 class=\"heading2 a-up\">\n\t\t\tBuffet mexicano en <br\/>Mezquite\t\t\t\t\t<\/h2>\n\t\t\t\t\t\t\t<h4 class=\"media-content__subheading a-up a-delay-1\">Una noche de sabores que honran la tradici\u00f3n<\/h4>\n\t\t\n\t\t\n\t\t\n\t\t\t\t<div class=\"media-content__text a-up a-delay-2\"><p>En Mezquite, un buf\u00e9 mexicano invita a familias y amigos a compartir platillos inspirados en la tradici\u00f3n y la festividad. La colorida decoraci\u00f3n y el ambiente en vivo crean el ambiente perfecto para una noche memorable, donde el emblem\u00e1tico Pan de Muerto completa el fest\u00edn como s\u00edmbolo del recuerdo. Se recomienda reservar con anticipaci\u00f3n para disfrutar plenamente de esta experiencia.<\/p><\/div>\n\t\t\n\t\t\t\t\t<style>\n\t\t\t.media-content__cta-container {\n\t\t\t\tdisplay: flex;\n\t\t\t\tgap: 10px; \/* Espacio entre botones *\/\n\t\t\t}\n\n\t\t\t.media-content__cta {\n\t\t\t\twhite-space: nowrap; \/* Asegura que no se rompan en l\u00edneas *\/\n\t\t\t}\n\t\t\t<\/style>\n\t\t\t<div class=\"media-content__cta-container\">\n\t\t\t\t<a href=\"mailto:PVRPM.FBReservations@conradhotels.com\" target=\"\" class=\"btn a-up a-delay-4 media-content__cta\">Reserva tu asiento<\/a>\n\t\t\t\t\n\t\t\t\t\t\t\t\t\t<\/div>\n\t\t\t\t\t<\/div>\n\n\t<div class=\"media-content__right hover-images a-up a-delay-2\">\n\t\t<span class=\"media-content__gradient media-content__gradient-left\"><\/span>\n\t\t<span class=\"media-content__gradient media-content__gradient-right\"><\/span>\n\t\t<span class=\"media-content__gradient media-content__gradient-top\"><\/span>\n\t\t<span class=\"media-content__gradient media-content__gradient-bottom\"><\/span>\n\t\t\t\t\t\t\t<img decoding=\"async\" width=\"1920\" height=\"1280\" src=\"https:\/\/cdn.conradpuntademita.com\/wp-content\/uploads\/2022\/05\/15102357\/NL-45.webp\" class=\"hover-image is-hovered\" alt=\"Persona con corona de flores colorida, vestido tradicional bordado, pintura corporal de esqueleto y collares se encuentra al aire libre.\" loading=\"lazy\" srcset=\"https:\/\/cdn.conradpuntademita.com\/wp-content\/uploads\/2022\/05\/15102357\/NL-45.webp 1920w, https:\/\/cdn.conradpuntademita.com\/wp-content\/uploads\/2022\/05\/15102357\/NL-45-300x200.webp 300w, https:\/\/cdn.conradpuntademita.com\/wp-content\/uploads\/2022\/05\/15102357\/NL-45-1024x683.webp 1024w, https:\/\/cdn.conradpuntademita.com\/wp-content\/uploads\/2022\/05\/15102357\/NL-45-768x512.webp 768w, https:\/\/cdn.conradpuntademita.com\/wp-content\/uploads\/2022\/05\/15102357\/NL-45-1536x1024.webp 1536w, https:\/\/cdn.conradpuntademita.com\/wp-content\/uploads\/2022\/05\/15102357\/NL-45-18x12.webp 18w, https:\/\/cdn.conradpuntademita.com\/wp-content\/uploads\/2022\/05\/15102357\/NL-45-600x400.webp 600w\" sizes=\"auto, (max-width: 1920px) 100vw, 1920px\" \/>\t\t\t\t\t<\/div>\n\n\t\t<\/section>\n\n\n\n<section class=\"taste-gallery\" id=\"banner-block_c5c78a1fcf7f7b345d4429ca44a1d18d\">\n  <div class=\"taste-gallery__main\">\n          <h2 class=\"heading2 a-up\">Experiencias para descubrir<\/h2>\n    \n    \n          <div class=\"content taste-gallery__content a-up a-delay-2\">Desde el arte hasta la tradici\u00f3n, cada experiencia est\u00e1 dise\u00f1ada para cautivar a visitantes de todas las edades y sumergirlos en el esp\u00edritu del D\u00eda de Muertos. Participe, observe y disfrute momentos que crear\u00e1n recuerdos imborrables.<\/div>\n    \n      <\/div>\n\n      <div class=\"taste-gallery__items\">\n              <div class=\"taste-gallery__item gallery-item a-up a-delay-0\">\n          <div class=\"gallery-item__media\">\n                          <img decoding=\"async\" loading=\"lazy\" src=\"https:\/\/cdn.conradpuntademita.com\/wp-content\/uploads\/2022\/05\/03191658\/alebrijes-pop-up.jpg\" class=\"gallery-item__img\" alt=\"alebrijes-pop-up\">\n                      <\/div>\n\n          <div class=\"gallery-item__content\">\n                          <h3 class=\"gallery-item__title\">Arte Huichol y Alebrijes<\/h3>\n            \n                          <div class=\"content\"><p>Los artesanos locales comparten su oficio con dise\u00f1os intrincados y creaciones v\u00edvidas, ofreciendo una ventana a la riqueza de la tradici\u00f3n regional.<\/p><\/div>\n            \n                      <\/div>\n        <\/div>\n              <div class=\"taste-gallery__item gallery-item a-up a-delay-1\">\n          <div class=\"gallery-item__media\">\n                          <img decoding=\"async\" loading=\"lazy\" src=\"https:\/\/cdn.conradpuntademita.com\/wp-content\/uploads\/2022\/05\/03191531\/dia-de-muertos-paint-face.jpg\" class=\"gallery-item__img\" alt=\"D\u00eda de Muertos: Pintar la cara\">\n                      <\/div>\n\n          <div class=\"gallery-item__content\">\n                          <h3 class=\"gallery-item__title\">Pintura facial<\/h3>\n            \n                          <div class=\"content\"><p>Se invita a ni\u00f1os y adultos a transformarse en Catrinas y Catrines a trav\u00e9s de la pintura facial.<\/p><\/div>\n            \n                      <\/div>\n        <\/div>\n          <\/div>\n  <\/section>\n\n\n<section id=\"offers-module-block_81693a387a35e33a191520dc5f54622e\" class=\"offers-module\">\n  <div class=\"offers-module__info\">\n\n\n\n          <h2 class=\"offers-module__heading heading2 a-up\">Planifica tu visita<\/h2>\n    \n          <h6 class=\"offers-module__subheading heading3 a-up a-delay-1\">Ofertas Especiales<\/h6>\n    \n          <p class=\"offers-module__desc content a-up a-delay-2\">\n        Comience su viaje de relajaci\u00f3n y disfrute de los encantos naturales de este santuario. A solo unos pasos de una de las mejores playas de la Riviera Nayarit, Conrad Punta de Mita est\u00e1 rodeado de serenos paisajes con infinitas opciones para relajarse y divertirse.      <\/p>\n    \n        <div class=\"offers-module__btn--wrapper a-up\">\n      <a href=\"\/es\/ofertas\/\" class=\"btn offers-module__btn\" target=\"\">\n        DESCUBRE M\u00c1S      <\/a>\n    <\/div>\n    \n  <\/div>\n      <div class=\"offers-module__grid swiper\">\n      <div class=\"swiper-wrapper offers-module__swiper\">\n        <style>\n\n.loop-offer__content {\n  display: flex;\n  flex-direction: column;\n  flex-grow: 1;\n  justify-content: space-between;\n}\n\n\n\n.swiper-slide {\n    height: auto !important;\n}\n\n<\/style>\n\n  <article class=\"loop-offer swiper-slide\" data-id=\"18717\">\n    <a href=\"https:\/\/www.hilton.com\/en\/book\/reservation\/deeplink\/?&#038;ctyhocn=PVRPMCI&#038;spec_plan=NE&#038;requestedRatesOnly=true&#038;arrivalDate=2026-03-01&#038;departureDate=2026-03-04&#038;flexibleDates=true&#038;displayCurrency=USD\" target=\"\" rel=\"noopener\">\n      <div class=\"loop-offer__image\">\n                  <div class=\"img-a\">\n            <div class=\"gradient-overlay foto-hover\">\n              <img decoding=\"async\" loading=\"lazy\" src=\"https:\/\/cdn.conradpuntademita.com\/wp-content\/uploads\/2026\/03\/01215607\/CPM-Transportation-Package-585x675.jpg\" srcset=\"https:\/\/cdn.conradpuntademita.com\/wp-content\/uploads\/2026\/03\/01215607\/CPM-Transportation-Package-1170x675.jpg\" alt=\"Conrad Punta de Mita\" class=\"loop-offer__bg\">\n            <\/div>\n          <\/div>\n        \n      <\/div>\n    <\/a>\n\n    <div class=\"loop-offer__content content\">\n      <h6 class=\"loop-offer__title a-up\">\n        Experiencia de llegada exclusiva      <\/h6>\n              <p class=\"loop-offer__excerpt a-up a-delay-1\">Paquete de traslado al aeropuerto Conrad Punta de Mita: 25% de descuento en alojamientos premium elegibles, incluyendo traslados privados de ida y vuelta en SUV desde el aeropuerto (PVR). Estancia m\u00ednima de 3 noches.<\/p>\n      \n\n\n              <a href=\"https:\/\/www.hilton.com\/en\/book\/reservation\/deeplink\/?&#038;ctyhocn=PVRPMCI&#038;spec_plan=NE&#038;requestedRatesOnly=true&#038;arrivalDate=2026-03-01&#038;departureDate=2026-03-04&#038;flexibleDates=true&#038;displayCurrency=USD\" class=\"btn loop-offer__btn  btn-outline\" target=\"\" rel=\"noopener\">\n                        Reservar        <\/a>\n            \n    <\/div>\n  <\/article>\n<style>\n\n.loop-offer__content {\n  display: flex;\n  flex-direction: column;\n  flex-grow: 1;\n  justify-content: space-between;\n}\n\n\n\n.swiper-slide {\n    height: auto !important;\n}\n\n<\/style>\n\n  <article class=\"loop-offer swiper-slide\" data-id=\"17842\">\n    <a href=\"https:\/\/www.hilton.com\/en\/book\/reservation\/deeplink\/?&#038;ctyhocn=PVRPMCI&#038;spec_plan=PGAIRO&#038;requestedRatesOnly=true&#038;arrivalDate=2026-01-01&#038;departureDate=2026-01-04&#038;flexibleDates=true\" target=\"\" rel=\"noopener\">\n      <div class=\"loop-offer__image\">\n                  <div class=\"img-a\">\n            <div class=\"gradient-overlay foto-hover\">\n              <img decoding=\"async\" loading=\"lazy\" src=\"https:\/\/cdn.conradpuntademita.com\/wp-content\/uploads\/2025\/12\/15223123\/CPM-Resort-Credit-Offer-585x730.jpg\" srcset=\"https:\/\/cdn.conradpuntademita.com\/wp-content\/uploads\/2025\/12\/15223123\/CPM-Resort-Credit-Offer-1170x1000.jpg\" alt=\"Mujer relaj\u00e1ndose en la piscina de la azotea con desayuno flotante, champ\u00e1n y vistas panor\u00e1micas al oc\u00e9ano.\" class=\"loop-offer__bg\">\n            <\/div>\n          <\/div>\n        \n      <\/div>\n    <\/a>\n\n    <div class=\"loop-offer__content content\">\n      <h6 class=\"loop-offer__title a-up\">\n        Oferta de cr\u00e9dito del resort      <\/h6>\n              <p class=\"loop-offer__excerpt a-up a-delay-1\">Disfrute de m\u00e1s tiempo para relajarse con su tercera noche por nuestra cuenta, adem\u00e1s de un cr\u00e9dito de $200 USD para experiencias gastron\u00f3micas y de spa en el Conrad Punta de Mita.<\/p>\n      \n\n\n              <a href=\"https:\/\/www.hilton.com\/en\/book\/reservation\/deeplink\/?&#038;ctyhocn=PVRPMCI&#038;spec_plan=PGAIRO&#038;requestedRatesOnly=true&#038;arrivalDate=2026-01-01&#038;departureDate=2026-01-04&#038;flexibleDates=true\" class=\"btn loop-offer__btn  btn-outline\" target=\"\" rel=\"noopener\">\n                        Reservar        <\/a>\n            \n    <\/div>\n  <\/article>\n<style>\n\n.loop-offer__content {\n  display: flex;\n  flex-direction: column;\n  flex-grow: 1;\n  justify-content: space-between;\n}\n\n\n\n.swiper-slide {\n    height: auto !important;\n}\n\n<\/style>\n\n  <article class=\"loop-offer swiper-slide\" data-id=\"4742\">\n    <a href=\"https:\/\/www.hilton.com\/en\/book\/reservation\/deeplink\/?&#038;ctyhocn=PVRPMCI&#038;spec_plan=OW&#038;requestedRatesOnly=true&#038;arrivalDate=2024-08-01&#038;departureDate=2024-08-03&#038;flexibleDates=true\" target=\"_blank\" rel=\"noopener\">\n      <div class=\"loop-offer__image\">\n                  <div class=\"img-a\">\n            <div class=\"gradient-overlay foto-hover\">\n              <img decoding=\"async\" loading=\"lazy\" src=\"https:\/\/cdn.conradpuntademita.com\/wp-content\/uploads\/2022\/05\/13123545\/ConradPuntaMita-Spherical-JoeThomas-022022-130-585x730.webp\" srcset=\"https:\/\/cdn.conradpuntademita.com\/wp-content\/uploads\/2022\/05\/13123545\/ConradPuntaMita-Spherical-JoeThomas-022022-130-1170x1365.jpg\" alt=\"Imagen de algunos \u00e1rboles en la playa con vista al mar.\" class=\"loop-offer__bg\">\n            <\/div>\n          <\/div>\n        \n      <\/div>\n    <\/a>\n\n    <div class=\"loop-offer__content content\">\n      <h6 class=\"loop-offer__title a-up\">\n        Tarifa Residentes Mexicanos <br\/> Desde 6200MXN      <\/h6>\n              <p class=\"loop-offer__excerpt a-up a-delay-1\">Los residentes disfrutan de hasta 30% de descuento en alojamiento, desayuno diario, 20% de descuento en comida y bebida y spa, los ni\u00f1os comen gratis y salida tard\u00eda.<\/p>\n      \n\n\n              <a href=\"https:\/\/www.hilton.com\/en\/book\/reservation\/deeplink\/?&#038;ctyhocn=PVRPMCI&#038;spec_plan=OW&#038;requestedRatesOnly=true&#038;arrivalDate=2024-08-01&#038;departureDate=2024-08-03&#038;flexibleDates=true\" class=\"btn loop-offer__btn  btn-outline\" target=\"_blank\" rel=\"noopener\">\n                        Reservar        <\/a>\n            \n    <\/div>\n  <\/article>\n<style>\n\n.loop-offer__content {\n  display: flex;\n  flex-direction: column;\n  flex-grow: 1;\n  justify-content: space-between;\n}\n\n\n\n.swiper-slide {\n    height: auto !important;\n}\n\n<\/style>\n\n  <article class=\"loop-offer swiper-slide\" data-id=\"18550\">\n    <a href=\"https:\/\/www.hilton.com\/en\/book\/reservation\/deeplink\/?&#038;ctyhocn=PVRPMCI&#038;spec_plan=NU&#038;requestedRatesOnly=true&#038;arrivalDate=2026-01-01&#038;departureDate=2026-01-03&#038;flexibleDates=true&#038;displayCurrency=USD\" target=\"\" rel=\"noopener\">\n      <div class=\"loop-offer__image\">\n                  <div class=\"img-a\">\n            <div class=\"gradient-overlay foto-hover\">\n              <img decoding=\"async\" loading=\"lazy\" src=\"https:\/\/cdn.conradpuntademita.com\/wp-content\/uploads\/2026\/02\/12201001\/CPM-Family-Offer-585x730.jpg\" srcset=\"https:\/\/cdn.conradpuntademita.com\/wp-content\/uploads\/2026\/02\/12201001\/CPM-Family-Offer-1170x1000.jpg\" alt=\"\" class=\"loop-offer__bg\">\n            <\/div>\n          <\/div>\n        \n      <\/div>\n    <\/a>\n\n    <div class=\"loop-offer__content content\">\n      <h6 class=\"loop-offer__title a-up\">\n        Oferta de Tradiciones Familiares      <\/h6>\n              <p class=\"loop-offer__excerpt a-up a-delay-1\">Planifique su escapada a Punta de Mita con la Oferta Tradiciones Familiares en Conrad Punta de Mita, que ofrece 20% de descuento, desayuno para adultos, ni\u00f1os menores de 12 a\u00f1os comen gratis y mucho m\u00e1s.<\/p>\n      \n\n\n              <a href=\"https:\/\/www.hilton.com\/en\/book\/reservation\/deeplink\/?&#038;ctyhocn=PVRPMCI&#038;spec_plan=NU&#038;requestedRatesOnly=true&#038;arrivalDate=2026-01-01&#038;departureDate=2026-01-03&#038;flexibleDates=true&#038;displayCurrency=USD\" class=\"btn loop-offer__btn  btn-outline\" target=\"\" rel=\"noopener\">\n                        Reservar        <\/a>\n            \n    <\/div>\n  <\/article>\n<style>\n\n.loop-offer__content {\n  display: flex;\n  flex-direction: column;\n  flex-grow: 1;\n  justify-content: space-between;\n}\n\n\n\n.swiper-slide {\n    height: auto !important;\n}\n\n<\/style>\n\n  <article class=\"loop-offer swiper-slide\" data-id=\"7489\">\n    <a href=\"https:\/\/www.hilton.com\/en\/book\/reservation\/deeplink?&#038;ctyhocn=PVRPMCI&#038;spec_plan=RPSPRO&#038;requestedRatesOnly=true&#038;arrivalDate=2025-02-25&#038;departureDate=2025-03-01&#038;flexibleDates=true\" target=\"\" rel=\"noopener\">\n      <div class=\"loop-offer__image\">\n                  <div class=\"img-a\">\n            <div class=\"gradient-overlay foto-hover\">\n              <img decoding=\"async\" loading=\"lazy\" src=\"https:\/\/cdn.conradpuntademita.com\/wp-content\/uploads\/2024\/01\/10160525\/conrad-punta-de-mita-aereal-585x730.jpg\" srcset=\"https:\/\/cdn.conradpuntademita.com\/wp-content\/uploads\/2024\/01\/10160525\/conrad-punta-de-mita-aereal-1170x1332.jpg\" alt=\"Resort de lujo frente al mar con edificios blancos, piscina sinuosa, palmeras y monta\u00f1as iluminadas por el atardecer en el fondo.\" class=\"loop-offer__bg\">\n            <\/div>\n          <\/div>\n        \n      <\/div>\n    <\/a>\n\n    <div class=\"loop-offer__content content\">\n      <h6 class=\"loop-offer__title a-up\">\n        Cuarta noche por nuestra cuenta      <\/h6>\n              <p class=\"loop-offer__excerpt a-up a-delay-1\">Esc\u00e1pese a la serena belleza de Conrad Punta de Mita y experimente el lujo como nunca antes. Reserve una estad\u00eda de 3 noches y disfrute de la cuarta noche por nuestra cuenta, adem\u00e1s de un cr\u00e9dito de resort de $250.<\/p>\n      \n\n\n              <a href=\"https:\/\/www.hilton.com\/en\/book\/reservation\/deeplink?&#038;ctyhocn=PVRPMCI&#038;spec_plan=RPSPRO&#038;requestedRatesOnly=true&#038;arrivalDate=2025-02-25&#038;departureDate=2025-03-01&#038;flexibleDates=true\" class=\"btn loop-offer__btn  btn-outline\" target=\"\" rel=\"noopener\">\n                        Reservar        <\/a>\n            \n    <\/div>\n  <\/article>\n<style>\n\n.loop-offer__content {\n  display: flex;\n  flex-direction: column;\n  flex-grow: 1;\n  justify-content: space-between;\n}\n\n\n\n.swiper-slide {\n    height: auto !important;\n}\n\n<\/style>\n\n      <\/div>\n    <\/div>\n  \n      <div class=\"offers-module__extra-link a-up a-delay-3\">\n      <a href=\"https:\/\/www.conradpuntademita.com\/es\/ofertas\/\" target=\"\">DETALLES DE LAS OFERTAS<\/a>\n    <\/div>\n  \n\n<\/section>","protected":false},"excerpt":{"rendered":"<p>Sum\u00e9rgete en una de las festividades m\u00e1s queridas de M\u00e9xico, el D\u00eda de Muertos (1 y 2 de noviembre), donde honramos a nuestros ancestros con coloridos disfraces, decoraciones festivas y recetas centenarias. Acomp\u00e1\u00f1anos en nuestra presentaci\u00f3n, que incluye pintura facial, catrinas, altares, artesan\u00eda y una cena festiva a orillas del Pac\u00edfico.<\/p>","protected":false},"featured_media":16838,"parent":0,"menu_order":22,"template":"","meta":{"_acf_changed":false,"inline_featured_image":false},"experience_category":[56],"experience_season":[34],"class_list":["post-2449","experience","type-experience","status-publish","has-post-thumbnail","hentry","experience_category-holidays","experience_season-fall"],"acf":[],"publishpress_future_workflow_manual_trigger":{"enabledWorkflows":[]},"_links":{"self":[{"href":"https:\/\/www.conradpuntademita.com\/es\/wp-json\/wp\/v2\/experience\/2449","targetHints":{"allow":["GET"]}}],"collection":[{"href":"https:\/\/www.conradpuntademita.com\/es\/wp-json\/wp\/v2\/experience"}],"about":[{"href":"https:\/\/www.conradpuntademita.com\/es\/wp-json\/wp\/v2\/types\/experience"}],"wp:featuredmedia":[{"embeddable":true,"href":"https:\/\/www.conradpuntademita.com\/es\/wp-json\/wp\/v2\/media\/16838"}],"wp:attachment":[{"href":"https:\/\/www.conradpuntademita.com\/es\/wp-json\/wp\/v2\/media?parent=2449"}],"wp:term":[{"taxonomy":"experience_category","embeddable":true,"href":"https:\/\/www.conradpuntademita.com\/es\/wp-json\/wp\/v2\/experience_category?post=2449"},{"taxonomy":"experience_season","embeddable":true,"href":"https:\/\/www.conradpuntademita.com\/es\/wp-json\/wp\/v2\/experience_season?post=2449"}],"curies":[{"name":"wp","href":"https:\/\/api.w.org\/{rel}","templated":true}]}}