{"id":3967,"date":"2022-10-21T18:39:44","date_gmt":"2022-10-21T18:39:44","guid":{"rendered":"https:\/\/www.conradpuntademita.com\/?post_type=experience&#038;p=3967"},"modified":"2025-10-15T15:35:52","modified_gmt":"2025-10-15T15:35:52","slug":"accion-de-gracias","status":"publish","type":"experience","link":"https:\/\/www.conradpuntademita.com\/es\/experiencias\/accion-de-gracias\/","title":{"rendered":"Acci\u00f3n de gracias"},"content":{"rendered":"<section id=\"banner-block_949a7c1caeec40c603add44d2d7fce48\" class=\"banner gradient-banner full-height-banner full-height single-room\">\n  <div class=\"banner-wrapper\">\n          <img decoding=\"async\" src=\"https:\/\/cdn.conradpuntademita.com\/wp-content\/uploads\/2023\/03\/06161535\/ConradPuntaMita-Spherical-JoeThomas-022022-81-1-1.webp\" alt=\"ConradPuntaMita-Spherical-JoeThomas-022022-81-1\" class=\"banner__img banner__media\">\n      <\/div>\n\n      <div class=\"banner-content\">\n              <h1 class=\"banner-title heading1\">Acci\u00f3n de gracias<\/h1>\n      \n              \n      \n<\/section>\n\n\n<section id=\"responsive-spacer-block_2b07086737f84d56179cb07ff12ca975\" class=\"responsive-spacer\">\n<\/section>\n<style>\n  #responsive-spacer-block_2b07086737f84d56179cb07ff12ca975 {\n    width: 100%;\n  }\n\n  <\/style>\n\n\n<section class=\"block-content\">\n  <div class=\"block-content-wrapper\">\n    <div class=\"block-content__content content\"><p style=\"text-align: center;\">Celebre el D\u00eda de Acci\u00f3n de Gracias en las serenas costas de Riviera Nayarit, donde la brisa del mar y los impresionantes atardeceres crean el ambiente perfecto para unas vacaciones inolvidables. Los hu\u00e9spedes est\u00e1n invitados a disfrutar de experiencias culinarias gourmet, rituales de bienestar rejuvenecedores y actividades cuidadosamente seleccionadas que hacen del D\u00eda de Acci\u00f3n de Gracias algo m\u00e1s que una comida: una experiencia totalmente inmersiva.<\/p>\n<p>&nbsp;<\/p>\n<p style=\"text-align: center;\"><a class=\"btn btn-primary\" href=\"https:\/\/www.hilton.com\/en\/book\/reservation\/deeplink\/?&amp;ctyhocn=PVRPMCI&amp;spec_plan=P2&amp;requestedRatesOnly=true&amp;arrivalDate=2025-11-24&amp;departureDate=2025-11-28&amp;flexibleDates=true\" target=\"_blank\" rel=\"noopener\">Reserva ahora<\/a> | <a href=\"https:\/\/cdn.conradpuntademita.com\/wp-content\/uploads\/2025\/10\/09143802\/Conrad_Thanksgiving2025_E-Brochure_EN.pdf\">Ver folleto de Acci\u00f3n de Gracias<\/a><\/p>\n<\/div>\n  <\/div>\n<\/section>\n\n\n\t<section class=\"media-content body-wrapper align-center not-link\" id=\"banner-block_b7422adb2c1183cc0e8d7f4f999934a3\">\n\t<div class=\"media-content__left\">\n\t\t\t\t<h2 class=\"heading2 a-up\">\n\t\t\tCodex\t\t\t\t\t\t<span class=\"heading2-italic\">Men\u00fa Degustaci\u00f3n<\/span>\n\t\t\t\t\t<\/h2>\n\t\t\t\t\n\t\t\n\t\t\n\t\t\t\t<div class=\"media-content__text a-up a-delay-2\"><p>Mejore su experiencia con Codex, que ofrece un men\u00fa degustaci\u00f3n \u00edntimo que muestra la maestr\u00eda del chef. Cada plato est\u00e1 cuidadosamente elaborado para ofrecer una experiencia culinaria refinada, llena de sabores y texturas.<\/p><\/div>\n\t\t\n\t\t\t\t\t<style>\n\t\t\t.media-content__cta-container {\n\t\t\t\tdisplay: flex;\n\t\t\t\tgap: 10px; \/* Espacio entre botones *\/\n\t\t\t}\n\n\t\t\t.media-content__cta {\n\t\t\t\twhite-space: nowrap; \/* Asegura que no se rompan en l\u00edneas *\/\n\t\t\t}\n\t\t\t<\/style>\n\t\t\t<div class=\"media-content__cta-container\">\n\t\t\t\t<a href=\"mailto:PVRPM.FBReservations@conradhotels.com\" target=\"_blank\" class=\"btn a-up a-delay-4 media-content__cta\">Reserva ahora<\/a>\n\t\t\t\t\n\t\t\t\t\t\t\t\t\t<\/div>\n\t\t\t\t\t<\/div>\n\n\t<div class=\"media-content__right hover-images a-up a-delay-2\">\n\t\t<span class=\"media-content__gradient media-content__gradient-left\"><\/span>\n\t\t<span class=\"media-content__gradient media-content__gradient-right\"><\/span>\n\t\t<span class=\"media-content__gradient media-content__gradient-top\"><\/span>\n\t\t<span class=\"media-content__gradient media-content__gradient-bottom\"><\/span>\n\t\t\t\t\t\t\t<img decoding=\"async\" width=\"1699\" height=\"1920\" src=\"https:\/\/cdn.conradpuntademita.com\/wp-content\/uploads\/2022\/05\/15153128\/dinner-codex-e1732654837140.webp\" class=\"hover-image is-hovered\" alt=\"Una pareja disfruta de un delicioso desayuno juntos en la playa, junto a la orilla.\" loading=\"lazy\" srcset=\"https:\/\/cdn.conradpuntademita.com\/wp-content\/uploads\/2022\/05\/15153128\/dinner-codex-e1732654837140.webp 1699w, https:\/\/cdn.conradpuntademita.com\/wp-content\/uploads\/2022\/05\/15153128\/dinner-codex-e1732654837140-265x300.webp 265w, https:\/\/cdn.conradpuntademita.com\/wp-content\/uploads\/2022\/05\/15153128\/dinner-codex-e1732654837140-906x1024.webp 906w, https:\/\/cdn.conradpuntademita.com\/wp-content\/uploads\/2022\/05\/15153128\/dinner-codex-e1732654837140-768x868.webp 768w, https:\/\/cdn.conradpuntademita.com\/wp-content\/uploads\/2022\/05\/15153128\/dinner-codex-e1732654837140-1359x1536.webp 1359w, https:\/\/cdn.conradpuntademita.com\/wp-content\/uploads\/2022\/05\/15153128\/dinner-codex-e1732654837140-11x12.webp 11w\" sizes=\"auto, (max-width: 1699px) 100vw, 1699px\" \/>\t\t\t\t\t<\/div>\n\n\t\t<\/section>\n\n\n  <section id=\"slider-block_4c25e05621f640ce9af57683c530389f\" class=\"slider  slick-slider body-wrapper\">\n    <div class=\"container\">\n      <div class=\"slides slides-images\">\n                  <div class=\"slide\">\n            <div class=\"slide-img\">\n                              <!-- <a href=\"https:\/\/cdn.conradpuntademita.com\/wp-content\/uploads\/2022\/10\/03225832\/haramara-dinnner-4.jpg\" data-fancybox=\"gallery\" rel=\"slider-block_4c25e05621f640ce9af57683c530389f\" data-caption=\"\"> -->\n                <img decoding=\"async\" class=\"lazyload\" src=\"https:\/\/cdn.conradpuntademita.com\/wp-content\/uploads\/2022\/10\/03225832\/haramara-dinnner-4-1209x665.jpg\" alt=\"Dos mujeres esperan en un puesto de comida festiva al aire libre, decorado con luces de cadena y guirnaldas de pompones durante la noche.\">\n                <!-- <\/a> -->\n                                          <svg class=\"slide-caption\" width=\"22\" height=\"24\" viewbox=\"0 0 22 24\" fill=\"none\" xmlns=\"http:\/\/www.w3.org\/2000\/svg\">\n                <path d=\"M11 0L0 6V18.131L11 24L22 18.131V6.065L11 0ZM10 21.2L3.336 17.645L7.537 14.844C8.617 14.125 7.471 12.485 6.294 13.269L2 16.131V8.23L10 12.593V21.2ZM3.133 6.57L10 2.824V7.25C10 8.573 12 8.574 12 7.25V2.835L18.91 6.646L11.005 10.864L3.133 6.57ZM12 12.6L20 8.331V16.131L15.737 13.289C14.556 12.504 13.414 14.144 14.492 14.863L18.664 17.644L12 21.2V12.6Z\" fill=\"white\" \/>\n              <\/svg>\n            <\/div>\n\n            <div class=\"slide-content\">\n                              <h3 class=\"slide-title heading3\">Cena de Acci\u00f3n de Gracias en Haramara<\/h3>\n                                            <p class=\"slide-desc\">Celebre el D\u00eda de Acci\u00f3n de Gracias con una cena festiva en Haramara, donde los sabores tradicionales se combinan con una presentaci\u00f3n elegante y la m\u00fasica en vivo realza la velada. Los comensales podr\u00e1n saborear especialidades de temporada elaboradas con ingredientes locales en un ambiente sofisticado.<\/p>\n                          <\/div>\n          <\/div>\n                  <div class=\"slide\">\n            <div class=\"slide-img\">\n                              <!-- <a href=\"https:\/\/cdn.conradpuntademita.com\/wp-content\/uploads\/2022\/10\/03230006\/haramara-dinnner-3.jpg\" data-fancybox=\"gallery\" rel=\"slider-block_4c25e05621f640ce9af57683c530389f\" data-caption=\"\"> -->\n                <img decoding=\"async\" class=\"lazyload\" src=\"https:\/\/cdn.conradpuntademita.com\/wp-content\/uploads\/2022\/10\/03230006\/haramara-dinnner-3-1209x665.jpg\" alt=\"Mesas para eventos redondas y rectangulares con manteles turquesas, sillas blancas y cristaler\u00eda en un exuberante jard\u00edn.\">\n                <!-- <\/a> -->\n                                          <svg class=\"slide-caption\" width=\"22\" height=\"24\" viewbox=\"0 0 22 24\" fill=\"none\" xmlns=\"http:\/\/www.w3.org\/2000\/svg\">\n                <path d=\"M11 0L0 6V18.131L11 24L22 18.131V6.065L11 0ZM10 21.2L3.336 17.645L7.537 14.844C8.617 14.125 7.471 12.485 6.294 13.269L2 16.131V8.23L10 12.593V21.2ZM3.133 6.57L10 2.824V7.25C10 8.573 12 8.574 12 7.25V2.835L18.91 6.646L11.005 10.864L3.133 6.57ZM12 12.6L20 8.331V16.131L15.737 13.289C14.556 12.504 13.414 14.144 14.492 14.863L18.664 17.644L12 21.2V12.6Z\" fill=\"white\" \/>\n              <\/svg>\n            <\/div>\n\n            <div class=\"slide-content\">\n                              <h3 class=\"slide-title heading3\">Buffet asi\u00e1tico en Haramara<\/h3>\n                                            <p class=\"slide-desc\">Experimente los vibrantes sabores de Asia con un buffet que ofrece una variedad de sabores y texturas, todos cuidadosamente preparados para brindar una experiencia gastron\u00f3mica superior.<\/p>\n                          <\/div>\n          <\/div>\n                  <div class=\"slide\">\n            <div class=\"slide-img\">\n                              <!-- <a href=\"https:\/\/cdn.conradpuntademita.com\/wp-content\/uploads\/2022\/10\/03230048\/haramara-dinnner.jpg\" data-fancybox=\"gallery\" rel=\"slider-block_4c25e05621f640ce9af57683c530389f\" data-caption=\"\"> -->\n                <img decoding=\"async\" class=\"lazyload\" src=\"https:\/\/cdn.conradpuntademita.com\/wp-content\/uploads\/2022\/10\/03230048\/haramara-dinnner-1209x665.jpg\" alt=\"Mesas redondas con manteles de colores, centros de mesa florales, sillas de madera y pancartas de papel picado decoran el jard\u00edn festivo.\">\n                <!-- <\/a> -->\n                                          <svg class=\"slide-caption\" width=\"22\" height=\"24\" viewbox=\"0 0 22 24\" fill=\"none\" xmlns=\"http:\/\/www.w3.org\/2000\/svg\">\n                <path d=\"M11 0L0 6V18.131L11 24L22 18.131V6.065L11 0ZM10 21.2L3.336 17.645L7.537 14.844C8.617 14.125 7.471 12.485 6.294 13.269L2 16.131V8.23L10 12.593V21.2ZM3.133 6.57L10 2.824V7.25C10 8.573 12 8.574 12 7.25V2.835L18.91 6.646L11.005 10.864L3.133 6.57ZM12 12.6L20 8.331V16.131L15.737 13.289C14.556 12.504 13.414 14.144 14.492 14.863L18.664 17.644L12 21.2V12.6Z\" fill=\"white\" \/>\n              <\/svg>\n            <\/div>\n\n            <div class=\"slide-content\">\n                              <h3 class=\"slide-title heading3\">Buffet italiano en Haramara<\/h3>\n                                            <p class=\"slide-desc\">Disfrute de la cocina italiana cl\u00e1sica con pastas artesanales, ingredientes frescos y platos seleccionados dise\u00f1ados para deleitar los sentidos.<\/p>\n                          <\/div>\n          <\/div>\n                  <div class=\"slide\">\n            <div class=\"slide-img\">\n                              <!-- <a href=\"https:\/\/cdn.conradpuntademita.com\/wp-content\/uploads\/2022\/10\/03230133\/haramara-dinnner-2.jpg\" data-fancybox=\"gallery\" rel=\"slider-block_4c25e05621f640ce9af57683c530389f\" data-caption=\"\"> -->\n                <img decoding=\"async\" class=\"lazyload\" src=\"https:\/\/cdn.conradpuntademita.com\/wp-content\/uploads\/2022\/10\/03230133\/haramara-dinnner-2-1209x665.jpg\" alt=\"A los invitados se les sirve comida en un puesto de mercado al aire libre decorado con luces festivas y guirnaldas de pompones al atardecer.\">\n                <!-- <\/a> -->\n                                          <svg class=\"slide-caption\" width=\"22\" height=\"24\" viewbox=\"0 0 22 24\" fill=\"none\" xmlns=\"http:\/\/www.w3.org\/2000\/svg\">\n                <path d=\"M11 0L0 6V18.131L11 24L22 18.131V6.065L11 0ZM10 21.2L3.336 17.645L7.537 14.844C8.617 14.125 7.471 12.485 6.294 13.269L2 16.131V8.23L10 12.593V21.2ZM3.133 6.57L10 2.824V7.25C10 8.573 12 8.574 12 7.25V2.835L18.91 6.646L11.005 10.864L3.133 6.57ZM12 12.6L20 8.331V16.131L15.737 13.289C14.556 12.504 13.414 14.144 14.492 14.863L18.664 17.644L12 21.2V12.6Z\" fill=\"white\" \/>\n              <\/svg>\n            <\/div>\n\n            <div class=\"slide-content\">\n                              <h3 class=\"slide-title heading3\">American Buffet en Haramara<\/h3>\n                                            <p class=\"slide-desc\">Disfrute de un buffet americano tradicional que celebra la temporada con sabores reconfortantes presentados con refinada atenci\u00f3n al detalle.<\/p>\n                          <\/div>\n          <\/div>\n              <\/div>\n    <\/div>\n  <\/section>\n\n\n\n<section class=\"taste-gallery\" id=\"banner-block_197294bd0ebe87df450217338c301fc5\">\n  <div class=\"taste-gallery__main\">\n          <h2 class=\"heading2 a-up\">Explorar m\u00e1s<\/h2>\n    \n          <h2 class=\"heading2-italic a-up\">Experiencias culinarias<\/h2>\n    \n          <div class=\"content taste-gallery__content a-up a-delay-2\">Descubra los ricos sabores del agave a trav\u00e9s de sesiones de cata guiadas, destacando las tradiciones y la artesan\u00eda locales.<\/div>\n    \n      <\/div>\n\n      <div class=\"taste-gallery__items\">\n              <div class=\"taste-gallery__item gallery-item a-up a-delay-0\">\n          <div class=\"gallery-item__media\">\n                          <img decoding=\"async\" loading=\"lazy\" src=\"https:\/\/cdn.conradpuntademita.com\/wp-content\/uploads\/2023\/06\/09225427\/Smores-Family.jpg\" class=\"gallery-item__img\" alt=\"Familia Smores\">\n                      <\/div>\n\n          <div class=\"gallery-item__content\">\n                          <h3 class=\"gallery-item__title\">Smores en la playa<\/h3>\n            \n                          <div class=\"content\"><p>Re\u00fanase alrededor de un fuego acogedor para disfrutar de los tradicionales s&#039;mores, una experiencia divertida y sabrosa para familias y amigos.<\/p><\/div>\n            \n                          <a href=\"https:\/\/www.conradpuntademita.com\/es\/experiencias-de-camino\/#!\/e\/smores-c4d3574e\" target=\"_blank\" class=\"btn gallery-item__cta\">Reserva ahora<\/a>\n                      <\/div>\n        <\/div>\n              <div class=\"taste-gallery__item gallery-item a-up a-delay-1\">\n          <div class=\"gallery-item__media\">\n                          <img decoding=\"async\" loading=\"lazy\" src=\"https:\/\/cdn.conradpuntademita.com\/wp-content\/uploads\/2022\/05\/08232947\/ConradPuntaMita-Spherical-JoeThomas-022022-21-Dining-AgaveStudio.jpg\" class=\"gallery-item__img\" alt=\"ConradPuntaMita-Esf\u00e9rico-JoeThomas-022022-21-Comedor-AgaveStudio\">\n                      <\/div>\n\n          <div class=\"gallery-item__content\">\n                          <h3 class=\"gallery-item__title\">Cata de agave<\/h3>\n            \n                          <div class=\"content\"><p>Descubra los ricos sabores del agave a trav\u00e9s de sesiones de cata guiadas, destacando las tradiciones y la artesan\u00eda locales.<\/p><\/div>\n            \n                          <a href=\"https:\/\/www.conradpuntademita.com\/es\/experiencias-de-camino\/#!\/e\/agave-tasting-eade890c\" target=\"_blank\" class=\"btn gallery-item__cta\">Reserva ahora<\/a>\n                      <\/div>\n        <\/div>\n              <div class=\"taste-gallery__item gallery-item a-up a-delay-2\">\n          <div class=\"gallery-item__media\">\n                          <img decoding=\"async\" loading=\"lazy\" src=\"https:\/\/cdn.conradpuntademita.com\/wp-content\/uploads\/2024\/09\/20213022\/drink-scaled.jpg\" class=\"gallery-item__img\" alt=\"beber\">\n                      <\/div>\n\n          <div class=\"gallery-item__content\">\n                          <h3 class=\"gallery-item__title\">Clases de c\u00f3cteles complementarios en Tuku<\/h3>\n            \n                          <div class=\"content\"><p>\u00danase a las clases para dominar los c\u00f3cteles Mezcalita, Margarita y Cantatitos, brindando una introducci\u00f3n interactiva y elegante a los sabores locales.<\/p><\/div>\n            \n                      <\/div>\n        <\/div>\n          <\/div>\n  <\/section>\n\n<section id=\"three-col-resort-block_1098359f96e04098069e06d1faf9ccd9\" class=\"three-col-resort body-wrapper aligncenter\">\n  <div class=\"container\">\n          <h2 class=\"three-col-resort__heading three-col-resort__headingdefault a-up heading2\">Momentos alegres para todas las edades<\/h2>\n              <div class=\"three-col-resort__content a-up a-delay-1\"><p style=\"text-align: center;\">Cree recuerdos familiares inolvidables con actividades dise\u00f1adas para brindar alegr\u00eda, asombro y uni\u00f3n durante su estad\u00eda de Acci\u00f3n de Gracias.<\/p>\n<\/div>\n      <\/div>\n\n      <div class=\"three-col-resort cols\">\n      \n        <article class=\"loop-three-col-resort a-up a-delay-1\" data-id=\"1\">\n          <div class=\"loop-three-col-resort__image\">\n            <img class=\"lazyload\" data-src=\"https:\/\/cdn.conradpuntademita.com\/wp-content\/uploads\/2022\/05\/08233719\/0I3A5043-465x600.jpg\" data-srcset=\"https:\/\/cdn.conradpuntademita.com\/wp-content\/uploads\/2022\/05\/08233719\/0I3A5043-930x1200.jpg 2x\" alt=\"Zona de juegos para ni\u00f1os\">\n          <\/div>\n          <div class=\"loop-three-col-resort__content\">\n\n                          <h6 class=\"loop-three-col-resort__title heading3\">Zona de juegos para ni\u00f1os<\/h6>\n            \n                          <div class=\"loop-three-col-resort__excerpt\"><p>Los ni\u00f1os pueden disfrutar de \u00e1reas de juego cuidadosamente dise\u00f1adas, que ofrecen espacios seguros y atractivos para el juego y la interacci\u00f3n social.<\/p><\/div>\n            \n                          <div class=\"loop-three-col-resort__location\">\n                <span class=\"loop-three-col-resort__location-label\">Ubicaci\u00f3n<\/span>\n                <span class=\"loop-three-col-resort__location-value\"><p>Xiriki A y B<\/p><\/span>\n              <\/div>\n            \n                          <div class=\"loop-three-col-resort__hours\">\n                <span class=\"loop-three-col-resort__hours-label\">Horario<\/span>\n                <span class=\"loop-three-col-resort__hours-value\"><p>10:00 a. m. a 11:00 p. m.<\/p><\/span>\n              <\/div>\n                      <\/div>\n        <\/article>\n\n      \n        <article class=\"loop-three-col-resort a-up a-delay-1\" data-id=\"2\">\n          <div class=\"loop-three-col-resort__image\">\n            <img class=\"lazyload\" data-src=\"https:\/\/cdn.conradpuntademita.com\/wp-content\/uploads\/2022\/05\/21212816\/haramara-festive-465x600.jpg\" data-srcset=\"https:\/\/cdn.conradpuntademita.com\/wp-content\/uploads\/2022\/05\/21212816\/haramara-festive-930x1200.jpg 2x\" alt=\"Noches de cine\">\n          <\/div>\n          <div class=\"loop-three-col-resort__content\">\n\n                          <h6 class=\"loop-three-col-resort__title heading3\">Noches de cine<\/h6>\n            \n                          <div class=\"loop-three-col-resort__excerpt\"><p>Re\u00fanase en familia para ver pel\u00edculas al aire libre bajo las estrellas y crear noches m\u00e1gicas de entretenimiento y recuerdos compartidos.<\/p><\/div>\n            \n                          <div class=\"loop-three-col-resort__location\">\n                <span class=\"loop-three-col-resort__location-label\">Ubicaci\u00f3n<\/span>\n                <span class=\"loop-three-col-resort__location-value\"><p>Jard\u00edn Haramara<\/p><\/span>\n              <\/div>\n            \n                          <div class=\"loop-three-col-resort__hours\">\n                <span class=\"loop-three-col-resort__hours-label\">Horario<\/span>\n                <span class=\"loop-three-col-resort__hours-value\"><p>8:00 p.m. <\/p><\/span>\n              <\/div>\n                      <\/div>\n        <\/article>\n\n      \n        <article class=\"loop-three-col-resort a-up a-delay-1\" data-id=\"3\">\n          <div class=\"loop-three-col-resort__image\">\n            <img class=\"lazyload\" data-src=\"https:\/\/cdn.conradpuntademita.com\/wp-content\/uploads\/2024\/09\/09143859\/pexels-dantemunozphoto-15941876-465x600.jpg\" data-srcset=\"https:\/\/cdn.conradpuntademita.com\/wp-content\/uploads\/2024\/09\/09143859\/pexels-dantemunozphoto-15941876-930x1200.jpg 2x\" alt=\"Liberaciones de tortugas\">\n          <\/div>\n          <div class=\"loop-three-col-resort__content\">\n\n                          <h6 class=\"loop-three-col-resort__title heading3\">Liberaciones de tortugas<\/h6>\n            \n                          <div class=\"loop-three-col-resort__excerpt\"><p>En fechas selectas, sea testigo de la encantadora liberaci\u00f3n de tortugas beb\u00e9s a lo largo de la orilla, ofreciendo una experiencia memorable y significativa para las familias.<\/p><\/div>\n            \n                          <div class=\"loop-three-col-resort__location\">\n                <span class=\"loop-three-col-resort__location-label\">Ubicaci\u00f3n<\/span>\n                <span class=\"loop-three-col-resort__location-value\"><p>Playa Mezquite<\/p><\/span>\n              <\/div>\n            \n                          <div class=\"loop-three-col-resort__hours\">\n                <span class=\"loop-three-col-resort__hours-label\">Horario<\/span>\n                <span class=\"loop-three-col-resort__hours-value\"><p>6:00 p. m.<\/p><\/span>\n              <\/div>\n                      <\/div>\n        <\/article>\n\n          <\/div>\n  \n  <\/section>\n\n\n<section id=\"three-col-resort-block_9aa064a4122775f36641d57cf600eba3\" class=\"three-col-resort body-wrapper\">\n  <div class=\"container\">\n          <h2 class=\"three-col-resort__heading three-col-resort__headingdefault a-up heading2\">Bienestar para el cuerpo y la mente<\/h2>\n              <div class=\"three-col-resort__content a-up a-delay-1\"><p style=\"text-align: center;\">Recon\u00e9ctese con el equilibrio y la serenidad a trav\u00e9s de tratamientos de spa personalizados, rituales antiguos y espacios tranquilos creados para elevar su sensaci\u00f3n de bienestar.<\/p>\n<\/div>\n      <\/div>\n\n      <div class=\"three-col-resort cols\">\n      \n        <article class=\"loop-three-col-resort a-up a-delay-1\" data-id=\"1\">\n          <div class=\"loop-three-col-resort__image\">\n            <img class=\"lazyload\" data-src=\"https:\/\/cdn.conradpuntademita.com\/wp-content\/uploads\/2025\/04\/11173035\/MG_3934-465x600.jpg\" data-srcset=\"https:\/\/cdn.conradpuntademita.com\/wp-content\/uploads\/2025\/04\/11173035\/MG_3934-930x1200.jpg 2x\" alt=\"Tratamientos de spa\">\n          <\/div>\n          <div class=\"loop-three-col-resort__content\">\n\n                          <h6 class=\"loop-three-col-resort__title heading3\">Tratamientos de spa<\/h6>\n            \n                          <div class=\"loop-three-col-resort__excerpt\"><p>Rejuvenezca con lujosos tratamientos de spa dise\u00f1ados para restaurar el equilibrio y la vitalidad. Cada sesi\u00f3n est\u00e1 dise\u00f1ada para la relajaci\u00f3n y la serenidad personal.\r\n\r\n<p><a class=\"btn btn-primary\" href=\"https:\/\/na.spatime.com\/cdpm2000\/home\" target=\"_blank\" rel=\"noopener\">Tratamiento de reserva<\/a><\/p><\/p><\/div>\n            \n            \n                      <\/div>\n        <\/article>\n\n      \n        <article class=\"loop-three-col-resort a-up a-delay-1\" data-id=\"2\">\n          <div class=\"loop-three-col-resort__image\">\n            <img class=\"lazyload\" data-src=\"https:\/\/cdn.conradpuntademita.com\/wp-content\/uploads\/2022\/05\/13120252\/temazcal-web.webp\" data-srcset=\"https:\/\/cdn.conradpuntademita.com\/wp-content\/uploads\/2022\/05\/13120252\/temazcal-web.webp 2x\" alt=\"Experiencias de Temazcal\">\n          <\/div>\n          <div class=\"loop-three-col-resort__content\">\n\n                          <h6 class=\"loop-three-col-resort__title heading3\">Experiencias de Temazcal<\/h6>\n            \n                          <div class=\"loop-three-col-resort__excerpt\"><p>Experimente una ceremonia tradicional de Temazcal dise\u00f1ada para purificar, restaurar y armonizar cuerpo y mente. Este ritual ofrece una conexi\u00f3n \u00fanica con las pr\u00e1cticas ind\u00edgenas de bienestar.\r\n\r\n<p><a class=\"btn btn-primary\" href=\"https:\/\/www.conradpuntademita.com\/es\/experiencias-de-camino\/#!\/e\/temazcal-0bb1a44a\" target=\"_blank\" rel=\"noopener\">Reserva ahora<\/a><\/p><\/p><\/div>\n            \n            \n                      <\/div>\n        <\/article>\n\n      \n        <article class=\"loop-three-col-resort a-up a-delay-1\" data-id=\"3\">\n          <div class=\"loop-three-col-resort__image\">\n            <img class=\"lazyload\" data-src=\"https:\/\/cdn.conradpuntademita.com\/wp-content\/uploads\/2023\/09\/23010437\/ConradPdM_3rd_Nt_Free_Cabanas_StudioCaribe-DSC06709-465x600.jpg\" data-srcset=\"https:\/\/cdn.conradpuntademita.com\/wp-content\/uploads\/2023\/09\/23010437\/ConradPdM_3rd_Nt_Free_Cabanas_StudioCaribe-DSC06709-930x1200.jpg 2x\" alt=\"Caba\u00f1as en la piscina\">\n          <\/div>\n          <div class=\"loop-three-col-resort__content\">\n\n                          <h6 class=\"loop-three-col-resort__title heading3\">Caba\u00f1as en la piscina<\/h6>\n            \n                          <div class=\"loop-three-col-resort__excerpt\"><p>Rel\u00e1jese en caba\u00f1as privadas junto a la piscina, que ofrecen un espacio tranquilo para el ocio y la reflexi\u00f3n en medio de un entorno pintoresco.\r\n\r\n<br\/>\r\n<p><a class=\"btn btn-primary\" href=\"https:\/\/www.conradpuntademita.com\/es\/experiencias-de-camino\/#!\/e?categoryIds=4f6f58dd-02f9-4881-a023-00d929b11972\" target=\"_blank\" rel=\"noopener\">Reserva ahora<\/a><\/p><\/p><\/div>\n            \n            \n                      <\/div>\n        <\/article>\n\n          <\/div>\n  \n  <\/section>\n\n\n\n<section id=\"offers-module-block_7de6641af294ed748a800ea0e3d06681\" class=\"offers-module\">\n  <div class=\"offers-module__info\">\n\n\n\n          <h2 class=\"offers-module__heading heading2 a-up\">Planifica tu visita<\/h2>\n    \n          <h6 class=\"offers-module__subheading heading3 a-up a-delay-1\">Ofertas Especiales<\/h6>\n    \n          <p class=\"offers-module__desc content a-up a-delay-2\">\n        Comience su viaje de relajaci\u00f3n y disfrute de los encantos naturales de este santuario. A solo unos pasos de una de las mejores playas de la Riviera Nayarit, Conrad Punta de Mita est\u00e1 rodeado de serenos paisajes con infinitas opciones para relajarse y divertirse.      <\/p>\n    \n        <div class=\"offers-module__btn--wrapper a-up\">\n      <a href=\"\/es\/ofertas\/\" class=\"btn offers-module__btn\" target=\"\">\n        DESCUBRE M\u00c1S      <\/a>\n    <\/div>\n    \n  <\/div>\n      <div class=\"offers-module__grid swiper\">\n      <div class=\"swiper-wrapper offers-module__swiper\">\n        <style>\n\n.loop-offer__content {\n  display: flex;\n  flex-direction: column;\n  flex-grow: 1;\n  justify-content: space-between;\n}\n\n\n\n.swiper-slide {\n    height: auto !important;\n}\n\n<\/style>\n\n  <article class=\"loop-offer swiper-slide\" data-id=\"18717\">\n    <a href=\"https:\/\/www.hilton.com\/en\/book\/reservation\/deeplink\/?&#038;ctyhocn=PVRPMCI&#038;spec_plan=NE&#038;requestedRatesOnly=true&#038;arrivalDate=2026-03-01&#038;departureDate=2026-03-04&#038;flexibleDates=true&#038;displayCurrency=USD\" target=\"\" rel=\"noopener\">\n      <div class=\"loop-offer__image\">\n                  <div class=\"img-a\">\n            <div class=\"gradient-overlay foto-hover\">\n              <img decoding=\"async\" loading=\"lazy\" src=\"https:\/\/cdn.conradpuntademita.com\/wp-content\/uploads\/2026\/03\/01215607\/CPM-Transportation-Package-585x675.jpg\" srcset=\"https:\/\/cdn.conradpuntademita.com\/wp-content\/uploads\/2026\/03\/01215607\/CPM-Transportation-Package-1170x675.jpg\" alt=\"Conrad Punta de Mita\" class=\"loop-offer__bg\">\n            <\/div>\n          <\/div>\n        \n      <\/div>\n    <\/a>\n\n    <div class=\"loop-offer__content content\">\n      <h6 class=\"loop-offer__title a-up\">\n        Experiencia de llegada exclusiva      <\/h6>\n              <p class=\"loop-offer__excerpt a-up a-delay-1\">Paquete de traslado al aeropuerto Conrad Punta de Mita: 25% de descuento en alojamientos premium elegibles, incluyendo traslados privados de ida y vuelta en SUV desde el aeropuerto (PVR). Estancia m\u00ednima de 3 noches.<\/p>\n      \n\n\n              <a href=\"https:\/\/www.hilton.com\/en\/book\/reservation\/deeplink\/?&#038;ctyhocn=PVRPMCI&#038;spec_plan=NE&#038;requestedRatesOnly=true&#038;arrivalDate=2026-03-01&#038;departureDate=2026-03-04&#038;flexibleDates=true&#038;displayCurrency=USD\" class=\"btn loop-offer__btn  btn-outline\" target=\"\" rel=\"noopener\">\n                        Reservar        <\/a>\n            \n    <\/div>\n  <\/article>\n<style>\n\n.loop-offer__content {\n  display: flex;\n  flex-direction: column;\n  flex-grow: 1;\n  justify-content: space-between;\n}\n\n\n\n.swiper-slide {\n    height: auto !important;\n}\n\n<\/style>\n\n  <article class=\"loop-offer swiper-slide\" data-id=\"17842\">\n    <a href=\"https:\/\/www.hilton.com\/en\/book\/reservation\/deeplink\/?&#038;ctyhocn=PVRPMCI&#038;spec_plan=PGAIRO&#038;requestedRatesOnly=true&#038;arrivalDate=2026-01-01&#038;departureDate=2026-01-04&#038;flexibleDates=true\" target=\"\" rel=\"noopener\">\n      <div class=\"loop-offer__image\">\n                  <div class=\"img-a\">\n            <div class=\"gradient-overlay foto-hover\">\n              <img decoding=\"async\" loading=\"lazy\" src=\"https:\/\/cdn.conradpuntademita.com\/wp-content\/uploads\/2025\/12\/15223123\/CPM-Resort-Credit-Offer-585x730.jpg\" srcset=\"https:\/\/cdn.conradpuntademita.com\/wp-content\/uploads\/2025\/12\/15223123\/CPM-Resort-Credit-Offer-1170x1000.jpg\" alt=\"Mujer relaj\u00e1ndose en la piscina de la azotea con desayuno flotante, champ\u00e1n y vistas panor\u00e1micas al oc\u00e9ano.\" class=\"loop-offer__bg\">\n            <\/div>\n          <\/div>\n        \n      <\/div>\n    <\/a>\n\n    <div class=\"loop-offer__content content\">\n      <h6 class=\"loop-offer__title a-up\">\n        Oferta de cr\u00e9dito del resort      <\/h6>\n              <p class=\"loop-offer__excerpt a-up a-delay-1\">Disfrute de m\u00e1s tiempo para relajarse con su tercera noche por nuestra cuenta, adem\u00e1s de un cr\u00e9dito de $200 USD para experiencias gastron\u00f3micas y de spa en el Conrad Punta de Mita.<\/p>\n      \n\n\n              <a href=\"https:\/\/www.hilton.com\/en\/book\/reservation\/deeplink\/?&#038;ctyhocn=PVRPMCI&#038;spec_plan=PGAIRO&#038;requestedRatesOnly=true&#038;arrivalDate=2026-01-01&#038;departureDate=2026-01-04&#038;flexibleDates=true\" class=\"btn loop-offer__btn  btn-outline\" target=\"\" rel=\"noopener\">\n                        Reservar        <\/a>\n            \n    <\/div>\n  <\/article>\n<style>\n\n.loop-offer__content {\n  display: flex;\n  flex-direction: column;\n  flex-grow: 1;\n  justify-content: space-between;\n}\n\n\n\n.swiper-slide {\n    height: auto !important;\n}\n\n<\/style>\n\n  <article class=\"loop-offer swiper-slide\" data-id=\"4742\">\n    <a href=\"https:\/\/www.hilton.com\/en\/book\/reservation\/deeplink\/?&#038;ctyhocn=PVRPMCI&#038;spec_plan=OW&#038;requestedRatesOnly=true&#038;arrivalDate=2024-08-01&#038;departureDate=2024-08-03&#038;flexibleDates=true\" target=\"_blank\" rel=\"noopener\">\n      <div class=\"loop-offer__image\">\n                  <div class=\"img-a\">\n            <div class=\"gradient-overlay foto-hover\">\n              <img decoding=\"async\" loading=\"lazy\" src=\"https:\/\/cdn.conradpuntademita.com\/wp-content\/uploads\/2022\/05\/13123545\/ConradPuntaMita-Spherical-JoeThomas-022022-130-585x730.webp\" srcset=\"https:\/\/cdn.conradpuntademita.com\/wp-content\/uploads\/2022\/05\/13123545\/ConradPuntaMita-Spherical-JoeThomas-022022-130-1170x1365.jpg\" alt=\"Imagen de algunos \u00e1rboles en la playa con vista al mar.\" class=\"loop-offer__bg\">\n            <\/div>\n          <\/div>\n        \n      <\/div>\n    <\/a>\n\n    <div class=\"loop-offer__content content\">\n      <h6 class=\"loop-offer__title a-up\">\n        Tarifa Residentes Mexicanos <br\/> Desde 6200MXN      <\/h6>\n              <p class=\"loop-offer__excerpt a-up a-delay-1\">Los residentes disfrutan de hasta 30% de descuento en alojamiento, desayuno diario, 20% de descuento en comida y bebida y spa, los ni\u00f1os comen gratis y salida tard\u00eda.<\/p>\n      \n\n\n              <a href=\"https:\/\/www.hilton.com\/en\/book\/reservation\/deeplink\/?&#038;ctyhocn=PVRPMCI&#038;spec_plan=OW&#038;requestedRatesOnly=true&#038;arrivalDate=2024-08-01&#038;departureDate=2024-08-03&#038;flexibleDates=true\" class=\"btn loop-offer__btn  btn-outline\" target=\"_blank\" rel=\"noopener\">\n                        Reservar        <\/a>\n            \n    <\/div>\n  <\/article>\n<style>\n\n.loop-offer__content {\n  display: flex;\n  flex-direction: column;\n  flex-grow: 1;\n  justify-content: space-between;\n}\n\n\n\n.swiper-slide {\n    height: auto !important;\n}\n\n<\/style>\n\n  <article class=\"loop-offer swiper-slide\" data-id=\"18550\">\n    <a href=\"https:\/\/www.hilton.com\/en\/book\/reservation\/deeplink\/?&#038;ctyhocn=PVRPMCI&#038;spec_plan=NU&#038;requestedRatesOnly=true&#038;arrivalDate=2026-01-01&#038;departureDate=2026-01-03&#038;flexibleDates=true&#038;displayCurrency=USD\" target=\"\" rel=\"noopener\">\n      <div class=\"loop-offer__image\">\n                  <div class=\"img-a\">\n            <div class=\"gradient-overlay foto-hover\">\n              <img decoding=\"async\" loading=\"lazy\" src=\"https:\/\/cdn.conradpuntademita.com\/wp-content\/uploads\/2026\/02\/12201001\/CPM-Family-Offer-585x730.jpg\" srcset=\"https:\/\/cdn.conradpuntademita.com\/wp-content\/uploads\/2026\/02\/12201001\/CPM-Family-Offer-1170x1000.jpg\" alt=\"\" class=\"loop-offer__bg\">\n            <\/div>\n          <\/div>\n        \n      <\/div>\n    <\/a>\n\n    <div class=\"loop-offer__content content\">\n      <h6 class=\"loop-offer__title a-up\">\n        Oferta de Tradiciones Familiares      <\/h6>\n              <p class=\"loop-offer__excerpt a-up a-delay-1\">Planifique su escapada a Punta de Mita con la Oferta Tradiciones Familiares en Conrad Punta de Mita, que ofrece 20% de descuento, desayuno para adultos, ni\u00f1os menores de 12 a\u00f1os comen gratis y mucho m\u00e1s.<\/p>\n      \n\n\n              <a href=\"https:\/\/www.hilton.com\/en\/book\/reservation\/deeplink\/?&#038;ctyhocn=PVRPMCI&#038;spec_plan=NU&#038;requestedRatesOnly=true&#038;arrivalDate=2026-01-01&#038;departureDate=2026-01-03&#038;flexibleDates=true&#038;displayCurrency=USD\" class=\"btn loop-offer__btn  btn-outline\" target=\"\" rel=\"noopener\">\n                        Reservar        <\/a>\n            \n    <\/div>\n  <\/article>\n<style>\n\n.loop-offer__content {\n  display: flex;\n  flex-direction: column;\n  flex-grow: 1;\n  justify-content: space-between;\n}\n\n\n\n.swiper-slide {\n    height: auto !important;\n}\n\n<\/style>\n\n  <article class=\"loop-offer swiper-slide\" data-id=\"7489\">\n    <a href=\"https:\/\/www.hilton.com\/en\/book\/reservation\/deeplink?&#038;ctyhocn=PVRPMCI&#038;spec_plan=RPSPRO&#038;requestedRatesOnly=true&#038;arrivalDate=2025-02-25&#038;departureDate=2025-03-01&#038;flexibleDates=true\" target=\"\" rel=\"noopener\">\n      <div class=\"loop-offer__image\">\n                  <div class=\"img-a\">\n            <div class=\"gradient-overlay foto-hover\">\n              <img decoding=\"async\" loading=\"lazy\" src=\"https:\/\/cdn.conradpuntademita.com\/wp-content\/uploads\/2024\/01\/10160525\/conrad-punta-de-mita-aereal-585x730.jpg\" srcset=\"https:\/\/cdn.conradpuntademita.com\/wp-content\/uploads\/2024\/01\/10160525\/conrad-punta-de-mita-aereal-1170x1332.jpg\" alt=\"Resort de lujo frente al mar con edificios blancos, piscina sinuosa, palmeras y monta\u00f1as iluminadas por el atardecer en el fondo.\" class=\"loop-offer__bg\">\n            <\/div>\n          <\/div>\n        \n      <\/div>\n    <\/a>\n\n    <div class=\"loop-offer__content content\">\n      <h6 class=\"loop-offer__title a-up\">\n        Cuarta noche por nuestra cuenta      <\/h6>\n              <p class=\"loop-offer__excerpt a-up a-delay-1\">Esc\u00e1pese a la serena belleza de Conrad Punta de Mita y experimente el lujo como nunca antes. Reserve una estad\u00eda de 3 noches y disfrute de la cuarta noche por nuestra cuenta, adem\u00e1s de un cr\u00e9dito de resort de $250.<\/p>\n      \n\n\n              <a href=\"https:\/\/www.hilton.com\/en\/book\/reservation\/deeplink?&#038;ctyhocn=PVRPMCI&#038;spec_plan=RPSPRO&#038;requestedRatesOnly=true&#038;arrivalDate=2025-02-25&#038;departureDate=2025-03-01&#038;flexibleDates=true\" class=\"btn loop-offer__btn  btn-outline\" target=\"\" rel=\"noopener\">\n                        Reservar        <\/a>\n            \n    <\/div>\n  <\/article>\n<style>\n\n.loop-offer__content {\n  display: flex;\n  flex-direction: column;\n  flex-grow: 1;\n  justify-content: space-between;\n}\n\n\n\n.swiper-slide {\n    height: auto !important;\n}\n\n<\/style>\n\n      <\/div>\n    <\/div>\n  \n      <div class=\"offers-module__extra-link a-up a-delay-3\">\n      <a href=\"https:\/\/www.conradpuntademita.com\/es\/ofertas\/\" target=\"\">DETALLES DE LAS OFERTAS<\/a>\n    <\/div>\n  \n\n<\/section>\n\n\n<p><\/p>","protected":false},"excerpt":{"rendered":"<p>Re\u00fane a tus seres queridos y disfruta de una tradicional Semana de Acci\u00f3n de Gracias. Celebra el D\u00eda de Acci\u00f3n de Gracias en Conrad Punta de Mita con cenas festivas, actividades familiares, tratamientos de spa, ceremonias al atardecer y experiencias en la playa. Reserva tu estancia para unas vacaciones inolvidables.<\/p>","protected":false},"featured_media":1578,"parent":0,"menu_order":2,"template":"","meta":{"_acf_changed":true,"inline_featured_image":false},"experience_category":[56],"experience_season":[34],"class_list":["post-3967","experience","type-experience","status-publish","has-post-thumbnail","hentry","experience_category-holidays","experience_season-fall"],"acf":[],"publishpress_future_workflow_manual_trigger":{"enabledWorkflows":[]},"_links":{"self":[{"href":"https:\/\/www.conradpuntademita.com\/es\/wp-json\/wp\/v2\/experience\/3967","targetHints":{"allow":["GET"]}}],"collection":[{"href":"https:\/\/www.conradpuntademita.com\/es\/wp-json\/wp\/v2\/experience"}],"about":[{"href":"https:\/\/www.conradpuntademita.com\/es\/wp-json\/wp\/v2\/types\/experience"}],"wp:featuredmedia":[{"embeddable":true,"href":"https:\/\/www.conradpuntademita.com\/es\/wp-json\/wp\/v2\/media\/1578"}],"wp:attachment":[{"href":"https:\/\/www.conradpuntademita.com\/es\/wp-json\/wp\/v2\/media?parent=3967"}],"wp:term":[{"taxonomy":"experience_category","embeddable":true,"href":"https:\/\/www.conradpuntademita.com\/es\/wp-json\/wp\/v2\/experience_category?post=3967"},{"taxonomy":"experience_season","embeddable":true,"href":"https:\/\/www.conradpuntademita.com\/es\/wp-json\/wp\/v2\/experience_season?post=3967"}],"curies":[{"name":"wp","href":"https:\/\/api.w.org\/{rel}","templated":true}]}}