{"id":4778,"date":"2023-01-20T02:34:31","date_gmt":"2023-01-20T02:34:31","guid":{"rendered":"https:\/\/www.conradpuntademita.com\/?post_type=experience&#038;p=4778"},"modified":"2025-04-08T22:47:57","modified_gmt":"2025-04-08T22:47:57","slug":"vacaciones-de-primavera","status":"publish","type":"experience","link":"https:\/\/www.conradpuntademita.com\/es\/experiencias\/vacaciones-de-primavera\/","title":{"rendered":"Vacaciones de primavera + marzo de 2025"},"content":{"rendered":"<section id=\"banner-block_92d413037b71c0c527dd1a32bfe4078b\" class=\"banner gradient-banner single-room\">\n  <div class=\"banner-wrapper\">\n          <img decoding=\"async\" src=\"https:\/\/cdn.conradpuntademita.com\/wp-content\/uploads\/2023\/01\/20013432\/ConradPuntadeMita-RaisingtheFree-Pool.webp\" alt=\"ConradPuntadeMita-RaisingtheFree-Pool\" class=\"banner__img banner__media\">\n      <\/div>\n\n      <div class=\"banner-content\">\n              <h2 class=\"banner-title heading1\">Escapada familiar de primavera en Riviera Nayarit<\/h2>\n      \n              <h3 class=\"banner-subtitle heading5\">Vacaciones familiares de lujo en la costa del Pac\u00edfico mexicano<\/h3>\n              \n      \n<\/section>\n\n\n<section id=\"responsive-spacer-block_c84faf16ee980b9e193ebc489642b9fa\" class=\"responsive-spacer\">\n<\/section>\n<style>\n  #responsive-spacer-block_c84faf16ee980b9e193ebc489642b9fa {\n    width: 100%;\n  }\n\n  #responsive-spacer-block_c84faf16ee980b9e193ebc489642b9fa {\n    height: 50px;\n  }\n\n  @media (min-width: 769px) {\n    #responsive-spacer-block_c84faf16ee980b9e193ebc489642b9fa {\n      height: 100px;\n    }\n  }\n\n  @media (min-width: 1201px) {\n    #responsive-spacer-block_c84faf16ee980b9e193ebc489642b9fa {\n      height: 100px;\n    }\n  }\n\n  <\/style>\n\n\n<section class=\"block-content\">\n  <div class=\"block-content-wrapper\">\n    <div class=\"block-content__content content\"><h2 style=\"text-align: center;\"><\/h2>\n<p style=\"text-align: center;\">Esta primavera, descubre el refugio familiar perfecto en Conrad Punta de Mita, donde el lujo se combina con la aventura en las pr\u00edstinas playas de Riviera Nayarit. Desde piscinas aptas para ni\u00f1os y emocionantes actividades acu\u00e1ticas hasta experiencias de bienestar para todas las edades, cada momento est\u00e1 dise\u00f1ado para la conexi\u00f3n y la relajaci\u00f3n. Disfruta del acceso gratuito al Turi Kids Club, de atractivas actividades para ni\u00f1os y de comidas gratis para ni\u00f1os de 12 a\u00f1os o menos, lo que har\u00e1 que tu escapada familiar sea a\u00fan m\u00e1s memorable.<\/p>\n<p>&nbsp;<\/p>\n<p style=\"text-align: center;\">\u00a0\u00a0<a class=\"btn btn-primary\" href=\"https:\/\/qrco.de\/bfo0RB\" target=\"_blank\" rel=\"noopener\">Descargar Horario<\/a><\/p>\n<\/div>\n  <\/div>\n<\/section>\n\n\n<section class=\"taste-gallery\" id=\"banner-block_d9f358621775bbe0136c6bb3f55365dc\">\n  <div class=\"taste-gallery__main\">\n          <h2 class=\"heading2 a-up\">Experiencias en resorts para toda la familia<\/h2>\n    \n    \n          <div class=\"content taste-gallery__content a-up a-delay-2\">Cree momentos inolvidables con experiencias dise\u00f1adas para todas las edades en Conrad Punta de Mita. Desde emocionantes aventuras acu\u00e1ticas hasta actividades atractivas, cada miembro de la familia encontrar\u00e1 algo para disfrutar.<\/div>\n    \n      <\/div>\n\n      <div class=\"taste-gallery__items\">\n              <div class=\"taste-gallery__item gallery-item a-up a-delay-0\">\n          <div class=\"gallery-item__media\">\n                          <video loop playsinline class=\"gallery-item__video lazyvid\" muted preload=\"metadata\" data-src=\"https:\/\/cdn.conradpuntademita.com\/wp-content\/uploads\/2023\/09\/19084111\/RaisingtheFreeWaterslideReel-2.mp4\" poster=\"\">\n                <source data-src=\"https:\/\/cdn.conradpuntademita.com\/wp-content\/uploads\/2023\/09\/19084111\/RaisingtheFreeWaterslideReel-2.mp4\" type=\"video\/mp4\">\n              <\/video>\n                      <\/div>\n\n          <div class=\"gallery-item__content\">\n                          <h3 class=\"gallery-item__title\">Tobog\u00e1n<\/h3>\n            \n                          <div class=\"content\"><p>Experimente la emoci\u00f3n de nuestro tobog\u00e1n acu\u00e1tico, perfecto para ni\u00f1os y j\u00f3venes de esp\u00edritu. Disfrute de diversi\u00f3n sin fin bajo el sol de Punta de Mita.<\/p><\/div>\n            \n                      <\/div>\n        <\/div>\n              <div class=\"taste-gallery__item gallery-item a-up a-delay-1\">\n          <div class=\"gallery-item__media\">\n                          <img decoding=\"async\" loading=\"lazy\" src=\"https:\/\/cdn.conradpuntademita.com\/wp-content\/uploads\/2023\/01\/20013325\/ConradPuntadeMita-RaisingtheFree-GameRoom.webp\" class=\"gallery-item__img\" alt=\"ConradPuntadeMita-RaisingtheFree-GameRoom\">\n                      <\/div>\n\n          <div class=\"gallery-item__content\">\n                          <h3 class=\"gallery-item__title\">Club infantil Turi<\/h3>\n            \n                          <div class=\"content\"><p>Los ni\u00f1os pueden disfrutar de actividades supervisadas, manualidades, juegos interactivos y experiencias culturales en un entorno divertido y seguro.<\/p><\/div>\n            \n                      <\/div>\n        <\/div>\n              <div class=\"taste-gallery__item gallery-item a-up a-delay-2\">\n          <div class=\"gallery-item__media\">\n                          <img decoding=\"async\" loading=\"lazy\" src=\"https:\/\/cdn.conradpuntademita.com\/wp-content\/uploads\/2023\/01\/06152155\/1O8A5496-edit.jpg\" class=\"gallery-item__img\" alt=\"1O8A5496-editar\">\n                      <\/div>\n\n          <div class=\"gallery-item__content\">\n                          <h3 class=\"gallery-item__title\">Piscina para ni\u00f1os y \u00e1rea de juegos acu\u00e1ticos<\/h3>\n            \n                          <div class=\"content\"><p>Dise\u00f1ado para que los m\u00e1s peque\u00f1os chapoteen, jueguen y se refresquen en un entorno seguro y familiar. Perfecto para crear recuerdos de vacaciones inolvidables.<\/p><\/div>\n            \n                      <\/div>\n        <\/div>\n          <\/div>\n  <\/section>\n\n<section id=\"responsive-spacer-block_83686fd8b168e08caedd1cb266c5e5a3\" class=\"responsive-spacer\">\n<\/section>\n<style>\n  #responsive-spacer-block_83686fd8b168e08caedd1cb266c5e5a3 {\n    width: 100%;\n  }\n\n  <\/style>\n\n<section id=\"three-col-resort-block_b3d8fd74255e77ad7098e9370ef68ba1\" class=\"three-col-resort body-wrapper\">\n  <div class=\"container\">\n          <h2 class=\"three-col-resort__heading three-col-resort__headingdefault a-up heading2\">Bienestar y relajaci\u00f3n para todos<\/h2>\n              <div class=\"three-col-resort__content a-up a-delay-1\"><p style=\"font-size: 16px;\"><strong>Rejuvenezca en familia con experiencias dise\u00f1adas para refrescar el cuerpo y la mente.<\/strong><\/p>\n<\/div>\n      <\/div>\n\n      <div class=\"three-col-resort cols\">\n      \n        <article class=\"loop-three-col-resort a-up a-delay-1\" data-id=\"1\">\n          <div class=\"loop-three-col-resort__image\">\n            <img class=\"lazyload\" data-src=\"https:\/\/cdn.conradpuntademita.com\/wp-content\/uploads\/2022\/10\/05213212\/Haniiya-Cabana-1200x1800-1-e1665007191173.jpg\" data-srcset=\"https:\/\/cdn.conradpuntademita.com\/wp-content\/uploads\/2022\/10\/05213212\/Haniiya-Cabana-1200x1800-1-e1665007191173.jpg 2x\" alt=\"Caba\u00f1as privadas junto a la piscina\">\n          <\/div>\n          <div class=\"loop-three-col-resort__content\">\n\n                          <h6 class=\"loop-three-col-resort__title heading3\">Caba\u00f1as privadas junto a la piscina<\/h6>\n            \n                          <div class=\"loop-three-col-resort__excerpt\"><p><p style=\"font-size:14px\">Rel\u00e1jese en un ambiente de lujo a la sombra mientras se encuentra cerca de la acci\u00f3n. Disfrute de un servicio personalizado mientras los ni\u00f1os chapotean y juegan cerca.<\/p>\r\n<br\/>\r\n<p style=\"text-align: center;\">\u00a0\u00a0<a class=\"btn btn-primary\" href=\"https:\/\/www.conradpuntademita.com\/es\/experiencias\/reservacion-de-cabanas-privadas\/\" target=\"_blank\" rel=\"noopener\">Ver Caba\u00f1as<\/a>\u00a0<\/p><\/p><\/div>\n            \n            \n                      <\/div>\n        <\/article>\n\n      \n        <article class=\"loop-three-col-resort a-up a-delay-1\" data-id=\"2\">\n          <div class=\"loop-three-col-resort__image\">\n            <img class=\"lazyload\" data-src=\"https:\/\/cdn.conradpuntademita.com\/wp-content\/uploads\/2023\/01\/14144704\/20201126-172019-Conrad-Punta-de-Mita-2434-small-465x600.jpg\" data-srcset=\"https:\/\/cdn.conradpuntademita.com\/wp-content\/uploads\/2023\/01\/14144704\/20201126-172019-Conrad-Punta-de-Mita-2434-small-930x1200.jpg 2x\" alt=\"Spa para todas las edades\">\n          <\/div>\n          <div class=\"loop-three-col-resort__content\">\n\n                          <h6 class=\"loop-three-col-resort__title heading3\">Spa para todas las edades<\/h6>\n            \n                          <div class=\"loop-three-col-resort__excerpt\"><p><p style=\"font-size:14px\">Disfrute de un retiro de bienestar dise\u00f1ado para familias. Los padres pueden relajarse con tratamientos exclusivos mientras los ni\u00f1os disfrutan de experiencias de spa suaves y apropiadas para su edad.<\/p>\r\n<br\/>\r\n<p style=\"text-align: center;\">\u00a0\u00a0<a class=\"btn btn-primary\" href=\"https:\/\/www.conradpuntademita.com\/es\/bienestar\/\" target=\"_blank\" rel=\"noopener\">Conrad SPA<\/a>\u00a0<\/p><\/p><\/div>\n            \n            \n                      <\/div>\n        <\/article>\n\n      \n        <article class=\"loop-three-col-resort a-up a-delay-1\" data-id=\"3\">\n          <div class=\"loop-three-col-resort__image\">\n            <img class=\"lazyload\" data-src=\"https:\/\/cdn.conradpuntademita.com\/wp-content\/uploads\/2023\/01\/14144425\/20201124-103502-Conrad-Punta-de-Mita-5279-small-465x600.jpg\" data-srcset=\"https:\/\/cdn.conradpuntademita.com\/wp-content\/uploads\/2023\/01\/14144425\/20201124-103502-Conrad-Punta-de-Mita-5279-small-930x1200.jpg 2x\" alt=\"Bienestar para todos\">\n          <\/div>\n          <div class=\"loop-three-col-resort__content\">\n\n                          <h6 class=\"loop-three-col-resort__title heading3\">Bienestar para todos<\/h6>\n            \n                          <div class=\"loop-three-col-resort__excerpt\"><p><p style=\"font-size:14px\">Reconecta con tu mente y cuerpo a trav\u00e9s del yoga frente a la playa, meditaci\u00f3n familiar guiada y caminatas panor\u00e1micas por la naturaleza, todo dise\u00f1ado para inspirar relajaci\u00f3n y bienestar.<\/p>\r\n<br\/>\r\n<p style=\"text-align: center;\">\u00a0\u00a0<a class=\"btn btn-primary\" href=\"https:\/\/conradpdm.nom.menu\/03408250-d66e-11ee-8258-874a5f025725\" target=\"_blank\" rel=\"noopener\">Actividades familiares<\/a>\u00a0<\/p><\/p><\/div>\n            \n            \n                      <\/div>\n        <\/article>\n\n          <\/div>\n  \n  <\/section>\n\n\n<section id=\"responsive-spacer-block_427f69aeba52b994d4cf644e25512f1a\" class=\"responsive-spacer\">\n<\/section>\n<style>\n  #responsive-spacer-block_427f69aeba52b994d4cf644e25512f1a {\n    width: 100%;\n  }\n\n  #responsive-spacer-block_427f69aeba52b994d4cf644e25512f1a {\n    height: 75px;\n  }\n\n  @media (min-width: 769px) {\n    #responsive-spacer-block_427f69aeba52b994d4cf644e25512f1a {\n      height: 100px;\n    }\n  }\n\n  @media (min-width: 1201px) {\n    #responsive-spacer-block_427f69aeba52b994d4cf644e25512f1a {\n      height: 130px;\n    }\n  }\n\n  <\/style>\n\n\n<section class=\"wysiwig body-wrapper half-width\" id=\"kids-eat-free\">\n  <h5>Ventajas gastron\u00f3micas para ni\u00f1os + Acceso al Turi Kids Club<\/h5>\n<p>&nbsp;<\/p>\n<p>Los ni\u00f1os menores de 12 a\u00f1os pueden disfrutar de un plato gratuito del men\u00fa infantil cuando est\u00e9n acompa\u00f1ados por un adulto que pague un plato principal en Codex, Mezquite, Arbol y Paleta. Este beneficio no aplica para el servicio de habitaciones, men\u00fas especiales ni eventos especiales, como la cena de Acci\u00f3n de Gracias, la cena de Navidad y la cena de Nochevieja.<\/p>\n<p>Los ni\u00f1os de 4 a 12 a\u00f1os tienen acceso gratuito al Turi Kids Club, sujeto a disponibilidad. Se recomienda reservar con anticipaci\u00f3n. El Turi Kids Club abre todos los d\u00edas de 10:00 a 19:00 y ofrece actividades dise\u00f1adas para ni\u00f1os de 4 a 12 a\u00f1os. Cada sesi\u00f3n dura 1,5 horas y el aforo m\u00e1ximo es de diez ni\u00f1os por sesi\u00f3n.<\/p>\n<p>Para solicitar disponibilidad, env\u00ede un correo electr\u00f3nico <a href=\"mailto:PVRPM.RECREATION@conradhotels.com\">PVRPM.RECREATION@conradhotels.com<\/a><\/p>\n<p>Aplicable a todos los hu\u00e9spedes y planes tarifarios. No v\u00e1lido para grupos.<\/p>\n<p>&nbsp;<\/p>\n<\/section>\n\n\n<section class=\"block-content-resort\">\n    <div class=\"block-content-resort__content\">\n        <div class=\"block-content-resort__content--inner\">\n                            <h1 class=\"block-content-resort__heading heading2 a-up\">Actividades de vacaciones de primavera <br>16 de marzo \u2013 6 de abril<\/h1>\n                                        <div class=\"block-content-resort__text a-up a-delay-1\"><p style=\"font-size: 14px;\">Aproveche al m\u00e1ximo las vacaciones de primavera con actividades exclusivas para todas las edades. Desde emocionantes aventuras acu\u00e1ticas y diversi\u00f3n en el club infantil hasta sesiones de bienestar y experiencias culinarias, hay algo para todos los gustos.<\/p>\n<p>&nbsp;<\/p>\n<p style=\"text-align: center;\">\u00a0\u00a0<a class=\"btn btn-primary\" href=\"https:\/\/qrco.de\/bfo0RB\" target=\"_blank\" rel=\"noopener\">Descargar Horario<\/a><\/p>\n<\/div>\n                    <\/div>\n    <\/div>\n<\/section>\n\n\n<section id=\"capacity-chartblock_113e5a0eb49d9e404a435aa2d62db93f\" class=\"capacity-chart body-wrapper\">\n  <div class=\"container\">\n              <div class=\"table-responsive a-up\">\n        <table class=\"table\">\n                                    <thead>\n                <tr>\n                                      <th>FECHA<\/th>\n                                      <th>TIEMPO<\/th>\n                                      <th>ACTIVIDAD<\/th>\n                                      <th>UBICACI\u00d3N<\/th>\n                                  <\/tr>\n              <\/thead>\n                                                                <tbody>\n                                <tr>\n                                      <td>Lunes<\/td>\n                                      <td>15:00 a 16:00 horas<\/td>\n                                      <td>Taller Piel y Brillo<\/td>\n                                      <td>Plaza de los Venados<\/td>\n                                  <\/tr>\n                                <\/tbody>\n                                                                              <tr>\n                                      <td>Martes<\/td>\n                                      <td>14:00 a 16:00 horas<\/td>\n                                      <td>Clase de cocina<\/td>\n                                      <td>Plaza de los Venados<\/td>\n                                  <\/tr>\n                                                                                <tr>\n                                      <td>Mi\u00e9rcoles<\/td>\n                                      <td>15:00 a 16:00 horas<\/td>\n                                      <td>Mini rally<\/td>\n                                      <td>c\u00e9sped de mezquite<\/td>\n                                  <\/tr>\n                                                                                <tr>\n                                      <td>Jueves<\/td>\n                                      <td>14:00 a 16:00 horas<\/td>\n                                      <td>Mercado Colibr\u00ed<\/td>\n                                      <td>Plaza de los Venados<\/td>\n                                  <\/tr>\n                                                                                <tr>\n                                      <td>Viernes<\/td>\n                                      <td>14:00 a 16:00 horas<\/td>\n                                      <td>Clases de c\u00f3cteles personalizados<\/td>\n                                      <td>Plaza de los Venados<\/td>\n                                  <\/tr>\n                                                                                <tr>\n                                      <td>S\u00e1bado<\/td>\n                                      <td>14:00 a 16:00 horas<\/td>\n                                      <td>Sesiones de fotos en Instagram<\/td>\n                                      <td>Punto de encuentro en la Plaza de los Venados<\/td>\n                                  <\/tr>\n                                                                                <tr>\n                                      <td>Domingo<\/td>\n                                      <td>10:00 a 16:00 horas<\/td>\n                                      <td>Ceremonias espirituales*<\/td>\n                                      <td>Bienestar y Spa<\/td>\n                                  <\/tr>\n                                              <\/table>\n      <\/div>\n      <\/div>\n<\/section>\n\n<section id=\"responsive-spacer-block_427f69aeba52b994d4cf644e25512f1a\" class=\"responsive-spacer\">\n<\/section>\n<style>\n  #responsive-spacer-block_427f69aeba52b994d4cf644e25512f1a {\n    width: 100%;\n  }\n\n  #responsive-spacer-block_427f69aeba52b994d4cf644e25512f1a {\n    height: 75px;\n  }\n\n  @media (min-width: 769px) {\n    #responsive-spacer-block_427f69aeba52b994d4cf644e25512f1a {\n      height: 100px;\n    }\n  }\n\n  @media (min-width: 1201px) {\n    #responsive-spacer-block_427f69aeba52b994d4cf644e25512f1a {\n      height: 130px;\n    }\n  }\n\n  <\/style>\n\n  <section id=\"slider-block_6488066e3071b10085bb960f69a4bbdf\" class=\"slider  slick-slider body-wrapper\">\n    <div class=\"container\">\n      <div class=\"slides slides-images\">\n                  <div class=\"slide\">\n            <div class=\"slide-img\">\n                              <!-- <a href=\"https:\/\/cdn.conradpuntademita.com\/wp-content\/uploads\/2022\/05\/02205538\/PVRPMCI_Paleta-exterior.webp\" data-fancybox=\"gallery\" rel=\"slider-block_6488066e3071b10085bb960f69a4bbdf\" data-caption=\"\"> -->\n                <img decoding=\"async\" class=\"lazyload\" src=\"https:\/\/cdn.conradpuntademita.com\/wp-content\/uploads\/2022\/05\/02205538\/PVRPMCI_Paleta-exterior-1200x665.webp\" alt=\"Mesas, palmeras y piscina\">\n                <!-- <\/a> -->\n                                          <svg class=\"slide-caption\" width=\"22\" height=\"24\" viewbox=\"0 0 22 24\" fill=\"none\" xmlns=\"http:\/\/www.w3.org\/2000\/svg\">\n                <path d=\"M11 0L0 6V18.131L11 24L22 18.131V6.065L11 0ZM10 21.2L3.336 17.645L7.537 14.844C8.617 14.125 7.471 12.485 6.294 13.269L2 16.131V8.23L10 12.593V21.2ZM3.133 6.57L10 2.824V7.25C10 8.573 12 8.574 12 7.25V2.835L18.91 6.646L11.005 10.864L3.133 6.57ZM12 12.6L20 8.331V16.131L15.737 13.289C14.556 12.504 13.414 14.144 14.492 14.863L18.664 17.644L12 21.2V12.6Z\" fill=\"white\" \/>\n              <\/svg>\n            <\/div>\n\n            <div class=\"slide-content\">\n                              <h3 class=\"slide-title heading3\">Paleta Restaurante junto a la piscina<\/h3>\n                                            <p class=\"slide-desc\">Ubicado junto a la piscina familiar, el tobog\u00e1n acu\u00e1tico y el chapoteadero, Paleta ofrece un men\u00fa infantil de cortes\u00eda, adem\u00e1s de sillas y mesas a juego. <\/p>\n                          <\/div>\n          <\/div>\n                  <div class=\"slide\">\n            <div class=\"slide-img\">\n                              <!-- <a href=\"https:\/\/cdn.conradpuntademita.com\/wp-content\/uploads\/2023\/02\/16001922\/Conrad-Punta-de-Mita-Game-Room.png\" data-fancybox=\"gallery\" rel=\"slider-block_6488066e3071b10085bb960f69a4bbdf\" data-caption=\"\"> -->\n                <img decoding=\"async\" class=\"lazyload\" src=\"https:\/\/cdn.conradpuntademita.com\/wp-content\/uploads\/2023\/02\/16001922\/Conrad-Punta-de-Mita-Game-Room-1200x665.webp\" alt=\"Una sala de juegos interior, bien organizada con varias mesas de juego para entretenerse y disfrutar.\">\n                <!-- <\/a> -->\n                                          <svg class=\"slide-caption\" width=\"22\" height=\"24\" viewbox=\"0 0 22 24\" fill=\"none\" xmlns=\"http:\/\/www.w3.org\/2000\/svg\">\n                <path d=\"M11 0L0 6V18.131L11 24L22 18.131V6.065L11 0ZM10 21.2L3.336 17.645L7.537 14.844C8.617 14.125 7.471 12.485 6.294 13.269L2 16.131V8.23L10 12.593V21.2ZM3.133 6.57L10 2.824V7.25C10 8.573 12 8.574 12 7.25V2.835L18.91 6.646L11.005 10.864L3.133 6.57ZM12 12.6L20 8.331V16.131L15.737 13.289C14.556 12.504 13.414 14.144 14.492 14.863L18.664 17.644L12 21.2V12.6Z\" fill=\"white\" \/>\n              <\/svg>\n            <\/div>\n\n            <div class=\"slide-content\">\n                              <h3 class=\"slide-title heading3\">Sala de juego<\/h3>\n                                            <p class=\"slide-desc\">Ofreciendo ping pong, futbol\u00edn, air hockey y manualidades, Game Room es donde los ni\u00f1os pueden venir a ser ni\u00f1os y tomar un descanso del sol. <\/p>\n                          <\/div>\n          <\/div>\n                  <div class=\"slide\">\n            <div class=\"slide-img\">\n                              <!-- <a href=\"https:\/\/cdn.conradpuntademita.com\/wp-content\/uploads\/2023\/02\/16002036\/Conrad-Punta-de-Mita-Turi-Kids-Club.webp\" data-fancybox=\"gallery\" rel=\"slider-block_6488066e3071b10085bb960f69a4bbdf\" data-caption=\"\"> -->\n                <img decoding=\"async\" class=\"lazyload\" src=\"https:\/\/cdn.conradpuntademita.com\/wp-content\/uploads\/2023\/02\/16002036\/Conrad-Punta-de-Mita-Turi-Kids-Club-1200x665.webp\" alt=\"Una sala de juegos infantil, organizada con libros sobre la mesa y un ciervo de madera hecho a mano cerca de la puerta.\">\n                <!-- <\/a> -->\n                                          <svg class=\"slide-caption\" width=\"22\" height=\"24\" viewbox=\"0 0 22 24\" fill=\"none\" xmlns=\"http:\/\/www.w3.org\/2000\/svg\">\n                <path d=\"M11 0L0 6V18.131L11 24L22 18.131V6.065L11 0ZM10 21.2L3.336 17.645L7.537 14.844C8.617 14.125 7.471 12.485 6.294 13.269L2 16.131V8.23L10 12.593V21.2ZM3.133 6.57L10 2.824V7.25C10 8.573 12 8.574 12 7.25V2.835L18.91 6.646L11.005 10.864L3.133 6.57ZM12 12.6L20 8.331V16.131L15.737 13.289C14.556 12.504 13.414 14.144 14.492 14.863L18.664 17.644L12 21.2V12.6Z\" fill=\"white\" \/>\n              <\/svg>\n            <\/div>\n\n            <div class=\"slide-content\">\n                              <h3 class=\"slide-title heading3\">Club infantil Turi<\/h3>\n                                            <p class=\"slide-desc\">Turi Club ofrece actividades diarias gratuitas para hu\u00e9spedes de 4 a 12 a\u00f1os que mantendr\u00e1n entretenidos a los m\u00e1s peque\u00f1os. Los hu\u00e9spedes menores de 4 a\u00f1os deben ir acompa\u00f1ados de un adulto y los servicios de ni\u00f1era facilitan la planificaci\u00f3n de una cena o de un d\u00eda de aventuras en Nayarit. <\/p>\n                          <\/div>\n          <\/div>\n                  <div class=\"slide\">\n            <div class=\"slide-img\">\n                              <!-- <a href=\"https:\/\/cdn.conradpuntademita.com\/wp-content\/uploads\/2023\/02\/16001941\/Conrad-Punta-de-Mita-Library.jpg\" data-fancybox=\"gallery\" rel=\"slider-block_6488066e3071b10085bb960f69a4bbdf\" data-caption=\"\"> -->\n                <img decoding=\"async\" class=\"lazyload\" src=\"https:\/\/cdn.conradpuntademita.com\/wp-content\/uploads\/2023\/02\/16001941\/Conrad-Punta-de-Mita-Library-1200x665.webp\" alt=\"Un sal\u00f3n bien organizado ba\u00f1ado por una suave y tenue iluminaci\u00f3n dorada.\">\n                <!-- <\/a> -->\n                                          <svg class=\"slide-caption\" width=\"22\" height=\"24\" viewbox=\"0 0 22 24\" fill=\"none\" xmlns=\"http:\/\/www.w3.org\/2000\/svg\">\n                <path d=\"M11 0L0 6V18.131L11 24L22 18.131V6.065L11 0ZM10 21.2L3.336 17.645L7.537 14.844C8.617 14.125 7.471 12.485 6.294 13.269L2 16.131V8.23L10 12.593V21.2ZM3.133 6.57L10 2.824V7.25C10 8.573 12 8.574 12 7.25V2.835L18.91 6.646L11.005 10.864L3.133 6.57ZM12 12.6L20 8.331V16.131L15.737 13.289C14.556 12.504 13.414 14.144 14.492 14.863L18.664 17.644L12 21.2V12.6Z\" fill=\"white\" \/>\n              <\/svg>\n            <\/div>\n\n            <div class=\"slide-content\">\n                              <h3 class=\"slide-title heading3\">La biblioteca<\/h3>\n                                            <p class=\"slide-desc\">Junto a la sala de juegos y al Turi Kids Club, The Library ofrece otro lugar para que las familias trabajen y se relajen. Este espacio incluye nuestro centro de negocios e incluso ofrece noches de cine en fechas seleccionadas durante todo el a\u00f1o.  <\/p>\n                          <\/div>\n          <\/div>\n                  <div class=\"slide\">\n            <div class=\"slide-img\">\n                              <!-- <a href=\"https:\/\/cdn.conradpuntademita.com\/wp-content\/uploads\/2022\/05\/13120306\/ConradPuntaMita-Spherical-JoeThomas-022022-121-1.webp\" data-fancybox=\"gallery\" rel=\"slider-block_6488066e3071b10085bb960f69a4bbdf\" data-caption=\"\"> -->\n                <img decoding=\"async\" class=\"lazyload\" src=\"https:\/\/cdn.conradpuntademita.com\/wp-content\/uploads\/2022\/05\/13120306\/ConradPuntaMita-Spherical-JoeThomas-022022-121-1-1209x665.webp\" alt=\"Familia feliz caminando por la playa\">\n                <!-- <\/a> -->\n                                          <svg class=\"slide-caption\" width=\"22\" height=\"24\" viewbox=\"0 0 22 24\" fill=\"none\" xmlns=\"http:\/\/www.w3.org\/2000\/svg\">\n                <path d=\"M11 0L0 6V18.131L11 24L22 18.131V6.065L11 0ZM10 21.2L3.336 17.645L7.537 14.844C8.617 14.125 7.471 12.485 6.294 13.269L2 16.131V8.23L10 12.593V21.2ZM3.133 6.57L10 2.824V7.25C10 8.573 12 8.574 12 7.25V2.835L18.91 6.646L11.005 10.864L3.133 6.57ZM12 12.6L20 8.331V16.131L15.737 13.289C14.556 12.504 13.414 14.144 14.492 14.863L18.664 17.644L12 21.2V12.6Z\" fill=\"white\" \/>\n              <\/svg>\n            <\/div>\n\n            <div class=\"slide-content\">\n                              <h3 class=\"slide-title heading3\">3 km de playa virgen<\/h3>\n                                            <p class=\"slide-desc\">Construye un castillo de arena, chapotea en las olas o deja una serie de huellas en la arena. Con dos millas de playa para explorar, los ni\u00f1os pueden correr y disfrutar de un d\u00eda lleno de sol y surf en las costas del gran Pac\u00edfico azul.   <\/p>\n                          <\/div>\n          <\/div>\n                  <div class=\"slide\">\n            <div class=\"slide-img\">\n                              <!-- <a href=\"https:\/\/cdn.conradpuntademita.com\/wp-content\/uploads\/2022\/05\/13122727\/ConradPuntadeMita-JoeThomas-592-scaled.webp\" data-fancybox=\"gallery\" rel=\"slider-block_6488066e3071b10085bb960f69a4bbdf\" data-caption=\"\"> -->\n                <img decoding=\"async\" class=\"lazyload\" src=\"https:\/\/cdn.conradpuntademita.com\/wp-content\/uploads\/2022\/05\/13122727\/ConradPuntadeMita-JoeThomas-592-1209x665.webp\" alt=\"Un ni\u00f1o y una ni\u00f1a jugando en el rancho de \u00e1rbol ca\u00eddo\">\n                <!-- <\/a> -->\n                                          <svg class=\"slide-caption\" width=\"22\" height=\"24\" viewbox=\"0 0 22 24\" fill=\"none\" xmlns=\"http:\/\/www.w3.org\/2000\/svg\">\n                <path d=\"M11 0L0 6V18.131L11 24L22 18.131V6.065L11 0ZM10 21.2L3.336 17.645L7.537 14.844C8.617 14.125 7.471 12.485 6.294 13.269L2 16.131V8.23L10 12.593V21.2ZM3.133 6.57L10 2.824V7.25C10 8.573 12 8.574 12 7.25V2.835L18.91 6.646L11.005 10.864L3.133 6.57ZM12 12.6L20 8.331V16.131L15.737 13.289C14.556 12.504 13.414 14.144 14.492 14.863L18.664 17.644L12 21.2V12.6Z\" fill=\"white\" \/>\n              <\/svg>\n            <\/div>\n\n            <div class=\"slide-content\">\n                              <h3 class=\"slide-title heading3\">Diversi\u00f3n en cada esquina<\/h3>\n                                            <p class=\"slide-desc\">De la piscina a la playa y de la selva al mar, cada d\u00eda en Punta de Mita est\u00e1 lleno de aventura y diversi\u00f3n.   <\/p>\n                          <\/div>\n          <\/div>\n                  <div class=\"slide\">\n            <div class=\"slide-img\">\n                              <!-- <a href=\"https:\/\/cdn.conradpuntademita.com\/wp-content\/uploads\/2022\/05\/13123140\/ConradPuntaMita-Spherical-JoeThomas-022022-2-e1653630634811.jpg\" data-fancybox=\"gallery\" rel=\"slider-block_6488066e3071b10085bb960f69a4bbdf\" data-caption=\"\"> -->\n                <img decoding=\"async\" class=\"lazyload\" src=\"https:\/\/cdn.conradpuntademita.com\/wp-content\/uploads\/2022\/05\/13123140\/ConradPuntaMita-Spherical-JoeThomas-022022-2-1209x665.webp\" alt=\"Imagen del hotel desde el dron\">\n                <!-- <\/a> -->\n                                          <svg class=\"slide-caption\" width=\"22\" height=\"24\" viewbox=\"0 0 22 24\" fill=\"none\" xmlns=\"http:\/\/www.w3.org\/2000\/svg\">\n                <path d=\"M11 0L0 6V18.131L11 24L22 18.131V6.065L11 0ZM10 21.2L3.336 17.645L7.537 14.844C8.617 14.125 7.471 12.485 6.294 13.269L2 16.131V8.23L10 12.593V21.2ZM3.133 6.57L10 2.824V7.25C10 8.573 12 8.574 12 7.25V2.835L18.91 6.646L11.005 10.864L3.133 6.57ZM12 12.6L20 8.331V16.131L15.737 13.289C14.556 12.504 13.414 14.144 14.492 14.863L18.664 17.644L12 21.2V12.6Z\" fill=\"white\" \/>\n              <\/svg>\n            <\/div>\n\n            <div class=\"slide-content\">\n                              <h3 class=\"slide-title heading3\">Piscinas del complejo<\/h3>\n                                            <p class=\"slide-desc\">Disfrute de tres piscinas serenas con vista al mar, \u00a1y una que est\u00e1 dise\u00f1ada solo para ni\u00f1os! Pase horas creando recuerdos en el tobog\u00e1n de agua y en la plataforma de chapoteo, mientras que los adultos pueden visitar las otras dos piscinas para descansar y relajarse bajo el sol. \u00a1Incluso hay una piscina para ni\u00f1os poco profunda para los m\u00e1s peque\u00f1os del grupo!<\/p>\n                          <\/div>\n          <\/div>\n              <\/div>\n    <\/div>\n  <\/section>\n\n\n\n<section class=\"block-content\">\n  <div class=\"block-content-wrapper\">\n    <div class=\"block-content__content content\"><\/div>\n  <\/div>\n<\/section>\n\n<section id=\"responsive-spacer-block_32acf525fa0da7a0d86752696e9b00d0\" class=\"responsive-spacer\">\n<\/section>\n<style>\n  #responsive-spacer-block_32acf525fa0da7a0d86752696e9b00d0 {\n    width: 100%;\n  }\n\n  #responsive-spacer-block_32acf525fa0da7a0d86752696e9b00d0 {\n    height: 50px;\n  }\n\n  @media (min-width: 769px) {\n    #responsive-spacer-block_32acf525fa0da7a0d86752696e9b00d0 {\n      height: 75px;\n    }\n  }\n\n  @media (min-width: 1201px) {\n    #responsive-spacer-block_32acf525fa0da7a0d86752696e9b00d0 {\n      height: 100px;\n    }\n  }\n\n  <\/style>\n\n\n<section id=\"offers-module-block_596d7821d5c744be62ab4340069fcd85\" class=\"offers-module\">\n  <div class=\"offers-module__info\">\n\n\n\n          <h2 class=\"offers-module__heading heading2 a-up\">Planifica tu visita<\/h2>\n    \n          <h6 class=\"offers-module__subheading heading3 a-up a-delay-1\">Ofertas Especiales<\/h6>\n    \n          <p class=\"offers-module__desc content a-up a-delay-2\">\n        Comience su viaje de relajaci\u00f3n y disfrute de los encantos naturales de este santuario. A solo unos pasos de una de las mejores playas de la Riviera Nayarit, Conrad Punta de Mita est\u00e1 rodeado de serenos paisajes con infinitas opciones para relajarse y divertirse.      <\/p>\n    \n        <div class=\"offers-module__btn--wrapper a-up\">\n      <a href=\"\/es\/ofertas\/\" class=\"btn offers-module__btn\" target=\"\">\n        DESCUBRE M\u00c1S      <\/a>\n    <\/div>\n    \n  <\/div>\n      <div class=\"offers-module__grid swiper\">\n      <div class=\"swiper-wrapper offers-module__swiper\">\n        <style>\n\n.loop-offer__content {\n  display: flex;\n  flex-direction: column;\n  flex-grow: 1;\n  justify-content: space-between;\n}\n\n\n\n.swiper-slide {\n    height: auto !important;\n}\n\n<\/style>\n\n  <article class=\"loop-offer swiper-slide\" data-id=\"18717\">\n    <a href=\"https:\/\/www.hilton.com\/en\/book\/reservation\/deeplink\/?&#038;ctyhocn=PVRPMCI&#038;spec_plan=NE&#038;requestedRatesOnly=true&#038;arrivalDate=2026-03-01&#038;departureDate=2026-03-04&#038;flexibleDates=true&#038;displayCurrency=USD\" target=\"\" rel=\"noopener\">\n      <div class=\"loop-offer__image\">\n                  <div class=\"img-a\">\n            <div class=\"gradient-overlay foto-hover\">\n              <img decoding=\"async\" loading=\"lazy\" src=\"https:\/\/cdn.conradpuntademita.com\/wp-content\/uploads\/2026\/03\/01215607\/CPM-Transportation-Package-585x675.jpg\" srcset=\"https:\/\/cdn.conradpuntademita.com\/wp-content\/uploads\/2026\/03\/01215607\/CPM-Transportation-Package-1170x675.jpg\" alt=\"Conrad Punta de Mita\" class=\"loop-offer__bg\">\n            <\/div>\n          <\/div>\n        \n      <\/div>\n    <\/a>\n\n    <div class=\"loop-offer__content content\">\n      <h6 class=\"loop-offer__title a-up\">\n        Experiencia de llegada exclusiva      <\/h6>\n              <p class=\"loop-offer__excerpt a-up a-delay-1\">Paquete de traslado al aeropuerto Conrad Punta de Mita: 25% de descuento en alojamientos premium elegibles, incluyendo traslados privados de ida y vuelta en SUV desde el aeropuerto (PVR). Estancia m\u00ednima de 3 noches.<\/p>\n      \n\n\n              <a href=\"https:\/\/www.hilton.com\/en\/book\/reservation\/deeplink\/?&#038;ctyhocn=PVRPMCI&#038;spec_plan=NE&#038;requestedRatesOnly=true&#038;arrivalDate=2026-03-01&#038;departureDate=2026-03-04&#038;flexibleDates=true&#038;displayCurrency=USD\" class=\"btn loop-offer__btn  btn-outline\" target=\"\" rel=\"noopener\">\n                        Reservar        <\/a>\n            \n    <\/div>\n  <\/article>\n<style>\n\n.loop-offer__content {\n  display: flex;\n  flex-direction: column;\n  flex-grow: 1;\n  justify-content: space-between;\n}\n\n\n\n.swiper-slide {\n    height: auto !important;\n}\n\n<\/style>\n\n  <article class=\"loop-offer swiper-slide\" data-id=\"17842\">\n    <a href=\"https:\/\/www.hilton.com\/en\/book\/reservation\/deeplink\/?&#038;ctyhocn=PVRPMCI&#038;spec_plan=PGAIRO&#038;requestedRatesOnly=true&#038;arrivalDate=2026-01-01&#038;departureDate=2026-01-04&#038;flexibleDates=true\" target=\"\" rel=\"noopener\">\n      <div class=\"loop-offer__image\">\n                  <div class=\"img-a\">\n            <div class=\"gradient-overlay foto-hover\">\n              <img decoding=\"async\" loading=\"lazy\" src=\"https:\/\/cdn.conradpuntademita.com\/wp-content\/uploads\/2025\/12\/15223123\/CPM-Resort-Credit-Offer-585x730.jpg\" srcset=\"https:\/\/cdn.conradpuntademita.com\/wp-content\/uploads\/2025\/12\/15223123\/CPM-Resort-Credit-Offer-1170x1000.jpg\" alt=\"Mujer relaj\u00e1ndose en la piscina de la azotea con desayuno flotante, champ\u00e1n y vistas panor\u00e1micas al oc\u00e9ano.\" class=\"loop-offer__bg\">\n            <\/div>\n          <\/div>\n        \n      <\/div>\n    <\/a>\n\n    <div class=\"loop-offer__content content\">\n      <h6 class=\"loop-offer__title a-up\">\n        Oferta de cr\u00e9dito del resort      <\/h6>\n              <p class=\"loop-offer__excerpt a-up a-delay-1\">Disfrute de m\u00e1s tiempo para relajarse con su tercera noche por nuestra cuenta, adem\u00e1s de un cr\u00e9dito de $200 USD para experiencias gastron\u00f3micas y de spa en el Conrad Punta de Mita.<\/p>\n      \n\n\n              <a href=\"https:\/\/www.hilton.com\/en\/book\/reservation\/deeplink\/?&#038;ctyhocn=PVRPMCI&#038;spec_plan=PGAIRO&#038;requestedRatesOnly=true&#038;arrivalDate=2026-01-01&#038;departureDate=2026-01-04&#038;flexibleDates=true\" class=\"btn loop-offer__btn  btn-outline\" target=\"\" rel=\"noopener\">\n                        Reservar        <\/a>\n            \n    <\/div>\n  <\/article>\n<style>\n\n.loop-offer__content {\n  display: flex;\n  flex-direction: column;\n  flex-grow: 1;\n  justify-content: space-between;\n}\n\n\n\n.swiper-slide {\n    height: auto !important;\n}\n\n<\/style>\n\n  <article class=\"loop-offer swiper-slide\" data-id=\"4742\">\n    <a href=\"https:\/\/www.hilton.com\/en\/book\/reservation\/deeplink\/?&#038;ctyhocn=PVRPMCI&#038;spec_plan=OW&#038;requestedRatesOnly=true&#038;arrivalDate=2024-08-01&#038;departureDate=2024-08-03&#038;flexibleDates=true\" target=\"_blank\" rel=\"noopener\">\n      <div class=\"loop-offer__image\">\n                  <div class=\"img-a\">\n            <div class=\"gradient-overlay foto-hover\">\n              <img decoding=\"async\" loading=\"lazy\" src=\"https:\/\/cdn.conradpuntademita.com\/wp-content\/uploads\/2022\/05\/13123545\/ConradPuntaMita-Spherical-JoeThomas-022022-130-585x730.webp\" srcset=\"https:\/\/cdn.conradpuntademita.com\/wp-content\/uploads\/2022\/05\/13123545\/ConradPuntaMita-Spherical-JoeThomas-022022-130-1170x1365.jpg\" alt=\"Imagen de algunos \u00e1rboles en la playa con vista al mar.\" class=\"loop-offer__bg\">\n            <\/div>\n          <\/div>\n        \n      <\/div>\n    <\/a>\n\n    <div class=\"loop-offer__content content\">\n      <h6 class=\"loop-offer__title a-up\">\n        Tarifa Residentes Mexicanos <br\/> Desde 6200MXN      <\/h6>\n              <p class=\"loop-offer__excerpt a-up a-delay-1\">Los residentes disfrutan de hasta 30% de descuento en alojamiento, desayuno diario, 20% de descuento en comida y bebida y spa, los ni\u00f1os comen gratis y salida tard\u00eda.<\/p>\n      \n\n\n              <a href=\"https:\/\/www.hilton.com\/en\/book\/reservation\/deeplink\/?&#038;ctyhocn=PVRPMCI&#038;spec_plan=OW&#038;requestedRatesOnly=true&#038;arrivalDate=2024-08-01&#038;departureDate=2024-08-03&#038;flexibleDates=true\" class=\"btn loop-offer__btn  btn-outline\" target=\"_blank\" rel=\"noopener\">\n                        Reservar        <\/a>\n            \n    <\/div>\n  <\/article>\n<style>\n\n.loop-offer__content {\n  display: flex;\n  flex-direction: column;\n  flex-grow: 1;\n  justify-content: space-between;\n}\n\n\n\n.swiper-slide {\n    height: auto !important;\n}\n\n<\/style>\n\n  <article class=\"loop-offer swiper-slide\" data-id=\"18550\">\n    <a href=\"https:\/\/www.hilton.com\/en\/book\/reservation\/deeplink\/?&#038;ctyhocn=PVRPMCI&#038;spec_plan=NU&#038;requestedRatesOnly=true&#038;arrivalDate=2026-01-01&#038;departureDate=2026-01-03&#038;flexibleDates=true&#038;displayCurrency=USD\" target=\"\" rel=\"noopener\">\n      <div class=\"loop-offer__image\">\n                  <div class=\"img-a\">\n            <div class=\"gradient-overlay foto-hover\">\n              <img decoding=\"async\" loading=\"lazy\" src=\"https:\/\/cdn.conradpuntademita.com\/wp-content\/uploads\/2026\/02\/12201001\/CPM-Family-Offer-585x730.jpg\" srcset=\"https:\/\/cdn.conradpuntademita.com\/wp-content\/uploads\/2026\/02\/12201001\/CPM-Family-Offer-1170x1000.jpg\" alt=\"\" class=\"loop-offer__bg\">\n            <\/div>\n          <\/div>\n        \n      <\/div>\n    <\/a>\n\n    <div class=\"loop-offer__content content\">\n      <h6 class=\"loop-offer__title a-up\">\n        Oferta de Tradiciones Familiares      <\/h6>\n              <p class=\"loop-offer__excerpt a-up a-delay-1\">Planifique su escapada a Punta de Mita con la Oferta Tradiciones Familiares en Conrad Punta de Mita, que ofrece 20% de descuento, desayuno para adultos, ni\u00f1os menores de 12 a\u00f1os comen gratis y mucho m\u00e1s.<\/p>\n      \n\n\n              <a href=\"https:\/\/www.hilton.com\/en\/book\/reservation\/deeplink\/?&#038;ctyhocn=PVRPMCI&#038;spec_plan=NU&#038;requestedRatesOnly=true&#038;arrivalDate=2026-01-01&#038;departureDate=2026-01-03&#038;flexibleDates=true&#038;displayCurrency=USD\" class=\"btn loop-offer__btn  btn-outline\" target=\"\" rel=\"noopener\">\n                        Reservar        <\/a>\n            \n    <\/div>\n  <\/article>\n<style>\n\n.loop-offer__content {\n  display: flex;\n  flex-direction: column;\n  flex-grow: 1;\n  justify-content: space-between;\n}\n\n\n\n.swiper-slide {\n    height: auto !important;\n}\n\n<\/style>\n\n  <article class=\"loop-offer swiper-slide\" data-id=\"7489\">\n    <a href=\"https:\/\/www.hilton.com\/en\/book\/reservation\/deeplink?&#038;ctyhocn=PVRPMCI&#038;spec_plan=RPSPRO&#038;requestedRatesOnly=true&#038;arrivalDate=2025-02-25&#038;departureDate=2025-03-01&#038;flexibleDates=true\" target=\"\" rel=\"noopener\">\n      <div class=\"loop-offer__image\">\n                  <div class=\"img-a\">\n            <div class=\"gradient-overlay foto-hover\">\n              <img decoding=\"async\" loading=\"lazy\" src=\"https:\/\/cdn.conradpuntademita.com\/wp-content\/uploads\/2024\/01\/10160525\/conrad-punta-de-mita-aereal-585x730.jpg\" srcset=\"https:\/\/cdn.conradpuntademita.com\/wp-content\/uploads\/2024\/01\/10160525\/conrad-punta-de-mita-aereal-1170x1332.jpg\" alt=\"Resort de lujo frente al mar con edificios blancos, piscina sinuosa, palmeras y monta\u00f1as iluminadas por el atardecer en el fondo.\" class=\"loop-offer__bg\">\n            <\/div>\n          <\/div>\n        \n      <\/div>\n    <\/a>\n\n    <div class=\"loop-offer__content content\">\n      <h6 class=\"loop-offer__title a-up\">\n        Cuarta noche por nuestra cuenta      <\/h6>\n              <p class=\"loop-offer__excerpt a-up a-delay-1\">Esc\u00e1pese a la serena belleza de Conrad Punta de Mita y experimente el lujo como nunca antes. Reserve una estad\u00eda de 3 noches y disfrute de la cuarta noche por nuestra cuenta, adem\u00e1s de un cr\u00e9dito de resort de $250.<\/p>\n      \n\n\n              <a href=\"https:\/\/www.hilton.com\/en\/book\/reservation\/deeplink?&#038;ctyhocn=PVRPMCI&#038;spec_plan=RPSPRO&#038;requestedRatesOnly=true&#038;arrivalDate=2025-02-25&#038;departureDate=2025-03-01&#038;flexibleDates=true\" class=\"btn loop-offer__btn  btn-outline\" target=\"\" rel=\"noopener\">\n                        Reservar        <\/a>\n            \n    <\/div>\n  <\/article>\n<style>\n\n.loop-offer__content {\n  display: flex;\n  flex-direction: column;\n  flex-grow: 1;\n  justify-content: space-between;\n}\n\n\n\n.swiper-slide {\n    height: auto !important;\n}\n\n<\/style>\n\n      <\/div>\n    <\/div>\n  \n      <div class=\"offers-module__extra-link a-up a-delay-3\">\n      <a href=\"https:\/\/www.conradpuntademita.com\/es\/ofertas\/\" target=\"\">DETALLES DE LAS OFERTAS<\/a>\n    <\/div>\n  \n\n<\/section>","protected":false},"excerpt":{"rendered":"<p>Cree recuerdos con toda la familia durante las vacaciones de primavera. Conrad Punta de Mita ha seleccionado una agenda de actividades para toda la familia, que incluye barbacoas en la playa, noches de cine, clases de cocina y m\u00e1s.<\/p>","protected":false},"featured_media":922,"parent":0,"menu_order":1,"template":"","meta":{"_acf_changed":true,"inline_featured_image":false},"experience_category":[57,56],"experience_season":[32],"class_list":["post-4778","experience","type-experience","status-publish","has-post-thumbnail","hentry","experience_category-to-do","experience_category-holidays","experience_season-spring"],"acf":[],"publishpress_future_workflow_manual_trigger":{"enabledWorkflows":[]},"_links":{"self":[{"href":"https:\/\/www.conradpuntademita.com\/es\/wp-json\/wp\/v2\/experience\/4778","targetHints":{"allow":["GET"]}}],"collection":[{"href":"https:\/\/www.conradpuntademita.com\/es\/wp-json\/wp\/v2\/experience"}],"about":[{"href":"https:\/\/www.conradpuntademita.com\/es\/wp-json\/wp\/v2\/types\/experience"}],"wp:featuredmedia":[{"embeddable":true,"href":"https:\/\/www.conradpuntademita.com\/es\/wp-json\/wp\/v2\/media\/922"}],"wp:attachment":[{"href":"https:\/\/www.conradpuntademita.com\/es\/wp-json\/wp\/v2\/media?parent=4778"}],"wp:term":[{"taxonomy":"experience_category","embeddable":true,"href":"https:\/\/www.conradpuntademita.com\/es\/wp-json\/wp\/v2\/experience_category?post=4778"},{"taxonomy":"experience_season","embeddable":true,"href":"https:\/\/www.conradpuntademita.com\/es\/wp-json\/wp\/v2\/experience_season?post=4778"}],"curies":[{"name":"wp","href":"https:\/\/api.w.org\/{rel}","templated":true}]}}