{"id":6878,"date":"2023-08-28T19:54:42","date_gmt":"2023-08-28T19:54:42","guid":{"rendered":"https:\/\/www.conradpuntademita.com\/?post_type=experience&#038;p=6878"},"modified":"2025-07-17T09:18:51","modified_gmt":"2025-07-17T09:18:51","slug":"verano-2","status":"publish","type":"experience","link":"https:\/\/www.conradpuntademita.com\/es\/experiencias\/verano-2\/","title":{"rendered":"Oto\u00f1o"},"content":{"rendered":"<section id=\"banner-block_6632a4b91c1358bcfa18f28ce9d3669f\" class=\"banner gradient-banner single-room\">\n  <div class=\"banner-wrapper\">\n          <img decoding=\"async\" src=\"https:\/\/cdn.conradpuntademita.com\/wp-content\/uploads\/2022\/04\/13120301\/ConradPuntaMita-Spherical-JoeThomas-022022-89.webp\" alt=\"ConradPuntaMita-Spherical-JoeThomas-022022-89\" class=\"banner__img banner__media\">\n      <\/div>\n\n      <div class=\"banner-content\">\n              <h1 class=\"banner-title heading1\">Oto\u00f1o en Punta de Mita<\/h1>\n      \n              \n      \n<\/section>\n\n\n\n<section class=\"wysiwig body-wrapper half-width\" id=\"wysiwig-block_3fed50ea66fed22cc5293d1dc268d050\">\n  <p style=\"text-align: center; padding-top: 20px; width: 75%; margin: 0 auto;\">\nEnam\u00f3rate del encanto encantador de Conrad Punta de Mita durante la temporada de oto\u00f1o. A medida que las hojas cambian, la Riviera Nayarit se transforma en un para\u00edso para los hu\u00e9spedes que buscan una escapada serena. Sum\u00e9rgete en una gran variedad de actividades oce\u00e1nicas, desde aventuras de pesca submarina hasta sesiones de surf.<\/p>\n<p style=\"text-align: center; padding-top: 20px; width: 75%; margin: 0 auto;\">\nEste oto\u00f1o, deja que los tonos dorados del horizonte y los momentos \u00edntimos en Conrad Punta de Mita redefinan tu inspiraci\u00f3n vacacional.<\/p>\n<\/section>\n\n<section id=\"venues-spaces-block_acfa19dd8f752997150d69c0aea39297\" class=\"venues-spaces experience-events body-wrapper\" data-cpt=\"experience\">\n  \n      <h2 class=\"venues-spaces__heading a-up\">Experiencias de oto\u00f1o<\/h2>\n  \n      <div class=\"venues-spaces__items\">\n                \t\n\t<div class=\"loop-event\">\n\t<div class=\"loop-event__link-wrapper\">\n\t\t<div class=\"loop-event__link\">\n\t\n\t<div class=\"loop-event__img\">\n\t\t\t\t\t<a href=\"https:\/\/www.conradpuntademita.com\/es\/experiencias\/dia-de-muertos\/\" class=\"foto-hover\">\n\t\t\t\t\t\t\t\t\t<img decoding=\"async\" src=\"https:\/\/cdn.conradpuntademita.com\/wp-content\/uploads\/2022\/05\/15102357\/NL-45-585x730.webp\" alt=\"Persona con corona de flores colorida, vestido tradicional bordado, pintura corporal de esqueleto y collares se encuentra al aire libre.\">\n\t\t\t\n\t\t\t\t<\/a>\n\t\t\t\t\n\t<\/div>\n\n\n\n\n\t\t\n\n\t\t<\/div>\n\t\n\n\n\t<\/div>\n\n\t<div class=\"loop-event__info\">\n\n\t<h3 class='loop-event__heading heading3 a-up'>\n\tdia de muertos\t<\/h3>\n\n\t\t\t\t\t<div class=\"loop-event__text a-up a-delay-1\">\n\t\t\t\t<p>Sum\u00e9rgete en una de las festividades m\u00e1s queridas de M\u00e9xico, el D\u00eda de Muertos (1 y 2 de noviembre), donde honramos a nuestros ancestros con coloridos disfraces, decoraciones festivas y recetas centenarias. Acomp\u00e1\u00f1anos en nuestra presentaci\u00f3n, que incluye pintura facial, catrinas, altares, artesan\u00eda y una cena festiva a orillas del Pac\u00edfico.<\/p>\n\t\t\t<\/div>\n\t\t\n\t<div class=\"loop-event__cta-wrapper\">\n\t\t\t<a class=\"btn btn-secondary loop-event__cta a-up a-delay-2\" href=\"\/es\/experiencias\/dia-de-muertos\/\" target=\"_blank\">Descubre m\u00e1s<\/a>\n\t\n\t\n\t\t\t\t<\/div>\n\n\t<\/div>\n\t<\/div>\n\t                \t\n\t<div class=\"loop-event\">\n\t<div class=\"loop-event__link-wrapper\">\n\t\t<div class=\"loop-event__link\">\n\t\n\t<div class=\"loop-event__img\">\n\t\t\t\t\t<a href=\"https:\/\/www.conradpuntademita.com\/es\/experiencias\/accion-de-gracias\/\" class=\"foto-hover\">\n\t\t\t\t\t\t\t\t\t<img decoding=\"async\" src=\"https:\/\/cdn.conradpuntademita.com\/wp-content\/uploads\/2022\/05\/21185913\/ConradPuntaMita-Spherical-JoeThomas-022022-40-1-1-e1666378739184-585x730.webp\" alt=\"Gente en las sillas de la playa al atardecer.\">\n\t\t\t\n\t\t\t\t<\/a>\n\t\t\t\t\n\t<\/div>\n\n\n\n\n\t\t\n\n\t\t<\/div>\n\t\n\n\n\t<\/div>\n\n\t<div class=\"loop-event__info\">\n\n\t<h3 class='loop-event__heading heading3 a-up'>\n\tAcci\u00f3n de gracias\t<\/h3>\n\n\t\t\t\t\t<div class=\"loop-event__text a-up a-delay-1\">\n\t\t\t\t<p>Re\u00fane a tus seres queridos y disfruta de una tradicional Semana de Acci\u00f3n de Gracias. Celebra el D\u00eda de Acci\u00f3n de Gracias en Conrad Punta de Mita con cenas festivas, actividades familiares, tratamientos de spa, ceremonias al atardecer y experiencias en la playa. Reserva tu estancia para unas vacaciones inolvidables.<\/p>\n\t\t\t<\/div>\n\t\t\n\t<div class=\"loop-event__cta-wrapper\">\n\t\t\t<a class=\"btn btn-secondary loop-event__cta a-up a-delay-2\" href=\"https:\/\/www.conradpuntademita.com\/es\/experiencias\/accion-de-gracias\/\" target=\"_self\">Descubre m\u00e1s<\/a>\n\t\n\t\n\t\t\t\t<\/div>\n\n\t<\/div>\n\t<\/div>\n\t                \t\n\t<div class=\"loop-event\">\n\t<div class=\"loop-event__link-wrapper\">\n\t\t<div class=\"loop-event__link\">\n\t\n\t<div class=\"loop-event__img\">\n\t\t\t\t\t<a href=\"https:\/\/www.conradpuntademita.com\/es\/experiencias\/reservacion-de-cabanas-privadas\/\" class=\"foto-hover\">\n\t\t\t\t\t\t\t\t\t<img decoding=\"async\" src=\"https:\/\/cdn.conradpuntademita.com\/wp-content\/uploads\/2022\/10\/05213212\/Haniiya-Cabana-1200x1800-1-e1665007191173-585x730.webp\" alt=\"pareja, relajante, por, el, piscina\">\n\t\t\t\n\t\t\t\t<\/a>\n\t\t\t\t\n\t<\/div>\n\n\n\n\n\t\t\n\n\t\t<\/div>\n\t\n\n\n\t<\/div>\n\n\t<div class=\"loop-event__info\">\n\n\t<h3 class='loop-event__heading heading3 a-up'>\n\tReserva tu Cabana Privada\t<\/h3>\n\n\t\t\t\t\t<div class=\"loop-event__text a-up a-delay-1\">\n\t\t\t\t<p>Seleccione entre cuatro opciones de caba\u00f1as privadas con servicio de mayordomo y comodidades junto a la piscina en caba\u00f1as personalizadas inspiradas en los huicholes.<\/p>\n\t\t\t<\/div>\n\t\t\n\t<div class=\"loop-event__cta-wrapper\">\n\t\t\t<a class=\"btn btn-secondary loop-event__cta a-up a-delay-2\" href=\"\/es\/experiencias\/reservacion-de-cabanas-privadas\/\" target=\"_self\">Ver Caba\u00f1as<\/a>\n\t\n\t\n\t\t\t\t<\/div>\n\n\t<\/div>\n\t<\/div>\n\t                \t\n\t<div class=\"loop-event\">\n\t<div class=\"loop-event__link-wrapper\">\n\t\t<div class=\"loop-event__link\">\n\t\n\t<div class=\"loop-event__img\">\n\t\t\t\t\t<a href=\"https:\/\/www.conradpuntademita.com\/es\/experiencias\/golf-2\/\" class=\"foto-hover\">\n\t\t\t\t\t\t\t\t\t<img decoding=\"async\" src=\"https:\/\/cdn.conradpuntademita.com\/wp-content\/uploads\/2022\/05\/13120631\/carlos-aranda-ocnH0M0CweE-unsplash-585x730.jpg\" alt=\"Campo verde cerca de la playa con dos \u00e1rboles.\">\n\t\t\t\n\t\t\t\t<\/a>\n\t\t\t\t\n\t<\/div>\n\n\n\n\n\t\t\n\n\t\t<\/div>\n\t\n\n\n\t<\/div>\n\n\t<div class=\"loop-event__info\">\n\n\t<h3 class='loop-event__heading heading3 a-up'>\n\tGolf\t<\/h3>\n\n\t\t\t\t\t<div class=\"loop-event__text a-up a-delay-1\">\n\t\t\t\t<p>A solo unos pasos del resort, Higuera Golf Club es un destino de la lista de deseos para muchos golfistas. Dise\u00f1ado por Greg Norman, la obra maestra de 18 hoyos par 72 combina un juego desafiante con impresionantes vistas del Pac\u00edfico mexicano. Nuestro Concierge puede ayudarlo a reservar horarios de salida.<\/p>\n\t\t\t<\/div>\n\t\t\n\t<div class=\"loop-event__cta-wrapper\">\n\t\t\t<a class=\"btn btn-secondary loop-event__cta a-up a-delay-2\" href=\"https:\/\/www.conradpuntademita.com\/es\/experiencias\/golf-2\/\" target=\"_self\">Descubre m\u00e1s<\/a>\n\t\n\t\n\t\t\t\t<\/div>\n\n\t<\/div>\n\t<\/div>\n\t                \t\n\t<div class=\"loop-event\">\n\t<div class=\"loop-event__link-wrapper\">\n\t\t<div class=\"loop-event__link\">\n\t\n\t<div class=\"loop-event__img\">\n\t\t\t\t\t<a href=\"https:\/\/www.conradpuntademita.com\/es\/experiencias\/menu-spa-2\/\" class=\"foto-hover\">\n\t\t\t\t\t\t\t\t\t<img decoding=\"async\" src=\"https:\/\/cdn.conradpuntademita.com\/wp-content\/uploads\/2022\/05\/13120705\/PVRPMCI_SPA-Outdoor-pareja-585x730.webp\" alt=\"Spa al aire libre con l\u00e1mpara\">\n\t\t\t\n\t\t\t\t<\/a>\n\t\t\t\t\n\t<\/div>\n\n\n\n\n\t\t\n\n\t\t<\/div>\n\t\n\n\n\t<\/div>\n\n\t<div class=\"loop-event__info\">\n\n\t<h3 class='loop-event__heading heading3 a-up'>\n\tBienestar y Spa\t<\/h3>\n\n\t\t\t\t\t<div class=\"loop-event__text a-up a-delay-1\">\n\t\t\t\t<p>Envuelto por una jungla tranquila e informado por tradiciones huicholes centenarias, Conrad Spa es un lugar de nutrici\u00f3n y curaci\u00f3n para el cuerpo y el alma. Reserve una sesi\u00f3n al aire libre en uno de nuestros &quot;nidos&quot; de tratamiento con c\u00fapula de paja refrescados por la brisa del oc\u00e9ano. O experimente el poder transformador de una ceremonia de temazcal.<\/p>\n\t\t\t<\/div>\n\t\t\n\t<div class=\"loop-event__cta-wrapper\">\n\t\t\t<a class=\"btn btn-secondary loop-event__cta a-up a-delay-2\" href=\"\/es\/bienestar\/\" target=\"_self\">Descubre m\u00e1s<\/a>\n\t\n\t\n\t\t\t\t<\/div>\n\n\t<\/div>\n\t<\/div>\n\t                \t                \t\n\t<div class=\"loop-event\">\n\t<div class=\"loop-event__link-wrapper\">\n\t\t<div class=\"loop-event__link\">\n\t\n\t<div class=\"loop-event__img\">\n\t\t\t\t\t<a href=\"https:\/\/www.conradpuntademita.com\/es\/experiencias\/montar-a-caballo\/\" class=\"foto-hover\">\n\t\t\t\t\t\t\t\t\t<img decoding=\"async\" src=\"https:\/\/cdn.conradpuntademita.com\/wp-content\/uploads\/2022\/05\/13120648\/shutterstock_1359881816-585x730.jpg\" alt=\"Dos caballos con jinete cabalgando por la playa\">\n\t\t\t\n\t\t\t\t<\/a>\n\t\t\t\t\n\t<\/div>\n\n\n\n\n\t\t\n\n\t\t<\/div>\n\t\n\n\n\t<\/div>\n\n\t<div class=\"loop-event__info\">\n\n\t<h3 class='loop-event__heading heading3 a-up'>\n\tCabalgatas\t<\/h3>\n\n\t\t\t\t\t<div class=\"loop-event__text a-up a-delay-1\">\n\t\t\t\t<p>Sum\u00e9rjase en la belleza intacta del Pac\u00edfico mexicano desde la silla de montar. Nuestros proveedores de equipos ecuestres lo guiar\u00e1n en un viaje incre\u00edblemente hermoso a trav\u00e9s del campo, descendiendo de los senderos de la jungla a la playa virgen, en caballos especialmente entrenados que se mueven con delicadeza y gracia. <\/p>\n\t\t\t<\/div>\n\t\t\n\t<div class=\"loop-event__cta-wrapper\">\n\t\t\t<a class=\"btn btn-secondary loop-event__cta a-up a-delay-2\" href=\"\/es\/experiencias\/montar-a-caballo\/\" target=\"_self\">Descubre m\u00e1s<\/a>\n\t\n\t\n\t\t\t\t<\/div>\n\n\t<\/div>\n\t<\/div>\n\t                \t                \t\n\t<div class=\"loop-event\">\n\t<div class=\"loop-event__link-wrapper\">\n\t\t<div class=\"loop-event__link\">\n\t\n\t<div class=\"loop-event__img\">\n\t\t\t\t\t<a href=\"https:\/\/www.conradpuntademita.com\/es\/experiencias\/conrad-conserje\/\" class=\"foto-hover\">\n\t\t\t\t\t\t\t\t\t<img decoding=\"async\" src=\"https:\/\/cdn.conradpuntademita.com\/wp-content\/uploads\/2023\/08\/23204929\/ConradPuntadeMita_CompadreButler-585x730.jpg\" alt=\"Pareja relaj\u00e1ndose en el jacuzzi de la azotea al atardecer mientras el camarero trae champ\u00e1n, con vistas al oc\u00e9ano.\">\n\t\t\t\n\t\t\t\t<\/a>\n\t\t\t\t\n\t<\/div>\n\n\n\n\n\t\t\n\n\t\t<\/div>\n\t\n\n\n\t<\/div>\n\n\t<div class=\"loop-event__info\">\n\n\t<h3 class='loop-event__heading heading3 a-up'>\n\tCompadre Concierge\t<\/h3>\n\n\t\t\t\t\t<div class=\"loop-event__text a-up a-delay-1\">\n\t\t\t\t<p>Conrad Punta de Mita presenta los servicios elevados Compadre Concierge para suites de primer nivel.<\/p>\n\t\t\t<\/div>\n\t\t\n\t<div class=\"loop-event__cta-wrapper\">\n\t\t\t<a class=\"btn btn-secondary loop-event__cta a-up a-delay-2\" href=\"https:\/\/www.conradpuntademita.com\/es\/experiencias\/conrad-conserje\/\" target=\"_blank\">Descubre m\u00e1s<\/a>\n\t\n\t\n\t\t\t\t<\/div>\n\n\t<\/div>\n\t<\/div>\n\t                \t                \t\n\t<div class=\"loop-event\">\n\t<div class=\"loop-event__link-wrapper\">\n\t\t<div class=\"loop-event__link\">\n\t\n\t<div class=\"loop-event__img\">\n\t\t\t\t\t<a href=\"https:\/\/www.conradpuntademita.com\/es\/experiencias\/canal-de-television-britanico\/\" class=\"foto-hover\">\n\t\t\t\t\t\t\t\t\t<img decoding=\"async\" src=\"https:\/\/cdn.conradpuntademita.com\/wp-content\/uploads\/2022\/05\/13120629\/shutterstock_1146141119-585x730.jpg\" alt=\"ATV amarillo en la arena\">\n\t\t\t\n\t\t\t\t<\/a>\n\t\t\t\t\n\t<\/div>\n\n\n\n\n\t\t\n\n\t\t<\/div>\n\t\n\n\n\t<\/div>\n\n\t<div class=\"loop-event__info\">\n\n\t<h3 class='loop-event__heading heading3 a-up'>\n\tVEH\u00cdCULOS TODO TERRENO\t<\/h3>\n\n\t\t\t\t\t<div class=\"loop-event__text a-up a-delay-1\">\n\t\t\t\t<p>Sin descubrir y sin desarrollar, la costa occidental de M\u00e9xico es una de las regiones silvestres m\u00e1s escarpadas del pa\u00eds. S\u00fabete a un veh\u00edculo todo terreno para experimentarlo todoterreno. Dirigido por gu\u00edas profesionales por senderos en la jungla y ranchos abiertos, obtendr\u00e1 una descarga de adrenalina con un lado de la belleza natural. <\/p>\n\t\t\t<\/div>\n\t\t\n\t<div class=\"loop-event__cta-wrapper\">\n\t\t\t<a class=\"btn btn-secondary loop-event__cta a-up a-delay-2\" href=\"\/es\/experiencias\/canal-de-television-britanico\/\" target=\"_self\">Descubre m\u00e1s<\/a>\n\t\n\t\n\t\t\t\t<\/div>\n\n\t<\/div>\n\t<\/div>\n\t          <\/div>\n  \n  <\/section>\n\n\n\n<section id=\"offers-module-block_7d553f4dc3b133c0e7c8adc07fb81769\" class=\"offers-module\">\n  <div class=\"offers-module__info\">\n\n\n\n          <h2 class=\"offers-module__heading heading2 a-up\">Ofertas de oto\u00f1o<\/h2>\n    \n    \n          <p class=\"offers-module__desc content a-up a-delay-2\">\n        Descubra infinitas posibilidades para su escapada perfecta en nuestro resort. Desde emocionantes paquetes de golf hasta aventuras familiares inolvidables y m\u00e1s, ofrecemos una amplia gama de opciones dise\u00f1adas para crear la experiencia de sus sue\u00f1os.      <\/p>\n    \n    \n  <\/div>\n      <div class=\"offers-module__grid swiper\">\n      <div class=\"swiper-wrapper offers-module__swiper\">\n        <style>\n\n.loop-offer__content {\n  display: flex;\n  flex-direction: column;\n  flex-grow: 1;\n  justify-content: space-between;\n}\n\n\n\n.swiper-slide {\n    height: auto !important;\n}\n\n<\/style>\n\n<style>\n\n.loop-offer__content {\n  display: flex;\n  flex-direction: column;\n  flex-grow: 1;\n  justify-content: space-between;\n}\n\n\n\n.swiper-slide {\n    height: auto !important;\n}\n\n<\/style>\n\n  <article class=\"loop-offer swiper-slide\" data-id=\"4742\">\n    <a href=\"https:\/\/www.hilton.com\/en\/book\/reservation\/deeplink\/?&#038;ctyhocn=PVRPMCI&#038;spec_plan=OW&#038;requestedRatesOnly=true&#038;arrivalDate=2024-08-01&#038;departureDate=2024-08-03&#038;flexibleDates=true\" target=\"_blank\" rel=\"noopener\">\n      <div class=\"loop-offer__image\">\n                  <div class=\"img-a\">\n            <div class=\"gradient-overlay foto-hover\">\n              <img decoding=\"async\" loading=\"lazy\" src=\"https:\/\/cdn.conradpuntademita.com\/wp-content\/uploads\/2022\/05\/13123545\/ConradPuntaMita-Spherical-JoeThomas-022022-130-585x730.webp\" srcset=\"https:\/\/cdn.conradpuntademita.com\/wp-content\/uploads\/2022\/05\/13123545\/ConradPuntaMita-Spherical-JoeThomas-022022-130-1170x1365.jpg\" alt=\"Imagen de algunos \u00e1rboles en la playa con vista al mar.\" class=\"loop-offer__bg\">\n            <\/div>\n          <\/div>\n        \n      <\/div>\n    <\/a>\n\n    <div class=\"loop-offer__content content\">\n      <h6 class=\"loop-offer__title a-up\">\n        Tarifa Residentes Mexicanos <br\/> Desde 6200MXN      <\/h6>\n              <p class=\"loop-offer__excerpt a-up a-delay-1\">Los residentes disfrutan de hasta 30% de descuento en alojamiento, desayuno diario, 20% de descuento en comida y bebida y spa, los ni\u00f1os comen gratis y salida tard\u00eda.<\/p>\n      \n\n\n              <a href=\"https:\/\/www.hilton.com\/en\/book\/reservation\/deeplink\/?&#038;ctyhocn=PVRPMCI&#038;spec_plan=OW&#038;requestedRatesOnly=true&#038;arrivalDate=2024-08-01&#038;departureDate=2024-08-03&#038;flexibleDates=true\" class=\"btn loop-offer__btn  btn-outline\" target=\"_blank\" rel=\"noopener\">\n                        Reservar        <\/a>\n            \n    <\/div>\n  <\/article>\n<style>\n\n.loop-offer__content {\n  display: flex;\n  flex-direction: column;\n  flex-grow: 1;\n  justify-content: space-between;\n}\n\n\n\n.swiper-slide {\n    height: auto !important;\n}\n\n<\/style>\n\n      <\/div>\n    <\/div>\n  \n  \n\n<\/section>\n\n<section id=\"responsive-spacer-block_53697992fcbe7ae2c24d6e4867fda471\" class=\"responsive-spacer\">\n<\/section>\n<style>\n  #responsive-spacer-block_53697992fcbe7ae2c24d6e4867fda471 {\n    width: 100%;\n  }\n\n  #responsive-spacer-block_53697992fcbe7ae2c24d6e4867fda471 {\n    height: 25px;\n  }\n\n  @media (min-width: 769px) {\n    #responsive-spacer-block_53697992fcbe7ae2c24d6e4867fda471 {\n      height: 25px;\n    }\n  }\n\n  @media (min-width: 1201px) {\n    #responsive-spacer-block_53697992fcbe7ae2c24d6e4867fda471 {\n      height: 25px;\n    }\n  }\n\n  <\/style>","protected":false},"excerpt":{"rendered":"<p>Experimente un verano inolvidable en Punta de Mita, donde el verano ba\u00f1ado por el sol de M\u00e9xico revela un para\u00edso costero extraordinario.<\/p>","protected":false},"featured_media":6423,"parent":0,"menu_order":0,"template":"","meta":{"_acf_changed":true,"inline_featured_image":false},"experience_category":[57],"experience_season":[34],"class_list":["post-6878","experience","type-experience","status-publish","has-post-thumbnail","hentry","experience_category-to-do","experience_season-fall"],"acf":[],"publishpress_future_workflow_manual_trigger":{"enabledWorkflows":[]},"_links":{"self":[{"href":"https:\/\/www.conradpuntademita.com\/es\/wp-json\/wp\/v2\/experience\/6878","targetHints":{"allow":["GET"]}}],"collection":[{"href":"https:\/\/www.conradpuntademita.com\/es\/wp-json\/wp\/v2\/experience"}],"about":[{"href":"https:\/\/www.conradpuntademita.com\/es\/wp-json\/wp\/v2\/types\/experience"}],"wp:featuredmedia":[{"embeddable":true,"href":"https:\/\/www.conradpuntademita.com\/es\/wp-json\/wp\/v2\/media\/6423"}],"wp:attachment":[{"href":"https:\/\/www.conradpuntademita.com\/es\/wp-json\/wp\/v2\/media?parent=6878"}],"wp:term":[{"taxonomy":"experience_category","embeddable":true,"href":"https:\/\/www.conradpuntademita.com\/es\/wp-json\/wp\/v2\/experience_category?post=6878"},{"taxonomy":"experience_season","embeddable":true,"href":"https:\/\/www.conradpuntademita.com\/es\/wp-json\/wp\/v2\/experience_season?post=6878"}],"curies":[{"name":"wp","href":"https:\/\/api.w.org\/{rel}","templated":true}]}}