{"id":12175,"date":"2024-12-10T18:40:00","date_gmt":"2024-12-10T18:40:00","guid":{"rendered":"https:\/\/www.conradpuntademita.com\/?post_type=offer&#038;p=12175"},"modified":"2026-04-17T15:50:02","modified_gmt":"2026-04-17T15:50:02","slug":"3ra-noche-gratis-en-nuestras-suites","status":"publish","type":"offer","link":"https:\/\/www.conradpuntademita.com\/es\/ofertas\/3ra-noche-gratis-en-nuestras-suites\/","title":{"rendered":"La tercera noche corre por nuestra cuenta"},"content":{"rendered":"<section id=\"suiten-stay\" class=\"banner gradient-banner full-height-banner full-height single-room\">\n  <div class=\"banner-wrapper\">\n          <img decoding=\"async\" src=\"https:\/\/cdn.conradpuntademita.com\/wp-content\/uploads\/2023\/08\/23204929\/ConradPuntadeMita_CompadreButler-scaled.webp\" alt=\"ConradPuntadeMita_CompadreButler\" class=\"banner__img banner__media\">\n      <\/div>\n\n      <div class=\"banner-content\">\n              <h1 class=\"banner-title heading1\">La tercera noche corre por nuestra cuenta<\/h1>\n      \n              <h3 class=\"banner-subtitle heading5\">Qu\u00e9dese 2 noches y disfrute de la tercera noche por nuestra cuenta + 1 cr\u00e9dito de resort TP4T200<\/h3>\n              \n      \n<\/section>\n\n\n<section id=\"responsive-spacer-block_63d201deb06fce0206326fa5fdcfc9fe\" class=\"responsive-spacer\">\n<\/section>\n<style>\n  #responsive-spacer-block_63d201deb06fce0206326fa5fdcfc9fe {\n    width: 100%;\n  }\n\n  #responsive-spacer-block_63d201deb06fce0206326fa5fdcfc9fe {\n    height: 100px;\n  }\n\n  @media (min-width: 769px) {\n    #responsive-spacer-block_63d201deb06fce0206326fa5fdcfc9fe {\n      height: 20px;\n    }\n  }\n\n  @media (min-width: 1201px) {\n    #responsive-spacer-block_63d201deb06fce0206326fa5fdcfc9fe {\n      height: 5px;\n    }\n  }\n\n  <\/style>\n\n\n<section class=\"wysiwig body-wrapper event-detail\" id=\"wysiwig-block_6aa656075621069d95d03d23cf92b96b\">\n  <p class=\"title-wrapper\" style=\"text-align: center;\">Disfrute del m\u00e1ximo lujo en Conrad Punta de Mita. Reserve su suite por dos noches y disfrute de la tercera gratis, adem\u00e1s de $200 en cr\u00e9ditos del resort para mejorar su experiencia.<\/p>\n<p style=\"text-align: center; padding-top: 20px; width: 75%; margin: 0 auto;\">Rel\u00e1jese en amplias suites con comodidades premium, que incluyen servicio de conserjer\u00eda personal, traslados de ida y vuelta al aeropuerto, desayuno diario para dos y acceso gratuito al Kids Club. Desde momentos familiares perfectos hasta escapadas inolvidables, nuestras suites redefinen la vida de lujo.<\/p>\n<p>&nbsp;<\/p>\n<p style=\"text-align: center;\"><a class=\"btn btn-primary\" href=\"https:\/\/www.hilton.com\/en\/book\/reservation\/deeplink?&amp;ctyhocn=PVRPMCI&amp;spec_plan=PGAIRO&amp;requestedRatesOnly=true&amp;arrivalDate=2025-01-01&amp;departureDate=2025-01-04&amp;flexibleDates=true\" target=\"_blank\" rel=\"noopener\">Consulta disponibilidad<\/a><\/p>\n<p>&nbsp;<\/p>\n<p style=\"text-align: center;\"><strong>Contacto de Reservas: <a href=\"tel:844-298-4300\" target=\"_blank\" rel=\"noopener\">844-298-4300<\/a><\/strong><\/p>\n<p>&nbsp;<\/p>\n<p style=\"font-size: 12px; text-align: center;\"><em>El servicio de conserjer\u00eda personal, los traslados de ida y vuelta al aeropuerto y el desayuno diario para dos est\u00e1n disponibles exclusivamente para reservas de suites.<\/em><\/p>\n<p>&nbsp;<\/p>\n<p>&nbsp;<\/p>\n<\/section>\n\n<section id=\"two-columns-block_b938cf2503a92cda06c1e399fab5e0a3\" class=\"two-columns event\">\n  <div class=\"row\">\n    <div class=\"col col-left a-right content\">\n                  <h4>LA OFERTA INCLUYE<\/h4>\n<ul>\n<li style=\"font-size: 14px;\">La tercera noche corre por nuestra cuenta<\/li>\n<li style=\"font-size: 14px;\">Cr\u00e9dito de resort de $200 USD<\/li>\n<li style=\"font-size: 14px;\">Fechas de reserva: Hasta el 31 de octubre de 2025<\/li>\n<li style=\"font-size: 14px;\">Los ni\u00f1os menores de 12 a\u00f1os disfrutan <a href=\"https:\/\/www.conradpuntademita.com\/es\/familias\/#kids-eat-free\">comidas de cortes\u00eda + Turi Club<\/a> acceso<\/li>\n<\/ul>\n<p>&nbsp;<\/p>\n<p><strong>AMENIDADES DESTACADAS DE LA SUITE<\/strong><\/p>\n<ul>\n<li style=\"font-size: 14px;\">Servicios de conserjer\u00eda personal para <span style=\"text-decoration: underline;\"><a href=\"https:\/\/www.conradpuntademita.com\/es\/experiencias\/conrad-conserje\/\">suites selectas<\/a><\/span><\/li>\n<li style=\"font-size: 14px;\">Traslados de ida y vuelta de lujo entre el aeropuerto de Puerto Vallarta y Conrad Punta de Mita para <span style=\"text-decoration: underline;\"><a href=\"https:\/\/www.conradpuntademita.com\/es\/experiencias\/conrad-conserje\/\">suites selectas\u00a0<\/a><\/span><\/li>\n<li style=\"font-size: 14px;\">Desayuno buffet gourmet diario en \u00c1rbol<\/li>\n<li style=\"font-size: 14px;\">50% de descuento en caba\u00f1as frente a la alberca seg\u00fan disponibilidad<\/li>\n<\/ul>\n<p>&nbsp;<\/p>\n<p>&nbsp;<\/p>\n                      <\/div>\n          <div class=\"col col-right a-left content\">\n        <h4>T\u00e9rminos y condiciones:<\/h4>\n<p>Las 59 suites incluyen el servicio Compadre Suite, que ofrece traslados privados de ida y vuelta para hasta seis hu\u00e9spedes registrados alojados en la suite reservada, entre el Aeropuerto Internacional de Puerto Vallarta y Conrad Punta de Mita. El desayuno buffet diario en \u00c1rbol est\u00e1 incluido para el n\u00famero de adultos y ni\u00f1os que compartan la misma habitaci\u00f3n. Los ni\u00f1os de 12 a\u00f1os o menos disfrutan de un plato de cortes\u00eda del men\u00fa infantil cuando est\u00e1n acompa\u00f1ados por un adulto que paga su entrada y pide un plato principal, disponible en los restaurantes y en el servicio de habitaciones. <em>Los ni\u00f1os comen gratis no se aplica a men\u00fas o eventos especiales, incluida la cena buffet del 1 de noviembre en Mezquite, la cena de Acci\u00f3n de Gracias, la cena de Navidad y la cena de Nochevieja.<\/em><\/p>\n<p>El servicio de conserjer\u00eda personal, los traslados de ida y vuelta al aeropuerto y el desayuno diario para dos est\u00e1n disponibles exclusivamente para reservas de suites.<\/p>\n<p>Los hu\u00e9spedes de 4 a 12 a\u00f1os tienen acceso gratuito al Turi Kids Club todas las noches de su estancia (se recomienda reservar con antelaci\u00f3n). Esta oferta es v\u00e1lida para hu\u00e9spedes de ocio y planes de tarifas, y no es v\u00e1lida para grupos.<\/p>\n<p>Los cr\u00e9ditos obtenidos no son transferibles, deben usarse durante la misma estad\u00eda y pueden aplicarse a alimentos, bebidas o servicios de spa. Sujeto a disponibilidad; pueden aplicarse fechas restringidas. Esta oferta no se puede combinar con otras promociones, ofertas o descuentos y no es v\u00e1lida para reservas o grupos existentes. La cancelaci\u00f3n flexible est\u00e1 disponible hasta 14 d\u00edas antes de la llegada.<\/p>\n<p>Para canjear, solicite la oferta \u201cMake My Stay\u201d o use el c\u00f3digo de plan \u201cPGAIRO\u201d.<\/p>\n<p>&nbsp;<\/p>\n<p>&nbsp;<\/p>\n<p>&nbsp;<\/p>\n<p>&nbsp;<\/p>\n<p>&nbsp;<\/p>\n      <\/div>\n      <\/div>\n<\/section>\n\n\n<section class=\"block-featured-amenities\" id=\"amenities\">\n    <div class=\"container\">\n                    <h2 class=\"amenities-heading a-up\">Servicios de la suite<\/h2>\n                    <ul class=\"amenities-icons-list\">\n                                    <li>\n                        <img decoding=\"async\" src=\"https:\/\/cdn.conradpuntademita.com\/wp-content\/uploads\/2023\/01\/01120315\/transportation.png\" alt=\"50% de transporte privado de lujo desde y hacia el aeropuerto\" width=\"55\" height=\"auto\"\/>\n                        <span>50% de transporte privado de lujo desde y hacia el aeropuerto<\/span>\n                                        <li>\n                        <img decoding=\"async\" src=\"https:\/\/cdn.conradpuntademita.com\/wp-content\/uploads\/2023\/01\/01120037\/breakfast.png\" alt=\"Desayuno buffet gourmet diario en \u00c1rbol\" width=\"55\" height=\"auto\"\/>\n                        <span>Desayuno buffet gourmet diario en \u00c1rbol<\/span>\n                                        <li>\n                        <img decoding=\"async\" src=\"https:\/\/cdn.conradpuntademita.com\/wp-content\/uploads\/2023\/01\/01120244\/spa.png\" alt=\"Acceso al spa durante toda la estancia\" width=\"55\" height=\"auto\"\/>\n                        <span>Acceso al spa durante toda la estancia<\/span>\n                                        <li>\n                        <img decoding=\"async\" src=\"https:\/\/cdn.conradpuntademita.com\/wp-content\/uploads\/2023\/01\/01120227\/minibar.png\" alt=\"Reabastecimiento diario en minibar con refrescos, agua y cerveza\" width=\"55\" height=\"auto\"\/>\n                        <span>Reabastecimiento diario en minibar con refrescos, agua y cerveza<\/span>\n                                        <li>\n                        <img decoding=\"async\" src=\"https:\/\/cdn.conradpuntademita.com\/wp-content\/uploads\/2023\/01\/01120213\/gift.png\" alt=\"Comidas gratis para ni\u00f1os + Club\" width=\"55\" height=\"auto\"\/>\n                        <span>Comidas gratis para ni\u00f1os + Club<\/span>\n                                        <li>\n                        <img decoding=\"async\" src=\"https:\/\/cdn.conradpuntademita.com\/wp-content\/uploads\/2023\/01\/01120052\/cabana.png\" alt=\"50% de descuento en caba\u00f1as frente a la alberca seg\u00fan disponibilidad\" width=\"55\" height=\"auto\"\/>\n                        <span>50% de descuento en caba\u00f1as frente a la alberca seg\u00fan disponibilidad<\/span>\n                                        <li>\n                        <img decoding=\"async\" src=\"https:\/\/cdn.conradpuntademita.com\/wp-content\/uploads\/2023\/09\/01082231\/Butler.png\" alt=\"Servicios de conserjer\u00eda personal (suites seleccionadas)\" width=\"55\" height=\"auto\"\/>\n                        <span>Servicios de conserjer\u00eda personal (suites seleccionadas)<\/span>\n                                <\/ul>\n                <\/div>\n<\/section>\n\n<link rel=\"stylesheet\" href=\"https:\/\/www.conradpuntademita.com\/wp-content\/themes\/conrad-ptm\/css\/rooms.css\"\/>\n\n<section id=\"suites\" class=\"rooms-carousel\">\n<div class=\"room-carousel body-wrapper\">\n\t\t\t<div class=\"room-carousel__images\">\n\t\t\t\t\t<div class=\"room-carousel__image gradient-overlay\">\n\t\t\t<img decoding=\"async\" class=\"lazyload\" src=\"https:\/\/cdn.conradpuntademita.com\/wp-content\/uploads\/2022\/11\/11235453\/CONRAD-PUNTA-DE-MITA-10083418-1200x640.webp\" data-src=\"https:\/\/cdn.conradpuntademita.com\/wp-content\/uploads\/2022\/11\/11235453\/CONRAD-PUNTA-DE-MITA-10083418-1200x640.webp\" data-srcset=\"https:\/\/cdn.conradpuntademita.com\/wp-content\/uploads\/2022\/11\/11235453\/CONRAD-PUNTA-DE-MITA-10083418.webp 2x\" alt=\"Suite con piscina privada y sof\u00e1\">\n\t\t\t<\/div>\n\t\t\t\t\t<div class=\"room-carousel__image gradient-overlay\">\n\t\t\t<img decoding=\"async\" class=\"lazyload\" src=\"https:\/\/cdn.conradpuntademita.com\/wp-content\/uploads\/2022\/05\/23021801\/KING-PARTIAL-OCEAN-VIEW-SUITE-2560-1440x640.webp\" data-src=\"https:\/\/cdn.conradpuntademita.com\/wp-content\/uploads\/2022\/05\/23021801\/KING-PARTIAL-OCEAN-VIEW-SUITE-2560-1440x640.webp\" data-srcset=\"https:\/\/cdn.conradpuntademita.com\/wp-content\/uploads\/2022\/05\/23021801\/KING-PARTIAL-OCEAN-VIEW-SUITE-2560-2560x1280.jpg 2x\" alt=\"Habitaci\u00f3n privada con piscina y vista al mar\">\n\t\t\t<\/div>\n\t\t\t\t\t<div class=\"room-carousel__image gradient-overlay\">\n\t\t\t<img decoding=\"async\" class=\"lazyload\" src=\"https:\/\/cdn.conradpuntademita.com\/wp-content\/uploads\/2022\/05\/04063028\/CONRAD-PUNTA-DE-MITA-0930148-1440x640.webp\" data-src=\"https:\/\/cdn.conradpuntademita.com\/wp-content\/uploads\/2022\/05\/04063028\/CONRAD-PUNTA-DE-MITA-0930148-1440x640.webp\" data-srcset=\"https:\/\/cdn.conradpuntademita.com\/wp-content\/uploads\/2022\/05\/04063028\/CONRAD-PUNTA-DE-MITA-0930148-2880x1280.jpg 2x\" alt=\"Sala con excelente vista a Punta de Mita\">\n\t\t\t<\/div>\n\t\t\t\t\t<div class=\"room-carousel__image gradient-overlay\">\n\t\t\t<img decoding=\"async\" class=\"lazyload\" src=\"https:\/\/cdn.conradpuntademita.com\/wp-content\/uploads\/2022\/05\/04051200\/CONRAD-PUNTA-DE-MITA-1001889-1440x640.webp\" data-src=\"https:\/\/cdn.conradpuntademita.com\/wp-content\/uploads\/2022\/05\/04051200\/CONRAD-PUNTA-DE-MITA-1001889-1440x640.webp\" data-srcset=\"https:\/\/cdn.conradpuntademita.com\/wp-content\/uploads\/2022\/05\/04051200\/CONRAD-PUNTA-DE-MITA-1001889-2880x1280.jpg 2x\" alt=\"Piscina privada con una hermosa terraza e impresionantes vistas al atardecer\">\n\t\t\t<\/div>\n\t\t\t\t\t<div class=\"room-carousel__image gradient-overlay\">\n\t\t\t<img decoding=\"async\" class=\"lazyload\" src=\"https:\/\/cdn.conradpuntademita.com\/wp-content\/uploads\/2022\/05\/04042219\/CONRAD-PUNTA-DE-MITA-1001701-1-scaled.webp\" data-src=\"https:\/\/cdn.conradpuntademita.com\/wp-content\/uploads\/2022\/05\/04042219\/CONRAD-PUNTA-DE-MITA-1001701-1-scaled.webp\" data-srcset=\"https:\/\/cdn.conradpuntademita.com\/wp-content\/uploads\/2022\/05\/04042219\/CONRAD-PUNTA-DE-MITA-1001701-1-scaled.webp 2x\" alt=\"Habitaci\u00f3n frente al mar con piscina privada\">\n\t\t\t<\/div>\n\t\t\t\t\t<div class=\"room-carousel__image gradient-overlay\">\n\t\t\t<img decoding=\"async\" class=\"lazyload\" src=\"https:\/\/cdn.conradpuntademita.com\/wp-content\/uploads\/2022\/05\/13120408\/PVRPMCI_PenthouseTerrace-scaled-e1653492331745-1440x640.webp\" data-src=\"https:\/\/cdn.conradpuntademita.com\/wp-content\/uploads\/2022\/05\/13120408\/PVRPMCI_PenthouseTerrace-scaled-e1653492331745-1440x640.webp\" data-srcset=\"https:\/\/cdn.conradpuntademita.com\/wp-content\/uploads\/2022\/05\/13120408\/PVRPMCI_PenthouseTerrace-scaled-e1653492331745-2560x1280.jpg 2x\" alt=\"Balc\u00f3n de la habitaci\u00f3n del hotel con sillas, dos camas de piscina con vista al r\u00edo\">\n\t\t\t<\/div>\n\t\t\t\t\t<div class=\"room-carousel__image gradient-overlay\">\n\t\t\t<img decoding=\"async\" class=\"lazyload\" src=\"https:\/\/cdn.conradpuntademita.com\/wp-content\/uploads\/2022\/05\/13120413\/PVRPMCI_Penthouse-Livingroom-scaled-e1653492189762-1440x640.webp\" data-src=\"https:\/\/cdn.conradpuntademita.com\/wp-content\/uploads\/2022\/05\/13120413\/PVRPMCI_Penthouse-Livingroom-scaled-e1653492189762-1440x640.webp\" data-srcset=\"https:\/\/cdn.conradpuntademita.com\/wp-content\/uploads\/2022\/05\/13120413\/PVRPMCI_Penthouse-Livingroom-scaled-e1653492189762-2560x1280.jpg 2x\" alt=\"Amplia sala de estar moderna con asientos neutrales, detalles en azul, comedor y dise\u00f1o abierto.\">\n\t\t\t<\/div>\n\t\t\t\t\t<div class=\"room-carousel__image gradient-overlay\">\n\t\t\t<img decoding=\"async\" class=\"lazyload\" src=\"https:\/\/cdn.conradpuntademita.com\/wp-content\/uploads\/2022\/05\/04045821\/TWO-BEDROOM-PARTIAL-OCEAN-VIEW-SUITE-WITH-KITCHEN-3303x2202-1-scaled-1440x640.webp\" data-src=\"https:\/\/cdn.conradpuntademita.com\/wp-content\/uploads\/2022\/05\/04045821\/TWO-BEDROOM-PARTIAL-OCEAN-VIEW-SUITE-WITH-KITCHEN-3303x2202-1-scaled-1440x640.webp\" data-srcset=\"https:\/\/cdn.conradpuntademita.com\/wp-content\/uploads\/2022\/05\/04045821\/TWO-BEDROOM-PARTIAL-OCEAN-VIEW-SUITE-WITH-KITCHEN-3303x2202-1-scaled-2560x1280.jpg 2x\" alt=\"Sala de estar moderna con sof\u00e1s neutros, detalles en azul, ventilador de techo y fondo de cocina abierta.\">\n\t\t\t<\/div>\n\t\t\t\t<\/div>\n\t\t\t<div class=\"room-carousel__content\">\n\t\t<div class=\"room-carousel__info\">\n\t\t\t\t\t<h2 class=\"room-carousel__heading heading2 btn-toggle-slider\">Explora nuestras suites<\/h2>\n\t\t\t\t\t\t<\/div>\n\t\t<div class=\"button-groups button-groups--desktop\">\n\t\t\t\t\t\t<\/div>\n\n\t\t<div class=\"button-groups button-groups--mobile\">\n\t\t\t\t\t\t<\/div>\n\t<\/div>\n<\/div>\n\n<div class=\"room-slider__wrapper preopened body-wrapper\" style=\"display:block\">\n\t<div class=\"room-slider\">\n\t\t<div class=\"loop-room\">\n        <div class=\"loop-room__slider\">\n        <div class=\"loop-room__slides\">\n                    <div class=\"loop-room__slide gradient-overlay\">\n            <img decoding=\"async\" class=\"lazyload\" src=\"https:\/\/cdn.conradpuntademita.com\/wp-content\/uploads\/2022\/05\/23021801\/KING-PARTIAL-OCEAN-VIEW-SUITE-2560-560x340.webp\" data-src=\"https:\/\/cdn.conradpuntademita.com\/wp-content\/uploads\/2022\/05\/23021801\/KING-PARTIAL-OCEAN-VIEW-SUITE-2560-560x340.webp\" data-srcset=\"https:\/\/cdn.conradpuntademita.com\/wp-content\/uploads\/2022\/05\/23021801\/KING-PARTIAL-OCEAN-VIEW-SUITE-2560-1120x680.jpg 2x\" alt=\"Habitaci\u00f3n privada con piscina y vista al mar\">\n            <\/div>\n                <\/div>\n                <a href=\"https:\/\/visitingmedia.com\/tt8\/?ttid=conrad-punta-de-mita#\/360?group=3&#038;tour=14\" class=\"loop-room__matterport btn btn-3d\" target=\"_blank\" title=\"Ver en 3D\" rel=\"noopener noreferrer\">\n            Ver en 3D\n        <\/a>\n                                <span class=\"loop-room__size\">1,460 pies cuadrados<\/span>\n            <\/div>\n        <div class=\"loop-room__content\">\n        <div class=\"loop-room__text\">\n            <h3 class=\"loop-room__title\">Signature Suite con vista parcial al mar y cama King<\/h3>\n            <div class=\"loop-room__excerpt excerpt\">Disfruta de esta Suite con cama tama\u00f1o King, sof\u00e1 cama, ducha con mampara, balc\u00f3n privado, sala de estar, alberca privada y m\u00e1s. Conoce m\u00e1s y reserva hoy.<\/div>\n\n        <\/div>\n        <div class=\"button-groups\">\n    \n        <a href=\"https:\/\/www.hilton.com\/es\/book\/reservation\/rooms\/?ctyhocn=PVRPMCI&#038;roomTypeCode=K1RPU1&#038;_gl=1*108il00*_gcl_au*MTc5MzIyMzE3MS4xNzczOTM4MTk5\" class=\"btn btn-amentities bold\" target=\"_blank\" rel=\"noopener noreferrer\">\n        Reservar habitaci\u00f3n    <\/a>\n        <a class=\"btn btn-amentities btn-outline\" href=\"https:\/\/www.conradpuntademita.com\/es\/habitaciones\/vista-parcial-al-mar-suite-signature-cama-king\/\" data-id=\"415\">Ver Servicios<\/a>\n<\/div>\n    <\/div>\n<\/div>\n<div class=\"loop-room\">\n        <div class=\"loop-room__slider\">\n        <div class=\"loop-room__slides\">\n                    <div class=\"loop-room__slide gradient-overlay\">\n            <img decoding=\"async\" class=\"lazyload\" src=\"https:\/\/cdn.conradpuntademita.com\/wp-content\/uploads\/2022\/05\/04040644\/CONRAD-PUNTA-DE-MITA-10031690-scaled.webp\" data-src=\"https:\/\/cdn.conradpuntademita.com\/wp-content\/uploads\/2022\/05\/04040644\/CONRAD-PUNTA-DE-MITA-10031690-scaled.webp\" data-srcset=\"https:\/\/cdn.conradpuntademita.com\/wp-content\/uploads\/2022\/05\/04040644\/CONRAD-PUNTA-DE-MITA-10031690-scaled.webp 2x\" alt=\"Sof\u00e1 rayado con TV e impresionantes vistas al Oc\u00e9ano\">\n            <\/div>\n                <\/div>\n                <a href=\"https:\/\/visitingmedia.com\/tt8\/?ttid=conrad-punta-de-mita#\/360?group=3&#038;tour=17\" class=\"loop-room__matterport btn btn-3d\" target=\"_blank\" title=\"Ver en 3D\" rel=\"noopener noreferrer\">\n            Ver en 3D\n        <\/a>\n                                <span class=\"loop-room__size\">1,735 pies cuadrados<\/span>\n            <\/div>\n        <div class=\"loop-room__content\">\n        <div class=\"loop-room__text\">\n            <h3 class=\"loop-room__title\">Superior Suite con vista al mar y cama King<\/h3>\n            <div class=\"loop-room__excerpt excerpt\">Con muebles modernos y toques locales, esta espaciosa suite ofrece un amplio balc\u00f3n y vistas.<\/div>\n\n        <\/div>\n        <div class=\"button-groups\">\n    \n        <a href=\"https:\/\/www.hilton.com\/es\/book\/reservation\/rooms\/?ctyhocn=PVRPMCI&#038;roomTypeCode=K1SOU1&#038;_gl=1*1lk34qf*_gcl_au*MTc5MzIyMzE3MS4xNzczOTM4MTk5\" class=\"btn btn-amentities bold\" target=\"_blank\" rel=\"noopener noreferrer\">\n        Reservar habitaci\u00f3n    <\/a>\n        <a class=\"btn btn-amentities btn-outline\" href=\"https:\/\/www.conradpuntademita.com\/es\/habitaciones\/vista-al-mar-exclusiva-suite-cama-king\/\" data-id=\"414\">Ver Servicios<\/a>\n<\/div>\n    <\/div>\n<\/div>\n<div class=\"loop-room\">\n        <div class=\"loop-room__slider\">\n        <div class=\"loop-room__slides\">\n                    <div class=\"loop-room__slide gradient-overlay\">\n            <img decoding=\"async\" class=\"lazyload\" src=\"https:\/\/cdn.conradpuntademita.com\/wp-content\/uploads\/2022\/05\/13121059\/CONRAD-PUNTA-DE-MITA-King-Suite-Ocean-Front-560x340.webp\" data-src=\"https:\/\/cdn.conradpuntademita.com\/wp-content\/uploads\/2022\/05\/13121059\/CONRAD-PUNTA-DE-MITA-King-Suite-Ocean-Front-560x340.webp\" data-srcset=\"https:\/\/cdn.conradpuntademita.com\/wp-content\/uploads\/2022\/05\/13121059\/CONRAD-PUNTA-DE-MITA-King-Suite-Ocean-Front-1120x680.jpg 2x\" alt=\"Un balc\u00f3n de la habitaci\u00f3n del hotel con piscina y vistas al r\u00edo.\">\n            <\/div>\n                <\/div>\n                <a href=\"https:\/\/visitingmedia.com\/tt8\/?ttid=conrad-punta-de-mita#\/3d-model\/2\/8\" class=\"loop-room__matterport btn btn-3d\" target=\"_blank\" title=\"Ver en 3D\" rel=\"noopener noreferrer\">\n            Ver en 3D\n        <\/a>\n                                <span class=\"loop-room__size\">1,460 pies cuadrados<\/span>\n            <\/div>\n        <div class=\"loop-room__content\">\n        <div class=\"loop-room__text\">\n            <h3 class=\"loop-room__title\">Signature Suite frente a la playa con cama King<\/h3>\n            <div class=\"loop-room__excerpt excerpt\">Las caracter\u00edsticas modernas realzan la belleza natural de un gran balc\u00f3n y una piscina privada, mientras que un conserje personal se anticipa a sus necesidades.<\/div>\n\n        <\/div>\n        <div class=\"button-groups\">\n    \n        <a href=\"https:\/\/www.hilton.com\/es\/book\/reservation\/rooms\/?ctyhocn=PVRPMCI&#038;roomTypeCode=K1RFU1&#038;_gl=1*bcjfm6*_gcl_au*MTc5MzIyMzE3MS4xNzczOTM4MTk5\" class=\"btn btn-amentities bold\" target=\"_blank\" rel=\"noopener noreferrer\">\n        Reservar habitaci\u00f3n    <\/a>\n        <a class=\"btn btn-amentities btn-outline\" href=\"https:\/\/www.conradpuntademita.com\/es\/habitaciones\/frente-al-mar-suite-firma-cama-king\/\" data-id=\"413\">Ver Servicios<\/a>\n<\/div>\n    <\/div>\n<\/div>\n<div class=\"loop-room\">\n        <div class=\"loop-room__slider\">\n        <div class=\"loop-room__slides\">\n                    <div class=\"loop-room__slide gradient-overlay\">\n            <img decoding=\"async\" class=\"lazyload\" src=\"https:\/\/cdn.conradpuntademita.com\/wp-content\/uploads\/2022\/05\/04040059\/SUPERIOR-KING-PARTIAL-OCEAN-VIEW-scaled.webp\" data-src=\"https:\/\/cdn.conradpuntademita.com\/wp-content\/uploads\/2022\/05\/04040059\/SUPERIOR-KING-PARTIAL-OCEAN-VIEW-scaled.webp\" data-srcset=\"https:\/\/cdn.conradpuntademita.com\/wp-content\/uploads\/2022\/05\/04040059\/SUPERIOR-KING-PARTIAL-OCEAN-VIEW-scaled.webp 2x\" alt=\"Habitaci\u00f3n con sal\u00f3n, cama en s\u00e1banas blancas e impresionantes vistas\">\n            <\/div>\n                <\/div>\n                <a href=\"https:\/\/visitingmedia.com\/tt8\/?ttid=conrad-punta-de-mita#\/3d-model\/2\/7\" class=\"loop-room__matterport btn btn-3d\" target=\"_blank\" title=\"Ver en 3D\" rel=\"noopener noreferrer\">\n            Ver en 3D\n        <\/a>\n                                <span class=\"loop-room__size\">1,735 pies cuadrados<\/span>\n            <\/div>\n        <div class=\"loop-room__content\">\n        <div class=\"loop-room__text\">\n            <h3 class=\"loop-room__title\">Superior Suite con Vista Parcial al Mar y Cama King<\/h3>\n            <div class=\"loop-room__excerpt excerpt\">Disfrute de una amplia sala de estar, un gran patio para reunirse y un generoso ba\u00f1o con una profunda ba\u00f1era.<\/div>\n\n        <\/div>\n        <div class=\"button-groups\">\n    \n        <a href=\"https:\/\/www.hilton.com\/es\/book\/reservation\/rooms\/?ctyhocn=PVRPMCI&#038;roomTypeCode=K1SPU1&#038;_gl=1*ikzxat*_gcl_au*MTc5MzIyMzE3MS4xNzczOTM4MTk5\" class=\"btn btn-amentities bold\" target=\"_blank\" rel=\"noopener noreferrer\">\n        Reservar habitaci\u00f3n    <\/a>\n        <a class=\"btn btn-amentities btn-outline\" href=\"https:\/\/www.conradpuntademita.com\/es\/habitaciones\/vista-parcial-al-mar-superior-suite-cama-king\/\" data-id=\"412\">Ver Servicios<\/a>\n<\/div>\n    <\/div>\n<\/div>\n<div class=\"loop-room\">\n        <div class=\"loop-room__slider\">\n        <div class=\"loop-room__slides\">\n                    <div class=\"loop-room__slide gradient-overlay\">\n            <img decoding=\"async\" class=\"lazyload\" src=\"https:\/\/cdn.conradpuntademita.com\/wp-content\/uploads\/2022\/05\/04063028\/CONRAD-PUNTA-DE-MITA-0930148-560x340.webp\" data-src=\"https:\/\/cdn.conradpuntademita.com\/wp-content\/uploads\/2022\/05\/04063028\/CONRAD-PUNTA-DE-MITA-0930148-560x340.webp\" data-srcset=\"https:\/\/cdn.conradpuntademita.com\/wp-content\/uploads\/2022\/05\/04063028\/CONRAD-PUNTA-DE-MITA-0930148-1120x680.jpg 2x\" alt=\"Sala con excelente vista a Punta de Mita\">\n            <\/div>\n                <\/div>\n                <a href=\"https:\/\/visitingmedia.com\/tt8\/?ttid=conrad-punta-de-mita#\/360?group=3&#038;tour=18\" class=\"loop-room__matterport btn btn-3d\" target=\"_blank\" title=\"Ver en 3D\" rel=\"noopener noreferrer\">\n            Ver en 3D\n        <\/a>\n                                <span class=\"loop-room__size\">1,460 pies cuadrados<\/span>\n            <\/div>\n        <div class=\"loop-room__content\">\n        <div class=\"loop-room__text\">\n            <h3 class=\"loop-room__title\">Superior Suite con vista al mar y cama King<\/h3>\n            <div class=\"loop-room__excerpt excerpt\">Con vistas v\u00edrgenes al oc\u00e9ano y un balc\u00f3n privado con piscina de inmersi\u00f3n.<\/div>\n\n        <\/div>\n        <div class=\"button-groups\">\n    \n        <a href=\"https:\/\/www.hilton.com\/es\/book\/reservation\/rooms\/?ctyhocn=PVRPMCI&#038;roomTypeCode=K1ROU1&#038;_gl=1*1r6yga7*_gcl_au*MTc5MzIyMzE3MS4xNzczOTM4MTk5\" class=\"btn btn-amentities bold\" target=\"_blank\" rel=\"noopener noreferrer\">\n        Reservar habitaci\u00f3n    <\/a>\n        <a class=\"btn btn-amentities btn-outline\" href=\"https:\/\/www.conradpuntademita.com\/es\/habitaciones\/vista-mar-superior-suite-cama-king\/\" data-id=\"411\">Ver Servicios<\/a>\n<\/div>\n    <\/div>\n<\/div>\n<div class=\"loop-room\">\n        <div class=\"loop-room__slider\">\n        <div class=\"loop-room__slides\">\n                    <div class=\"loop-room__slide gradient-overlay\">\n            <img decoding=\"async\" class=\"lazyload\" src=\"https:\/\/cdn.conradpuntademita.com\/wp-content\/uploads\/2022\/05\/04043558\/CONRAD-PUNTA-DE-MITA-10021164-scaled.webp\" data-src=\"https:\/\/cdn.conradpuntademita.com\/wp-content\/uploads\/2022\/05\/04043558\/CONRAD-PUNTA-DE-MITA-10021164-scaled.webp\" data-srcset=\"https:\/\/cdn.conradpuntademita.com\/wp-content\/uploads\/2022\/05\/04043558\/CONRAD-PUNTA-DE-MITA-10021164-scaled.webp 2x\" alt=\"Cocina con mesa, microondas y nevera.\">\n            <\/div>\n                <\/div>\n                <a href=\"https:\/\/visitingmedia.com\/tt8\/?ttid=conrad-punta-de-mita#\/360?group=3&#038;tour=8\" class=\"loop-room__matterport btn btn-3d\" target=\"_blank\" title=\"Ver en 3D\" rel=\"noopener noreferrer\">\n            Ver en 3D\n        <\/a>\n                                <span class=\"loop-room__size\">1,735 pies cuadrados<\/span>\n            <\/div>\n        <div class=\"loop-room__content\">\n        <div class=\"loop-room__text\">\n            <h3 class=\"loop-room__title\">Residence Suite de dos dormitorios con vista al mar y cocina<\/h3>\n            <div class=\"loop-room__excerpt excerpt\">Nuestra Suite Residencia de 2 dormitorios con vistas al mar y cocina ofrece la oportunidad de crear su propia sensaci\u00f3n de hogar y aislamiento. Conoce m\u00e1s.<\/div>\n\n        <\/div>\n        <div class=\"button-groups\">\n    \n        <a href=\"https:\/\/www.hilton.com\/es\/book\/reservation\/rooms\/?ctyhocn=PVRPMCI&#038;roomTypeCode=K1OOU2&#038;_gl=1*nhchvd*_gcl_au*MTc5MzIyMzE3MS4xNzczOTM4MTk\" class=\"btn btn-amentities bold\" target=\"_blank\" rel=\"noopener noreferrer\">\n        Reservar habitaci\u00f3n    <\/a>\n        <a class=\"btn btn-amentities btn-outline\" href=\"https:\/\/www.conradpuntademita.com\/es\/habitaciones\/vista-al-mar-2-dormitorios-suite-con-cocina\/\" data-id=\"410\">Ver Servicios<\/a>\n<\/div>\n    <\/div>\n<\/div>\n<div class=\"loop-room\">\n        <div class=\"loop-room__slider\">\n        <div class=\"loop-room__slides\">\n                    <div class=\"loop-room__slide gradient-overlay\">\n            <img decoding=\"async\" class=\"lazyload\" src=\"https:\/\/cdn.conradpuntademita.com\/wp-content\/uploads\/2022\/05\/04045821\/TWO-BEDROOM-PARTIAL-OCEAN-VIEW-SUITE-WITH-KITCHEN-3303x2202-1-scaled-560x340.webp\" data-src=\"https:\/\/cdn.conradpuntademita.com\/wp-content\/uploads\/2022\/05\/04045821\/TWO-BEDROOM-PARTIAL-OCEAN-VIEW-SUITE-WITH-KITCHEN-3303x2202-1-scaled-560x340.webp\" data-srcset=\"https:\/\/cdn.conradpuntademita.com\/wp-content\/uploads\/2022\/05\/04045821\/TWO-BEDROOM-PARTIAL-OCEAN-VIEW-SUITE-WITH-KITCHEN-3303x2202-1-scaled-1120x680.jpg 2x\" alt=\"Sala de estar moderna con sof\u00e1s neutros, detalles en azul, ventilador de techo y fondo de cocina abierta.\">\n            <\/div>\n                <\/div>\n                <a href=\"https:\/\/visitingmedia.com\/tt8\/?ttid=conrad-punta-de-mita#\/360?group=3&#038;tour=10\" class=\"loop-room__matterport btn btn-3d\" target=\"_blank\" title=\"Ver en 3D\" rel=\"noopener noreferrer\">\n            Ver en 3D\n        <\/a>\n                                <span class=\"loop-room__size\">1,735 pies cuadrados<\/span>\n            <\/div>\n        <div class=\"loop-room__content\">\n        <div class=\"loop-room__text\">\n            <h3 class=\"loop-room__title\">Residence Suite de dos dormitorios con vista parcial al mar y cocina<\/h3>\n            <div class=\"loop-room__excerpt excerpt\">Dise\u00f1ada para familias o entretenimiento, esta espaciosa suite cuenta con todas las comodidades de una cocina completa con ba\u00f1os grandes, dos camas y m\u00e1s.<\/div>\n\n        <\/div>\n        <div class=\"button-groups\">\n    \n        <a href=\"https:\/\/www.hilton.com\/es\/book\/reservation\/rooms\/?ctyhocn=PVRPMCI&#038;roomTypeCode=K1OPU2&#038;_gl=1*159vz0c*_gcl_au*MTc5MzIyMzE3MS4xNzczOTM4MTk5\" class=\"btn btn-amentities bold\" target=\"_blank\" rel=\"noopener noreferrer\">\n        Reservar habitaci\u00f3n    <\/a>\n        <a class=\"btn btn-amentities btn-outline\" href=\"https:\/\/www.conradpuntademita.com\/es\/habitaciones\/suite-de-2-dormitorios-con-cocina-vista-parcial-al-mar-2\/\" data-id=\"409\">Ver Servicios<\/a>\n<\/div>\n    <\/div>\n<\/div>\n<div class=\"loop-room\">\n        <div class=\"loop-room__slider\">\n        <div class=\"loop-room__slides\">\n                    <div class=\"loop-room__slide gradient-overlay\">\n            <img decoding=\"async\" class=\"lazyload\" src=\"https:\/\/cdn.conradpuntademita.com\/wp-content\/uploads\/2022\/05\/04043505\/CONRAD-PUNTA-DE-MITA-10021095-scaled.webp\" data-src=\"https:\/\/cdn.conradpuntademita.com\/wp-content\/uploads\/2022\/05\/04043505\/CONRAD-PUNTA-DE-MITA-10021095-scaled.webp\" data-srcset=\"https:\/\/cdn.conradpuntademita.com\/wp-content\/uploads\/2022\/05\/04043505\/CONRAD-PUNTA-DE-MITA-10021095-scaled.webp 2x\" alt=\"Sal\u00f3n con sof\u00e1 y terraza con impresionantes vistas\">\n            <\/div>\n                <\/div>\n                <a href=\"https:\/\/visitingmedia.com\/tt8\/?ttid=conrad-punta-de-mita#\/3d-model\/2\/5\" class=\"loop-room__matterport btn btn-3d\" target=\"_blank\" title=\"Ver en 3D\" rel=\"noopener noreferrer\">\n            Ver en 3D\n        <\/a>\n                                <span class=\"loop-room__size\">1,735 pies cuadrados<\/span>\n            <\/div>\n        <div class=\"loop-room__content\">\n        <div class=\"loop-room__text\">\n            <h3 class=\"loop-room__title\">Suite de dos dormitorios con vista al mar<\/h3>\n            <div class=\"loop-room__excerpt excerpt\">Dise\u00f1ada para familias o eventos, esta amplia suite cuenta con servicios de conserje personal, ba\u00f1os grandes y dos habitaciones.<\/div>\n\n        <\/div>\n        <div class=\"button-groups\">\n    \n        <a href=\"https:\/\/www.hilton.com\/es\/book\/reservation\/rooms\/?ctyhocn=PVRPMCI&#038;roomTypeCode=K1SOU2&#038;_gl=1*159vz0c*_gcl_au*MTc5MzIyMzE3MS4xNzczOTM4MTk5\" class=\"btn btn-amentities bold\" target=\"_blank\" rel=\"noopener noreferrer\">\n        Reservar habitaci\u00f3n    <\/a>\n        <a class=\"btn btn-amentities btn-outline\" href=\"https:\/\/www.conradpuntademita.com\/es\/habitaciones\/suite-de-2-dormitorios-con-vista-al-mar\/\" data-id=\"408\">Ver Servicios<\/a>\n<\/div>\n    <\/div>\n<\/div>\n<div class=\"loop-room\">\n        <div class=\"loop-room__slider\">\n        <div class=\"loop-room__slides\">\n                    <div class=\"loop-room__slide gradient-overlay\">\n            <img decoding=\"async\" class=\"lazyload\" src=\"https:\/\/cdn.conradpuntademita.com\/wp-content\/uploads\/2022\/05\/04042219\/CONRAD-PUNTA-DE-MITA-1001701-1-scaled.webp\" data-src=\"https:\/\/cdn.conradpuntademita.com\/wp-content\/uploads\/2022\/05\/04042219\/CONRAD-PUNTA-DE-MITA-1001701-1-scaled.webp\" data-srcset=\"https:\/\/cdn.conradpuntademita.com\/wp-content\/uploads\/2022\/05\/04042219\/CONRAD-PUNTA-DE-MITA-1001701-1-scaled.webp 2x\" alt=\"Habitaci\u00f3n frente al mar con piscina privada\">\n            <\/div>\n                <\/div>\n                <a href=\"https:\/\/visitingmedia.com\/tt8\/?ttid=conrad-punta-de-mita#\/360?group=3&#038;tour=6\" class=\"loop-room__matterport btn btn-3d\" target=\"_blank\" title=\"Ver en 3D\" rel=\"noopener noreferrer\">\n            Ver en 3D\n        <\/a>\n                                <span class=\"loop-room__size\">1,960 pies cuadrados<\/span>\n            <\/div>\n        <div class=\"loop-room__content\">\n        <div class=\"loop-room__text\">\n            <h3 class=\"loop-room__title\">Premier Suite frente a la playa con cama King y piscina privada<\/h3>\n            <div class=\"loop-room__excerpt excerpt\">Esta suite de 1960 pies cuadrados cuenta con un gran patio privado, una cama King y un sof\u00e1 seccional, una ducha independiente, una ba\u00f1era profunda y m\u00e1s.<\/div>\n\n        <\/div>\n        <div class=\"button-groups\">\n    \n        <a href=\"https:\/\/www.hilton.com\/es\/book\/reservation\/rooms\/?ctyhocn=PVRPMCI&#038;roomTypeCode=K1SFU1&#038;_gl=1*189hwew*_gcl_au*MTc5MzIyMzE3MS4xNzczOTM4MTk5\" class=\"btn btn-amentities bold\" target=\"_blank\" rel=\"noopener noreferrer\">\n        Reservar habitaci\u00f3n    <\/a>\n        <a class=\"btn btn-amentities btn-outline\" href=\"https:\/\/www.conradpuntademita.com\/es\/habitaciones\/frente-al-mar-suite-premier-cama-king\/\" data-id=\"407\">Ver Servicios<\/a>\n<\/div>\n    <\/div>\n<\/div>\n<div class=\"loop-room\">\n        <div class=\"loop-room__slider\">\n        <div class=\"loop-room__slides\">\n                    <div class=\"loop-room__slide gradient-overlay\">\n            <img decoding=\"async\" class=\"lazyload\" src=\"https:\/\/cdn.conradpuntademita.com\/wp-content\/uploads\/2022\/05\/13121027\/PENTHOUSE-OCEAN-VIEW-SUITE-5-2-560x340.webp\" data-src=\"https:\/\/cdn.conradpuntademita.com\/wp-content\/uploads\/2022\/05\/13121027\/PENTHOUSE-OCEAN-VIEW-SUITE-5-2-560x340.webp\" data-srcset=\"https:\/\/cdn.conradpuntademita.com\/wp-content\/uploads\/2022\/05\/13121027\/PENTHOUSE-OCEAN-VIEW-SUITE-5-2-1120x680.jpg 2x\" alt=\"Un balc\u00f3n de la habitaci\u00f3n del hotel con sillas, dos camas de piscina con vista al r\u00edo\">\n            <\/div>\n                <\/div>\n                <a href=\"https:\/\/visitingmedia.com\/tt8\/?ttid=conrad-punta-de-mita#\/360?group=3&#038;tour=3\" class=\"loop-room__matterport btn btn-3d\" target=\"_blank\" title=\"Ver en 3D\" rel=\"noopener noreferrer\">\n            Ver en 3D\n        <\/a>\n                                <span class=\"loop-room__size\">3,242 pies cuadrados<\/span>\n            <\/div>\n        <div class=\"loop-room__content\">\n        <div class=\"loop-room__text\">\n            <h3 class=\"loop-room__title\">Penthouse con vista al mar, cama King y piscina privada<\/h3>\n            <div class=\"loop-room__excerpt excerpt\">Esta lujosa suite de 3240 pies cuadrados cuenta con un patio privado al aire libre, alberca privada, sala de estar, comedor, una ba\u00f1era gran tama\u00f1o y m\u00e1s.<\/div>\n\n        <\/div>\n        <div class=\"button-groups\">\n    \n        <a href=\"https:\/\/www.hilton.com\/es\/book\/reservation\/rooms\/?ctyhocn=PVRPMCI&#038;roomTypeCode=K1ZOU1&#038;_gl=1*46ir02*_gcl_au*MTc5MzIyMzE3MS4xNzczOTM4MTk5\" class=\"btn btn-amentities bold\" target=\"_blank\" rel=\"noopener noreferrer\">\n        Reservar habitaci\u00f3n    <\/a>\n        <a class=\"btn btn-amentities btn-outline\" href=\"https:\/\/www.conradpuntademita.com\/es\/habitaciones\/vista-al-mar-penthouse-suite-cama-king\/\" data-id=\"406\">Ver Servicios<\/a>\n<\/div>\n    <\/div>\n<\/div>\n<div class=\"loop-room\">\n        <div class=\"loop-room__slider\">\n        <div class=\"loop-room__slides\">\n                    <div class=\"loop-room__slide gradient-overlay\">\n            <img decoding=\"async\" class=\"lazyload\" src=\"https:\/\/cdn.conradpuntademita.com\/wp-content\/uploads\/2022\/05\/13121208\/GRAND-OCEANFRONT-SUITE-3-2-560x340.webp\" data-src=\"https:\/\/cdn.conradpuntademita.com\/wp-content\/uploads\/2022\/05\/13121208\/GRAND-OCEANFRONT-SUITE-3-2-560x340.webp\" data-srcset=\"https:\/\/cdn.conradpuntademita.com\/wp-content\/uploads\/2022\/05\/13121208\/GRAND-OCEANFRONT-SUITE-3-2-e1653512103185.webp 2x\" alt=\"Un sof\u00e1 de balc\u00f3n de habitaci\u00f3n de hotel y piscina con vista al r\u00edo\">\n            <\/div>\n                <\/div>\n                <a href=\"https:\/\/visitingmedia.com\/tt8\/?ttid=conrad-punta-de-mita#\/360?group=3&#038;tour=0\" class=\"loop-room__matterport btn btn-3d\" target=\"_blank\" title=\"Ver en 3D\" rel=\"noopener noreferrer\">\n            Ver en 3D\n        <\/a>\n                                <span class=\"loop-room__size\">2,525 pies cuadrados<\/span>\n            <\/div>\n        <div class=\"loop-room__content\">\n        <div class=\"loop-room__text\">\n            <h3 class=\"loop-room__title\">Grand Suite frente a la playa con cama King y piscina privada<\/h3>\n            <div class=\"loop-room__excerpt excerpt\">Conoce nuestra Grand Suite con cama tama\u00f1o King, terraza con alberca privada, transporte privado y m\u00e1s. Descubre nuestro servicio inigualable.<\/div>\n\n        <\/div>\n        <div class=\"button-groups\">\n    \n        <a href=\"https:\/\/www.hilton.com\/es\/book\/reservation\/rooms\/?ctyhocn=PVRPMCI&#038;roomTypeCode=K1ZFU1&#038;_gl=1*1kmc4u1*_gcl_au*MTc5MzIyMzE3MS4xNzczOTM4MTk5\" class=\"btn btn-amentities bold\" target=\"_blank\" rel=\"noopener noreferrer\">\n        Reservar habitaci\u00f3n    <\/a>\n        <a class=\"btn btn-amentities btn-outline\" href=\"https:\/\/www.conradpuntademita.com\/es\/habitaciones\/frente-a-la-playa-grand-piscina-alberca-suite-cama-king\/\" data-id=\"405\">Ver Servicios<\/a>\n<\/div>\n    <\/div>\n<\/div>\n\t<\/div>\n<\/div>\n<\/section>","protected":false},"excerpt":{"rendered":"<p>Reserve su pr\u00f3xima escapada y disfrute de una tercera noche gratis, $200 en cr\u00e9dito del resort, traslados de ida y vuelta al aeropuerto, desayuno diario y comidas de cortes\u00eda para ni\u00f1os.<\/p>","protected":false},"featured_media":6813,"parent":0,"menu_order":3,"template":"","meta":{"_acf_changed":true,"inline_featured_image":false},"offer_category":[49,50,51],"offer_season":[52,53,54,55],"class_list":["post-12175","offer","type-offer","status-publish","has-post-thumbnail","hentry","offer_category-curious-traveler","offer_category-romance","offer_category-family-friendly","offer_season-winter","offer_season-fall","offer_season-summer","offer_season-spring"],"acf":[],"publishpress_future_action":{"enabled":false,"date":"2026-05-06 13:50:00","action":"change-status","newStatus":"draft","terms":[],"taxonomy":"offer_category","extraData":[]},"publishpress_future_workflow_manual_trigger":{"enabledWorkflows":[]},"_links":{"self":[{"href":"https:\/\/www.conradpuntademita.com\/es\/wp-json\/wp\/v2\/offer\/12175","targetHints":{"allow":["GET"]}}],"collection":[{"href":"https:\/\/www.conradpuntademita.com\/es\/wp-json\/wp\/v2\/offer"}],"about":[{"href":"https:\/\/www.conradpuntademita.com\/es\/wp-json\/wp\/v2\/types\/offer"}],"wp:featuredmedia":[{"embeddable":true,"href":"https:\/\/www.conradpuntademita.com\/es\/wp-json\/wp\/v2\/media\/6813"}],"wp:attachment":[{"href":"https:\/\/www.conradpuntademita.com\/es\/wp-json\/wp\/v2\/media?parent=12175"}],"wp:term":[{"taxonomy":"offer_category","embeddable":true,"href":"https:\/\/www.conradpuntademita.com\/es\/wp-json\/wp\/v2\/offer_category?post=12175"},{"taxonomy":"offer_season","embeddable":true,"href":"https:\/\/www.conradpuntademita.com\/es\/wp-json\/wp\/v2\/offer_season?post=12175"}],"curies":[{"name":"wp","href":"https:\/\/api.w.org\/{rel}","templated":true}]}}