{"id":18907,"date":"2026-03-19T00:34:05","date_gmt":"2026-03-19T00:34:05","guid":{"rendered":"https:\/\/www.conradpuntademita.com\/?post_type=offer&#038;p=18907"},"modified":"2026-04-15T21:37:09","modified_gmt":"2026-04-15T21:37:09","slug":"reuniones-de-verano","status":"publish","type":"offer","link":"https:\/\/www.conradpuntademita.com\/es\/ofertas\/reuniones-de-verano\/","title":{"rendered":"Reuniones de verano junto al mar"},"content":{"rendered":"<section id=\"banner-block_1fd4e6845f80fc58df5ed4a265a8022b\" class=\"banner gradient-banner full-height-banner full-height single-room\">\n  <div class=\"banner-wrapper\">\n          <img decoding=\"async\" src=\"https:\/\/cdn.conradpuntademita.com\/wp-content\/uploads\/2025\/07\/16114408\/Conrad-Punta-de-Mita-White-Party-Fireworks-Mezquite-Beach.webp\" alt=\"Conrad-Punta-de-Mita-Fiesta-Blanca-Fuegos Artificiales-Mezquite-Playa\" class=\"banner__img banner__media\">\n      <\/div>\n\n      <div class=\"banner-content\">\n              <h2 class=\"banner-title heading1\">Reuniones de verano junto al mar<\/h2>\n      \n              <h3 class=\"banner-subtitle heading5\">Celebre su reuni\u00f3n de verano en una de las pocas playas aptas para el ba\u00f1o de Riviera Nayarit, donde nuestros paquetes grupales cuidadosamente dise\u00f1ados combinan productividad, conexi\u00f3n y la tranquilidad de la costa.<\/h3>\n              \n      \n<\/section>\n\n\n\n<div style=\"color:#ddd\" class=\"wp-block-genesis-blocks-gb-spacer gb-block-spacer gb-divider-solid gb-divider-size-1\"><hr style=\"height:154px\"\/><\/div>\n\n\n\n<div class=\"wp-block-genesis-blocks-gb-container gb-block-container\"><div class=\"gb-container-inside\"><div class=\"gb-container-content\"><\/div><\/div><\/div>\n\n\n\n<section class=\"wysiwig body-wrapper event-detail\" id=\"wysiwig-block_a83fcd7011145b53cc3b628990ad3532\">\n  <div class=\"flex flex-col text-sm pb-25\" style=\"text-align: center;\">Una oferta grupal cuidadosamente dise\u00f1ada para organizadores que buscan una excelente relaci\u00f3n calidad-precio, una gastronom\u00eda exclusiva y un entorno costero refinado para reuniones e incentivos.<\/div>\n<div class=\"pointer-events-none h-px w-px absolute bottom-0\" style=\"text-align: center;\" aria-hidden=\"true\" data-edge=\"true\"><\/div>\n<p style=\"text-align: center;\" data-start=\"1193\" data-end=\"1577\">Trae tu pr\u00f3ximo <strong data-start=\"1209\" data-end=\"1245\"><a href=\"https:\/\/www.conradpuntademita.com\/es\/reuniones-eventos\/\">reuni\u00f3n de grupo<\/a> en Riviera Nayarit<\/strong> Al Conrad Punta de Mita, donde una de las pocas playas aptas para el ba\u00f1o de la zona crea un entorno natural y sofisticado ideal para conectar, trabajar y celebrar. Dise\u00f1ada para organizadores exigentes, esta oferta combina una gastronom\u00eda exquisita, una hospitalidad impecable y beneficios flexibles para eventos en un ambiente inspirador y armonioso.<\/p>\n<p style=\"text-align: center;\" data-start=\"1579\" data-end=\"1902\">Ya sea que est\u00e9 planeando un <strong data-start=\"1606\" data-end=\"1627\">retiro corporativo<\/strong>, <strong data-start=\"1629\" data-end=\"1647\">reuni\u00f3n de equipo<\/strong>, o programa de incentivos, este verano <strong data-start=\"1683\" data-end=\"1702\">paquete de reuni\u00f3n<\/strong> Est\u00e1 dise\u00f1ado para brindar experiencias significativas junto al mar. Desde la llegada hasta la ejecuci\u00f3n final del evento, cada detalle est\u00e1 cuidadosamente pensado para que su programa se sienta intencional, sofisticado y perfectamente coordinado.<\/p>\n<p style=\"text-align: center;\"><a class=\"btn btn-secondary\" href=\"mailto:PVRPM_SA@conradhotels.com\" target=\"_blank\" rel=\"noopener\">Consulta ahora<\/a><\/p>\n<\/section>\n\n\n\t<section class=\"media-content body-wrapper not-link\" id=\"banner-block_801d8c23eb7fa8236729d0dc580cddaa\">\n\t<div class=\"media-content__left\">\n\t\t\t\t<h2 class=\"heading2 a-up\">\n\t\t\tInterior vers\u00e1til\t\t\t\t\t\t<span class=\"heading2-italic\">y espacios para reuniones al aire libre<\/span>\n\t\t\t\t\t<\/h2>\n\t\t\t\t\n\t\t\n\t\t\n\t\t\t\t<div class=\"media-content__text a-up a-delay-2\"><p>Con hasta 45,000 pies cuadrados de espacio para reuniones y eventos, tanto interiores como exteriores, Conrad Punta de Mita ofrece una de las colecciones de espacios para eventos m\u00e1s atractivas de Riviera Nayarit, ideal para retiros corporativos, reuniones de equipo o encuentros de alto nivel. Desde el sal\u00f3n de baile Tukipa de 9,823 pies cuadrados y las salas de reuniones Xiriki A y B de 2,832 pies cuadrados, hasta espacios al aire libre frente al mar como Beach Lawn y Haramara Lawn, cada entorno est\u00e1 dise\u00f1ado para fomentar la productividad, la celebraci\u00f3n y una mayor conexi\u00f3n con el lugar.<\/p><\/div>\n\t\t\n\t\t\t<\/div>\n\n\t<div class=\"media-content__right hover-images a-up a-delay-2\">\n\t\t<span class=\"media-content__gradient media-content__gradient-left\"><\/span>\n\t\t<span class=\"media-content__gradient media-content__gradient-right\"><\/span>\n\t\t<span class=\"media-content__gradient media-content__gradient-top\"><\/span>\n\t\t<span class=\"media-content__gradient media-content__gradient-bottom\"><\/span>\n\t\t\t\t\t\t\t<img decoding=\"async\" width=\"2000\" height=\"1333\" src=\"https:\/\/cdn.conradpuntademita.com\/wp-content\/uploads\/2025\/11\/25233415\/Conrad-Punta-de-Mita-Boho-Event-Mezquite-Beach.jpg\" class=\"hover-image is-hovered\" alt=\"\" loading=\"lazy\" srcset=\"https:\/\/cdn.conradpuntademita.com\/wp-content\/uploads\/2025\/11\/25233415\/Conrad-Punta-de-Mita-Boho-Event-Mezquite-Beach.jpg 2000w, https:\/\/cdn.conradpuntademita.com\/wp-content\/uploads\/2025\/11\/25233415\/Conrad-Punta-de-Mita-Boho-Event-Mezquite-Beach-300x200.jpg 300w, https:\/\/cdn.conradpuntademita.com\/wp-content\/uploads\/2025\/11\/25233415\/Conrad-Punta-de-Mita-Boho-Event-Mezquite-Beach-1024x682.jpg 1024w, https:\/\/cdn.conradpuntademita.com\/wp-content\/uploads\/2025\/11\/25233415\/Conrad-Punta-de-Mita-Boho-Event-Mezquite-Beach-768x512.jpg 768w, https:\/\/cdn.conradpuntademita.com\/wp-content\/uploads\/2025\/11\/25233415\/Conrad-Punta-de-Mita-Boho-Event-Mezquite-Beach-1536x1024.jpg 1536w, https:\/\/cdn.conradpuntademita.com\/wp-content\/uploads\/2025\/11\/25233415\/Conrad-Punta-de-Mita-Boho-Event-Mezquite-Beach-18x12.jpg 18w, https:\/\/cdn.conradpuntademita.com\/wp-content\/uploads\/2025\/11\/25233415\/Conrad-Punta-de-Mita-Boho-Event-Mezquite-Beach-600x400.jpg 600w\" sizes=\"auto, (max-width: 2000px) 100vw, 2000px\" \/>\t\t\t\t\t<\/div>\n\n\t\t<\/section>\n\n\n\n<section class=\"block-content\">\n  <div class=\"block-content-wrapper\">\n    <div class=\"block-content__content content\"><h2>Tarifas para grupos<\/h2>\n<p>Disfrute de tarifas grupales exclusivas de verano dise\u00f1adas para retiros corporativos, reuniones y encuentros de equipo en el Conrad Punta de Mita.<\/p>\n<p>&nbsp;<\/p>\n<p><strong>$483,97 USD<\/strong><br \/>\nPor persona en habitaci\u00f3n individual<\/p>\n<p><strong>$351,97 USD<\/strong><br \/>\nPor persona en habitaci\u00f3n doble<\/p>\n<p>Todos los impuestos y servicios est\u00e1n incluidos.<\/p>\n<p>&nbsp;<\/p>\n<p style=\"text-align: center;\"><a class=\"btn btn-secondary\" href=\"mailto:PVRPM_SA@conradhotels.com\" target=\"_blank\" rel=\"noopener\">Consulta ahora<\/a><\/p>\n<\/div>\n  <\/div>\n<\/section>\n\n\n\n<section id=\"accordion-block_b6731c7cf27c0416470acb1dbc763b5f\" class=\"accordion-module body-wrapper accordion-module\">\n      <div class=\"accordion\">\n              <div class=\"accordion__item\">\n                      <button class=\"accordion__header\"\n              type=\"button\"\n              aria-expanded=\"false\"\n              aria-controls=\"acc-block_b6731c7cf27c0416470acb1dbc763b5f-panel-1\">\n              <span class=\"accordion__title\">Preguntas frecuentes<\/span>\n              <span class=\"accordion__icon\" aria-hidden=\"true\"><\/span>\n            <\/button>\n          \n                      <div class=\"accordion__content\" id=\"acc-block_b6731c7cf27c0416470acb1dbc763b5f-panel-1\" hidden>\n              <div class=\"accordion__inner\">\n                <p data-start=\"3863\" data-end=\"4181\"><strong data-start=\"3863\" data-end=\"3925\">\u00bfQu\u00e9 hace que el Conrad Punta de Mita sea ideal para reuniones de verano?<\/strong><br data-start=\"3925\" data-end=\"3928\" \/>El Conrad Punta de Mita combina una hospitalidad refinada para grupos, espacios flexibles para eventos tanto en interiores como al aire libre, una gastronom\u00eda selecta y la distinci\u00f3n a\u00f1adida de una de las pocas playas aptas para el ba\u00f1o de la Riviera Nayarit, creando un entorno que resulta a la vez productivo y gratificante.<\/p>\n<p data-start=\"4183\" data-end=\"4525\"><strong data-start=\"4183\" data-end=\"4235\">\u00bfQu\u00e9 incluye el paquete de Reuniones de Verano?<\/strong><br data-start=\"4235\" data-end=\"4238\" \/>La oferta incluye tarifas grupales con impuestos y servicios, desayuno, almuerzo y cena diarios, un c\u00f3ctel de bienvenida, pausas para el caf\u00e9, barra libre premium, alquiler gratuito de sala de reuniones, Wi-Fi, valor por montaje de eventos al aire libre e incentivos para organizadores, incluyendo comisiones y reembolsos.<\/p>\n<p data-start=\"4527\" data-end=\"4806\"><strong data-start=\"4527\" data-end=\"4571\">\u00bfEl complejo tur\u00edstico puede alojar a grupos grandes?<\/strong><br data-start=\"4571\" data-end=\"4574\" \/>S\u00ed. Con hasta 45.000 pies cuadrados de espacio para reuniones y eventos repartidos entre salones de baile, salas de reuniones y espacios al aire libre, el complejo puede albergar una amplia gama de programas para grupos, desde retiros ejecutivos hasta reuniones m\u00e1s grandes y eventos de incentivo.<\/p>\n              <\/div>\n            <\/div>\n                  <\/div>\n          <\/div>\n  <\/section>\n\n\n<section id=\"two-columns-block_bddbe8b72e14981dd2ba0a3de4eeaad1\" class=\"two-columns event\">\n  <div class=\"row\">\n    <div class=\"col col-left a-right content\">\n                  <h3>Lo que le gusta a tu grupo<\/h3>\n<p>&nbsp;<\/p>\n<ul>\n<li data-start=\"2935\" data-end=\"2977\">C\u00f3ctel de bienvenida exclusivo al registrarse.<\/li>\n<li data-start=\"2978\" data-end=\"3017\">Desayuno diario en el restaurante Arbol.<\/li>\n<li data-start=\"3018\" data-end=\"3057\">Almuerzo en Restaurante Paleta o \u00c1rbol<\/li>\n<li data-start=\"3058\" data-end=\"3100\">Cena en el restaurante Mezquite o Codex.<\/li>\n<li data-start=\"3101\" data-end=\"3165\">Sesiones de trabajo con una pausa b\u00e1sica para el caf\u00e9 de hasta 8 horas.<\/li>\n<li data-start=\"3166\" data-end=\"3231\">Mejora a barra libre premium durante un m\u00e1ximo de 12 horas, hasta las 23:00.<\/li>\n<li data-start=\"3232\" data-end=\"3269\">Alquiler gratuito de salas de reuniones<\/li>\n<li data-start=\"3270\" data-end=\"3293\">Wi-Fi gratuito<\/li>\n<li data-start=\"3294\" data-end=\"3343\">Montaje de eventos privados 2x1 en espacios al aire libre<\/li>\n<li data-start=\"3344\" data-end=\"3413\">Comisi\u00f3n 10% sobre las noches de habitaci\u00f3n y los ingresos por planes de comidas, antes de impuestos.<\/li>\n<li data-start=\"3414\" data-end=\"3450\">Reembolso 15% a la cuenta principal<\/li>\n<li data-start=\"3451\" data-end=\"3523\">Sugerencia del chef para complementar las pausas para el caf\u00e9 de la ma\u00f1ana y de la tarde.<\/li>\n<li data-start=\"3524\" data-end=\"3575\">Seis canap\u00e9s por persona para el c\u00f3ctel de bienvenida.<\/li>\n<li data-start=\"3576\" data-end=\"3660\">Servicio diario de bar junto a la piscina durante 2 horas, disponible por la ma\u00f1ana o por la tarde.<\/li>\n<\/ul>\n                          <a href=\"mailto:PVRPM_SA@conradhotels.com\" class=\"btn btn-primary\">Consulta ahora<\/a>\n              <\/div>\n          <div class=\"col col-right a-left content\">\n        <h4><strong>T\u00c9RMINOS Y CONDICIONES<\/strong><\/h4>\n<p><strong>Esta oferta est\u00e1 sujeta a disponibilidad y a los t\u00e9rminos y condiciones aqu\u00ed estipulados.<\/strong> Una estancia m\u00ednima de <strong>dos (2) noches<\/strong> y un m\u00ednimo de <strong>diez (10) habitaciones<\/strong> son obligatorios para grupos reservados bajo el <strong>Encuentros de verano junto al mar en Conrad Punta de Mita<\/strong> oferta. La oferta es v\u00e1lida para <strong>nuevos programas grupales<\/strong> sostenido desde <strong>Del 1 de marzo al 31 de diciembre de 2026<\/strong>, y debe confirmarse entre <strong>1 de marzo y 30 de abril de 2026<\/strong>.<\/p>\n<p><strong>Incluye comidas<\/strong><br \/>\nLas inclusiones de desayuno, almuerzo y cena se aplican solo durante los per\u00edodos de comida designados y en los establecimientos participantes, espec\u00edficamente <strong>Restaurante \u00c1rbol, Paleta, Mezquite y Restaurante Codex<\/strong>, Seg\u00fan lo determine el complejo tur\u00edstico. La selecci\u00f3n del men\u00fa, el formato del servicio, el horario de las comidas y la disponibilidad de los restaurantes est\u00e1n sujetos a las condiciones operativas. Las comidas se ofrecen a su gusto en los restaurantes participantes.<\/p>\n<p><strong>Barra libre mejorada<\/strong><br \/>\nEl <strong>Mejora a barra libre premium<\/strong> est\u00e1 disponible hasta <strong>doce (12) horas consecutivas<\/strong> y debe concluir a m\u00e1s tardar el <strong>23:00.<\/strong> Este beneficio se aplica \u00fanicamente a los eventos privados para grupos que cumplan los requisitos y que hayan sido contratados bajo esta promoci\u00f3n, y est\u00e1 sujeto a los est\u00e1ndares de servicio del complejo, los requisitos de licencia y las pol\u00edticas operativas.<\/p>\n<p><strong>Beneficios para reuniones y eventos<\/strong><br \/>\nLisonjero <strong>Alquiler de salas de reuniones<\/strong> y <strong>Wi-Fi gratuito<\/strong> Se aplica \u00fanicamente a los programas grupales que cumplan los requisitos y que est\u00e9n confirmados en esta oferta. Las sesiones de trabajo incluyen: <strong>una pausa b\u00e1sica para el caf\u00e9 durante un m\u00e1ximo de ocho (8) horas al d\u00eda.<\/strong>, sujeto al cronograma final del programa.<\/p>\n<p>Complementos seleccionados por el chef para las pausas para el caf\u00e9 de la ma\u00f1ana y de la tarde., <strong>seis (6) canap\u00e9s por persona<\/strong> para el c\u00f3ctel de bienvenida y <strong>un bar de aperitivos junto a la piscina diario durante un m\u00e1ximo de dos (2) horas<\/strong>, Las programadas por la ma\u00f1ana o por la tarde est\u00e1n incluidas como parte del programa contratado. <strong>Configuraci\u00f3n de eventos privados 2x1<\/strong> Este beneficio se aplica exclusivamente a eventos al aire libre que cumplan los requisitos y se celebren en los lugares participantes, y est\u00e1 sujeto a la disponibilidad del lugar, las condiciones clim\u00e1ticas, la aprobaci\u00f3n del complejo tur\u00edstico y los requisitos operativos.<\/p>\n<p>El precio de montaje de eventos al aire libre se basa en: <strong>$20 USD<\/strong>, m\u00e1s <strong>IVA 16%<\/strong> y <strong>Cargo por servicio 18%<\/strong>.<\/p>\n<p><strong>Comisi\u00f3n y reembolso<\/strong><br \/>\nA <strong>Comisi\u00f3n 10%<\/strong> Se aplica a las noches de habitaci\u00f3n elegibles y a los ingresos del plan de comidas, antes de impuestos. La comisi\u00f3n no se aplica a los cargos por servicio, impuestos, gastos imprevistos, servicios de terceros ni componentes no comisionables seg\u00fan lo determine el resort. <strong>Reembolso 15%<\/strong> La atribuci\u00f3n a la cuenta principal se aplica a los ingresos contractuales que cumplan los requisitos y se reflejar\u00e1 de acuerdo con el contrato de grupo final firmado y la pol\u00edtica del complejo tur\u00edstico.<\/p>\n<p><strong>Tarifas, disponibilidad y restricciones<\/strong><br \/>\nSe cotizan tarifas <strong>por persona<\/strong>, En habitaci\u00f3n individual o doble, incluye impuestos y servicios. Esta oferta no es v\u00e1lida para reservas existentes, grupos con contrato previo ni se puede combinar con otras promociones, descuentos, paquetes o tarifas negociadas. Pueden aplicarse fechas restringidas. Todos los servicios incluidos, lugares, componentes del evento y la participaci\u00f3n de los restaurantes est\u00e1n sujetos a disponibilidad y pueden variar seg\u00fan los detalles finales del programa.<\/p>\n<p>Pueden aplicarse restricciones adicionales, pol\u00edticas del complejo y t\u00e9rminos contractuales. <strong>Conrad Punta de Mita<\/strong> Se reserva el derecho de modificar o retirar esta oferta en cualquier momento sin previo aviso.<\/p>\n      <\/div>\n      <\/div>\n<\/section>","protected":false},"excerpt":{"rendered":"<p>Planifique su escapada a Punta de Mita con la Oferta Tradiciones Familiares en Conrad Punta de Mita, que ofrece 20% de descuento, desayuno para adultos, ni\u00f1os menores de 12 a\u00f1os comen gratis y mucho m\u00e1s.<\/p>","protected":false},"featured_media":17899,"parent":0,"menu_order":0,"template":"","meta":{"_acf_changed":true,"inline_featured_image":false},"offer_category":[49,50,51],"offer_season":[55,52,53,54],"class_list":["post-18907","offer","type-offer","status-publish","has-post-thumbnail","hentry","offer_category-curious-traveler","offer_category-romance","offer_category-family-friendly","offer_season-spring","offer_season-winter","offer_season-fall","offer_season-summer"],"acf":[],"publishpress_future_action":{"enabled":false,"date":"2026-05-06 19:49:56","action":"change-status","newStatus":"draft","terms":[],"taxonomy":"offer_category","extraData":[]},"publishpress_future_workflow_manual_trigger":{"enabledWorkflows":[]},"_links":{"self":[{"href":"https:\/\/www.conradpuntademita.com\/es\/wp-json\/wp\/v2\/offer\/18907","targetHints":{"allow":["GET"]}}],"collection":[{"href":"https:\/\/www.conradpuntademita.com\/es\/wp-json\/wp\/v2\/offer"}],"about":[{"href":"https:\/\/www.conradpuntademita.com\/es\/wp-json\/wp\/v2\/types\/offer"}],"wp:featuredmedia":[{"embeddable":true,"href":"https:\/\/www.conradpuntademita.com\/es\/wp-json\/wp\/v2\/media\/17899"}],"wp:attachment":[{"href":"https:\/\/www.conradpuntademita.com\/es\/wp-json\/wp\/v2\/media?parent=18907"}],"wp:term":[{"taxonomy":"offer_category","embeddable":true,"href":"https:\/\/www.conradpuntademita.com\/es\/wp-json\/wp\/v2\/offer_category?post=18907"},{"taxonomy":"offer_season","embeddable":true,"href":"https:\/\/www.conradpuntademita.com\/es\/wp-json\/wp\/v2\/offer_season?post=18907"}],"curies":[{"name":"wp","href":"https:\/\/api.w.org\/{rel}","templated":true}]}}