{"id":15,"date":"2022-04-13T02:54:21","date_gmt":"2022-04-13T02:54:21","guid":{"rendered":"https:\/\/www.conradpuntademita.com\/?page_id=15"},"modified":"2025-10-09T14:33:15","modified_gmt":"2025-10-09T14:33:15","slug":"habitaciones","status":"publish","type":"page","link":"https:\/\/www.conradpuntademita.com\/es\/habitaciones\/","title":{"rendered":"Habitaciones"},"content":{"rendered":"<section id=\"banner-block_ab70a312e0689a162db73a3cfd1d717f\" class=\"rooms-banner banner\">\n  <div class=\"banner-wrapper\">\n          <video autoplay loop playsinline class=\"banner__video banner__media lazyvid\" muted preload=\"metadata\" data-src=\"https:\/\/cdn.conradpuntademita.com\/wp-content\/uploads\/2023\/09\/19082527\/rooms-hero-round-3-1.mp4\" poster=\"https:\/\/cdn.conradpuntademita.com\/wp-content\/uploads\/2022\/05\/13121927\/ConradPuntadeMita-JoeThomas-266-scaled-e1653504455850.webp\">\n        <source data-src=\"https:\/\/cdn.conradpuntademita.com\/wp-content\/uploads\/2023\/09\/19082527\/rooms-hero-round-3-1.mp4\" type=\"video\/mp4\">\n      <\/video>\n      <\/div>\n\n      <div class=\"banner-content\">\n              <h1 class=\"banner-title heading1\">Habitaciones y Suites<\/h1>\n      \n              \n      \n<\/section>\n\n\n\n<section class=\"block-content\">\n  <div class=\"block-content-wrapper\">\n    <div class=\"block-content__content content\"><h4 style=\"text-align: center;mrgin-bttom:0\" class=\"heading2\">Descubre la magia<\/h4>\n<p style=\"text-align: center;margin-bttom:20px\">Id\u00edlica y abarcadora, la belleza tranquila de Punta de Mita es un santuario natural para el descanso y el aislamiento. Rodeadas de cantos de p\u00e1jaros, olas y \u00e1rboles que se balancean, nuestras habitaciones y suites ofrecen un tapiz entretejido de dise\u00f1o moderno y cultura local, amuebladas con arte de inspiraci\u00f3n huichol, terrazas privadas y vistas v\u00edrgenes al mar. Todas las categor\u00edas de habitaciones y suites reciben Kids Eat Free y comodidades de cortes\u00eda del Turi Kids Club.<\/p>\n<p>&nbsp;<\/p>\n<p style=\"text-align: center;margin-top:20px\"><a class=\"btn btn-primary\" href=\"https:\/\/visitingmedia.com\/tt8\/?ttid=conrad-punta-de-mita#\/360?group=3&amp;tour=0\" target=\"_blank\" rel=\"noopener\">Ver tour virtual<\/a><\/p>\n<\/div>\n  <\/div>\n<\/section>\n\n\n\t<section class=\"media-content body-wrapper not-link\" id=\"banner-block_2d5fcee23b2030fa30890e5ce9ade405\">\n\t<div class=\"media-content__left\">\n\t\t\t\t<h2 class=\"heading2 a-up\">\n\t\t\tComodidad curada\t\t\t\t\t\t<span class=\"heading2-italic\">por Compadre Concierge<\/span>\n\t\t\t\t\t<\/h2>\n\t\t\t\t\n\t\t\n\t\t\n\t\t\t\t<div class=\"media-content__text a-up a-delay-2\"><p>Disfrutar\u00e1 del servicio exclusivo de un Compadre dedicado. M\u00e1s que un anfitri\u00f3n, es su gu\u00eda personal hacia la comodidad, el descubrimiento y experiencias memorables. Antes de su llegada, se pondr\u00e1 en contacto con usted para conocer sus preferencias y peticiones especiales, creando momentos inspirados en el esp\u00edritu de Punta de Mita. Desde la llegada a la habitaci\u00f3n hasta cenas privadas en la playa y experiencias culinarias, cada detalle se cuida con atenci\u00f3n y esmero.<\/p><\/div>\n\t\t\n\t\t\t\t\t<style>\n\t\t\t.media-content__cta-container {\n\t\t\t\tdisplay: flex;\n\t\t\t\tgap: 10px; \/* Espacio entre botones *\/\n\t\t\t}\n\n\t\t\t.media-content__cta {\n\t\t\t\twhite-space: nowrap; \/* Asegura que no se rompan en l\u00edneas *\/\n\t\t\t}\n\t\t\t<\/style>\n\t\t\t<div class=\"media-content__cta-container\">\n\t\t\t\t<a href=\"https:\/\/www.conradpuntademita.com\/es\/experiencias\/conrad-conserje\/\" target=\"\" class=\"btn a-up a-delay-4 media-content__cta\">Descubre m\u00e1s<\/a>\n\t\t\t\t\n\t\t\t\t\t\t\t\t\t<\/div>\n\t\t\t\t\t<\/div>\n\n\t<div class=\"media-content__right hover-images a-up a-delay-2\">\n\t\t<span class=\"media-content__gradient media-content__gradient-left\"><\/span>\n\t\t<span class=\"media-content__gradient media-content__gradient-right\"><\/span>\n\t\t<span class=\"media-content__gradient media-content__gradient-top\"><\/span>\n\t\t<span class=\"media-content__gradient media-content__gradient-bottom\"><\/span>\n\t\t\t\t\t\t\t<img decoding=\"async\" width=\"2560\" height=\"1707\" src=\"https:\/\/cdn.conradpuntademita.com\/wp-content\/uploads\/2023\/08\/23204929\/ConradPuntadeMita_CompadreButler-scaled.webp\" class=\"hover-image is-hovered\" alt=\"Pareja relaj\u00e1ndose en el jacuzzi de la azotea al atardecer mientras el camarero trae champ\u00e1n, con vistas al oc\u00e9ano.\" loading=\"lazy\" srcset=\"https:\/\/cdn.conradpuntademita.com\/wp-content\/uploads\/2023\/08\/23204929\/ConradPuntadeMita_CompadreButler-scaled.webp 2560w, https:\/\/cdn.conradpuntademita.com\/wp-content\/uploads\/2023\/08\/23204929\/ConradPuntadeMita_CompadreButler-300x200.jpg 300w, https:\/\/cdn.conradpuntademita.com\/wp-content\/uploads\/2023\/08\/23204929\/ConradPuntadeMita_CompadreButler-1024x683.jpg 1024w, https:\/\/cdn.conradpuntademita.com\/wp-content\/uploads\/2023\/08\/23204929\/ConradPuntadeMita_CompadreButler-768x512.jpg 768w, https:\/\/cdn.conradpuntademita.com\/wp-content\/uploads\/2023\/08\/23204929\/ConradPuntadeMita_CompadreButler-1536x1024.jpg 1536w, https:\/\/cdn.conradpuntademita.com\/wp-content\/uploads\/2023\/08\/23204929\/ConradPuntadeMita_CompadreButler-2048x1365.jpg 2048w, https:\/\/cdn.conradpuntademita.com\/wp-content\/uploads\/2023\/08\/23204929\/ConradPuntadeMita_CompadreButler-18x12.jpg 18w, https:\/\/cdn.conradpuntademita.com\/wp-content\/uploads\/2023\/08\/23204929\/ConradPuntadeMita_CompadreButler-600x400.jpg 600w\" sizes=\"auto, (max-width: 2560px) 100vw, 2560px\" \/>\t\t\t\t\t<\/div>\n\n\t\t<\/section>\n\n\n<link rel=\"stylesheet\" href=\"https:\/\/www.conradpuntademita.com\/wp-content\/themes\/conrad-ptm\/css\/rooms.css\"\/>\n\n<section id=\"beachfront-rooms\" class=\"rooms-carousel\">\n<div class=\"room-carousel body-wrapper\">\n\t\t\t<div class=\"room-carousel__images\">\n\t\t\t\t\t<div class=\"room-carousel__image gradient-overlay\">\n\t\t\t<img decoding=\"async\" class=\"lazyload\" src=\"https:\/\/cdn.conradpuntademita.com\/wp-content\/uploads\/2022\/05\/04032248\/Q2RF_3-scaled.webp\" data-src=\"https:\/\/cdn.conradpuntademita.com\/wp-content\/uploads\/2022\/05\/04032248\/Q2RF_3-scaled.webp\" data-srcset=\"https:\/\/cdn.conradpuntademita.com\/wp-content\/uploads\/2022\/05\/04032248\/Q2RF_3-scaled.webp 2x\" alt=\"Terraza con jard\u00edn y vista al mar\">\n\t\t\t<\/div>\n\t\t\t\t\t<div class=\"room-carousel__image gradient-overlay\">\n\t\t\t<img decoding=\"async\" class=\"lazyload\" src=\"https:\/\/cdn.conradpuntademita.com\/wp-content\/uploads\/2022\/05\/04032242\/CONRAD-PUNTA-DE-MITA-Q2RF-10134148-scaled.webp\" data-src=\"https:\/\/cdn.conradpuntademita.com\/wp-content\/uploads\/2022\/05\/04032242\/CONRAD-PUNTA-DE-MITA-Q2RF-10134148-scaled.webp\" data-srcset=\"https:\/\/cdn.conradpuntademita.com\/wp-content\/uploads\/2022\/05\/04032242\/CONRAD-PUNTA-DE-MITA-Q2RF-10134148-scaled.webp 2x\" alt=\"Dos camas queen con s\u00e1banas blancas, escritorio y hermosas vistas\">\n\t\t\t<\/div>\n\t\t\t\t\t<div class=\"room-carousel__image gradient-overlay\">\n\t\t\t<img decoding=\"async\" class=\"lazyload\" src=\"https:\/\/cdn.conradpuntademita.com\/wp-content\/uploads\/2022\/05\/04030757\/K1RF_2_3000x2000-scaled.webp\" data-src=\"https:\/\/cdn.conradpuntademita.com\/wp-content\/uploads\/2022\/05\/04030757\/K1RF_2_3000x2000-scaled.webp\" data-srcset=\"https:\/\/cdn.conradpuntademita.com\/wp-content\/uploads\/2022\/05\/04030757\/K1RF_2_3000x2000-scaled.webp 2x\" alt=\"Una vista de un balc\u00f3n donde yacen el sof\u00e1 y la mesa\">\n\t\t\t<\/div>\n\t\t\t\t<\/div>\n\t\t\t<div class=\"room-carousel__content\">\n\t\t<div class=\"room-carousel__info\">\n\t\t\t\t\t<h2 class=\"room-carousel__heading heading2 btn-toggle-slider\">Habitaciones frente al mar<\/h2>\n\t\t\t\t\t\t\t<p class=\"room-carousel__tags\">Vistas despejadas al mar \u2022 Pasos a la playa \u2022 Balc\u00f3n<\/p>\n\t\t\t\t<\/div>\n\t\t<div class=\"button-groups button-groups--desktop\">\n\t\t\t\t\t\t<\/div>\n\n\t\t<div class=\"button-groups button-groups--mobile\">\n\t\t\t\t\t\t<\/div>\n\t<\/div>\n<\/div>\n\n<div class=\"room-slider__wrapper preopened body-wrapper\" style=\"display:block\">\n\t<div class=\"room-slider\">\n\t\t<div class=\"loop-room\">\n        <div class=\"loop-room__slider\">\n        <div class=\"loop-room__slides\">\n                    <div class=\"loop-room__slide gradient-overlay\">\n            <img decoding=\"async\" class=\"lazyload\" src=\"https:\/\/cdn.conradpuntademita.com\/wp-content\/uploads\/2022\/05\/04030632\/K1RF_2-scaled.webp\" data-src=\"https:\/\/cdn.conradpuntademita.com\/wp-content\/uploads\/2022\/05\/04030632\/K1RF_2-scaled.webp\" data-srcset=\"https:\/\/cdn.conradpuntademita.com\/wp-content\/uploads\/2022\/05\/04030632\/K1RF_2-scaled.webp 2x\" alt=\"Vistas desde la terraza de la habitaci\u00f3n con cama King\">\n            <\/div>\n                <\/div>\n                <a href=\"https:\/\/visitingmedia.com\/tt8\/?ttid=conrad-punta-de-mita#\/360?group=3&#038;tour=22\" class=\"loop-room__matterport btn btn-3d\" target=\"_blank\" title=\"Ver en 3D\" rel=\"noopener noreferrer\">\n            Ver en 3D\n        <\/a>\n                                <span class=\"loop-room__size\">705 pies cuadrados<\/span>\n            <\/div>\n        <div class=\"loop-room__content\">\n        <div class=\"loop-room__text\">\n            <h3 class=\"loop-room__title\">Habitaci\u00f3n frente a la playa con cama King<\/h3>\n            <div class=\"loop-room__excerpt excerpt\">Disfrute del balc\u00f3n privado amueblado para el entretenimiento y la sala de estar dise\u00f1ada para disfrutar de su oasis tropical.<\/div>\n\n        <\/div>\n        <div class=\"button-groups\">\n    \n        <a href=\"https:\/\/www.hilton.com\/es\/book\/reservation\/rooms\/?ctyhocn=PVRPMCI&#038;roomTypeCode=K1RF&#038;_gl=1*1472qdq*_gcl_au*MTM0NDk2MDUyMC4xNzczODk1MzI0\" class=\"btn btn-amentities bold\" target=\"_blank\" rel=\"noopener noreferrer\">\n        Reservar habitaci\u00f3n    <\/a>\n        <a class=\"btn btn-amentities btn-outline\" href=\"https:\/\/www.conradpuntademita.com\/es\/habitaciones\/frente-al-mar-habitacion-cama-king\/\" data-id=\"419\">Ver Servicios<\/a>\n<\/div>\n    <\/div>\n<\/div>\n<div class=\"loop-room\">\n        <div class=\"loop-room__slider\">\n        <div class=\"loop-room__slides\">\n                    <div class=\"loop-room__slide gradient-overlay\">\n            <img decoding=\"async\" class=\"lazyload\" src=\"https:\/\/cdn.conradpuntademita.com\/wp-content\/uploads\/2022\/05\/04032248\/Q2RF_3-scaled.webp\" data-src=\"https:\/\/cdn.conradpuntademita.com\/wp-content\/uploads\/2022\/05\/04032248\/Q2RF_3-scaled.webp\" data-srcset=\"https:\/\/cdn.conradpuntademita.com\/wp-content\/uploads\/2022\/05\/04032248\/Q2RF_3-scaled.webp 2x\" alt=\"Terraza con jard\u00edn y vista al mar\">\n            <\/div>\n                <\/div>\n                <a href=\"https:\/\/visitingmedia.com\/tt8\/?ttid=conrad-punta-de-mita#\/360?group=3&#038;tour=21\" class=\"loop-room__matterport btn btn-3d\" target=\"_blank\" title=\"Ver en 3D\" rel=\"noopener noreferrer\">\n            Ver en 3D\n        <\/a>\n                                <span class=\"loop-room__size\">705 pies cuadrados<\/span>\n            <\/div>\n        <div class=\"loop-room__content\">\n        <div class=\"loop-room__text\">\n            <h3 class=\"loop-room__title\">Habitaci\u00f3n Frente al Mar con Dos Camas Queen<\/h3>\n            <div class=\"loop-room__excerpt excerpt\">Con vistas v\u00edrgenes, esta habitaci\u00f3n frente al mar lo sumerge en la belleza y la cultura de Punta de Mita.<\/div>\n\n        <\/div>\n        <div class=\"button-groups\">\n    \n        <a href=\"https:\/\/www.hilton.com\/es\/book\/reservation\/rooms\/?ctyhocn=PVRPMCI&#038;roomTypeCode=Q2RF&#038;_gl=1*1472qdq*_gcl_au*MTM0NDk2MDUyMC4xNzczODk1MzI0\" class=\"btn btn-amentities bold\" target=\"_blank\" rel=\"noopener noreferrer\">\n        Reservar habitaci\u00f3n    <\/a>\n        <a class=\"btn btn-amentities btn-outline\" href=\"https:\/\/www.conradpuntademita.com\/es\/habitaciones\/frente-al-mar-habitacion-2-camas-queen\/\" data-id=\"416\">Ver Servicios<\/a>\n<\/div>\n    <\/div>\n<\/div>\n\t<\/div>\n<\/div>\n<\/section>\n\n<link rel=\"stylesheet\" href=\"https:\/\/www.conradpuntademita.com\/wp-content\/themes\/conrad-ptm\/css\/rooms.css\"\/>\n\n<section id=\"beachfront-suites\" class=\"rooms-carousel\">\n<div class=\"room-carousel body-wrapper\">\n\t\t\t<div class=\"room-carousel__images\">\n\t\t\t\t\t<div class=\"room-carousel__image gradient-overlay\">\n\t\t\t<img decoding=\"async\" class=\"lazyload\" src=\"https:\/\/cdn.conradpuntademita.com\/wp-content\/uploads\/2022\/05\/13121818\/GRAND-OCEANFRONT-SUITE-3-min-e1653511640373.webp\" data-src=\"https:\/\/cdn.conradpuntademita.com\/wp-content\/uploads\/2022\/05\/13121818\/GRAND-OCEANFRONT-SUITE-3-min-e1653511640373.webp\" data-srcset=\"https:\/\/cdn.conradpuntademita.com\/wp-content\/uploads\/2022\/05\/13121818\/GRAND-OCEANFRONT-SUITE-3-min-e1653511640373.webp 2x\" alt=\"Un sof\u00e1 de balc\u00f3n de habitaci\u00f3n de hotel y piscina con vista al r\u00edo\">\n\t\t\t<\/div>\n\t\t\t\t\t<div class=\"room-carousel__image gradient-overlay\">\n\t\t\t<img decoding=\"async\" class=\"lazyload\" src=\"https:\/\/cdn.conradpuntademita.com\/wp-content\/uploads\/2022\/05\/04051200\/CONRAD-PUNTA-DE-MITA-1001889-1440x640.webp\" data-src=\"https:\/\/cdn.conradpuntademita.com\/wp-content\/uploads\/2022\/05\/04051200\/CONRAD-PUNTA-DE-MITA-1001889-1440x640.webp\" data-srcset=\"https:\/\/cdn.conradpuntademita.com\/wp-content\/uploads\/2022\/05\/04051200\/CONRAD-PUNTA-DE-MITA-1001889-2880x1280.jpg 2x\" alt=\"Piscina privada con una hermosa terraza e impresionantes vistas al atardecer\">\n\t\t\t<\/div>\n\t\t\t\t\t<div class=\"room-carousel__image gradient-overlay\">\n\t\t\t<img decoding=\"async\" class=\"lazyload\" src=\"https:\/\/cdn.conradpuntademita.com\/wp-content\/uploads\/2022\/05\/04042219\/CONRAD-PUNTA-DE-MITA-1001701-1-scaled.webp\" data-src=\"https:\/\/cdn.conradpuntademita.com\/wp-content\/uploads\/2022\/05\/04042219\/CONRAD-PUNTA-DE-MITA-1001701-1-scaled.webp\" data-srcset=\"https:\/\/cdn.conradpuntademita.com\/wp-content\/uploads\/2022\/05\/04042219\/CONRAD-PUNTA-DE-MITA-1001701-1-scaled.webp 2x\" alt=\"Habitaci\u00f3n frente al mar con piscina privada\">\n\t\t\t<\/div>\n\t\t\t\t\t<div class=\"room-carousel__image gradient-overlay\">\n\t\t\t<img decoding=\"async\" class=\"lazyload\" src=\"https:\/\/cdn.conradpuntademita.com\/wp-content\/uploads\/2022\/05\/04050758\/CONRAD-PUNTA-DE-MITA-King-Suite-Ocean-Front-2-1200x640.webp\" data-src=\"https:\/\/cdn.conradpuntademita.com\/wp-content\/uploads\/2022\/05\/04050758\/CONRAD-PUNTA-DE-MITA-King-Suite-Ocean-Front-2-1200x640.webp\" data-srcset=\"https:\/\/cdn.conradpuntademita.com\/wp-content\/uploads\/2022\/05\/04050758\/CONRAD-PUNTA-DE-MITA-King-Suite-Ocean-Front-2.jpg 2x\" alt=\"Habitaci\u00f3n con TV, s\u00e1banas blancas, ventilador y terraza\">\n\t\t\t<\/div>\n\t\t\t\t<\/div>\n\t\t\t<div class=\"room-carousel__content\">\n\t\t<div class=\"room-carousel__info\">\n\t\t\t\t\t<h2 class=\"room-carousel__heading heading2 btn-toggle-slider\">Suites frente al mar<\/h2>\n\t\t\t\t\t\t\t<p class=\"room-carousel__tags\">Traslados de lujo \u2022 Desayuno diario \u2022 Piscina profunda \u2022 Amplio balc\u00f3n \u2022 Pasos a la playa \u2022 CONCIERGE PERSONAL<\/p>\n\t\t\t\t<\/div>\n\t\t<div class=\"button-groups button-groups--desktop\">\n\t\t\t\t\t\t<\/div>\n\n\t\t<div class=\"button-groups button-groups--mobile\">\n\t\t\t\t\t\t<\/div>\n\t<\/div>\n<\/div>\n\n<div class=\"room-slider__wrapper preopened body-wrapper\" style=\"display:block\">\n\t<div class=\"room-slider\">\n\t\t<div class=\"loop-room\">\n        <div class=\"loop-room__slider\">\n        <div class=\"loop-room__slides\">\n                    <div class=\"loop-room__slide gradient-overlay\">\n            <img decoding=\"async\" class=\"lazyload\" src=\"https:\/\/cdn.conradpuntademita.com\/wp-content\/uploads\/2022\/05\/13121059\/CONRAD-PUNTA-DE-MITA-King-Suite-Ocean-Front-560x340.webp\" data-src=\"https:\/\/cdn.conradpuntademita.com\/wp-content\/uploads\/2022\/05\/13121059\/CONRAD-PUNTA-DE-MITA-King-Suite-Ocean-Front-560x340.webp\" data-srcset=\"https:\/\/cdn.conradpuntademita.com\/wp-content\/uploads\/2022\/05\/13121059\/CONRAD-PUNTA-DE-MITA-King-Suite-Ocean-Front-1120x680.jpg 2x\" alt=\"Un balc\u00f3n de la habitaci\u00f3n del hotel con piscina y vistas al r\u00edo.\">\n            <\/div>\n                <\/div>\n                <a href=\"https:\/\/visitingmedia.com\/tt8\/?ttid=conrad-punta-de-mita#\/3d-model\/2\/8\" class=\"loop-room__matterport btn btn-3d\" target=\"_blank\" title=\"Ver en 3D\" rel=\"noopener noreferrer\">\n            Ver en 3D\n        <\/a>\n                                <span class=\"loop-room__size\">1,460 pies cuadrados<\/span>\n            <\/div>\n        <div class=\"loop-room__content\">\n        <div class=\"loop-room__text\">\n            <h3 class=\"loop-room__title\">Signature Suite frente a la playa con cama King<\/h3>\n            <div class=\"loop-room__excerpt excerpt\">Las caracter\u00edsticas modernas realzan la belleza natural de un gran balc\u00f3n y una piscina privada, mientras que un conserje personal se anticipa a sus necesidades.<\/div>\n\n        <\/div>\n        <div class=\"button-groups\">\n    \n        <a href=\"https:\/\/www.hilton.com\/es\/book\/reservation\/rooms\/?ctyhocn=PVRPMCI&#038;roomTypeCode=K1RFU1&#038;_gl=1*bcjfm6*_gcl_au*MTc5MzIyMzE3MS4xNzczOTM4MTk5\" class=\"btn btn-amentities bold\" target=\"_blank\" rel=\"noopener noreferrer\">\n        Reservar habitaci\u00f3n    <\/a>\n        <a class=\"btn btn-amentities btn-outline\" href=\"https:\/\/www.conradpuntademita.com\/es\/habitaciones\/frente-al-mar-suite-firma-cama-king\/\" data-id=\"413\">Ver Servicios<\/a>\n<\/div>\n    <\/div>\n<\/div>\n<div class=\"loop-room\">\n        <div class=\"loop-room__slider\">\n        <div class=\"loop-room__slides\">\n                    <div class=\"loop-room__slide gradient-overlay\">\n            <img decoding=\"async\" class=\"lazyload\" src=\"https:\/\/cdn.conradpuntademita.com\/wp-content\/uploads\/2022\/05\/04042219\/CONRAD-PUNTA-DE-MITA-1001701-1-scaled.webp\" data-src=\"https:\/\/cdn.conradpuntademita.com\/wp-content\/uploads\/2022\/05\/04042219\/CONRAD-PUNTA-DE-MITA-1001701-1-scaled.webp\" data-srcset=\"https:\/\/cdn.conradpuntademita.com\/wp-content\/uploads\/2022\/05\/04042219\/CONRAD-PUNTA-DE-MITA-1001701-1-scaled.webp 2x\" alt=\"Habitaci\u00f3n frente al mar con piscina privada\">\n            <\/div>\n                <\/div>\n                <a href=\"https:\/\/visitingmedia.com\/tt8\/?ttid=conrad-punta-de-mita#\/360?group=3&#038;tour=6\" class=\"loop-room__matterport btn btn-3d\" target=\"_blank\" title=\"Ver en 3D\" rel=\"noopener noreferrer\">\n            Ver en 3D\n        <\/a>\n                                <span class=\"loop-room__size\">1,960 pies cuadrados<\/span>\n            <\/div>\n        <div class=\"loop-room__content\">\n        <div class=\"loop-room__text\">\n            <h3 class=\"loop-room__title\">Premier Suite frente a la playa con cama King y piscina privada<\/h3>\n            <div class=\"loop-room__excerpt excerpt\">Esta suite de 1960 pies cuadrados cuenta con un gran patio privado, una cama King y un sof\u00e1 seccional, una ducha independiente, una ba\u00f1era profunda y m\u00e1s.<\/div>\n\n        <\/div>\n        <div class=\"button-groups\">\n    \n        <a href=\"https:\/\/www.hilton.com\/es\/book\/reservation\/rooms\/?ctyhocn=PVRPMCI&#038;roomTypeCode=K1SFU1&#038;_gl=1*189hwew*_gcl_au*MTc5MzIyMzE3MS4xNzczOTM4MTk5\" class=\"btn btn-amentities bold\" target=\"_blank\" rel=\"noopener noreferrer\">\n        Reservar habitaci\u00f3n    <\/a>\n        <a class=\"btn btn-amentities btn-outline\" href=\"https:\/\/www.conradpuntademita.com\/es\/habitaciones\/frente-al-mar-suite-premier-cama-king\/\" data-id=\"407\">Ver Servicios<\/a>\n<\/div>\n    <\/div>\n<\/div>\n<div class=\"loop-room\">\n        <div class=\"loop-room__slider\">\n        <div class=\"loop-room__slides\">\n                    <div class=\"loop-room__slide gradient-overlay\">\n            <img decoding=\"async\" class=\"lazyload\" src=\"https:\/\/cdn.conradpuntademita.com\/wp-content\/uploads\/2022\/05\/13121208\/GRAND-OCEANFRONT-SUITE-3-2-560x340.webp\" data-src=\"https:\/\/cdn.conradpuntademita.com\/wp-content\/uploads\/2022\/05\/13121208\/GRAND-OCEANFRONT-SUITE-3-2-560x340.webp\" data-srcset=\"https:\/\/cdn.conradpuntademita.com\/wp-content\/uploads\/2022\/05\/13121208\/GRAND-OCEANFRONT-SUITE-3-2-e1653512103185.webp 2x\" alt=\"Un sof\u00e1 de balc\u00f3n de habitaci\u00f3n de hotel y piscina con vista al r\u00edo\">\n            <\/div>\n                <\/div>\n                <a href=\"https:\/\/visitingmedia.com\/tt8\/?ttid=conrad-punta-de-mita#\/360?group=3&#038;tour=0\" class=\"loop-room__matterport btn btn-3d\" target=\"_blank\" title=\"Ver en 3D\" rel=\"noopener noreferrer\">\n            Ver en 3D\n        <\/a>\n                                <span class=\"loop-room__size\">2,525 pies cuadrados<\/span>\n            <\/div>\n        <div class=\"loop-room__content\">\n        <div class=\"loop-room__text\">\n            <h3 class=\"loop-room__title\">Grand Suite frente a la playa con cama King y piscina privada<\/h3>\n            <div class=\"loop-room__excerpt excerpt\">Conoce nuestra Grand Suite con cama tama\u00f1o King, terraza con alberca privada, transporte privado y m\u00e1s. Descubre nuestro servicio inigualable.<\/div>\n\n        <\/div>\n        <div class=\"button-groups\">\n    \n        <a href=\"https:\/\/www.hilton.com\/es\/book\/reservation\/rooms\/?ctyhocn=PVRPMCI&#038;roomTypeCode=K1ZFU1&#038;_gl=1*1kmc4u1*_gcl_au*MTc5MzIyMzE3MS4xNzczOTM4MTk5\" class=\"btn btn-amentities bold\" target=\"_blank\" rel=\"noopener noreferrer\">\n        Reservar habitaci\u00f3n    <\/a>\n        <a class=\"btn btn-amentities btn-outline\" href=\"https:\/\/www.conradpuntademita.com\/es\/habitaciones\/frente-a-la-playa-grand-piscina-alberca-suite-cama-king\/\" data-id=\"405\">Ver Servicios<\/a>\n<\/div>\n    <\/div>\n<\/div>\n\t<\/div>\n<\/div>\n<\/section>\n\n<link rel=\"stylesheet\" href=\"https:\/\/www.conradpuntademita.com\/wp-content\/themes\/conrad-ptm\/css\/rooms.css\"\/>\n\n<section id=\"suites\" class=\"rooms-carousel\">\n<div class=\"room-carousel body-wrapper\">\n\t\t\t<div class=\"room-carousel__images\">\n\t\t\t\t\t<div class=\"room-carousel__image gradient-overlay\">\n\t\t\t<img decoding=\"async\" class=\"lazyload\" src=\"https:\/\/cdn.conradpuntademita.com\/wp-content\/uploads\/2022\/05\/13121803\/CONRAD-PUNTA-DE-MITA-King-Suite-Ocean-Front-1-min-1200x640.webp\" data-src=\"https:\/\/cdn.conradpuntademita.com\/wp-content\/uploads\/2022\/05\/13121803\/CONRAD-PUNTA-DE-MITA-King-Suite-Ocean-Front-1-min-1200x640.webp\" data-srcset=\"https:\/\/cdn.conradpuntademita.com\/wp-content\/uploads\/2022\/05\/13121803\/CONRAD-PUNTA-DE-MITA-King-Suite-Ocean-Front-1-min.jpg 2x\" alt=\"Una habitaci\u00f3n de hotel con sof\u00e1, mesa, l\u00e1mparas y pintura con vista al r\u00edo con balc\u00f3n\">\n\t\t\t<\/div>\n\t\t\t\t\t<div class=\"room-carousel__image gradient-overlay\">\n\t\t\t<img decoding=\"async\" class=\"lazyload\" src=\"https:\/\/cdn.conradpuntademita.com\/wp-content\/uploads\/2022\/05\/13121027\/PENTHOUSE-OCEAN-VIEW-SUITE-5-2-1440x640.webp\" data-src=\"https:\/\/cdn.conradpuntademita.com\/wp-content\/uploads\/2022\/05\/13121027\/PENTHOUSE-OCEAN-VIEW-SUITE-5-2-1440x640.webp\" data-srcset=\"https:\/\/cdn.conradpuntademita.com\/wp-content\/uploads\/2022\/05\/13121027\/PENTHOUSE-OCEAN-VIEW-SUITE-5-2-2861x1280.jpg 2x\" alt=\"Un balc\u00f3n de la habitaci\u00f3n del hotel con sillas, dos camas de piscina con vista al r\u00edo\">\n\t\t\t<\/div>\n\t\t\t\t\t<div class=\"room-carousel__image gradient-overlay\">\n\t\t\t<img decoding=\"async\" class=\"lazyload\" src=\"https:\/\/cdn.conradpuntademita.com\/wp-content\/uploads\/2022\/05\/04045821\/TWO-BEDROOM-PARTIAL-OCEAN-VIEW-SUITE-WITH-KITCHEN-3303x2202-1-1440x640.webp\" data-src=\"https:\/\/cdn.conradpuntademita.com\/wp-content\/uploads\/2022\/05\/04045821\/TWO-BEDROOM-PARTIAL-OCEAN-VIEW-SUITE-WITH-KITCHEN-3303x2202-1-1440x640.webp\" data-srcset=\"https:\/\/cdn.conradpuntademita.com\/wp-content\/uploads\/2022\/05\/04045821\/TWO-BEDROOM-PARTIAL-OCEAN-VIEW-SUITE-WITH-KITCHEN-3303x2202-1-2880x1280.jpg 2x\" alt=\"Sala de estar moderna con sof\u00e1s neutros, detalles en azul, ventilador de techo y fondo de cocina abierta.\">\n\t\t\t<\/div>\n\t\t\t\t<\/div>\n\t\t\t<div class=\"room-carousel__content\">\n\t\t<div class=\"room-carousel__info\">\n\t\t\t\t\t<h2 class=\"room-carousel__heading heading2 btn-toggle-slider\">Suites y residencias<\/h2>\n\t\t\t\t\t\t\t<p class=\"room-carousel__tags\">TRASLADOS DE LUJO \u2022 DESAYUNO DIARIO \u2022 AMPLIO BALC\u00d3N \u2022 SALA DE ESTAR<\/p>\n\t\t\t\t<\/div>\n\t\t<div class=\"button-groups button-groups--desktop\">\n\t\t\t\t\t\t<\/div>\n\n\t\t<div class=\"button-groups button-groups--mobile\">\n\t\t\t\t\t\t<\/div>\n\t<\/div>\n<\/div>\n\n<div class=\"room-slider__wrapper preopened body-wrapper\" style=\"display:block\">\n\t<div class=\"room-slider\">\n\t\t<div class=\"loop-room\">\n        <div class=\"loop-room__slider\">\n        <div class=\"loop-room__slides\">\n                    <div class=\"loop-room__slide gradient-overlay\">\n            <img decoding=\"async\" class=\"lazyload\" src=\"https:\/\/cdn.conradpuntademita.com\/wp-content\/uploads\/2022\/05\/23021801\/KING-PARTIAL-OCEAN-VIEW-SUITE-2560-560x340.webp\" data-src=\"https:\/\/cdn.conradpuntademita.com\/wp-content\/uploads\/2022\/05\/23021801\/KING-PARTIAL-OCEAN-VIEW-SUITE-2560-560x340.webp\" data-srcset=\"https:\/\/cdn.conradpuntademita.com\/wp-content\/uploads\/2022\/05\/23021801\/KING-PARTIAL-OCEAN-VIEW-SUITE-2560-1120x680.jpg 2x\" alt=\"Habitaci\u00f3n privada con piscina y vista al mar\">\n            <\/div>\n                <\/div>\n                <a href=\"https:\/\/visitingmedia.com\/tt8\/?ttid=conrad-punta-de-mita#\/360?group=3&#038;tour=14\" class=\"loop-room__matterport btn btn-3d\" target=\"_blank\" title=\"Ver en 3D\" rel=\"noopener noreferrer\">\n            Ver en 3D\n        <\/a>\n                                <span class=\"loop-room__size\">1,460 pies cuadrados<\/span>\n            <\/div>\n        <div class=\"loop-room__content\">\n        <div class=\"loop-room__text\">\n            <h3 class=\"loop-room__title\">Signature Suite con vista parcial al mar y cama King<\/h3>\n            <div class=\"loop-room__excerpt excerpt\">Disfruta de esta Suite con cama tama\u00f1o King, sof\u00e1 cama, ducha con mampara, balc\u00f3n privado, sala de estar, alberca privada y m\u00e1s. Conoce m\u00e1s y reserva hoy.<\/div>\n\n        <\/div>\n        <div class=\"button-groups\">\n    \n        <a href=\"https:\/\/www.hilton.com\/es\/book\/reservation\/rooms\/?ctyhocn=PVRPMCI&#038;roomTypeCode=K1RPU1&#038;_gl=1*108il00*_gcl_au*MTc5MzIyMzE3MS4xNzczOTM4MTk5\" class=\"btn btn-amentities bold\" target=\"_blank\" rel=\"noopener noreferrer\">\n        Reservar habitaci\u00f3n    <\/a>\n        <a class=\"btn btn-amentities btn-outline\" href=\"https:\/\/www.conradpuntademita.com\/es\/habitaciones\/vista-parcial-al-mar-suite-signature-cama-king\/\" data-id=\"415\">Ver Servicios<\/a>\n<\/div>\n    <\/div>\n<\/div>\n<div class=\"loop-room\">\n        <div class=\"loop-room__slider\">\n        <div class=\"loop-room__slides\">\n                    <div class=\"loop-room__slide gradient-overlay\">\n            <img decoding=\"async\" class=\"lazyload\" src=\"https:\/\/cdn.conradpuntademita.com\/wp-content\/uploads\/2022\/05\/04040644\/CONRAD-PUNTA-DE-MITA-10031690-scaled.webp\" data-src=\"https:\/\/cdn.conradpuntademita.com\/wp-content\/uploads\/2022\/05\/04040644\/CONRAD-PUNTA-DE-MITA-10031690-scaled.webp\" data-srcset=\"https:\/\/cdn.conradpuntademita.com\/wp-content\/uploads\/2022\/05\/04040644\/CONRAD-PUNTA-DE-MITA-10031690-scaled.webp 2x\" alt=\"Sof\u00e1 rayado con TV e impresionantes vistas al Oc\u00e9ano\">\n            <\/div>\n                <\/div>\n                <a href=\"https:\/\/visitingmedia.com\/tt8\/?ttid=conrad-punta-de-mita#\/360?group=3&#038;tour=17\" class=\"loop-room__matterport btn btn-3d\" target=\"_blank\" title=\"Ver en 3D\" rel=\"noopener noreferrer\">\n            Ver en 3D\n        <\/a>\n                                <span class=\"loop-room__size\">1,735 pies cuadrados<\/span>\n            <\/div>\n        <div class=\"loop-room__content\">\n        <div class=\"loop-room__text\">\n            <h3 class=\"loop-room__title\">Superior Suite con vista al mar y cama King<\/h3>\n            <div class=\"loop-room__excerpt excerpt\">Con muebles modernos y toques locales, esta espaciosa suite ofrece un amplio balc\u00f3n y vistas.<\/div>\n\n        <\/div>\n        <div class=\"button-groups\">\n    \n        <a href=\"https:\/\/www.hilton.com\/es\/book\/reservation\/rooms\/?ctyhocn=PVRPMCI&#038;roomTypeCode=K1SOU1&#038;_gl=1*1lk34qf*_gcl_au*MTc5MzIyMzE3MS4xNzczOTM4MTk5\" class=\"btn btn-amentities bold\" target=\"_blank\" rel=\"noopener noreferrer\">\n        Reservar habitaci\u00f3n    <\/a>\n        <a class=\"btn btn-amentities btn-outline\" href=\"https:\/\/www.conradpuntademita.com\/es\/habitaciones\/vista-al-mar-exclusiva-suite-cama-king\/\" data-id=\"414\">Ver Servicios<\/a>\n<\/div>\n    <\/div>\n<\/div>\n<div class=\"loop-room\">\n        <div class=\"loop-room__slider\">\n        <div class=\"loop-room__slides\">\n                    <div class=\"loop-room__slide gradient-overlay\">\n            <img decoding=\"async\" class=\"lazyload\" src=\"https:\/\/cdn.conradpuntademita.com\/wp-content\/uploads\/2022\/05\/13121059\/CONRAD-PUNTA-DE-MITA-King-Suite-Ocean-Front-560x340.webp\" data-src=\"https:\/\/cdn.conradpuntademita.com\/wp-content\/uploads\/2022\/05\/13121059\/CONRAD-PUNTA-DE-MITA-King-Suite-Ocean-Front-560x340.webp\" data-srcset=\"https:\/\/cdn.conradpuntademita.com\/wp-content\/uploads\/2022\/05\/13121059\/CONRAD-PUNTA-DE-MITA-King-Suite-Ocean-Front-1120x680.jpg 2x\" alt=\"Un balc\u00f3n de la habitaci\u00f3n del hotel con piscina y vistas al r\u00edo.\">\n            <\/div>\n                <\/div>\n                <a href=\"https:\/\/visitingmedia.com\/tt8\/?ttid=conrad-punta-de-mita#\/3d-model\/2\/8\" class=\"loop-room__matterport btn btn-3d\" target=\"_blank\" title=\"Ver en 3D\" rel=\"noopener noreferrer\">\n            Ver en 3D\n        <\/a>\n                                <span class=\"loop-room__size\">1,460 pies cuadrados<\/span>\n            <\/div>\n        <div class=\"loop-room__content\">\n        <div class=\"loop-room__text\">\n            <h3 class=\"loop-room__title\">Signature Suite frente a la playa con cama King<\/h3>\n            <div class=\"loop-room__excerpt excerpt\">Las caracter\u00edsticas modernas realzan la belleza natural de un gran balc\u00f3n y una piscina privada, mientras que un conserje personal se anticipa a sus necesidades.<\/div>\n\n        <\/div>\n        <div class=\"button-groups\">\n    \n        <a href=\"https:\/\/www.hilton.com\/es\/book\/reservation\/rooms\/?ctyhocn=PVRPMCI&#038;roomTypeCode=K1RFU1&#038;_gl=1*bcjfm6*_gcl_au*MTc5MzIyMzE3MS4xNzczOTM4MTk5\" class=\"btn btn-amentities bold\" target=\"_blank\" rel=\"noopener noreferrer\">\n        Reservar habitaci\u00f3n    <\/a>\n        <a class=\"btn btn-amentities btn-outline\" href=\"https:\/\/www.conradpuntademita.com\/es\/habitaciones\/frente-al-mar-suite-firma-cama-king\/\" data-id=\"413\">Ver Servicios<\/a>\n<\/div>\n    <\/div>\n<\/div>\n<div class=\"loop-room\">\n        <div class=\"loop-room__slider\">\n        <div class=\"loop-room__slides\">\n                    <div class=\"loop-room__slide gradient-overlay\">\n            <img decoding=\"async\" class=\"lazyload\" src=\"https:\/\/cdn.conradpuntademita.com\/wp-content\/uploads\/2022\/05\/04040059\/SUPERIOR-KING-PARTIAL-OCEAN-VIEW-scaled.webp\" data-src=\"https:\/\/cdn.conradpuntademita.com\/wp-content\/uploads\/2022\/05\/04040059\/SUPERIOR-KING-PARTIAL-OCEAN-VIEW-scaled.webp\" data-srcset=\"https:\/\/cdn.conradpuntademita.com\/wp-content\/uploads\/2022\/05\/04040059\/SUPERIOR-KING-PARTIAL-OCEAN-VIEW-scaled.webp 2x\" alt=\"Habitaci\u00f3n con sal\u00f3n, cama en s\u00e1banas blancas e impresionantes vistas\">\n            <\/div>\n                <\/div>\n                <a href=\"https:\/\/visitingmedia.com\/tt8\/?ttid=conrad-punta-de-mita#\/3d-model\/2\/7\" class=\"loop-room__matterport btn btn-3d\" target=\"_blank\" title=\"Ver en 3D\" rel=\"noopener noreferrer\">\n            Ver en 3D\n        <\/a>\n                                <span class=\"loop-room__size\">1,735 pies cuadrados<\/span>\n            <\/div>\n        <div class=\"loop-room__content\">\n        <div class=\"loop-room__text\">\n            <h3 class=\"loop-room__title\">Superior Suite con Vista Parcial al Mar y Cama King<\/h3>\n            <div class=\"loop-room__excerpt excerpt\">Disfrute de una amplia sala de estar, un gran patio para reunirse y un generoso ba\u00f1o con una profunda ba\u00f1era.<\/div>\n\n        <\/div>\n        <div class=\"button-groups\">\n    \n        <a href=\"https:\/\/www.hilton.com\/es\/book\/reservation\/rooms\/?ctyhocn=PVRPMCI&#038;roomTypeCode=K1SPU1&#038;_gl=1*ikzxat*_gcl_au*MTc5MzIyMzE3MS4xNzczOTM4MTk5\" class=\"btn btn-amentities bold\" target=\"_blank\" rel=\"noopener noreferrer\">\n        Reservar habitaci\u00f3n    <\/a>\n        <a class=\"btn btn-amentities btn-outline\" href=\"https:\/\/www.conradpuntademita.com\/es\/habitaciones\/vista-parcial-al-mar-superior-suite-cama-king\/\" data-id=\"412\">Ver Servicios<\/a>\n<\/div>\n    <\/div>\n<\/div>\n<div class=\"loop-room\">\n        <div class=\"loop-room__slider\">\n        <div class=\"loop-room__slides\">\n                    <div class=\"loop-room__slide gradient-overlay\">\n            <img decoding=\"async\" class=\"lazyload\" src=\"https:\/\/cdn.conradpuntademita.com\/wp-content\/uploads\/2022\/05\/04063028\/CONRAD-PUNTA-DE-MITA-0930148-560x340.webp\" data-src=\"https:\/\/cdn.conradpuntademita.com\/wp-content\/uploads\/2022\/05\/04063028\/CONRAD-PUNTA-DE-MITA-0930148-560x340.webp\" data-srcset=\"https:\/\/cdn.conradpuntademita.com\/wp-content\/uploads\/2022\/05\/04063028\/CONRAD-PUNTA-DE-MITA-0930148-1120x680.jpg 2x\" alt=\"Sala con excelente vista a Punta de Mita\">\n            <\/div>\n                <\/div>\n                <a href=\"https:\/\/visitingmedia.com\/tt8\/?ttid=conrad-punta-de-mita#\/360?group=3&#038;tour=18\" class=\"loop-room__matterport btn btn-3d\" target=\"_blank\" title=\"Ver en 3D\" rel=\"noopener noreferrer\">\n            Ver en 3D\n        <\/a>\n                                <span class=\"loop-room__size\">1,460 pies cuadrados<\/span>\n            <\/div>\n        <div class=\"loop-room__content\">\n        <div class=\"loop-room__text\">\n            <h3 class=\"loop-room__title\">Superior Suite con vista al mar y cama King<\/h3>\n            <div class=\"loop-room__excerpt excerpt\">Con vistas v\u00edrgenes al oc\u00e9ano y un balc\u00f3n privado con piscina de inmersi\u00f3n.<\/div>\n\n        <\/div>\n        <div class=\"button-groups\">\n    \n        <a href=\"https:\/\/www.hilton.com\/es\/book\/reservation\/rooms\/?ctyhocn=PVRPMCI&#038;roomTypeCode=K1ROU1&#038;_gl=1*1r6yga7*_gcl_au*MTc5MzIyMzE3MS4xNzczOTM4MTk5\" class=\"btn btn-amentities bold\" target=\"_blank\" rel=\"noopener noreferrer\">\n        Reservar habitaci\u00f3n    <\/a>\n        <a class=\"btn btn-amentities btn-outline\" href=\"https:\/\/www.conradpuntademita.com\/es\/habitaciones\/vista-mar-superior-suite-cama-king\/\" data-id=\"411\">Ver Servicios<\/a>\n<\/div>\n    <\/div>\n<\/div>\n<div class=\"loop-room\">\n        <div class=\"loop-room__slider\">\n        <div class=\"loop-room__slides\">\n                    <div class=\"loop-room__slide gradient-overlay\">\n            <img decoding=\"async\" class=\"lazyload\" src=\"https:\/\/cdn.conradpuntademita.com\/wp-content\/uploads\/2022\/05\/04043558\/CONRAD-PUNTA-DE-MITA-10021164-scaled.webp\" data-src=\"https:\/\/cdn.conradpuntademita.com\/wp-content\/uploads\/2022\/05\/04043558\/CONRAD-PUNTA-DE-MITA-10021164-scaled.webp\" data-srcset=\"https:\/\/cdn.conradpuntademita.com\/wp-content\/uploads\/2022\/05\/04043558\/CONRAD-PUNTA-DE-MITA-10021164-scaled.webp 2x\" alt=\"Cocina con mesa, microondas y nevera.\">\n            <\/div>\n                <\/div>\n                <a href=\"https:\/\/visitingmedia.com\/tt8\/?ttid=conrad-punta-de-mita#\/360?group=3&#038;tour=8\" class=\"loop-room__matterport btn btn-3d\" target=\"_blank\" title=\"Ver en 3D\" rel=\"noopener noreferrer\">\n            Ver en 3D\n        <\/a>\n                                <span class=\"loop-room__size\">1,735 pies cuadrados<\/span>\n            <\/div>\n        <div class=\"loop-room__content\">\n        <div class=\"loop-room__text\">\n            <h3 class=\"loop-room__title\">Residence Suite de dos dormitorios con vista al mar y cocina<\/h3>\n            <div class=\"loop-room__excerpt excerpt\">Nuestra Suite Residencia de 2 dormitorios con vistas al mar y cocina ofrece la oportunidad de crear su propia sensaci\u00f3n de hogar y aislamiento. Conoce m\u00e1s.<\/div>\n\n        <\/div>\n        <div class=\"button-groups\">\n    \n        <a href=\"https:\/\/www.hilton.com\/es\/book\/reservation\/rooms\/?ctyhocn=PVRPMCI&#038;roomTypeCode=K1OOU2&#038;_gl=1*nhchvd*_gcl_au*MTc5MzIyMzE3MS4xNzczOTM4MTk\" class=\"btn btn-amentities bold\" target=\"_blank\" rel=\"noopener noreferrer\">\n        Reservar habitaci\u00f3n    <\/a>\n        <a class=\"btn btn-amentities btn-outline\" href=\"https:\/\/www.conradpuntademita.com\/es\/habitaciones\/vista-al-mar-2-dormitorios-suite-con-cocina\/\" data-id=\"410\">Ver Servicios<\/a>\n<\/div>\n    <\/div>\n<\/div>\n<div class=\"loop-room\">\n        <div class=\"loop-room__slider\">\n        <div class=\"loop-room__slides\">\n                    <div class=\"loop-room__slide gradient-overlay\">\n            <img decoding=\"async\" class=\"lazyload\" src=\"https:\/\/cdn.conradpuntademita.com\/wp-content\/uploads\/2022\/05\/04045821\/TWO-BEDROOM-PARTIAL-OCEAN-VIEW-SUITE-WITH-KITCHEN-3303x2202-1-scaled-560x340.webp\" data-src=\"https:\/\/cdn.conradpuntademita.com\/wp-content\/uploads\/2022\/05\/04045821\/TWO-BEDROOM-PARTIAL-OCEAN-VIEW-SUITE-WITH-KITCHEN-3303x2202-1-scaled-560x340.webp\" data-srcset=\"https:\/\/cdn.conradpuntademita.com\/wp-content\/uploads\/2022\/05\/04045821\/TWO-BEDROOM-PARTIAL-OCEAN-VIEW-SUITE-WITH-KITCHEN-3303x2202-1-scaled-1120x680.jpg 2x\" alt=\"Sala de estar moderna con sof\u00e1s neutros, detalles en azul, ventilador de techo y fondo de cocina abierta.\">\n            <\/div>\n                <\/div>\n                <a href=\"https:\/\/visitingmedia.com\/tt8\/?ttid=conrad-punta-de-mita#\/360?group=3&#038;tour=10\" class=\"loop-room__matterport btn btn-3d\" target=\"_blank\" title=\"Ver en 3D\" rel=\"noopener noreferrer\">\n            Ver en 3D\n        <\/a>\n                                <span class=\"loop-room__size\">1,735 pies cuadrados<\/span>\n            <\/div>\n        <div class=\"loop-room__content\">\n        <div class=\"loop-room__text\">\n            <h3 class=\"loop-room__title\">Residence Suite de dos dormitorios con vista parcial al mar y cocina<\/h3>\n            <div class=\"loop-room__excerpt excerpt\">Dise\u00f1ada para familias o entretenimiento, esta espaciosa suite cuenta con todas las comodidades de una cocina completa con ba\u00f1os grandes, dos camas y m\u00e1s.<\/div>\n\n        <\/div>\n        <div class=\"button-groups\">\n    \n        <a href=\"https:\/\/www.hilton.com\/es\/book\/reservation\/rooms\/?ctyhocn=PVRPMCI&#038;roomTypeCode=K1OPU2&#038;_gl=1*159vz0c*_gcl_au*MTc5MzIyMzE3MS4xNzczOTM4MTk5\" class=\"btn btn-amentities bold\" target=\"_blank\" rel=\"noopener noreferrer\">\n        Reservar habitaci\u00f3n    <\/a>\n        <a class=\"btn btn-amentities btn-outline\" href=\"https:\/\/www.conradpuntademita.com\/es\/habitaciones\/suite-de-2-dormitorios-con-cocina-vista-parcial-al-mar-2\/\" data-id=\"409\">Ver Servicios<\/a>\n<\/div>\n    <\/div>\n<\/div>\n<div class=\"loop-room\">\n        <div class=\"loop-room__slider\">\n        <div class=\"loop-room__slides\">\n                    <div class=\"loop-room__slide gradient-overlay\">\n            <img decoding=\"async\" class=\"lazyload\" src=\"https:\/\/cdn.conradpuntademita.com\/wp-content\/uploads\/2022\/05\/04043505\/CONRAD-PUNTA-DE-MITA-10021095-scaled.webp\" data-src=\"https:\/\/cdn.conradpuntademita.com\/wp-content\/uploads\/2022\/05\/04043505\/CONRAD-PUNTA-DE-MITA-10021095-scaled.webp\" data-srcset=\"https:\/\/cdn.conradpuntademita.com\/wp-content\/uploads\/2022\/05\/04043505\/CONRAD-PUNTA-DE-MITA-10021095-scaled.webp 2x\" alt=\"Sal\u00f3n con sof\u00e1 y terraza con impresionantes vistas\">\n            <\/div>\n                <\/div>\n                <a href=\"https:\/\/visitingmedia.com\/tt8\/?ttid=conrad-punta-de-mita#\/3d-model\/2\/5\" class=\"loop-room__matterport btn btn-3d\" target=\"_blank\" title=\"Ver en 3D\" rel=\"noopener noreferrer\">\n            Ver en 3D\n        <\/a>\n                                <span class=\"loop-room__size\">1,735 pies cuadrados<\/span>\n            <\/div>\n        <div class=\"loop-room__content\">\n        <div class=\"loop-room__text\">\n            <h3 class=\"loop-room__title\">Suite de dos dormitorios con vista al mar<\/h3>\n            <div class=\"loop-room__excerpt excerpt\">Dise\u00f1ada para familias o eventos, esta amplia suite cuenta con servicios de conserje personal, ba\u00f1os grandes y dos habitaciones.<\/div>\n\n        <\/div>\n        <div class=\"button-groups\">\n    \n        <a href=\"https:\/\/www.hilton.com\/es\/book\/reservation\/rooms\/?ctyhocn=PVRPMCI&#038;roomTypeCode=K1SOU2&#038;_gl=1*159vz0c*_gcl_au*MTc5MzIyMzE3MS4xNzczOTM4MTk5\" class=\"btn btn-amentities bold\" target=\"_blank\" rel=\"noopener noreferrer\">\n        Reservar habitaci\u00f3n    <\/a>\n        <a class=\"btn btn-amentities btn-outline\" href=\"https:\/\/www.conradpuntademita.com\/es\/habitaciones\/suite-de-2-dormitorios-con-vista-al-mar\/\" data-id=\"408\">Ver Servicios<\/a>\n<\/div>\n    <\/div>\n<\/div>\n<div class=\"loop-room\">\n        <div class=\"loop-room__slider\">\n        <div class=\"loop-room__slides\">\n                    <div class=\"loop-room__slide gradient-overlay\">\n            <img decoding=\"async\" class=\"lazyload\" src=\"https:\/\/cdn.conradpuntademita.com\/wp-content\/uploads\/2022\/05\/04042219\/CONRAD-PUNTA-DE-MITA-1001701-1-scaled.webp\" data-src=\"https:\/\/cdn.conradpuntademita.com\/wp-content\/uploads\/2022\/05\/04042219\/CONRAD-PUNTA-DE-MITA-1001701-1-scaled.webp\" data-srcset=\"https:\/\/cdn.conradpuntademita.com\/wp-content\/uploads\/2022\/05\/04042219\/CONRAD-PUNTA-DE-MITA-1001701-1-scaled.webp 2x\" alt=\"Habitaci\u00f3n frente al mar con piscina privada\">\n            <\/div>\n                <\/div>\n                <a href=\"https:\/\/visitingmedia.com\/tt8\/?ttid=conrad-punta-de-mita#\/360?group=3&#038;tour=6\" class=\"loop-room__matterport btn btn-3d\" target=\"_blank\" title=\"Ver en 3D\" rel=\"noopener noreferrer\">\n            Ver en 3D\n        <\/a>\n                                <span class=\"loop-room__size\">1,960 pies cuadrados<\/span>\n            <\/div>\n        <div class=\"loop-room__content\">\n        <div class=\"loop-room__text\">\n            <h3 class=\"loop-room__title\">Premier Suite frente a la playa con cama King y piscina privada<\/h3>\n            <div class=\"loop-room__excerpt excerpt\">Esta suite de 1960 pies cuadrados cuenta con un gran patio privado, una cama King y un sof\u00e1 seccional, una ducha independiente, una ba\u00f1era profunda y m\u00e1s.<\/div>\n\n        <\/div>\n        <div class=\"button-groups\">\n    \n        <a href=\"https:\/\/www.hilton.com\/es\/book\/reservation\/rooms\/?ctyhocn=PVRPMCI&#038;roomTypeCode=K1SFU1&#038;_gl=1*189hwew*_gcl_au*MTc5MzIyMzE3MS4xNzczOTM4MTk5\" class=\"btn btn-amentities bold\" target=\"_blank\" rel=\"noopener noreferrer\">\n        Reservar habitaci\u00f3n    <\/a>\n        <a class=\"btn btn-amentities btn-outline\" href=\"https:\/\/www.conradpuntademita.com\/es\/habitaciones\/frente-al-mar-suite-premier-cama-king\/\" data-id=\"407\">Ver Servicios<\/a>\n<\/div>\n    <\/div>\n<\/div>\n<div class=\"loop-room\">\n        <div class=\"loop-room__slider\">\n        <div class=\"loop-room__slides\">\n                    <div class=\"loop-room__slide gradient-overlay\">\n            <img decoding=\"async\" class=\"lazyload\" src=\"https:\/\/cdn.conradpuntademita.com\/wp-content\/uploads\/2022\/05\/13121027\/PENTHOUSE-OCEAN-VIEW-SUITE-5-2-560x340.webp\" data-src=\"https:\/\/cdn.conradpuntademita.com\/wp-content\/uploads\/2022\/05\/13121027\/PENTHOUSE-OCEAN-VIEW-SUITE-5-2-560x340.webp\" data-srcset=\"https:\/\/cdn.conradpuntademita.com\/wp-content\/uploads\/2022\/05\/13121027\/PENTHOUSE-OCEAN-VIEW-SUITE-5-2-1120x680.jpg 2x\" alt=\"Un balc\u00f3n de la habitaci\u00f3n del hotel con sillas, dos camas de piscina con vista al r\u00edo\">\n            <\/div>\n                <\/div>\n                <a href=\"https:\/\/visitingmedia.com\/tt8\/?ttid=conrad-punta-de-mita#\/360?group=3&#038;tour=3\" class=\"loop-room__matterport btn btn-3d\" target=\"_blank\" title=\"Ver en 3D\" rel=\"noopener noreferrer\">\n            Ver en 3D\n        <\/a>\n                                <span class=\"loop-room__size\">3,242 pies cuadrados<\/span>\n            <\/div>\n        <div class=\"loop-room__content\">\n        <div class=\"loop-room__text\">\n            <h3 class=\"loop-room__title\">Penthouse con vista al mar, cama King y piscina privada<\/h3>\n            <div class=\"loop-room__excerpt excerpt\">Esta lujosa suite de 3240 pies cuadrados cuenta con un patio privado al aire libre, alberca privada, sala de estar, comedor, una ba\u00f1era gran tama\u00f1o y m\u00e1s.<\/div>\n\n        <\/div>\n        <div class=\"button-groups\">\n    \n        <a href=\"https:\/\/www.hilton.com\/es\/book\/reservation\/rooms\/?ctyhocn=PVRPMCI&#038;roomTypeCode=K1ZOU1&#038;_gl=1*46ir02*_gcl_au*MTc5MzIyMzE3MS4xNzczOTM4MTk5\" class=\"btn btn-amentities bold\" target=\"_blank\" rel=\"noopener noreferrer\">\n        Reservar habitaci\u00f3n    <\/a>\n        <a class=\"btn btn-amentities btn-outline\" href=\"https:\/\/www.conradpuntademita.com\/es\/habitaciones\/vista-al-mar-penthouse-suite-cama-king\/\" data-id=\"406\">Ver Servicios<\/a>\n<\/div>\n    <\/div>\n<\/div>\n<div class=\"loop-room\">\n        <div class=\"loop-room__slider\">\n        <div class=\"loop-room__slides\">\n                    <div class=\"loop-room__slide gradient-overlay\">\n            <img decoding=\"async\" class=\"lazyload\" src=\"https:\/\/cdn.conradpuntademita.com\/wp-content\/uploads\/2022\/05\/13121208\/GRAND-OCEANFRONT-SUITE-3-2-560x340.webp\" data-src=\"https:\/\/cdn.conradpuntademita.com\/wp-content\/uploads\/2022\/05\/13121208\/GRAND-OCEANFRONT-SUITE-3-2-560x340.webp\" data-srcset=\"https:\/\/cdn.conradpuntademita.com\/wp-content\/uploads\/2022\/05\/13121208\/GRAND-OCEANFRONT-SUITE-3-2-e1653512103185.webp 2x\" alt=\"Un sof\u00e1 de balc\u00f3n de habitaci\u00f3n de hotel y piscina con vista al r\u00edo\">\n            <\/div>\n                <\/div>\n                <a href=\"https:\/\/visitingmedia.com\/tt8\/?ttid=conrad-punta-de-mita#\/360?group=3&#038;tour=0\" class=\"loop-room__matterport btn btn-3d\" target=\"_blank\" title=\"Ver en 3D\" rel=\"noopener noreferrer\">\n            Ver en 3D\n        <\/a>\n                                <span class=\"loop-room__size\">2,525 pies cuadrados<\/span>\n            <\/div>\n        <div class=\"loop-room__content\">\n        <div class=\"loop-room__text\">\n            <h3 class=\"loop-room__title\">Grand Suite frente a la playa con cama King y piscina privada<\/h3>\n            <div class=\"loop-room__excerpt excerpt\">Conoce nuestra Grand Suite con cama tama\u00f1o King, terraza con alberca privada, transporte privado y m\u00e1s. Descubre nuestro servicio inigualable.<\/div>\n\n        <\/div>\n        <div class=\"button-groups\">\n    \n        <a href=\"https:\/\/www.hilton.com\/es\/book\/reservation\/rooms\/?ctyhocn=PVRPMCI&#038;roomTypeCode=K1ZFU1&#038;_gl=1*1kmc4u1*_gcl_au*MTc5MzIyMzE3MS4xNzczOTM4MTk5\" class=\"btn btn-amentities bold\" target=\"_blank\" rel=\"noopener noreferrer\">\n        Reservar habitaci\u00f3n    <\/a>\n        <a class=\"btn btn-amentities btn-outline\" href=\"https:\/\/www.conradpuntademita.com\/es\/habitaciones\/frente-a-la-playa-grand-piscina-alberca-suite-cama-king\/\" data-id=\"405\">Ver Servicios<\/a>\n<\/div>\n    <\/div>\n<\/div>\n\t<\/div>\n<\/div>\n<\/section>\n\n<link rel=\"stylesheet\" href=\"https:\/\/www.conradpuntademita.com\/wp-content\/themes\/conrad-ptm\/css\/rooms.css\"\/>\n\n<section id=\"rooms\" class=\"rooms-carousel\">\n<div class=\"room-carousel body-wrapper\">\n\t\t\t<div class=\"room-carousel__images\">\n\t\t\t\t\t<div class=\"room-carousel__image gradient-overlay\">\n\t\t\t<img decoding=\"async\" class=\"lazyload\" src=\"https:\/\/cdn.conradpuntademita.com\/wp-content\/uploads\/2022\/05\/13121801\/KING-OCEAN-VIEW-ROOM-2-min-e1653517127894.webp\" data-src=\"https:\/\/cdn.conradpuntademita.com\/wp-content\/uploads\/2022\/05\/13121801\/KING-OCEAN-VIEW-ROOM-2-min-e1653517127894.webp\" data-srcset=\"https:\/\/cdn.conradpuntademita.com\/wp-content\/uploads\/2022\/05\/13121801\/KING-OCEAN-VIEW-ROOM-2-min-e1653517127894.webp 2x\" alt=\"Una habitaci\u00f3n de hotel con cama, tv, sof\u00e1 y silla.\">\n\t\t\t<\/div>\n\t\t\t\t\t<div class=\"room-carousel__image gradient-overlay\">\n\t\t\t<img decoding=\"async\" class=\"lazyload\" src=\"https:\/\/cdn.conradpuntademita.com\/wp-content\/uploads\/2022\/05\/13121752\/QUEEN-PARTIAL-OCEAN-VIEW-ROOM-min-e1653504879339.webp\" data-src=\"https:\/\/cdn.conradpuntademita.com\/wp-content\/uploads\/2022\/05\/13121752\/QUEEN-PARTIAL-OCEAN-VIEW-ROOM-min-e1653504879339.webp\" data-srcset=\"https:\/\/cdn.conradpuntademita.com\/wp-content\/uploads\/2022\/05\/13121752\/QUEEN-PARTIAL-OCEAN-VIEW-ROOM-min-e1653504879339.webp 2x\" alt=\"Una habitaci\u00f3n de hotel con dos camas, l\u00e1mparas y silla con vista al r\u00edo con balc\u00f3n\">\n\t\t\t<\/div>\n\t\t\t\t\t<div class=\"room-carousel__image gradient-overlay\">\n\t\t\t<img decoding=\"async\" class=\"lazyload\" src=\"https:\/\/cdn.conradpuntademita.com\/wp-content\/uploads\/2022\/04\/13121143\/KING-OCEAN-VIEW-ROOM-min-e1653510245818.webp\" data-src=\"https:\/\/cdn.conradpuntademita.com\/wp-content\/uploads\/2022\/04\/13121143\/KING-OCEAN-VIEW-ROOM-min-e1653510245818.webp\" data-srcset=\"https:\/\/cdn.conradpuntademita.com\/wp-content\/uploads\/2022\/04\/13121143\/KING-OCEAN-VIEW-ROOM-min-e1653510245818.webp 2x\" alt=\"Una habitaci\u00f3n de hotel con cama, tv, sof\u00e1 y silla con vista al r\u00edo con balc\u00f3n\">\n\t\t\t<\/div>\n\t\t\t\t<\/div>\n\t\t\t<div class=\"room-carousel__content\">\n\t\t<div class=\"room-carousel__info\">\n\t\t\t\t\t<h2 class=\"room-carousel__heading heading2 btn-toggle-slider\">Habitaciones<\/h2>\n\t\t\t\t\t\t\t<p class=\"room-carousel__tags\">BALC\u00d3N \u2022 AMPLIOS BA\u00d1OS<\/p>\n\t\t\t\t<\/div>\n\t\t<div class=\"button-groups button-groups--desktop\">\n\t\t\t\t\t\t<\/div>\n\n\t\t<div class=\"button-groups button-groups--mobile\">\n\t\t\t\t\t\t<\/div>\n\t<\/div>\n<\/div>\n\n<div class=\"room-slider__wrapper preopened body-wrapper\" style=\"display:block\">\n\t<div class=\"room-slider\">\n\t\t<div class=\"loop-room\">\n        <div class=\"loop-room__slider\">\n        <div class=\"loop-room__slides\">\n                    <div class=\"loop-room__slide gradient-overlay\">\n            <img decoding=\"async\" class=\"lazyload\" src=\"https:\/\/cdn.conradpuntademita.com\/wp-content\/uploads\/2022\/05\/04030632\/K1RF_2-scaled.webp\" data-src=\"https:\/\/cdn.conradpuntademita.com\/wp-content\/uploads\/2022\/05\/04030632\/K1RF_2-scaled.webp\" data-srcset=\"https:\/\/cdn.conradpuntademita.com\/wp-content\/uploads\/2022\/05\/04030632\/K1RF_2-scaled.webp 2x\" alt=\"Vistas desde la terraza de la habitaci\u00f3n con cama King\">\n            <\/div>\n                <\/div>\n                <a href=\"https:\/\/visitingmedia.com\/tt8\/?ttid=conrad-punta-de-mita#\/360?group=3&#038;tour=22\" class=\"loop-room__matterport btn btn-3d\" target=\"_blank\" title=\"Ver en 3D\" rel=\"noopener noreferrer\">\n            Ver en 3D\n        <\/a>\n                                <span class=\"loop-room__size\">705 pies cuadrados<\/span>\n            <\/div>\n        <div class=\"loop-room__content\">\n        <div class=\"loop-room__text\">\n            <h3 class=\"loop-room__title\">Habitaci\u00f3n frente a la playa con cama King<\/h3>\n            <div class=\"loop-room__excerpt excerpt\">Disfrute del balc\u00f3n privado amueblado para el entretenimiento y la sala de estar dise\u00f1ada para disfrutar de su oasis tropical.<\/div>\n\n        <\/div>\n        <div class=\"button-groups\">\n    \n        <a href=\"https:\/\/www.hilton.com\/es\/book\/reservation\/rooms\/?ctyhocn=PVRPMCI&#038;roomTypeCode=K1RF&#038;_gl=1*1472qdq*_gcl_au*MTM0NDk2MDUyMC4xNzczODk1MzI0\" class=\"btn btn-amentities bold\" target=\"_blank\" rel=\"noopener noreferrer\">\n        Reservar habitaci\u00f3n    <\/a>\n        <a class=\"btn btn-amentities btn-outline\" href=\"https:\/\/www.conradpuntademita.com\/es\/habitaciones\/frente-al-mar-habitacion-cama-king\/\" data-id=\"419\">Ver Servicios<\/a>\n<\/div>\n    <\/div>\n<\/div>\n<div class=\"loop-room\">\n        <div class=\"loop-room__slider\">\n        <div class=\"loop-room__slides\">\n                    <div class=\"loop-room__slide gradient-overlay\">\n            <img decoding=\"async\" class=\"lazyload\" src=\"https:\/\/cdn.conradpuntademita.com\/wp-content\/uploads\/2022\/05\/13120907\/QUEEN-OCEAN-VIEW-ROOM-1-560x340.webp\" data-src=\"https:\/\/cdn.conradpuntademita.com\/wp-content\/uploads\/2022\/05\/13120907\/QUEEN-OCEAN-VIEW-ROOM-1-560x340.webp\" data-srcset=\"https:\/\/cdn.conradpuntademita.com\/wp-content\/uploads\/2022\/05\/13120907\/QUEEN-OCEAN-VIEW-ROOM-1-e1653507777130.jpg 2x\" alt=\"Una habitaci\u00f3n de hotel con dos camas, l\u00e1mparas, tv y silla con vista al r\u00edo con balc\u00f3n\">\n            <\/div>\n                <\/div>\n                <a href=\"https:\/\/visitingmedia.com\/tt8\/?ttid=conrad-punta-de-mita#\/360?group=3&#038;tour=23\" class=\"loop-room__matterport btn btn-3d\" target=\"_blank\" title=\"Ver en 3D\" rel=\"noopener noreferrer\">\n            Ver en 3D\n        <\/a>\n                                <span class=\"loop-room__size\">705 pies cuadrados<\/span>\n            <\/div>\n        <div class=\"loop-room__content\">\n        <div class=\"loop-room__text\">\n            <h3 class=\"loop-room__title\">Habitaci\u00f3n con Vista al Mar y Dos Camas Queen<\/h3>\n            <div class=\"loop-room__excerpt excerpt\">Con toques modernos y dise\u00f1o local, disfrute de vistas v\u00edrgenes al mar desde su habitaci\u00f3n Ocean View.<\/div>\n\n        <\/div>\n        <div class=\"button-groups\">\n    \n        <a href=\"https:\/\/www.hilton.com\/es\/book\/reservation\/rooms\/?ctyhocn=PVRPMCI&#038;roomTypeCode=Q2RO&#038;_gl=1*jsqknb*_gcl_au*MTc5MzIyMzE3MS4xNzczOTM4MTk5\" class=\"btn btn-amentities bold\" target=\"_blank\" rel=\"noopener noreferrer\">\n        Reservar habitaci\u00f3n    <\/a>\n        <a class=\"btn btn-amentities btn-outline\" href=\"https:\/\/www.conradpuntademita.com\/es\/habitaciones\/habitacion-con-vista-al-mar-2-camas-queen\/\" data-id=\"417\">Ver Servicios<\/a>\n<\/div>\n    <\/div>\n<\/div>\n<div class=\"loop-room\">\n        <div class=\"loop-room__slider\">\n        <div class=\"loop-room__slides\">\n                    <div class=\"loop-room__slide gradient-overlay\">\n            <img decoding=\"async\" class=\"lazyload\" src=\"https:\/\/cdn.conradpuntademita.com\/wp-content\/uploads\/2022\/05\/13120902\/QUEEN-PARTIAL-OCEAN-VIEW-ROOM-2-scaled-e1652906321316-560x340.webp\" data-src=\"https:\/\/cdn.conradpuntademita.com\/wp-content\/uploads\/2022\/05\/13120902\/QUEEN-PARTIAL-OCEAN-VIEW-ROOM-2-scaled-e1652906321316-560x340.webp\" data-srcset=\"https:\/\/cdn.conradpuntademita.com\/wp-content\/uploads\/2022\/05\/13120902\/QUEEN-PARTIAL-OCEAN-VIEW-ROOM-2-scaled-e1652906321316-1120x680.jpg 2x\" alt=\"Una habitaci\u00f3n de hotel con dos camas, l\u00e1mparas, tv y silla con vista al r\u00edo con balc\u00f3n\">\n            <\/div>\n                <\/div>\n                <a href=\"https:\/\/visitingmedia.com\/tt8\/?ttid=conrad-punta-de-mita#\/360?group=3&#038;tour=24\" class=\"loop-room__matterport btn btn-3d\" target=\"_blank\" title=\"Ver en 3D\" rel=\"noopener noreferrer\">\n            Ver en 3D\n        <\/a>\n                                <span class=\"loop-room__size\">705 pies cuadrados<\/span>\n            <\/div>\n        <div class=\"loop-room__content\">\n        <div class=\"loop-room__text\">\n            <h3 class=\"loop-room__title\">Habitaci\u00f3n con vista tropical, 2 camas queen<\/h3>\n            <div class=\"loop-room__excerpt excerpt\">Con toques modernos entretejidos con la cultura y el dise\u00f1o local, rel\u00e1jese y descanse en su exuberante oasis.<\/div>\n\n        <\/div>\n        <div class=\"button-groups\">\n    \n        <a href=\"https:\/\/www.hilton.com\/es\/book\/reservation\/rooms\/?ctyhocn=PVRPMCI&#038;roomTypeCode=Q2RP&#038;_gl=1*1k9xe5h*_gcl_au*MTc5MzIyMzE3MS4xNzczOTM4MTk5\" class=\"btn btn-amentities bold\" target=\"_blank\" rel=\"noopener noreferrer\">\n        Reservar habitaci\u00f3n    <\/a>\n        <a class=\"btn btn-amentities btn-outline\" href=\"https:\/\/www.conradpuntademita.com\/es\/habitaciones\/habitacion-con-vista-parcial-al-mar-2-camas-queen\/\" data-id=\"418\">Ver Servicios<\/a>\n<\/div>\n    <\/div>\n<\/div>\n<div class=\"loop-room\">\n        <div class=\"loop-room__slider\">\n        <div class=\"loop-room__slides\">\n                    <div class=\"loop-room__slide gradient-overlay\">\n            <img decoding=\"async\" class=\"lazyload\" src=\"https:\/\/cdn.conradpuntademita.com\/wp-content\/uploads\/2022\/05\/04032248\/Q2RF_3-scaled.webp\" data-src=\"https:\/\/cdn.conradpuntademita.com\/wp-content\/uploads\/2022\/05\/04032248\/Q2RF_3-scaled.webp\" data-srcset=\"https:\/\/cdn.conradpuntademita.com\/wp-content\/uploads\/2022\/05\/04032248\/Q2RF_3-scaled.webp 2x\" alt=\"Terraza con jard\u00edn y vista al mar\">\n            <\/div>\n                <\/div>\n                <a href=\"https:\/\/visitingmedia.com\/tt8\/?ttid=conrad-punta-de-mita#\/360?group=3&#038;tour=21\" class=\"loop-room__matterport btn btn-3d\" target=\"_blank\" title=\"Ver en 3D\" rel=\"noopener noreferrer\">\n            Ver en 3D\n        <\/a>\n                                <span class=\"loop-room__size\">705 pies cuadrados<\/span>\n            <\/div>\n        <div class=\"loop-room__content\">\n        <div class=\"loop-room__text\">\n            <h3 class=\"loop-room__title\">Habitaci\u00f3n Frente al Mar con Dos Camas Queen<\/h3>\n            <div class=\"loop-room__excerpt excerpt\">Con vistas v\u00edrgenes, esta habitaci\u00f3n frente al mar lo sumerge en la belleza y la cultura de Punta de Mita.<\/div>\n\n        <\/div>\n        <div class=\"button-groups\">\n    \n        <a href=\"https:\/\/www.hilton.com\/es\/book\/reservation\/rooms\/?ctyhocn=PVRPMCI&#038;roomTypeCode=Q2RF&#038;_gl=1*1472qdq*_gcl_au*MTM0NDk2MDUyMC4xNzczODk1MzI0\" class=\"btn btn-amentities bold\" target=\"_blank\" rel=\"noopener noreferrer\">\n        Reservar habitaci\u00f3n    <\/a>\n        <a class=\"btn btn-amentities btn-outline\" href=\"https:\/\/www.conradpuntademita.com\/es\/habitaciones\/frente-al-mar-habitacion-2-camas-queen\/\" data-id=\"416\">Ver Servicios<\/a>\n<\/div>\n    <\/div>\n<\/div>\n<div class=\"loop-room\">\n        <div class=\"loop-room__slider\">\n        <div class=\"loop-room__slides\">\n                    <div class=\"loop-room__slide gradient-overlay\">\n            <img decoding=\"async\" class=\"lazyload\" src=\"https:\/\/cdn.conradpuntademita.com\/wp-content\/uploads\/2022\/05\/23054918\/CONRAD-PUNTA-DE-MITA-042901-2-2650-560x340.webp\" data-src=\"https:\/\/cdn.conradpuntademita.com\/wp-content\/uploads\/2022\/05\/23054918\/CONRAD-PUNTA-DE-MITA-042901-2-2650-560x340.webp\" data-srcset=\"https:\/\/cdn.conradpuntademita.com\/wp-content\/uploads\/2022\/05\/23054918\/CONRAD-PUNTA-DE-MITA-042901-2-2650-1120x680.jpg 2x\" alt=\"Habitaci\u00f3n King accesible para personas con discapacidad\">\n            <\/div>\n                <\/div>\n                <a href=\"https:\/\/visitingmedia.com\/tt8\/?ttid=conrad-punta-de-mita#\/360?group=3&#038;tour=26\" class=\"loop-room__matterport btn btn-3d\" target=\"_blank\" title=\"Ver en 3D\" rel=\"noopener noreferrer\">\n            Ver en 3D\n        <\/a>\n                                <span class=\"loop-room__size\">680 pies cuadrados<\/span>\n            <\/div>\n        <div class=\"loop-room__content\">\n        <div class=\"loop-room__text\">\n            <h3 class=\"loop-room__title\">Habitaci\u00f3n con cama King accesible para personas con movilidad limitada.<\/h3>\n            <div class=\"loop-room__excerpt excerpt\">Dise\u00f1ada para una comodidad espaciosa, nuestra cama King accesible para personas con movilidad reducida es un santuario entre el paisaje.<\/div>\n\n        <\/div>\n        <div class=\"button-groups\">\n    \n        <a href=\"https:\/\/www.hilton.com\/es\/book\/reservation\/rooms\/?ctyhocn=PVRPMCI&#038;roomTypeCode=K1RRD&#038;_gl=1*1p6xi2x*_gcl_au*MTc5MzIyMzE3MS4xNzczOTM4MTk5\" class=\"btn btn-amentities bold\" target=\"_blank\" rel=\"noopener noreferrer\">\n        Reservar habitaci\u00f3n    <\/a>\n        <a class=\"btn btn-amentities btn-outline\" href=\"https:\/\/www.conradpuntademita.com\/es\/habitaciones\/vista-parcial-al-mar-movilidad-accesible-cama-king-2\/\" data-id=\"404\">Ver Servicios<\/a>\n<\/div>\n    <\/div>\n<\/div>\n<div class=\"loop-room\">\n        <div class=\"loop-room__slider\">\n        <div class=\"loop-room__slides\">\n                    <div class=\"loop-room__slide gradient-overlay\">\n            <img decoding=\"async\" class=\"lazyload\" src=\"https:\/\/cdn.conradpuntademita.com\/wp-content\/uploads\/2022\/05\/23054918\/CONRAD-PUNTA-DE-MITA-042901-2-2650-560x340.webp\" data-src=\"https:\/\/cdn.conradpuntademita.com\/wp-content\/uploads\/2022\/05\/23054918\/CONRAD-PUNTA-DE-MITA-042901-2-2650-560x340.webp\" data-srcset=\"https:\/\/cdn.conradpuntademita.com\/wp-content\/uploads\/2022\/05\/23054918\/CONRAD-PUNTA-DE-MITA-042901-2-2650-1120x680.jpg 2x\" alt=\"Habitaci\u00f3n King accesible para personas con discapacidad\">\n            <\/div>\n                <\/div>\n                <a href=\"https:\/\/visitingmedia.com\/tt8\/?ttid=conrad-punta-de-mita#\/360?group=3&#038;tour=25\" class=\"loop-room__matterport btn btn-3d\" target=\"_blank\" title=\"Ver en 3D\" rel=\"noopener noreferrer\">\n            Ver en 3D\n        <\/a>\n                                <span class=\"loop-room__size\">705 pies cuadrados<\/span>\n            <\/div>\n        <div class=\"loop-room__content\">\n        <div class=\"loop-room__text\">\n            <h3 class=\"loop-room__title\">Dos Camas Queen Accesibles para Movilidad Limitada<\/h3>\n            <div class=\"loop-room__excerpt excerpt\">Nuestra habitaci\u00f3n accesible para personas con movilidad reducida con vista al mar ofrece comodidad, accesibilidad y vistas lujosas.<\/div>\n\n        <\/div>\n        <div class=\"button-groups\">\n    \n        <a href=\"https:\/\/www.hilton.com\/es\/book\/reservation\/rooms\/?ctyhocn=PVRPMCI&#038;roomTypeCode=Q2RRD&#038;_gl=1*ulkxsd*_gcl_au*MTc5MzIyMzE3MS4xNzczOTM4MTk5\" class=\"btn btn-amentities bold\" target=\"_blank\" rel=\"noopener noreferrer\">\n        Reservar habitaci\u00f3n    <\/a>\n        <a class=\"btn btn-amentities btn-outline\" href=\"https:\/\/www.conradpuntademita.com\/es\/habitaciones\/vista-al-mar-accesible-movilidad-2-cama-queen\/\" data-id=\"258\">Ver Servicios<\/a>\n<\/div>\n    <\/div>\n<\/div>\n<div class=\"loop-room\">\n        <div class=\"loop-room__slider\">\n        <div class=\"loop-room__slides\">\n                    <div class=\"loop-room__slide gradient-overlay\">\n            <img decoding=\"async\" class=\"lazyload\" src=\"https:\/\/cdn.conradpuntademita.com\/wp-content\/uploads\/2022\/04\/13121145\/KING-OCEAN-VIEW-ROOM-6-min-560x340.webp\" data-src=\"https:\/\/cdn.conradpuntademita.com\/wp-content\/uploads\/2022\/04\/13121145\/KING-OCEAN-VIEW-ROOM-6-min-560x340.webp\" data-srcset=\"https:\/\/cdn.conradpuntademita.com\/wp-content\/uploads\/2022\/04\/13121145\/KING-OCEAN-VIEW-ROOM-6-min-e1653517504361.webp 2x\" alt=\"Un balc\u00f3n con sof\u00e1, mesa y silla con vista al r\u00edo\">\n            <\/div>\n                <\/div>\n                <a href=\"https:\/\/visitingmedia.com\/tt8\/?ttid=conrad-punta-de-mita#\/3d-model\/2\/15\" class=\"loop-room__matterport btn btn-3d\" target=\"_blank\" title=\"Ver en 3D\" rel=\"noopener noreferrer\">\n            Ver en 3D\n        <\/a>\n                                <span class=\"loop-room__size\">650 pies cuadrados<\/span>\n            <\/div>\n        <div class=\"loop-room__content\">\n        <div class=\"loop-room__text\">\n            <h3 class=\"loop-room__title\">Habitaci\u00f3n con vista al mar y cama King<\/h3>\n            <div class=\"loop-room__excerpt excerpt\">Id\u00edlico y moderno con vistas al mar que transportan y puestas de sol impresionantes.<\/div>\n\n        <\/div>\n        <div class=\"button-groups\">\n    \n        <a href=\"https:\/\/www.hilton.com\/es\/book\/reservation\/rooms\/?ctyhocn=PVRPMCI&#038;roomTypeCode=K1RO&#038;_gl=1*11ir342*_gcl_au*MTc5MzIyMzE3MS4xNzczOTM4MTk5\" class=\"btn btn-amentities bold\" target=\"_blank\" rel=\"noopener noreferrer\">\n        Reservar habitaci\u00f3n    <\/a>\n        <a class=\"btn btn-amentities btn-outline\" href=\"https:\/\/www.conradpuntademita.com\/es\/habitaciones\/habitacion-con-vista-al-mar-cama-king\/\" data-id=\"259\">Ver Servicios<\/a>\n<\/div>\n    <\/div>\n<\/div>\n<div class=\"loop-room\">\n        <div class=\"loop-room__slider\">\n        <div class=\"loop-room__slides\">\n                    <div class=\"loop-room__slide gradient-overlay\">\n            <img decoding=\"async\" class=\"lazyload\" src=\"https:\/\/cdn.conradpuntademita.com\/wp-content\/uploads\/2022\/04\/13121130\/KING-PARTIAL-OCEAN-VIEW-ROOM-min-e1652899672194-560x340.webp\" data-src=\"https:\/\/cdn.conradpuntademita.com\/wp-content\/uploads\/2022\/04\/13121130\/KING-PARTIAL-OCEAN-VIEW-ROOM-min-e1652899672194-560x340.webp\" data-srcset=\"https:\/\/cdn.conradpuntademita.com\/wp-content\/uploads\/2022\/04\/13121130\/KING-PARTIAL-OCEAN-VIEW-ROOM-min-e1652899672194-1120x680.jpg 2x\" alt=\"Una habitaci\u00f3n de hotel con cama, l\u00e1mparas y silla con vista al r\u00edo con balc\u00f3n\">\n            <\/div>\n                <\/div>\n                <a href=\"https:\/\/visitingmedia.com\/tt8\/?ttid=conrad-punta-de-mita#\/360?group=3&#038;tour=27\" class=\"loop-room__matterport btn btn-3d\" target=\"_blank\" title=\"Ver en 3D\" rel=\"noopener noreferrer\">\n            Ver en 3D\n        <\/a>\n                                <span class=\"loop-room__size\">650 pies cuadrados<\/span>\n            <\/div>\n        <div class=\"loop-room__content\">\n        <div class=\"loop-room__text\">\n            <h3 class=\"loop-room__title\">Habitaci\u00f3n con vista tropical y cama king<\/h3>\n            <div class=\"loop-room__excerpt excerpt\">Dise\u00f1ada con acabados modernos y privacidad en mente, nuestra habitaci\u00f3n con vista tropical atrae el exterior hacia el interior.<\/div>\n\n        <\/div>\n        <div class=\"button-groups\">\n    \n        <a href=\"https:\/\/www.hilton.com\/es\/book\/reservation\/rooms\/?ctyhocn=PVRPMCI&#038;roomTypeCode=K1RP&#038;_gl=1*2yuycg*_gcl_au*MTc5MzIyMzE3MS4xNzczOTM4MTk5\" class=\"btn btn-amentities bold\" target=\"_blank\" rel=\"noopener noreferrer\">\n        Reservar habitaci\u00f3n    <\/a>\n        <a class=\"btn btn-amentities btn-outline\" href=\"https:\/\/www.conradpuntademita.com\/es\/habitaciones\/habitacion-con-vista-parcial-al-mar-cama-king\/\" data-id=\"255\">Ver Servicios<\/a>\n<\/div>\n    <\/div>\n<\/div>\n\t<\/div>\n<\/div>\n<\/section>\n\n<section id=\"two-columns-block_44433ceee1a6650d4da63f930ebd966e\" class=\"two-columns normal-wrapper\">\n  <div class=\"row\">\n          <div class=\"col col-left a-right content\">\n        <h2>Incluido en<br \/>\n<em>su estancia<\/em><\/h2>\n                      <\/div>\n              <div class=\"col col-right a-left content\">\n        <p><ul>\n<li style=\"font-weight: 400;\" aria-level=\"1\"><span style=\"font-weight: 400;\">TV de pantalla plana de 55 pulgadas en las habitaciones, TV de pantalla plana de 65 pulgadas en las suites<\/span><\/li>\n<li style=\"font-weight: 400;\" aria-level=\"1\"><span style=\"font-weight: 400;\">Cafetera Nespresso<\/span><\/li>\n<li style=\"font-weight: 400;\" aria-level=\"1\"><span style=\"font-weight: 400;\">Aire acondicionado<\/span><\/li>\n<li style=\"font-weight: 400;\" aria-level=\"1\"><span style=\"font-weight: 400;\">Wifi<\/span><\/li>\n<li style=\"font-weight: 400;\" aria-level=\"1\"><span style=\"font-weight: 400;\">Equipo para hacer t\u00e9<\/span><\/li>\n<\/ul>\n<\/p>\n      <\/div>\n      <\/div>\n<\/section>\n\n<section id=\"tab-slider-block_32fa696969afe42d96cbe548b5984862\" class=\"tab tab-slider body-wrapper\">\n  <div class=\"container\">\n          <div class=\"tab-links tab-slider__links\">\n        <div class=\"tab-slider__links-label\">Hospedaje<\/div>\n\n        <div class=\"tab-slider__links__select\">\n          <div class=\"tab-slider__links-wrapper\">\n                          <a href=\"#tab-slider-block_32fa696969afe42d96cbe548b59848621\" class=\"tab-link tab-slider__link active\">\n                Hospedaje              <\/a>\n                          <a href=\"#tab-slider-block_32fa696969afe42d96cbe548b59848622\" class=\"tab-link tab-slider__link\">\n                Codex              <\/a>\n                          <a href=\"#tab-slider-block_32fa696969afe42d96cbe548b59848623\" class=\"tab-link tab-slider__link\">\n                Mezquite              <\/a>\n                          <a href=\"#tab-slider-block_32fa696969afe42d96cbe548b59848624\" class=\"tab-link tab-slider__link\">\n                Conrad SPA              <\/a>\n                          <a href=\"#tab-slider-block_32fa696969afe42d96cbe548b59848625\" class=\"tab-link tab-slider__link\">\n                Experiencias              <\/a>\n                          <a href=\"#tab-slider-block_32fa696969afe42d96cbe548b59848626\" class=\"tab-link tab-slider__link\">\n                punta de mita              <\/a>\n                      <\/div>\n        <\/div>\n      <\/div>\n    \n          <div class=\"tab-contents tab-slider__contents\">\n                  <div class=\"tab-content tab-slider__content active\" id=\"tab-slider-block_32fa696969afe42d96cbe548b59848621\">\n                          <div class=\"slider\">\n                <div class=\"slides slides-images\">\n                                      <div class=\"slide\">\n                      <div class=\"slide-img\">\n                                                  <!-- <a href=\"https:\/\/cdn.conradpuntademita.com\/wp-content\/uploads\/2022\/05\/13120945\/CONRAD-PUNTA-DE-MITA-1001701.webp\" data-fancybox=\"gallery\" rel=\"tab-slider-block_32fa696969afe42d96cbe548b5984862\" data-caption=\"\"> -->\n                          <img decoding=\"async\" class=\"lazyload\" src=\"https:\/\/cdn.conradpuntademita.com\/wp-content\/uploads\/2022\/05\/13120945\/CONRAD-PUNTA-DE-MITA-1001701-1200x665.webp\" alt=\"Balc\u00f3n de una habitaci\u00f3n de hotel con sof\u00e1, dos camas de piscina y vista al r\u00edo\">\n                          <!-- <\/a> -->\n                                                                      <\/div>\n\n                      <div class=\"slide-content\">\n                                                                      <\/div>\n                    <\/div>\n                                      <div class=\"slide\">\n                      <div class=\"slide-img\">\n                                                  <!-- <a href=\"https:\/\/cdn.conradpuntademita.com\/wp-content\/uploads\/2022\/05\/13120909\/CONRAD-PUNTA-DE-MITA-10134148-e1652905702995.webp\" data-fancybox=\"gallery\" rel=\"tab-slider-block_32fa696969afe42d96cbe548b5984862\" data-caption=\"\"> -->\n                          <img decoding=\"async\" class=\"lazyload\" src=\"https:\/\/cdn.conradpuntademita.com\/wp-content\/uploads\/2022\/05\/13120909\/CONRAD-PUNTA-DE-MITA-10134148-1200x665.webp\" alt=\"Una habitaci\u00f3n de hotel con dos camas, l\u00e1mparas y silla con vista al r\u00edo con balc\u00f3n\">\n                          <!-- <\/a> -->\n                                                                      <\/div>\n\n                      <div class=\"slide-content\">\n                                                                      <\/div>\n                    <\/div>\n                                      <div class=\"slide\">\n                      <div class=\"slide-img\">\n                                                  <!-- <a href=\"https:\/\/cdn.conradpuntademita.com\/wp-content\/uploads\/2022\/05\/04032248\/Q2RF_3-scaled.webp\" data-fancybox=\"gallery\" rel=\"tab-slider-block_32fa696969afe42d96cbe548b5984862\" data-caption=\"\"> -->\n                          <img decoding=\"async\" class=\"lazyload\" src=\"https:\/\/cdn.conradpuntademita.com\/wp-content\/uploads\/2022\/05\/04032248\/Q2RF_3-scaled.webp\" alt=\"Terraza con jard\u00edn y vista al mar\">\n                          <!-- <\/a> -->\n                                                                      <\/div>\n\n                      <div class=\"slide-content\">\n                                                                      <\/div>\n                    <\/div>\n                                      <div class=\"slide\">\n                      <div class=\"slide-img\">\n                                                  <!-- <a href=\"https:\/\/cdn.conradpuntademita.com\/wp-content\/uploads\/2022\/05\/13121037\/PENTHOUSE-OCEAN-VIEW-SUITE-2-scaled.jpg\" data-fancybox=\"gallery\" rel=\"tab-slider-block_32fa696969afe42d96cbe548b5984862\" data-caption=\"\"> -->\n                          <img decoding=\"async\" class=\"lazyload\" src=\"https:\/\/cdn.conradpuntademita.com\/wp-content\/uploads\/2022\/05\/13121037\/PENTHOUSE-OCEAN-VIEW-SUITE-2-1209x665.webp\" alt=\"Una habitaci\u00f3n de hotel con sof\u00e1, mesa, l\u00e1mparas y pintura.\">\n                          <!-- <\/a> -->\n                                                                      <\/div>\n\n                      <div class=\"slide-content\">\n                                                                      <\/div>\n                    <\/div>\n                                      <div class=\"slide\">\n                      <div class=\"slide-img\">\n                                                  <!-- <a href=\"https:\/\/cdn.conradpuntademita.com\/wp-content\/uploads\/2022\/05\/13121027\/PENTHOUSE-OCEAN-VIEW-SUITE-5-2-scaled.jpg\" data-fancybox=\"gallery\" rel=\"tab-slider-block_32fa696969afe42d96cbe548b5984862\" data-caption=\"\"> -->\n                          <img decoding=\"async\" class=\"lazyload\" src=\"https:\/\/cdn.conradpuntademita.com\/wp-content\/uploads\/2022\/05\/13121027\/PENTHOUSE-OCEAN-VIEW-SUITE-5-2-1209x665.webp\" alt=\"Un balc\u00f3n de la habitaci\u00f3n del hotel con sillas, dos camas de piscina con vista al r\u00edo\">\n                          <!-- <\/a> -->\n                                                                      <\/div>\n\n                      <div class=\"slide-content\">\n                                                                      <\/div>\n                    <\/div>\n                                      <div class=\"slide\">\n                      <div class=\"slide-img\">\n                                                  <!-- <a href=\"https:\/\/cdn.conradpuntademita.com\/wp-content\/uploads\/2022\/05\/13120945\/CONRAD-PUNTA-DE-MITA-1001701.webp\" data-fancybox=\"gallery\" rel=\"tab-slider-block_32fa696969afe42d96cbe548b5984862\" data-caption=\"\"> -->\n                          <img decoding=\"async\" class=\"lazyload\" src=\"https:\/\/cdn.conradpuntademita.com\/wp-content\/uploads\/2022\/05\/13120945\/CONRAD-PUNTA-DE-MITA-1001701-1200x665.webp\" alt=\"Balc\u00f3n de una habitaci\u00f3n de hotel con sof\u00e1, dos camas de piscina y vista al r\u00edo\">\n                          <!-- <\/a> -->\n                                                                      <\/div>\n\n                      <div class=\"slide-content\">\n                                                                      <\/div>\n                    <\/div>\n                                      <div class=\"slide\">\n                      <div class=\"slide-img\">\n                                                  <!-- <a href=\"https:\/\/cdn.conradpuntademita.com\/wp-content\/uploads\/2022\/05\/13121059\/CONRAD-PUNTA-DE-MITA-King-Suite-Ocean-Front.webp\" data-fancybox=\"gallery\" rel=\"tab-slider-block_32fa696969afe42d96cbe548b5984862\" data-caption=\"\"> -->\n                          <img decoding=\"async\" class=\"lazyload\" src=\"https:\/\/cdn.conradpuntademita.com\/wp-content\/uploads\/2022\/05\/13121059\/CONRAD-PUNTA-DE-MITA-King-Suite-Ocean-Front-1200x665.webp\" alt=\"Un balc\u00f3n de la habitaci\u00f3n del hotel con piscina y vistas al r\u00edo.\">\n                          <!-- <\/a> -->\n                                                                      <\/div>\n\n                      <div class=\"slide-content\">\n                                                                      <\/div>\n                    <\/div>\n                                      <div class=\"slide\">\n                      <div class=\"slide-img\">\n                                                  <!-- <a href=\"https:\/\/cdn.conradpuntademita.com\/wp-content\/uploads\/2022\/05\/13121211\/CONRAD-PUNTA-DE-MITA-10083552.jpg\" data-fancybox=\"gallery\" rel=\"tab-slider-block_32fa696969afe42d96cbe548b5984862\" data-caption=\"\"> -->\n                          <img decoding=\"async\" class=\"lazyload\" src=\"https:\/\/cdn.conradpuntademita.com\/wp-content\/uploads\/2022\/05\/13121211\/CONRAD-PUNTA-DE-MITA-10083552-1200x665.webp\" alt=\"Una habitaci\u00f3n de hotel con sof\u00e1, mesa, tv, pintura y mesa de comedor.\">\n                          <!-- <\/a> -->\n                                                                      <\/div>\n\n                      <div class=\"slide-content\">\n                                                                      <\/div>\n                    <\/div>\n                                  <\/div>\n                \n              <\/div>\n                      <\/div>\n                  <div class=\"tab-content tab-slider__content\" id=\"tab-slider-block_32fa696969afe42d96cbe548b59848622\">\n                          <div class=\"slider\">\n                <div class=\"slides slides-images\">\n                                      <div class=\"slide\">\n                      <div class=\"slide-img\">\n                                                  <!-- <a href=\"https:\/\/cdn.conradpuntademita.com\/wp-content\/uploads\/2022\/05\/13120033\/ConradPuntaMita-Spherical-JoeThomas-022022-45.webp\" data-fancybox=\"gallery\" rel=\"tab-slider-block_32fa696969afe42d96cbe548b5984862\" data-caption=\"\"> -->\n                          <img decoding=\"async\" class=\"lazyload\" src=\"https:\/\/cdn.conradpuntademita.com\/wp-content\/uploads\/2022\/05\/13120033\/ConradPuntaMita-Spherical-JoeThomas-022022-45-1209x665.webp\" alt=\"Imagen del restaurante Codex desde el exterior con vista al jard\u00edn\">\n                          <!-- <\/a> -->\n                                                                      <\/div>\n\n                      <div class=\"slide-content\">\n                                                                      <\/div>\n                    <\/div>\n                                      <div class=\"slide\">\n                      <div class=\"slide-img\">\n                                                  <!-- <a href=\"https:\/\/cdn.conradpuntademita.com\/wp-content\/uploads\/2022\/05\/13120059\/codex-.jpg\" data-fancybox=\"gallery\" rel=\"tab-slider-block_32fa696969afe42d96cbe548b5984862\" data-caption=\"\"> -->\n                          <img decoding=\"async\" class=\"lazyload\" src=\"https:\/\/cdn.conradpuntademita.com\/wp-content\/uploads\/2022\/05\/13120059\/codex--1209x665.webp\" alt=\"Imagen del restaurante al aire libre con vista al jard\u00edn.\">\n                          <!-- <\/a> -->\n                                                                      <\/div>\n\n                      <div class=\"slide-content\">\n                                                                      <\/div>\n                    <\/div>\n                                      <div class=\"slide\">\n                      <div class=\"slide-img\">\n                                                  <!-- <a href=\"https:\/\/cdn.conradpuntademita.com\/wp-content\/uploads\/2022\/05\/13124420\/PVRPMCI_Codex-Sala.jpg\" data-fancybox=\"gallery\" rel=\"tab-slider-block_32fa696969afe42d96cbe548b5984862\" data-caption=\"\"> -->\n                          <img decoding=\"async\" class=\"lazyload\" src=\"https:\/\/cdn.conradpuntademita.com\/wp-content\/uploads\/2022\/05\/13124420\/PVRPMCI_Codex-Sala-1200x665.webp\" alt=\"Imagen del restaurante al aire libre con vistas al jard\u00edn y al mar.\">\n                          <!-- <\/a> -->\n                                                                      <\/div>\n\n                      <div class=\"slide-content\">\n                                                                      <\/div>\n                    <\/div>\n                                  <\/div>\n                \n              <\/div>\n                      <\/div>\n                  <div class=\"tab-content tab-slider__content\" id=\"tab-slider-block_32fa696969afe42d96cbe548b59848623\">\n                          <div class=\"slider\">\n                <div class=\"slides slides-images\">\n                                      <div class=\"slide\">\n                      <div class=\"slide-img\">\n                                                  <!-- <a href=\"https:\/\/cdn.conradpuntademita.com\/wp-content\/uploads\/2022\/05\/13120357\/PVRPMCI_Mezquite-Comidas-2-e1654005888999.jpg\" data-fancybox=\"gallery\" rel=\"tab-slider-block_32fa696969afe42d96cbe548b5984862\" data-caption=\"\"> -->\n                          <img decoding=\"async\" class=\"lazyload\" src=\"https:\/\/cdn.conradpuntademita.com\/wp-content\/uploads\/2022\/05\/13120357\/PVRPMCI_Mezquite-Comidas-2-1200x665.webp\" alt=\"Sala de estar con un mont\u00f3n de sillas y mesas en la playa.\">\n                          <!-- <\/a> -->\n                                                                      <\/div>\n\n                      <div class=\"slide-content\">\n                                                                      <\/div>\n                    <\/div>\n                                      <div class=\"slide\">\n                      <div class=\"slide-img\">\n                                                  <!-- <a href=\"https:\/\/cdn.conradpuntademita.com\/wp-content\/uploads\/2022\/06\/30153620\/ConradPuntaMita-Spherical-JoeThomas-022022-38-2-e1653610772517-1.webp\" data-fancybox=\"gallery\" rel=\"tab-slider-block_32fa696969afe42d96cbe548b5984862\" data-caption=\"\"> -->\n                          <img decoding=\"async\" class=\"lazyload\" src=\"https:\/\/cdn.conradpuntademita.com\/wp-content\/uploads\/2022\/06\/30153620\/ConradPuntaMita-Spherical-JoeThomas-022022-38-2-e1653610772517-1-1209x665.webp\" alt=\"Una mesa servida con delicioso desayuno y refresco\">\n                          <!-- <\/a> -->\n                                                                      <\/div>\n\n                      <div class=\"slide-content\">\n                                                                      <\/div>\n                    <\/div>\n                                      <div class=\"slide\">\n                      <div class=\"slide-img\">\n                                                  <!-- <a href=\"https:\/\/cdn.conradpuntademita.com\/wp-content\/uploads\/2022\/05\/13121415\/ConradPuntadeMita-JoeThomas-306-scaled.webp\" data-fancybox=\"gallery\" rel=\"tab-slider-block_32fa696969afe42d96cbe548b5984862\" data-caption=\"\"> -->\n                          <img decoding=\"async\" class=\"lazyload\" src=\"https:\/\/cdn.conradpuntademita.com\/wp-content\/uploads\/2022\/05\/13121415\/ConradPuntadeMita-JoeThomas-306-1209x665.webp\" alt=\"La mesa y la silla se colocan en la playa con la luz.\">\n                          <!-- <\/a> -->\n                                                                      <\/div>\n\n                      <div class=\"slide-content\">\n                                                                      <\/div>\n                    <\/div>\n                                  <\/div>\n                \n              <\/div>\n                      <\/div>\n                  <div class=\"tab-content tab-slider__content\" id=\"tab-slider-block_32fa696969afe42d96cbe548b59848624\">\n                          <div class=\"slider\">\n                <div class=\"slides slides-images\">\n                                      <div class=\"slide\">\n                      <div class=\"slide-img\">\n                                                  <!-- <a href=\"https:\/\/cdn.conradpuntademita.com\/wp-content\/uploads\/2022\/05\/13120705\/PVRPMCI_SPA-Outdoor-pareja-e1653669687271.jpg\" data-fancybox=\"gallery\" rel=\"tab-slider-block_32fa696969afe42d96cbe548b5984862\" data-caption=\"\"> -->\n                          <img decoding=\"async\" class=\"lazyload\" src=\"https:\/\/cdn.conradpuntademita.com\/wp-content\/uploads\/2022\/05\/13120705\/PVRPMCI_SPA-Outdoor-pareja-1200x665.webp\" alt=\"Spa al aire libre con l\u00e1mpara\">\n                          <!-- <\/a> -->\n                                                                      <\/div>\n\n                      <div class=\"slide-content\">\n                                                                      <\/div>\n                    <\/div>\n                                      <div class=\"slide\">\n                      <div class=\"slide-img\">\n                                                  <!-- <a href=\"https:\/\/cdn.conradpuntademita.com\/wp-content\/uploads\/2022\/05\/13120701\/PVRPMCI_SPA-Outdoor-individual-e1653669695739.webp\" data-fancybox=\"gallery\" rel=\"tab-slider-block_32fa696969afe42d96cbe548b5984862\" data-caption=\"\"> -->\n                          <img decoding=\"async\" class=\"lazyload\" src=\"https:\/\/cdn.conradpuntademita.com\/wp-content\/uploads\/2022\/05\/13120701\/PVRPMCI_SPA-Outdoor-individual-1200x665.webp\" alt=\"Spa al aire libre con l\u00e1mpara con lavabo\">\n                          <!-- <\/a> -->\n                                                                      <\/div>\n\n                      <div class=\"slide-content\">\n                                                                      <\/div>\n                    <\/div>\n                                      <div class=\"slide\">\n                      <div class=\"slide-img\">\n                                                  <!-- <a href=\"https:\/\/cdn.conradpuntademita.com\/wp-content\/uploads\/2022\/05\/13120840\/PVRPMCI_SPA-Temazcal-e1653316995825.webp\" data-fancybox=\"gallery\" rel=\"tab-slider-block_32fa696969afe42d96cbe548b5984862\" data-caption=\"\"> -->\n                          <img decoding=\"async\" class=\"lazyload\" src=\"https:\/\/cdn.conradpuntademita.com\/wp-content\/uploads\/2022\/05\/13120840\/PVRPMCI_SPA-Temazcal-e1653316543674-801x665.webp\" alt=\"Imagen del SPA Temazcal\">\n                          <!-- <\/a> -->\n                                                                      <\/div>\n\n                      <div class=\"slide-content\">\n                                                                      <\/div>\n                    <\/div>\n                                  <\/div>\n                \n              <\/div>\n                      <\/div>\n                  <div class=\"tab-content tab-slider__content\" id=\"tab-slider-block_32fa696969afe42d96cbe548b59848625\">\n                          <div class=\"slider\">\n                <div class=\"slides slides-images\">\n                                      <div class=\"slide\">\n                      <div class=\"slide-img\">\n                                                  <!-- <a href=\"https:\/\/cdn.conradpuntademita.com\/wp-content\/uploads\/2022\/06\/30154851\/ConradPuntaMita-Spherical-JoeThomas-022022-124-1-e1653630714888-1.jpg\" data-fancybox=\"gallery\" rel=\"tab-slider-block_32fa696969afe42d96cbe548b5984862\" data-caption=\"\"> -->\n                          <img decoding=\"async\" class=\"lazyload\" src=\"https:\/\/cdn.conradpuntademita.com\/wp-content\/uploads\/2022\/06\/30154851\/ConradPuntaMita-Spherical-JoeThomas-022022-124-1-e1653630714888-1-1209x665.jpg\" alt=\"Una pareja de espaldas en una ceremonia espiritual y rom\u00e1ntica al atardecer\">\n                          <!-- <\/a> -->\n                                                                      <\/div>\n\n                      <div class=\"slide-content\">\n                                                                      <\/div>\n                    <\/div>\n                                      <div class=\"slide\">\n                      <div class=\"slide-img\">\n                                                  <!-- <a href=\"https:\/\/cdn.conradpuntademita.com\/wp-content\/uploads\/2022\/06\/30154647\/ConradPuntadeMita-JoeThomas-87-scaled-e1652906475963-1.jpg\" data-fancybox=\"gallery\" rel=\"tab-slider-block_32fa696969afe42d96cbe548b5984862\" data-caption=\"\"> -->\n                          <img decoding=\"async\" class=\"lazyload\" src=\"https:\/\/cdn.conradpuntademita.com\/wp-content\/uploads\/2022\/06\/30154647\/ConradPuntadeMita-JoeThomas-87-scaled-e1652906475963-1-1200x665.jpg\" alt=\"Opciones de comida y Mezcal\">\n                          <!-- <\/a> -->\n                                                                      <\/div>\n\n                      <div class=\"slide-content\">\n                                                                      <\/div>\n                    <\/div>\n                                      <div class=\"slide\">\n                      <div class=\"slide-img\">\n                                                  <!-- <a href=\"https:\/\/cdn.conradpuntademita.com\/wp-content\/uploads\/2022\/05\/13120256\/zarandeado-web.png\" data-fancybox=\"gallery\" rel=\"tab-slider-block_32fa696969afe42d96cbe548b5984862\" data-caption=\"\"> -->\n                          <img decoding=\"async\" class=\"lazyload\" src=\"https:\/\/cdn.conradpuntademita.com\/wp-content\/uploads\/2022\/05\/13120256\/zarandeado-web-810x665.webp\" alt=\"Grupo de personas sentadas en la mesa del comedor mientras el chef sirve\">\n                          <!-- <\/a> -->\n                                                                      <\/div>\n\n                      <div class=\"slide-content\">\n                                                                      <\/div>\n                    <\/div>\n                                  <\/div>\n                \n              <\/div>\n                      <\/div>\n                  <div class=\"tab-content tab-slider__content\" id=\"tab-slider-block_32fa696969afe42d96cbe548b59848626\">\n                          <div class=\"slider\">\n                <div class=\"slides slides-images\">\n                                      <div class=\"slide\">\n                      <div class=\"slide-img\">\n                                                  <!-- <a href=\"https:\/\/cdn.conradpuntademita.com\/wp-content\/uploads\/2022\/05\/13120306\/ConradPuntaMita-Spherical-JoeThomas-022022-121-1.webp\" data-fancybox=\"gallery\" rel=\"tab-slider-block_32fa696969afe42d96cbe548b5984862\" data-caption=\"\"> -->\n                          <img decoding=\"async\" class=\"lazyload\" src=\"https:\/\/cdn.conradpuntademita.com\/wp-content\/uploads\/2022\/05\/13120306\/ConradPuntaMita-Spherical-JoeThomas-022022-121-1-1209x665.webp\" alt=\"Familia feliz caminando por la playa\">\n                          <!-- <\/a> -->\n                                                                      <\/div>\n\n                      <div class=\"slide-content\">\n                                                                      <\/div>\n                    <\/div>\n                                      <div class=\"slide\">\n                      <div class=\"slide-img\">\n                                                  <!-- <a href=\"https:\/\/cdn.conradpuntademita.com\/wp-content\/uploads\/2022\/06\/30152350\/ConradPuntaMita-Spherical-JoeThomas-022022-48-1-1-e1660157877356.webp\" data-fancybox=\"gallery\" rel=\"tab-slider-block_32fa696969afe42d96cbe548b5984862\" data-caption=\"\"> -->\n                          <img decoding=\"async\" class=\"lazyload\" src=\"https:\/\/cdn.conradpuntademita.com\/wp-content\/uploads\/2022\/06\/30152350\/ConradPuntaMita-Spherical-JoeThomas-022022-48-1-1-e1660157877356-1209x665.webp\" alt=\"pareja caminando en la arena\">\n                          <!-- <\/a> -->\n                                                                      <\/div>\n\n                      <div class=\"slide-content\">\n                                                                      <\/div>\n                    <\/div>\n                                      <div class=\"slide\">\n                      <div class=\"slide-img\">\n                                                  <!-- <a href=\"https:\/\/cdn.conradpuntademita.com\/wp-content\/uploads\/2022\/05\/13120616\/ConradPuntaMita-Spherical-JoeThomas-022022-137-1-scaled-e1653610828236.webp\" data-fancybox=\"gallery\" rel=\"tab-slider-block_32fa696969afe42d96cbe548b5984862\" data-caption=\"\"> -->\n                          <img decoding=\"async\" class=\"lazyload\" src=\"https:\/\/cdn.conradpuntademita.com\/wp-content\/uploads\/2022\/05\/13120616\/ConradPuntaMita-Spherical-JoeThomas-022022-137-1-1209x665.webp\" alt=\"Camino decorado con art\u00edculos de colores con tiendas en los alrededores.\">\n                          <!-- <\/a> -->\n                                                                      <\/div>\n\n                      <div class=\"slide-content\">\n                                                                      <\/div>\n                    <\/div>\n                                  <\/div>\n                \n              <\/div>\n                      <\/div>\n              <\/div>\n\n      <\/div>\n<\/section>","protected":false},"excerpt":{"rendered":"","protected":false},"author":1,"featured_media":0,"parent":0,"menu_order":0,"comment_status":"closed","ping_status":"closed","template":"","meta":{"_acf_changed":false,"inline_featured_image":false,"footnotes":""},"categories":[],"class_list":["post-15","page","type-page","status-publish","hentry"],"acf":[],"featured_image_src":null,"featured_image_src_square":null,"publishpress_future_action":{"enabled":false,"date":"2026-05-05 16:03:29","action":"change-status","newStatus":"draft","terms":[],"taxonomy":"category","extraData":[]},"publishpress_future_workflow_manual_trigger":{"enabledWorkflows":[]},"_links":{"self":[{"href":"https:\/\/www.conradpuntademita.com\/es\/wp-json\/wp\/v2\/pages\/15","targetHints":{"allow":["GET"]}}],"collection":[{"href":"https:\/\/www.conradpuntademita.com\/es\/wp-json\/wp\/v2\/pages"}],"about":[{"href":"https:\/\/www.conradpuntademita.com\/es\/wp-json\/wp\/v2\/types\/page"}],"author":[{"embeddable":true,"href":"https:\/\/www.conradpuntademita.com\/es\/wp-json\/wp\/v2\/users\/1"}],"replies":[{"embeddable":true,"href":"https:\/\/www.conradpuntademita.com\/es\/wp-json\/wp\/v2\/comments?post=15"}],"version-history":[{"count":45,"href":"https:\/\/www.conradpuntademita.com\/es\/wp-json\/wp\/v2\/pages\/15\/revisions"}],"predecessor-version":[{"id":17048,"href":"https:\/\/www.conradpuntademita.com\/es\/wp-json\/wp\/v2\/pages\/15\/revisions\/17048"}],"wp:attachment":[{"href":"https:\/\/www.conradpuntademita.com\/es\/wp-json\/wp\/v2\/media?parent=15"}],"wp:term":[{"taxonomy":"category","embeddable":true,"href":"https:\/\/www.conradpuntademita.com\/es\/wp-json\/wp\/v2\/categories?post=15"}],"curies":[{"name":"wp","href":"https:\/\/api.w.org\/{rel}","templated":true}]}}