{"id":17292,"date":"2025-11-05T11:21:42","date_gmt":"2025-11-05T11:21:42","guid":{"rendered":"https:\/\/www.conradpuntademita.com\/?page_id=17292"},"modified":"2026-01-19T21:16:06","modified_gmt":"2026-01-19T21:16:06","slug":"convertir-un-fin-de-semana-largo-en-una-eternidad","status":"publish","type":"page","link":"https:\/\/www.conradpuntademita.com\/es\/bodas\/convertir-un-fin-de-semana-largo-en-una-eternidad\/","title":{"rendered":"Convierte un fin de semana largo en algo para siempre"},"content":{"rendered":"<section id=\"banner-block_787fd9a12eb412c2e453cace04a98eb8\" class=\"banner gradient-banner\">\n  <div class=\"banner-wrapper\">\n          <img decoding=\"async\" src=\"https:\/\/cdn.conradpuntademita.com\/wp-content\/uploads\/2025\/12\/16105517\/Sarah-Michael-4-Cocktail-69.webp\" alt=\"Sarah-Michael-4-C\u00f3ctel-69\" class=\"banner__img banner__media\">\n      <\/div>\n\n      <div class=\"banner-content\">\n              <h1 class=\"banner-title heading1\">Convierte un fin de semana largo en algo para siempre<\/h1>\n      \n              \n      \n<\/section>\n\n\n\n<section class=\"wysiwig body-wrapper half-center\" id=\"wysiwig-block_0c21f1c5096345d2a83c831e11349357\">\n  <p class=\"title-wrapper\" style=\"text-align: center; margin-top: 20px;\">Un fin de semana de vacaciones en el para\u00edso da inicio al viaje m\u00e1s extraordinario de la vida cuando planeas tu destino en M\u00e9xico.<a href=\"https:\/\/www.conradpuntademita.com\/es\/bodas\/\"> boda<\/a> en Conrad Punta de Mita. Disfrute de un alojamiento opulento rodeado de exuberante vegetaci\u00f3n tropical, playas de arena dorada y vistas infinitas de aguas turquesas, mientras comparte experiencias locales \u00fanicas, saborea una gastronom\u00eda galardonada y se entrega al encanto transformador del Conrad Spa.<\/p>\n<\/section>\n\n\n<style>#hide {display:none}<\/style>\n\n\n\n<section class=\"wysiwig body-wrapper half-center\" id=\"hide\">\n  <h2 class=\"title-wrapper venues-spaces__heading a-up animated fadeInUp full-visible animation-end\" style=\"text-align: center;\">Paquetes exclusivos de bodas de destino para parejas<\/h2>\n<p class=\"title-wrapper\" style=\"text-align: center; margin-top: 20px;\">Un fin de semana de vacaciones en el para\u00edso da inicio a la aventura m\u00e1s extraordinaria de tu vida al planear tu boda en M\u00e9xico en el Conrad Punta de Mita. Disfruta de un alojamiento de lujo rodeado de exuberante vegetaci\u00f3n tropical, playas de arena dorada y vistas infinitas al mar turquesa. Comparte experiencias locales \u00fanicas, saborea una gastronom\u00eda galardonada y d\u00e9jate envolver por el encanto transformador del Conrad Spa, todo ello enmarcado por las puestas de sol m\u00e1s cautivadoras de la costa del Pac\u00edfico mexicano.<\/p>\n<p style=\"text-align: center;\">Para garantizar la m\u00e1xima exclusividad, solo celebramos una boda al d\u00eda. Tenga en cuenta que el resort ofrece un plan europeo (sin todo incluido).<\/p>\n<\/section>\n\n\n\t<section class=\"media-content body-wrapper not-link\" id=\"banner-block_530ffb9e6a7f6b89bbab042980a2b974\">\n\t<div class=\"media-content__left\">\n\t\t\t\t<h2 class=\"heading2 a-up\">\n\t\t\tPaquetes exclusivos de bodas de destino para parejas\t\t\t\t\t<\/h2>\n\t\t\t\t\n\t\t\n\t\t\n\t\t\t\t<div class=\"media-content__text a-up a-delay-2\"><p><p>Un fin de semana en el para\u00edso puede ser el comienzo del viaje m\u00e1s extraordinario de tu vida. Celebra tu boda de destino en M\u00e9xico en Conrad Punta de Mita y disfruta de concesiones especiales dise\u00f1adas para que tu experiencia sea a\u00fan m\u00e1s significativa:<\/p>\r\n<ul>\r\n  <li><p>Recepci\u00f3n de bienvenida gratuita de 1 hora<\/p><\/li>\r\n  <li><p>Hasta 15% de descuento en comida y bebida para eventos<\/p><\/li>\r\n  <li><p>Degustaci\u00f3n gratuita del men\u00fa para hasta seis invitados<\/p><\/li>\r\n  <li><p>Estancia de aniversario gratuita de 3 noches \/ 4 d\u00edas<\/p><\/li>\r\n<\/ul>\r\n<p>Para garantizar la m\u00e1xima exclusividad, solo celebramos una boda al d\u00eda. Tenga en cuenta que el resort ofrece un plan europeo (sin todo incluido).<\/p><\/p><\/div>\n\t\t\n\t\t\t<\/div>\n\n\t<div class=\"media-content__right hover-images a-up a-delay-2\">\n\t\t<span class=\"media-content__gradient media-content__gradient-left\"><\/span>\n\t\t<span class=\"media-content__gradient media-content__gradient-right\"><\/span>\n\t\t<span class=\"media-content__gradient media-content__gradient-top\"><\/span>\n\t\t<span class=\"media-content__gradient media-content__gradient-bottom\"><\/span>\n\t\t\t\t\t\t\t<img decoding=\"async\" width=\"1920\" height=\"1278\" src=\"https:\/\/cdn.conradpuntademita.com\/wp-content\/uploads\/2025\/10\/15150619\/Cristhian-Event-Conrad-1.webp\" class=\"hover-image is-hovered\" alt=\"Configuraci\u00f3n de ceremonia de boda frente a la playa con arco, sillas para invitados y pasillo blanco frente al oc\u00e9ano y al cielo.\" loading=\"lazy\" srcset=\"https:\/\/cdn.conradpuntademita.com\/wp-content\/uploads\/2025\/10\/15150619\/Cristhian-Event-Conrad-1.webp 1920w, https:\/\/cdn.conradpuntademita.com\/wp-content\/uploads\/2025\/10\/15150619\/Cristhian-Event-Conrad-1-300x200.webp 300w, https:\/\/cdn.conradpuntademita.com\/wp-content\/uploads\/2025\/10\/15150619\/Cristhian-Event-Conrad-1-1024x682.webp 1024w, https:\/\/cdn.conradpuntademita.com\/wp-content\/uploads\/2025\/10\/15150619\/Cristhian-Event-Conrad-1-768x511.webp 768w, https:\/\/cdn.conradpuntademita.com\/wp-content\/uploads\/2025\/10\/15150619\/Cristhian-Event-Conrad-1-1536x1022.webp 1536w, https:\/\/cdn.conradpuntademita.com\/wp-content\/uploads\/2025\/10\/15150619\/Cristhian-Event-Conrad-1-18x12.webp 18w, https:\/\/cdn.conradpuntademita.com\/wp-content\/uploads\/2025\/10\/15150619\/Cristhian-Event-Conrad-1-600x400.webp 600w\" sizes=\"auto, (max-width: 1920px) 100vw, 1920px\" \/>\t\t\t\t\t<\/div>\n\n\t\t<\/section>\n\n\n\n<style>\n#venues-spaces {\nmargin-bottom: 0 !important\n}\n.accordion-module {\nmargin-top: 25px !important;\n}\n<\/style>\n\n\n<section id=\"venues-spaces\" class=\"venues-spaces experience-events body-wrapper\" data-cpt=\"wedding_long_weekend\">\n\n\n\n<div id=\"relatedPostIds\" data-ids=\"17299,7410,17301,17302,17303,17304,17305\" style=\"display: none;\"><\/div>\n\n  <div class=\"venues-spaces__items\">\n          \t\n\t<div class=\"loop-event\">\n\t<div class=\"loop-event__link-wrapper\">\n\t\n\t<div class=\"loop-event__img\">\n\t\t\t\t\t\t\t\t\t<img decoding=\"async\" src=\"https:\/\/cdn.conradpuntademita.com\/wp-content\/uploads\/2025\/07\/29000304\/Conrad-Punta-de-Mita-Southeast-Asian-Wedding-Ceremony-on-Haramara-Lawn-585x730.jpg\" alt=\"Configuraci\u00f3n de ceremonia de boda hind\u00fa con estatua de Ganesha, arco floral rosa, sillas doradas y pasillo bordeado de p\u00e9talos en un jard\u00edn tropical.\" style=\"aspect-ratio: 4\/3\">\n\t\t\t\n\t\t\t\t\t\t\t\t\t<a href=\"mailto:pvrpm.sa@conradhotels.com\" class=\"btn btn-primary loop-event__cta a-up a-delay-3\" target=\"_blank\" style=\"margin-top:0; width:100%; height:46px; display:flex; align-items:center;\">\n\t\t\tComienza a planificar\t\t\t<\/a>\n\t\t\t\t\n\t<\/div>\n\n\n\n\n\t\t\t\t<div class=\"loop-event__date a-up a-delay-1\">\n\t\t\t\t\t<span class=\"loop-event__date--month\">14 de febrero<\/span>\n\t\t\t<span class=\"loop-event__date--day\">16, 2026<\/span>\n\n\t\t\n\t\t<\/div>\n\t\n\n\t\n\n\n\t<\/div>\n\n\t<div class=\"loop-event__info\">\n\n\t<h3 class='loop-event__heading heading3 a-up'>\n\t\u00a0Fin de semana del D\u00eda de los Presidentes\t<\/h3>\n\n\t\t\t\t\t<style>\n\t\t\t\t.excerpt_list ul,\n\t\t\t\t.excerpt_list ol {\n\t\t\t\tlist-style-type: disc;\n\t\t\t\tlist-style-position: outside;\n\t\t\t\tpadding-left: 1.5rem;\n\n\t\t\t\t}\n\n\t\t\t\t.excerpt_list li {\n\n\t\t\t\tcolor: #222;\n\n\t\t\t\t}\n\n\t\t\t\t.excerpt_list ul ul,\n\t\t\t\t.excerpt_list ol ol {\n\t\t\t\tlist-style-type: circle;\n\n\t\t\t\tmargin-bottom: 0.5rem;\n\t\t\t\tpadding-left: 1.5rem;\n\t\t\t\t}\n\n\t\t\t\t.excerpt_list li::marker {\n\t\t\t\tcolor: #999;\n\t\t\t\t}\n\n\t\t\t<\/style>\n\t\t\t<div class=\"excerpt_list\">\n\t\t\t\t\n<p>Este San Valent\u00edn, comparte el regalo de un final feliz.<\/p>\n\n\n\n<ul class=\"wp-block-list\">\n<li><strong>Tarifas desde: $505\/noche<\/strong>\n<ul class=\"wp-block-list\">\n<li>14-16 de febrero de 2026<\/li>\n<\/ul>\n<\/li>\n<\/ul>\n\n\n\n<p><\/p>\n\t\t\t<\/div>\n\t\t\n\t<div class=\"loop-event__cta-wrapper\">\n\t\n\t\n\t\t<\/div>\n\n\t<\/div>\n\t<\/div>\n\t          \t\n\t<div class=\"loop-event\">\n\t<div class=\"loop-event__link-wrapper\">\n\t\n\t<div class=\"loop-event__img\">\n\t\t\t\t\t\t\t\t\t<img decoding=\"async\" src=\"https:\/\/cdn.conradpuntademita.com\/wp-content\/uploads\/2025\/07\/29000321\/Conrad-Punta-de-Mita-Private-Dinner-on-Haramara-Lawn-2-585x730.jpg\" alt=\"Elegante mesa de exterior con platos negros, cojines blancos, centros de mesa florales y luces de cadena en un entorno de jard\u00edn tropical.\" style=\"aspect-ratio: 4\/3\">\n\t\t\t\n\t\t\t\t\t\t\t\t\t<a href=\"mailto:pvrpm.sa@conradhotels.com\" class=\"btn btn-primary loop-event__cta a-up a-delay-3\" target=\"_blank\" style=\"margin-top:0; width:100%; height:46px; display:flex; align-items:center;\">\n\t\t\tComienza a planificar\t\t\t<\/a>\n\t\t\t\t\n\t<\/div>\n\n\n\n\n\t\t\t\t<div class=\"loop-event__date a-up a-delay-1\">\n\t\t\t\t\t<span class=\"loop-event__date--month\">22 de mayo<\/span>\n\t\t\t<span class=\"loop-event__date--day\">25, 2026<\/span>\n\n\t\t\n\t\t<\/div>\n\t\n\n\t\n\n\n\t<\/div>\n\n\t<div class=\"loop-event__info\">\n\n\t<h3 class='loop-event__heading heading3 a-up'>\n\tFin de semana del D\u00eda de los Ca\u00eddos\t<\/h3>\n\n\t\t\t\t\t<style>\n\t\t\t\t.excerpt_list ul,\n\t\t\t\t.excerpt_list ol {\n\t\t\t\tlist-style-type: disc;\n\t\t\t\tlist-style-position: outside;\n\t\t\t\tpadding-left: 1.5rem;\n\n\t\t\t\t}\n\n\t\t\t\t.excerpt_list li {\n\n\t\t\t\tcolor: #222;\n\n\t\t\t\t}\n\n\t\t\t\t.excerpt_list ul ul,\n\t\t\t\t.excerpt_list ol ol {\n\t\t\t\tlist-style-type: circle;\n\n\t\t\t\tmargin-bottom: 0.5rem;\n\t\t\t\tpadding-left: 1.5rem;\n\t\t\t\t}\n\n\t\t\t\t.excerpt_list li::marker {\n\t\t\t\tcolor: #999;\n\t\t\t\t}\n\n\t\t\t<\/style>\n\t\t\t<div class=\"excerpt_list\">\n\t\t\t\t\n<p>El fin de semana festivo oficial que da inicio a una vida llena de aventuras veraniegas.<\/p>\n\n\n\n<ul class=\"wp-block-list\">\n<li><strong>Tarifas desde: $450\/noche<\/strong>\n<ul class=\"wp-block-list\">\n<li>22-25 de mayo de 2026<\/li>\n<\/ul>\n<\/li>\n<\/ul>\n\n\n\n<p><\/p>\n\t\t\t<\/div>\n\t\t\n\t<div class=\"loop-event__cta-wrapper\">\n\t\n\t\n\t\t<\/div>\n\n\t<\/div>\n\t<\/div>\n\t          \t\n\t<div class=\"loop-event\">\n\t<div class=\"loop-event__link-wrapper\">\n\t\n\t<div class=\"loop-event__img\">\n\t\t\t\t\t\t\t\t\t<img decoding=\"async\" src=\"https:\/\/cdn.conradpuntademita.com\/wp-content\/uploads\/2025\/09\/19211509\/Conrad-23-L-585x532.jpg\" alt=\"\" style=\"aspect-ratio: 4\/3\">\n\t\t\t\n\t\t\t\t\t\t\t\t\t<a href=\"mailto:pvrpm.sa@conradhotels.com\" class=\"btn btn-primary loop-event__cta a-up a-delay-3\" target=\"_self\" style=\"margin-top:0; width:100%; height:46px; display:flex; align-items:center;\">\n\t\t\tComienza a planificar\t\t\t<\/a>\n\t\t\t\t\n\t<\/div>\n\n\n\n\n\t\t\t\t<div class=\"loop-event__date a-up a-delay-1\">\n\t\t\t\t\t<span class=\"loop-event__date--month\">19 de junio<\/span>\n\t\t\t<span class=\"loop-event__date--day\">21, 2026<\/span>\n\n\t\t\n\t\t<\/div>\n\t\n\n\t\n\n\n\t<\/div>\n\n\t<div class=\"loop-event__info\">\n\n\t<h3 class='loop-event__heading heading3 a-up'>\n\tFin de semana del Juneteenth\t<\/h3>\n\n\t\t\t\t\t<style>\n\t\t\t\t.excerpt_list ul,\n\t\t\t\t.excerpt_list ol {\n\t\t\t\tlist-style-type: disc;\n\t\t\t\tlist-style-position: outside;\n\t\t\t\tpadding-left: 1.5rem;\n\n\t\t\t\t}\n\n\t\t\t\t.excerpt_list li {\n\n\t\t\t\tcolor: #222;\n\n\t\t\t\t}\n\n\t\t\t\t.excerpt_list ul ul,\n\t\t\t\t.excerpt_list ol ol {\n\t\t\t\tlist-style-type: circle;\n\n\t\t\t\tmargin-bottom: 0.5rem;\n\t\t\t\tpadding-left: 1.5rem;\n\t\t\t\t}\n\n\t\t\t\t.excerpt_list li::marker {\n\t\t\t\tcolor: #999;\n\t\t\t\t}\n\n\t\t\t<\/style>\n\t\t\t<div class=\"excerpt_list\">\n\t\t\t\t\n<p>Haz que los d\u00edas m\u00e1s largos del a\u00f1o sean los d\u00edas m\u00e1s felices de tu vida.<\/p>\n\n\n\n<ul class=\"wp-block-list\">\n<li><strong>Tarifas desde: $255\/noche<\/strong>\n<ul class=\"wp-block-list\">\n<li>19-21 de junio de 2026<\/li>\n<\/ul>\n<\/li>\n<\/ul>\n\n\n\n<p><\/p>\n\t\t\t<\/div>\n\t\t\n\t<div class=\"loop-event__cta-wrapper\">\n\t\n\t\n\t\t<\/div>\n\n\t<\/div>\n\t<\/div>\n\t          \t\n\t<div class=\"loop-event\">\n\t<div class=\"loop-event__link-wrapper\">\n\t\n\t<div class=\"loop-event__img\">\n\t\t\t\t\t\t\t\t\t<img decoding=\"async\" src=\"https:\/\/cdn.conradpuntademita.com\/wp-content\/uploads\/2025\/09\/28235548\/Conrad-Punta-de-Mita-All-White-Wedding-Dinner-Reception-585x730.jpg\" alt=\"Mesa de boda frente al mar con flores blancas, arcos dorados y elegancia a la luz de las velas contra un sereno tel\u00f3n de fondo costero.\" style=\"aspect-ratio: 4\/3\">\n\t\t\t\n\t\t\t\t\t\t\t\t\t<a href=\"mailto:pvrpm.sa@conradhotels.com\" class=\"btn btn-primary loop-event__cta a-up a-delay-3\" target=\"_blank\" style=\"margin-top:0; width:100%; height:46px; display:flex; align-items:center;\">\n\t\t\tComienza a planificar\t\t\t<\/a>\n\t\t\t\t\n\t<\/div>\n\n\n\n\n\t\t\t\t<div class=\"loop-event__date a-up a-delay-1\">\n\t\t\t\t\t<span class=\"loop-event__date--month\">3 de julio<\/span>\n\t\t\t<span class=\"loop-event__date--day\">5, 2026<\/span>\n\n\t\t\n\t\t<\/div>\n\t\n\n\t\n\n\n\t<\/div>\n\n\t<div class=\"loop-event__info\">\n\n\t<h3 class='loop-event__heading heading3 a-up'>\n\t\u00a0Fin de semana del D\u00eda de la Independencia\t<\/h3>\n\n\t\t\t\t\t<style>\n\t\t\t\t.excerpt_list ul,\n\t\t\t\t.excerpt_list ol {\n\t\t\t\tlist-style-type: disc;\n\t\t\t\tlist-style-position: outside;\n\t\t\t\tpadding-left: 1.5rem;\n\n\t\t\t\t}\n\n\t\t\t\t.excerpt_list li {\n\n\t\t\t\tcolor: #222;\n\n\t\t\t\t}\n\n\t\t\t\t.excerpt_list ul ul,\n\t\t\t\t.excerpt_list ol ol {\n\t\t\t\tlist-style-type: circle;\n\n\t\t\t\tmargin-bottom: 0.5rem;\n\t\t\t\tpadding-left: 1.5rem;\n\t\t\t\t}\n\n\t\t\t\t.excerpt_list li::marker {\n\t\t\t\tcolor: #999;\n\t\t\t\t}\n\n\t\t\t<\/style>\n\t\t\t<div class=\"excerpt_list\">\n\t\t\t\t\n<p>Celebremos un amor tan brillante que ilumina la noche.<\/p>\n\n\n\n<ul class=\"wp-block-list\">\n<li><strong>Tarifas desde: $255\/noche<\/strong>\n<ul class=\"wp-block-list\">\n<li>3-5 de julio de 2026<\/li>\n<\/ul>\n<\/li>\n<\/ul>\n\n\n\n<p><\/p>\n\t\t\t<\/div>\n\t\t\n\t<div class=\"loop-event__cta-wrapper\">\n\t\n\t\n\t\t<\/div>\n\n\t<\/div>\n\t<\/div>\n\t          \t\n\t<div class=\"loop-event\">\n\t<div class=\"loop-event__link-wrapper\">\n\t\n\t<div class=\"loop-event__img\">\n\t\t\t\t\t\t\t\t\t<img decoding=\"async\" src=\"https:\/\/cdn.conradpuntademita.com\/wp-content\/uploads\/2025\/10\/15160257\/CPM-Small-Intimate-Weddings-110-2000x1333-1-1-585x730.webp\" alt=\"Una hermosa configuraci\u00f3n de boda en la arena de la playa cuenta con una impresionante vista del amanecer y del mar.\" style=\"aspect-ratio: 4\/3\">\n\t\t\t\n\t\t\t\t\t\t\t\t\t<a href=\"mailto:pvrpm.sa@conradhotels.com\" class=\"btn btn-primary loop-event__cta a-up a-delay-3\" target=\"_blank\" style=\"margin-top:0; width:100%; height:46px; display:flex; align-items:center;\">\n\t\t\tComienza a planificar\t\t\t<\/a>\n\t\t\t\t\n\t<\/div>\n\n\n\n\n\t\t\t\t<div class=\"loop-event__date a-up a-delay-1\">\n\t\t\t\t\t<span class=\"loop-event__date--month\">4 de septiembre<\/span>\n\t\t\t<span class=\"loop-event__date--day\">6, 2026<\/span>\n\n\t\t\n\t\t<\/div>\n\t\n\n\t\n\n\n\t<\/div>\n\n\t<div class=\"loop-event__info\">\n\n\t<h3 class='loop-event__heading heading3 a-up'>\n\tFin de semana del D\u00eda del Trabajo\t<\/h3>\n\n\t\t\t\t\t<style>\n\t\t\t\t.excerpt_list ul,\n\t\t\t\t.excerpt_list ol {\n\t\t\t\tlist-style-type: disc;\n\t\t\t\tlist-style-position: outside;\n\t\t\t\tpadding-left: 1.5rem;\n\n\t\t\t\t}\n\n\t\t\t\t.excerpt_list li {\n\n\t\t\t\tcolor: #222;\n\n\t\t\t\t}\n\n\t\t\t\t.excerpt_list ul ul,\n\t\t\t\t.excerpt_list ol ol {\n\t\t\t\tlist-style-type: circle;\n\n\t\t\t\tmargin-bottom: 0.5rem;\n\t\t\t\tpadding-left: 1.5rem;\n\t\t\t\t}\n\n\t\t\t\t.excerpt_list li::marker {\n\t\t\t\tcolor: #999;\n\t\t\t\t}\n\n\t\t\t<\/style>\n\t\t\t<div class=\"excerpt_list\">\n\t\t\t\t\n<p>Intercambien sus votos rodeados de una impresionante puesta de sol de septiembre.<\/p>\n\n\n\n<ul class=\"wp-block-list\">\n<li><strong>Tarifas desde: $255\/noche<\/strong>\n<ul class=\"wp-block-list\">\n<li>Tarifa p\u00fablica inicial: $280\/noche<\/li>\n<\/ul>\n<\/li>\n<\/ul>\n\t\t\t<\/div>\n\t\t\n\t<div class=\"loop-event__cta-wrapper\">\n\t\n\t\n\t\t<\/div>\n\n\t<\/div>\n\t<\/div>\n\t          \t\n\t<div class=\"loop-event\">\n\t<div class=\"loop-event__link-wrapper\">\n\t\n\t<div class=\"loop-event__img\">\n\t\t\t\t\t\t\t\t\t<img decoding=\"async\" src=\"https:\/\/cdn.conradpuntademita.com\/wp-content\/uploads\/2025\/09\/19212816\/Emily-David-3-FirstLook-105-L-585x533.jpg\" alt=\"\" style=\"aspect-ratio: 4\/3\">\n\t\t\t\n\t\t\t\t\t\t\t\t\t<a href=\"mailto:pvrpm.sa@conradhotels.com\" class=\"btn btn-primary loop-event__cta a-up a-delay-3\" target=\"_blank\" style=\"margin-top:0; width:100%; height:46px; display:flex; align-items:center;\">\n\t\t\tComienza a planificar\t\t\t<\/a>\n\t\t\t\t\n\t<\/div>\n\n\n\n\n\t\t\t\t<div class=\"loop-event__date a-up a-delay-1\">\n\t\t\t\t\t<span class=\"loop-event__date--month\">9 de octubre<\/span>\n\t\t\t<span class=\"loop-event__date--day\">11, 2026<\/span>\n\n\t\t\n\t\t<\/div>\n\t\n\n\t\n\n\n\t<\/div>\n\n\t<div class=\"loop-event__info\">\n\n\t<h3 class='loop-event__heading heading3 a-up'>\n\tFin de semana del D\u00eda de la Raza\t<\/h3>\n\n\t\t\t\t\t<style>\n\t\t\t\t.excerpt_list ul,\n\t\t\t\t.excerpt_list ol {\n\t\t\t\tlist-style-type: disc;\n\t\t\t\tlist-style-position: outside;\n\t\t\t\tpadding-left: 1.5rem;\n\n\t\t\t\t}\n\n\t\t\t\t.excerpt_list li {\n\n\t\t\t\tcolor: #222;\n\n\t\t\t\t}\n\n\t\t\t\t.excerpt_list ul ul,\n\t\t\t\t.excerpt_list ol ol {\n\t\t\t\tlist-style-type: circle;\n\n\t\t\t\tmargin-bottom: 0.5rem;\n\t\t\t\tpadding-left: 1.5rem;\n\t\t\t\t}\n\n\t\t\t\t.excerpt_list li::marker {\n\t\t\t\tcolor: #999;\n\t\t\t\t}\n\n\t\t\t<\/style>\n\t\t\t<div class=\"excerpt_list\">\n\t\t\t\t\n<p>Imagina una boda tropical de oto\u00f1o que supere todas las expectativas.<\/p>\n\n\n\n<ul class=\"wp-block-list\">\n<li><strong>Tarifas desde: $255\/noche<\/strong>\n<ul class=\"wp-block-list\">\n<li>9-11 de octubre de 2026<\/li>\n<\/ul>\n<\/li>\n<\/ul>\n\n\n\n<p><\/p>\n\t\t\t<\/div>\n\t\t\n\t<div class=\"loop-event__cta-wrapper\">\n\t\n\t\n\t\t<\/div>\n\n\t<\/div>\n\t<\/div>\n\t          \t\n\t<div class=\"loop-event\">\n\t<div class=\"loop-event__link-wrapper\">\n\t\n\t<div class=\"loop-event__img\">\n\t\t\t\t\t\t\t\t\t<img decoding=\"async\" src=\"https:\/\/cdn.conradpuntademita.com\/wp-content\/uploads\/2025\/11\/28221131\/CPM-Small-Intimate-Weddings-tag-%40avesolphotography-%40delcaboevents-Conrad-26-585x730.jpg\" alt=\"Los novios se encuentran en un pasillo blanco brillante con flores blancas en cascada y velas, enmarcado por un arco floral frente al mar al atardecer.\" style=\"aspect-ratio: 4\/3\">\n\t\t\t\n\t\t\t\t\t\t\t\t\t<a href=\"mailto:pvrpm.sa@conradhotels.com\" class=\"btn btn-primary loop-event__cta a-up a-delay-3\" target=\"_blank\" style=\"margin-top:0; width:100%; height:46px; display:flex; align-items:center;\">\n\t\t\tComienza a planificar\t\t\t<\/a>\n\t\t\t\t\n\t<\/div>\n\n\n\n\n\t\t\t\t<div class=\"loop-event__date a-up a-delay-1\">\n\t\t\t\t\t<span class=\"loop-event__date--month\">26 de noviembre<\/span>\n\t\t\t<span class=\"loop-event__date--day\">29, 2026<\/span>\n\n\t\t\n\t\t<\/div>\n\t\n\n\t\n\n\n\t<\/div>\n\n\t<div class=\"loop-event__info\">\n\n\t<h3 class='loop-event__heading heading3 a-up'>\n\tFin de semana de Acci\u00f3n de Gracias\t<\/h3>\n\n\t\t\t\t\t<style>\n\t\t\t\t.excerpt_list ul,\n\t\t\t\t.excerpt_list ol {\n\t\t\t\tlist-style-type: disc;\n\t\t\t\tlist-style-position: outside;\n\t\t\t\tpadding-left: 1.5rem;\n\n\t\t\t\t}\n\n\t\t\t\t.excerpt_list li {\n\n\t\t\t\tcolor: #222;\n\n\t\t\t\t}\n\n\t\t\t\t.excerpt_list ul ul,\n\t\t\t\t.excerpt_list ol ol {\n\t\t\t\tlist-style-type: circle;\n\n\t\t\t\tmargin-bottom: 0.5rem;\n\t\t\t\tpadding-left: 1.5rem;\n\t\t\t\t}\n\n\t\t\t\t.excerpt_list li::marker {\n\t\t\t\tcolor: #999;\n\t\t\t\t}\n\n\t\t\t<\/style>\n\t\t\t<div class=\"excerpt_list\">\n\t\t\t\t\n<p>\u00a1Da la bienvenida a la temporada navide\u00f1a con romance!<\/p>\n\n\n\n<ul class=\"wp-block-list\">\n<li>Tarifas desde: $295\/noche\n<ul class=\"wp-block-list\">\n<li>26-29 de noviembre de 2026<\/li>\n<\/ul>\n<\/li>\n<\/ul>\n\t\t\t<\/div>\n\t\t\n\t<div class=\"loop-event__cta-wrapper\">\n\t\n\t\n\t\t<\/div>\n\n\t<\/div>\n\t<\/div>\n\t      <\/div>\n\n<\/section>\n\n\n\n<section class=\"wysiwig body-wrapper half-center\" id=\"wysiwig-block_0af8674bb756e6dad784e53c3cfad438\">\n  <ul>\n<li style=\"text-align: left;\">Dos millas de playa privada de arena dorada<\/li>\n<li style=\"text-align: left;\">Variedad de espacios, incluyendo playas apartadas, exuberantes jardines y terrazas, suites privadas y el sal\u00f3n de baile.<\/li>\n<li style=\"text-align: left;\">Profesionales especializados en bodas para atender todas sus necesidades.<\/li>\n<li style=\"text-align: left;\">cocina galardonada<\/li>\n<li style=\"text-align: left;\">Una experiencia inmersiva inspirada en la rica cultura y la c\u00e1lida hospitalidad del pueblo ind\u00edgena huichol.<\/li>\n<\/ul>\n<\/section>\n\n\n\n<section id=\"accordion-block_0a05cc54affb733f53ae3938a05d9156\" class=\"accordion-module body-wrapper accordion-module\">\n      <div class=\"accordion\">\n              <div class=\"accordion__item\">\n                      <button class=\"accordion__header\"\n              type=\"button\"\n              aria-expanded=\"false\"\n              aria-controls=\"acc-block_0a05cc54affb733f53ae3938a05d9156-panel-1\">\n              <span class=\"accordion__title\">T\u00e9rminos y condiciones<\/span>\n              <span class=\"accordion__icon\" aria-hidden=\"true\"><\/span>\n            <\/button>\n          \n                      <div class=\"accordion__content\" id=\"acc-block_0a05cc54affb733f53ae3938a05d9156-panel-1\" hidden>\n              <div class=\"accordion__inner\">\n                <p><strong>Elegibilidad<\/strong><\/p>\n<ul>\n<li>La oferta se aplica a nuevas reservas de grupos de bodas confirmadas durante el per\u00edodo promocional especificado por Conrad Punta de Mita.<\/li>\n<li>Las reservas existentes y los grupos re-reservados o re-contratados no califican.<\/li>\n<\/ul>\n<p><strong>Duraci\u00f3n m\u00ednima de la estancia<\/strong><\/p>\n<ul>\n<li>Se requiere un m\u00ednimo de tres (3) noches consecutivas para todos los hu\u00e9spedes incluidos en el bloque de habitaciones grupales contratado.<\/li>\n<\/ul>\n<p><strong>Requisito de estad\u00eda del hu\u00e9sped<\/strong><\/p>\n<ul>\n<li>Al menos el 80% del total de invitados a la boda debe hospedarse en la propiedad (dentro del bloque grupal contratado y\/o habitaciones adicionales reservadas en Conrad Punta de Mita) para calificar para las concesiones promocionales.<\/li>\n<\/ul>\n<p><strong>Pol\u00edtica de no combinaci\u00f3n<\/strong><\/p>\n<ul>\n<li>Esta promoci\u00f3n no se puede combinar con otras ofertas, descuentos, concesiones o programas especiales, incluidas tarifas o incentivos grupales previamente contratados.<\/li>\n<\/ul>\n<p><strong>Disponibilidad<\/strong><\/p>\n<ul>\n<li>Las ofertas y concesiones promocionales est\u00e1n sujetas a disponibilidad al momento de la contrataci\u00f3n y pueden ser modificadas o discontinuadas sin previo aviso.<\/li>\n<li>Pueden aplicarse fechas restringidas, m\u00ednimos y otras restricciones, que su Gerente de Bodas confirmar\u00e1 en la etapa de propuesta\/contrato.<\/li>\n<\/ul>\n<p><strong>Evento de bienvenida<\/strong><\/p>\n<ul>\n<li>El lugar para la recepci\u00f3n de bienvenida ser\u00e1 asignado por el Gerente de Bodas del hotel, seg\u00fan las necesidades del programa, el n\u00famero de invitados y la disponibilidad.<\/li>\n<\/ul>\n<p><strong>General<\/strong><\/p>\n<ul>\n<li>Todos los eventos, habitaciones, tarifas, dep\u00f3sitos, condiciones de cancelaci\u00f3n, fechas l\u00edmite y asignaciones de espacios para funciones se rigen por el contrato grupal ejecutado emitido por Conrad Punta de Mita.<\/li>\n<li>Los impuestos, cargos por servicios y tarifas del resort (si corresponden) son adicionales y se detallar\u00e1n en el contrato.<\/li>\n<li>Cualquier modificaci\u00f3n est\u00e1 sujeta a la aprobaci\u00f3n del hotel y puede afectar precios y concesiones.<\/li>\n<\/ul>\n<p>&nbsp;<\/p>\n              <\/div>\n            <\/div>\n                  <\/div>\n          <\/div>\n  <\/section>","protected":false},"excerpt":{"rendered":"<p>Celebre el comienzo de una eternidad con nuestras exclusivas ofertas de bodas de fin de semana largo 2026 en Conrad Punta de Mita. Con exuberantes paisajes tropicales, playas doradas e impresionantes atardeceres en el Pac\u00edfico como tel\u00f3n de fondo, su fin de semana festivo de tres d\u00edas se convierte en el escenario perfecto para una celebraci\u00f3n inolvidable. Disfrute de experiencias locales de lujo, gastronom\u00eda galardonada y rejuvenecimiento en el Conrad Spa. Para garantizar una exclusividad total, solo celebramos una boda por d\u00eda y el resort opera con Plan Europeo (sin todo incluido).<\/p>","protected":false},"author":2,"featured_media":17863,"parent":613,"menu_order":0,"comment_status":"closed","ping_status":"closed","template":"","meta":{"_acf_changed":false,"inline_featured_image":false,"footnotes":""},"categories":[],"class_list":["post-17292","page","type-page","status-publish","has-post-thumbnail","hentry"],"acf":[],"featured_image_src":"https:\/\/cdn.conradpuntademita.com\/wp-content\/uploads\/2025\/12\/16105517\/Sarah-Michael-4-Cocktail-69-600x400.webp","featured_image_src_square":"https:\/\/cdn.conradpuntademita.com\/wp-content\/uploads\/2025\/12\/16105517\/Sarah-Michael-4-Cocktail-69-600x600.webp","publishpress_future_action":{"enabled":false,"date":"2026-05-05 17:27:16","action":"change-status","newStatus":"draft","terms":[],"taxonomy":"category","extraData":[]},"publishpress_future_workflow_manual_trigger":{"enabledWorkflows":[]},"_links":{"self":[{"href":"https:\/\/www.conradpuntademita.com\/es\/wp-json\/wp\/v2\/pages\/17292","targetHints":{"allow":["GET"]}}],"collection":[{"href":"https:\/\/www.conradpuntademita.com\/es\/wp-json\/wp\/v2\/pages"}],"about":[{"href":"https:\/\/www.conradpuntademita.com\/es\/wp-json\/wp\/v2\/types\/page"}],"author":[{"embeddable":true,"href":"https:\/\/www.conradpuntademita.com\/es\/wp-json\/wp\/v2\/users\/2"}],"replies":[{"embeddable":true,"href":"https:\/\/www.conradpuntademita.com\/es\/wp-json\/wp\/v2\/comments?post=17292"}],"version-history":[{"count":17,"href":"https:\/\/www.conradpuntademita.com\/es\/wp-json\/wp\/v2\/pages\/17292\/revisions"}],"predecessor-version":[{"id":18331,"href":"https:\/\/www.conradpuntademita.com\/es\/wp-json\/wp\/v2\/pages\/17292\/revisions\/18331"}],"up":[{"embeddable":true,"href":"https:\/\/www.conradpuntademita.com\/es\/wp-json\/wp\/v2\/pages\/613"}],"wp:featuredmedia":[{"embeddable":true,"href":"https:\/\/www.conradpuntademita.com\/es\/wp-json\/wp\/v2\/media\/17863"}],"wp:attachment":[{"href":"https:\/\/www.conradpuntademita.com\/es\/wp-json\/wp\/v2\/media?parent=17292"}],"wp:term":[{"taxonomy":"category","embeddable":true,"href":"https:\/\/www.conradpuntademita.com\/es\/wp-json\/wp\/v2\/categories?post=17292"}],"curies":[{"name":"wp","href":"https:\/\/api.w.org\/{rel}","templated":true}]}}