{"id":19496,"date":"2026-04-29T13:13:12","date_gmt":"2026-04-29T13:13:12","guid":{"rendered":"https:\/\/www.conradpuntademita.com\/?page_id=19496"},"modified":"2026-04-29T14:10:25","modified_gmt":"2026-04-29T14:10:25","slug":"bodas-de-fin-de-semana-festivo","status":"publish","type":"page","link":"https:\/\/www.conradpuntademita.com\/es\/bodas-de-fin-de-semana-festivo\/","title":{"rendered":"Convierte un fin de semana largo en algo para siempre"},"content":{"rendered":"<section id=\"banner-block_b08ffada7268ad7bd8b4b1950d4f1207\" class=\"banner gradient-banner full-height-banner full-height single-room\">\n  <div class=\"banner-wrapper\">\n          <video autoplay loop playsinline class=\"banner__video banner__media lazyvid\" muted preload=\"metadata\" data-src=\"https:\/\/cdn.conradpuntademita.com\/wp-content\/uploads\/2026\/03\/02234852\/Seamless-Arrival-at-Conrad-Punta-de-Mita.mp4\" poster=\"\">\n        <source data-src=\"https:\/\/cdn.conradpuntademita.com\/wp-content\/uploads\/2026\/03\/02234852\/Seamless-Arrival-at-Conrad-Punta-de-Mita.mp4\" type=\"video\/mp4\">\n      <\/video>\n      <\/div>\n\n      <div class=\"banner-content\">\n              <h1 class=\"banner-title heading1\">Convierte un fin de semana largo en algo para siempre<\/h1>\n      \n              \n      \n<\/section>\n\n\n\n<div style=\"height:75px\" aria-hidden=\"true\" class=\"wp-block-spacer\"><\/div>\n\n\n\n\t<section class=\"media-content body-wrapper align-center not-link\" id=\"banner-block_3b345affa1affd66a85da4bef75cb998\">\n\t<div class=\"media-content__left\">\n\t\t\t\t<h2 class=\"heading2 a-up\">\n\t\t\tOfertas para bodas durante el fin de semana festivo\t\t\t\t\t<\/h2>\n\t\t\t\t\n\t\t\n\t\t\n\t\t\t\t<div class=\"media-content__text a-up a-delay-2\"><p>Celebrate your love over a holiday weekend at Conrad Punta de Mita. Imagine exchanging\r\nvows on Riviera Nayarit\u2019s white sands followed by a sunset reception beneath swaying palms.\r\nEach moment is thoughtfully designed to feel effortless and meaningful. Begin your journey and\r\n<a href=\"https:\/\/www.conradpuntademita.com\/es\/parejas\/\">celebra tu amor<\/a> a trav\u00e9s de nuestro <a href=\"https:\/\/www.conradpuntademita.com\/es\/bodas\/\">experiencias de boda.<\/a><\/p><\/div>\n\t\t\n\t\t\t<\/div>\n\n\t<div class=\"media-content__right hover-images a-up a-delay-2\">\n\t\t<span class=\"media-content__gradient media-content__gradient-left\"><\/span>\n\t\t<span class=\"media-content__gradient media-content__gradient-right\"><\/span>\n\t\t<span class=\"media-content__gradient media-content__gradient-top\"><\/span>\n\t\t<span class=\"media-content__gradient media-content__gradient-bottom\"><\/span>\n\t\t\t\t\t\t\t<img decoding=\"async\" width=\"2000\" height=\"1333\" src=\"https:\/\/cdn.conradpuntademita.com\/wp-content\/uploads\/2025\/11\/25202432\/Conrad-Punta-de-Mita-Beach-Wedding-Altar-Couple.jpg\" class=\"hover-image is-hovered\" alt=\"\" loading=\"lazy\" srcset=\"https:\/\/cdn.conradpuntademita.com\/wp-content\/uploads\/2025\/11\/25202432\/Conrad-Punta-de-Mita-Beach-Wedding-Altar-Couple.jpg 2000w, https:\/\/cdn.conradpuntademita.com\/wp-content\/uploads\/2025\/11\/25202432\/Conrad-Punta-de-Mita-Beach-Wedding-Altar-Couple-300x200.jpg 300w, https:\/\/cdn.conradpuntademita.com\/wp-content\/uploads\/2025\/11\/25202432\/Conrad-Punta-de-Mita-Beach-Wedding-Altar-Couple-1024x682.jpg 1024w, https:\/\/cdn.conradpuntademita.com\/wp-content\/uploads\/2025\/11\/25202432\/Conrad-Punta-de-Mita-Beach-Wedding-Altar-Couple-768x512.jpg 768w, https:\/\/cdn.conradpuntademita.com\/wp-content\/uploads\/2025\/11\/25202432\/Conrad-Punta-de-Mita-Beach-Wedding-Altar-Couple-1536x1024.jpg 1536w, https:\/\/cdn.conradpuntademita.com\/wp-content\/uploads\/2025\/11\/25202432\/Conrad-Punta-de-Mita-Beach-Wedding-Altar-Couple-18x12.jpg 18w, https:\/\/cdn.conradpuntademita.com\/wp-content\/uploads\/2025\/11\/25202432\/Conrad-Punta-de-Mita-Beach-Wedding-Altar-Couple-600x400.jpg 600w\" sizes=\"auto, (max-width: 2000px) 100vw, 2000px\" \/>\t\t\t\t\t<\/div>\n\n\t\t<\/section>\n\n\n\n\t<section class=\"media-content body-wrapper align-center not-link\" id=\"catering\">\n\t<div class=\"media-content__left\">\n\t\t\t\t<h2 class=\"heading2 a-up\">\n\t\t\tFin de semana del D\u00eda de Martin Luther King Jr. (del 17 al 19 de enero de 2026)\t\t\t\t\t<\/h2>\n\t\t\t\t\n\t\t\n\t\t\n\t\t\t\t<div class=\"media-content__text a-up a-delay-2\"><p><b>Tarifas y estancia m\u00ednima<\/b><\/br>\r\nTarifa p\u00fablica inicial: <a href=\"https:\/\/www.hilton.com\/en\/book\/reservation\/rooms\/\" target=\"_blank\" rel=\"noopener\">Consulta disponibilidad<\/a><\/br>\r\nEstancia m\u00ednima: 3 noches\r\n<\/br>\r\n<\/br>\r\n<b>Descuentos especiales para el fin de semana de bodas<\/b><\/br>\r\nRecepci\u00f3n de bienvenida gratuita de 1 hora<\/br>\r\nHasta 15% de descuento en comida y bebida para eventos<\/br>\r\nDegustaci\u00f3n gratuita para hasta seis invitados<\/br>\r\nEstancia de aniversario gratuita de 3 noches \/ 4 d\u00edas<\/br>\r\n<\/br>\r\n\u00bfPlaneando su estad\u00eda? Explore nuestra <a href=\"https:\/\/www.conradpuntademita.com\/es\/habitaciones\/\">alojamientos<\/a> o descubre contenido seleccionado  <a href=\"https:\/\/www.conradpuntademita.com\/es\/ofertas\/\">ofertas y paquetes.<\/a>\r\n<\/p><\/div>\n\t\t\n\t\t\t\t\t<style>\n\t\t\t.media-content__cta-container {\n\t\t\t\tdisplay: flex;\n\t\t\t\tgap: 10px; \/* Espacio entre botones *\/\n\t\t\t}\n\n\t\t\t.media-content__cta {\n\t\t\t\twhite-space: nowrap; \/* Asegura que no se rompan en l\u00edneas *\/\n\t\t\t}\n\t\t\t<\/style>\n\t\t\t<div class=\"media-content__cta-container\">\n\t\t\t\t<a href=\"https:\/\/www.conradpuntademita.com\/es\/bodas\/\" target=\"\" class=\"btn a-up a-delay-4 media-content__cta\">Planifica la boda de tus sue\u00f1os<\/a>\n\t\t\t\t\n\t\t\t\t\t\t\t\t\t<\/div>\n\t\t\t\t\t<\/div>\n\n\t<div class=\"media-content__right hover-images a-up a-delay-2\">\n\t\t<span class=\"media-content__gradient media-content__gradient-left\"><\/span>\n\t\t<span class=\"media-content__gradient media-content__gradient-right\"><\/span>\n\t\t<span class=\"media-content__gradient media-content__gradient-top\"><\/span>\n\t\t<span class=\"media-content__gradient media-content__gradient-bottom\"><\/span>\n\t\t\t\t\t\t\t<img decoding=\"async\" width=\"2323\" height=\"2560\" src=\"https:\/\/cdn.conradpuntademita.com\/wp-content\/uploads\/2024\/09\/20230150\/codex-food-2-scaled.jpg\" class=\"hover-image is-hovered\" alt=\"La fotograf\u00eda muestra un delicioso desayuno servido en un plato de carb\u00f3n para su presentaci\u00f3n.\" loading=\"lazy\" srcset=\"https:\/\/cdn.conradpuntademita.com\/wp-content\/uploads\/2024\/09\/20230150\/codex-food-2-scaled.jpg 2323w, https:\/\/cdn.conradpuntademita.com\/wp-content\/uploads\/2024\/09\/20230150\/codex-food-2-272x300.jpg 272w, https:\/\/cdn.conradpuntademita.com\/wp-content\/uploads\/2024\/09\/20230150\/codex-food-2-929x1024.jpg 929w, https:\/\/cdn.conradpuntademita.com\/wp-content\/uploads\/2024\/09\/20230150\/codex-food-2-768x846.jpg 768w, https:\/\/cdn.conradpuntademita.com\/wp-content\/uploads\/2024\/09\/20230150\/codex-food-2-1394x1536.jpg 1394w, https:\/\/cdn.conradpuntademita.com\/wp-content\/uploads\/2024\/09\/20230150\/codex-food-2-1858x2048.jpg 1858w, https:\/\/cdn.conradpuntademita.com\/wp-content\/uploads\/2024\/09\/20230150\/codex-food-2-11x12.jpg 11w, https:\/\/cdn.conradpuntademita.com\/wp-content\/uploads\/2024\/09\/20230150\/codex-food-2-950x1046.jpg 950w\" sizes=\"auto, (max-width: 2323px) 100vw, 2323px\" \/>\t\t\t\t\t<\/div>\n\n\t\t<\/section>\n\n\n\n\t<section class=\"media-content body-wrapper align-center not-link\" id=\"banner-block_29b5e10ca657cf8c89b7d1e9112b63e5\">\n\t<div class=\"media-content__left\">\n\t\t\t\t<h2 class=\"heading2 a-up\">\n\t\t\tFin de semana del D\u00eda de los Presidentes (del 14 al 16 de febrero de 2026)\t\t\t\t\t<\/h2>\n\t\t\t\t\n\t\t\n\t\t\n\t\t\t\t<div class=\"media-content__text a-up a-delay-2\"><p><b>Tarifas y estancia m\u00ednima<\/b><\/br>\r\nTarifa p\u00fablica inicial:  <a href=\"https:\/\/www.hilton.com\/en\/book\/reservation\/rooms\/\" target=\"_blank\" rel=\"noopener\">Consulta disponibilidad<\/a><\/br>\r\nEstancia m\u00ednima: 3 noches<\/br>\r\n<\/br>\r\n<b>Descuentos especiales para el fin de semana de bodas<\/b><\/br>\r\nRecepci\u00f3n de bienvenida gratuita de 1 hora<\/br>\r\nHasta 15% de descuento en comida y bebida para eventos<\/br>\r\nDegustaci\u00f3n gratuita para hasta seis invitados<\/br>\r\nEstancia de aniversario gratuita de 3 noches \/ 4 d\u00edas<\/br>\r\n<\/br>\r\nRealza tu celebraci\u00f3n con nuestro resort. <a href=\"https:\/\/www.conradpuntademita.com\/es\/experiencias\/\">experiencias<\/a> Dise\u00f1ado para estancias de varios d\u00edas.<\/p><\/div>\n\t\t\n\t\t\t\t\t<style>\n\t\t\t.media-content__cta-container {\n\t\t\t\tdisplay: flex;\n\t\t\t\tgap: 10px; \/* Espacio entre botones *\/\n\t\t\t}\n\n\t\t\t.media-content__cta {\n\t\t\t\twhite-space: nowrap; \/* Asegura que no se rompan en l\u00edneas *\/\n\t\t\t}\n\t\t\t<\/style>\n\t\t\t<div class=\"media-content__cta-container\">\n\t\t\t\t<a href=\"https:\/\/www.conradpuntademita.com\/es\/bodas\/\" target=\"\" class=\"btn a-up a-delay-4 media-content__cta\">Explora nuestros espacios<\/a>\n\t\t\t\t\n\t\t\t\t\t\t\t\t\t<\/div>\n\t\t\t\t\t<\/div>\n\n\t<div class=\"media-content__right hover-images a-up a-delay-2\">\n\t\t<span class=\"media-content__gradient media-content__gradient-left\"><\/span>\n\t\t<span class=\"media-content__gradient media-content__gradient-right\"><\/span>\n\t\t<span class=\"media-content__gradient media-content__gradient-top\"><\/span>\n\t\t<span class=\"media-content__gradient media-content__gradient-bottom\"><\/span>\n\t\t\t\t\t\t\t<img decoding=\"async\" width=\"1600\" height=\"2000\" src=\"https:\/\/cdn.conradpuntademita.com\/wp-content\/uploads\/2024\/03\/05083128\/Cocktail.jpg\" class=\"hover-image is-hovered\" alt=\"Un chef est\u00e1 preparando limonada para los clientes.\" loading=\"lazy\" srcset=\"https:\/\/cdn.conradpuntademita.com\/wp-content\/uploads\/2024\/03\/05083128\/Cocktail.jpg 1600w, https:\/\/cdn.conradpuntademita.com\/wp-content\/uploads\/2024\/03\/05083128\/Cocktail-240x300.jpg 240w, https:\/\/cdn.conradpuntademita.com\/wp-content\/uploads\/2024\/03\/05083128\/Cocktail-819x1024.jpg 819w, https:\/\/cdn.conradpuntademita.com\/wp-content\/uploads\/2024\/03\/05083128\/Cocktail-768x960.jpg 768w, https:\/\/cdn.conradpuntademita.com\/wp-content\/uploads\/2024\/03\/05083128\/Cocktail-1229x1536.jpg 1229w, https:\/\/cdn.conradpuntademita.com\/wp-content\/uploads\/2024\/03\/05083128\/Cocktail-10x12.jpg 10w, https:\/\/cdn.conradpuntademita.com\/wp-content\/uploads\/2024\/03\/05083128\/Cocktail-585x730.jpg 585w\" sizes=\"auto, (max-width: 1600px) 100vw, 1600px\" \/>\t\t\t\t\t<\/div>\n\n\t\t<\/section>\n\n\n<section id=\"rfp-form-block_3002859601a80775323eeea3ecacd283\" class=\"rfp-form normal-wrapper\">\r\n    <div class=\"container\">\r\n                    <h2 class=\"rfp-form__heading a-up heading2\">Fin de semana del D\u00eda de los Ca\u00eddos (del 22 al 25 de mayo de 2026)<\/h2>\r\n                            <div class=\"rfp-form__content a-up a-delay-1 heading3\"><p style=\"text-align: left;\"><strong>Tarifas y estancia m\u00ednima<\/strong><br \/>\nTarifa p\u00fablica inicial: <a href=\"https:\/\/www.hilton.com\/en\/book\/reservation\/rooms\/\" target=\"_blank\" rel=\"noopener\">Consulta disponibilidad<\/a><br \/>\nEstancia m\u00ednima: 3 noches<\/p>\n<p style=\"text-align: left;\">\n<strong>Descuentos especiales para el fin de semana de bodas<\/strong><br \/>\nRecepci\u00f3n de bienvenida gratuita de 1 hora<br \/>\nHasta 15% de descuento en comida y bebida para eventos<br \/>\nDegustaci\u00f3n gratuita para hasta seis invitados<br \/>\nEstancia de aniversario gratuita de 3 noches \/ 4 d\u00edas<\/p>\n<p style=\"text-align: left;\">\nDescubra m\u00e1s sobre nuestros <a href=\"https:\/\/www.conradpuntademita.com\/es\/bodas\/#venues\">lugares para bodas<\/a> y crea una celebraci\u00f3n que sientas totalmente a tu manera.<\/p>\n<p style=\"text-align: center;\"><a href=\"https:\/\/www.conradpuntademita.com\/es\/bodas\/\">Planifica la boda de tus sue\u00f1os<\/a><\/p>\n<\/div>\r\n         \r\n        <div class=\"form contact-form a-up a-delay-2\">\r\n                    <\/div>\r\n    <\/div>\r\n<\/section>\n\n<section id=\"rfp-form-block_37aff059734b54e28acb3af1145cc75f\" class=\"rfp-form normal-wrapper\">\r\n    <div class=\"container\">\r\n                 \r\n        <div class=\"form contact-form a-up a-delay-2\">\r\n                    <\/div>\r\n    <\/div>\r\n<\/section>\n\n\n\t<section class=\"media-content body-wrapper align-center not-link\" id=\"banner-block_618c061bb5b9b690e248f4b686adaf9c\">\n\t<div class=\"media-content__left\">\n\t\t\t\t<h2 class=\"heading2 a-up\">\n\t\t\tFin de semana del Juneteenth (del 19 al 21 de junio de 2026)\t\t\t\t\t<\/h2>\n\t\t\t\t\n\t\t\n\t\t\n\t\t\t\t<div class=\"media-content__text a-up a-delay-2\"><p><b>Tarifas y estancia m\u00ednima<\/b><\/br>\r\nTarifa p\u00fablica inicial: <a href=\"https:\/\/www.hilton.com\/en\/book\/reservation\/rooms\/\" target=\"_blank\" rel=\"noopener\">Consulta disponibilidad<\/a><\/br>\r\nEstancia m\u00ednima: 3 noches<\/br>\r\n<\/br>\r\nDescuentos especiales para el fin de semana de bodas<\/br>\r\nRecepci\u00f3n de bienvenida gratuita de 1 hora<\/br>\r\nHasta 15% de descuento en comida y bebida para eventos<\/br>\r\nDegustaci\u00f3n gratuita para hasta seis invitados<\/br>\r\nEstancia de aniversario gratuita de 3 noches \/ 4 d\u00edas<\/br>\r\n<\/br>\r\nCombina tu fin de semana de bodas con un toque sofisticado. <a href=\"https:\/\/www.conradpuntademita.com\/es\/restaurantes-bares\/\">experiencias gastron\u00f3micas<\/a> a trav\u00e9s del complejo tur\u00edstico.<\/p><\/div>\n\t\t\n\t\t\t\t\t<style>\n\t\t\t.media-content__cta-container {\n\t\t\t\tdisplay: flex;\n\t\t\t\tgap: 10px; \/* Espacio entre botones *\/\n\t\t\t}\n\n\t\t\t.media-content__cta {\n\t\t\t\twhite-space: nowrap; \/* Asegura que no se rompan en l\u00edneas *\/\n\t\t\t}\n\t\t\t<\/style>\n\t\t\t<div class=\"media-content__cta-container\">\n\t\t\t\t<a href=\"https:\/\/www.conradpuntademita.com\/es\/habitaciones\/\" target=\"\" class=\"btn a-up a-delay-4 media-content__cta\">Comienza tu viaje<\/a>\n\t\t\t\t\n\t\t\t\t\t\t\t\t\t<\/div>\n\t\t\t\t\t<\/div>\n\n\t<div class=\"media-content__right hover-images a-up a-delay-2\">\n\t\t<span class=\"media-content__gradient media-content__gradient-left\"><\/span>\n\t\t<span class=\"media-content__gradient media-content__gradient-right\"><\/span>\n\t\t<span class=\"media-content__gradient media-content__gradient-top\"><\/span>\n\t\t<span class=\"media-content__gradient media-content__gradient-bottom\"><\/span>\n\t\t\t\t\t\t\t<img decoding=\"async\" width=\"1707\" height=\"2560\" src=\"https:\/\/cdn.conradpuntademita.com\/wp-content\/uploads\/2022\/05\/02220342\/DRINK-TUKI-scaled-e1654207408345.webp\" class=\"hover-image is-hovered\" alt=\"Vaso de bebida en la mesa\" loading=\"lazy\" \/>\t\t\t\t\t<\/div>\n\n\t\t<\/section>\n\n\n\n\t<section class=\"media-content body-wrapper align-center not-link\" id=\"banner-block_1ab02118ae9c4c92a34dd21c1d692587\">\n\t<div class=\"media-content__left\">\n\t\t\t\t<h2 class=\"heading2 a-up\">\n\t\t\tFin de semana del D\u00eda de la Independencia (3-5 de julio de 2026)\t\t\t\t\t<\/h2>\n\t\t\t\t\n\t\t\n\t\t\n\t\t\t\t<div class=\"media-content__text a-up a-delay-2\"><p><b>Tarifas y estancia m\u00ednima<\/b><\/br>\r\nTarifa p\u00fablica inicial: <a href=\"https:\/\/www.hilton.com\/en\/book\/reservation\/rooms\/\" target=\"_blank\" rel=\"noopener\">Consulta disponibilidad<\/a><\/br>\r\nEstancia m\u00ednima: 3 noches<\/br>\r\n<\/br>\r\nDescuentos especiales para el fin de semana de bodas<\/br>\r\nRecepci\u00f3n de bienvenida gratuita de 1 hora<\/br>\r\nHasta 15% de descuento en comida y bebida para eventos<\/br>\r\nDegustaci\u00f3n gratuita para hasta seis invitados<\/br>\r\nEstancia de aniversario gratuita de 3 noches \/ 4 d\u00edas<\/br>\r\n<\/br>\r\nDescubre cada detalle de tu celebraci\u00f3n a trav\u00e9s de nuestras experiencias nupciales.<\/p><\/div>\n\t\t\n\t\t\t\t\t<style>\n\t\t\t.media-content__cta-container {\n\t\t\t\tdisplay: flex;\n\t\t\t\tgap: 10px; \/* Espacio entre botones *\/\n\t\t\t}\n\n\t\t\t.media-content__cta {\n\t\t\t\twhite-space: nowrap; \/* Asegura que no se rompan en l\u00edneas *\/\n\t\t\t}\n\t\t\t<\/style>\n\t\t\t<div class=\"media-content__cta-container\">\n\t\t\t\t<a href=\"https:\/\/www.conradpuntademita.com\/es\/bodas\/#venues\" target=\"\" class=\"btn a-up a-delay-4 media-content__cta\">Explora nuestros espacios<\/a>\n\t\t\t\t\n\t\t\t\t\t\t\t\t\t<\/div>\n\t\t\t\t\t<\/div>\n\n\t<div class=\"media-content__right hover-images a-up a-delay-2\">\n\t\t<span class=\"media-content__gradient media-content__gradient-left\"><\/span>\n\t\t<span class=\"media-content__gradient media-content__gradient-right\"><\/span>\n\t\t<span class=\"media-content__gradient media-content__gradient-top\"><\/span>\n\t\t<span class=\"media-content__gradient media-content__gradient-bottom\"><\/span>\n\t\t\t\t\t\t\t<img decoding=\"async\" width=\"1920\" height=\"1280\" src=\"https:\/\/cdn.conradpuntademita.com\/wp-content\/uploads\/2025\/09\/16113146\/Sunset.webp\" class=\"hover-image is-hovered\" alt=\"Playa con vistas al atardecer, palmeras, tumbonas y sombrillas, con vistas a un oc\u00e9ano tranquilo y un cielo dorado.\" loading=\"lazy\" srcset=\"https:\/\/cdn.conradpuntademita.com\/wp-content\/uploads\/2025\/09\/16113146\/Sunset.webp 1920w, https:\/\/cdn.conradpuntademita.com\/wp-content\/uploads\/2025\/09\/16113146\/Sunset-300x200.webp 300w, https:\/\/cdn.conradpuntademita.com\/wp-content\/uploads\/2025\/09\/16113146\/Sunset-1024x683.webp 1024w, https:\/\/cdn.conradpuntademita.com\/wp-content\/uploads\/2025\/09\/16113146\/Sunset-768x512.webp 768w, https:\/\/cdn.conradpuntademita.com\/wp-content\/uploads\/2025\/09\/16113146\/Sunset-1536x1024.webp 1536w, https:\/\/cdn.conradpuntademita.com\/wp-content\/uploads\/2025\/09\/16113146\/Sunset-18x12.webp 18w, https:\/\/cdn.conradpuntademita.com\/wp-content\/uploads\/2025\/09\/16113146\/Sunset-600x400.webp 600w\" sizes=\"auto, (max-width: 1920px) 100vw, 1920px\" \/>\t\t\t\t\t<\/div>\n\n\t\t<\/section>\n\n\n\n\t<section class=\"media-content body-wrapper align-center not-link\" id=\"banner-block_e06031e71c352f8a18532655008438ba\">\n\t<div class=\"media-content__left\">\n\t\t\t\t<h2 class=\"heading2 a-up\">\n\t\t\tFin de semana del D\u00eda del Trabajo (del 4 al 6 de septiembre de 2026)\t\t\t\t\t<\/h2>\n\t\t\t\t\n\t\t\n\t\t\n\t\t\t\t<div class=\"media-content__text a-up a-delay-2\"><p><b>Tarifas y estancia m\u00ednima<\/b><\/br>\r\nTarifa p\u00fablica inicial: <a href=\"https:\/\/www.hilton.com\/en\/book\/reservation\/rooms\/\" target=\"_blank\" rel=\"noopener\">Consulta disponibilidad<\/a><\/br>\r\nEstancia m\u00ednima: 3 noches<\/br>\r\n<\/br>\r\nDescuentos especiales para el fin de semana de bodas<\/br>\r\nRecepci\u00f3n de bienvenida gratuita de 1 hora<\/br>\r\nHasta 15% de descuento en comida y bebida para eventos<\/br>\r\nDegustaci\u00f3n gratuita para hasta seis invitados<\/br>\r\nEstancia de aniversario gratuita de 3 noches \/ 4 d\u00edas<\/br>\r\n<\/br>\r\nPlanifique una estancia perfecta con nuestra selecci\u00f3n de productos <a href=\"https:\/\/www.conradpuntademita.com\/es\/ofertas\/\">ofertas y paquetes<\/a><\/p><\/div>\n\t\t\n\t\t\t\t\t<style>\n\t\t\t.media-content__cta-container {\n\t\t\t\tdisplay: flex;\n\t\t\t\tgap: 10px; \/* Espacio entre botones *\/\n\t\t\t}\n\n\t\t\t.media-content__cta {\n\t\t\t\twhite-space: nowrap; \/* Asegura que no se rompan en l\u00edneas *\/\n\t\t\t}\n\t\t\t<\/style>\n\t\t\t<div class=\"media-content__cta-container\">\n\t\t\t\t<a href=\"https:\/\/www.conradpuntademita.com\/es\/bodas\/\" target=\"\" class=\"btn a-up a-delay-4 media-content__cta\">Planifica la boda de tus sue\u00f1os<\/a>\n\t\t\t\t\n\t\t\t\t\t\t\t\t\t<\/div>\n\t\t\t\t\t<\/div>\n\n\t<div class=\"media-content__right hover-images a-up a-delay-2\">\n\t\t<span class=\"media-content__gradient media-content__gradient-left\"><\/span>\n\t\t<span class=\"media-content__gradient media-content__gradient-right\"><\/span>\n\t\t<span class=\"media-content__gradient media-content__gradient-top\"><\/span>\n\t\t<span class=\"media-content__gradient media-content__gradient-bottom\"><\/span>\n\t\t\t\t\t\t\t<img decoding=\"async\" width=\"5393\" height=\"8090\" src=\"https:\/\/cdn.conradpuntademita.com\/wp-content\/uploads\/2025\/11\/01213657\/Emily-David-5-Newlyweds-133.jpg\" class=\"hover-image is-hovered\" alt=\"Novios recortados contra el cielo mientras se besan en la playa al atardecer, con las olas brillando tras ellos.\" loading=\"lazy\" srcset=\"https:\/\/cdn.conradpuntademita.com\/wp-content\/uploads\/2025\/11\/01213657\/Emily-David-5-Newlyweds-133.jpg 5393w, https:\/\/cdn.conradpuntademita.com\/wp-content\/uploads\/2025\/11\/01213657\/Emily-David-5-Newlyweds-133-200x300.jpg 200w, https:\/\/cdn.conradpuntademita.com\/wp-content\/uploads\/2025\/11\/01213657\/Emily-David-5-Newlyweds-133-683x1024.jpg 683w, https:\/\/cdn.conradpuntademita.com\/wp-content\/uploads\/2025\/11\/01213657\/Emily-David-5-Newlyweds-133-768x1152.jpg 768w, https:\/\/cdn.conradpuntademita.com\/wp-content\/uploads\/2025\/11\/01213657\/Emily-David-5-Newlyweds-133-1024x1536.jpg 1024w, https:\/\/cdn.conradpuntademita.com\/wp-content\/uploads\/2025\/11\/01213657\/Emily-David-5-Newlyweds-133-1365x2048.jpg 1365w, https:\/\/cdn.conradpuntademita.com\/wp-content\/uploads\/2025\/11\/01213657\/Emily-David-5-Newlyweds-133-8x12.jpg 8w\" sizes=\"auto, (max-width: 5393px) 100vw, 5393px\" \/>\t\t\t\t\t<\/div>\n\n\t\t<\/section>\n\n\n\n\t<section class=\"media-content body-wrapper align-center not-link\" id=\"banner-block_9e0fd372cf5fa6d9871a021c56128abe\">\n\t<div class=\"media-content__left\">\n\t\t\t\t<h2 class=\"heading2 a-up\">\n\t\t\tFin de semana del D\u00eda de Col\u00f3n (del 9 al 11 de octubre de 2026)\t\t\t\t\t<\/h2>\n\t\t\t\t\n\t\t\n\t\t\n\t\t\t\t<div class=\"media-content__text a-up a-delay-2\"><p><b>Tarifas y estancia m\u00ednima<\/b><\/br>\r\nTarifa p\u00fablica inicial: <a href=\"https:\/\/www.hilton.com\/en\/book\/reservation\/rooms\/\" target=\"_blank\" rel=\"noopener\">Consulta disponibilidad<\/a><\/br>\r\nEstancia m\u00ednima: 3 noches<\/br>\r\n<\/br>\r\nDescuentos especiales para el fin de semana de bodas<\/br>\r\nRecepci\u00f3n de bienvenida gratuita de 1 hora<\/br>\r\nHasta 15% de descuento en comida y bebida para eventos<\/br>\r\nDegustaci\u00f3n gratuita para hasta seis invitados<\/br>\r\nEstancia de aniversario gratuita de 3 noches \/ 4 d\u00edas<\/br>\r\n<\/br>\r\nEncuentra inspiraci\u00f3n en nuestra <a href=\"https:\/\/www.conradpuntademita.com\/es\/bodas\/#venues\">recintos y espacios para eventos.<\/a><\/p><\/div>\n\t\t\n\t\t\t\t\t<style>\n\t\t\t.media-content__cta-container {\n\t\t\t\tdisplay: flex;\n\t\t\t\tgap: 10px; \/* Espacio entre botones *\/\n\t\t\t}\n\n\t\t\t.media-content__cta {\n\t\t\t\twhite-space: nowrap; \/* Asegura que no se rompan en l\u00edneas *\/\n\t\t\t}\n\t\t\t<\/style>\n\t\t\t<div class=\"media-content__cta-container\">\n\t\t\t\t<a href=\"https:\/\/www.conradpuntademita.com\/es\/bodas\/#venues\" target=\"\" class=\"btn a-up a-delay-4 media-content__cta\">Explora nuestros espacios<\/a>\n\t\t\t\t\n\t\t\t\t\t\t\t\t\t<\/div>\n\t\t\t\t\t<\/div>\n\n\t<div class=\"media-content__right hover-images a-up a-delay-2\">\n\t\t<span class=\"media-content__gradient media-content__gradient-left\"><\/span>\n\t\t<span class=\"media-content__gradient media-content__gradient-right\"><\/span>\n\t\t<span class=\"media-content__gradient media-content__gradient-top\"><\/span>\n\t\t<span class=\"media-content__gradient media-content__gradient-bottom\"><\/span>\n\t\t\t\t\t\t\t<img decoding=\"async\" width=\"1500\" height=\"1000\" src=\"https:\/\/cdn.conradpuntademita.com\/wp-content\/uploads\/2025\/12\/16191939\/CPM-Resort-Credit-Offer-1.jpg\" class=\"hover-image is-hovered\" alt=\"Bandeja de desayuno flotante en piscina privada con vista a la playa tropical, con champ\u00e1n, pasteles y fruta fresca.\" loading=\"lazy\" srcset=\"https:\/\/cdn.conradpuntademita.com\/wp-content\/uploads\/2025\/12\/16191939\/CPM-Resort-Credit-Offer-1.jpg 1500w, https:\/\/cdn.conradpuntademita.com\/wp-content\/uploads\/2025\/12\/16191939\/CPM-Resort-Credit-Offer-1-300x200.jpg 300w, https:\/\/cdn.conradpuntademita.com\/wp-content\/uploads\/2025\/12\/16191939\/CPM-Resort-Credit-Offer-1-1024x683.jpg 1024w, https:\/\/cdn.conradpuntademita.com\/wp-content\/uploads\/2025\/12\/16191939\/CPM-Resort-Credit-Offer-1-768x512.jpg 768w, https:\/\/cdn.conradpuntademita.com\/wp-content\/uploads\/2025\/12\/16191939\/CPM-Resort-Credit-Offer-1-18x12.jpg 18w, https:\/\/cdn.conradpuntademita.com\/wp-content\/uploads\/2025\/12\/16191939\/CPM-Resort-Credit-Offer-1-600x400.jpg 600w\" sizes=\"auto, (max-width: 1500px) 100vw, 1500px\" \/>\t\t\t\t\t<\/div>\n\n\t\t<\/section>\n\n\n\n\t<section class=\"media-content body-wrapper align-center not-link\" id=\"banner-block_4ad8db78c9aca21b650509e5a597b4ab\">\n\t<div class=\"media-content__left\">\n\t\t\t\t<h2 class=\"heading2 a-up\">\n\t\t\tFin de semana de Acci\u00f3n de Gracias (del 26 al 29 de noviembre de 2026)\t\t\t\t\t<\/h2>\n\t\t\t\t\n\t\t\n\t\t\n\t\t\t\t<div class=\"media-content__text a-up a-delay-2\"><p><b>Tarifas y estancia m\u00ednima<\/b><\/br>\r\nTarifa p\u00fablica inicial: <a href=\"https:\/\/www.hilton.com\/en\/book\/reservation\/rooms\/\" target=\"_blank\" rel=\"noopener\">Consulta disponibilidad<\/a><\/br>\r\nEstancia m\u00ednima: 3 noches<\/br>\r\n<\/br>\r\nDescuentos especiales para el fin de semana de bodas<\/br>\r\nRecepci\u00f3n de bienvenida gratuita de 1 hora<\/br>\r\nHasta 15% de descuento en comida y bebida para eventos<\/br>\r\nDegustaci\u00f3n gratuita para hasta seis invitados<\/br>\r\nEstancia de aniversario gratuita de 3 noches \/ 4 d\u00edas<\/br>\r\n<\/br>\r\nProlongue su celebraci\u00f3n con una estancia relajante en nuestro hotel.<a href=\"https:\/\/www.conradpuntademita.com\/es\/habitaciones\/#suites\"> suites y habitaciones.<\/a><\/p><\/div>\n\t\t\n\t\t\t\t\t<style>\n\t\t\t.media-content__cta-container {\n\t\t\t\tdisplay: flex;\n\t\t\t\tgap: 10px; \/* Espacio entre botones *\/\n\t\t\t}\n\n\t\t\t.media-content__cta {\n\t\t\t\twhite-space: nowrap; \/* Asegura que no se rompan en l\u00edneas *\/\n\t\t\t}\n\t\t\t<\/style>\n\t\t\t<div class=\"media-content__cta-container\">\n\t\t\t\t<a href=\"https:\/\/www.conradpuntademita.com\/es\/bodas\/\" target=\"\" class=\"btn a-up a-delay-4 media-content__cta\">Planifica la boda de tus sue\u00f1os<\/a>\n\t\t\t\t\n\t\t\t\t\t\t\t\t\t<\/div>\n\t\t\t\t\t<\/div>\n\n\t<div class=\"media-content__right hover-images a-up a-delay-2\">\n\t\t<span class=\"media-content__gradient media-content__gradient-left\"><\/span>\n\t\t<span class=\"media-content__gradient media-content__gradient-right\"><\/span>\n\t\t<span class=\"media-content__gradient media-content__gradient-top\"><\/span>\n\t\t<span class=\"media-content__gradient media-content__gradient-bottom\"><\/span>\n\t\t\t\t\t\t\t<img decoding=\"async\" width=\"1536\" height=\"1920\" src=\"https:\/\/cdn.conradpuntademita.com\/wp-content\/uploads\/2025\/10\/15162731\/ConradPuntadeMita-JoeThomas-438-1.webp\" class=\"hover-image is-hovered\" alt=\"Una pareja pasea por un sendero de madera iluminado por el sol y rodeado de exuberante vegetaci\u00f3n, capturando la atm\u00f3sfera serena del complejo.\" loading=\"lazy\" srcset=\"https:\/\/cdn.conradpuntademita.com\/wp-content\/uploads\/2025\/10\/15162731\/ConradPuntadeMita-JoeThomas-438-1.webp 1536w, https:\/\/cdn.conradpuntademita.com\/wp-content\/uploads\/2025\/10\/15162731\/ConradPuntadeMita-JoeThomas-438-1-240x300.webp 240w, https:\/\/cdn.conradpuntademita.com\/wp-content\/uploads\/2025\/10\/15162731\/ConradPuntadeMita-JoeThomas-438-1-819x1024.webp 819w, https:\/\/cdn.conradpuntademita.com\/wp-content\/uploads\/2025\/10\/15162731\/ConradPuntadeMita-JoeThomas-438-1-768x960.webp 768w, https:\/\/cdn.conradpuntademita.com\/wp-content\/uploads\/2025\/10\/15162731\/ConradPuntadeMita-JoeThomas-438-1-1229x1536.webp 1229w, https:\/\/cdn.conradpuntademita.com\/wp-content\/uploads\/2025\/10\/15162731\/ConradPuntadeMita-JoeThomas-438-1-10x12.webp 10w, https:\/\/cdn.conradpuntademita.com\/wp-content\/uploads\/2025\/10\/15162731\/ConradPuntadeMita-JoeThomas-438-1-585x730.webp 585w\" sizes=\"auto, (max-width: 1536px) 100vw, 1536px\" \/>\t\t\t\t\t<\/div>\n\n\t\t<\/section>\n\n\n<section id=\"rfp-form-block_174728bab9917631bb5ddcd607da6795\" class=\"rfp-form normal-wrapper\">\r\n    <div class=\"container\">\r\n                    <h2 class=\"rfp-form__heading a-up heading2\">\u00bfPor qu\u00e9 celebrar con nosotros?<\/h2>\r\n                            <div class=\"rfp-form__content a-up a-delay-1 heading3\"><p style=\"text-align: left;\">En Conrad Punta de Mita, cada boda est\u00e1 dise\u00f1ada para que sea personal y perfecta.<\/p>\n<p style=\"text-align: left;\">Lugares emblem\u00e1ticos para ceremonias en la playa con vistas al Pac\u00edfico.<br \/>\nPlanificaci\u00f3n personalizada con un director de complejo de bodas dedicado.<br \/>\nInspiraci\u00f3n extra\u00edda de la cultura, la gastronom\u00eda y el dise\u00f1o locales.<br \/>\nEspacios flexibles y un equipo de servicio experimentado.<\/p>\n<p style=\"text-align: left;\">Explora m\u00e1s a trav\u00e9s de nuestra <a href=\"https:\/\/www.conradpuntademita.com\/es\/bodas\/#venues\">lugares para bodas<\/a> y <a href=\"https:\/\/www.conradpuntademita.com\/es\/experiencias\/\">experiencias en resorts.<\/a><\/p>\n<\/div>\r\n         \r\n        <div class=\"form contact-form a-up a-delay-2\">\r\n                    <\/div>\r\n    <\/div>\r\n<\/section>\n\n<section id=\"rfp-form-block_37aff059734b54e28acb3af1145cc75f\" class=\"rfp-form normal-wrapper\">\r\n    <div class=\"container\">\r\n                 \r\n        <div class=\"form contact-form a-up a-delay-2\">\r\n                    <\/div>\r\n    <\/div>\r\n<\/section>\n\n\n<h2 class=\"wp-block-heading has-text-align-center\">Preguntas frecuentes<\/h2>\n\n\n\n<div style=\"height:50px\" aria-hidden=\"true\" class=\"wp-block-spacer\"><\/div>\n\n\n\n<div class=\"wp-block-genesis-blocks-gb-accordion gb-align-center gb-block-accordion\"><details><summary class=\"gb-accordion-title\">\u00bfCu\u00e1les son los mejores paquetes de bodas de destino en M\u00e9xico?<\/summary><div class=\"gb-accordion-text\">\n<p class=\"has-text-align-center\">M\u00e9xico es uno de los destinos m\u00e1s solicitados para bodas gracias a su belleza natural.<br>y accesibilidad. Conrad Punta de Mita ofrece experiencias de bodas de destino personalizadas que<br>Combina entornos frente al mar con celebraciones de varios d\u00edas cuidadosamente planificadas.<\/p>\n<\/div><\/details><\/div>\n\n\n\n<div class=\"wp-block-genesis-blocks-gb-accordion gb-align-center gb-block-accordion\"><details><summary class=\"gb-accordion-title\">\u00bfQu\u00e9 incluye un paquete de boda para un fin de semana festivo?<\/summary><div class=\"gb-accordion-text\">\n<p class=\"has-text-align-center\">Un paquete de boda para un fin de semana festivo normalmente incluye eventos de bienvenida y tarifas especiales en la comida.<br>y bebidas, experiencias de degustaci\u00f3n y ventajas adicionales como una estancia de aniversario.<br>Estos elementos crean una experiencia completa que va m\u00e1s all\u00e1 del d\u00eda de la boda.<\/p>\n<\/div><\/details><\/div>\n\n\n\n<div class=\"wp-block-genesis-blocks-gb-accordion gb-align-center gb-block-accordion\"><details><summary class=\"gb-accordion-title\">\u00bfCon cu\u00e1nta antelaci\u00f3n debo reservar una boda de destino en M\u00e9xico?<\/summary><div class=\"gb-accordion-text\">\n<p class=\"has-text-align-center\">Se recomienda reservar con 9 a 12 meses de anticipaci\u00f3n, especialmente para las fechas de fin de semana festivo, ya que<br>Estos art\u00edculos tienen una gran demanda para bodas en destinos ex\u00f3ticos.<\/p>\n<\/div><\/details><\/div>\n\n\n\n<div class=\"wp-block-genesis-blocks-gb-accordion gb-align-center gb-block-accordion\"><details><summary class=\"gb-accordion-title\">\u00bfHay paquetes de bodas en la playa disponibles todo el a\u00f1o en M\u00e9xico?<\/summary><div class=\"gb-accordion-text\">\n<p class=\"has-text-align-center\">S\u00ed, las bodas en la playa est\u00e1n disponibles durante todo el a\u00f1o, con un mayor inter\u00e9s durante las vacaciones.<br>fines de semana en los que los hu\u00e9spedes pueden disfrutar de estancias m\u00e1s largas y celebraciones m\u00e1s relajadas.<\/p>\n<\/div><\/details><\/div>\n\n\n\n<div class=\"wp-block-genesis-blocks-gb-accordion gb-align-center gb-block-accordion\"><details><summary class=\"gb-accordion-title\">\u00bfQu\u00e9 hace que una boda de fin de semana largo sea especial?<\/summary><div class=\"gb-accordion-text\">\n<p class=\"has-text-align-center\">Una boda de fin de semana largo permite a las parejas extender su celebraci\u00f3n durante varios d\u00edas, creando<br>M\u00e1s tiempo para conectar, compartir experiencias y vivir momentos significativos con los hu\u00e9spedes.<\/p>\n<\/div><\/details><\/div>\n\n\n\n<p><\/p>","protected":false},"excerpt":{"rendered":"<p>Preguntas frecuentes<\/p>","protected":false},"author":1,"featured_media":0,"parent":0,"menu_order":0,"comment_status":"closed","ping_status":"closed","template":"","meta":{"_acf_changed":false,"inline_featured_image":false,"footnotes":""},"categories":[],"class_list":["post-19496","page","type-page","status-publish","hentry"],"acf":[],"featured_image_src":null,"featured_image_src_square":null,"publishpress_future_action":{"enabled":false,"date":"2026-05-06 17:47:19","action":"change-status","newStatus":"draft","terms":[],"taxonomy":"category","extraData":[]},"publishpress_future_workflow_manual_trigger":{"enabledWorkflows":[]},"_links":{"self":[{"href":"https:\/\/www.conradpuntademita.com\/es\/wp-json\/wp\/v2\/pages\/19496","targetHints":{"allow":["GET"]}}],"collection":[{"href":"https:\/\/www.conradpuntademita.com\/es\/wp-json\/wp\/v2\/pages"}],"about":[{"href":"https:\/\/www.conradpuntademita.com\/es\/wp-json\/wp\/v2\/types\/page"}],"author":[{"embeddable":true,"href":"https:\/\/www.conradpuntademita.com\/es\/wp-json\/wp\/v2\/users\/1"}],"replies":[{"embeddable":true,"href":"https:\/\/www.conradpuntademita.com\/es\/wp-json\/wp\/v2\/comments?post=19496"}],"version-history":[{"count":32,"href":"https:\/\/www.conradpuntademita.com\/es\/wp-json\/wp\/v2\/pages\/19496\/revisions"}],"predecessor-version":[{"id":19547,"href":"https:\/\/www.conradpuntademita.com\/es\/wp-json\/wp\/v2\/pages\/19496\/revisions\/19547"}],"wp:attachment":[{"href":"https:\/\/www.conradpuntademita.com\/es\/wp-json\/wp\/v2\/media?parent=19496"}],"wp:term":[{"taxonomy":"category","embeddable":true,"href":"https:\/\/www.conradpuntademita.com\/es\/wp-json\/wp\/v2\/categories?post=19496"}],"curies":[{"name":"wp","href":"https:\/\/api.w.org\/{rel}","templated":true}]}}