{"id":3985,"date":"2022-11-10T16:19:04","date_gmt":"2022-11-10T16:19:04","guid":{"rendered":"https:\/\/www.conradpuntademita.com\/?page_id=3985"},"modified":"2025-12-12T11:26:13","modified_gmt":"2025-12-12T11:26:13","slug":"mascaras-de-alambre","status":"publish","type":"page","link":"https:\/\/www.conradpuntademita.com\/es\/mascaras-de-alambre\/","title":{"rendered":"Mascaras De Alambre x Conrad Punta de Mita"},"content":{"rendered":"<section id=\"banner-block_6acb919ab9a741eae7d6eea3dd8395a1\" class=\"banner gradient-banner single-room\">\n  <div class=\"banner-wrapper\">\n          <img decoding=\"async\" src=\"https:\/\/cdn.conradpuntademita.com\/wp-content\/uploads\/2022\/11\/10210238\/MascarasdeAlambreSunset2000x1333.webp\" alt=\"MascarasdeAlambreSunset2000x1333\" class=\"banner__img banner__media\">\n      <\/div>\n\n      <div class=\"banner-content\">\n              <h2 class=\"banner-title heading1\">Mascaras De Alambre<\/h2>\n      \n              <h3 class=\"banner-subtitle heading5\">Diciembre 2022 \u2013 marzo 2023<\/h3>\n              \n      \n<\/section>\n\n\n<section id=\"responsive-spacer-block_a02178c04d18829b13156791cdd56920\" class=\"responsive-spacer\">\n<\/section>\n<style>\n  #responsive-spacer-block_a02178c04d18829b13156791cdd56920 {\n    width: 100%;\n  }\n\n  #responsive-spacer-block_a02178c04d18829b13156791cdd56920 {\n    height: 38px;\n  }\n\n  @media (min-width: 769px) {\n    #responsive-spacer-block_a02178c04d18829b13156791cdd56920 {\n      height: 60px;\n    }\n  }\n\n  @media (min-width: 1201px) {\n    #responsive-spacer-block_a02178c04d18829b13156791cdd56920 {\n      height: 84px;\n    }\n  }\n\n  <\/style>\n\n<section id=\"en\" class=\"two-columns event\">\n  <div class=\"row\">\n    <div class=\"col col-left a-right content\">\n                  <h1><em>Origen<\/em><\/h1>\n<p>&nbsp;<\/p>\n<h4><em>La historia que contamos es acerca de humanos y animales,<\/em><\/h4>\n<h4><em>De dioses y plantas.<\/em><\/h4>\n<h4><em>De ma\u00edz y agua.<\/em><\/h4>\n<h4><em>Aire, tierra y sol.<\/em><\/h4>\n<p>&nbsp;<\/p>\n<p><em>Has despertado entre sol y sol,  los sue\u00f1os son parte de este paisaje hecho con las manos.<\/em><\/p>\n<p>&nbsp;<\/p>\n<p>&nbsp;<\/p>\n                      <\/div>\n          <div class=\"col col-right a-left content\">\n        <p>&nbsp;<\/p>\n<p><em>Conrad Punta de Mita busca crear experiencias que sirvan como ventana cultural, en colaboraci\u00f3n con artistas locales contempor\u00e1neos. M\u00e1scaras de Alambre es el proyecto escult\u00f3rico mexicano de David Herrera y Pablo Cobo: el d\u00fao autodidacta en residencia en Conrad Punta de Mita, presenta una exposici\u00f3n de gran escala llamada\u00a0<b>Origen<\/b>.<\/em><\/p>\n<p>&nbsp;<\/p>\n<p><em>Seg\u00fan nuestros artistas, el mar de Nayarit es testigo de las trayectorias on\u00edricas que tejen un reflejo de la\u00a0<b>cora<\/b>\u00a0y\u00a0<b>Wix\u00e1rika<\/b>\u00a0cosmovisi\u00f3n. Origen es una invitaci\u00f3n a sentir el primer rayo del alba ya entregarse al espect\u00e1culo del ocaso: un laberinto de quimeras, animales, magia y seres espirituales reconociendo su humanidad. El origen es el brote de una semilla universal que germina en un lugar donde el cielo y el mar son indistinguibles.<\/em><\/p>\n<p>&nbsp;<\/p>\n<p><em>Piezas disponibles para compra desde 970 hasta 12,500 USD.<\/em><\/p>\n<p>&nbsp;<\/p>\n<p style=\"text-align: center;\"><a class=\"btn btn-primary\" href=\"https:\/\/cdn.conradpuntademita.com\/wp-content\/uploads\/2022\/11\/15191633\/Mascaras-de-Alambre-x-Conrad-Punta-de-Mita-Brochure.pdf\" target=\"_blank\" rel=\"noopener\">Ver folleto<\/a>\u00a0\u00a0<a class=\"btn btn-primary\" href=\"https:\/\/www.conradpuntademita.com\/es\/mascaras-de-alambre\/\" target=\"_blank\" rel=\"noopener\">ingles<\/a><\/p>\n      <\/div>\n      <\/div>\n<\/section>\n\n<section id=\"responsive-spacer-block_a02178c04d18829b13156791cdd56920\" class=\"responsive-spacer\">\n<\/section>\n<style>\n  #responsive-spacer-block_a02178c04d18829b13156791cdd56920 {\n    width: 100%;\n  }\n\n  #responsive-spacer-block_a02178c04d18829b13156791cdd56920 {\n    height: 38px;\n  }\n\n  @media (min-width: 769px) {\n    #responsive-spacer-block_a02178c04d18829b13156791cdd56920 {\n      height: 60px;\n    }\n  }\n\n  @media (min-width: 1201px) {\n    #responsive-spacer-block_a02178c04d18829b13156791cdd56920 {\n      height: 84px;\n    }\n  }\n\n  <\/style>\n\n\n\t<section class=\"media-content body-wrapper not-link\" id=\"quetzal\">\n\t<div class=\"media-content__left\">\n\t\t\t\t<h2 class=\"heading2 a-up\">\n\t\t\tQuetzal, 2022\t\t\t\t\t<\/h2>\n\t\t\t\t\t\t\t<h4 class=\"media-content__subheading a-up a-delay-1\">Alambre Recocido<\/h4>\n\t\t\n\t\t\n\t\t\n\t\t\t\t<div class=\"media-content__text a-up a-delay-2\"><p>280 cm alto x 40 cm ancho x 90 cm fondo<br><br>\r\n<i>El quetzal es una de las aves m\u00e1s importantes en distintas culturas mesoamericanas. \nEn la cultura Mexica, el quetzal est\u00e1 directamente relacionado con la creaci\u00f3n del mundo, manifestado en una de las deidades m\u00e1s relevantes de su mitolog\u00eda como Quetzalc\u00f3atl (La serpiente emplumada): dios de la vida, la luz, la fertilidad, la civilizaci\u00f3n y el conocimiento.<\/i><br><br><\/p><\/div>\n\t\t\n\t\t\t<\/div>\n\n\t<div class=\"media-content__right hover-images a-up a-delay-2\">\n\t\t<span class=\"media-content__gradient media-content__gradient-left\"><\/span>\n\t\t<span class=\"media-content__gradient media-content__gradient-right\"><\/span>\n\t\t<span class=\"media-content__gradient media-content__gradient-top\"><\/span>\n\t\t<span class=\"media-content__gradient media-content__gradient-bottom\"><\/span>\n\t\t\t\t\t\t\t<img decoding=\"async\" width=\"2917\" height=\"2292\" src=\"https:\/\/cdn.conradpuntademita.com\/wp-content\/uploads\/2022\/11\/10200711\/Quetzal2.webp\" class=\"hover-image is-hovered\" alt=\"dibujo de un quetzal\" loading=\"lazy\" srcset=\"https:\/\/cdn.conradpuntademita.com\/wp-content\/uploads\/2022\/11\/10200711\/Quetzal2.webp 2917w, https:\/\/cdn.conradpuntademita.com\/wp-content\/uploads\/2022\/11\/10200711\/Quetzal2-300x236.png 300w, https:\/\/cdn.conradpuntademita.com\/wp-content\/uploads\/2022\/11\/10200711\/Quetzal2-1024x805.png 1024w, https:\/\/cdn.conradpuntademita.com\/wp-content\/uploads\/2022\/11\/10200711\/Quetzal2-768x603.png 768w, https:\/\/cdn.conradpuntademita.com\/wp-content\/uploads\/2022\/11\/10200711\/Quetzal2-1536x1207.png 1536w, https:\/\/cdn.conradpuntademita.com\/wp-content\/uploads\/2022\/11\/10200711\/Quetzal2-2048x1609.png 2048w\" sizes=\"auto, (max-width: 2917px) 100vw, 2917px\" \/>\t\t\t\t\t<\/div>\n\n\t\t<\/section>\n\n\n<section id=\"responsive-spacer-block_a02178c04d18829b13156791cdd56920\" class=\"responsive-spacer\">\n<\/section>\n<style>\n  #responsive-spacer-block_a02178c04d18829b13156791cdd56920 {\n    width: 100%;\n  }\n\n  #responsive-spacer-block_a02178c04d18829b13156791cdd56920 {\n    height: 38px;\n  }\n\n  @media (min-width: 769px) {\n    #responsive-spacer-block_a02178c04d18829b13156791cdd56920 {\n      height: 60px;\n    }\n  }\n\n  @media (min-width: 1201px) {\n    #responsive-spacer-block_a02178c04d18829b13156791cdd56920 {\n      height: 84px;\n    }\n  }\n\n  <\/style>\n\n\n\t<section class=\"media-content body-wrapper not-link\" id=\"tayau\">\n\t<div class=\"media-content__left\">\n\t\t\t\t<h2 class=\"heading2 a-up\">\n\t\t\tTayau, 2022\t\t\t\t\t<\/h2>\n\t\t\t\t\t\t\t<h4 class=\"media-content__subheading a-up a-delay-1\">Alambre Recocido<\/h4>\n\t\t\n\t\t\n\t\t\n\t\t\t\t<div class=\"media-content__text a-up a-delay-2\"><p>410 cm alto x 250 cm ancho x 10 cm profundidad<br><br>\r\n<i>Tayau es el Dios Padre, representado por el sol en la mitolog\u00eda del pueblo Cora. \nDentro de su cosmogon\u00eda, se cree que cuando Tayau se sienta a descansar en su silla de oro, se marca el mediod\u00eda.<\/i><br><br><\/p><\/div>\n\t\t\n\t\t\t<\/div>\n\n\t<div class=\"media-content__right hover-images a-up a-delay-2\">\n\t\t<span class=\"media-content__gradient media-content__gradient-left\"><\/span>\n\t\t<span class=\"media-content__gradient media-content__gradient-right\"><\/span>\n\t\t<span class=\"media-content__gradient media-content__gradient-top\"><\/span>\n\t\t<span class=\"media-content__gradient media-content__gradient-bottom\"><\/span>\n\t\t\t\t\t\t\t<img decoding=\"async\" width=\"550\" height=\"700\" src=\"https:\/\/cdn.conradpuntademita.com\/wp-content\/uploads\/2022\/11\/10200741\/tayau-1.webp\" class=\"hover-image is-hovered\" alt=\"Un dibujo abstracto\" loading=\"lazy\" srcset=\"https:\/\/cdn.conradpuntademita.com\/wp-content\/uploads\/2022\/11\/10200741\/tayau-1.webp 550w, https:\/\/cdn.conradpuntademita.com\/wp-content\/uploads\/2022\/11\/10200741\/tayau-1-236x300.png 236w\" sizes=\"auto, (max-width: 550px) 100vw, 550px\" \/>\t\t\t\t\t<\/div>\n\n\t\t<\/section>\n\n\n<section id=\"responsive-spacer-block_a02178c04d18829b13156791cdd56920\" class=\"responsive-spacer\">\n<\/section>\n<style>\n  #responsive-spacer-block_a02178c04d18829b13156791cdd56920 {\n    width: 100%;\n  }\n\n  #responsive-spacer-block_a02178c04d18829b13156791cdd56920 {\n    height: 38px;\n  }\n\n  @media (min-width: 769px) {\n    #responsive-spacer-block_a02178c04d18829b13156791cdd56920 {\n      height: 60px;\n    }\n  }\n\n  @media (min-width: 1201px) {\n    #responsive-spacer-block_a02178c04d18829b13156791cdd56920 {\n      height: 84px;\n    }\n  }\n\n  <\/style>\n\n\n\t<section class=\"media-content body-wrapper not-link\" id=\"espectador\">\n\t<div class=\"media-content__left\">\n\t\t\t\t<h2 class=\"heading2 a-up\">\n\t\t\tEspectador, 2018\t\t\t\t\t<\/h2>\n\t\t\t\t\t\t\t<h4 class=\"media-content__subheading a-up a-delay-1\">Alambre Recocido<\/h4>\n\t\t\n\t\t\n\t\t\n\t\t\t\t<div class=\"media-content__text a-up a-delay-2\"><p>120 cm alto x 100 cm ancho x 120 cm profundidad<br><br>\r\n<i>El cr\u00e1neo es un s\u00edmbolo sumamente importante en M\u00e9xico y a diferencia de otras culturas, la significaci\u00f3n del cr\u00e1neo en nuestro pa\u00eds no s\u00f3lo est\u00e1 relacionado con la muerte, sino tambi\u00e9n con la vida, con el ritual y el sacrificio.<\/i><br><br><\/p><\/div>\n\t\t\n\t\t\t<\/div>\n\n\t<div class=\"media-content__right hover-images a-up a-delay-2\">\n\t\t<span class=\"media-content__gradient media-content__gradient-left\"><\/span>\n\t\t<span class=\"media-content__gradient media-content__gradient-right\"><\/span>\n\t\t<span class=\"media-content__gradient media-content__gradient-top\"><\/span>\n\t\t<span class=\"media-content__gradient media-content__gradient-bottom\"><\/span>\n\t\t\t\t\t\t\t<img decoding=\"async\" width=\"550\" height=\"700\" src=\"https:\/\/cdn.conradpuntademita.com\/wp-content\/uploads\/2022\/11\/09210851\/Expectador-e1668030234830.png\" class=\"hover-image is-hovered\" alt=\"expectador\" loading=\"lazy\" srcset=\"https:\/\/cdn.conradpuntademita.com\/wp-content\/uploads\/2022\/11\/09210851\/Expectador-e1668030234830.png 550w, https:\/\/cdn.conradpuntademita.com\/wp-content\/uploads\/2022\/11\/09210851\/Expectador-e1668030234830-236x300.png 236w\" sizes=\"auto, (max-width: 550px) 100vw, 550px\" \/>\t\t\t\t\t<\/div>\n\n\t\t<\/section>\n\n\n<section id=\"responsive-spacer-block_a02178c04d18829b13156791cdd56920\" class=\"responsive-spacer\">\n<\/section>\n<style>\n  #responsive-spacer-block_a02178c04d18829b13156791cdd56920 {\n    width: 100%;\n  }\n\n  #responsive-spacer-block_a02178c04d18829b13156791cdd56920 {\n    height: 38px;\n  }\n\n  @media (min-width: 769px) {\n    #responsive-spacer-block_a02178c04d18829b13156791cdd56920 {\n      height: 60px;\n    }\n  }\n\n  @media (min-width: 1201px) {\n    #responsive-spacer-block_a02178c04d18829b13156791cdd56920 {\n      height: 84px;\n    }\n  }\n\n  <\/style>\n\n\n\t<section class=\"media-content body-wrapper not-link\" id=\"huehuecoyotl\">\n\t<div class=\"media-content__left\">\n\t\t\t\t<h2 class=\"heading2 a-up\">\n\t\t\tHuehuec\u00f3yotl, 2017\t\t\t\t\t<\/h2>\n\t\t\t\t\t\t\t<h4 class=\"media-content__subheading a-up a-delay-1\">Alambre Recocido<\/h4>\n\t\t\n\t\t\n\t\t\n\t\t\t\t<div class=\"media-content__text a-up a-delay-2\"><p>7 m de alto x 4 m de ancho x 30 cm de profundidad<br><br>\r\n<i>En la mitolog\u00eda Mexica, Huehuec\u00f3yotl es el dios de las artes, se\u00f1or de la m\u00fasica y de la danza ceremonial. Este dios es encarnado por un coyote viejo que en la mayor\u00eda de sus representaciones est\u00e1 bailando y cantando.<\/i><br><br><\/p><\/div>\n\t\t\n\t\t\t<\/div>\n\n\t<div class=\"media-content__right hover-images a-up a-delay-2\">\n\t\t<span class=\"media-content__gradient media-content__gradient-left\"><\/span>\n\t\t<span class=\"media-content__gradient media-content__gradient-right\"><\/span>\n\t\t<span class=\"media-content__gradient media-content__gradient-top\"><\/span>\n\t\t<span class=\"media-content__gradient media-content__gradient-bottom\"><\/span>\n\t\t\t\t\t\t\t<img decoding=\"async\" width=\"550\" height=\"700\" src=\"https:\/\/cdn.conradpuntademita.com\/wp-content\/uploads\/2022\/11\/10200521\/Huehuecoyotl-1.webp\" class=\"hover-image is-hovered\" alt=\"Huehuecoyotl el dios mexicano de las artes\" loading=\"lazy\" srcset=\"https:\/\/cdn.conradpuntademita.com\/wp-content\/uploads\/2022\/11\/10200521\/Huehuecoyotl-1.webp 550w, https:\/\/cdn.conradpuntademita.com\/wp-content\/uploads\/2022\/11\/10200521\/Huehuecoyotl-1-236x300.png 236w\" sizes=\"auto, (max-width: 550px) 100vw, 550px\" \/>\t\t\t\t\t<\/div>\n\n\t\t<\/section>\n\n\n<section id=\"responsive-spacer-block_a02178c04d18829b13156791cdd56920\" class=\"responsive-spacer\">\n<\/section>\n<style>\n  #responsive-spacer-block_a02178c04d18829b13156791cdd56920 {\n    width: 100%;\n  }\n\n  #responsive-spacer-block_a02178c04d18829b13156791cdd56920 {\n    height: 38px;\n  }\n\n  @media (min-width: 769px) {\n    #responsive-spacer-block_a02178c04d18829b13156791cdd56920 {\n      height: 60px;\n    }\n  }\n\n  @media (min-width: 1201px) {\n    #responsive-spacer-block_a02178c04d18829b13156791cdd56920 {\n      height: 84px;\n    }\n  }\n\n  <\/style>\n\n\n\t<section class=\"media-content body-wrapper not-link\" id=\"nacer\">\n\t<div class=\"media-content__left\">\n\t\t\t\t<h2 class=\"heading2 a-up\">\n\t\t\tNacer del sol para ver la Luna, 2022\t\t\t\t\t<\/h2>\n\t\t\t\t\t\t\t<h4 class=\"media-content__subheading a-up a-delay-1\">Alambre Recocido<\/h4>\n\t\t\n\t\t\n\t\t\n\t\t\t\t<div class=\"media-content__text a-up a-delay-2\"><p>150 cm alto x 140 cm ancho x 50 cm fondo<br><br>\r\n<i>Esta pieza representa el trayecto de la vida en forma c\u00edclica. La superposici\u00f3n de las m\u00e1scaras es un estudio que los artistas han hecho a lo largo de tres a\u00f1os para a\u00f1adir movimiento a sus obras. Dicho movimiento nos muestra las emociones encarnadas que vivimos los humanos en los planos del d\u00eda y la noche. Las esferas representanrepresentan El Sol y la Luna.<\/i><br><br><\/p><\/div>\n\t\t\n\t\t\t<\/div>\n\n\t<div class=\"media-content__right hover-images a-up a-delay-2\">\n\t\t<span class=\"media-content__gradient media-content__gradient-left\"><\/span>\n\t\t<span class=\"media-content__gradient media-content__gradient-right\"><\/span>\n\t\t<span class=\"media-content__gradient media-content__gradient-top\"><\/span>\n\t\t<span class=\"media-content__gradient media-content__gradient-bottom\"><\/span>\n\t\t\t\t\t\t\t<img decoding=\"async\" width=\"2917\" height=\"2292\" src=\"https:\/\/cdn.conradpuntademita.com\/wp-content\/uploads\/2022\/11\/10230256\/Nacer-del-sol-para-ver-la-lluna.webp\" class=\"hover-image is-hovered\" alt=\"Un sorteo de la salida del sol para ver la luna.\" loading=\"lazy\" srcset=\"https:\/\/cdn.conradpuntademita.com\/wp-content\/uploads\/2022\/11\/10230256\/Nacer-del-sol-para-ver-la-lluna.webp 2917w, https:\/\/cdn.conradpuntademita.com\/wp-content\/uploads\/2022\/11\/10230256\/Nacer-del-sol-para-ver-la-lluna-300x236.png 300w, https:\/\/cdn.conradpuntademita.com\/wp-content\/uploads\/2022\/11\/10230256\/Nacer-del-sol-para-ver-la-lluna-1024x805.png 1024w, https:\/\/cdn.conradpuntademita.com\/wp-content\/uploads\/2022\/11\/10230256\/Nacer-del-sol-para-ver-la-lluna-768x603.png 768w, https:\/\/cdn.conradpuntademita.com\/wp-content\/uploads\/2022\/11\/10230256\/Nacer-del-sol-para-ver-la-lluna-1536x1207.png 1536w, https:\/\/cdn.conradpuntademita.com\/wp-content\/uploads\/2022\/11\/10230256\/Nacer-del-sol-para-ver-la-lluna-2048x1609.png 2048w\" sizes=\"auto, (max-width: 2917px) 100vw, 2917px\" \/>\t\t\t\t\t<\/div>\n\n\t\t<\/section>\n\n\n<section id=\"responsive-spacer-block_a02178c04d18829b13156791cdd56920\" class=\"responsive-spacer\">\n<\/section>\n<style>\n  #responsive-spacer-block_a02178c04d18829b13156791cdd56920 {\n    width: 100%;\n  }\n\n  #responsive-spacer-block_a02178c04d18829b13156791cdd56920 {\n    height: 38px;\n  }\n\n  @media (min-width: 769px) {\n    #responsive-spacer-block_a02178c04d18829b13156791cdd56920 {\n      height: 60px;\n    }\n  }\n\n  @media (min-width: 1201px) {\n    #responsive-spacer-block_a02178c04d18829b13156791cdd56920 {\n      height: 84px;\n    }\n  }\n\n  <\/style>\n\n\n\t<section class=\"media-content body-wrapper not-link\" id=\"venado\">\n\t<div class=\"media-content__left\">\n\t\t\t\t<h2 class=\"heading2 a-up\">\n\t\t\tVenado, 2022\t\t\t\t\t<\/h2>\n\t\t\t\t\t\t\t<h4 class=\"media-content__subheading a-up a-delay-1\">Alambre Recocido<\/h4>\n\t\t\n\t\t\n\t\t\n\t\t\t\t<div class=\"media-content__text a-up a-delay-2\"><p>45 cm alto x 25 cm ancho x 200 cm fondo<br><br>\r\n<i>El venado azul (Kauyumari) es una de las principales deidades de la cultura Wixarika. Cuenta la leyenda, que fue un ciervo quien gui\u00f3 al pueblo Wixarika, en un momento de hambruna y enfermedad, a la tierra sagrada (Wirikuta) y les mostr\u00f3 con su sacrificio, el infinito poder del peyote.<\/i><br><br><\/p><\/div>\n\t\t\n\t\t\t<\/div>\n\n\t<div class=\"media-content__right hover-images a-up a-delay-2\">\n\t\t<span class=\"media-content__gradient media-content__gradient-left\"><\/span>\n\t\t<span class=\"media-content__gradient media-content__gradient-right\"><\/span>\n\t\t<span class=\"media-content__gradient media-content__gradient-top\"><\/span>\n\t\t<span class=\"media-content__gradient media-content__gradient-bottom\"><\/span>\n\t\t\t\t\t\t\t<img decoding=\"async\" width=\"2917\" height=\"2292\" src=\"https:\/\/cdn.conradpuntademita.com\/wp-content\/uploads\/2022\/11\/10200755\/Venado-1.webp\" class=\"hover-image is-hovered\" alt=\"Un sorteo de un ciervo\" loading=\"lazy\" srcset=\"https:\/\/cdn.conradpuntademita.com\/wp-content\/uploads\/2022\/11\/10200755\/Venado-1.webp 2917w, https:\/\/cdn.conradpuntademita.com\/wp-content\/uploads\/2022\/11\/10200755\/Venado-1-300x236.png 300w, https:\/\/cdn.conradpuntademita.com\/wp-content\/uploads\/2022\/11\/10200755\/Venado-1-1024x805.png 1024w, https:\/\/cdn.conradpuntademita.com\/wp-content\/uploads\/2022\/11\/10200755\/Venado-1-768x603.png 768w, https:\/\/cdn.conradpuntademita.com\/wp-content\/uploads\/2022\/11\/10200755\/Venado-1-1536x1207.png 1536w, https:\/\/cdn.conradpuntademita.com\/wp-content\/uploads\/2022\/11\/10200755\/Venado-1-2048x1609.png 2048w\" sizes=\"auto, (max-width: 2917px) 100vw, 2917px\" \/>\t\t\t\t\t<\/div>\n\n\t\t<\/section>\n\n\n<section id=\"responsive-spacer-block_a02178c04d18829b13156791cdd56920\" class=\"responsive-spacer\">\n<\/section>\n<style>\n  #responsive-spacer-block_a02178c04d18829b13156791cdd56920 {\n    width: 100%;\n  }\n\n  #responsive-spacer-block_a02178c04d18829b13156791cdd56920 {\n    height: 38px;\n  }\n\n  @media (min-width: 769px) {\n    #responsive-spacer-block_a02178c04d18829b13156791cdd56920 {\n      height: 60px;\n    }\n  }\n\n  @media (min-width: 1201px) {\n    #responsive-spacer-block_a02178c04d18829b13156791cdd56920 {\n      height: 84px;\n    }\n  }\n\n  <\/style>\n\n\n\t<section class=\"media-content body-wrapper not-link\" id=\"ojos\">\n\t<div class=\"media-content__left\">\n\t\t\t\t<h2 class=\"heading2 a-up\">\n\t\t\tMis ojos y el de dios, 2022\t\t\t\t\t<\/h2>\n\t\t\t\t\t\t\t<h4 class=\"media-content__subheading a-up a-delay-1\">Alambre Recocido<\/h4>\n\t\t\n\t\t\n\t\t\n\t\t\t\t<div class=\"media-content__text a-up a-delay-2\"><p>65 cm alto x 45 cm ancho x 35 cm fondo<br><br>\r\n<i>El ojo de dios es un amuleto y s\u00edmbolo de poder y protecci\u00f3n. Forma parte del mundo espiritual de la cultura Wix\u00e1rika y es el medio por el cual el dios Kauyumari (el venado azul) ve y comprende los misterios del mundo.<\/i><br><br><\/p><\/div>\n\t\t\n\t\t\t<\/div>\n\n\t<div class=\"media-content__right hover-images a-up a-delay-2\">\n\t\t<span class=\"media-content__gradient media-content__gradient-left\"><\/span>\n\t\t<span class=\"media-content__gradient media-content__gradient-right\"><\/span>\n\t\t<span class=\"media-content__gradient media-content__gradient-top\"><\/span>\n\t\t<span class=\"media-content__gradient media-content__gradient-bottom\"><\/span>\n\t\t\t\t\t\t\t<img decoding=\"async\" width=\"2917\" height=\"2292\" src=\"https:\/\/cdn.conradpuntademita.com\/wp-content\/uploads\/2022\/11\/10200529\/Los-7-ojos-2.webp\" class=\"hover-image is-hovered\" alt=\"Un dibujo de una cara con peque\u00f1os cuadrados.\" loading=\"lazy\" srcset=\"https:\/\/cdn.conradpuntademita.com\/wp-content\/uploads\/2022\/11\/10200529\/Los-7-ojos-2.webp 2917w, https:\/\/cdn.conradpuntademita.com\/wp-content\/uploads\/2022\/11\/10200529\/Los-7-ojos-2-300x236.png 300w, https:\/\/cdn.conradpuntademita.com\/wp-content\/uploads\/2022\/11\/10200529\/Los-7-ojos-2-1024x805.png 1024w, https:\/\/cdn.conradpuntademita.com\/wp-content\/uploads\/2022\/11\/10200529\/Los-7-ojos-2-768x603.png 768w, https:\/\/cdn.conradpuntademita.com\/wp-content\/uploads\/2022\/11\/10200529\/Los-7-ojos-2-1536x1207.png 1536w, https:\/\/cdn.conradpuntademita.com\/wp-content\/uploads\/2022\/11\/10200529\/Los-7-ojos-2-2048x1609.png 2048w\" sizes=\"auto, (max-width: 2917px) 100vw, 2917px\" \/>\t\t\t\t\t<\/div>\n\n\t\t<\/section>\n\n\n<section id=\"responsive-spacer-block_a02178c04d18829b13156791cdd56920\" class=\"responsive-spacer\">\n<\/section>\n<style>\n  #responsive-spacer-block_a02178c04d18829b13156791cdd56920 {\n    width: 100%;\n  }\n\n  #responsive-spacer-block_a02178c04d18829b13156791cdd56920 {\n    height: 38px;\n  }\n\n  @media (min-width: 769px) {\n    #responsive-spacer-block_a02178c04d18829b13156791cdd56920 {\n      height: 60px;\n    }\n  }\n\n  @media (min-width: 1201px) {\n    #responsive-spacer-block_a02178c04d18829b13156791cdd56920 {\n      height: 84px;\n    }\n  }\n\n  <\/style>\n\n\n\t<section class=\"media-content body-wrapper not-link\" id=\"origen\">\n\t<div class=\"media-content__left\">\n\t\t\t\t<h2 class=\"heading2 a-up\">\n\t\t\tOrigen, 2022\t\t\t\t\t<\/h2>\n\t\t\t\t\t\t\t<h4 class=\"media-content__subheading a-up a-delay-1\">Alambre Recocido<\/h4>\n\t\t\n\t\t\n\t\t\n\t\t\t\t<div class=\"media-content__text a-up a-delay-2\"><p>45 cm alto x 25 cm ancho x 200 cm fondo<br><br>\r\n\r\n<i>Esta pieza es una simb\u00f3lica s\u00edntesis del sentido existencial hol\u00edstico de las culturas mesoamericanas en cuesti\u00f3n de esta exposici\u00f3n.<\/i><br><br><\/p><\/div>\n\t\t\n\t\t\t<\/div>\n\n\t<div class=\"media-content__right hover-images a-up a-delay-2\">\n\t\t<span class=\"media-content__gradient media-content__gradient-left\"><\/span>\n\t\t<span class=\"media-content__gradient media-content__gradient-right\"><\/span>\n\t\t<span class=\"media-content__gradient media-content__gradient-top\"><\/span>\n\t\t<span class=\"media-content__gradient media-content__gradient-bottom\"><\/span>\n\t\t\t\t\t\t\t<img decoding=\"async\" width=\"2917\" height=\"2292\" src=\"https:\/\/cdn.conradpuntademita.com\/wp-content\/uploads\/2022\/11\/10200636\/Origen-1.webp\" class=\"hover-image is-hovered\" alt=\"Una mano sosteniendo una mazorca\" loading=\"lazy\" srcset=\"https:\/\/cdn.conradpuntademita.com\/wp-content\/uploads\/2022\/11\/10200636\/Origen-1.webp 2917w, https:\/\/cdn.conradpuntademita.com\/wp-content\/uploads\/2022\/11\/10200636\/Origen-1-300x236.png 300w, https:\/\/cdn.conradpuntademita.com\/wp-content\/uploads\/2022\/11\/10200636\/Origen-1-1024x805.png 1024w, https:\/\/cdn.conradpuntademita.com\/wp-content\/uploads\/2022\/11\/10200636\/Origen-1-768x603.png 768w, https:\/\/cdn.conradpuntademita.com\/wp-content\/uploads\/2022\/11\/10200636\/Origen-1-1536x1207.png 1536w, https:\/\/cdn.conradpuntademita.com\/wp-content\/uploads\/2022\/11\/10200636\/Origen-1-2048x1609.png 2048w\" sizes=\"auto, (max-width: 2917px) 100vw, 2917px\" \/>\t\t\t\t\t<\/div>\n\n\t\t<\/section>\n\n\n<section id=\"responsive-spacer-block_a02178c04d18829b13156791cdd56920\" class=\"responsive-spacer\">\n<\/section>\n<style>\n  #responsive-spacer-block_a02178c04d18829b13156791cdd56920 {\n    width: 100%;\n  }\n\n  #responsive-spacer-block_a02178c04d18829b13156791cdd56920 {\n    height: 38px;\n  }\n\n  @media (min-width: 769px) {\n    #responsive-spacer-block_a02178c04d18829b13156791cdd56920 {\n      height: 60px;\n    }\n  }\n\n  @media (min-width: 1201px) {\n    #responsive-spacer-block_a02178c04d18829b13156791cdd56920 {\n      height: 84px;\n    }\n  }\n\n  <\/style>\n\n\n\t<section class=\"media-content body-wrapper not-link\" id=\"mazorca\">\n\t<div class=\"media-content__left\">\n\t\t\t\t<h2 class=\"heading2 a-up\">\n\t\t\tMazorca de poder, 2022\t\t\t\t\t<\/h2>\n\t\t\t\t\t\t\t<h4 class=\"media-content__subheading a-up a-delay-1\">Alambre Recocido<\/h4>\n\t\t\n\t\t\n\t\t\n\t\t\t\t<div class=\"media-content__text a-up a-delay-2\"><p>45 cm alto x 25 cm ancho x 200 cm fondo<br><br>\r\n\r\n<i>Con esta carta -este cuadro- rendimos tributo a la poderosa planta de Ma\u00edz, sin la cual no reconocer\u00edamos nuestra propia cultura, ni existencia.<\/i><br><br><\/p><\/div>\n\t\t\n\t\t\t<\/div>\n\n\t<div class=\"media-content__right hover-images a-up a-delay-2\">\n\t\t<span class=\"media-content__gradient media-content__gradient-left\"><\/span>\n\t\t<span class=\"media-content__gradient media-content__gradient-right\"><\/span>\n\t\t<span class=\"media-content__gradient media-content__gradient-top\"><\/span>\n\t\t<span class=\"media-content__gradient media-content__gradient-bottom\"><\/span>\n\t\t\t\t\t\t\t<img decoding=\"async\" width=\"2917\" height=\"2292\" src=\"https:\/\/cdn.conradpuntademita.com\/wp-content\/uploads\/2022\/11\/10230441\/Mazorca-del-poder.webp\" class=\"hover-image is-hovered\" alt=\"El ma\u00edz energ\u00e9tico\" loading=\"lazy\" srcset=\"https:\/\/cdn.conradpuntademita.com\/wp-content\/uploads\/2022\/11\/10230441\/Mazorca-del-poder.webp 2917w, https:\/\/cdn.conradpuntademita.com\/wp-content\/uploads\/2022\/11\/10230441\/Mazorca-del-poder-300x236.png 300w, https:\/\/cdn.conradpuntademita.com\/wp-content\/uploads\/2022\/11\/10230441\/Mazorca-del-poder-1024x805.png 1024w, https:\/\/cdn.conradpuntademita.com\/wp-content\/uploads\/2022\/11\/10230441\/Mazorca-del-poder-768x603.png 768w, https:\/\/cdn.conradpuntademita.com\/wp-content\/uploads\/2022\/11\/10230441\/Mazorca-del-poder-1536x1207.png 1536w, https:\/\/cdn.conradpuntademita.com\/wp-content\/uploads\/2022\/11\/10230441\/Mazorca-del-poder-2048x1609.png 2048w\" sizes=\"auto, (max-width: 2917px) 100vw, 2917px\" \/>\t\t\t\t\t<\/div>\n\n\t\t<\/section>\n\n\n<section id=\"responsive-spacer-block_a02178c04d18829b13156791cdd56920\" class=\"responsive-spacer\">\n<\/section>\n<style>\n  #responsive-spacer-block_a02178c04d18829b13156791cdd56920 {\n    width: 100%;\n  }\n\n  #responsive-spacer-block_a02178c04d18829b13156791cdd56920 {\n    height: 38px;\n  }\n\n  @media (min-width: 769px) {\n    #responsive-spacer-block_a02178c04d18829b13156791cdd56920 {\n      height: 60px;\n    }\n  }\n\n  @media (min-width: 1201px) {\n    #responsive-spacer-block_a02178c04d18829b13156791cdd56920 {\n      height: 84px;\n    }\n  }\n\n  <\/style>\n\n\n\t<section class=\"media-content body-wrapper not-link\" id=\"lucha\">\n\t<div class=\"media-content__left\">\n\t\t\t\t<h2 class=\"heading2 a-up\">\n\t\t\tLa lucha, 2022\t\t\t\t\t<\/h2>\n\t\t\t\t\t\t\t<h4 class=\"media-content__subheading a-up a-delay-1\">Alambre Recocido<\/h4>\n\t\t\n\t\t\n\t\t\n\t\t\t\t<div class=\"media-content__text a-up a-delay-2\"><p>45 cm alto x 25 cm ancho x 200 cm fondo<br><br>\r\n\r\n<i>Esta pieza habla la larga -lamentablemente vigente- lucha de los campesinos y agricultores en este pa\u00eds, lucha en contra de gobiernos y sociedades opresoras que hist\u00f3ricamente, han saqueado y abusado a nuestra tierra y a nuestra gente.<\/i><br><br><\/p><\/div>\n\t\t\n\t\t\t<\/div>\n\n\t<div class=\"media-content__right hover-images a-up a-delay-2\">\n\t\t<span class=\"media-content__gradient media-content__gradient-left\"><\/span>\n\t\t<span class=\"media-content__gradient media-content__gradient-right\"><\/span>\n\t\t<span class=\"media-content__gradient media-content__gradient-top\"><\/span>\n\t\t<span class=\"media-content__gradient media-content__gradient-bottom\"><\/span>\n\t\t\t\t\t\t\t<img decoding=\"async\" width=\"2917\" height=\"2292\" src=\"https:\/\/cdn.conradpuntademita.com\/wp-content\/uploads\/2022\/11\/10200602\/Lucha.webp\" class=\"hover-image is-hovered\" alt=\"Un brazo sosteniendo una antorcha\" loading=\"lazy\" srcset=\"https:\/\/cdn.conradpuntademita.com\/wp-content\/uploads\/2022\/11\/10200602\/Lucha.webp 2917w, https:\/\/cdn.conradpuntademita.com\/wp-content\/uploads\/2022\/11\/10200602\/Lucha-300x236.png 300w, https:\/\/cdn.conradpuntademita.com\/wp-content\/uploads\/2022\/11\/10200602\/Lucha-1024x805.png 1024w, https:\/\/cdn.conradpuntademita.com\/wp-content\/uploads\/2022\/11\/10200602\/Lucha-768x603.png 768w, https:\/\/cdn.conradpuntademita.com\/wp-content\/uploads\/2022\/11\/10200602\/Lucha-1536x1207.png 1536w, https:\/\/cdn.conradpuntademita.com\/wp-content\/uploads\/2022\/11\/10200602\/Lucha-2048x1609.png 2048w\" sizes=\"auto, (max-width: 2917px) 100vw, 2917px\" \/>\t\t\t\t\t<\/div>\n\n\t\t<\/section>\n\n\n<section id=\"responsive-spacer-block_a02178c04d18829b13156791cdd56920\" class=\"responsive-spacer\">\n<\/section>\n<style>\n  #responsive-spacer-block_a02178c04d18829b13156791cdd56920 {\n    width: 100%;\n  }\n\n  #responsive-spacer-block_a02178c04d18829b13156791cdd56920 {\n    height: 38px;\n  }\n\n  @media (min-width: 769px) {\n    #responsive-spacer-block_a02178c04d18829b13156791cdd56920 {\n      height: 60px;\n    }\n  }\n\n  @media (min-width: 1201px) {\n    #responsive-spacer-block_a02178c04d18829b13156791cdd56920 {\n      height: 84px;\n    }\n  }\n\n  <\/style>\n\n\n\t<section class=\"media-content body-wrapper not-link\" id=\"cueva\">\n\t<div class=\"media-content__left\">\n\t\t\t\t<h2 class=\"heading2 a-up\">\n\t\t\tCueva de los sentidos, 2022\t\t\t\t\t<\/h2>\n\t\t\t\t\t\t\t<h4 class=\"media-content__subheading a-up a-delay-1\">Alambre Recocido<\/h4>\n\t\t\n\t\t\n\t\t\n\t\t\t\t<div class=\"media-content__text a-up a-delay-2\"><p>20 cm de alto x 25 cm de ancho x 3 cm de profundidad<br><br>\r\n\r\n<i>Esta pieza manifiesta que nuestra perspectiva siempre es subjetiva. Siempre es humana.\nHabla de los sentidos como los \u00fanicos canales al conocimiento. <\/i><br><br><\/p><\/div>\n\t\t\n\t\t\t<\/div>\n\n\t<div class=\"media-content__right hover-images a-up a-delay-2\">\n\t\t<span class=\"media-content__gradient media-content__gradient-left\"><\/span>\n\t\t<span class=\"media-content__gradient media-content__gradient-right\"><\/span>\n\t\t<span class=\"media-content__gradient media-content__gradient-top\"><\/span>\n\t\t<span class=\"media-content__gradient media-content__gradient-bottom\"><\/span>\n\t\t\t\t\t\t\t<img decoding=\"async\" width=\"2917\" height=\"2292\" src=\"https:\/\/cdn.conradpuntademita.com\/wp-content\/uploads\/2022\/11\/10200434\/Cueva-de-sentidos.webp\" class=\"hover-image is-hovered\" alt=\"cueva de los sentidos\" loading=\"lazy\" srcset=\"https:\/\/cdn.conradpuntademita.com\/wp-content\/uploads\/2022\/11\/10200434\/Cueva-de-sentidos.webp 2917w, https:\/\/cdn.conradpuntademita.com\/wp-content\/uploads\/2022\/11\/10200434\/Cueva-de-sentidos-300x236.png 300w, https:\/\/cdn.conradpuntademita.com\/wp-content\/uploads\/2022\/11\/10200434\/Cueva-de-sentidos-1024x805.png 1024w, https:\/\/cdn.conradpuntademita.com\/wp-content\/uploads\/2022\/11\/10200434\/Cueva-de-sentidos-768x603.png 768w, https:\/\/cdn.conradpuntademita.com\/wp-content\/uploads\/2022\/11\/10200434\/Cueva-de-sentidos-1536x1207.png 1536w, https:\/\/cdn.conradpuntademita.com\/wp-content\/uploads\/2022\/11\/10200434\/Cueva-de-sentidos-2048x1609.png 2048w\" sizes=\"auto, (max-width: 2917px) 100vw, 2917px\" \/>\t\t\t\t\t<\/div>\n\n\t\t<\/section>\n\n\n<section id=\"responsive-spacer-block_a02178c04d18829b13156791cdd56920\" class=\"responsive-spacer\">\n<\/section>\n<style>\n  #responsive-spacer-block_a02178c04d18829b13156791cdd56920 {\n    width: 100%;\n  }\n\n  #responsive-spacer-block_a02178c04d18829b13156791cdd56920 {\n    height: 38px;\n  }\n\n  @media (min-width: 769px) {\n    #responsive-spacer-block_a02178c04d18829b13156791cdd56920 {\n      height: 60px;\n    }\n  }\n\n  @media (min-width: 1201px) {\n    #responsive-spacer-block_a02178c04d18829b13156791cdd56920 {\n      height: 84px;\n    }\n  }\n\n  <\/style>\n\n\n\t<section class=\"media-content body-wrapper not-link\" id=\"miel\">\n\t<div class=\"media-content__left\">\n\t\t\t\t<h2 class=\"heading2 a-up\">\n\t\t\tOjos de Miel, 2022\t\t\t\t\t<\/h2>\n\t\t\t\t\t\t\t<h4 class=\"media-content__subheading a-up a-delay-1\">Alambre Recocido<\/h4>\n\t\t\n\t\t\n\t\t\n\t\t\t\t<div class=\"media-content__text a-up a-delay-2\"><p>70 cm alto x 230 cm ancho x 40 cm profundidad<br><br>\r\n<i>El peyote (Hikuri) es la conversi\u00f3n del esp\u00edritu del venado azul (Kauyumari) en cactacea. Gracias a sus propiedades psicotr\u00f3picas, el peyote es usado por la comunidad Wixarika como veh\u00edculo ritual para la comunicaci\u00f3n entre el mundo terrenal y el divino.<\/i><br><br><\/p><\/div>\n\t\t\n\t\t\t<\/div>\n\n\t<div class=\"media-content__right hover-images a-up a-delay-2\">\n\t\t<span class=\"media-content__gradient media-content__gradient-left\"><\/span>\n\t\t<span class=\"media-content__gradient media-content__gradient-right\"><\/span>\n\t\t<span class=\"media-content__gradient media-content__gradient-top\"><\/span>\n\t\t<span class=\"media-content__gradient media-content__gradient-bottom\"><\/span>\n\t\t\t\t\t\t\t<img decoding=\"async\" width=\"700\" height=\"550\" src=\"https:\/\/cdn.conradpuntademita.com\/wp-content\/uploads\/2022\/11\/09210929\/ojos-miel.webp\" class=\"hover-image is-hovered\" alt=\"Dibujo de dos ojos, con c\u00edrculos.\" loading=\"lazy\" srcset=\"https:\/\/cdn.conradpuntademita.com\/wp-content\/uploads\/2022\/11\/09210929\/ojos-miel.webp 700w, https:\/\/cdn.conradpuntademita.com\/wp-content\/uploads\/2022\/11\/09210929\/ojos-miel-300x236.png 300w\" sizes=\"auto, (max-width: 700px) 100vw, 700px\" \/>\t\t\t\t\t<\/div>\n\n\t\t<\/section>\n\n\n<section id=\"responsive-spacer-block_a02178c04d18829b13156791cdd56920\" class=\"responsive-spacer\">\n<\/section>\n<style>\n  #responsive-spacer-block_a02178c04d18829b13156791cdd56920 {\n    width: 100%;\n  }\n\n  #responsive-spacer-block_a02178c04d18829b13156791cdd56920 {\n    height: 38px;\n  }\n\n  @media (min-width: 769px) {\n    #responsive-spacer-block_a02178c04d18829b13156791cdd56920 {\n      height: 60px;\n    }\n  }\n\n  @media (min-width: 1201px) {\n    #responsive-spacer-block_a02178c04d18829b13156791cdd56920 {\n      height: 84px;\n    }\n  }\n\n  <\/style>\n\n\n\t<section class=\"media-content body-wrapper not-link\" id=\"triada\">\n\t<div class=\"media-content__left\">\n\t\t\t\t<h2 class=\"heading2 a-up\">\n\t\t\tTriada del Poder, 2022\t\t\t\t\t<\/h2>\n\t\t\t\t\t\t\t<h4 class=\"media-content__subheading a-up a-delay-1\">Alambre Recocido<\/h4>\n\t\t\n\t\t\n\t\t\n\t\t\t\t<div class=\"media-content__text a-up a-delay-2\"><p>El Toro, la Serpiente y el Jaguar, son animales de poder que han acompa\u00f1ado al proyecto M\u00e1scaras de alambre de manera simb\u00f3lica lo largo de casi seis a\u00f1os. Estas piezas aparte de m\u00e1scaras, son un un homenaje a estos fabulosos animales.<br>\r\n<br>Las dimensiones var\u00edan.<\/p><\/div>\n\t\t\n\t\t\t<\/div>\n\n\t<div class=\"media-content__right hover-images a-up a-delay-2\">\n\t\t<span class=\"media-content__gradient media-content__gradient-left\"><\/span>\n\t\t<span class=\"media-content__gradient media-content__gradient-right\"><\/span>\n\t\t<span class=\"media-content__gradient media-content__gradient-top\"><\/span>\n\t\t<span class=\"media-content__gradient media-content__gradient-bottom\"><\/span>\n\t\t\t\t\t\t\t<img decoding=\"async\" width=\"2697\" height=\"2480\" src=\"https:\/\/cdn.conradpuntademita.com\/wp-content\/uploads\/2022\/11\/11154946\/triada.webp\" class=\"hover-image is-hovered\" alt=\"M\u00e1scara de Toro, M\u00e1scara de Serpiente y M\u00e1scara de Jaguar\" loading=\"lazy\" srcset=\"https:\/\/cdn.conradpuntademita.com\/wp-content\/uploads\/2022\/11\/11154946\/triada.webp 2697w, https:\/\/cdn.conradpuntademita.com\/wp-content\/uploads\/2022\/11\/11154946\/triada-300x276.png 300w, https:\/\/cdn.conradpuntademita.com\/wp-content\/uploads\/2022\/11\/11154946\/triada-1024x942.png 1024w, https:\/\/cdn.conradpuntademita.com\/wp-content\/uploads\/2022\/11\/11154946\/triada-768x706.png 768w, https:\/\/cdn.conradpuntademita.com\/wp-content\/uploads\/2022\/11\/11154946\/triada-1536x1412.png 1536w, https:\/\/cdn.conradpuntademita.com\/wp-content\/uploads\/2022\/11\/11154946\/triada-2048x1883.png 2048w\" sizes=\"auto, (max-width: 2697px) 100vw, 2697px\" \/>\t\t\t\t\t<\/div>\n\n\t\t<\/section>\n\n\n<section id=\"responsive-spacer-block_a02178c04d18829b13156791cdd56920\" class=\"responsive-spacer\">\n<\/section>\n<style>\n  #responsive-spacer-block_a02178c04d18829b13156791cdd56920 {\n    width: 100%;\n  }\n\n  #responsive-spacer-block_a02178c04d18829b13156791cdd56920 {\n    height: 38px;\n  }\n\n  @media (min-width: 769px) {\n    #responsive-spacer-block_a02178c04d18829b13156791cdd56920 {\n      height: 60px;\n    }\n  }\n\n  @media (min-width: 1201px) {\n    #responsive-spacer-block_a02178c04d18829b13156791cdd56920 {\n      height: 84px;\n    }\n  }\n\n  <\/style>\n\n\n\t<section class=\"media-content body-wrapper not-link\" id=\"Desvanecerse1\">\n\t<div class=\"media-content__left\">\n\t\t\t\t<h2 class=\"heading2 a-up\">\n\t\t\tDesvanecerse (1\/2), 2021\t\t\t\t\t<\/h2>\n\t\t\t\t\t\t\t<h4 class=\"media-content__subheading a-up a-delay-1\">Alambre Recocido<\/h4>\n\t\t\n\t\t\n\t\t\n\t\t\t\t<div class=\"media-content__text a-up a-delay-2\"><p>20 cm de alto x 25 cm de ancho x 3 cm de profundidad<br><br>\r\n\r\nEsta pieza forma parte de una instalaci\u00f3n (Desvanecerse) de cinco cuerpos en secuencia de movimiento, los cuerpos representan las etapas de una vida: del nacer, al morir.\r\n<br><\/p><\/div>\n\t\t\n\t\t\t<\/div>\n\n\t<div class=\"media-content__right hover-images a-up a-delay-2\">\n\t\t<span class=\"media-content__gradient media-content__gradient-left\"><\/span>\n\t\t<span class=\"media-content__gradient media-content__gradient-right\"><\/span>\n\t\t<span class=\"media-content__gradient media-content__gradient-top\"><\/span>\n\t\t<span class=\"media-content__gradient media-content__gradient-bottom\"><\/span>\n\t\t\t\t\t\t\t<img decoding=\"async\" width=\"2917\" height=\"2292\" src=\"https:\/\/cdn.conradpuntademita.com\/wp-content\/uploads\/2022\/11\/11155132\/Desvanecerse-01.webp\" class=\"hover-image is-hovered\" alt=\"Desaparecer n\u00famero uno\" loading=\"lazy\" srcset=\"https:\/\/cdn.conradpuntademita.com\/wp-content\/uploads\/2022\/11\/11155132\/Desvanecerse-01.webp 2917w, https:\/\/cdn.conradpuntademita.com\/wp-content\/uploads\/2022\/11\/11155132\/Desvanecerse-01-300x236.png 300w, https:\/\/cdn.conradpuntademita.com\/wp-content\/uploads\/2022\/11\/11155132\/Desvanecerse-01-1024x805.png 1024w, https:\/\/cdn.conradpuntademita.com\/wp-content\/uploads\/2022\/11\/11155132\/Desvanecerse-01-768x603.png 768w, https:\/\/cdn.conradpuntademita.com\/wp-content\/uploads\/2022\/11\/11155132\/Desvanecerse-01-1536x1207.png 1536w, https:\/\/cdn.conradpuntademita.com\/wp-content\/uploads\/2022\/11\/11155132\/Desvanecerse-01-2048x1609.png 2048w\" sizes=\"auto, (max-width: 2917px) 100vw, 2917px\" \/>\t\t\t\t\t<\/div>\n\n\t\t<\/section>\n\n\n<section id=\"responsive-spacer-block_a02178c04d18829b13156791cdd56920\" class=\"responsive-spacer\">\n<\/section>\n<style>\n  #responsive-spacer-block_a02178c04d18829b13156791cdd56920 {\n    width: 100%;\n  }\n\n  #responsive-spacer-block_a02178c04d18829b13156791cdd56920 {\n    height: 38px;\n  }\n\n  @media (min-width: 769px) {\n    #responsive-spacer-block_a02178c04d18829b13156791cdd56920 {\n      height: 60px;\n    }\n  }\n\n  @media (min-width: 1201px) {\n    #responsive-spacer-block_a02178c04d18829b13156791cdd56920 {\n      height: 84px;\n    }\n  }\n\n  <\/style>\n\n\n\t<section class=\"media-content body-wrapper not-link\" id=\"Desvanecerse2\">\n\t<div class=\"media-content__left\">\n\t\t\t\t<h2 class=\"heading2 a-up\">\n\t\t\tDesvanecerse (2\/2), 2021\t\t\t\t\t<\/h2>\n\t\t\t\t\t\t\t<h4 class=\"media-content__subheading a-up a-delay-1\">Alambre Recocido<\/h4>\n\t\t\n\t\t\n\t\t\n\t\t\t\t<div class=\"media-content__text a-up a-delay-2\"><p>120 cm alto x 70 cm ancho x 60 cm profundidad<br><br>\r\n\r\nEsta pieza forma parte de una instalaci\u00f3n (Desvanecerse) de cinco cuerpos en secuencia de movimiento, los cuerpos representan las etapas de una vida: del nacer, al morir.\r\n<br><\/p><\/div>\n\t\t\n\t\t\t<\/div>\n\n\t<div class=\"media-content__right hover-images a-up a-delay-2\">\n\t\t<span class=\"media-content__gradient media-content__gradient-left\"><\/span>\n\t\t<span class=\"media-content__gradient media-content__gradient-right\"><\/span>\n\t\t<span class=\"media-content__gradient media-content__gradient-top\"><\/span>\n\t\t<span class=\"media-content__gradient media-content__gradient-bottom\"><\/span>\n\t\t\t\t\t\t\t<img decoding=\"async\" width=\"2917\" height=\"2292\" src=\"https:\/\/cdn.conradpuntademita.com\/wp-content\/uploads\/2022\/11\/11155207\/Desvanecerse-02.webp\" class=\"hover-image is-hovered\" alt=\"Imagina la forma en que los artistas ven c\u00f3mo alguien desaparece\" loading=\"lazy\" srcset=\"https:\/\/cdn.conradpuntademita.com\/wp-content\/uploads\/2022\/11\/11155207\/Desvanecerse-02.webp 2917w, https:\/\/cdn.conradpuntademita.com\/wp-content\/uploads\/2022\/11\/11155207\/Desvanecerse-02-300x236.png 300w, https:\/\/cdn.conradpuntademita.com\/wp-content\/uploads\/2022\/11\/11155207\/Desvanecerse-02-1024x805.png 1024w, https:\/\/cdn.conradpuntademita.com\/wp-content\/uploads\/2022\/11\/11155207\/Desvanecerse-02-768x603.png 768w, https:\/\/cdn.conradpuntademita.com\/wp-content\/uploads\/2022\/11\/11155207\/Desvanecerse-02-1536x1207.png 1536w, https:\/\/cdn.conradpuntademita.com\/wp-content\/uploads\/2022\/11\/11155207\/Desvanecerse-02-2048x1609.png 2048w\" sizes=\"auto, (max-width: 2917px) 100vw, 2917px\" \/>\t\t\t\t\t<\/div>\n\n\t\t<\/section>\n\n\n<section id=\"responsive-spacer-block_a02178c04d18829b13156791cdd56920\" class=\"responsive-spacer\">\n<\/section>\n<style>\n  #responsive-spacer-block_a02178c04d18829b13156791cdd56920 {\n    width: 100%;\n  }\n\n  #responsive-spacer-block_a02178c04d18829b13156791cdd56920 {\n    height: 38px;\n  }\n\n  @media (min-width: 769px) {\n    #responsive-spacer-block_a02178c04d18829b13156791cdd56920 {\n      height: 60px;\n    }\n  }\n\n  @media (min-width: 1201px) {\n    #responsive-spacer-block_a02178c04d18829b13156791cdd56920 {\n      height: 84px;\n    }\n  }\n\n  <\/style>\n\n\n\t<section class=\"media-content body-wrapper not-link\" id=\"muerte\">\n\t<div class=\"media-content__left\">\n\t\t\t\t<h2 class=\"heading2 a-up\">\n\t\t\tMuerte en Vida, 2021\t\t\t\t\t<\/h2>\n\t\t\t\t\t\t\t<h4 class=\"media-content__subheading a-up a-delay-1\">Alambre Recocido<\/h4>\n\t\t\n\t\t\n\t\t\n\t\t\t\t<div class=\"media-content__text a-up a-delay-2\"><p>200 cm alto x 80 cm ancho x 40 cm profundidad<br><br>\r\n\r\nMuerte en vida es una pieza interactiva que habla del esqueleto como veh\u00edculo de la vida.\nAl bailar con la pieza, el espectador descubre que nuestros huesos no son solo s\u00edmbolo de la muerte, sino tambi\u00e9n de la vida. \r\n<br><\/p><\/div>\n\t\t\n\t\t\t<\/div>\n\n\t<div class=\"media-content__right hover-images a-up a-delay-2\">\n\t\t<span class=\"media-content__gradient media-content__gradient-left\"><\/span>\n\t\t<span class=\"media-content__gradient media-content__gradient-right\"><\/span>\n\t\t<span class=\"media-content__gradient media-content__gradient-top\"><\/span>\n\t\t<span class=\"media-content__gradient media-content__gradient-bottom\"><\/span>\n\t\t\t\t\t\t\t<img decoding=\"async\" width=\"2917\" height=\"2292\" src=\"https:\/\/cdn.conradpuntademita.com\/wp-content\/uploads\/2022\/11\/10230404\/Muerte-en-vida.webp\" class=\"hover-image is-hovered\" alt=\"Muerto vivo\" loading=\"lazy\" srcset=\"https:\/\/cdn.conradpuntademita.com\/wp-content\/uploads\/2022\/11\/10230404\/Muerte-en-vida.webp 2917w, https:\/\/cdn.conradpuntademita.com\/wp-content\/uploads\/2022\/11\/10230404\/Muerte-en-vida-300x236.png 300w, https:\/\/cdn.conradpuntademita.com\/wp-content\/uploads\/2022\/11\/10230404\/Muerte-en-vida-1024x805.png 1024w, https:\/\/cdn.conradpuntademita.com\/wp-content\/uploads\/2022\/11\/10230404\/Muerte-en-vida-768x603.png 768w, https:\/\/cdn.conradpuntademita.com\/wp-content\/uploads\/2022\/11\/10230404\/Muerte-en-vida-1536x1207.png 1536w, https:\/\/cdn.conradpuntademita.com\/wp-content\/uploads\/2022\/11\/10230404\/Muerte-en-vida-2048x1609.png 2048w\" sizes=\"auto, (max-width: 2917px) 100vw, 2917px\" \/>\t\t\t\t\t<\/div>\n\n\t\t<\/section>","protected":false},"excerpt":{"rendered":"<p>Conrad Punta de Mita colabor\u00f3 con el d\u00fao art\u00edstico detr\u00e1s de Mascaras de Alambre para ofrecer a los invitados una exposici\u00f3n de arte de otro mundo. Las esculturas de alambre enrollado, compuestas por m\u00e1s de 15 piezas que van desde 20 cm hasta 8 metros de altura, inspiradas en la antigua herencia y simbolismo mexica, se colocaron en todo el complejo entre noviembre de 2022 y marzo de 2023 para una exposici\u00f3n de arte interactiva. <\/p>","protected":false},"author":4,"featured_media":4282,"parent":0,"menu_order":0,"comment_status":"closed","ping_status":"closed","template":"","meta":{"_acf_changed":false,"inline_featured_image":false,"footnotes":""},"categories":[],"class_list":["post-3985","page","type-page","status-publish","has-post-thumbnail","hentry"],"acf":[],"featured_image_src":"https:\/\/cdn.conradpuntademita.com\/wp-content\/uploads\/2022\/11\/10210210\/MascarasdeAlambreDaytime2000x3000-600x400.jpg","featured_image_src_square":"https:\/\/cdn.conradpuntademita.com\/wp-content\/uploads\/2022\/11\/10210210\/MascarasdeAlambreDaytime2000x3000-600x600.jpg","publishpress_future_action":{"enabled":false,"date":"2026-05-06 00:44:14","action":"change-status","newStatus":"draft","terms":[],"taxonomy":"category","extraData":[]},"publishpress_future_workflow_manual_trigger":{"enabledWorkflows":[]},"_links":{"self":[{"href":"https:\/\/www.conradpuntademita.com\/es\/wp-json\/wp\/v2\/pages\/3985","targetHints":{"allow":["GET"]}}],"collection":[{"href":"https:\/\/www.conradpuntademita.com\/es\/wp-json\/wp\/v2\/pages"}],"about":[{"href":"https:\/\/www.conradpuntademita.com\/es\/wp-json\/wp\/v2\/types\/page"}],"author":[{"embeddable":true,"href":"https:\/\/www.conradpuntademita.com\/es\/wp-json\/wp\/v2\/users\/4"}],"replies":[{"embeddable":true,"href":"https:\/\/www.conradpuntademita.com\/es\/wp-json\/wp\/v2\/comments?post=3985"}],"version-history":[{"count":6,"href":"https:\/\/www.conradpuntademita.com\/es\/wp-json\/wp\/v2\/pages\/3985\/revisions"}],"predecessor-version":[{"id":17792,"href":"https:\/\/www.conradpuntademita.com\/es\/wp-json\/wp\/v2\/pages\/3985\/revisions\/17792"}],"wp:featuredmedia":[{"embeddable":true,"href":"https:\/\/www.conradpuntademita.com\/es\/wp-json\/wp\/v2\/media\/4282"}],"wp:attachment":[{"href":"https:\/\/www.conradpuntademita.com\/es\/wp-json\/wp\/v2\/media?parent=3985"}],"wp:term":[{"taxonomy":"category","embeddable":true,"href":"https:\/\/www.conradpuntademita.com\/es\/wp-json\/wp\/v2\/categories?post=3985"}],"curies":[{"name":"wp","href":"https:\/\/api.w.org\/{rel}","templated":true}]}}