{"id":4075,"date":"2022-10-29T00:35:27","date_gmt":"2022-10-29T00:35:27","guid":{"rendered":"https:\/\/www.conradpuntademita.com\/?page_id=4075"},"modified":"2025-12-12T11:26:44","modified_gmt":"2025-12-12T11:26:44","slug":"suites","status":"publish","type":"page","link":"https:\/\/www.conradpuntademita.com\/es\/suites\/","title":{"rendered":"habitaciones"},"content":{"rendered":"<section id=\"banner-block_92eceb4e7e59a403573d17f592058be2\" class=\"rooms-banner banner gradient-banner\">\n  <div class=\"banner-wrapper\">\n          <img decoding=\"async\" src=\"https:\/\/cdn.conradpuntademita.com\/wp-content\/uploads\/2022\/05\/04051200\/CONRAD-PUNTA-DE-MITA-1001889-scaled.webp\" alt=\"CONRAD PUNTA DE MITA-1001889\" class=\"banner__img banner__media\">\n      <\/div>\n\n      <div class=\"banner-content\">\n              <h1 class=\"banner-title heading1\">Suites y residencias<\/h1>\n      \n              \n      \n<\/section>\n\n\n\n<section class=\"block-content\">\n  <div class=\"block-content-wrapper\">\n    <div class=\"block-content__content content\"><h4 style=\"text-align: center;\">HABITACI\u00d3N PARA RELAJARSE<\/h4>\n<p style=\"text-align: center;\">Nuestras suites, que van desde habitaciones King hasta 3 dormitorios (con habitaciones comunicadas), incluyen amplias salas de estar y balcones. Algunas habitaciones cuentan con servicios de conserjer\u00eda personal, cocinas completas, piscinas peque\u00f1as o duchas lunares al aire libre.<\/p>\n<\/div>\n  <\/div>\n<\/section>\n\n\n<section class=\"block-featured-amenities\" id=\"amenities\">\n    <div class=\"container\">\n                    <h2 class=\"amenities-heading a-up\">Amenidades exclusivas de las suites<\/h2>\n                    <p class=\"amenities-subtitle a-up\">Todas las suites* cuentan con $1,000 en servicios premium que incluyen:<\/p>\n                    <ul class=\"amenities-icons-list\">\n                                    <li>\n                        <img decoding=\"async\" src=\"https:\/\/cdn.conradpuntademita.com\/wp-content\/uploads\/2023\/01\/01120315\/transportation.png\" alt=\"Transporte privado de lujo desde y hacia el aeropuerto (Suites Selectas)\" width=\"55\" height=\"auto\"\/>\n                        <span>Transporte privado de lujo desde y hacia el aeropuerto (Suites Selectas)<\/span>\n                                        <li>\n                        <img decoding=\"async\" src=\"https:\/\/cdn.conradpuntademita.com\/wp-content\/uploads\/2023\/01\/01120037\/breakfast.png\" alt=\"Desayuno buffet gourmet diario en \u00c1rbol\" width=\"55\" height=\"auto\"\/>\n                        <span>Desayuno buffet gourmet diario en \u00c1rbol<\/span>\n                                        <li>\n                        <img decoding=\"async\" src=\"https:\/\/cdn.conradpuntademita.com\/wp-content\/uploads\/2023\/01\/01120244\/spa.png\" alt=\"Acceso al spa durante toda la estancia\" width=\"55\" height=\"auto\"\/>\n                        <span>Acceso al spa durante toda la estancia<\/span>\n                                        <li>\n                        <img decoding=\"async\" src=\"https:\/\/cdn.conradpuntademita.com\/wp-content\/uploads\/2023\/01\/01120213\/gift.png\" alt=\"Comidas gratis para ni\u00f1os + Club\" width=\"55\" height=\"auto\"\/>\n                        <span>Comidas gratis para ni\u00f1os + Club<\/span>\n                                        <li>\n                        <img decoding=\"async\" src=\"https:\/\/cdn.conradpuntademita.com\/wp-content\/uploads\/2023\/01\/01120227\/minibar.png\" alt=\"Reabastecimiento diario en minibar con refrescos, agua y cerveza\" width=\"55\" height=\"auto\"\/>\n                        <span>Reabastecimiento diario en minibar con refrescos, agua y cerveza<\/span>\n                                        <li>\n                        <img decoding=\"async\" src=\"https:\/\/cdn.conradpuntademita.com\/wp-content\/uploads\/2023\/01\/01120052\/cabana.png\" alt=\"50% de descuento en caba\u00f1as frente a la alberca seg\u00fan disponibilidad\" width=\"55\" height=\"auto\"\/>\n                        <span>50% de descuento en caba\u00f1as frente a la alberca seg\u00fan disponibilidad<\/span>\n                                        <li>\n                        <img decoding=\"async\" src=\"https:\/\/cdn.conradpuntademita.com\/wp-content\/uploads\/2023\/09\/01082231\/Butler.png\" alt=\"Servicios de conserjer\u00eda personal (suites seleccionadas)\" width=\"55\" height=\"auto\"\/>\n                        <span>Servicios de conserjer\u00eda personal (suites seleccionadas)<\/span>\n                                <\/ul>\n                        <div class=\"amenities-footer\"><p style=\"text-align: center;\"><em>*Aplicable a todas las nuevas reservas de suites realizadas despu\u00e9s del 12 de enero del 2023.<br \/>\n<\/em><em>Los t\u00e9rminos y condiciones completos se enumeran a continuaci\u00f3n.<\/em><\/p>\n<\/div>\n            <\/div>\n<\/section>\n\n\n<div class=\"wp-block-genesis-blocks-gb-accordion gb-block-accordion\"><details><summary class=\"gb-accordion-title\">T\u00e9rminos y condiciones<\/summary><div class=\"gb-accordion-text\">\n<ul class=\"wp-block-list\">\n<li><em>Aplicable a reservas anticipadas realizadas para alojamiento en todo tipo de suites (Grand, Penthouse, Residence, Premier, Superior, Signature).<\/em><\/li>\n<\/ul>\n\n\n\n<ul class=\"wp-block-list\">\n<li><em>Los servicios de la suite no se aplican a los ascensos de categor\u00eda de cortes\u00eda de habitaciones est\u00e1ndar a suites.<\/em><\/li>\n<\/ul>\n\n\n\n<ul class=\"wp-block-list\">\n<li><em>Estad\u00eda m\u00ednima de 3 noches. Sujeto a disponibilidad. Pueden aplicarse fechas restringidas.<\/em><\/li>\n<\/ul>\n\n\n\n<ul class=\"wp-block-list\">\n<li><em>El valor combinado de las amenidades de la suite es de $1,000 USD.<\/em><\/li>\n<\/ul>\n\n\n\n<ul class=\"wp-block-list\">\n<li><em>Se proporcionan traslados privados de ida y vuelta para los hu\u00e9spedes que se alojen en la suite reservada entre el Aeropuerto Internacional de Puerto Vallarta y Conrad Punta de Mita.<\/em><\/li>\n<\/ul>\n\n\n\n<ul class=\"wp-block-list\">\n<li><em>El desayuno buffet diario en Arbol se <\/em>Aplicable al n\u00famero de adultos y ni\u00f1os que comparten la misma habitaci\u00f3n. Los ni\u00f1os menores de 12 a\u00f1os son <em>no pagan siempre y cuando vayan acompa\u00f1ados de un adulto.<\/em><\/li>\n<\/ul>\n\n\n\n<ul class=\"wp-block-list\">\n<li><em>Se ofrecen pases para el Turi Kids Club para todos los ni\u00f1os de 4 a 12 a\u00f1os que ocupen la habitaci\u00f3n.<\/em><\/li>\n<\/ul>\n<\/div><\/details><\/div>\n\n\n<link rel=\"stylesheet\" href=\"https:\/\/www.conradpuntademita.com\/wp-content\/themes\/conrad-ptm\/css\/rooms.css\"\/>\n\n<section id=\"concierge\" class=\"rooms-carousel\">\n<div class=\"room-carousel body-wrapper\">\n\t\t\t<div class=\"room-carousel__images\">\n\t\t\t\t\t<div class=\"room-carousel__image gradient-overlay\">\n\t\t\t<img decoding=\"async\" class=\"lazyload\" src=\"https:\/\/cdn.conradpuntademita.com\/wp-content\/uploads\/2023\/08\/23204929\/ConradPuntadeMita_CompadreButler-1440x640.webp\" data-src=\"https:\/\/cdn.conradpuntademita.com\/wp-content\/uploads\/2023\/08\/23204929\/ConradPuntadeMita_CompadreButler-1440x640.webp\" data-srcset=\"https:\/\/cdn.conradpuntademita.com\/wp-content\/uploads\/2023\/08\/23204929\/ConradPuntadeMita_CompadreButler-2880x1280.jpg 2x\" alt=\"Pareja relaj\u00e1ndose en el jacuzzi de la azotea al atardecer mientras el camarero trae champ\u00e1n, con vistas al oc\u00e9ano.\">\n\t\t\t<\/div>\n\t\t\t\t<\/div>\n\t\t\t<div class=\"room-carousel__content\">\n\t\t<div class=\"room-carousel__info\">\n\t\t\t\t\t<h2 class=\"room-carousel__heading heading2 btn-toggle-slider\">Suites con conserje personal<\/h2>\n\t\t\t\t\t\t<\/div>\n\t\t<div class=\"button-groups button-groups--desktop\">\n\t\t\t\t\t\t<\/div>\n\n\t\t<div class=\"button-groups button-groups--mobile\">\n\t\t\t\t\t\t<\/div>\n\t<\/div>\n<\/div>\n\n<div class=\"room-slider__wrapper preopened body-wrapper\" style=\"display:block\">\n\t<div class=\"room-slider\">\n\t\t<div class=\"loop-room\">\n        <div class=\"loop-room__slider\">\n        <div class=\"loop-room__slides\">\n                    <div class=\"loop-room__slide gradient-overlay\">\n            <img decoding=\"async\" class=\"lazyload\" src=\"https:\/\/cdn.conradpuntademita.com\/wp-content\/uploads\/2022\/05\/13121059\/CONRAD-PUNTA-DE-MITA-King-Suite-Ocean-Front-560x340.webp\" data-src=\"https:\/\/cdn.conradpuntademita.com\/wp-content\/uploads\/2022\/05\/13121059\/CONRAD-PUNTA-DE-MITA-King-Suite-Ocean-Front-560x340.webp\" data-srcset=\"https:\/\/cdn.conradpuntademita.com\/wp-content\/uploads\/2022\/05\/13121059\/CONRAD-PUNTA-DE-MITA-King-Suite-Ocean-Front-1120x680.jpg 2x\" alt=\"Un balc\u00f3n de la habitaci\u00f3n del hotel con piscina y vistas al r\u00edo.\">\n            <\/div>\n                <\/div>\n                <a href=\"https:\/\/visitingmedia.com\/tt8\/?ttid=conrad-punta-de-mita#\/3d-model\/2\/8\" class=\"loop-room__matterport btn btn-3d\" target=\"_blank\" title=\"Ver en 3D\" rel=\"noopener noreferrer\">\n            Ver en 3D\n        <\/a>\n                                <span class=\"loop-room__size\">1,460 pies cuadrados<\/span>\n            <\/div>\n        <div class=\"loop-room__content\">\n        <div class=\"loop-room__text\">\n            <h3 class=\"loop-room__title\">Signature Suite frente a la playa con cama King<\/h3>\n            <div class=\"loop-room__excerpt excerpt\">Las caracter\u00edsticas modernas realzan la belleza natural de un gran balc\u00f3n y una piscina privada, mientras que un conserje personal se anticipa a sus necesidades.<\/div>\n\n        <\/div>\n        <div class=\"button-groups\">\n    \n        <a href=\"https:\/\/www.hilton.com\/es\/book\/reservation\/rooms\/?ctyhocn=PVRPMCI&#038;roomTypeCode=K1RFU1&#038;_gl=1*bcjfm6*_gcl_au*MTc5MzIyMzE3MS4xNzczOTM4MTk5\" class=\"btn btn-amentities bold\" target=\"_blank\" rel=\"noopener noreferrer\">\n        Reservar habitaci\u00f3n    <\/a>\n        <a class=\"btn btn-amentities btn-outline\" href=\"https:\/\/www.conradpuntademita.com\/es\/habitaciones\/frente-al-mar-suite-firma-cama-king\/\" data-id=\"413\">Ver Servicios<\/a>\n<\/div>\n    <\/div>\n<\/div>\n<div class=\"loop-room\">\n        <div class=\"loop-room__slider\">\n        <div class=\"loop-room__slides\">\n                    <div class=\"loop-room__slide gradient-overlay\">\n            <img decoding=\"async\" class=\"lazyload\" src=\"https:\/\/cdn.conradpuntademita.com\/wp-content\/uploads\/2022\/05\/04043558\/CONRAD-PUNTA-DE-MITA-10021164-scaled.webp\" data-src=\"https:\/\/cdn.conradpuntademita.com\/wp-content\/uploads\/2022\/05\/04043558\/CONRAD-PUNTA-DE-MITA-10021164-scaled.webp\" data-srcset=\"https:\/\/cdn.conradpuntademita.com\/wp-content\/uploads\/2022\/05\/04043558\/CONRAD-PUNTA-DE-MITA-10021164-scaled.webp 2x\" alt=\"Cocina con mesa, microondas y nevera.\">\n            <\/div>\n                <\/div>\n                <a href=\"https:\/\/visitingmedia.com\/tt8\/?ttid=conrad-punta-de-mita#\/360?group=3&#038;tour=8\" class=\"loop-room__matterport btn btn-3d\" target=\"_blank\" title=\"Ver en 3D\" rel=\"noopener noreferrer\">\n            Ver en 3D\n        <\/a>\n                                <span class=\"loop-room__size\">1,735 pies cuadrados<\/span>\n            <\/div>\n        <div class=\"loop-room__content\">\n        <div class=\"loop-room__text\">\n            <h3 class=\"loop-room__title\">Residence Suite de dos dormitorios con vista al mar y cocina<\/h3>\n            <div class=\"loop-room__excerpt excerpt\">Nuestra Suite Residencia de 2 dormitorios con vistas al mar y cocina ofrece la oportunidad de crear su propia sensaci\u00f3n de hogar y aislamiento. Conoce m\u00e1s.<\/div>\n\n        <\/div>\n        <div class=\"button-groups\">\n    \n        <a href=\"https:\/\/www.hilton.com\/es\/book\/reservation\/rooms\/?ctyhocn=PVRPMCI&#038;roomTypeCode=K1OOU2&#038;_gl=1*nhchvd*_gcl_au*MTc5MzIyMzE3MS4xNzczOTM4MTk\" class=\"btn btn-amentities bold\" target=\"_blank\" rel=\"noopener noreferrer\">\n        Reservar habitaci\u00f3n    <\/a>\n        <a class=\"btn btn-amentities btn-outline\" href=\"https:\/\/www.conradpuntademita.com\/es\/habitaciones\/vista-al-mar-2-dormitorios-suite-con-cocina\/\" data-id=\"410\">Ver Servicios<\/a>\n<\/div>\n    <\/div>\n<\/div>\n<div class=\"loop-room\">\n        <div class=\"loop-room__slider\">\n        <div class=\"loop-room__slides\">\n                    <div class=\"loop-room__slide gradient-overlay\">\n            <img decoding=\"async\" class=\"lazyload\" src=\"https:\/\/cdn.conradpuntademita.com\/wp-content\/uploads\/2022\/05\/04045821\/TWO-BEDROOM-PARTIAL-OCEAN-VIEW-SUITE-WITH-KITCHEN-3303x2202-1-scaled-560x340.webp\" data-src=\"https:\/\/cdn.conradpuntademita.com\/wp-content\/uploads\/2022\/05\/04045821\/TWO-BEDROOM-PARTIAL-OCEAN-VIEW-SUITE-WITH-KITCHEN-3303x2202-1-scaled-560x340.webp\" data-srcset=\"https:\/\/cdn.conradpuntademita.com\/wp-content\/uploads\/2022\/05\/04045821\/TWO-BEDROOM-PARTIAL-OCEAN-VIEW-SUITE-WITH-KITCHEN-3303x2202-1-scaled-1120x680.jpg 2x\" alt=\"Sala de estar moderna con sof\u00e1s neutros, detalles en azul, ventilador de techo y fondo de cocina abierta.\">\n            <\/div>\n                <\/div>\n                <a href=\"https:\/\/visitingmedia.com\/tt8\/?ttid=conrad-punta-de-mita#\/360?group=3&#038;tour=10\" class=\"loop-room__matterport btn btn-3d\" target=\"_blank\" title=\"Ver en 3D\" rel=\"noopener noreferrer\">\n            Ver en 3D\n        <\/a>\n                                <span class=\"loop-room__size\">1,735 pies cuadrados<\/span>\n            <\/div>\n        <div class=\"loop-room__content\">\n        <div class=\"loop-room__text\">\n            <h3 class=\"loop-room__title\">Residence Suite de dos dormitorios con vista parcial al mar y cocina<\/h3>\n            <div class=\"loop-room__excerpt excerpt\">Dise\u00f1ada para familias o entretenimiento, esta espaciosa suite cuenta con todas las comodidades de una cocina completa con ba\u00f1os grandes, dos camas y m\u00e1s.<\/div>\n\n        <\/div>\n        <div class=\"button-groups\">\n    \n        <a href=\"https:\/\/www.hilton.com\/es\/book\/reservation\/rooms\/?ctyhocn=PVRPMCI&#038;roomTypeCode=K1OPU2&#038;_gl=1*159vz0c*_gcl_au*MTc5MzIyMzE3MS4xNzczOTM4MTk5\" class=\"btn btn-amentities bold\" target=\"_blank\" rel=\"noopener noreferrer\">\n        Reservar habitaci\u00f3n    <\/a>\n        <a class=\"btn btn-amentities btn-outline\" href=\"https:\/\/www.conradpuntademita.com\/es\/habitaciones\/suite-de-2-dormitorios-con-cocina-vista-parcial-al-mar-2\/\" data-id=\"409\">Ver Servicios<\/a>\n<\/div>\n    <\/div>\n<\/div>\n<div class=\"loop-room\">\n        <div class=\"loop-room__slider\">\n        <div class=\"loop-room__slides\">\n                    <div class=\"loop-room__slide gradient-overlay\">\n            <img decoding=\"async\" class=\"lazyload\" src=\"https:\/\/cdn.conradpuntademita.com\/wp-content\/uploads\/2022\/05\/04043505\/CONRAD-PUNTA-DE-MITA-10021095-scaled.webp\" data-src=\"https:\/\/cdn.conradpuntademita.com\/wp-content\/uploads\/2022\/05\/04043505\/CONRAD-PUNTA-DE-MITA-10021095-scaled.webp\" data-srcset=\"https:\/\/cdn.conradpuntademita.com\/wp-content\/uploads\/2022\/05\/04043505\/CONRAD-PUNTA-DE-MITA-10021095-scaled.webp 2x\" alt=\"Sal\u00f3n con sof\u00e1 y terraza con impresionantes vistas\">\n            <\/div>\n                <\/div>\n                <a href=\"https:\/\/visitingmedia.com\/tt8\/?ttid=conrad-punta-de-mita#\/3d-model\/2\/5\" class=\"loop-room__matterport btn btn-3d\" target=\"_blank\" title=\"Ver en 3D\" rel=\"noopener noreferrer\">\n            Ver en 3D\n        <\/a>\n                                <span class=\"loop-room__size\">1,735 pies cuadrados<\/span>\n            <\/div>\n        <div class=\"loop-room__content\">\n        <div class=\"loop-room__text\">\n            <h3 class=\"loop-room__title\">Suite de dos dormitorios con vista al mar<\/h3>\n            <div class=\"loop-room__excerpt excerpt\">Dise\u00f1ada para familias o eventos, esta amplia suite cuenta con servicios de conserje personal, ba\u00f1os grandes y dos habitaciones.<\/div>\n\n        <\/div>\n        <div class=\"button-groups\">\n    \n        <a href=\"https:\/\/www.hilton.com\/es\/book\/reservation\/rooms\/?ctyhocn=PVRPMCI&#038;roomTypeCode=K1SOU2&#038;_gl=1*159vz0c*_gcl_au*MTc5MzIyMzE3MS4xNzczOTM4MTk5\" class=\"btn btn-amentities bold\" target=\"_blank\" rel=\"noopener noreferrer\">\n        Reservar habitaci\u00f3n    <\/a>\n        <a class=\"btn btn-amentities btn-outline\" href=\"https:\/\/www.conradpuntademita.com\/es\/habitaciones\/suite-de-2-dormitorios-con-vista-al-mar\/\" data-id=\"408\">Ver Servicios<\/a>\n<\/div>\n    <\/div>\n<\/div>\n<div class=\"loop-room\">\n        <div class=\"loop-room__slider\">\n        <div class=\"loop-room__slides\">\n                    <div class=\"loop-room__slide gradient-overlay\">\n            <img decoding=\"async\" class=\"lazyload\" src=\"https:\/\/cdn.conradpuntademita.com\/wp-content\/uploads\/2022\/05\/04042219\/CONRAD-PUNTA-DE-MITA-1001701-1-scaled.webp\" data-src=\"https:\/\/cdn.conradpuntademita.com\/wp-content\/uploads\/2022\/05\/04042219\/CONRAD-PUNTA-DE-MITA-1001701-1-scaled.webp\" data-srcset=\"https:\/\/cdn.conradpuntademita.com\/wp-content\/uploads\/2022\/05\/04042219\/CONRAD-PUNTA-DE-MITA-1001701-1-scaled.webp 2x\" alt=\"Habitaci\u00f3n frente al mar con piscina privada\">\n            <\/div>\n                <\/div>\n                <a href=\"https:\/\/visitingmedia.com\/tt8\/?ttid=conrad-punta-de-mita#\/360?group=3&#038;tour=6\" class=\"loop-room__matterport btn btn-3d\" target=\"_blank\" title=\"Ver en 3D\" rel=\"noopener noreferrer\">\n            Ver en 3D\n        <\/a>\n                                <span class=\"loop-room__size\">1,960 pies cuadrados<\/span>\n            <\/div>\n        <div class=\"loop-room__content\">\n        <div class=\"loop-room__text\">\n            <h3 class=\"loop-room__title\">Premier Suite frente a la playa con cama King y piscina privada<\/h3>\n            <div class=\"loop-room__excerpt excerpt\">Esta suite de 1960 pies cuadrados cuenta con un gran patio privado, una cama King y un sof\u00e1 seccional, una ducha independiente, una ba\u00f1era profunda y m\u00e1s.<\/div>\n\n        <\/div>\n        <div class=\"button-groups\">\n    \n        <a href=\"https:\/\/www.hilton.com\/es\/book\/reservation\/rooms\/?ctyhocn=PVRPMCI&#038;roomTypeCode=K1SFU1&#038;_gl=1*189hwew*_gcl_au*MTc5MzIyMzE3MS4xNzczOTM4MTk5\" class=\"btn btn-amentities bold\" target=\"_blank\" rel=\"noopener noreferrer\">\n        Reservar habitaci\u00f3n    <\/a>\n        <a class=\"btn btn-amentities btn-outline\" href=\"https:\/\/www.conradpuntademita.com\/es\/habitaciones\/frente-al-mar-suite-premier-cama-king\/\" data-id=\"407\">Ver Servicios<\/a>\n<\/div>\n    <\/div>\n<\/div>\n<div class=\"loop-room\">\n        <div class=\"loop-room__slider\">\n        <div class=\"loop-room__slides\">\n                    <div class=\"loop-room__slide gradient-overlay\">\n            <img decoding=\"async\" class=\"lazyload\" src=\"https:\/\/cdn.conradpuntademita.com\/wp-content\/uploads\/2022\/05\/13121027\/PENTHOUSE-OCEAN-VIEW-SUITE-5-2-560x340.webp\" data-src=\"https:\/\/cdn.conradpuntademita.com\/wp-content\/uploads\/2022\/05\/13121027\/PENTHOUSE-OCEAN-VIEW-SUITE-5-2-560x340.webp\" data-srcset=\"https:\/\/cdn.conradpuntademita.com\/wp-content\/uploads\/2022\/05\/13121027\/PENTHOUSE-OCEAN-VIEW-SUITE-5-2-1120x680.jpg 2x\" alt=\"Un balc\u00f3n de la habitaci\u00f3n del hotel con sillas, dos camas de piscina con vista al r\u00edo\">\n            <\/div>\n                <\/div>\n                <a href=\"https:\/\/visitingmedia.com\/tt8\/?ttid=conrad-punta-de-mita#\/360?group=3&#038;tour=3\" class=\"loop-room__matterport btn btn-3d\" target=\"_blank\" title=\"Ver en 3D\" rel=\"noopener noreferrer\">\n            Ver en 3D\n        <\/a>\n                                <span class=\"loop-room__size\">3,242 pies cuadrados<\/span>\n            <\/div>\n        <div class=\"loop-room__content\">\n        <div class=\"loop-room__text\">\n            <h3 class=\"loop-room__title\">Penthouse con vista al mar, cama King y piscina privada<\/h3>\n            <div class=\"loop-room__excerpt excerpt\">Esta lujosa suite de 3240 pies cuadrados cuenta con un patio privado al aire libre, alberca privada, sala de estar, comedor, una ba\u00f1era gran tama\u00f1o y m\u00e1s.<\/div>\n\n        <\/div>\n        <div class=\"button-groups\">\n    \n        <a href=\"https:\/\/www.hilton.com\/es\/book\/reservation\/rooms\/?ctyhocn=PVRPMCI&#038;roomTypeCode=K1ZOU1&#038;_gl=1*46ir02*_gcl_au*MTc5MzIyMzE3MS4xNzczOTM4MTk5\" class=\"btn btn-amentities bold\" target=\"_blank\" rel=\"noopener noreferrer\">\n        Reservar habitaci\u00f3n    <\/a>\n        <a class=\"btn btn-amentities btn-outline\" href=\"https:\/\/www.conradpuntademita.com\/es\/habitaciones\/vista-al-mar-penthouse-suite-cama-king\/\" data-id=\"406\">Ver Servicios<\/a>\n<\/div>\n    <\/div>\n<\/div>\n<div class=\"loop-room\">\n        <div class=\"loop-room__slider\">\n        <div class=\"loop-room__slides\">\n                    <div class=\"loop-room__slide gradient-overlay\">\n            <img decoding=\"async\" class=\"lazyload\" src=\"https:\/\/cdn.conradpuntademita.com\/wp-content\/uploads\/2022\/05\/13121208\/GRAND-OCEANFRONT-SUITE-3-2-560x340.webp\" data-src=\"https:\/\/cdn.conradpuntademita.com\/wp-content\/uploads\/2022\/05\/13121208\/GRAND-OCEANFRONT-SUITE-3-2-560x340.webp\" data-srcset=\"https:\/\/cdn.conradpuntademita.com\/wp-content\/uploads\/2022\/05\/13121208\/GRAND-OCEANFRONT-SUITE-3-2-e1653512103185.webp 2x\" alt=\"Un sof\u00e1 de balc\u00f3n de habitaci\u00f3n de hotel y piscina con vista al r\u00edo\">\n            <\/div>\n                <\/div>\n                <a href=\"https:\/\/visitingmedia.com\/tt8\/?ttid=conrad-punta-de-mita#\/360?group=3&#038;tour=0\" class=\"loop-room__matterport btn btn-3d\" target=\"_blank\" title=\"Ver en 3D\" rel=\"noopener noreferrer\">\n            Ver en 3D\n        <\/a>\n                                <span class=\"loop-room__size\">2,525 pies cuadrados<\/span>\n            <\/div>\n        <div class=\"loop-room__content\">\n        <div class=\"loop-room__text\">\n            <h3 class=\"loop-room__title\">Grand Suite frente a la playa con cama King y piscina privada<\/h3>\n            <div class=\"loop-room__excerpt excerpt\">Conoce nuestra Grand Suite con cama tama\u00f1o King, terraza con alberca privada, transporte privado y m\u00e1s. Descubre nuestro servicio inigualable.<\/div>\n\n        <\/div>\n        <div class=\"button-groups\">\n    \n        <a href=\"https:\/\/www.hilton.com\/es\/book\/reservation\/rooms\/?ctyhocn=PVRPMCI&#038;roomTypeCode=K1ZFU1&#038;_gl=1*1kmc4u1*_gcl_au*MTc5MzIyMzE3MS4xNzczOTM4MTk5\" class=\"btn btn-amentities bold\" target=\"_blank\" rel=\"noopener noreferrer\">\n        Reservar habitaci\u00f3n    <\/a>\n        <a class=\"btn btn-amentities btn-outline\" href=\"https:\/\/www.conradpuntademita.com\/es\/habitaciones\/frente-a-la-playa-grand-piscina-alberca-suite-cama-king\/\" data-id=\"405\">Ver Servicios<\/a>\n<\/div>\n    <\/div>\n<\/div>\n\t<\/div>\n<\/div>\n<\/section>\n\n<link rel=\"stylesheet\" href=\"https:\/\/www.conradpuntademita.com\/wp-content\/themes\/conrad-ptm\/css\/rooms.css\"\/>\n\n<section id=\"plunge-pool\" class=\"rooms-carousel\">\n<div class=\"room-carousel body-wrapper\">\n\t\t\t<div class=\"room-carousel__images\">\n\t\t\t\t\t<div class=\"room-carousel__image gradient-overlay\">\n\t\t\t<img decoding=\"async\" class=\"lazyload\" src=\"https:\/\/cdn.conradpuntademita.com\/wp-content\/uploads\/2022\/05\/23021801\/KING-PARTIAL-OCEAN-VIEW-SUITE-2560-1440x640.webp\" data-src=\"https:\/\/cdn.conradpuntademita.com\/wp-content\/uploads\/2022\/05\/23021801\/KING-PARTIAL-OCEAN-VIEW-SUITE-2560-1440x640.webp\" data-srcset=\"https:\/\/cdn.conradpuntademita.com\/wp-content\/uploads\/2022\/05\/23021801\/KING-PARTIAL-OCEAN-VIEW-SUITE-2560-2560x1280.jpg 2x\" alt=\"Habitaci\u00f3n privada con piscina y vista al mar\">\n\t\t\t<\/div>\n\t\t\t\t<\/div>\n\t\t\t<div class=\"room-carousel__content\">\n\t\t<div class=\"room-carousel__info\">\n\t\t\t\t\t<h2 class=\"room-carousel__heading heading2 btn-toggle-slider\">Suites con piscinas privadas<\/h2>\n\t\t\t\t\t\t<\/div>\n\t\t<div class=\"button-groups button-groups--desktop\">\n\t\t\t\t\t\t<\/div>\n\n\t\t<div class=\"button-groups button-groups--mobile\">\n\t\t\t\t\t\t<\/div>\n\t<\/div>\n<\/div>\n\n<div class=\"room-slider__wrapper preopened body-wrapper\" style=\"display:block\">\n\t<div class=\"room-slider\">\n\t\t<div class=\"loop-room\">\n        <div class=\"loop-room__slider\">\n        <div class=\"loop-room__slides\">\n                    <div class=\"loop-room__slide gradient-overlay\">\n            <img decoding=\"async\" class=\"lazyload\" src=\"https:\/\/cdn.conradpuntademita.com\/wp-content\/uploads\/2022\/05\/23021801\/KING-PARTIAL-OCEAN-VIEW-SUITE-2560-560x340.webp\" data-src=\"https:\/\/cdn.conradpuntademita.com\/wp-content\/uploads\/2022\/05\/23021801\/KING-PARTIAL-OCEAN-VIEW-SUITE-2560-560x340.webp\" data-srcset=\"https:\/\/cdn.conradpuntademita.com\/wp-content\/uploads\/2022\/05\/23021801\/KING-PARTIAL-OCEAN-VIEW-SUITE-2560-1120x680.jpg 2x\" alt=\"Habitaci\u00f3n privada con piscina y vista al mar\">\n            <\/div>\n                <\/div>\n                <a href=\"https:\/\/visitingmedia.com\/tt8\/?ttid=conrad-punta-de-mita#\/360?group=3&#038;tour=14\" class=\"loop-room__matterport btn btn-3d\" target=\"_blank\" title=\"Ver en 3D\" rel=\"noopener noreferrer\">\n            Ver en 3D\n        <\/a>\n                                <span class=\"loop-room__size\">1,460 pies cuadrados<\/span>\n            <\/div>\n        <div class=\"loop-room__content\">\n        <div class=\"loop-room__text\">\n            <h3 class=\"loop-room__title\">Signature Suite con vista parcial al mar y cama King<\/h3>\n            <div class=\"loop-room__excerpt excerpt\">Disfruta de esta Suite con cama tama\u00f1o King, sof\u00e1 cama, ducha con mampara, balc\u00f3n privado, sala de estar, alberca privada y m\u00e1s. Conoce m\u00e1s y reserva hoy.<\/div>\n\n        <\/div>\n        <div class=\"button-groups\">\n    \n        <a href=\"https:\/\/www.hilton.com\/es\/book\/reservation\/rooms\/?ctyhocn=PVRPMCI&#038;roomTypeCode=K1RPU1&#038;_gl=1*108il00*_gcl_au*MTc5MzIyMzE3MS4xNzczOTM4MTk5\" class=\"btn btn-amentities bold\" target=\"_blank\" rel=\"noopener noreferrer\">\n        Reservar habitaci\u00f3n    <\/a>\n        <a class=\"btn btn-amentities btn-outline\" href=\"https:\/\/www.conradpuntademita.com\/es\/habitaciones\/vista-parcial-al-mar-suite-signature-cama-king\/\" data-id=\"415\">Ver Servicios<\/a>\n<\/div>\n    <\/div>\n<\/div>\n<div class=\"loop-room\">\n        <div class=\"loop-room__slider\">\n        <div class=\"loop-room__slides\">\n                    <div class=\"loop-room__slide gradient-overlay\">\n            <img decoding=\"async\" class=\"lazyload\" src=\"https:\/\/cdn.conradpuntademita.com\/wp-content\/uploads\/2022\/05\/13121059\/CONRAD-PUNTA-DE-MITA-King-Suite-Ocean-Front-560x340.webp\" data-src=\"https:\/\/cdn.conradpuntademita.com\/wp-content\/uploads\/2022\/05\/13121059\/CONRAD-PUNTA-DE-MITA-King-Suite-Ocean-Front-560x340.webp\" data-srcset=\"https:\/\/cdn.conradpuntademita.com\/wp-content\/uploads\/2022\/05\/13121059\/CONRAD-PUNTA-DE-MITA-King-Suite-Ocean-Front-1120x680.jpg 2x\" alt=\"Un balc\u00f3n de la habitaci\u00f3n del hotel con piscina y vistas al r\u00edo.\">\n            <\/div>\n                <\/div>\n                <a href=\"https:\/\/visitingmedia.com\/tt8\/?ttid=conrad-punta-de-mita#\/3d-model\/2\/8\" class=\"loop-room__matterport btn btn-3d\" target=\"_blank\" title=\"Ver en 3D\" rel=\"noopener noreferrer\">\n            Ver en 3D\n        <\/a>\n                                <span class=\"loop-room__size\">1,460 pies cuadrados<\/span>\n            <\/div>\n        <div class=\"loop-room__content\">\n        <div class=\"loop-room__text\">\n            <h3 class=\"loop-room__title\">Signature Suite frente a la playa con cama King<\/h3>\n            <div class=\"loop-room__excerpt excerpt\">Las caracter\u00edsticas modernas realzan la belleza natural de un gran balc\u00f3n y una piscina privada, mientras que un conserje personal se anticipa a sus necesidades.<\/div>\n\n        <\/div>\n        <div class=\"button-groups\">\n    \n        <a href=\"https:\/\/www.hilton.com\/es\/book\/reservation\/rooms\/?ctyhocn=PVRPMCI&#038;roomTypeCode=K1RFU1&#038;_gl=1*bcjfm6*_gcl_au*MTc5MzIyMzE3MS4xNzczOTM4MTk5\" class=\"btn btn-amentities bold\" target=\"_blank\" rel=\"noopener noreferrer\">\n        Reservar habitaci\u00f3n    <\/a>\n        <a class=\"btn btn-amentities btn-outline\" href=\"https:\/\/www.conradpuntademita.com\/es\/habitaciones\/frente-al-mar-suite-firma-cama-king\/\" data-id=\"413\">Ver Servicios<\/a>\n<\/div>\n    <\/div>\n<\/div>\n<div class=\"loop-room\">\n        <div class=\"loop-room__slider\">\n        <div class=\"loop-room__slides\">\n                    <div class=\"loop-room__slide gradient-overlay\">\n            <img decoding=\"async\" class=\"lazyload\" src=\"https:\/\/cdn.conradpuntademita.com\/wp-content\/uploads\/2022\/05\/04063028\/CONRAD-PUNTA-DE-MITA-0930148-560x340.webp\" data-src=\"https:\/\/cdn.conradpuntademita.com\/wp-content\/uploads\/2022\/05\/04063028\/CONRAD-PUNTA-DE-MITA-0930148-560x340.webp\" data-srcset=\"https:\/\/cdn.conradpuntademita.com\/wp-content\/uploads\/2022\/05\/04063028\/CONRAD-PUNTA-DE-MITA-0930148-1120x680.jpg 2x\" alt=\"Sala con excelente vista a Punta de Mita\">\n            <\/div>\n                <\/div>\n                <a href=\"https:\/\/visitingmedia.com\/tt8\/?ttid=conrad-punta-de-mita#\/360?group=3&#038;tour=18\" class=\"loop-room__matterport btn btn-3d\" target=\"_blank\" title=\"Ver en 3D\" rel=\"noopener noreferrer\">\n            Ver en 3D\n        <\/a>\n                                <span class=\"loop-room__size\">1,460 pies cuadrados<\/span>\n            <\/div>\n        <div class=\"loop-room__content\">\n        <div class=\"loop-room__text\">\n            <h3 class=\"loop-room__title\">Superior Suite con vista al mar y cama King<\/h3>\n            <div class=\"loop-room__excerpt excerpt\">Con vistas v\u00edrgenes al oc\u00e9ano y un balc\u00f3n privado con piscina de inmersi\u00f3n.<\/div>\n\n        <\/div>\n        <div class=\"button-groups\">\n    \n        <a href=\"https:\/\/www.hilton.com\/es\/book\/reservation\/rooms\/?ctyhocn=PVRPMCI&#038;roomTypeCode=K1ROU1&#038;_gl=1*1r6yga7*_gcl_au*MTc5MzIyMzE3MS4xNzczOTM4MTk5\" class=\"btn btn-amentities bold\" target=\"_blank\" rel=\"noopener noreferrer\">\n        Reservar habitaci\u00f3n    <\/a>\n        <a class=\"btn btn-amentities btn-outline\" href=\"https:\/\/www.conradpuntademita.com\/es\/habitaciones\/vista-mar-superior-suite-cama-king\/\" data-id=\"411\">Ver Servicios<\/a>\n<\/div>\n    <\/div>\n<\/div>\n<div class=\"loop-room\">\n        <div class=\"loop-room__slider\">\n        <div class=\"loop-room__slides\">\n                    <div class=\"loop-room__slide gradient-overlay\">\n            <img decoding=\"async\" class=\"lazyload\" src=\"https:\/\/cdn.conradpuntademita.com\/wp-content\/uploads\/2022\/05\/04042219\/CONRAD-PUNTA-DE-MITA-1001701-1-scaled.webp\" data-src=\"https:\/\/cdn.conradpuntademita.com\/wp-content\/uploads\/2022\/05\/04042219\/CONRAD-PUNTA-DE-MITA-1001701-1-scaled.webp\" data-srcset=\"https:\/\/cdn.conradpuntademita.com\/wp-content\/uploads\/2022\/05\/04042219\/CONRAD-PUNTA-DE-MITA-1001701-1-scaled.webp 2x\" alt=\"Habitaci\u00f3n frente al mar con piscina privada\">\n            <\/div>\n                <\/div>\n                <a href=\"https:\/\/visitingmedia.com\/tt8\/?ttid=conrad-punta-de-mita#\/360?group=3&#038;tour=6\" class=\"loop-room__matterport btn btn-3d\" target=\"_blank\" title=\"Ver en 3D\" rel=\"noopener noreferrer\">\n            Ver en 3D\n        <\/a>\n                                <span class=\"loop-room__size\">1,960 pies cuadrados<\/span>\n            <\/div>\n        <div class=\"loop-room__content\">\n        <div class=\"loop-room__text\">\n            <h3 class=\"loop-room__title\">Premier Suite frente a la playa con cama King y piscina privada<\/h3>\n            <div class=\"loop-room__excerpt excerpt\">Esta suite de 1960 pies cuadrados cuenta con un gran patio privado, una cama King y un sof\u00e1 seccional, una ducha independiente, una ba\u00f1era profunda y m\u00e1s.<\/div>\n\n        <\/div>\n        <div class=\"button-groups\">\n    \n        <a href=\"https:\/\/www.hilton.com\/es\/book\/reservation\/rooms\/?ctyhocn=PVRPMCI&#038;roomTypeCode=K1SFU1&#038;_gl=1*189hwew*_gcl_au*MTc5MzIyMzE3MS4xNzczOTM4MTk5\" class=\"btn btn-amentities bold\" target=\"_blank\" rel=\"noopener noreferrer\">\n        Reservar habitaci\u00f3n    <\/a>\n        <a class=\"btn btn-amentities btn-outline\" href=\"https:\/\/www.conradpuntademita.com\/es\/habitaciones\/frente-al-mar-suite-premier-cama-king\/\" data-id=\"407\">Ver Servicios<\/a>\n<\/div>\n    <\/div>\n<\/div>\n<div class=\"loop-room\">\n        <div class=\"loop-room__slider\">\n        <div class=\"loop-room__slides\">\n                    <div class=\"loop-room__slide gradient-overlay\">\n            <img decoding=\"async\" class=\"lazyload\" src=\"https:\/\/cdn.conradpuntademita.com\/wp-content\/uploads\/2022\/05\/13121027\/PENTHOUSE-OCEAN-VIEW-SUITE-5-2-560x340.webp\" data-src=\"https:\/\/cdn.conradpuntademita.com\/wp-content\/uploads\/2022\/05\/13121027\/PENTHOUSE-OCEAN-VIEW-SUITE-5-2-560x340.webp\" data-srcset=\"https:\/\/cdn.conradpuntademita.com\/wp-content\/uploads\/2022\/05\/13121027\/PENTHOUSE-OCEAN-VIEW-SUITE-5-2-1120x680.jpg 2x\" alt=\"Un balc\u00f3n de la habitaci\u00f3n del hotel con sillas, dos camas de piscina con vista al r\u00edo\">\n            <\/div>\n                <\/div>\n                <a href=\"https:\/\/visitingmedia.com\/tt8\/?ttid=conrad-punta-de-mita#\/360?group=3&#038;tour=3\" class=\"loop-room__matterport btn btn-3d\" target=\"_blank\" title=\"Ver en 3D\" rel=\"noopener noreferrer\">\n            Ver en 3D\n        <\/a>\n                                <span class=\"loop-room__size\">3,242 pies cuadrados<\/span>\n            <\/div>\n        <div class=\"loop-room__content\">\n        <div class=\"loop-room__text\">\n            <h3 class=\"loop-room__title\">Penthouse con vista al mar, cama King y piscina privada<\/h3>\n            <div class=\"loop-room__excerpt excerpt\">Esta lujosa suite de 3240 pies cuadrados cuenta con un patio privado al aire libre, alberca privada, sala de estar, comedor, una ba\u00f1era gran tama\u00f1o y m\u00e1s.<\/div>\n\n        <\/div>\n        <div class=\"button-groups\">\n    \n        <a href=\"https:\/\/www.hilton.com\/es\/book\/reservation\/rooms\/?ctyhocn=PVRPMCI&#038;roomTypeCode=K1ZOU1&#038;_gl=1*46ir02*_gcl_au*MTc5MzIyMzE3MS4xNzczOTM4MTk5\" class=\"btn btn-amentities bold\" target=\"_blank\" rel=\"noopener noreferrer\">\n        Reservar habitaci\u00f3n    <\/a>\n        <a class=\"btn btn-amentities btn-outline\" href=\"https:\/\/www.conradpuntademita.com\/es\/habitaciones\/vista-al-mar-penthouse-suite-cama-king\/\" data-id=\"406\">Ver Servicios<\/a>\n<\/div>\n    <\/div>\n<\/div>\n<div class=\"loop-room\">\n        <div class=\"loop-room__slider\">\n        <div class=\"loop-room__slides\">\n                    <div class=\"loop-room__slide gradient-overlay\">\n            <img decoding=\"async\" class=\"lazyload\" src=\"https:\/\/cdn.conradpuntademita.com\/wp-content\/uploads\/2022\/05\/13121208\/GRAND-OCEANFRONT-SUITE-3-2-560x340.webp\" data-src=\"https:\/\/cdn.conradpuntademita.com\/wp-content\/uploads\/2022\/05\/13121208\/GRAND-OCEANFRONT-SUITE-3-2-560x340.webp\" data-srcset=\"https:\/\/cdn.conradpuntademita.com\/wp-content\/uploads\/2022\/05\/13121208\/GRAND-OCEANFRONT-SUITE-3-2-e1653512103185.webp 2x\" alt=\"Un sof\u00e1 de balc\u00f3n de habitaci\u00f3n de hotel y piscina con vista al r\u00edo\">\n            <\/div>\n                <\/div>\n                <a href=\"https:\/\/visitingmedia.com\/tt8\/?ttid=conrad-punta-de-mita#\/360?group=3&#038;tour=0\" class=\"loop-room__matterport btn btn-3d\" target=\"_blank\" title=\"Ver en 3D\" rel=\"noopener noreferrer\">\n            Ver en 3D\n        <\/a>\n                                <span class=\"loop-room__size\">2,525 pies cuadrados<\/span>\n            <\/div>\n        <div class=\"loop-room__content\">\n        <div class=\"loop-room__text\">\n            <h3 class=\"loop-room__title\">Grand Suite frente a la playa con cama King y piscina privada<\/h3>\n            <div class=\"loop-room__excerpt excerpt\">Conoce nuestra Grand Suite con cama tama\u00f1o King, terraza con alberca privada, transporte privado y m\u00e1s. Descubre nuestro servicio inigualable.<\/div>\n\n        <\/div>\n        <div class=\"button-groups\">\n    \n        <a href=\"https:\/\/www.hilton.com\/es\/book\/reservation\/rooms\/?ctyhocn=PVRPMCI&#038;roomTypeCode=K1ZFU1&#038;_gl=1*1kmc4u1*_gcl_au*MTc5MzIyMzE3MS4xNzczOTM4MTk5\" class=\"btn btn-amentities bold\" target=\"_blank\" rel=\"noopener noreferrer\">\n        Reservar habitaci\u00f3n    <\/a>\n        <a class=\"btn btn-amentities btn-outline\" href=\"https:\/\/www.conradpuntademita.com\/es\/habitaciones\/frente-a-la-playa-grand-piscina-alberca-suite-cama-king\/\" data-id=\"405\">Ver Servicios<\/a>\n<\/div>\n    <\/div>\n<\/div>\n\t<\/div>\n<\/div>\n<\/section>\n\n<link rel=\"stylesheet\" href=\"https:\/\/www.conradpuntademita.com\/wp-content\/themes\/conrad-ptm\/css\/rooms.css\"\/>\n\n<section id=\"beachfront\" class=\"rooms-carousel\">\n<div class=\"room-carousel body-wrapper\">\n\t\t\t<div class=\"room-carousel__images\">\n\t\t\t\t\t<div class=\"room-carousel__image gradient-overlay\">\n\t\t\t<img decoding=\"async\" class=\"lazyload\" src=\"https:\/\/cdn.conradpuntademita.com\/wp-content\/uploads\/2022\/05\/13120402\/PVRPMCI_GrandSuite-Terrace2-scaled-e1653492505849-1440x640.webp\" data-src=\"https:\/\/cdn.conradpuntademita.com\/wp-content\/uploads\/2022\/05\/13120402\/PVRPMCI_GrandSuite-Terrace2-scaled-e1653492505849-1440x640.webp\" data-srcset=\"https:\/\/cdn.conradpuntademita.com\/wp-content\/uploads\/2022\/05\/13120402\/PVRPMCI_GrandSuite-Terrace2-2880x1280.jpg 2x\" alt=\"Terraza de lujo frente al mar con piscina privada, tumbonas, palmeras y vistas panor\u00e1micas al mar azul.\">\n\t\t\t<\/div>\n\t\t\t\t<\/div>\n\t\t\t<div class=\"room-carousel__content\">\n\t\t<div class=\"room-carousel__info\">\n\t\t\t\t\t<h2 class=\"room-carousel__heading heading2 btn-toggle-slider\">Suites frente al mar<\/h2>\n\t\t\t\t\t\t<\/div>\n\t\t<div class=\"button-groups button-groups--desktop\">\n\t\t\t\t\t\t<\/div>\n\n\t\t<div class=\"button-groups button-groups--mobile\">\n\t\t\t\t\t\t<\/div>\n\t<\/div>\n<\/div>\n\n<div class=\"room-slider__wrapper preopened body-wrapper\" style=\"display:block\">\n\t<div class=\"room-slider\">\n\t\t<div class=\"loop-room\">\n        <div class=\"loop-room__slider\">\n        <div class=\"loop-room__slides\">\n                    <div class=\"loop-room__slide gradient-overlay\">\n            <img decoding=\"async\" class=\"lazyload\" src=\"https:\/\/cdn.conradpuntademita.com\/wp-content\/uploads\/2022\/05\/13121059\/CONRAD-PUNTA-DE-MITA-King-Suite-Ocean-Front-560x340.webp\" data-src=\"https:\/\/cdn.conradpuntademita.com\/wp-content\/uploads\/2022\/05\/13121059\/CONRAD-PUNTA-DE-MITA-King-Suite-Ocean-Front-560x340.webp\" data-srcset=\"https:\/\/cdn.conradpuntademita.com\/wp-content\/uploads\/2022\/05\/13121059\/CONRAD-PUNTA-DE-MITA-King-Suite-Ocean-Front-1120x680.jpg 2x\" alt=\"Un balc\u00f3n de la habitaci\u00f3n del hotel con piscina y vistas al r\u00edo.\">\n            <\/div>\n                <\/div>\n                <a href=\"https:\/\/visitingmedia.com\/tt8\/?ttid=conrad-punta-de-mita#\/3d-model\/2\/8\" class=\"loop-room__matterport btn btn-3d\" target=\"_blank\" title=\"Ver en 3D\" rel=\"noopener noreferrer\">\n            Ver en 3D\n        <\/a>\n                                <span class=\"loop-room__size\">1,460 pies cuadrados<\/span>\n            <\/div>\n        <div class=\"loop-room__content\">\n        <div class=\"loop-room__text\">\n            <h3 class=\"loop-room__title\">Signature Suite frente a la playa con cama King<\/h3>\n            <div class=\"loop-room__excerpt excerpt\">Las caracter\u00edsticas modernas realzan la belleza natural de un gran balc\u00f3n y una piscina privada, mientras que un conserje personal se anticipa a sus necesidades.<\/div>\n\n        <\/div>\n        <div class=\"button-groups\">\n    \n        <a href=\"https:\/\/www.hilton.com\/es\/book\/reservation\/rooms\/?ctyhocn=PVRPMCI&#038;roomTypeCode=K1RFU1&#038;_gl=1*bcjfm6*_gcl_au*MTc5MzIyMzE3MS4xNzczOTM4MTk5\" class=\"btn btn-amentities bold\" target=\"_blank\" rel=\"noopener noreferrer\">\n        Reservar habitaci\u00f3n    <\/a>\n        <a class=\"btn btn-amentities btn-outline\" href=\"https:\/\/www.conradpuntademita.com\/es\/habitaciones\/frente-al-mar-suite-firma-cama-king\/\" data-id=\"413\">Ver Servicios<\/a>\n<\/div>\n    <\/div>\n<\/div>\n<div class=\"loop-room\">\n        <div class=\"loop-room__slider\">\n        <div class=\"loop-room__slides\">\n                    <div class=\"loop-room__slide gradient-overlay\">\n            <img decoding=\"async\" class=\"lazyload\" src=\"https:\/\/cdn.conradpuntademita.com\/wp-content\/uploads\/2022\/05\/04042219\/CONRAD-PUNTA-DE-MITA-1001701-1-scaled.webp\" data-src=\"https:\/\/cdn.conradpuntademita.com\/wp-content\/uploads\/2022\/05\/04042219\/CONRAD-PUNTA-DE-MITA-1001701-1-scaled.webp\" data-srcset=\"https:\/\/cdn.conradpuntademita.com\/wp-content\/uploads\/2022\/05\/04042219\/CONRAD-PUNTA-DE-MITA-1001701-1-scaled.webp 2x\" alt=\"Habitaci\u00f3n frente al mar con piscina privada\">\n            <\/div>\n                <\/div>\n                <a href=\"https:\/\/visitingmedia.com\/tt8\/?ttid=conrad-punta-de-mita#\/360?group=3&#038;tour=6\" class=\"loop-room__matterport btn btn-3d\" target=\"_blank\" title=\"Ver en 3D\" rel=\"noopener noreferrer\">\n            Ver en 3D\n        <\/a>\n                                <span class=\"loop-room__size\">1,960 pies cuadrados<\/span>\n            <\/div>\n        <div class=\"loop-room__content\">\n        <div class=\"loop-room__text\">\n            <h3 class=\"loop-room__title\">Premier Suite frente a la playa con cama King y piscina privada<\/h3>\n            <div class=\"loop-room__excerpt excerpt\">Esta suite de 1960 pies cuadrados cuenta con un gran patio privado, una cama King y un sof\u00e1 seccional, una ducha independiente, una ba\u00f1era profunda y m\u00e1s.<\/div>\n\n        <\/div>\n        <div class=\"button-groups\">\n    \n        <a href=\"https:\/\/www.hilton.com\/es\/book\/reservation\/rooms\/?ctyhocn=PVRPMCI&#038;roomTypeCode=K1SFU1&#038;_gl=1*189hwew*_gcl_au*MTc5MzIyMzE3MS4xNzczOTM4MTk5\" class=\"btn btn-amentities bold\" target=\"_blank\" rel=\"noopener noreferrer\">\n        Reservar habitaci\u00f3n    <\/a>\n        <a class=\"btn btn-amentities btn-outline\" href=\"https:\/\/www.conradpuntademita.com\/es\/habitaciones\/frente-al-mar-suite-premier-cama-king\/\" data-id=\"407\">Ver Servicios<\/a>\n<\/div>\n    <\/div>\n<\/div>\n<div class=\"loop-room\">\n        <div class=\"loop-room__slider\">\n        <div class=\"loop-room__slides\">\n                    <div class=\"loop-room__slide gradient-overlay\">\n            <img decoding=\"async\" class=\"lazyload\" src=\"https:\/\/cdn.conradpuntademita.com\/wp-content\/uploads\/2022\/05\/13121208\/GRAND-OCEANFRONT-SUITE-3-2-560x340.webp\" data-src=\"https:\/\/cdn.conradpuntademita.com\/wp-content\/uploads\/2022\/05\/13121208\/GRAND-OCEANFRONT-SUITE-3-2-560x340.webp\" data-srcset=\"https:\/\/cdn.conradpuntademita.com\/wp-content\/uploads\/2022\/05\/13121208\/GRAND-OCEANFRONT-SUITE-3-2-e1653512103185.webp 2x\" alt=\"Un sof\u00e1 de balc\u00f3n de habitaci\u00f3n de hotel y piscina con vista al r\u00edo\">\n            <\/div>\n                <\/div>\n                <a href=\"https:\/\/visitingmedia.com\/tt8\/?ttid=conrad-punta-de-mita#\/360?group=3&#038;tour=0\" class=\"loop-room__matterport btn btn-3d\" target=\"_blank\" title=\"Ver en 3D\" rel=\"noopener noreferrer\">\n            Ver en 3D\n        <\/a>\n                                <span class=\"loop-room__size\">2,525 pies cuadrados<\/span>\n            <\/div>\n        <div class=\"loop-room__content\">\n        <div class=\"loop-room__text\">\n            <h3 class=\"loop-room__title\">Grand Suite frente a la playa con cama King y piscina privada<\/h3>\n            <div class=\"loop-room__excerpt excerpt\">Conoce nuestra Grand Suite con cama tama\u00f1o King, terraza con alberca privada, transporte privado y m\u00e1s. Descubre nuestro servicio inigualable.<\/div>\n\n        <\/div>\n        <div class=\"button-groups\">\n    \n        <a href=\"https:\/\/www.hilton.com\/es\/book\/reservation\/rooms\/?ctyhocn=PVRPMCI&#038;roomTypeCode=K1ZFU1&#038;_gl=1*1kmc4u1*_gcl_au*MTc5MzIyMzE3MS4xNzczOTM4MTk5\" class=\"btn btn-amentities bold\" target=\"_blank\" rel=\"noopener noreferrer\">\n        Reservar habitaci\u00f3n    <\/a>\n        <a class=\"btn btn-amentities btn-outline\" href=\"https:\/\/www.conradpuntademita.com\/es\/habitaciones\/frente-a-la-playa-grand-piscina-alberca-suite-cama-king\/\" data-id=\"405\">Ver Servicios<\/a>\n<\/div>\n    <\/div>\n<\/div>\n\t<\/div>\n<\/div>\n<\/section>\n\n<link rel=\"stylesheet\" href=\"https:\/\/www.conradpuntademita.com\/wp-content\/themes\/conrad-ptm\/css\/rooms.css\"\/>\n\n<section id=\"multi-bedroom\" class=\"rooms-carousel\">\n<div class=\"room-carousel body-wrapper\">\n\t\t\t<div class=\"room-carousel__images\">\n\t\t\t\t\t<div class=\"room-carousel__image gradient-overlay\">\n\t\t\t<img decoding=\"async\" class=\"lazyload\" src=\"https:\/\/cdn.conradpuntademita.com\/wp-content\/uploads\/2022\/05\/04045821\/TWO-BEDROOM-PARTIAL-OCEAN-VIEW-SUITE-WITH-KITCHEN-3303x2202-1-scaled-1440x640.webp\" data-src=\"https:\/\/cdn.conradpuntademita.com\/wp-content\/uploads\/2022\/05\/04045821\/TWO-BEDROOM-PARTIAL-OCEAN-VIEW-SUITE-WITH-KITCHEN-3303x2202-1-scaled-1440x640.webp\" data-srcset=\"https:\/\/cdn.conradpuntademita.com\/wp-content\/uploads\/2022\/05\/04045821\/TWO-BEDROOM-PARTIAL-OCEAN-VIEW-SUITE-WITH-KITCHEN-3303x2202-1-scaled-2560x1280.jpg 2x\" alt=\"Sala de estar moderna con sof\u00e1s neutros, detalles en azul, ventilador de techo y fondo de cocina abierta.\">\n\t\t\t<\/div>\n\t\t\t\t<\/div>\n\t\t\t<div class=\"room-carousel__content\">\n\t\t<div class=\"room-carousel__info\">\n\t\t\t\t\t<h2 class=\"room-carousel__heading heading2 btn-toggle-slider\">Suites con varios dormitorios<\/h2>\n\t\t\t\t\t\t<\/div>\n\t\t<div class=\"button-groups button-groups--desktop\">\n\t\t\t\t\t\t<\/div>\n\n\t\t<div class=\"button-groups button-groups--mobile\">\n\t\t\t\t\t\t<\/div>\n\t<\/div>\n<\/div>\n\n<div class=\"room-slider__wrapper preopened body-wrapper\" style=\"display:block\">\n\t<div class=\"room-slider\">\n\t\t<div class=\"loop-room\">\n        <div class=\"loop-room__slider\">\n        <div class=\"loop-room__slides\">\n                    <div class=\"loop-room__slide gradient-overlay\">\n            <img decoding=\"async\" class=\"lazyload\" src=\"https:\/\/cdn.conradpuntademita.com\/wp-content\/uploads\/2022\/05\/04043558\/CONRAD-PUNTA-DE-MITA-10021164-scaled.webp\" data-src=\"https:\/\/cdn.conradpuntademita.com\/wp-content\/uploads\/2022\/05\/04043558\/CONRAD-PUNTA-DE-MITA-10021164-scaled.webp\" data-srcset=\"https:\/\/cdn.conradpuntademita.com\/wp-content\/uploads\/2022\/05\/04043558\/CONRAD-PUNTA-DE-MITA-10021164-scaled.webp 2x\" alt=\"Cocina con mesa, microondas y nevera.\">\n            <\/div>\n                <\/div>\n                <a href=\"https:\/\/visitingmedia.com\/tt8\/?ttid=conrad-punta-de-mita#\/360?group=3&#038;tour=8\" class=\"loop-room__matterport btn btn-3d\" target=\"_blank\" title=\"Ver en 3D\" rel=\"noopener noreferrer\">\n            Ver en 3D\n        <\/a>\n                                <span class=\"loop-room__size\">1,735 pies cuadrados<\/span>\n            <\/div>\n        <div class=\"loop-room__content\">\n        <div class=\"loop-room__text\">\n            <h3 class=\"loop-room__title\">Residence Suite de dos dormitorios con vista al mar y cocina<\/h3>\n            <div class=\"loop-room__excerpt excerpt\">Nuestra Suite Residencia de 2 dormitorios con vistas al mar y cocina ofrece la oportunidad de crear su propia sensaci\u00f3n de hogar y aislamiento. Conoce m\u00e1s.<\/div>\n\n        <\/div>\n        <div class=\"button-groups\">\n    \n        <a href=\"https:\/\/www.hilton.com\/es\/book\/reservation\/rooms\/?ctyhocn=PVRPMCI&#038;roomTypeCode=K1OOU2&#038;_gl=1*nhchvd*_gcl_au*MTc5MzIyMzE3MS4xNzczOTM4MTk\" class=\"btn btn-amentities bold\" target=\"_blank\" rel=\"noopener noreferrer\">\n        Reservar habitaci\u00f3n    <\/a>\n        <a class=\"btn btn-amentities btn-outline\" href=\"https:\/\/www.conradpuntademita.com\/es\/habitaciones\/vista-al-mar-2-dormitorios-suite-con-cocina\/\" data-id=\"410\">Ver Servicios<\/a>\n<\/div>\n    <\/div>\n<\/div>\n<div class=\"loop-room\">\n        <div class=\"loop-room__slider\">\n        <div class=\"loop-room__slides\">\n                    <div class=\"loop-room__slide gradient-overlay\">\n            <img decoding=\"async\" class=\"lazyload\" src=\"https:\/\/cdn.conradpuntademita.com\/wp-content\/uploads\/2022\/05\/04045821\/TWO-BEDROOM-PARTIAL-OCEAN-VIEW-SUITE-WITH-KITCHEN-3303x2202-1-scaled-560x340.webp\" data-src=\"https:\/\/cdn.conradpuntademita.com\/wp-content\/uploads\/2022\/05\/04045821\/TWO-BEDROOM-PARTIAL-OCEAN-VIEW-SUITE-WITH-KITCHEN-3303x2202-1-scaled-560x340.webp\" data-srcset=\"https:\/\/cdn.conradpuntademita.com\/wp-content\/uploads\/2022\/05\/04045821\/TWO-BEDROOM-PARTIAL-OCEAN-VIEW-SUITE-WITH-KITCHEN-3303x2202-1-scaled-1120x680.jpg 2x\" alt=\"Sala de estar moderna con sof\u00e1s neutros, detalles en azul, ventilador de techo y fondo de cocina abierta.\">\n            <\/div>\n                <\/div>\n                <a href=\"https:\/\/visitingmedia.com\/tt8\/?ttid=conrad-punta-de-mita#\/360?group=3&#038;tour=10\" class=\"loop-room__matterport btn btn-3d\" target=\"_blank\" title=\"Ver en 3D\" rel=\"noopener noreferrer\">\n            Ver en 3D\n        <\/a>\n                                <span class=\"loop-room__size\">1,735 pies cuadrados<\/span>\n            <\/div>\n        <div class=\"loop-room__content\">\n        <div class=\"loop-room__text\">\n            <h3 class=\"loop-room__title\">Residence Suite de dos dormitorios con vista parcial al mar y cocina<\/h3>\n            <div class=\"loop-room__excerpt excerpt\">Dise\u00f1ada para familias o entretenimiento, esta espaciosa suite cuenta con todas las comodidades de una cocina completa con ba\u00f1os grandes, dos camas y m\u00e1s.<\/div>\n\n        <\/div>\n        <div class=\"button-groups\">\n    \n        <a href=\"https:\/\/www.hilton.com\/es\/book\/reservation\/rooms\/?ctyhocn=PVRPMCI&#038;roomTypeCode=K1OPU2&#038;_gl=1*159vz0c*_gcl_au*MTc5MzIyMzE3MS4xNzczOTM4MTk5\" class=\"btn btn-amentities bold\" target=\"_blank\" rel=\"noopener noreferrer\">\n        Reservar habitaci\u00f3n    <\/a>\n        <a class=\"btn btn-amentities btn-outline\" href=\"https:\/\/www.conradpuntademita.com\/es\/habitaciones\/suite-de-2-dormitorios-con-cocina-vista-parcial-al-mar-2\/\" data-id=\"409\">Ver Servicios<\/a>\n<\/div>\n    <\/div>\n<\/div>\n<div class=\"loop-room\">\n        <div class=\"loop-room__slider\">\n        <div class=\"loop-room__slides\">\n                    <div class=\"loop-room__slide gradient-overlay\">\n            <img decoding=\"async\" class=\"lazyload\" src=\"https:\/\/cdn.conradpuntademita.com\/wp-content\/uploads\/2022\/05\/04043505\/CONRAD-PUNTA-DE-MITA-10021095-scaled.webp\" data-src=\"https:\/\/cdn.conradpuntademita.com\/wp-content\/uploads\/2022\/05\/04043505\/CONRAD-PUNTA-DE-MITA-10021095-scaled.webp\" data-srcset=\"https:\/\/cdn.conradpuntademita.com\/wp-content\/uploads\/2022\/05\/04043505\/CONRAD-PUNTA-DE-MITA-10021095-scaled.webp 2x\" alt=\"Sal\u00f3n con sof\u00e1 y terraza con impresionantes vistas\">\n            <\/div>\n                <\/div>\n                <a href=\"https:\/\/visitingmedia.com\/tt8\/?ttid=conrad-punta-de-mita#\/3d-model\/2\/5\" class=\"loop-room__matterport btn btn-3d\" target=\"_blank\" title=\"Ver en 3D\" rel=\"noopener noreferrer\">\n            Ver en 3D\n        <\/a>\n                                <span class=\"loop-room__size\">1,735 pies cuadrados<\/span>\n            <\/div>\n        <div class=\"loop-room__content\">\n        <div class=\"loop-room__text\">\n            <h3 class=\"loop-room__title\">Suite de dos dormitorios con vista al mar<\/h3>\n            <div class=\"loop-room__excerpt excerpt\">Dise\u00f1ada para familias o eventos, esta amplia suite cuenta con servicios de conserje personal, ba\u00f1os grandes y dos habitaciones.<\/div>\n\n        <\/div>\n        <div class=\"button-groups\">\n    \n        <a href=\"https:\/\/www.hilton.com\/es\/book\/reservation\/rooms\/?ctyhocn=PVRPMCI&#038;roomTypeCode=K1SOU2&#038;_gl=1*159vz0c*_gcl_au*MTc5MzIyMzE3MS4xNzczOTM4MTk5\" class=\"btn btn-amentities bold\" target=\"_blank\" rel=\"noopener noreferrer\">\n        Reservar habitaci\u00f3n    <\/a>\n        <a class=\"btn btn-amentities btn-outline\" href=\"https:\/\/www.conradpuntademita.com\/es\/habitaciones\/suite-de-2-dormitorios-con-vista-al-mar\/\" data-id=\"408\">Ver Servicios<\/a>\n<\/div>\n    <\/div>\n<\/div>\n\t<\/div>\n<\/div>\n<\/section>\n\n<section id=\"responsive-spacer-block_41857db64c77824dfbee21e70347ae1a\" class=\"responsive-spacer\">\n<\/section>\n<style>\n  #responsive-spacer-block_41857db64c77824dfbee21e70347ae1a {\n    width: 100%;\n  }\n\n  #responsive-spacer-block_41857db64c77824dfbee21e70347ae1a {\n    height: 38px;\n  }\n\n  @media (min-width: 769px) {\n    #responsive-spacer-block_41857db64c77824dfbee21e70347ae1a {\n      height: 60px;\n    }\n  }\n\n  @media (min-width: 1201px) {\n    #responsive-spacer-block_41857db64c77824dfbee21e70347ae1a {\n      height: 84px;\n    }\n  }\n\n  <\/style>\n\n<section id=\"venues-spaces-block_7a38c4f53b9f3ddf44d4a1576aa45296\" class=\"venues-spaces experience-events body-wrapper\" data-cpt=\"experience\">\n  \n      <h2 class=\"venues-spaces__heading a-up\">Experiencias que puede disfrutar<\/h2>\n  \n      <div class=\"venues-spaces__items\">\n                \t\n\t<div class=\"loop-event\">\n\t<div class=\"loop-event__link-wrapper\">\n\t\t<div class=\"loop-event__link\">\n\t\n\t<div class=\"loop-event__img\">\n\t\t\t\t\t<a href=\"https:\/\/www.conradpuntademita.com\/es\/experiencias\/degustacion-de-licores-de-agave\/\" class=\"foto-hover\">\n\t\t\t\t\t\t\t\t\t<img decoding=\"async\" src=\"https:\/\/cdn.conradpuntademita.com\/wp-content\/uploads\/2022\/05\/13120249\/ConradPuntaMita-Spherical-JoeThomas-022022-22-810x790-1-585x730.webp\" alt=\"Chica mano vertiendo vodka en el vaso\">\n\t\t\t\n\t\t\t\t<\/a>\n\t\t\t\t\n\t<\/div>\n\n\n\n\n\t\t\n\n\t\t<\/div>\n\t\n\n\n\t<\/div>\n\n\t<div class=\"loop-event__info\">\n\n\t<h3 class='loop-event__heading heading3 a-up'>\n\tDegustaci\u00f3n de destilados de agave\t<\/h3>\n\n\t\t\t\t\t<div class=\"loop-event__text a-up a-delay-1\">\n\t\t\t\t<p>Nuestro Agave Studio est\u00e1 dedicado al antiguo destilado de agave y a sus m\u00faltiples y tentadoras formas. Nuestro experto en agave le guiar\u00e1 a trav\u00e9s de una cata seleccionada entre nuestras m\u00e1s de 200 botellas de tequila, mezcal, raicilla y sotol. Descubra su historia, procedencia y perfiles de sabor, acompa\u00f1ados de peque\u00f1os bocados. O reserve una cena de cinco platos con maridaje de agave. <\/p>\n\t\t\t<\/div>\n\t\t\n\t<div class=\"loop-event__cta-wrapper\">\n\t\t\t<a class=\"btn btn-secondary loop-event__cta a-up a-delay-2\" href=\"https:\/\/www.conradpuntademita.com\/es\/experiencias\/degustacion-de-licores-de-agave\/\" target=\"_self\">Descubre m\u00e1s<\/a>\n\t\n\t\n\t\t\t\t<\/div>\n\n\t<\/div>\n\t<\/div>\n\t                \t\n\t<div class=\"loop-event\">\n\t<div class=\"loop-event__link-wrapper\">\n\t\t<div class=\"loop-event__link\">\n\t\n\t<div class=\"loop-event__img\">\n\t\t\t\t\t<a href=\"https:\/\/www.conradpuntademita.com\/es\/experiencias\/reservacion-de-cabanas-privadas\/\" class=\"foto-hover\">\n\t\t\t\t\t\t\t\t\t<img decoding=\"async\" src=\"https:\/\/cdn.conradpuntademita.com\/wp-content\/uploads\/2022\/10\/05213212\/Haniiya-Cabana-1200x1800-1-e1665007191173-585x730.webp\" alt=\"pareja, relajante, por, el, piscina\">\n\t\t\t\n\t\t\t\t<\/a>\n\t\t\t\t\n\t<\/div>\n\n\n\n\n\t\t\n\n\t\t<\/div>\n\t\n\n\n\t<\/div>\n\n\t<div class=\"loop-event__info\">\n\n\t<h3 class='loop-event__heading heading3 a-up'>\n\tReserva tu Cabana Privada\t<\/h3>\n\n\t\t\t\t\t<div class=\"loop-event__text a-up a-delay-1\">\n\t\t\t\t<p>Seleccione entre cuatro opciones de caba\u00f1as privadas con servicio de mayordomo y comodidades junto a la piscina en caba\u00f1as personalizadas inspiradas en los huicholes.<\/p>\n\t\t\t<\/div>\n\t\t\n\t<div class=\"loop-event__cta-wrapper\">\n\t\t\t<a class=\"btn btn-secondary loop-event__cta a-up a-delay-2\" href=\"\/es\/experiencias\/reservacion-de-cabanas-privadas\/\" target=\"_self\">Ver Caba\u00f1as<\/a>\n\t\n\t\n\t\t\t\t<\/div>\n\n\t<\/div>\n\t<\/div>\n\t                \t\n\t<div class=\"loop-event\">\n\t<div class=\"loop-event__link-wrapper\">\n\t\t<div class=\"loop-event__link\">\n\t\n\t<div class=\"loop-event__img\">\n\t\t\t\t\t<a href=\"https:\/\/www.conradpuntademita.com\/es\/experiencias\/cena-privada\/\" class=\"foto-hover\">\n\t\t\t\t\t\t\t\t\t<img decoding=\"async\" src=\"https:\/\/cdn.conradpuntademita.com\/wp-content\/uploads\/2022\/05\/13120350\/ConradPuntaMita-Spherical-JoeThomas-022022-92-1-e1653493434636-585x730.webp\" alt=\"Mesa y silla al aire libre con iluminaci\u00f3n de \u00e1rboles.\">\n\t\t\t\n\t\t\t\t<\/a>\n\t\t\t\t\n\t<\/div>\n\n\n\n\n\t\t\n\n\t\t<\/div>\n\t\n\n\n\t<\/div>\n\n\t<div class=\"loop-event__info\">\n\n\t<h3 class='loop-event__heading heading3 a-up'>\n\tCena Privada\t<\/h3>\n\n\t\t\t\t\t<div class=\"loop-event__text a-up a-delay-1\">\n\t\t\t\t<p>Una irresistible combinaci\u00f3n de cocina y romanticismo: Una mesa aislada para dos, situada en los manglares de Codex, y un men\u00fa vanguardista con influencias de recetas ancestrales, elaborado exclusivamente para usted por nuestro chef de cocina. Tambi\u00e9n podemos crear una experiencia gastron\u00f3mica privada en un espacio tranquilo dentro del complejo, desde su terraza privada hasta una tranquila caba\u00f1a con vistas a la puesta de sol. <\/p>\n\t\t\t<\/div>\n\t\t\n\t<div class=\"loop-event__cta-wrapper\">\n\t\t\t<a class=\"btn btn-secondary loop-event__cta a-up a-delay-2\" href=\"\/es\/experiencias\/cena-privada\/\" target=\"_self\">Descubre m\u00e1s<\/a>\n\t\n\t\n\t\t\t\t<\/div>\n\n\t<\/div>\n\t<\/div>\n\t          <\/div>\n  \n  <\/section>\n\n\n<section id=\"responsive-spacer-block_41857db64c77824dfbee21e70347ae1a\" class=\"responsive-spacer\">\n<\/section>\n<style>\n  #responsive-spacer-block_41857db64c77824dfbee21e70347ae1a {\n    width: 100%;\n  }\n\n  #responsive-spacer-block_41857db64c77824dfbee21e70347ae1a {\n    height: 38px;\n  }\n\n  @media (min-width: 769px) {\n    #responsive-spacer-block_41857db64c77824dfbee21e70347ae1a {\n      height: 60px;\n    }\n  }\n\n  @media (min-width: 1201px) {\n    #responsive-spacer-block_41857db64c77824dfbee21e70347ae1a {\n      height: 84px;\n    }\n  }\n\n  <\/style>\n\n\n<section id=\"offers-module-block_e2506b7baa9f93ab33d2e8740e1ae3ac\" class=\"offers-module\">\n  <div class=\"offers-module__info\">\n\n\n\n          <h2 class=\"offers-module__heading heading2 a-up\">Ofertas<\/h2>\n    \n    \n          <p class=\"offers-module__desc content a-up a-delay-2\">\n        Las suites son elegibles dentro de las siguientes promociones.      <\/p>\n    \n    \n  <\/div>\n      <div class=\"offers-module__grid swiper\">\n      <div class=\"swiper-wrapper offers-module__swiper\">\n        <style>\n\n.loop-offer__content {\n  display: flex;\n  flex-direction: column;\n  flex-grow: 1;\n  justify-content: space-between;\n}\n\n\n\n.swiper-slide {\n    height: auto !important;\n}\n\n<\/style>\n\n<style>\n\n.loop-offer__content {\n  display: flex;\n  flex-direction: column;\n  flex-grow: 1;\n  justify-content: space-between;\n}\n\n\n\n.swiper-slide {\n    height: auto !important;\n}\n\n<\/style>\n\n<style>\n\n.loop-offer__content {\n  display: flex;\n  flex-direction: column;\n  flex-grow: 1;\n  justify-content: space-between;\n}\n\n\n\n.swiper-slide {\n    height: auto !important;\n}\n\n<\/style>\n\n<style>\n\n.loop-offer__content {\n  display: flex;\n  flex-direction: column;\n  flex-grow: 1;\n  justify-content: space-between;\n}\n\n\n\n.swiper-slide {\n    height: auto !important;\n}\n\n<\/style>\n\n      <\/div>\n    <\/div>\n  \n  \n\n<\/section>","protected":false},"excerpt":{"rendered":"","protected":false},"author":4,"featured_media":0,"parent":0,"menu_order":0,"comment_status":"closed","ping_status":"closed","template":"","meta":{"_acf_changed":false,"inline_featured_image":false,"footnotes":""},"categories":[],"class_list":["post-4075","page","type-page","status-publish","hentry"],"acf":[],"featured_image_src":null,"featured_image_src_square":null,"publishpress_future_action":{"enabled":false,"date":"2026-05-05 14:51:11","action":"change-status","newStatus":"draft","terms":[],"taxonomy":"category","extraData":[]},"publishpress_future_workflow_manual_trigger":{"enabledWorkflows":[]},"_links":{"self":[{"href":"https:\/\/www.conradpuntademita.com\/es\/wp-json\/wp\/v2\/pages\/4075","targetHints":{"allow":["GET"]}}],"collection":[{"href":"https:\/\/www.conradpuntademita.com\/es\/wp-json\/wp\/v2\/pages"}],"about":[{"href":"https:\/\/www.conradpuntademita.com\/es\/wp-json\/wp\/v2\/types\/page"}],"author":[{"embeddable":true,"href":"https:\/\/www.conradpuntademita.com\/es\/wp-json\/wp\/v2\/users\/4"}],"replies":[{"embeddable":true,"href":"https:\/\/www.conradpuntademita.com\/es\/wp-json\/wp\/v2\/comments?post=4075"}],"version-history":[{"count":19,"href":"https:\/\/www.conradpuntademita.com\/es\/wp-json\/wp\/v2\/pages\/4075\/revisions"}],"predecessor-version":[{"id":16411,"href":"https:\/\/www.conradpuntademita.com\/es\/wp-json\/wp\/v2\/pages\/4075\/revisions\/16411"}],"wp:attachment":[{"href":"https:\/\/www.conradpuntademita.com\/es\/wp-json\/wp\/v2\/media?parent=4075"}],"wp:term":[{"taxonomy":"category","embeddable":true,"href":"https:\/\/www.conradpuntademita.com\/es\/wp-json\/wp\/v2\/categories?post=4075"}],"curies":[{"name":"wp","href":"https:\/\/api.w.org\/{rel}","templated":true}]}}