{"id":505,"date":"2023-05-26T09:05:00","date_gmt":"2023-05-26T09:05:00","guid":{"rendered":"https:\/\/www.conradpuntademita.com\/?page_id=505"},"modified":"2025-04-18T20:03:31","modified_gmt":"2025-04-18T20:03:31","slug":"blog","status":"publish","type":"page","link":"https:\/\/www.conradpuntademita.com\/es\/blog\/","title":{"rendered":"Blog"},"content":{"rendered":"<section id=\"responsive-spacer-block_e399010cd203df7b439335dd34eef145\" class=\"responsive-spacer\">\n<\/section>\n<style>\n  #responsive-spacer-block_e399010cd203df7b439335dd34eef145 {\n    width: 100%;\n  }\n\n  #responsive-spacer-block_e399010cd203df7b439335dd34eef145 {\n    height: 116px;\n  }\n\n  @media (min-width: 769px) {\n    #responsive-spacer-block_e399010cd203df7b439335dd34eef145 {\n      height: 180px;\n    }\n  }\n\n  @media (min-width: 1201px) {\n    #responsive-spacer-block_e399010cd203df7b439335dd34eef145 {\n      height: 245px;\n    }\n  }\n\n  <\/style>\n\n\n<section id=\"editorial-block_e7b59054c2699d1795fae32b57d8e8b9\" class=\"editorial\">\n      <h1 class=\"editorial-heading a-up\">Blog<\/h1>\n  \n\n  <div id=\"search-bar\">\n    <input type=\"text\" id=\"search-input\" placeholder=\"Buscar\">\n    <button id=\"search-button\" class=\"btn\">Buscar<\/button>\n  <\/div>\n\n\n      <div class=\"editorial-filter general-filter\">\n      <ul class=\"editorial-links general-links a-up a-delay-1\">\n        <li><a class=\"tab-link cta cta-reverse editorial-link general-link active\" href=\"#\" data-category=\"all\">Todo<\/a><\/li>\n                  <li>\n            <a class=\"tab-link cta cta-reverse editorial-link general-link\" href=\"#\" data-category=\"adventure\">\n              Aventura            <\/a>\n          <\/li>\n                  <li>\n            <a class=\"tab-link cta cta-reverse editorial-link general-link\" href=\"#\" data-category=\"summer\">\n              Verano            <\/a>\n          <\/li>\n                  <li>\n            <a class=\"tab-link cta cta-reverse editorial-link general-link\" href=\"#\" data-category=\"resort\">\n              Complejo            <\/a>\n          <\/li>\n                  <li>\n            <a class=\"tab-link cta cta-reverse editorial-link general-link\" href=\"#\" data-category=\"wellness\">\n              Bienestar            <\/a>\n          <\/li>\n                  <li>\n            <a class=\"tab-link cta cta-reverse editorial-link general-link\" href=\"#\" data-category=\"dining\">\n              Gastronom\u00eda            <\/a>\n          <\/li>\n                  <li>\n            <a class=\"tab-link cta cta-reverse editorial-link general-link\" href=\"#\" data-category=\"families\">\n              Familias            <\/a>\n          <\/li>\n              <\/ul>\n      <div class=\"editorial-selector general-selector a-up a-delay-1\">\n        <select class=\"editorial-select general-select\" jcf>\n          <option value=\"all\" selected>Todo<\/option>\n                      <option value=\"adventure\">\n              Aventura            <\/option>\n                      <option value=\"summer\">\n              Verano            <\/option>\n                      <option value=\"resort\">\n              Complejo            <\/option>\n                      <option value=\"wellness\">\n              Bienestar            <\/option>\n                      <option value=\"dining\">\n              Gastronom\u00eda            <\/option>\n                      <option value=\"families\">\n              Familias            <\/option>\n                  <\/select>\n      <\/div>\n    <\/div>\n  \n  \n  <div class=\"editorial-grid-wrapper general-grid\">\n      <div class=\"editorial-grid\">\n      <article class=\"loop-editorial\" data-id=\"19245\">\n    <a href=\"https:\/\/www.conradpuntademita.com\/es\/blog\/orgullo-gay\/\">\n      <div class=\"loop-editorial__image foto-hover\">\n        <img decoding=\"async\" src=\"https:\/\/cdn.conradpuntademita.com\/wp-content\/uploads\/2025\/09\/28235756\/Conrad-Punta-de-Mita-LGBTQ-Wedding-Aura-Adults-Pool.jpg\" srcset=\"https:\/\/cdn.conradpuntademita.com\/wp-content\/uploads\/2025\/09\/28235756\/Conrad-Punta-de-Mita-LGBTQ-Wedding-Aura-Adults-Pool.jpg 2x\" alt=\"Abraza los colores del amor: Mes del Orgullo en Riviera Nayarit\">\n                  <span class=\"loop-editorial__category a-up\">Complejo<\/span>\n                <\/div>\n    <\/a>\n    <div class=\"loop-editorial__content\">\n      <p class=\"loop-editorial__date a-up a-delay-1\">04.15.2026<\/p>\n      <h6 class=\"loop-editorial__title a-up a-delay-2\">Abraza los colores del amor: Mes del Orgullo en Riviera Nayarit<\/h6>\n      <p class=\"loop-editorial__desc a-up a-delay-3\">Cada junio, durante el mes del orgullo gay, comunidades de todo el mundo se unen para celebrar la identidad, la resiliencia y el amor, honrando la historia y el progreso de los derechos LGBTQ+.<\/p>\n      <div class=\"loop-editorial__cta a-up a-delay-4\">\n        <a href=\"https:\/\/www.conradpuntademita.com\/es\/blog\/orgullo-gay\/\" class=\"btn\">Leer m\u00e1s<\/a>\n      <\/div>\n    <\/div>\n  <\/article>\n    <article class=\"loop-editorial\" data-id=\"19242\">\n    <a href=\"https:\/\/www.conradpuntademita.com\/es\/blog\/dia-de-la-tierra\/\">\n      <div class=\"loop-editorial__image foto-hover\">\n        <img decoding=\"async\" src=\"https:\/\/cdn.conradpuntademita.com\/wp-content\/uploads\/2024\/07\/15103055\/david-garcia-sandoval-Tequila.webp\" srcset=\"https:\/\/cdn.conradpuntademita.com\/wp-content\/uploads\/2024\/07\/15103055\/david-garcia-sandoval-Tequila.webp 2x\" alt=\"Celebra el D\u00eda de la Tierra con estilo.\">\n                  <span class=\"loop-editorial__category a-up\">Familias<\/span>\n                <\/div>\n    <\/a>\n    <div class=\"loop-editorial__content\">\n      <p class=\"loop-editorial__date a-up a-delay-1\">04.15.2026<\/p>\n      <h6 class=\"loop-editorial__title a-up a-delay-2\">Celebra el D\u00eda de la Tierra con estilo.<\/h6>\n      <p class=\"loop-editorial__desc a-up a-delay-3\">El D\u00eda de la Tierra 2026 en el Conrad Punta de Mita invita a una forma m\u00e1s consciente y en armon\u00eda con la naturaleza de experimentar la costa, donde la sostenibilidad moldea de forma natural cada momento.<\/p>\n      <div class=\"loop-editorial__cta a-up a-delay-4\">\n        <a href=\"https:\/\/www.conradpuntademita.com\/es\/blog\/dia-de-la-tierra\/\" class=\"btn\">Leer m\u00e1s<\/a>\n      <\/div>\n    <\/div>\n  <\/article>\n    <article class=\"loop-editorial\" data-id=\"18836\">\n    <a href=\"https:\/\/www.conradpuntademita.com\/es\/blog\/copa-del-mundo-2026-mexico\/\">\n      <div class=\"loop-editorial__image foto-hover\">\n        <img decoding=\"async\" src=\"https:\/\/cdn.conradpuntademita.com\/wp-content\/uploads\/2025\/07\/16114408\/Conrad-Punta-de-Mita-White-Party-Fireworks-Mezquite-Beach.webp\" srcset=\"https:\/\/cdn.conradpuntademita.com\/wp-content\/uploads\/2025\/07\/16114408\/Conrad-Punta-de-Mita-White-Party-Fireworks-Mezquite-Beach.webp 2x\" alt=\"Copa Mundial de la FIFA 2026 en M\u00e9xico\">\n                  <span class=\"loop-editorial__category a-up\">Aventura | Complejo<\/span>\n                <\/div>\n    <\/a>\n    <div class=\"loop-editorial__content\">\n      <p class=\"loop-editorial__date a-up a-delay-1\">03.10.2026<\/p>\n      <h6 class=\"loop-editorial__title a-up a-delay-2\">Copa Mundial de la FIFA 2026 en M\u00e9xico<\/h6>\n      <p class=\"loop-editorial__desc a-up a-delay-3\">Crea momentos inolvidables con experiencias dise\u00f1adas para todas las edades en Conrad Punta de Mita. Desde emocionantes aventuras acu\u00e1ticas hasta actividades divertidas, cada miembro de la familia encontrar\u00e1 algo para\u2026<\/p>\n      <div class=\"loop-editorial__cta a-up a-delay-4\">\n        <a href=\"https:\/\/www.conradpuntademita.com\/es\/blog\/copa-del-mundo-2026-mexico\/\" class=\"btn\">Leer m\u00e1s<\/a>\n      <\/div>\n    <\/div>\n  <\/article>\n    <article class=\"loop-editorial\" data-id=\"18792\">\n    <a href=\"https:\/\/www.conradpuntademita.com\/es\/blog\/retiro-de-bienestar\/\">\n      <div class=\"loop-editorial__image foto-hover\">\n        <img decoding=\"async\" src=\"https:\/\/cdn.conradpuntademita.com\/wp-content\/uploads\/2023\/07\/21143710\/12-ConradSpa.webp\" srcset=\"https:\/\/cdn.conradpuntademita.com\/wp-content\/uploads\/2023\/07\/21143710\/12-ConradSpa.webp 2x\" alt=\"Armonizando cuerpo y alma: El oasis del bienestar\">\n                  <span class=\"loop-editorial__category a-up\">Aventura | Complejo<\/span>\n                <\/div>\n    <\/a>\n    <div class=\"loop-editorial__content\">\n      <p class=\"loop-editorial__date a-up a-delay-1\">03.10.2026<\/p>\n      <h6 class=\"loop-editorial__title a-up a-delay-2\">Armonizando cuerpo y alma: El oasis del bienestar<\/h6>\n      <p class=\"loop-editorial__desc a-up a-delay-3\">Crea momentos inolvidables con experiencias dise\u00f1adas para todas las edades en Conrad Punta de Mita. Desde emocionantes aventuras acu\u00e1ticas hasta actividades divertidas, cada miembro de la familia encontrar\u00e1 algo para\u2026<\/p>\n      <div class=\"loop-editorial__cta a-up a-delay-4\">\n        <a href=\"https:\/\/www.conradpuntademita.com\/es\/blog\/retiro-de-bienestar\/\" class=\"btn\">Leer m\u00e1s<\/a>\n      <\/div>\n    <\/div>\n  <\/article>\n    <article class=\"loop-editorial\" data-id=\"18774\">\n    <a href=\"https:\/\/www.conradpuntademita.com\/es\/blog\/historias-de-la-mesa-de-chefs-culinarios\/\">\n      <div class=\"loop-editorial__image foto-hover\">\n        <img decoding=\"async\" src=\"https:\/\/cdn.conradpuntademita.com\/wp-content\/uploads\/2024\/06\/16113023\/CPDM_Feb2025-291-german.webp\" srcset=\"https:\/\/cdn.conradpuntademita.com\/wp-content\/uploads\/2024\/06\/16113023\/CPDM_Feb2025-291-german.webp 2x\" alt=\"Historias de la mesa del chef culinario\">\n                  <span class=\"loop-editorial__category a-up\">Complejo | Aventura<\/span>\n                <\/div>\n    <\/a>\n    <div class=\"loop-editorial__content\">\n      <p class=\"loop-editorial__date a-up a-delay-1\">03.10.2026<\/p>\n      <h6 class=\"loop-editorial__title a-up a-delay-2\">Historias de la mesa del chef culinario<\/h6>\n      <p class=\"loop-editorial__desc a-up a-delay-3\">Crea momentos inolvidables con experiencias dise\u00f1adas para todas las edades en Conrad Punta de Mita. Desde emocionantes aventuras acu\u00e1ticas hasta actividades divertidas, cada miembro de la familia encontrar\u00e1 algo para\u2026<\/p>\n      <div class=\"loop-editorial__cta a-up a-delay-4\">\n        <a href=\"https:\/\/www.conradpuntademita.com\/es\/blog\/historias-de-la-mesa-de-chefs-culinarios\/\" class=\"btn\">Leer m\u00e1s<\/a>\n      <\/div>\n    <\/div>\n  <\/article>\n    <article class=\"loop-editorial\" data-id=\"13560\">\n    <a href=\"https:\/\/www.conradpuntademita.com\/es\/blog\/vacaciones-de-primavera-en-riviera-nayarit\/\">\n      <div class=\"loop-editorial__image foto-hover\">\n        <img decoding=\"async\" src=\"https:\/\/cdn.conradpuntademita.com\/wp-content\/uploads\/2025\/02\/14192630\/Conrad-_StudioCaribe-DSC05331small-scaled.jpg\" srcset=\"https:\/\/cdn.conradpuntademita.com\/wp-content\/uploads\/2025\/02\/14192630\/Conrad-_StudioCaribe-DSC05331small-scaled.jpg 2x\" alt=\"Vacaciones de primavera en Riviera Nayarit\">\n                  <span class=\"loop-editorial__category a-up\">Aventura | Complejo<\/span>\n                <\/div>\n    <\/a>\n    <div class=\"loop-editorial__content\">\n      <p class=\"loop-editorial__date a-up a-delay-1\">02.14.2025<\/p>\n      <h6 class=\"loop-editorial__title a-up a-delay-2\">Vacaciones de primavera en Riviera Nayarit<\/h6>\n      <p class=\"loop-editorial__desc a-up a-delay-3\">Crea momentos inolvidables con experiencias dise\u00f1adas para todas las edades en Conrad Punta de Mita. Desde emocionantes aventuras acu\u00e1ticas hasta actividades divertidas, cada miembro de la familia encontrar\u00e1 algo para\u2026<\/p>\n      <div class=\"loop-editorial__cta a-up a-delay-4\">\n        <a href=\"https:\/\/www.conradpuntademita.com\/es\/blog\/vacaciones-de-primavera-en-riviera-nayarit\/\" class=\"btn\">Leer m\u00e1s<\/a>\n      <\/div>\n    <\/div>\n  <\/article>\n    <\/div>\n\n<div class=\"editorial-grid__pagination\">\n        <button data-id=\"1\" class=\"pagenation-btn current\">1<\/button>\n          <button data-id=\"2\" class=\"pagenation-btn\">2<\/button>\n          <button data-id=\"3\" class=\"pagenation-btn\">3<\/button>\n          <button data-id=\"4\" class=\"pagenation-btn\">4<\/button>\n          <button data-id=\"5\" class=\"pagenation-btn\">5<\/button>\n      <\/div>\n  <\/section>\n\n\n<section id=\"responsive-spacer-block_14b131ffb424edb51debfcb0829a68c0\" class=\"responsive-spacer\">\n<\/section>\n<style>\n  #responsive-spacer-block_14b131ffb424edb51debfcb0829a68c0 {\n    width: 100%;\n  }\n\n  #responsive-spacer-block_14b131ffb424edb51debfcb0829a68c0 {\n    height: 153px;\n  }\n\n  @media (min-width: 769px) {\n    #responsive-spacer-block_14b131ffb424edb51debfcb0829a68c0 {\n      height: 80px;\n    }\n  }\n\n  @media (min-width: 1201px) {\n    #responsive-spacer-block_14b131ffb424edb51debfcb0829a68c0 {\n      height: 86px;\n    }\n  }\n\n  <\/style>","protected":false},"excerpt":{"rendered":"","protected":false},"author":1,"featured_media":0,"parent":0,"menu_order":0,"comment_status":"closed","ping_status":"closed","template":"","meta":{"_acf_changed":false,"inline_featured_image":false,"footnotes":""},"categories":[],"class_list":["post-505","page","type-page","status-publish","hentry"],"acf":[],"featured_image_src":null,"featured_image_src_square":null,"publishpress_future_action":{"enabled":false,"date":"2026-05-06 15:16:43","action":"change-status","newStatus":"draft","terms":[],"taxonomy":"category","extraData":[]},"publishpress_future_workflow_manual_trigger":{"enabledWorkflows":[]},"_links":{"self":[{"href":"https:\/\/www.conradpuntademita.com\/es\/wp-json\/wp\/v2\/pages\/505","targetHints":{"allow":["GET"]}}],"collection":[{"href":"https:\/\/www.conradpuntademita.com\/es\/wp-json\/wp\/v2\/pages"}],"about":[{"href":"https:\/\/www.conradpuntademita.com\/es\/wp-json\/wp\/v2\/types\/page"}],"author":[{"embeddable":true,"href":"https:\/\/www.conradpuntademita.com\/es\/wp-json\/wp\/v2\/users\/1"}],"replies":[{"embeddable":true,"href":"https:\/\/www.conradpuntademita.com\/es\/wp-json\/wp\/v2\/comments?post=505"}],"version-history":[{"count":5,"href":"https:\/\/www.conradpuntademita.com\/es\/wp-json\/wp\/v2\/pages\/505\/revisions"}],"predecessor-version":[{"id":5908,"href":"https:\/\/www.conradpuntademita.com\/es\/wp-json\/wp\/v2\/pages\/505\/revisions\/5908"}],"wp:attachment":[{"href":"https:\/\/www.conradpuntademita.com\/es\/wp-json\/wp\/v2\/media?parent=505"}],"wp:term":[{"taxonomy":"category","embeddable":true,"href":"https:\/\/www.conradpuntademita.com\/es\/wp-json\/wp\/v2\/categories?post=505"}],"curies":[{"name":"wp","href":"https:\/\/api.w.org\/{rel}","templated":true}]}}