{"id":551,"date":"2022-05-03T15:55:32","date_gmt":"2022-05-03T15:55:32","guid":{"rendered":"https:\/\/www.conradpuntademita.com\/?page_id=551"},"modified":"2025-10-09T14:41:35","modified_gmt":"2025-10-09T14:41:35","slug":"restaurantes-bares","status":"publish","type":"page","link":"https:\/\/www.conradpuntademita.com\/es\/restaurantes-bares\/","title":{"rendered":"Restaurantes y Bares"},"content":{"rendered":"<section id=\"banner-block_f799efab85c499b61b43a0268ff50ab2\" class=\"banner\">\n  <div class=\"banner-wrapper\">\n          <video autoplay loop playsinline class=\"banner__video banner__media lazyvid\" muted preload=\"metadata\" data-src=\"https:\/\/cdn.conradpuntademita.com\/wp-content\/uploads\/2023\/09\/19082807\/FB-List-header-round-4-resampled720p-1.mp4\" poster=\"\">\n        <source data-src=\"https:\/\/cdn.conradpuntademita.com\/wp-content\/uploads\/2023\/09\/19082807\/FB-List-header-round-4-resampled720p-1.mp4\" type=\"video\/mp4\">\n      <\/video>\n      <\/div>\n\n      <div class=\"banner-content\">\n      \n              \n      \n<\/section>\n\n\n<section id=\"two-columns-block_86bbf8504e8d384116df41354200b4a5\" class=\"two-columns normal-wrapper dining-two-column\">\n  <div class=\"row\">\n          <div class=\"col col-left a-right content\">\n        <h1 class=\"translation-block\">Cocina<br> <em>Que narra historias<\/em><\/h1>\n<p>&nbsp;<\/p>\n                      <\/div>\n              <div class=\"col col-right a-left content\">\n        <p><h5 class=\"heading3\" style=\"margin-top:40px;margin-bottom: 20px\">UNA HERENCIA DE SABOR<\/h5>\n<p><span style=\"font-weight: 400;\">Compartir la extraordinaria creatividad de la cocina mexicana es fundamental para la experiencia de Conrad Punta de Mita. Nuestro equipo culinario crea platos aut\u00e9nticos, atrevidos e inspirados en honor a las tradiciones del Pac\u00edfico mexicano. Nuestros siete distintivos restaurantes y bares, adem\u00e1s de cenas privadas y el servicio a las habitaciones, ofrecen elevadas recetas mexicanas, c\u00f3cteles artesanales y opciones saludables, todo ello elaborado con imaginaci\u00f3n y estilo. <\/span><\/p>\n<\/p>\n      <\/div>\n      <\/div>\n<\/section>\n\n\n\n\n<section id=\"dining-grid-block_82426f9c471e9583639607475c00a9d3\" class=\"dining-grid body-wrapper\">\n      <div class=\"dining-grid-filter\">\n      <ul class=\"dining-grid-links\">\n                  <li>\n            <a class=\"tab-link cta cta-reverse dining-grid-link\" href=\"#\" data-category=\"morning\">\n              Ma\u00f1ana            <\/a>\n          <\/li>\n                  <li>\n            <a class=\"tab-link cta cta-reverse dining-grid-link\" href=\"#\" data-category=\"afternoon\">\n              Tarde            <\/a>\n          <\/li>\n                  <li>\n            <a class=\"tab-link cta cta-reverse dining-grid-link\" href=\"#\" data-category=\"cocktails\">\n              C\u00f3cteles            <\/a>\n          <\/li>\n                  <li>\n            <a class=\"tab-link cta cta-reverse dining-grid-link\" href=\"#\" data-category=\"evening\">\n              Noche            <\/a>\n          <\/li>\n              <\/ul>\n    <\/div>\n  \n        <div class=\"dining-grid__module\">\n        \n  <article class=\"loop-dining\" data-id=\"544\" style=\"position:relative;z-index:1\">\n          <div class=\"loop-dining__slider\">\n                  <div class=\"loop-dining__img\">\n            <a href=\"https:\/\/www.conradpuntademita.com\/es\/restaurantes-bares\/codex-2\/\" class=\"foto-hover\">\n              <img decoding=\"async\" src=\"https:\/\/cdn.conradpuntademita.com\/wp-content\/uploads\/2022\/05\/13124301\/PVRPMCI_Codex-1-e1653667888623.webp\" alt=\"Imagen del restaurante al aire libre con vista al jard\u00edn.\">\n            <\/a>\n          <\/div>\n                  <div class=\"loop-dining__img\">\n            <a href=\"https:\/\/www.conradpuntademita.com\/es\/restaurantes-bares\/codex-2\/\" class=\"foto-hover\">\n              <img decoding=\"async\" src=\"https:\/\/cdn.conradpuntademita.com\/wp-content\/uploads\/2022\/05\/13122243\/ConradPuntaMita-Spherical-JoeThomas-022022-78-1-e1654005331799.webp\" alt=\"Restaurante al aire libre con vista al jard\u00edn\">\n            <\/a>\n          <\/div>\n                  <div class=\"loop-dining__img\">\n            <a href=\"https:\/\/www.conradpuntademita.com\/es\/restaurantes-bares\/codex-2\/\" class=\"foto-hover\">\n              <img decoding=\"async\" src=\"https:\/\/cdn.conradpuntademita.com\/wp-content\/uploads\/2022\/05\/13122301\/ConradPuntadeMita-JoeThomas-66-1-scaled.webp\" alt=\"Comida servida en los platos sobre la mesa.\">\n            <\/a>\n          <\/div>\n                  <div class=\"loop-dining__img\">\n            <a href=\"https:\/\/www.conradpuntademita.com\/es\/restaurantes-bares\/codex-2\/\" class=\"foto-hover\">\n              <img decoding=\"async\" src=\"https:\/\/cdn.conradpuntademita.com\/wp-content\/uploads\/2022\/05\/13120033\/ConradPuntaMita-Spherical-JoeThomas-022022-45.webp\" alt=\"Imagen del restaurante Codex desde el exterior con vista al jard\u00edn\">\n            <\/a>\n          <\/div>\n              <\/div>\n                <a href=\"https:\/\/visitingmedia.com\/tt8\/?ttid=conrad-punta-de-mita#\/3d-model\/0\/0\" class=\"loop-room__matterport\" target=\"_blank\" title=\"RECORRIDO 3D\" rel=\"noopener\">\n            <svg width=\"22\" height=\"24\" viewbox=\"0 0 22 24\" fill=\"none\" xmlns=\"http:\/\/www.w3.org\/2000\/svg\">\n              <path d=\"M11 0L0 6V18.131L11 24L22 18.131V6.065L11 0V0ZM10 21.2L3.336 17.645L7.537 14.844C8.617 14.125 7.471 12.485 6.294 13.269L2 16.131V8.23L10 12.593V21.2ZM3.133 6.57L10 2.824V7.25C10 8.573 12 8.574 12 7.25V2.835L18.91 6.646L11.005 10.864L3.133 6.57ZM12 12.6L20 8.331V16.131L15.737 13.289C14.556 12.504 13.414 14.144 14.492 14.863L18.664 17.644L12 21.2V12.6Z\" fill=\"white\" \/>\n            <\/svg>\n          <\/a>\n        \n      <div class=\"loop-dining__content\">\n                    <h3 class=\"loop-dining__heading\">Codex<\/h3>\n                <div class=\"loop-dining__text a-up a-delay-1\"><p>Inspirado en un antiguo manuscrito azteca, nuestro restaurante exclusivo es un viaje culinario inmersivo a trav\u00e9s de los sabores y tradiciones de la cocina mexicana. Como testimonio de nuestro compromiso con la excelencia, nos enorgullece anunciar que nuestro restaurante ha sido reconocido como uno de los 250 mejores restaurantes de M\u00e9xico por la prestigiosa gu\u00eda gastron\u00f3mica de M\u00e9xico, Culinaria Mexicana. Este reconocimiento es un reflejo de nuestra dedicaci\u00f3n para brindar experiencias gastron\u00f3micas excepcionales.<\/p><\/div>\n\n        <div class=\"loop-dining__ctas\">\n\n                    <a href=\"https:\/\/www.conradpuntademita.com\/es\/restaurantes-bares\/codex-2\/\" class=\"a-up a-delay-2 btn btn-secondary\">\n            <span>detalles<\/span>\n          <\/a>\n                                <a href=\"https:\/\/www.opentable.com\/r\/codex-at-conrad-punta-de-mita\" class=\"a-up a-delay-3 btn btn-outline\" target=\"_blank\" rel=\"noopener\">\n              <span>reservar<\/span>\n            <\/a>\n                    \n        <\/div>\n      <\/div>\n      <\/article>\n\n  <article class=\"loop-dining\" data-id=\"7931\" style=\"position:relative;z-index:1\">\n          <div class=\"loop-dining__slider\">\n                  <div class=\"loop-dining__img\">\n            <a href=\"https:\/\/www.conradpuntademita.com\/es\/restaurantes-bares\/mezquite-2\/\" class=\"foto-hover\">\n              <img decoding=\"async\" src=\"https:\/\/cdn.conradpuntademita.com\/wp-content\/uploads\/2022\/05\/13124320\/PVRPMCI_Mezquite-Cenas.webp\" alt=\"Mesas de comedor en el restaurante al aire libre decoradas con luces en la playa\">\n            <\/a>\n          <\/div>\n                  <div class=\"loop-dining__img\">\n            <a href=\"https:\/\/www.conradpuntademita.com\/es\/restaurantes-bares\/mezquite-2\/\" class=\"foto-hover\">\n              <img decoding=\"async\" src=\"https:\/\/cdn.conradpuntademita.com\/wp-content\/uploads\/2022\/05\/13124353\/DSCF0544-2-scaled-e1654005358845.webp\" alt=\"Imagen de playa con iluminaci\u00f3n y palmeras.\">\n            <\/a>\n          <\/div>\n                  <div class=\"loop-dining__img\">\n            <a href=\"https:\/\/www.conradpuntademita.com\/es\/restaurantes-bares\/mezquite-2\/\" class=\"foto-hover\">\n              <img decoding=\"async\" src=\"https:\/\/cdn.conradpuntademita.com\/wp-content\/uploads\/2024\/02\/15105835\/DSCF0032.webp\" alt=\"Bar frente a la playa en Mezquite, taburetes blancos, palmeras y luces de cadena preparan el escenario para c\u00f3cteles con vista al mar.\">\n            <\/a>\n          <\/div>\n              <\/div>\n                <a href=\"https:\/\/visitingmedia.com\/tt8\/?ttid=conrad-punta-de-mita#\/3d-model\/0\/1\" class=\"loop-room__matterport\" target=\"_blank\" title=\"RECORRIDO 3D\" rel=\"noopener\">\n            <svg width=\"22\" height=\"24\" viewbox=\"0 0 22 24\" fill=\"none\" xmlns=\"http:\/\/www.w3.org\/2000\/svg\">\n              <path d=\"M11 0L0 6V18.131L11 24L22 18.131V6.065L11 0V0ZM10 21.2L3.336 17.645L7.537 14.844C8.617 14.125 7.471 12.485 6.294 13.269L2 16.131V8.23L10 12.593V21.2ZM3.133 6.57L10 2.824V7.25C10 8.573 12 8.574 12 7.25V2.835L18.91 6.646L11.005 10.864L3.133 6.57ZM12 12.6L20 8.331V16.131L15.737 13.289C14.556 12.504 13.414 14.144 14.492 14.863L18.664 17.644L12 21.2V12.6Z\" fill=\"white\" \/>\n            <\/svg>\n          <\/a>\n        \n      <div class=\"loop-dining__content\">\n                    <h3 class=\"loop-dining__heading\">Mezquite<\/h3>\n                <div class=\"loop-dining__text a-up a-delay-1\"><p>Cena frente al mar en su estado m\u00e1s elemental: Cl\u00e1sicos locales cocinados sobre un fuego viviente junto a la brisa del mar.<\/p><\/div>\n\n        <div class=\"loop-dining__ctas\">\n\n                    <a href=\"https:\/\/www.conradpuntademita.com\/es\/restaurantes-bares\/mezquite-2\/\" class=\"a-up a-delay-2 btn btn-secondary\">\n            <span>detalles<\/span>\n          <\/a>\n                                <a href=\"https:\/\/www.opentable.com\/r\/mezquite-at-conrad-punta-de-mita\" class=\"a-up a-delay-3 btn btn-outline\" target=\"_blank\" rel=\"noopener\">\n              <span>reservar<\/span>\n            <\/a>\n                    \n        <\/div>\n      <\/div>\n      <\/article>\n\n  <article class=\"loop-dining\" data-id=\"555\" style=\"position:relative;z-index:1\">\n          <div class=\"loop-dining__slider\">\n                  <div class=\"loop-dining__img\">\n            <a href=\"https:\/\/www.conradpuntademita.com\/es\/restaurantes-bares\/arbol-2\/\" class=\"foto-hover\">\n              <img decoding=\"async\" src=\"https:\/\/cdn.conradpuntademita.com\/wp-content\/uploads\/2022\/05\/13124532\/PVRPMCI_Arbol-terraza-e1653667690319.webp\" alt=\"Imagen del restaurante al aire libre con vista al jard\u00edn.\">\n            <\/a>\n          <\/div>\n                  <div class=\"loop-dining__img\">\n            <a href=\"https:\/\/www.conradpuntademita.com\/es\/restaurantes-bares\/arbol-2\/\" class=\"foto-hover\">\n              <img decoding=\"async\" src=\"https:\/\/cdn.conradpuntademita.com\/wp-content\/uploads\/2022\/05\/13122422\/ConradPuntadeMita-JoeThomas-103-1-scaled.webp\" alt=\"Imagen de un sof\u00e1, silla con vista al r\u00edo.\">\n            <\/a>\n          <\/div>\n                  <div class=\"loop-dining__img\">\n            <a href=\"https:\/\/www.conradpuntademita.com\/es\/restaurantes-bares\/arbol-2\/\" class=\"foto-hover\">\n              <img decoding=\"async\" src=\"https:\/\/cdn.conradpuntademita.com\/wp-content\/uploads\/2022\/05\/13122410\/ConradPuntaMita-Spherical-JoeThomas-022022-10-1.webp\" alt=\"Chef sosteniendo bocadillos\">\n            <\/a>\n          <\/div>\n              <\/div>\n                <a href=\"https:\/\/visitingmedia.com\/tt8\/?ttid=conrad-punta-de-mita#\/3d-model\/0\/2\" class=\"loop-room__matterport\" target=\"_blank\" title=\"RECORRIDO 3D\" rel=\"noopener\">\n            <svg width=\"22\" height=\"24\" viewbox=\"0 0 22 24\" fill=\"none\" xmlns=\"http:\/\/www.w3.org\/2000\/svg\">\n              <path d=\"M11 0L0 6V18.131L11 24L22 18.131V6.065L11 0V0ZM10 21.2L3.336 17.645L7.537 14.844C8.617 14.125 7.471 12.485 6.294 13.269L2 16.131V8.23L10 12.593V21.2ZM3.133 6.57L10 2.824V7.25C10 8.573 12 8.574 12 7.25V2.835L18.91 6.646L11.005 10.864L3.133 6.57ZM12 12.6L20 8.331V16.131L15.737 13.289C14.556 12.504 13.414 14.144 14.492 14.863L18.664 17.644L12 21.2V12.6Z\" fill=\"white\" \/>\n            <\/svg>\n          <\/a>\n        \n      <div class=\"loop-dining__content\">\n                    <h3 class=\"loop-dining__heading\">\u00c1rbol<\/h3>\n                <div class=\"loop-dining__text a-up a-delay-1\"><p>Comience el d\u00eda con un abundante desayuno buffet mexicano con ingredientes locales frescos y especialidades regionales. Por la noche, \u00c1rbol se transforma en \u00c1rbol Cucina, un restaurante italiano de temporada que ofrece pastas artesanales, mariscos frescos y verduras de temporada, preparados con t\u00e9cnicas atemporales y un toque contempor\u00e1neo.<\/p><\/div>\n\n        <div class=\"loop-dining__ctas\">\n\n                    <a href=\"https:\/\/www.conradpuntademita.com\/es\/restaurantes-bares\/arbol-2\/\" class=\"a-up a-delay-2 btn btn-secondary\">\n            <span>detalles<\/span>\n          <\/a>\n                                <a href=\"https:\/\/www.opentable.com\/r\/arbol-at-conrad-punta-de-mita\" class=\"a-up a-delay-3 btn btn-outline\" target=\"_blank\" rel=\"noopener\">\n              <span>reservar<\/span>\n            <\/a>\n                    \n        <\/div>\n      <\/div>\n      <\/article>\n\n  <article class=\"loop-dining\" data-id=\"557\" style=\"position:relative;z-index:1\">\n          <div class=\"loop-dining__slider\">\n                  <div class=\"loop-dining__img\">\n            <a href=\"https:\/\/www.conradpuntademita.com\/es\/restaurantes-bares\/paleta-2\/\" class=\"foto-hover\">\n              <img decoding=\"async\" src=\"https:\/\/cdn.conradpuntademita.com\/wp-content\/uploads\/2022\/05\/02205551\/PVRPMCI_Paleta.webp\" alt=\"Grupo de mesas colocadas en una terraza junto a la piscina\">\n            <\/a>\n          <\/div>\n                  <div class=\"loop-dining__img\">\n            <a href=\"https:\/\/www.conradpuntademita.com\/es\/restaurantes-bares\/paleta-2\/\" class=\"foto-hover\">\n              <img decoding=\"async\" src=\"https:\/\/cdn.conradpuntademita.com\/wp-content\/uploads\/2022\/05\/02205538\/PVRPMCI_Paleta-exterior.webp\" alt=\"Mesas, palmeras y piscina\">\n            <\/a>\n          <\/div>\n              <\/div>\n                <a href=\"https:\/\/visitingmedia.com\/tt8\/?ttid=conrad-punta-de-mita#\/3d-model\/0\/3\" class=\"loop-room__matterport\" target=\"_blank\" title=\"RECORRIDO 3D\" rel=\"noopener\">\n            <svg width=\"22\" height=\"24\" viewbox=\"0 0 22 24\" fill=\"none\" xmlns=\"http:\/\/www.w3.org\/2000\/svg\">\n              <path d=\"M11 0L0 6V18.131L11 24L22 18.131V6.065L11 0V0ZM10 21.2L3.336 17.645L7.537 14.844C8.617 14.125 7.471 12.485 6.294 13.269L2 16.131V8.23L10 12.593V21.2ZM3.133 6.57L10 2.824V7.25C10 8.573 12 8.574 12 7.25V2.835L18.91 6.646L11.005 10.864L3.133 6.57ZM12 12.6L20 8.331V16.131L15.737 13.289C14.556 12.504 13.414 14.144 14.492 14.863L18.664 17.644L12 21.2V12.6Z\" fill=\"white\" \/>\n            <\/svg>\n          <\/a>\n        \n      <div class=\"loop-dining__content\">\n                    <h3 class=\"loop-dining__heading\">paleta<\/h3>\n                <div class=\"loop-dining__text a-up a-delay-1\"><p>Comida refrescante y relajada junto a la piscina con un divertido men\u00fa de tostadas, pizzas, s\u00e1ndwiches, c\u00f3cteles y mucho m\u00e1s. <\/p><\/div>\n\n        <div class=\"loop-dining__ctas\">\n\n                    <a href=\"https:\/\/www.conradpuntademita.com\/es\/restaurantes-bares\/paleta-2\/\" class=\"a-up a-delay-2 btn btn-secondary\">\n            <span>detalles<\/span>\n          <\/a>\n                              \n        <\/div>\n      <\/div>\n      <\/article>\n\n  <article class=\"loop-dining\" data-id=\"939\" style=\"position:relative;z-index:1\">\n          <div class=\"loop-dining__slider\">\n                  <div class=\"loop-dining__img\">\n            <a href=\"https:\/\/www.conradpuntademita.com\/es\/restaurantes-bares\/agave-estudio\/\" class=\"foto-hover\">\n              <img decoding=\"async\" src=\"https:\/\/cdn.conradpuntademita.com\/wp-content\/uploads\/2022\/05\/02224654\/ConradPuntaMita-Spherical-JoeThomas-022022-23-2.webp\" alt=\"Degustaci\u00f3n de comida y vino.\">\n            <\/a>\n          <\/div>\n                  <div class=\"loop-dining__img\">\n            <a href=\"https:\/\/www.conradpuntademita.com\/es\/restaurantes-bares\/agave-estudio\/\" class=\"foto-hover\">\n              <img decoding=\"async\" src=\"https:\/\/cdn.conradpuntademita.com\/wp-content\/uploads\/2022\/05\/02215025\/CONRAD-PUNTA-DE-MITA-042701-2.webp\" alt=\"Instalaci\u00f3n de degustaci\u00f3n de licor de agave\">\n            <\/a>\n          <\/div>\n              <\/div>\n                <a href=\"https:\/\/visitingmedia.com\/tt8\/?ttid=conrad-punta-de-mita#\/360?group=0&#038;tour=2\" class=\"loop-room__matterport\" target=\"_blank\" title=\"RECORRIDO 3D\" rel=\"noopener\">\n            <svg width=\"22\" height=\"24\" viewbox=\"0 0 22 24\" fill=\"none\" xmlns=\"http:\/\/www.w3.org\/2000\/svg\">\n              <path d=\"M11 0L0 6V18.131L11 24L22 18.131V6.065L11 0V0ZM10 21.2L3.336 17.645L7.537 14.844C8.617 14.125 7.471 12.485 6.294 13.269L2 16.131V8.23L10 12.593V21.2ZM3.133 6.57L10 2.824V7.25C10 8.573 12 8.574 12 7.25V2.835L18.91 6.646L11.005 10.864L3.133 6.57ZM12 12.6L20 8.331V16.131L15.737 13.289C14.556 12.504 13.414 14.144 14.492 14.863L18.664 17.644L12 21.2V12.6Z\" fill=\"white\" \/>\n            <\/svg>\n          <\/a>\n        \n      <div class=\"loop-dining__content\">\n                    <h3 class=\"loop-dining__heading\">El Taller de Agave<\/h3>\n                <div class=\"loop-dining__text a-up a-delay-1\"><p>Nuestro experto en agave le guiar\u00e1 a trav\u00e9s de la historia de los licores de agave mexicanos, seleccionando entre nuestra biblioteca de 200 botellas de mezcal, tequila y mucho m\u00e1s.<\/p><\/div>\n\n        <div class=\"loop-dining__ctas\">\n\n                    <a href=\"https:\/\/www.conradpuntademita.com\/es\/restaurantes-bares\/agave-estudio\/\" class=\"a-up a-delay-2 btn btn-secondary\">\n            <span>detalles<\/span>\n          <\/a>\n                                <a href=\"mailto:Conradconcierge.puntademita@conradhotels.com\" class=\"a-up a-delay-3 btn btn-outline\" target=\"_blank\">\n              <span>reservar<\/span>\n            <\/a>\n                    \n        <\/div>\n      <\/div>\n      <\/article>\n\n  <article class=\"loop-dining\" data-id=\"561\" style=\"position:relative;z-index:1\">\n          <div class=\"loop-dining__slider\">\n                  <div class=\"loop-dining__img\">\n            <a href=\"https:\/\/www.conradpuntademita.com\/es\/restaurantes-bares\/aura-piscina-bar\/\" class=\"foto-hover\">\n              <img decoding=\"async\" src=\"https:\/\/cdn.conradpuntademita.com\/wp-content\/uploads\/2022\/05\/13124005\/ConradPuntaMita-Spherical-JoeThomas-022022-25.webp\" alt=\"Personas relaj\u00e1ndose en la piscina y el \u00e1rea circundante de ese\">\n            <\/a>\n          <\/div>\n                  <div class=\"loop-dining__img\">\n            <a href=\"https:\/\/www.conradpuntademita.com\/es\/restaurantes-bares\/aura-piscina-bar\/\" class=\"foto-hover\">\n              <img decoding=\"async\" src=\"https:\/\/cdn.conradpuntademita.com\/wp-content\/uploads\/2022\/05\/13121644\/ConradPuntaMita-Spherical-JoeThomas-022022-28-1.webp\" alt=\"Grupo de personas sentadas en la piscina y hablando\">\n            <\/a>\n          <\/div>\n                  <div class=\"loop-dining__img\">\n            <a href=\"https:\/\/www.conradpuntademita.com\/es\/restaurantes-bares\/aura-piscina-bar\/\" class=\"foto-hover\">\n              <img decoding=\"async\" src=\"https:\/\/cdn.conradpuntademita.com\/wp-content\/uploads\/2022\/05\/13124510\/DSCF9997-scaled-e1654005394493.webp\" alt=\"Barra de bar con sillas blancas\">\n            <\/a>\n          <\/div>\n              <\/div>\n      \n      <div class=\"loop-dining__content\">\n                    <h3 class=\"loop-dining__heading\">Bar piscina Aura<\/h3>\n                <div class=\"loop-dining__text a-up a-delay-1\"><p>Tome asiento en el bar en la piscina o rel\u00e1jese en el sal\u00f3n decorativo en nuestra piscina infinita solo para adultos. Conoce acerca de nuestro Servicio. <\/p><\/div>\n\n        <div class=\"loop-dining__ctas\">\n\n                    <a href=\"https:\/\/www.conradpuntademita.com\/es\/restaurantes-bares\/aura-piscina-bar\/\" class=\"a-up a-delay-2 btn btn-secondary\">\n            <span>detalles<\/span>\n          <\/a>\n                              \n        <\/div>\n      <\/div>\n      <\/article>\n\n  <article class=\"loop-dining\" data-id=\"559\" style=\"position:relative;z-index:1\">\n          <div class=\"loop-dining__slider\">\n                  <div class=\"loop-dining__img\">\n            <a href=\"https:\/\/www.conradpuntademita.com\/es\/restaurantes-bares\/el-salon-en-codex\/\" class=\"foto-hover\">\n              <img decoding=\"async\" src=\"https:\/\/cdn.conradpuntademita.com\/wp-content\/uploads\/2022\/05\/13124256\/PVRPMCI_Codex-Sala-1.webp\" alt=\"Imagen del restaurante al aire libre con vista al jard\u00edn.\">\n            <\/a>\n          <\/div>\n                  <div class=\"loop-dining__img\">\n            <a href=\"https:\/\/www.conradpuntademita.com\/es\/restaurantes-bares\/el-salon-en-codex\/\" class=\"foto-hover\">\n              <img decoding=\"async\" src=\"https:\/\/cdn.conradpuntademita.com\/wp-content\/uploads\/2022\/05\/13121618\/ConradPuntadeMita-JoeThomas-444-scaled-e1652891483219.webp\" alt=\"Hombre y mujer cogidos de la mano mientras est\u00e1n sentados\">\n            <\/a>\n          <\/div>\n                  <div class=\"loop-dining__img\">\n            <a href=\"https:\/\/www.conradpuntademita.com\/es\/restaurantes-bares\/el-salon-en-codex\/\" class=\"foto-hover\">\n              <img decoding=\"async\" src=\"https:\/\/cdn.conradpuntademita.com\/wp-content\/uploads\/2022\/05\/13121557\/ConradPuntadeMita-JoeThomas-461-1-scaled-e1652890672928.webp\" alt=\"Chimenea dentro de la habitaci\u00f3n con sof\u00e1.\">\n            <\/a>\n          <\/div>\n              <\/div>\n      \n      <div class=\"loop-dining__content\">\n                    <h3 class=\"loop-dining__heading\">Lounge de Codex<\/h3>\n                <div class=\"loop-dining__text a-up a-delay-1\"><p>Inst\u00e1lese junto a la chimenea, saboree un c\u00f3ctel artesanal y escuche m\u00fasica en directo mientras anochece.<\/p><\/div>\n\n        <div class=\"loop-dining__ctas\">\n\n                              \n        <\/div>\n      <\/div>\n      <\/article>\n\n  <article class=\"loop-dining\" data-id=\"556\" style=\"position:relative;z-index:1\">\n          <div class=\"loop-dining__slider\">\n                  <div class=\"loop-dining__img\">\n            <a href=\"https:\/\/www.conradpuntademita.com\/es\/restaurantes-bares\/tuki\/\" class=\"foto-hover\">\n              <img decoding=\"async\" src=\"https:\/\/cdn.conradpuntademita.com\/wp-content\/uploads\/2022\/05\/13124310\/TUKI-BAR.webp\" alt=\"Picture bar y restaurante con hermosas luces y texturas\">\n            <\/a>\n          <\/div>\n                  <div class=\"loop-dining__img\">\n            <a href=\"https:\/\/www.conradpuntademita.com\/es\/restaurantes-bares\/tuki\/\" class=\"foto-hover\">\n              <img decoding=\"async\" src=\"https:\/\/cdn.conradpuntademita.com\/wp-content\/uploads\/2022\/05\/02220342\/DRINK-TUKI-scaled-e1654207408345.webp\" alt=\"Vaso de bebida en la mesa\">\n            <\/a>\n          <\/div>\n              <\/div>\n      \n      <div class=\"loop-dining__content\">\n                    <h3 class=\"loop-dining__heading\">Tuki<\/h3>\n                <div class=\"loop-dining__text a-up a-delay-1\"><p>Nuestro hermoso lobby lounge, lleno de arte y con vistas al resort, es el destino perfecto para una tarde al aire libre o una noche de copas. Disfrute de c\u00f3cteles elaborados por nuestros expertos en agave acompa\u00f1ados de peque\u00f1os aperitivos. <\/p><\/div>\n\n        <div class=\"loop-dining__ctas\">\n\n                              \n        <\/div>\n      <\/div>\n      <\/article>\n\n  <article class=\"loop-dining\" data-id=\"558\" style=\"position:relative;z-index:1\">\n          <div class=\"loop-dining__slider\">\n                  <div class=\"loop-dining__img\">\n            <a href=\"https:\/\/www.conradpuntademita.com\/es\/restaurantes-bares\/colibri-asado-co\/\" class=\"foto-hover\">\n              <img decoding=\"async\" src=\"https:\/\/cdn.conradpuntademita.com\/wp-content\/uploads\/2022\/05\/13124411\/PVRPMCI_Colibri.webp\" alt=\"Imagen de la panader\u00eda con otros productos en el estante.\">\n            <\/a>\n          <\/div>\n              <\/div>\n      \n      <div class=\"loop-dining__content\">\n                    <h3 class=\"loop-dining__heading\">Colibr\u00ed Roasting Co.<\/h3>\n                <div class=\"loop-dining__text a-up a-delay-1\"><p>Recargue energ\u00edas en nuestra cafeter\u00eda local, que ofrece reposter\u00eda casera para llevar, caf\u00e9 tostado local y de origen sostenible, y deliciosos dulces. Nuestra peque\u00f1a boutique ofrece art\u00edculos de primera necesidad, ropa de playa y regalos artesanales.<\/p><\/div>\n\n        <div class=\"loop-dining__ctas\">\n\n                              \n        <\/div>\n      <\/div>\n      <\/article>\n\n  <article class=\"loop-dining\" data-id=\"560\" style=\"position:relative;z-index:1\">\n          <div class=\"loop-dining__slider\">\n                  <div class=\"loop-dining__img\">\n            <a href=\"https:\/\/www.conradpuntademita.com\/es\/restaurantes-bares\/comedor-privado\/\" class=\"foto-hover\">\n              <img decoding=\"async\" src=\"https:\/\/cdn.conradpuntademita.com\/wp-content\/uploads\/2022\/05\/13122051\/ConradPuntaMita-Spherical-JoeThomas-022022-85-1-e1654005301349.webp\" alt=\"Hombre sosteniendo la mano de una mujer y caminando a trav\u00e9s de la iluminaci\u00f3n del \u00e1rbol\">\n            <\/a>\n          <\/div>\n                  <div class=\"loop-dining__img\">\n            <a href=\"https:\/\/www.conradpuntademita.com\/es\/restaurantes-bares\/comedor-privado\/\" class=\"foto-hover\">\n              <img decoding=\"async\" src=\"https:\/\/cdn.conradpuntademita.com\/wp-content\/uploads\/2022\/05\/13122058\/ConradPuntaMita-Spherical-JoeThomas-022022-84-1.webp\" alt=\"Imagen de la mesa de comedor en la playa con vista al mar\">\n            <\/a>\n          <\/div>\n              <\/div>\n      \n      <div class=\"loop-dining__content\">\n                    <h3 class=\"loop-dining__heading\">Cenas privadas<\/h3>\n                <div class=\"loop-dining__text a-up a-delay-1\"><p>Permita que nuestro equipo culinario cree una experiencia \u00fanica, sirviendo un men\u00fa elaborado por usted y nuestro chef de cocina. Elija un lugar apartado para su mesa privada: entre los manglares, en su terraza o en una tranquila caba\u00f1a frente al mar. <\/p><\/div>\n\n        <div class=\"loop-dining__ctas\">\n\n                                <a href=\"mailto:Conradconcierge.puntademita@conradhotels.com\" class=\"a-up a-delay-3 btn btn-outline\" target=\"_blank\">\n              <span>reservar<\/span>\n            <\/a>\n                    \n        <\/div>\n      <\/div>\n      <\/article>\n      <\/div>\n    <\/section>\n\n\n\t<section class=\"media-content body-wrapper align-center not-link\" id=\"banner-block_858c4a630c6e32edb82746b03ddc02e7\">\n\t<div class=\"media-content__left\">\n\t\t\t\t<h2 class=\"heading2 a-up\">\n\t\t\tZARANDEADO\t\t\t\t\t\t<span class=\"heading2-italic\">PARRILLADA EN LA PLAYA<\/span>\n\t\t\t\t\t<\/h2>\n\t\t\t\t\t\t\t<h4 class=\"media-content__subheading a-up a-delay-1\">Una fiesta tradicional en la arena<\/h4>\n\t\t\n\t\t\n\t\t\n\t\t\t\t<div class=\"media-content__text a-up a-delay-2\"><p>Del mar a la mesa como se ha hecho durante siglos: Observe c\u00f3mo los pescadores llegan a trav\u00e9s de las olas desde el pueblo local de La Cruz de Huanacaxtle. Mientras comparten una bebida con usted, nuestros chefs seleccionan la pesca fresca y la asan sobre le\u00f1a de mezquite, siguiendo recetas heredadas en el estado de Nayarit desde hace generaciones. Toda la experiencia, que tambi\u00e9n incluye salsas y otros platos t\u00edpicos de la regi\u00f3n, es fascinante, entretenida... y deliciosa.<\/p><\/div>\n\t\t\n\t\t\t\t\t<style>\n\t\t\t.media-content__cta-container {\n\t\t\t\tdisplay: flex;\n\t\t\t\tgap: 10px; \/* Espacio entre botones *\/\n\t\t\t}\n\n\t\t\t.media-content__cta {\n\t\t\t\twhite-space: nowrap; \/* Asegura que no se rompan en l\u00edneas *\/\n\t\t\t}\n\t\t\t<\/style>\n\t\t\t<div class=\"media-content__cta-container\">\n\t\t\t\t<a href=\"mailto:Conradconcierge.puntademita@conradhotels.com\" target=\"_blank\" class=\"btn a-up a-delay-4 media-content__cta\">Reserva ahora<\/a>\n\t\t\t\t\n\t\t\t\t\t\t\t\t\t<\/div>\n\t\t\t\t\t<\/div>\n\n\t<div class=\"media-content__right hover-images a-up a-delay-2\">\n\t\t<span class=\"media-content__gradient media-content__gradient-left\"><\/span>\n\t\t<span class=\"media-content__gradient media-content__gradient-right\"><\/span>\n\t\t<span class=\"media-content__gradient media-content__gradient-top\"><\/span>\n\t\t<span class=\"media-content__gradient media-content__gradient-bottom\"><\/span>\n\t\t\t\t\t\t\t<img decoding=\"async\" width=\"2560\" height=\"1708\" src=\"https:\/\/cdn.conradpuntademita.com\/wp-content\/uploads\/2022\/05\/13120014\/20201124-175223-Conrad-Punta-de-Mita-8045-scaled.webp\" class=\"hover-image is-hovered\" alt=\"Imagen del chef asando la comida.\" loading=\"lazy\" srcset=\"https:\/\/cdn.conradpuntademita.com\/wp-content\/uploads\/2022\/05\/13120014\/20201124-175223-Conrad-Punta-de-Mita-8045-scaled.webp 2560w, https:\/\/cdn.conradpuntademita.com\/wp-content\/uploads\/2022\/05\/13120014\/20201124-175223-Conrad-Punta-de-Mita-8045-300x200.jpg 300w, https:\/\/cdn.conradpuntademita.com\/wp-content\/uploads\/2022\/05\/13120014\/20201124-175223-Conrad-Punta-de-Mita-8045-1024x683.jpg 1024w, https:\/\/cdn.conradpuntademita.com\/wp-content\/uploads\/2022\/05\/13120014\/20201124-175223-Conrad-Punta-de-Mita-8045-768x512.jpg 768w, https:\/\/cdn.conradpuntademita.com\/wp-content\/uploads\/2022\/05\/13120014\/20201124-175223-Conrad-Punta-de-Mita-8045-1536x1025.jpg 1536w, https:\/\/cdn.conradpuntademita.com\/wp-content\/uploads\/2022\/05\/13120014\/20201124-175223-Conrad-Punta-de-Mita-8045-2048x1366.jpg 2048w, https:\/\/cdn.conradpuntademita.com\/wp-content\/uploads\/2022\/05\/13120014\/20201124-175223-Conrad-Punta-de-Mita-8045-600x400.jpg 600w\" sizes=\"auto, (max-width: 2560px) 100vw, 2560px\" \/>\t\t\t\t\t<\/div>\n\n\t\t<\/section>\n\n\n<section id=\"venues-spaces-block_7254c9acb4d8603c08b169c9b0f5b109\" class=\"venues-spaces experience-events body-wrapper\" data-cpt=\"experience\">\n  \n      <h2 class=\"venues-spaces__heading a-up\">Eventos y Experiencias<\/h2>\n  \n      <div class=\"venues-spaces__items\">\n                \t\n\t<div class=\"loop-event\">\n\t<div class=\"loop-event__link-wrapper\">\n\t\t<div class=\"loop-event__link\">\n\t\n\t<div class=\"loop-event__img\">\n\t\t\t\t\t<a href=\"https:\/\/www.conradpuntademita.com\/es\/experiencias\/degustacion-de-licores-de-agave\/\" class=\"foto-hover\">\n\t\t\t\t\t\t\t\t\t<img decoding=\"async\" src=\"https:\/\/cdn.conradpuntademita.com\/wp-content\/uploads\/2022\/05\/13120249\/ConradPuntaMita-Spherical-JoeThomas-022022-22-810x790-1-585x730.webp\" alt=\"Chica mano vertiendo vodka en el vaso\">\n\t\t\t\n\t\t\t\t<\/a>\n\t\t\t\t\n\t<\/div>\n\n\n\n\n\t\t\n\n\t\t<\/div>\n\t\n\n\n\t<\/div>\n\n\t<div class=\"loop-event__info\">\n\n\t<h3 class='loop-event__heading heading3 a-up'>\n\tDegustaci\u00f3n de destilados de agave\t<\/h3>\n\n\t\t\t\t\t<div class=\"loop-event__text a-up a-delay-1\">\n\t\t\t\t<p>Nuestro Agave Studio est\u00e1 dedicado al antiguo destilado de agave y a sus m\u00faltiples y tentadoras formas. Nuestro experto en agave le guiar\u00e1 a trav\u00e9s de una cata seleccionada entre nuestras m\u00e1s de 200 botellas de tequila, mezcal, raicilla y sotol. Descubra su historia, procedencia y perfiles de sabor, acompa\u00f1ados de peque\u00f1os bocados. O reserve una cena de cinco platos con maridaje de agave. <\/p>\n\t\t\t<\/div>\n\t\t\n\t<div class=\"loop-event__cta-wrapper\">\n\t\t\t<a class=\"btn btn-secondary loop-event__cta a-up a-delay-2\" href=\"https:\/\/www.conradpuntademita.com\/es\/experiencias\/degustacion-de-licores-de-agave\/\" target=\"_self\">Descubre m\u00e1s<\/a>\n\t\n\t\n\t\t\t\t<\/div>\n\n\t<\/div>\n\t<\/div>\n\t                \t\n\t<div class=\"loop-event\">\n\t<div class=\"loop-event__link-wrapper\">\n\t\t<div class=\"loop-event__link\">\n\t\n\t<div class=\"loop-event__img\">\n\t\t\t\t\t<a href=\"https:\/\/www.conradpuntademita.com\/es\/experiencias\/cena-privada\/\" class=\"foto-hover\">\n\t\t\t\t\t\t\t\t\t<img decoding=\"async\" src=\"https:\/\/cdn.conradpuntademita.com\/wp-content\/uploads\/2022\/05\/13120350\/ConradPuntaMita-Spherical-JoeThomas-022022-92-1-e1653493434636-585x730.webp\" alt=\"Mesa y silla al aire libre con iluminaci\u00f3n de \u00e1rboles.\">\n\t\t\t\n\t\t\t\t<\/a>\n\t\t\t\t\n\t<\/div>\n\n\n\n\n\t\t\n\n\t\t<\/div>\n\t\n\n\n\t<\/div>\n\n\t<div class=\"loop-event__info\">\n\n\t<h3 class='loop-event__heading heading3 a-up'>\n\tCena Privada\t<\/h3>\n\n\t\t\t\t\t<div class=\"loop-event__text a-up a-delay-1\">\n\t\t\t\t<p>Una irresistible combinaci\u00f3n de cocina y romanticismo: Una mesa aislada para dos, situada en los manglares de Codex, y un men\u00fa vanguardista con influencias de recetas ancestrales, elaborado exclusivamente para usted por nuestro chef de cocina. Tambi\u00e9n podemos crear una experiencia gastron\u00f3mica privada en un espacio tranquilo dentro del complejo, desde su terraza privada hasta una tranquila caba\u00f1a con vistas a la puesta de sol. <\/p>\n\t\t\t<\/div>\n\t\t\n\t<div class=\"loop-event__cta-wrapper\">\n\t\t\t<a class=\"btn btn-secondary loop-event__cta a-up a-delay-2\" href=\"\/es\/experiencias\/cena-privada\/\" target=\"_self\">Descubre m\u00e1s<\/a>\n\t\n\t\n\t\t\t\t<\/div>\n\n\t<\/div>\n\t<\/div>\n\t          <\/div>\n  \n      <a href=\"\/es\/experiencias\/\" target=\"\" class=\"venues-spaces__cta btn btn-primary a-up a-delay-2\">Ver todo<\/a>\n  <\/section>","protected":false},"excerpt":{"rendered":"","protected":false},"author":1,"featured_media":0,"parent":0,"menu_order":0,"comment_status":"closed","ping_status":"closed","template":"","meta":{"_acf_changed":false,"inline_featured_image":false,"footnotes":""},"categories":[],"class_list":["post-551","page","type-page","status-publish","hentry"],"acf":[],"featured_image_src":null,"featured_image_src_square":null,"publishpress_future_action":{"enabled":false,"date":"2026-05-05 18:44:11","action":"change-status","newStatus":"draft","terms":[],"taxonomy":"category","extraData":[]},"publishpress_future_workflow_manual_trigger":{"enabledWorkflows":[]},"_links":{"self":[{"href":"https:\/\/www.conradpuntademita.com\/es\/wp-json\/wp\/v2\/pages\/551","targetHints":{"allow":["GET"]}}],"collection":[{"href":"https:\/\/www.conradpuntademita.com\/es\/wp-json\/wp\/v2\/pages"}],"about":[{"href":"https:\/\/www.conradpuntademita.com\/es\/wp-json\/wp\/v2\/types\/page"}],"author":[{"embeddable":true,"href":"https:\/\/www.conradpuntademita.com\/es\/wp-json\/wp\/v2\/users\/1"}],"replies":[{"embeddable":true,"href":"https:\/\/www.conradpuntademita.com\/es\/wp-json\/wp\/v2\/comments?post=551"}],"version-history":[{"count":30,"href":"https:\/\/www.conradpuntademita.com\/es\/wp-json\/wp\/v2\/pages\/551\/revisions"}],"predecessor-version":[{"id":16779,"href":"https:\/\/www.conradpuntademita.com\/es\/wp-json\/wp\/v2\/pages\/551\/revisions\/16779"}],"wp:attachment":[{"href":"https:\/\/www.conradpuntademita.com\/es\/wp-json\/wp\/v2\/media?parent=551"}],"wp:term":[{"taxonomy":"category","embeddable":true,"href":"https:\/\/www.conradpuntademita.com\/es\/wp-json\/wp\/v2\/categories?post=551"}],"curies":[{"name":"wp","href":"https:\/\/api.w.org\/{rel}","templated":true}]}}