{"id":648,"date":"2022-05-10T15:40:58","date_gmt":"2022-05-10T15:40:58","guid":{"rendered":"https:\/\/www.conradpuntademita.com\/?page_id=648"},"modified":"2026-04-22T00:45:09","modified_gmt":"2026-04-22T00:45:09","slug":"bienestar","status":"publish","type":"page","link":"https:\/\/www.conradpuntademita.com\/es\/bienestar\/","title":{"rendered":"Bienestar"},"content":{"rendered":"<section id=\"banner-block_e7b6077867a8e4fc6bf68543a5544345\" class=\"base-banner banner gradient-banner full-height-banner full-height single-room\">\n  <div class=\"banner-wrapper\">\n          <video autoplay loop playsinline class=\"banner__video banner__media lazyvid\" muted preload=\"metadata\" data-src=\"https:\/\/cdn.conradpuntademita.com\/wp-content\/uploads\/2023\/09\/19085326\/Spa-Page-HERO-round-3-3-1.mp4\" poster=\"\">\n        <source data-src=\"https:\/\/cdn.conradpuntademita.com\/wp-content\/uploads\/2023\/09\/19085326\/Spa-Page-HERO-round-3-3-1.mp4\" type=\"video\/mp4\">\n      <\/video>\n      <\/div>\n\n      <div class=\"banner-content\">\n              <h1 class=\"banner-title heading1\">Conrad SPA<\/h1>\n      \n              \n      \n<\/section>\n\n\n\n<section class=\"wysiwig body-wrapper margin-top-10 half-width\" id=\"wysiwig-block_db25661afd9919ef3376c776a2227bf9\">\n  <p style=\"text-align: center;\">Conrad Spa es un santuario inspirado en las tradiciones vivas del pueblo wix\u00e1rika (huichol), una cultura cuya profunda reverencia por la naturaleza, las ceremonias sagradas y el equilibrio interior ha guiado sus pr\u00e1cticas curativas durante generaciones. Aqu\u00ed, esos rituales ancestrales se fusionan con t\u00e9cnicas contempor\u00e1neas en tratamientos dise\u00f1ados para restaurar la armon\u00eda, calmar la mente y revitalizar el cuerpo. Desde ceremonias de temazcal y rituales de cacao hasta masajes personalizados y terapias corporales con ra\u00edces culturales, cada experiencia es una invitaci\u00f3n a reconectar contigo mismo y con la tierra que te rodea.<\/p>\n<p style=\"text-align: center;\"><span lang=\"en-US\" data-olk-copy-source=\"MessageBody\">Instalaciones del spa: de 8:00 a 19:00 todos los d\u00edas.<\/span><\/p>\n<p style=\"text-align: center;\"><span lang=\"en-US\">Servicios de spa: de 9:00 a 19:00 todos los d\u00edas. <\/span><\/p>\n<table style=\"margin: 0 auto;\" role=\"presentation\" border=\"0\" cellspacing=\"0\" cellpadding=\"0\" align=\"center\">\n<tbody>\n<tr>\n<td style=\"line-height: 22px; font-size: 1px;\" height=\"22\"><\/td>\n<\/tr>\n<tr>\n<td align=\"center\">\n<table style=\"margin: 0px auto; width: 294px; height: 49px;\" role=\"presentation\" border=\"0\" cellspacing=\"0\" cellpadding=\"0\">\n<tbody>\n<tr>\n<td style=\"padding: 0 12px;\" align=\"center\"><a class=\"btn btn-primary\" style=\"display: inline-flex; align-items: center; justify-content: center; text-align: center; margin-left: 0; margin-right: 0;\" href=\"https:\/\/visitingmedia.com\/tt8\/?ttid=conrad-punta-de-mita#\/360?group=2&amp;tour=0\" target=\"_blank\" rel=\"noopener\"><br \/>\nVer tour virtual<br \/>\n<\/a><\/td>\n<td style=\"padding: 0 12px;\" align=\"center\"><a class=\"btn btn-primary\" style=\"display: inline-flex; align-items: center; justify-content: center; text-align: center; margin-left: 0; margin-right: 0;\" href=\"https:\/\/qrco.de\/bfqPef\" target=\"_blank\" rel=\"noopener\"><br \/>\nVer Men\u00fa Spa<br \/>\n<\/a><\/td>\n<\/tr>\n<\/tbody>\n<\/table>\n<\/td>\n<\/tr>\n<tr>\n<td style=\"line-height: 14px; font-size: 1px;\" height=\"14\"><\/td>\n<\/tr>\n<tr>\n<td align=\"center\"><a class=\"btn btn-primary\" style=\"display: inline-flex; align-items: center; justify-content: center; text-align: center; margin-left: 0; margin-right: 0;\" href=\"https:\/\/na.spatime.com\/cdpm2000\/home\" target=\"_blank\" rel=\"noopener\"><br \/>\nReservar un Tratamiento<br \/>\n<\/a><\/td>\n<\/tr>\n<tr>\n<td style=\"line-height: 22px; font-size: 1px;\" height=\"22\"><\/td>\n<\/tr>\n<\/tbody>\n<\/table>\n<\/section>\n\n<div id='menus' class='menus-url-anchor-dont-remove'><\/div>\n\t<section class=\"accordions accordions--menu accordion-in-menusapp\"\n\t\tid=\"spa-menu\">\n\n\n\t\t\n\n\t\t<div class=\"container\">\n\n\t\t\t\t\t\t\t<div class=\"cuisine-hours\">\n\t\t\t\t\t\t\t\t\t<\/div>\n\t\t\t\t\t\t\t\t\t<h2 class=\"meal-menu__heading heading3\">\n\t\t\t\t\t\t<span>Men\u00fa de tratamientos<\/span>\n\t\t\t\t\t<\/h2>\n\t\t\t\t\t\t\t\t\t\t\t\t\t\t\n\t\t\t\t\t<div class=\"accordion a-up\">\n\t\t\t\t\t\t\n\t\t\t\t\t\t<div class=\"accordion-title\">\n\t\t\t\tEL DESTINO\t\t\t\t\t<\/div>\n\t\t\t\n\t\t\t\t\t\t\t\t\t\t\t\t\t\t\t\t\t\t\t\t\t<div class=\"accordion-content\">\n\t\t\t\t\t\t\t\t\t\t\t\t\t\t\t\t\t\t\t<div class=\"accordion-menus\">\n\t\t\t\t\t\t\t\t\t\t\t\n\t\t\t\t\t\t<h6 class=\"accordion-menus__title\">\n\t\t\t\tSum\u00e9rgete en un mundo de sabidur\u00eda ancestral y ceremonias sagradas que honran la profunda conexi\u00f3n entre cuerpo, mente y esp\u00edritu. Nuestros tratamientos exclusivos rinden homenaje a la cultura wix\u00e1rika (huichol), un vibrante pueblo ind\u00edgena cuyas pr\u00e1cticas espirituales siguen siendo una fuente de poder y trascendencia. Con una profunda reverencia por el majestuoso Oc\u00e9ano Pac\u00edfico, los wix\u00e1rika creen en el poder sanador de los rituales sagrados y en el equilibrio energ\u00e9tico del universo.\t\t\t\t\t<\/h6>\n\t\t\t\n\t\t\t\t\t\t\t\t\t\t\t\t\t\t\t\t\t\t\t\t\t\t\t\t<div class=\"accordion-menu\">\n\t\t\t\t\t\t\t\t\t\t\t\t\t\t<div class=\"accordion-menu__info\">\n\t\t\t\t\t\t\t\t\t\t\t\t\t\t\t\n\t\t\t\t\t\t<div class=\"accordion-menu__name\">\n\t\t\t\tEXPERIENCIA TATEWARI \t\t\t\t\t<\/div>\n\t\t\t\n\t\t\t\t\t\t\t\t\t\t\t\t\t\t\t\t\t\t\t\t\t\t\t\t\t\t\t\t\t\t\t\t\t\t\t\t\t\t\t\t\t\t\t\t\t\t\t\t<div class=\"accordion-menu__price\">\n\t\t\t\t\t\t\t\t\t\t\t\t\t\t\t\t\t\t80 minutos\t\t\t\t\t\t\t\t\t\t\t\t\t\t\t\t\t<\/div>\n\t\t\t\t\t\t\t\t\t\t\t\t\t\t\t\t\t\t\t\t\t\t\t\t\t\t\t\t\t\t\t\n\t\t\t\t\t\t\t\t\t\t\t\t\t\t<\/div>\n\t\t\t\t\t\t\t\t\t\t\t\t\t\t\n\t\t\t\t\t\t<div class=\"accordion-menu__desc\">\n\t\t\t\tEmb\u00e1rcate en un viaje espiritual inspirado en el antiguo dios Tatewari. Este tratamiento transformador comienza con una relajante sesi\u00f3n de terapia de sonido con cuencos tibetanos para armonizar tus centros energ\u00e9ticos, induciendo una profunda relajaci\u00f3n. A continuaci\u00f3n, un masaje con piedras calientes te ayudar\u00e1 a liberar tensiones y a estimular la circulaci\u00f3n. Un tratamiento \u00fanico para pies con una mascarilla de nopal completa la experiencia, rejuveneciendo tus pies. Este ritual hol\u00edstico honra las tradiciones ancestrales y te deja con una sensaci\u00f3n de equilibrio y profunda relajaci\u00f3n.\t\t\t\t\t<\/div>\n\t\t\t\n\t\t\t\t\t\t\t\t\t\t\t\t\t<\/div>\n\t\t\t\t\t\t\t\t\t\t\t\t\t\t\t\t\t\t\t\t\t\t\t\t\t\t<div class=\"accordion-menu\">\n\t\t\t\t\t\t\t\t\t\t\t\t\t\t<div class=\"accordion-menu__info\">\n\t\t\t\t\t\t\t\t\t\t\t\t\t\t\t\n\t\t\t\t\t\t<div class=\"accordion-menu__name\">\n\t\t\t\tEXPERIENCIA HARAMARA\t\t\t\t\t<\/div>\n\t\t\t\n\t\t\t\t\t\t\t\t\t\t\t\t\t\t\t\t\t\t\t\t\t\t\t\t\t\t\t\t\t\t\t\t\t\t\t\t\t\t\t\t\t\t\t\t\t\t\t\t<div class=\"accordion-menu__price\">\n\t\t\t\t\t\t\t\t\t\t\t\t\t\t\t\t\t\t80 minutos\t\t\t\t\t\t\t\t\t\t\t\t\t\t\t\t\t<\/div>\n\t\t\t\t\t\t\t\t\t\t\t\t\t\t\t\t\t\t\t\t\t\t\t\t\t\t\t\t\t\t\t\n\t\t\t\t\t\t\t\t\t\t\t\t\t\t<\/div>\n\t\t\t\t\t\t\t\t\t\t\t\t\t\t\n\t\t\t\t\t\t<div class=\"accordion-menu__desc\">\n\t\t\t\tInspirado en la profunda conexi\u00f3n del pueblo wix\u00e1rika con la naturaleza, este ritual de sanaci\u00f3n ofrece una experiencia verdaderamente hol\u00edstica. El viaje comienza con una ceremonia de purificaci\u00f3n con incienso de copal y hierbas sahumerio para revitalizar la energ\u00eda. A continuaci\u00f3n, disfrute de un masaje a cuatro manos, donde dos terapeutas trabajan en armon\u00eda para liberar la tensi\u00f3n y promover una profunda relajaci\u00f3n. El tratamiento finaliza con un masaje terap\u00e9utico de pies y cuero cabelludo, utilizando compresas calientes de hierbas para calmar y rejuvenecer.\t\t\t\t\t<\/div>\n\t\t\t\n\t\t\t\t\t\t\t\t\t\t\t\t\t<\/div>\n\t\t\t\t\t\t\t\t\t\t\t\t\t\t\t\t\t\t\t\t\t\t\t\t\t\t<div class=\"accordion-menu\">\n\t\t\t\t\t\t\t\t\t\t\t\t\t\t<div class=\"accordion-menu__info\">\n\t\t\t\t\t\t\t\t\t\t\t\t\t\t\t\n\t\t\t\t\t\t<div class=\"accordion-menu__name\">\n\t\t\t\tEXPERIENCIA MARAKAME   \t\t\t\t\t<\/div>\n\t\t\t\n\t\t\t\t\t\t\t\t\t\t\t\t\t\t\t\t\t\t\t\t\t\t\t\t\t\t\t\t\t\t\t\t\t\t\t\t\t\t\t\t\t\t\t\t\t\t\t\t<div class=\"accordion-menu__price\">\n\t\t\t\t\t\t\t\t\t\t\t\t\t\t\t\t\t\t110 minutos\t\t\t\t\t\t\t\t\t\t\t\t\t\t\t\t\t<\/div>\n\t\t\t\t\t\t\t\t\t\t\t\t\t\t\t\t\t\t\t\t\t\t\t\t\t\t\t\t\t\t\t\n\t\t\t\t\t\t\t\t\t\t\t\t\t\t<\/div>\n\t\t\t\t\t\t\t\t\t\t\t\t\t\t\n\t\t\t\t\t\t<div class=\"accordion-menu__desc\">\n\t\t\t\tLos marakames son los l\u00edderes espirituales, sanadores y gu\u00edas ceremoniales de la cultura wix\u00e1rika. Inicie un viaje de descubrimiento y equilibrio con una limpieza energ\u00e9tica sanadora mediante la quema de incienso de copal y hierbas sahumerio. Una exfoliaci\u00f3n revitalizante activa la circulaci\u00f3n sangu\u00ednea y prepara la piel para la arcilla de copal, rica en nutrientes y con un potente efecto desintoxicante. El ritual final consiste en un masaje corporal que combina t\u00e9cnicas de desintoxicaci\u00f3n con aromaterapia.\t\t\t\t\t<\/div>\n\t\t\t\n\t\t\t\t\t\t\t\t\t\t\t\t\t<\/div>\n\t\t\t\t\t\t\t\t\t\t\t\t\t\t\t\t\t\t\t\t\t\t\t<\/div>\n\t\t\t\t\t\t\t\t\t\t\t\t\t\t\t\t\t<\/div>\n\t\t\t\t\t\t\t\t\t\t\t\t\t\t\t\t\t\t<\/div>\n\n\t\t\t\t\n\t\t\t\t\t<div class=\"accordion a-up\">\n\t\t\t\t\t\t\n\t\t\t\t\t\t<div class=\"accordion-title\">\n\t\t\t\tCEREMONIAS ESPIRITUALES\t\t\t\t\t<\/div>\n\t\t\t\n\t\t\t\t\t\t\t\t\t\t\t\t\t\t\t\t\t\t\t\t\t<div class=\"accordion-content\">\n\t\t\t\t\t\t\t\t\t\t\t\t\t\t\t\t\t\t\t<div class=\"accordion-menus\">\n\t\t\t\t\t\t\t\t\t\t\t\n\t\t\t\t\t\t<h6 class=\"accordion-menus__title\">\n\t\t\t\tDisfrute de nuestras ceremonias espirituales transformadoras, inspiradas en rituales ancestrales y pr\u00e1cticas modernas de bienestar. Estas experiencias \u00fanicas combinan la sabidur\u00eda ancestral con t\u00e9cnicas contempor\u00e1neas para nutrir su mente, cuerpo y alma, ofreciendo un profundo viaje de autodescubrimiento y rejuvenecimiento.\t\t\t\t\t<\/h6>\n\t\t\t\n\t\t\t\t\t\t\t\t\t\t\t\t\t\t\t\t\t\t\t\t\t\t\t\t<div class=\"accordion-menu\">\n\t\t\t\t\t\t\t\t\t\t\t\t\t\t<div class=\"accordion-menu__info\">\n\t\t\t\t\t\t\t\t\t\t\t\t\t\t\t\n\t\t\t\t\t\t<div class=\"accordion-menu__name\">\n\t\t\t\tCEREMONIA DEL CACAO\t\t\t\t\t<\/div>\n\t\t\t\n\t\t\t\t\t\t\t\t\t\t\t\t\t\t\t\t\t\t\t\t\t\t\t\t\t\t\t\t\t\t\t\t\t\t\t\t\t\t\t\t\t\t\t\t\t\t\t\t<div class=\"accordion-menu__price\">\n\t\t\t\t\t\t\t\t\t\t\t\t\t\t\t\t\t\t 80 minutos\t\t\t\t\t\t\t\t\t\t\t\t\t\t\t\t\t<\/div>\n\t\t\t\t\t\t\t\t\t\t\t\t\t\t\t\t\t\t\t\t\t\t\t\t\t\t\t\t\t\t\t\n\t\t\t\t\t\t\t\t\t\t\t\t\t\t<\/div>\n\t\t\t\t\t\t\t\t\t\t\t\t\t\t\n\t\t\t\t\t\t<div class=\"accordion-menu__desc\">\n\t\t\t\tDescubre el antiguo ritual de la ceremonia del cacao, un viaje de conexi\u00f3n y renovaci\u00f3n. Con cacao ceremonial de alta calidad, esta experiencia inmersiva abre el coraz\u00f3n, profundiza la autoconciencia y fomenta la sanaci\u00f3n emocional. Guiada por un cham\u00e1n, la experiencia comienza con el saludo a los cuatro puntos cardinales, acompa\u00f1ado por el sonido resonante de la caracola. A continuaci\u00f3n, se realiza una meditaci\u00f3n y se establecen intenciones para promover la paz interior y la claridad, ofreciendo una combinaci\u00f3n \u00fanica de relajaci\u00f3n y despertar espiritual.\t\t\t\t\t<\/div>\n\t\t\t\n\t\t\t\t\t\t\t\t\t\t\t\t\t<\/div>\n\t\t\t\t\t\t\t\t\t\t\t\t\t\t\t\t\t\t\t\t\t\t\t\t\t\t<div class=\"accordion-menu\">\n\t\t\t\t\t\t\t\t\t\t\t\t\t\t<div class=\"accordion-menu__info\">\n\t\t\t\t\t\t\t\t\t\t\t\t\t\t\t\n\t\t\t\t\t\t<div class=\"accordion-menu__name\">\n\t\t\t\tCEREMONIA DE PAREJAS\t\t\t\t\t<\/div>\n\t\t\t\n\t\t\t\t\t\t\t\t\t\t\t\t\t\t\t\t\t\t\t\t\t\t\t\t\t\t\t\t\t\t\t\t\t\t\t\t\t\t\t\t\t\t\t\t\t\t\t\t<div class=\"accordion-menu__price\">\n\t\t\t\t\t\t\t\t\t\t\t\t\t\t\t\t\t\t150 minutos\t\t\t\t\t\t\t\t\t\t\t\t\t\t\t\t\t<\/div>\n\t\t\t\t\t\t\t\t\t\t\t\t\t\t\t\t\t\t\t\t\t\t\t\t\t\t\t\t\t\t\t\n\t\t\t\t\t\t\t\t\t\t\t\t\t\t<\/div>\n\t\t\t\t\t\t\t\t\t\t\t\t\t\t\n\t\t\t\t\t\t<div class=\"accordion-menu__desc\">\n\t\t\t\tEsta \u00edntima celebraci\u00f3n del amor est\u00e1 dise\u00f1ada para fomentar la vulnerabilidad emocional, la atenci\u00f3n plena compartida y una conexi\u00f3n m\u00e1s profunda. La experiencia comienza con hidroterapia, seguida de una ceremonia de cacao donde compartir\u00e1n gratitud e intenciones para su relaci\u00f3n. Finalmente, concluye con una armoniosa sesi\u00f3n de terapia de sonido, que los envolver\u00e1 en vibraciones que fortalecer\u00e1n su v\u00ednculo y equilibrar\u00e1n su energ\u00eda. Ideal para aniversarios, celebraciones importantes o simplemente para reconectar con su pareja a nivel espiritual.\t\t\t\t\t<\/div>\n\t\t\t\n\t\t\t\t\t\t\t\t\t\t\t\t\t<\/div>\n\t\t\t\t\t\t\t\t\t\t\t\t\t\t\t\t\t\t\t\t\t\t\t\t\t\t<div class=\"accordion-menu\">\n\t\t\t\t\t\t\t\t\t\t\t\t\t\t<div class=\"accordion-menu__info\">\n\t\t\t\t\t\t\t\t\t\t\t\t\t\t\t\n\t\t\t\t\t\t<div class=\"accordion-menu__name\">\n\t\t\t\tCEREMONIA KUPURI DE INTROSPECCI\u00d3N Y RECONEXI\u00d3N\t\t\t\t\t<\/div>\n\t\t\t\n\t\t\t\t\t\t\t\t\t\t\t\t\t\t\t\t\t\t\t\t\t\t\t\t\t\t\t\t\t\t\t\t\t\t\t\t\t\t\t\t\t\t\t\t\t\t\t\t<div class=\"accordion-menu__price\">\n\t\t\t\t\t\t\t\t\t\t\t\t\t\t\t\t\t\t150 minutos\t\t\t\t\t\t\t\t\t\t\t\t\t\t\t\t\t<\/div>\n\t\t\t\t\t\t\t\t\t\t\t\t\t\t\t\t\t\t\t\t\t\t\t\t\t\t\t\t\t\t\t\n\t\t\t\t\t\t\t\t\t\t\t\t\t\t<\/div>\n\t\t\t\t\t\t\t\t\t\t\t\t\t\t\n\t\t\t\t\t\t<div class=\"accordion-menu__desc\">\n\t\t\t\tSum\u00e9rgete en una ceremonia espiritual inspirada en tradiciones ancestrales. Este ritual transformador incorpora una planta conocida por sus poderosas propiedades curativas, utilizada para purificar cuerpo y mente. Guiada por la sabidur\u00eda ancestral, la ceremonia comienza con una limpieza energ\u00e9tica mediante humo sagrado, seguida de meditaci\u00f3n para restaurar el equilibrio y la armon\u00eda. Este ritual elimina bloqueos, alivia el estr\u00e9s y abre caminos hacia la sanaci\u00f3n personal, permiti\u00e9ndote reconectar con tu ser interior y el mundo natural.\t\t\t\t\t<\/div>\n\t\t\t\n\t\t\t\t\t\t\t\t\t\t\t\t\t<\/div>\n\t\t\t\t\t\t\t\t\t\t\t\t\t\t\t\t\t\t\t\t\t\t\t\t\t\t<div class=\"accordion-menu\">\n\t\t\t\t\t\t\t\t\t\t\t\t\t\t<div class=\"accordion-menu__info\">\n\t\t\t\t\t\t\t\t\t\t\t\t\t\t\t\n\t\t\t\t\t\t<div class=\"accordion-menu__name\">\n\t\t\t\tEXPERIENCIA TEMAZCAL     \t\t\t\t\t<\/div>\n\t\t\t\n\t\t\t\t\t\t\t\t\t\t\t\t\t\t\t\t\t\t\t\t\t\t\t\t\t\t\t\t\t\t\t\t\t\t\t\t\t\t\t\t\t\t\t\t\t\t\t\t<div class=\"accordion-menu__price\">\n\t\t\t\t\t\t\t\t\t\t\t\t\t\t\t\t\t\t120 minutos\t\t\t\t\t\t\t\t\t\t\t\t\t\t\t\t\t<\/div>\n\t\t\t\t\t\t\t\t\t\t\t\t\t\t\t\t\t\t\t\t\t\t\t\t\t\t\t\t\t\t\t\n\t\t\t\t\t\t\t\t\t\t\t\t\t\t<\/div>\n\t\t\t\t\t\t\t\t\t\t\t\t\t\t\n\t\t\t\t\t\t<div class=\"accordion-menu__desc\">\n\t\t\t\tLas culturas ind\u00edgenas han utilizado tradicionalmente el temazcal como ceremonia curativa para purificar el cuerpo y sanar el esp\u00edritu mediante el calor, el vapor de hierbas, los c\u00e1nticos y momentos de meditaci\u00f3n. La estructura de piedra abovedada representa a la Madre Tierra, sustentadora y dadora de vida. Quienes entran acceden a un espacio sagrado de elementos naturales y espirituales que propician un viaje de autodescubrimiento. Disponible para parejas y grupos peque\u00f1os.\t\t\t\t\t<\/div>\n\t\t\t\n\t\t\t\t\t\t\t\t\t\t\t\t\t<\/div>\n\t\t\t\t\t\t\t\t\t\t\t\t\t\t\t\t\t\t\t\t\t\t\t<\/div>\n\t\t\t\t\t\t\t\t\t\t\t\t\t\t\t\t\t<\/div>\n\t\t\t\t\t\t\t\t\t\t\t\t\t\t\t\t\t\t<\/div>\n\n\t\t\t\t\n\t\t\t\t\t<div class=\"accordion a-up\">\n\t\t\t\t\t\t\n\t\t\t\t\t\t<div class=\"accordion-title\">\n\t\t\t\tMASAJE\t\t\t\t\t<\/div>\n\t\t\t\n\t\t\t\t\t\t\t\t\t\t\t\t\t\t\t\t\t\t\t\t\t<div class=\"accordion-content\">\n\t\t\t\t\t\t\t\t\t\t\t\t\t\t\t\t\t\t\t<div class=\"accordion-menus\">\n\t\t\t\t\t\t\t\t\t\t\t\n\t\t\t\t\t\t<h6 class=\"accordion-menus__title\">\n\t\t\t\tUn buen masaje lo mejora todo. Nuestra selecci\u00f3n de masajes est\u00e1 dise\u00f1ada para ofrecer un equilibrio de beneficios f\u00edsicos y emocionales que solo un buen masaje puede ofrecer.\t\t\t\t\t<\/h6>\n\t\t\t\n\t\t\t\t\t\t\t\t\t\t\t\t\t\t\t\t\t\t\t\t\t\t\t\t<div class=\"accordion-menu\">\n\t\t\t\t\t\t\t\t\t\t\t\t\t\t<div class=\"accordion-menu__info\">\n\t\t\t\t\t\t\t\t\t\t\t\t\t\t\t\n\t\t\t\t\t\t<div class=\"accordion-menu__name\">\n\t\t\t\tMASAJE PERSONALIZADO CONRAD\t\t\t\t\t<\/div>\n\t\t\t\n\t\t\t\t\t\t\t\t\t\t\t\t\t\t\t\t\t\t\t\t\t\t\t\t\t\t\t\t\t\t\t\t\t\t\t\t\t\t\t\t\t\t\t\t\t\t\t\t<div class=\"accordion-menu__price\">\n\t\t\t\t\t\t\t\t\t\t\t\t\t\t\t\t\t\t50\/80 minutos\t\t\t\t\t\t\t\t\t\t\t\t\t\t\t\t\t<\/div>\n\t\t\t\t\t\t\t\t\t\t\t\t\t\t\t\t\t\t\t\t\t\t\t\t\t\t\t\t\t\t\t\n\t\t\t\t\t\t\t\t\t\t\t\t\t\t<\/div>\n\t\t\t\t\t\t\t\t\t\t\t\t\t\t\n\t\t\t\t\t\t<div class=\"accordion-menu__desc\">\n\t\t\t\tRel\u00e1jese con este masaje exclusivo totalmente personalizado, dise\u00f1ado por cada miembro de nuestro equipo de spa. Este tratamiento, que refleja la filosof\u00eda de Conrad, se inspira en la libertad de adaptar cada masaje por completo, utilizando t\u00e9cnicas espec\u00edficas para crear una experiencia tan \u00fanica como usted.\t\t\t\t\t<\/div>\n\t\t\t\n\t\t\t\t\t\t\t\t\t\t\t\t\t<\/div>\n\t\t\t\t\t\t\t\t\t\t\t\t\t\t\t\t\t\t\t\t\t\t\t\t\t\t<div class=\"accordion-menu\">\n\t\t\t\t\t\t\t\t\t\t\t\t\t\t<div class=\"accordion-menu__info\">\n\t\t\t\t\t\t\t\t\t\t\t\t\t\t\t\n\t\t\t\t\t\t<div class=\"accordion-menu__name\">\n\t\t\t\tMASAJE DE CARICIAS DE MATERNIDAD \t\t\t\t\t<\/div>\n\t\t\t\n\t\t\t\t\t\t\t\t\t\t\t\t\t\t\t\t\t\t\t\t\t\t\t\t\t\t\t\t\t\t\t\t\t\t\t\t\t\t\t\t\t\t\t\t\t\t\t\t<div class=\"accordion-menu__price\">\n\t\t\t\t\t\t\t\t\t\t\t\t\t\t\t\t\t\t50\/80 minutos\t\t\t\t\t\t\t\t\t\t\t\t\t\t\t\t\t<\/div>\n\t\t\t\t\t\t\t\t\t\t\t\t\t\t\t\t\t\t\t\t\t\t\t\t\t\t\t\t\t\t\t\n\t\t\t\t\t\t\t\t\t\t\t\t\t\t<\/div>\n\t\t\t\t\t\t\t\t\t\t\t\t\t\t\n\t\t\t\t\t\t<div class=\"accordion-menu__desc\">\n\t\t\t\tDise\u00f1ado para fomentar una conexi\u00f3n profunda con tu beb\u00e9, este suave masaje alivia la tensi\u00f3n en las caderas y las piernas, a la vez que mejora la elasticidad de la piel con un tratamiento de col\u00e1geno para el abdomen. Esta experiencia tambi\u00e9n incluye un refrescante tratamiento facial.\t\t\t\t\t<\/div>\n\t\t\t\n\t\t\t\t\t\t\t\t\t\t\t\t\t<\/div>\n\t\t\t\t\t\t\t\t\t\t\t\t\t\t\t\t\t\t\t\t\t\t\t\t\t\t<div class=\"accordion-menu\">\n\t\t\t\t\t\t\t\t\t\t\t\t\t\t<div class=\"accordion-menu__info\">\n\t\t\t\t\t\t\t\t\t\t\t\t\t\t\t\n\t\t\t\t\t\t<div class=\"accordion-menu__name\">\n\t\t\t\tMASAJE DE AROMATERAPIA\t\t\t\t\t<\/div>\n\t\t\t\n\t\t\t\t\t\t\t\t\t\t\t\t\t\t\t\t\t\t\t\t\t\t\t\t\t\t\t\t\t\t\t\t\t\t\t\t\t\t\t\t\t\t\t\t\t\t\t\t<div class=\"accordion-menu__price\">\n\t\t\t\t\t\t\t\t\t\t\t\t\t\t\t\t\t\t50\/80 minutos\t\t\t\t\t\t\t\t\t\t\t\t\t\t\t\t\t<\/div>\n\t\t\t\t\t\t\t\t\t\t\t\t\t\t\t\t\t\t\t\t\t\t\t\t\t\t\t\t\t\t\t\n\t\t\t\t\t\t\t\t\t\t\t\t\t\t<\/div>\n\t\t\t\t\t\t\t\t\t\t\t\t\t\t\n\t\t\t\t\t\t<div class=\"accordion-menu__desc\">\n\t\t\t\tLa aromaterapia es el arte de restaurar el bienestar del cuerpo y la mente mediante aceites esenciales, que se utilizan para equilibrar cada centro energ\u00e9tico. Las esencias se absorben r\u00e1pidamente a trav\u00e9s de la piel o el sistema respiratorio, actuando sobre diversas partes del cuerpo como un suave masaje.\t\t\t\t\t<\/div>\n\t\t\t\n\t\t\t\t\t\t\t\t\t\t\t\t\t<\/div>\n\t\t\t\t\t\t\t\t\t\t\t\t\t\t\t\t\t\t\t\t\t\t\t\t\t\t<div class=\"accordion-menu\">\n\t\t\t\t\t\t\t\t\t\t\t\t\t\t<div class=\"accordion-menu__info\">\n\t\t\t\t\t\t\t\t\t\t\t\t\t\t\t\n\t\t\t\t\t\t<div class=\"accordion-menu__name\">\n\t\t\t\tMASAJE DE TEJIDO PROFUNDO   \t\t\t\t\t<\/div>\n\t\t\t\n\t\t\t\t\t\t\t\t\t\t\t\t\t\t\t\t\t\t\t\t\t\t\t\t\t\t\t\t\t\t\t\t\t\t\t\t\t\t\t\t\t\t\t\t\t\t\t\t<div class=\"accordion-menu__price\">\n\t\t\t\t\t\t\t\t\t\t\t\t\t\t\t\t\t\t50\/80 minutos\t\t\t\t\t\t\t\t\t\t\t\t\t\t\t\t\t<\/div>\n\t\t\t\t\t\t\t\t\t\t\t\t\t\t\t\t\t\t\t\t\t\t\t\t\t\t\t\t\t\t\t\n\t\t\t\t\t\t\t\t\t\t\t\t\t\t<\/div>\n\t\t\t\t\t\t\t\t\t\t\t\t\t\t\n\t\t\t\t\t\t<div class=\"accordion-menu__desc\">\n\t\t\t\tRel\u00e1jese y rejuvenezca con nuestro masaje de tejido profundo. Este tratamiento revitalizante combina t\u00e9cnicas de tejido profundo con terapia shiatsu espec\u00edfica para liberar tensi\u00f3n, aliviar el dolor muscular y promover la relajaci\u00f3n.\t\t\t\t\t<\/div>\n\t\t\t\n\t\t\t\t\t\t\t\t\t\t\t\t\t<\/div>\n\t\t\t\t\t\t\t\t\t\t\t\t\t\t\t\t\t\t\t\t\t\t\t\t\t\t<div class=\"accordion-menu\">\n\t\t\t\t\t\t\t\t\t\t\t\t\t\t<div class=\"accordion-menu__info\">\n\t\t\t\t\t\t\t\t\t\t\t\t\t\t\t\n\t\t\t\t\t\t<div class=\"accordion-menu__name\">\n\t\t\t\tMASAJE ANCESTRAL CON PIEDRAS CALIENTES\t\t\t\t\t<\/div>\n\t\t\t\n\t\t\t\t\t\t\t\t\t\t\t\t\t\t\t\t\t\t\t\t\t\t\t\t\t\t\t\t\t\t\t\t\t\t\t\t\t\t\t\t\t\t\t\t\t\t\t\t<div class=\"accordion-menu__price\">\n\t\t\t\t\t\t\t\t\t\t\t\t\t\t\t\t\t\t80 minutos\t\t\t\t\t\t\t\t\t\t\t\t\t\t\t\t\t<\/div>\n\t\t\t\t\t\t\t\t\t\t\t\t\t\t\t\t\t\t\t\t\t\t\t\t\t\t\t\t\t\t\t\n\t\t\t\t\t\t\t\t\t\t\t\t\t\t<\/div>\n\t\t\t\t\t\t\t\t\t\t\t\t\t\t\n\t\t\t\t\t\t<div class=\"accordion-menu__desc\">\n\t\t\t\tEsta antigua terapia combina t\u00e9cnicas tradicionales de masaje terap\u00e9utico con la aplicaci\u00f3n de piedras de obsidiana calientes para aliviar las zonas cansadas y tensas del cuerpo, eliminar toxinas y mejorar la circulaci\u00f3n general.\t\t\t\t\t<\/div>\n\t\t\t\n\t\t\t\t\t\t\t\t\t\t\t\t\t<\/div>\n\t\t\t\t\t\t\t\t\t\t\t\t\t\t\t\t\t\t\t\t\t\t\t<\/div>\n\t\t\t\t\t\t\t\t\t\t\t\t\t\t\t\t\t<\/div>\n\t\t\t\t\t\t\t\t\t\t\t\t\t\t\t\t\t\t<\/div>\n\n\t\t\t\t\n\t\t\t\t\t<div class=\"accordion a-up\">\n\t\t\t\t\t\t\n\t\t\t\t\t\t<div class=\"accordion-title\">\n\t\t\t\tROSTRO \t\t\t\t\t<\/div>\n\t\t\t\n\t\t\t\t\t\t\t\t\t\t\t\t\t\t\t\t\t\t\t\t\t<div class=\"accordion-content\">\n\t\t\t\t\t\t\t\t\t\t\t\t\t\t\t\t\t\t\t<div class=\"accordion-menus\">\n\t\t\t\t\t\t\t\t\t\t\t\n\t\t\t\t\t\t<h6 class=\"accordion-menus__title\">\n\t\t\t\tEn este spa, creemos en la salud de la piel. Nos centramos en t\u00e9cnicas que ofrecen m\u00e1s que mejoras superficiales, y un brillo que va m\u00e1s all\u00e1 de la superficie.\t\t\t\t\t<\/h6>\n\t\t\t\n\t\t\t\t\t\t\t\t\t\t\t\t\t\t\t\t\t\t\t\t\t\t\t\t<div class=\"accordion-menu\">\n\t\t\t\t\t\t\t\t\t\t\t\t\t\t<div class=\"accordion-menu__info\">\n\t\t\t\t\t\t\t\t\t\t\t\t\t\t\t\n\t\t\t\t\t\t<div class=\"accordion-menu__name\">\n\t\t\t\tTRATAMIENTO EXPERTO PRO-AGE\t\t\t\t\t<\/div>\n\t\t\t\n\t\t\t\t\t\t\t\t\t\t\t\t\t\t\t\t\t\t\t\t\t\t\t\t\t\t\t\t\t\t\t\t\t\t\t\t\t\t\t\t\t\t\t\t\t\t\t\t<div class=\"accordion-menu__price\">\n\t\t\t\t\t\t\t\t\t\t\t\t\t\t\t\t\t\t80 minutos\t\t\t\t\t\t\t\t\t\t\t\t\t\t\t\t\t<\/div>\n\t\t\t\t\t\t\t\t\t\t\t\t\t\t\t\t\t\t\t\t\t\t\t\t\t\t\t\t\t\t\t\n\t\t\t\t\t\t\t\t\t\t\t\t\t\t<\/div>\n\t\t\t\t\t\t\t\t\t\t\t\t\t\t\n\t\t\t\t\t\t<div class=\"accordion-menu__desc\">\n\t\t\t\tRevitalice su piel y despierte una tez joven y radiante con esta terapia antiedad intensiva. Este tratamiento ultra regenerador incorpora una t\u00e9cnica de masaje drenante con Gua-Shas de obsidiana, cuidadosamente elaborada para tratar arrugas, l\u00edneas de expresi\u00f3n, manchas de la edad, opacidad y p\u00e9rdida de firmeza. \t\t\t\t\t<\/div>\n\t\t\t\n\t\t\t\t\t\t\t\t\t\t\t\t\t<\/div>\n\t\t\t\t\t\t\t\t\t\t\t\t\t\t\t\t\t\t\t\t\t\t\t\t\t\t<div class=\"accordion-menu\">\n\t\t\t\t\t\t\t\t\t\t\t\t\t\t<div class=\"accordion-menu__info\">\n\t\t\t\t\t\t\t\t\t\t\t\t\t\t\t\n\t\t\t\t\t\t<div class=\"accordion-menu__name\">\n\t\t\t\tMI FACIAL CODAGE A MEDIDA\t\t\t\t\t<\/div>\n\t\t\t\n\t\t\t\t\t\t\t\t\t\t\t\t\t\t\t\t\t\t\t\t\t\t\t\t\t\t\t\t\t\t\t\t\t\t\t\t\t\t\t\t\t\t\t\t\t\t\t\t<div class=\"accordion-menu__price\">\n\t\t\t\t\t\t\t\t\t\t\t\t\t\t\t\t\t\t50\/80 minutos \t\t\t\t\t\t\t\t\t\t\t\t\t\t\t\t\t<\/div>\n\t\t\t\t\t\t\t\t\t\t\t\t\t\t\t\t\t\t\t\t\t\t\t\t\t\t\t\t\t\t\t\n\t\t\t\t\t\t\t\t\t\t\t\t\t\t<\/div>\n\t\t\t\t\t\t\t\t\t\t\t\t\t\t\n\t\t\t\t\t\t<div class=\"accordion-menu__desc\">\n\t\t\t\tEste tratamiento facial personalizado, realizado con una mezcla de ingredientes activos altamente concentrados, combina t\u00e9cnicas de masaje a medida que estimulan los m\u00fasculos faciales para reafirmar, tonificar y mejorar la circulaci\u00f3n, mientras que el drenaje linf\u00e1tico proporciona una piel radiante con resultados visibles de inmediato.\t\t\t\t\t<\/div>\n\t\t\t\n\t\t\t\t\t\t\t\t\t\t\t\t\t<\/div>\n\t\t\t\t\t\t\t\t\t\t\t\t\t\t\t\t\t\t\t\t\t\t\t\t\t\t<div class=\"accordion-menu\">\n\t\t\t\t\t\t\t\t\t\t\t\t\t\t<div class=\"accordion-menu__info\">\n\t\t\t\t\t\t\t\t\t\t\t\t\t\t\t\n\t\t\t\t\t\t<div class=\"accordion-menu__name\">\n\t\t\t\tFACIAL HIDRATANTE\t\t\t\t\t<\/div>\n\t\t\t\n\t\t\t\t\t\t\t\t\t\t\t\t\t\t\t\t\t\t\t\t\t\t\t\t\t\t\t\t\t\t\t\t\t\t\t\t\t\t\t\t\t\t\t\t\t\t\t\t<div class=\"accordion-menu__price\">\n\t\t\t\t\t\t\t\t\t\t\t\t\t\t\t\t\t\t50 minutos\t\t\t\t\t\t\t\t\t\t\t\t\t\t\t\t\t<\/div>\n\t\t\t\t\t\t\t\t\t\t\t\t\t\t\t\t\t\t\t\t\t\t\t\t\t\t\t\t\t\t\t\n\t\t\t\t\t\t\t\t\t\t\t\t\t\t<\/div>\n\t\t\t\t\t\t\t\t\t\t\t\t\t\t\n\t\t\t\t\t\t<div class=\"accordion-menu__desc\">\n\t\t\t\tLa hidrataci\u00f3n es clave para una piel radiante. Este tratamiento combina productos profesionales con ingredientes org\u00e1nicos para restaurar la hidrataci\u00f3n y estimular la renovaci\u00f3n celular. Ideal para pieles sensibles o expuestas al sol, calma, nutre y deja la tez luminosa.\t\t\t\t\t<\/div>\n\t\t\t\n\t\t\t\t\t\t\t\t\t\t\t\t\t<\/div>\n\t\t\t\t\t\t\t\t\t\t\t\t\t\t\t\t\t\t\t\t\t\t\t<\/div>\n\t\t\t\t\t\t\t\t\t\t\t\t\t\t\t\t\t<\/div>\n\t\t\t\t\t\t\t\t\t\t\t\t\t\t\t\t\t\t<\/div>\n\n\t\t\t\t\n\t\t\t\t\t<div class=\"accordion a-up\">\n\t\t\t\t\t\t\n\t\t\t\t\t\t<div class=\"accordion-title\">\n\t\t\t\tCUERPO\t\t\t\t\t<\/div>\n\t\t\t\n\t\t\t\t\t\t\t\t\t\t\t\t\t\t\t\t\t\t\t\t\t<div class=\"accordion-content\">\n\t\t\t\t\t\t\t\t\t\t\t\t\t\t\t\t\t\t\t<div class=\"accordion-menus\">\n\t\t\t\t\t\t\t\t\t\t\t\n\t\t\t\t\t\t<h6 class=\"accordion-menus__title\">\n\t\t\t\tDisfrute de tratamientos que nutren su cuerpo y mente. Nuestro enfoque en el bienestar le garantiza que saldr\u00e1 del spa sinti\u00e9ndose renovado y revitalizado de pies a cabeza.\t\t\t\t\t<\/h6>\n\t\t\t\n\t\t\t\t\t\t\t\t\t\t\t\t\t\t\t\t\t\t\t\t\t\t\t\t<div class=\"accordion-menu\">\n\t\t\t\t\t\t\t\t\t\t\t\t\t\t<div class=\"accordion-menu__info\">\n\t\t\t\t\t\t\t\t\t\t\t\t\t\t\t\n\t\t\t\t\t\t<div class=\"accordion-menu__name\">\n\t\t\t\tEXFOLIACI\u00d3N CORPORAL HIKURI\t\t\t\t\t<\/div>\n\t\t\t\n\t\t\t\t\t\t\t\t\t\t\t\t\t\t\t\t\t\t\t\t\t\t\t\t\t\t\t\t\t\t\t\t\t\t\t\t\t\t\t\t\t\t\t\t\t\t\t\t<div class=\"accordion-menu__price\">\n\t\t\t\t\t\t\t\t\t\t\t\t\t\t\t\t\t\t50 minutos\t\t\t\t\t\t\t\t\t\t\t\t\t\t\t\t\t<\/div>\n\t\t\t\t\t\t\t\t\t\t\t\t\t\t\t\t\t\t\t\t\t\t\t\t\t\t\t\t\t\t\t\n\t\t\t\t\t\t\t\t\t\t\t\t\t\t<\/div>\n\t\t\t\t\t\t\t\t\t\t\t\t\t\t\n\t\t\t\t\t\t<div class=\"accordion-menu__desc\">\n\t\t\t\tEmb\u00e1rcate en un viaje sensorial que celebra la sabidur\u00eda ancestral de la cultura wix\u00e1rika. Esta exfoliaci\u00f3n corporal revitalizante combina plantas sagradas e ingredientes tradicionales utilizados por el pueblo wix\u00e1rika durante siglos. Experimenta las propiedades curativas del cacao finamente molido, la resina de copal y el romero, cuidadosamente mezclados para nutrir tu piel.\t\t\t\t\t<\/div>\n\t\t\t\n\t\t\t\t\t\t\t\t\t\t\t\t\t<\/div>\n\t\t\t\t\t\t\t\t\t\t\t\t\t\t\t\t\t\t\t\t\t\t\t\t\t\t<div class=\"accordion-menu\">\n\t\t\t\t\t\t\t\t\t\t\t\t\t\t<div class=\"accordion-menu__info\">\n\t\t\t\t\t\t\t\t\t\t\t\t\t\t\t\n\t\t\t\t\t\t<div class=\"accordion-menu__name\">\n\t\t\t\tRITUAL CORPORAL KAK\u00c1WA\t\t\t\t\t<\/div>\n\t\t\t\n\t\t\t\t\t\t\t\t\t\t\t\t\t\t\t\t\t\t\t\t\t\t\t\t\t\t\t\t\t\t\t\t\t\t\t\t\t\t\t\t\t\t\t\t\t\t\t\t<div class=\"accordion-menu__price\">\n\t\t\t\t\t\t\t\t\t\t\t\t\t\t\t\t\t\t80 minutos\t\t\t\t\t\t\t\t\t\t\t\t\t\t\t\t\t<\/div>\n\t\t\t\t\t\t\t\t\t\t\t\t\t\t\t\t\t\t\t\t\t\t\t\t\t\t\t\t\t\t\t\n\t\t\t\t\t\t\t\t\t\t\t\t\t\t<\/div>\n\t\t\t\t\t\t\t\t\t\t\t\t\t\t\n\t\t\t\t\t\t<div class=\"accordion-menu__desc\">\n\t\t\t\tLos wix\u00e1rikas tienen una fuerte conexi\u00f3n espiritual con los alimentos que consideran esenciales para su vida y sus rituales, como el cacao. Con una fusi\u00f3n de aromas y sabores, comience su experiencia con una exfoliaci\u00f3n corporal completa, un capullo y una crema hidratante, seguido de un facial estimulante para un efecto energizante m\u00e1ximo.\t\t\t\t\t<\/div>\n\t\t\t\n\t\t\t\t\t\t\t\t\t\t\t\t\t<\/div>\n\t\t\t\t\t\t\t\t\t\t\t\t\t\t\t\t\t\t\t\t\t\t\t\t\t\t<div class=\"accordion-menu\">\n\t\t\t\t\t\t\t\t\t\t\t\t\t\t<div class=\"accordion-menu__info\">\n\t\t\t\t\t\t\t\t\t\t\t\t\t\t\t\n\t\t\t\t\t\t<div class=\"accordion-menu__name\">\n\t\t\t\tENCUENTRO DE DOS ALMAS        \t\t\t\t\t<\/div>\n\t\t\t\n\t\t\t\t\t\t\t\t\t\t\t\t\t\t\t\t\t\t\t\t\t\t\t\t\t\t\t\t\t\t\t\t\t\t\t\t\t\t\t\t\t\t\t\t\t\t\t\t<div class=\"accordion-menu__price\">\n\t\t\t\t\t\t\t\t\t\t\t\t\t\t\t\t\t\t190 minutos\t\t\t\t\t\t\t\t\t\t\t\t\t\t\t\t\t<\/div>\n\t\t\t\t\t\t\t\t\t\t\t\t\t\t\t\t\t\t\t\t\t\t\t\t\t\t\t\t\t\t\t\n\t\t\t\t\t\t\t\t\t\t\t\t\t\t<\/div>\n\t\t\t\t\t\t\t\t\t\t\t\t\t\t\n\t\t\t\t\t\t<div class=\"accordion-menu__desc\">\n\t\t\t\tReconecta y rel\u00e1jate con nuestro lujoso ritual para parejas, dise\u00f1ado para que t\u00fa y tu pareja encuentren la armon\u00eda perfecta. Comienza con una ceremonia de purificaci\u00f3n para crear el ambiente perfecto, seguida de una exfoliaci\u00f3n corporal vigorizante, un masaje relajante con piedras calientes y un facial hidratante. Completa tu experiencia relaj\u00e1ndote juntos en un tranquilo gazebo privado.\t\t\t\t\t<\/div>\n\t\t\t\n\t\t\t\t\t\t\t\t\t\t\t\t\t<\/div>\n\t\t\t\t\t\t\t\t\t\t\t\t\t\t\t\t\t\t\t\t\t\t\t\t\t\t<div class=\"accordion-menu\">\n\t\t\t\t\t\t\t\t\t\t\t\t\t\t<div class=\"accordion-menu__info\">\n\t\t\t\t\t\t\t\t\t\t\t\t\t\t\t\n\t\t\t\t\t\t<div class=\"accordion-menu__name\">\n\t\t\t\tEXPERIENCIA DE SPA DE D\u00cdA DE LUJO               \t\t\t\t\t<\/div>\n\t\t\t\n\t\t\t\t\t\t\t\t\t\t\t\t\t\t\t\t\t\t\t\t\t\t\t\t\t\t\t\t\t\t\t\t\t\t\t\t\t\t\t\t\t\t\t\t\t\t\t\t<div class=\"accordion-menu__price\">\n\t\t\t\t\t\t\t\t\t\t\t\t\t\t\t\t\t\t210 minutos\t\t\t\t\t\t\t\t\t\t\t\t\t\t\t\t\t<\/div>\n\t\t\t\t\t\t\t\t\t\t\t\t\t\t\t\t\t\t\t\t\t\t\t\t\t\t\t\t\t\t\t\n\t\t\t\t\t\t\t\t\t\t\t\t\t\t<\/div>\n\t\t\t\t\t\t\t\t\t\t\t\t\t\t\n\t\t\t\t\t\t<div class=\"accordion-menu__desc\">\n\t\t\t\tSum\u00e9rgete en un d\u00eda de autocuidado y renovaci\u00f3n total. Comienza con un ritual de limpieza relajante para preparar tu mente y cuerpo. Despu\u00e9s, disfruta de una exfoliaci\u00f3n corporal rejuvenecedora, seguida de una mascarilla nutritiva y una crema hidratante de lujo para dejar tu piel radiante. Concluye tu experiencia con una pedicura relajante que te dejar\u00e1 completamente renovada y mimada.\t\t\t\t\t<\/div>\n\t\t\t\n\t\t\t\t\t\t\t\t\t\t\t\t\t<\/div>\n\t\t\t\t\t\t\t\t\t\t\t\t\t\t\t\t\t\t\t\t\t\t\t<\/div>\n\t\t\t\t\t\t\t\t\t\t\t\t\t\t\t\t\t<\/div>\n\t\t\t\t\t\t\t\t\t\t\t\t\t\t\t\t\t\t<\/div>\n\n\t\t\t\t\n\t\t\t\t\t<div class=\"accordion a-up\">\n\t\t\t\t\t\t\n\t\t\t\t\t\t<div class=\"accordion-title\">\n\t\t\t\tLA EDICI\u00d3N DEL BIENESTAR\t\t\t\t\t<\/div>\n\t\t\t\n\t\t\t\t\t\t\t\t\t\t\t\t\t\t\t\t\t\t\t\t\t<div class=\"accordion-content\">\n\t\t\t\t\t\t\t\t\t\t\t\t\t\t\t\t\t\t\t<div class=\"accordion-menus\">\n\t\t\t\t\t\t\t\t\t\t\t\n\t\t\t\t\t\t<h6 class=\"accordion-menus__title\">\n\t\t\t\tDescubre nuestra cuidada selecci\u00f3n de complementos esenciales para tu experiencia de spa. Los siguientes servicios adicionales est\u00e1n dise\u00f1ados para complementar otros tratamientos ya reservados.\t\t\t\t\t<\/h6>\n\t\t\t\n\t\t\t\t\t\t\t\t\t\t\t\t\t\t\t\t\t\t\t\t\t\t\t\t<div class=\"accordion-menu\">\n\t\t\t\t\t\t\t\t\t\t\t\t\t\t<div class=\"accordion-menu__info\">\n\t\t\t\t\t\t\t\t\t\t\t\t\t\t\t\n\t\t\t\t\t\t<div class=\"accordion-menu__name\">\n\t\t\t\t MASCARILLA DE LUJO\t\t\t\t\t<\/div>\n\t\t\t\n\t\t\t\t\t\t\t\t\t\t\t\t\t\t\t\t\t\t\t\t\t\t\t\t\t\t\t\t\t\t\t\t\t\t\t\t\t\t\t\t\t\t\t\t\t\t\n\t\t\t\t\t\t\t\t\t\t\t\t\t\t<\/div>\n\t\t\t\t\t\t\t\t\t\t\t\t\t\t\n\t\t\t\t\t\t<div class=\"accordion-menu__desc\">\n\t\t\t\tMejore su tratamiento con la lujosa experiencia de una mascarilla Knesko, dise\u00f1ada para proporcionar hidrataci\u00f3n profunda, regeneraci\u00f3n celular y una piel radiante. \t\t\t\t\t<\/div>\n\t\t\t\n\t\t\t\t\t\t\t\t\t\t\t\t\t<\/div>\n\t\t\t\t\t\t\t\t\t\t\t\t\t\t\t\t\t\t\t\t\t\t\t\t\t\t<div class=\"accordion-menu\">\n\t\t\t\t\t\t\t\t\t\t\t\t\t\t<div class=\"accordion-menu__info\">\n\t\t\t\t\t\t\t\t\t\t\t\t\t\t\t\n\t\t\t\t\t\t<div class=\"accordion-menu__name\">\n\t\t\t\tACEITE PREMIUM\t\t\t\t\t<\/div>\n\t\t\t\n\t\t\t\t\t\t\t\t\t\t\t\t\t\t\t\t\t\t\t\t\t\t\t\t\t\t\t\t\t\t\t\t\t\t\t\t\t\t\t\t\t\t\t\t\t\t\n\t\t\t\t\t\t\t\t\t\t\t\t\t\t<\/div>\n\t\t\t\t\t\t\t\t\t\t\t\t\t\t\n\t\t\t\t\t\t<div class=\"accordion-menu__desc\">\n\t\t\t\tLleve su tratamiento a nuevos niveles de indulgencia y despierte los sentidos con nuestros aceites premium, cada uno elegido por sus propiedades profundamente nutritivas.\t\t\t\t\t<\/div>\n\t\t\t\n\t\t\t\t\t\t\t\t\t\t\t\t\t<\/div>\n\t\t\t\t\t\t\t\t\t\t\t\t\t\t\t\t\t\t\t\t\t\t\t\t\t\t<div class=\"accordion-menu\">\n\t\t\t\t\t\t\t\t\t\t\t\t\t\t<div class=\"accordion-menu__info\">\n\t\t\t\t\t\t\t\t\t\t\t\t\t\t\t\n\t\t\t\t\t\t<div class=\"accordion-menu__name\">\n\t\t\t\tMASAJE CON VELA \t\t\t\t\t<\/div>\n\t\t\t\n\t\t\t\t\t\t\t\t\t\t\t\t\t\t\t\t\t\t\t\t\t\t\t\t\t\t\t\t\t\t\t\t\t\t\t\t\t\t\t\t\t\t\t\t\t\t\n\t\t\t\t\t\t\t\t\t\t\t\t\t\t<\/div>\n\t\t\t\t\t\t\t\t\t\t\t\t\t\t\n\t\t\t\t\t\t<div class=\"accordion-menu__desc\">\n\t\t\t\tMejora tu experiencia con nuestro relajante masaje con vela. La cera tibia de la vela se funde en un elixir calmante que nutre profundamente tu piel.\t\t\t\t\t<\/div>\n\t\t\t\n\t\t\t\t\t\t\t\t\t\t\t\t\t<\/div>\n\t\t\t\t\t\t\t\t\t\t\t\t\t\t\t\t\t\t\t\t\t\t\t\t\t\t<div class=\"accordion-menu\">\n\t\t\t\t\t\t\t\t\t\t\t\t\t\t<div class=\"accordion-menu__info\">\n\t\t\t\t\t\t\t\t\t\t\t\t\t\t\t\n\t\t\t\t\t\t<div class=\"accordion-menu__name\">\n\t\t\t\tMEJORAS DE SPA PERSONALIZADAS DE 30 MINUTOS\t\t\t\t\t<\/div>\n\t\t\t\n\t\t\t\t\t\t\t\t\t\t\t\t\t\t\t\t\t\t\t\t\t\t\t\t\t\t\t\t\t\t\t\t\t\t\t\t\t\t\t\t\t\t\t\t\t\t\t\t<div class=\"accordion-menu__price\">\n\t\t\t\t\t\t\t\t\t\t\t\t\t\t\t\t\t\t30 minutos\t\t\t\t\t\t\t\t\t\t\t\t\t\t\t\t\t<\/div>\n\t\t\t\t\t\t\t\t\t\t\t\t\t\t\t\t\t\t\t\t\t\t\t\t\t\t\t\t\t\t\t\n\t\t\t\t\t\t\t\t\t\t\t\t\t\t<\/div>\n\t\t\t\t\t\t\t\t\t\t\t\t\t\t\n\t\t\t\t\t\t<div class=\"accordion-menu__desc\">\n\t\t\t\tAdaptado a sus necesidades, elija entre las siguientes opciones rejuvenecedoras: Masaje de espalda, Masaje de piernas cansadas, Masaje de pies, Masaje de cuero cabelludo y\/o Facial refrescante.\t\t\t\t\t<\/div>\n\t\t\t\n\t\t\t\t\t\t\t\t\t\t\t\t\t<\/div>\n\t\t\t\t\t\t\t\t\t\t\t\t\t\t\t\t\t\t\t\t\t\t\t<\/div>\n\t\t\t\t\t\t\t\t\t\t\t\t\t\t\t\t\t<\/div>\n\t\t\t\t\t\t\t\t\t\t\t\t\t\t\t\t\t\t<\/div>\n\n\t\t\t\t\n\t\t\t\t\t<div class=\"accordion a-up\">\n\t\t\t\t\t\t\n\t\t\t\t\t\t<div class=\"accordion-title\">\n\t\t\t\tMANICURA Y PEDICURA \t\t\t\t\t<\/div>\n\t\t\t\n\t\t\t\t\t\t\t\t\t\t\t\t\t\t\t\t\t\t\t\t\t<div class=\"accordion-content\">\n\t\t\t\t\t\t\t\t\t\t\t\t\t\t\t\t\t\t\t<div class=\"accordion-menus\">\n\t\t\t\t\t\t\t\t\t\t\t\n\n\t\t\t\t\t\t\t\t\t\t\t\t\t\t\t\t\t\t\t\t\t\t\t\t<div class=\"accordion-menu\">\n\t\t\t\t\t\t\t\t\t\t\t\t\t\t<div class=\"accordion-menu__info\">\n\t\t\t\t\t\t\t\t\t\t\t\t\t\t\t\n\t\t\t\t\t\t<div class=\"accordion-menu__name\">\n\t\t\t\tCONRAD MANICURA\t\t\t\t\t<\/div>\n\t\t\t\n\t\t\t\t\t\t\t\t\t\t\t\t\t\t\t\t\t\t\t\t\t\t\t\t\t\t\t\t\t\t\t\t\t\t\t\t\t\t\t\t\t\t\t\t\t\t\t\t<div class=\"accordion-menu__price\">\n\t\t\t\t\t\t\t\t\t\t\t\t\t\t\t\t\t\t60 minutos\t\t\t\t\t\t\t\t\t\t\t\t\t\t\t\t\t<\/div>\n\t\t\t\t\t\t\t\t\t\t\t\t\t\t\t\t\t\t\t\t\t\t\t\t\t\t\t\t\t\t\t\n\t\t\t\t\t\t\t\t\t\t\t\t\t\t<\/div>\n\t\t\t\t\t\t\t\t\t\t\t\t\t\t\n\t\t\t\t\t\t<div class=\"accordion-menu__desc\">\n\t\t\t\tRevitaliza tus manos cansadas con nuestra manicura intensiva. Este tratamiento incluye exfoliaci\u00f3n, mascarilla hidratante y masaje nutritivo, dejando tus manos suaves y tersas.\t\t\t\t\t<\/div>\n\t\t\t\n\t\t\t\t\t\t\t\t\t\t\t\t\t<\/div>\n\t\t\t\t\t\t\t\t\t\t\t\t\t\t\t\t\t\t\t\t\t\t\t\t\t\t<div class=\"accordion-menu\">\n\t\t\t\t\t\t\t\t\t\t\t\t\t\t<div class=\"accordion-menu__info\">\n\t\t\t\t\t\t\t\t\t\t\t\t\t\t\t\n\t\t\t\t\t\t<div class=\"accordion-menu__name\">\n\t\t\t\tPEDICURA CONRAD\t\t\t\t\t<\/div>\n\t\t\t\n\t\t\t\t\t\t\t\t\t\t\t\t\t\t\t\t\t\t\t\t\t\t\t\t\t\t\t\t\t\t\t\t\t\t\t\t\t\t\t\t\t\t\t\t\t\t\t\t<div class=\"accordion-menu__price\">\n\t\t\t\t\t\t\t\t\t\t\t\t\t\t\t\t\t\t60 minutos\t\t\t\t\t\t\t\t\t\t\t\t\t\t\t\t\t<\/div>\n\t\t\t\t\t\t\t\t\t\t\t\t\t\t\t\t\t\t\t\t\t\t\t\t\t\t\t\t\t\t\t\n\t\t\t\t\t\t\t\t\t\t\t\t\t\t<\/div>\n\t\t\t\t\t\t\t\t\t\t\t\t\t\t\n\t\t\t\t\t\t<div class=\"accordion-menu__desc\">\n\t\t\t\tConsiente tus pies con nuestra relajante pedicura. Este tratamiento incluye exfoliaci\u00f3n, cuidado de u\u00f1as, una mascarilla hidratante y un masaje humectante, dejando tus pies revitalizados.\t\t\t\t\t<\/div>\n\t\t\t\n\t\t\t\t\t\t\t\t\t\t\t\t\t<\/div>\n\t\t\t\t\t\t\t\t\t\t\t\t\t\t\t\t\t\t\t\t\t\t\t\t\t\t<div class=\"accordion-menu\">\n\t\t\t\t\t\t\t\t\t\t\t\t\t\t<div class=\"accordion-menu__info\">\n\t\t\t\t\t\t\t\t\t\t\t\t\t\t\t\n\t\t\t\t\t\t<div class=\"accordion-menu__name\">\n\t\t\t\tPEDICURA MARGARITA    \t\t\t\t\t<\/div>\n\t\t\t\n\t\t\t\t\t\t\t\t\t\t\t\t\t\t\t\t\t\t\t\t\t\t\t\t\t\t\t\t\t\t\t\t\t\t\t\t\t\t\t\t\t\t\t\t\t\t\t\t<div class=\"accordion-menu__price\">\n\t\t\t\t\t\t\t\t\t\t\t\t\t\t\t\t\t\t90 minutos\t\t\t\t\t\t\t\t\t\t\t\t\t\t\t\t\t<\/div>\n\t\t\t\t\t\t\t\t\t\t\t\t\t\t\t\t\t\t\t\t\t\t\t\t\t\t\t\t\t\t\t\n\t\t\t\t\t\t\t\t\t\t\t\t\t\t<\/div>\n\t\t\t\t\t\t\t\t\t\t\t\t\t\t\n\t\t\t\t\t\t<div class=\"accordion-menu__desc\">\n\t\t\t\tConsi\u00e9ntase con nuestra relajante pedicura de cacao. Este tratamiento incluye un masaje de pies rejuvenecedor, exfoliaci\u00f3n y cuidado de u\u00f1as. Disfrute de una margarita mientras se relaja.\t\t\t\t\t<\/div>\n\t\t\t\n\t\t\t\t\t\t\t\t\t\t\t\t\t<\/div>\n\t\t\t\t\t\t\t\t\t\t\t\t\t\t\t\t\t\t\t\t\t\t\t\t\t\t<div class=\"accordion-menu\">\n\t\t\t\t\t\t\t\t\t\t\t\t\t\t<div class=\"accordion-menu__info\">\n\t\t\t\t\t\t\t\t\t\t\t\t\t\t\t\n\t\t\t\t\t\t<div class=\"accordion-menu__name\">\n\t\t\t\tMANICURA Y PEDICURA CUATRO MANOS\t\t\t\t\t<\/div>\n\t\t\t\n\t\t\t\t\t\t\t\t\t\t\t\t\t\t\t\t\t\t\t\t\t\t\t\t\t\t\t\t\t\t\t\t\t\t\t\t\t\t\t\t\t\t\t\t\t\t\t\t<div class=\"accordion-menu__price\">\n\t\t\t\t\t\t\t\t\t\t\t\t\t\t\t\t\t\t60 minutos\t\t\t\t\t\t\t\t\t\t\t\t\t\t\t\t\t<\/div>\n\t\t\t\t\t\t\t\t\t\t\t\t\t\t\t\t\t\t\t\t\t\t\t\t\t\t\t\t\t\t\t\n\t\t\t\t\t\t\t\t\t\t\t\t\t\t<\/div>\n\t\t\t\t\t\t\t\t\t\t\t\t\t\t\n\t\t\t\t\t\t<div class=\"accordion-menu__desc\">\n\t\t\t\tConsi\u00e9ntete con una manicura y pedicura de lujo. Dos terapeutas trabajar\u00e1n simult\u00e1neamente para exfoliar, hidratar y pulir tus u\u00f1as, dej\u00e1ndolas suaves y frescas.\t\t\t\t\t<\/div>\n\t\t\t\n\t\t\t\t\t\t\t\t\t\t\t\t\t<\/div>\n\t\t\t\t\t\t\t\t\t\t\t\t\t\t\t\t\t\t\t\t\t\t\t<\/div>\n\t\t\t\t\t\t\t\t\t\t\t\t\t\t\t\t\t<\/div>\n\t\t\t\t\t\t\t\t\t\t\t\t\t\t\t\t\t\t<\/div>\n\n\t\t\t\t\t\t\t\n\t\t\t\n\t\t<\/div>\n\n\t<\/section>\n\n\n\n\n<section class=\"block-content\">\n  <div class=\"block-content-wrapper\">\n    <div class=\"block-content__content content\"><p style=\"text-align: center;\"><a class=\"btn btn-primary\" href=\"https:\/\/na.spatime.com\/cdpm2000\/home\" target=\"_blank\" rel=\"noopener\">Reservar un Tratamiento<\/a><\/p>\n<\/div>\n  <\/div>\n<\/section>\n\n\n\n\n\t<section class=\"media-content body-wrapper align-center not-link\" id=\"temazcal\">\n\t<div class=\"media-content__left\">\n\t\t\t\t<h2 class=\"heading2 a-up\">\n\t\t\tTemazcal\t\t\t\t\t<\/h2>\n\t\t\t\t\t\t\t<h4 class=\"media-content__subheading a-up a-delay-1\">Un viaje con los antiguos<\/h4>\n\t\t\n\t\t\n\t\t\n\t\t\t\t<div class=\"media-content__text a-up a-delay-2\"><p>El temazcal, que significa &quot;casa de calor&quot;, es una c\u00e1mara tradicional en forma de c\u00fapula hecha de barro. Representa el vientre de la Madre Tierra y ha sido utilizado por las culturas prehisp\u00e1nicas para ceremonias curativas durante miles de a\u00f1os. En este viaje profundamente espiritual de salud y purificaci\u00f3n, te guiar\u00e1 un cham\u00e1n (curandero) local, quien calienta piedras en una hoguera al aire libre, las trae para calentar el temazcal y transforma tu cuerpo y esp\u00edritu mediante calor, vapor de hierbas y canciones. El ritual de 90 minutos te deja desintoxicado, estimulado, retado y conectado. <\/p><\/div>\n\t\t\n\t\t\t\t\t<style>\n\t\t\t.media-content__cta-container {\n\t\t\t\tdisplay: flex;\n\t\t\t\tgap: 10px; \/* Espacio entre botones *\/\n\t\t\t}\n\n\t\t\t.media-content__cta {\n\t\t\t\twhite-space: nowrap; \/* Asegura que no se rompan en l\u00edneas *\/\n\t\t\t}\n\t\t\t<\/style>\n\t\t\t<div class=\"media-content__cta-container\">\n\t\t\t\t<a href=\"mailto: SpaPuntadeMita@ConradHotels.com\" target=\"\" class=\"btn a-up a-delay-4 media-content__cta\">Reservar ahora<\/a>\n\t\t\t\t\n\t\t\t\t\t\t\t\t\t<\/div>\n\t\t\t\t\t<\/div>\n\n\t<div class=\"media-content__right hover-images a-up a-delay-2\">\n\t\t<span class=\"media-content__gradient media-content__gradient-left\"><\/span>\n\t\t<span class=\"media-content__gradient media-content__gradient-right\"><\/span>\n\t\t<span class=\"media-content__gradient media-content__gradient-top\"><\/span>\n\t\t<span class=\"media-content__gradient media-content__gradient-bottom\"><\/span>\n\t\t\t\t\t\t\t<img decoding=\"async\" width=\"801\" height=\"636\" src=\"https:\/\/cdn.conradpuntademita.com\/wp-content\/uploads\/2022\/05\/13120840\/PVRPMCI_SPA-Temazcal-e1653316995825.webp\" class=\"hover-image is-hovered\" alt=\"Imagen del SPA Temazcal\" loading=\"lazy\" srcset=\"https:\/\/cdn.conradpuntademita.com\/wp-content\/uploads\/2022\/05\/13120840\/PVRPMCI_SPA-Temazcal-e1653316995825.webp 801w, https:\/\/cdn.conradpuntademita.com\/wp-content\/uploads\/2022\/05\/13120840\/PVRPMCI_SPA-Temazcal-e1653316995825-300x238.jpg 300w, https:\/\/cdn.conradpuntademita.com\/wp-content\/uploads\/2022\/05\/13120840\/PVRPMCI_SPA-Temazcal-e1653316995825-768x610.jpg 768w\" sizes=\"auto, (max-width: 801px) 100vw, 801px\" \/>\t\t\t\t\t<\/div>\n\n\t\t<\/section>\n\n\n\n\t<section class=\"media-content body-wrapper align-center not-link\" id=\"banner-block_b577da9795a243d1b4563c7c82c2aeb3\">\n\t<div class=\"media-content__left\">\n\t\t\t\t<h2 class=\"heading2 a-up\">\n\t\t\tNidos de masaje\t\t\t\t\t<\/h2>\n\t\t\t\t\t\t\t<h4 class=\"media-content__subheading a-up a-delay-1\"> Encuentra tu ritmo<\/h4>\n\t\t\n\t\t\n\t\t\n\t\t\t\t<div class=\"media-content__text a-up a-delay-2\"><p>Sum\u00e9rgete en un oasis al aire libre, donde las camillas de masaje se ubican en una habitaci\u00f3n con techo de paja abovedado, ofreciendo privacidad y una conexi\u00f3n con la naturaleza. Rel\u00e1jate en la aislada piscina del spa despu\u00e9s de un ba\u00f1o de vapor en el Temazcal Lodge, bajo el impresionante cielo azul de Punta de Mita. Incluso los tratamientos en el interior te permiten disfrutar del esplendor de la piscina. Entr\u00e9gate a la indulgencia hol\u00edstica de antiguos rituales y pr\u00e1cticas de bienestar contempor\u00e1neas en Conrad Spa.<\/p><\/div>\n\t\t\n\t\t\t<\/div>\n\n\t<div class=\"media-content__right hover-images a-up a-delay-2\">\n\t\t<span class=\"media-content__gradient media-content__gradient-left\"><\/span>\n\t\t<span class=\"media-content__gradient media-content__gradient-right\"><\/span>\n\t\t<span class=\"media-content__gradient media-content__gradient-top\"><\/span>\n\t\t<span class=\"media-content__gradient media-content__gradient-bottom\"><\/span>\n\t\t\t\t\t\t\t<img decoding=\"async\" width=\"1281\" height=\"1920\" src=\"https:\/\/cdn.conradpuntademita.com\/wp-content\/uploads\/2025\/10\/15104533\/MG_3959.webp\" class=\"hover-image is-hovered\" alt=\"Masajista realizando un tratamiento dentro de una caba\u00f1a de madera tejida, rodeada de exuberante vegetaci\u00f3n y luz solar filtrada.\" loading=\"lazy\" srcset=\"https:\/\/cdn.conradpuntademita.com\/wp-content\/uploads\/2025\/10\/15104533\/MG_3959.webp 1281w, https:\/\/cdn.conradpuntademita.com\/wp-content\/uploads\/2025\/10\/15104533\/MG_3959-200x300.webp 200w, https:\/\/cdn.conradpuntademita.com\/wp-content\/uploads\/2025\/10\/15104533\/MG_3959-683x1024.webp 683w, https:\/\/cdn.conradpuntademita.com\/wp-content\/uploads\/2025\/10\/15104533\/MG_3959-768x1151.webp 768w, https:\/\/cdn.conradpuntademita.com\/wp-content\/uploads\/2025\/10\/15104533\/MG_3959-1025x1536.webp 1025w, https:\/\/cdn.conradpuntademita.com\/wp-content\/uploads\/2025\/10\/15104533\/MG_3959-8x12.webp 8w\" sizes=\"auto, (max-width: 1281px) 100vw, 1281px\" \/>\t\t\t\t\t<\/div>\n\n\t\t<\/section>\n\n\n\n\t<section class=\"media-content body-wrapper align-center not-link\" id=\"banner-block_a355ac7b54130bf9e370edc6b7ae6ebd\">\n\t<div class=\"media-content__left\">\n\t\t\t\t<h2 class=\"heading2 a-up\">\n\t\t\tExperiencia de spa\t\t\t\t\t<\/h2>\n\t\t\t\t\t\t\t<h4 class=\"media-content__subheading a-up a-delay-1\">Un lugar para la reflexi\u00f3n<\/h4>\n\t\t\n\t\t\n\t\t\n\t\t\t\t<div class=\"media-content__text a-up a-delay-2\"><p>Recomendamos llegar temprano para sumergirse en el espacio y disfrutar de tiempo para relajarse y recuperarse antes de su tratamiento. Los hu\u00e9spedes del spa y del sal\u00f3n pueden descansar en su tiempo libre y disfrutar de la piscina de spa al aire libre dedicada el d\u00eda de su tratamiento. Ofrecemos salas de tratamiento para parejas, as\u00ed como &quot;nidos&quot; al aire libre, donde su sesi\u00f3n se lleva a cabo bajo un dosel con techo de paja, refrescado por la brisa del mar. <\/p><\/div>\n\t\t\n\t\t\t<\/div>\n\n\t<div class=\"media-content__right hover-images a-up a-delay-2\">\n\t\t<span class=\"media-content__gradient media-content__gradient-left\"><\/span>\n\t\t<span class=\"media-content__gradient media-content__gradient-right\"><\/span>\n\t\t<span class=\"media-content__gradient media-content__gradient-top\"><\/span>\n\t\t<span class=\"media-content__gradient media-content__gradient-bottom\"><\/span>\n\t\t\t\t\t\t\t<img decoding=\"async\" width=\"1483\" height=\"1920\" src=\"https:\/\/cdn.conradpuntademita.com\/wp-content\/uploads\/2025\/10\/15104256\/DJI_0074-1.webp\" class=\"hover-image is-hovered\" alt=\"Vista a\u00e9rea de la piscina con curvas rodeada de palmeras, sombrillas blancas, pasarelas y exuberante vegetaci\u00f3n.\" loading=\"lazy\" srcset=\"https:\/\/cdn.conradpuntademita.com\/wp-content\/uploads\/2025\/10\/15104256\/DJI_0074-1.webp 1483w, https:\/\/cdn.conradpuntademita.com\/wp-content\/uploads\/2025\/10\/15104256\/DJI_0074-1-232x300.webp 232w, https:\/\/cdn.conradpuntademita.com\/wp-content\/uploads\/2025\/10\/15104256\/DJI_0074-1-791x1024.webp 791w, https:\/\/cdn.conradpuntademita.com\/wp-content\/uploads\/2025\/10\/15104256\/DJI_0074-1-768x994.webp 768w, https:\/\/cdn.conradpuntademita.com\/wp-content\/uploads\/2025\/10\/15104256\/DJI_0074-1-1186x1536.webp 1186w, https:\/\/cdn.conradpuntademita.com\/wp-content\/uploads\/2025\/10\/15104256\/DJI_0074-1-9x12.webp 9w\" sizes=\"auto, (max-width: 1483px) 100vw, 1483px\" \/>\t\t\t\t\t<\/div>\n\n\t\t<\/section>\n\n\n\n<section id=\"wellness-grid-block_49ecd7124b09c6eb55bc789494340af2\" class=\"wellness-grid\">\n  <!--\n    -->\n\n        <div class=\"wellness-grid__module\">\n        \n  <article class=\"loop-wellness\" data-id=\"15191\" style=\"position:relative;z-index:1\">\n          <div class=\"loop-wellness__slider\">\n                  <div class=\"loop-wellness__img\">\n            <img decoding=\"async\" src=\"https:\/\/cdn.conradpuntademita.com\/wp-content\/uploads\/2025\/04\/30083756\/KZYt2Xvr.jpeg\" alt=\"Bienestar Exterior\">\n          <\/div>\n                  <div class=\"loop-wellness__img\">\n            <img decoding=\"async\" src=\"https:\/\/cdn.conradpuntademita.com\/wp-content\/uploads\/2025\/04\/30083830\/s68QZMCJ.jpeg\" alt=\"Bienestar Exterior\">\n          <\/div>\n                  <div class=\"loop-wellness__img\">\n            <img decoding=\"async\" src=\"https:\/\/cdn.conradpuntademita.com\/wp-content\/uploads\/2025\/04\/30083847\/Scc6-EaF.jpeg\" alt=\"Bienestar Exterior\">\n          <\/div>\n                  <div class=\"loop-wellness__img\">\n            <img decoding=\"async\" src=\"https:\/\/cdn.conradpuntademita.com\/wp-content\/uploads\/2025\/04\/05182107\/CPDM_Feb2025-163-scaled.jpg\" alt=\"Una mujer con una bata blanca se encuentra junto al lavabo del ba\u00f1o moderno, reflejada en un espejo redondo con fondo de bamb\u00fa.\">\n          <\/div>\n                  <div class=\"loop-wellness__img\">\n            <img decoding=\"async\" src=\"https:\/\/cdn.conradpuntademita.com\/wp-content\/uploads\/2025\/04\/05181429\/CONRAD-PUNTA-DE-MITA-10134059-scaled.jpg\" alt=\"Estructura de c\u00fapula circular de arcilla con antorchas encendidas en el exterior, p\u00e9talos de flores en los escalones y paisaje tropical cercano.\">\n          <\/div>\n              <\/div>\n                    <h3 class=\"loop-wellness__heading\">Exterior<\/h3>\n      \n\n      <\/article>\n\n  <article class=\"loop-wellness\" data-id=\"15185\" style=\"position:relative;z-index:1\">\n          <div class=\"loop-wellness__slider\">\n                  <div class=\"loop-wellness__img\">\n            <img decoding=\"async\" src=\"https:\/\/cdn.conradpuntademita.com\/wp-content\/uploads\/2025\/04\/30083637\/ZNxTvJTQ.jpeg\" alt=\"Interior de bienestar\">\n          <\/div>\n                  <div class=\"loop-wellness__img\">\n            <img decoding=\"async\" src=\"https:\/\/cdn.conradpuntademita.com\/wp-content\/uploads\/2025\/04\/30083529\/fFH_FAOS.jpeg\" alt=\"Interior de bienestar\">\n          <\/div>\n                  <div class=\"loop-wellness__img\">\n            <img decoding=\"async\" src=\"https:\/\/cdn.conradpuntademita.com\/wp-content\/uploads\/2025\/04\/30083544\/I0tqKi8B.jpeg\" alt=\"Interior de bienestar\">\n          <\/div>\n                  <div class=\"loop-wellness__img\">\n            <img decoding=\"async\" src=\"https:\/\/cdn.conradpuntademita.com\/wp-content\/uploads\/2025\/04\/30083906\/XdafM5Ct.jpeg\" alt=\"Bienestar Exterior\">\n          <\/div>\n                  <div class=\"loop-wellness__img\">\n            <img decoding=\"async\" src=\"https:\/\/cdn.conradpuntademita.com\/wp-content\/uploads\/2025\/04\/30083813\/MVsRsbJs.jpeg\" alt=\"Bienestar Exterior\">\n          <\/div>\n              <\/div>\n                    <h3 class=\"loop-wellness__heading\">Interior<\/h3>\n      \n\n      <\/article>\n      <\/div>\n    <\/section>\n\n\n<p><\/p>","protected":false},"excerpt":{"rendered":"","protected":false},"author":2,"featured_media":7245,"parent":0,"menu_order":0,"comment_status":"closed","ping_status":"closed","template":"","meta":{"_acf_changed":false,"inline_featured_image":false,"footnotes":""},"categories":[],"class_list":["post-648","page","type-page","status-publish","has-post-thumbnail","hentry"],"acf":[],"featured_image_src":"https:\/\/cdn.conradpuntademita.com\/wp-content\/uploads\/2023\/11\/23134438\/temazcal-web-600x400.webp","featured_image_src_square":"https:\/\/cdn.conradpuntademita.com\/wp-content\/uploads\/2023\/11\/23134438\/temazcal-web-600x600.webp","publishpress_future_action":{"enabled":false,"date":"2026-05-05 14:43:34","action":"change-status","newStatus":"draft","terms":[],"taxonomy":"category","extraData":[]},"publishpress_future_workflow_manual_trigger":{"enabledWorkflows":[]},"_links":{"self":[{"href":"https:\/\/www.conradpuntademita.com\/es\/wp-json\/wp\/v2\/pages\/648","targetHints":{"allow":["GET"]}}],"collection":[{"href":"https:\/\/www.conradpuntademita.com\/es\/wp-json\/wp\/v2\/pages"}],"about":[{"href":"https:\/\/www.conradpuntademita.com\/es\/wp-json\/wp\/v2\/types\/page"}],"author":[{"embeddable":true,"href":"https:\/\/www.conradpuntademita.com\/es\/wp-json\/wp\/v2\/users\/2"}],"replies":[{"embeddable":true,"href":"https:\/\/www.conradpuntademita.com\/es\/wp-json\/wp\/v2\/comments?post=648"}],"version-history":[{"count":87,"href":"https:\/\/www.conradpuntademita.com\/es\/wp-json\/wp\/v2\/pages\/648\/revisions"}],"predecessor-version":[{"id":19371,"href":"https:\/\/www.conradpuntademita.com\/es\/wp-json\/wp\/v2\/pages\/648\/revisions\/19371"}],"wp:featuredmedia":[{"embeddable":true,"href":"https:\/\/www.conradpuntademita.com\/es\/wp-json\/wp\/v2\/media\/7245"}],"wp:attachment":[{"href":"https:\/\/www.conradpuntademita.com\/es\/wp-json\/wp\/v2\/media?parent=648"}],"wp:term":[{"taxonomy":"category","embeddable":true,"href":"https:\/\/www.conradpuntademita.com\/es\/wp-json\/wp\/v2\/categories?post=648"}],"curies":[{"name":"wp","href":"https:\/\/api.w.org\/{rel}","templated":true}]}}