{"id":7687,"date":"2024-02-14T21:46:04","date_gmt":"2024-02-14T21:46:04","guid":{"rendered":"https:\/\/www.conradpuntademita.com\/?page_id=7687"},"modified":"2025-09-05T08:29:25","modified_gmt":"2025-09-05T08:29:25","slug":"accesibilidad","status":"publish","type":"page","link":"https:\/\/www.conradpuntademita.com\/es\/accesibilidad\/","title":{"rendered":"Accesibilidad"},"content":{"rendered":"<section id=\"banner-block_2fddb6f02d8654219043f1845b53eda6\" class=\"base-banner banner gradient-banner full-height-banner full-height single-room\">\n  <div class=\"banner-wrapper\">\n          <img decoding=\"async\" src=\"https:\/\/cdn.conradpuntademita.com\/wp-content\/uploads\/2025\/09\/05082908\/ConradPuntaMita-Spherical-JoeThomas-022022-135-1.webp\" alt=\"Conrad Punta Mita-Esf\u00e9rico-Joe Thomas-022022-135-1\" class=\"banner__img banner__media\">\n      <\/div>\n\n      <div class=\"banner-content\">\n              <h1 class=\"banner-title heading1\">Alojamiento accesible<\/h1>\n      \n              \n      \n<\/section>\n\n\n<section id=\"responsive-spacer-block_8dc9a6dd3226ee83861b2f2b0cf1f40f\" class=\"responsive-spacer\">\n<\/section>\n<style>\n  #responsive-spacer-block_8dc9a6dd3226ee83861b2f2b0cf1f40f {\n    width: 100%;\n  }\n\n  #responsive-spacer-block_8dc9a6dd3226ee83861b2f2b0cf1f40f {\n    height: 38px;\n  }\n\n  @media (min-width: 769px) {\n    #responsive-spacer-block_8dc9a6dd3226ee83861b2f2b0cf1f40f {\n      height: 60px;\n    }\n  }\n\n  @media (min-width: 1201px) {\n    #responsive-spacer-block_8dc9a6dd3226ee83861b2f2b0cf1f40f {\n      height: 84px;\n    }\n  }\n\n  <\/style>\n\n\n<section class=\"wysiwig body-wrapper half-width\" id=\"wysiwig-block_1dd64a5b642035e508563aff0698c3fd\">\n  <p><span style=\"font-weight: 400;\"><strong>Habitaciones accesibles:<\/strong> Ofrecemos una selecci\u00f3n de <\/span><a title=\"habitaciones accesibles\" href=\"#rooms\"><span style=\"font-weight: 400;\">habitaciones accesibles<\/span><\/a><span style=\"font-weight: 400;\"> equipado con puertas m\u00e1s anchas, barras de apoyo para el ba\u00f1o y accesorios m\u00e1s bajos para facilitar su uso. Estas habitaciones est\u00e1n cuidadosamente dise\u00f1adas para brindar el m\u00e1ximo confort y conveniencia.<\/span><\/p>\n<p>&nbsp;<\/p>\n<p><span style=\"font-weight: 400;\"><strong>Accesibilidad para sillas de ruedas:<\/strong> Nuestro complejo cuenta con senderos y rampas aptos para sillas de ruedas en toda la propiedad, lo que permite un f\u00e1cil acceso a todas las \u00e1reas, incluidos restaurantes, el spa y las instalaciones recreativas.<\/span><\/p>\n<p>&nbsp;<\/p>\n<p><span style=\"font-weight: 400;\"><strong>Ascensores:<\/strong> Hay varios ascensores disponibles, que brindan f\u00e1cil acceso a los diferentes niveles del resort y garantizan que los hu\u00e9spedes con problemas de movilidad puedan moverse sin esfuerzo.<\/span><\/p>\n<p>&nbsp;<\/p>\n<p><span style=\"font-weight: 400;\"><strong>Estacionamiento accesible:<\/strong> Hay espacios de estacionamiento accesibles exclusivos disponibles cerca de la entrada del complejo para la comodidad de los hu\u00e9spedes con necesidades de movilidad.<\/span><\/p>\n<\/section>\n\n\n\n<section id=\"responsive-spacer-block_de391f6b27db93ba4eabc4df1ebeb8c2\" class=\"responsive-spacer\">\n<\/section>\n<style>\n  #responsive-spacer-block_de391f6b27db93ba4eabc4df1ebeb8c2 {\n    width: 100%;\n  }\n\n  #responsive-spacer-block_de391f6b27db93ba4eabc4df1ebeb8c2 {\n    height: 90px;\n  }\n\n  @media (min-width: 769px) {\n    #responsive-spacer-block_de391f6b27db93ba4eabc4df1ebeb8c2 {\n      height: 130px;\n    }\n  }\n\n  @media (min-width: 1201px) {\n    #responsive-spacer-block_de391f6b27db93ba4eabc4df1ebeb8c2 {\n      height: 177px;\n    }\n  }\n\n  <\/style>\n\n\n\t<section class=\"media-content body-wrapper align-center not-link\" id=\"layout\">\n\t<div class=\"media-content__left\">\n\t\t\t\t<h2 class=\"heading2 a-up\">\n\t\t\tDisposici\u00f3n\t\t\t\t\t\t<span class=\"heading2-italic\">y dise\u00f1o<\/span>\n\t\t\t\t\t<\/h2>\n\t\t\t\t\n\t\t\n\t\t\n\t\t\t\t<div class=\"media-content__text a-up a-delay-2\"><p><p><strong>Amplias \u00c1reas Comunes: <\/strong>Nuestro resort cuenta con \u00e1reas comunes amplias y abiertas, lo que permite una f\u00e1cil maniobrabilidad y garantiza que los hu\u00e9spedes puedan navegar c\u00f3modamente.<\/p>\r\n<br>\r\n<p><strong>Restaurantes accesibles:<\/strong> Nuestros establecimientos de comida est\u00e1n dise\u00f1ados teniendo en cuenta la accesibilidad, con entradas amplias, \u00e1reas para sentarse espaciosas y mesas accesibles para acomodar a personas con dispositivos de movilidad.<\/p>\r\n<br>\r\n<p><strong>Instalaciones accesibles: <\/strong>El Conrad Spa y el gimnasio han sido dise\u00f1ados para ser accesibles a todos los hu\u00e9spedes, con caracter\u00edsticas como rampas e interiores espaciosos para garantizar una experiencia perfecta.<\/p>\r\n<br>\r\n<p><strong>Acceso a la piscina:<\/strong> La piscina infinita frente a la playa tiene senderos accesibles y ascensores, lo que permite a las personas con problemas de movilidad disfrutar de las refrescantes aguas.<\/p><\/p><\/div>\n\t\t\n\t\t\t<\/div>\n\n\t<div class=\"media-content__right hover-images a-up a-delay-2\">\n\t\t<span class=\"media-content__gradient media-content__gradient-left\"><\/span>\n\t\t<span class=\"media-content__gradient media-content__gradient-right\"><\/span>\n\t\t<span class=\"media-content__gradient media-content__gradient-top\"><\/span>\n\t\t<span class=\"media-content__gradient media-content__gradient-bottom\"><\/span>\n\t\t\t\t\t\t\t<img decoding=\"async\" width=\"1024\" height=\"683\" src=\"https:\/\/cdn.conradpuntademita.com\/wp-content\/uploads\/2023\/07\/21143805\/15-ActivityPool.webp\" class=\"hover-image is-hovered\" alt=\"La zona de estar junto a la piscina ofrece una vista espl\u00e9ndida del impresionante mar.\" loading=\"lazy\" srcset=\"https:\/\/cdn.conradpuntademita.com\/wp-content\/uploads\/2023\/07\/21143805\/15-ActivityPool.webp 1024w, https:\/\/cdn.conradpuntademita.com\/wp-content\/uploads\/2023\/07\/21143805\/15-ActivityPool-300x200.webp 300w, https:\/\/cdn.conradpuntademita.com\/wp-content\/uploads\/2023\/07\/21143805\/15-ActivityPool-768x512.webp 768w, https:\/\/cdn.conradpuntademita.com\/wp-content\/uploads\/2023\/07\/21143805\/15-ActivityPool-18x12.webp 18w, https:\/\/cdn.conradpuntademita.com\/wp-content\/uploads\/2023\/07\/21143805\/15-ActivityPool-600x400.webp 600w\" sizes=\"auto, (max-width: 1024px) 100vw, 1024px\" \/>\t\t\t\t\t<\/div>\n\n\t\t<\/section>\n\n\n<section id=\"responsive-spacer-block_de391f6b27db93ba4eabc4df1ebeb8c2\" class=\"responsive-spacer\">\n<\/section>\n<style>\n  #responsive-spacer-block_de391f6b27db93ba4eabc4df1ebeb8c2 {\n    width: 100%;\n  }\n\n  #responsive-spacer-block_de391f6b27db93ba4eabc4df1ebeb8c2 {\n    height: 90px;\n  }\n\n  @media (min-width: 769px) {\n    #responsive-spacer-block_de391f6b27db93ba4eabc4df1ebeb8c2 {\n      height: 130px;\n    }\n  }\n\n  @media (min-width: 1201px) {\n    #responsive-spacer-block_de391f6b27db93ba4eabc4df1ebeb8c2 {\n      height: 177px;\n    }\n  }\n\n  <\/style>\n\n\n<section class=\"block-content\">\n  <div class=\"block-content-wrapper\">\n    <div class=\"block-content__content content\"><p>Estamos dedicados a brindar un ambiente inclusivo y garantizar que todos los hu\u00e9spedes se sientan bienvenidos en Conrad Punta de Mita. Nuestro equipo est\u00e1 comprometido a ayudar a los hu\u00e9spedes con necesidades especiales y hacer que su estad\u00eda sea lo m\u00e1s c\u00f3moda posible. Si tiene alg\u00fan requisito o solicitud espec\u00edfica, comun\u00edquese con nuestro conserje, quien con gusto lo atender\u00e1.<\/p>\n<\/div>\n  <\/div>\n<\/section>\n\n<section id=\"responsive-spacer-block_de391f6b27db93ba4eabc4df1ebeb8c2\" class=\"responsive-spacer\">\n<\/section>\n<style>\n  #responsive-spacer-block_de391f6b27db93ba4eabc4df1ebeb8c2 {\n    width: 100%;\n  }\n\n  #responsive-spacer-block_de391f6b27db93ba4eabc4df1ebeb8c2 {\n    height: 90px;\n  }\n\n  @media (min-width: 769px) {\n    #responsive-spacer-block_de391f6b27db93ba4eabc4df1ebeb8c2 {\n      height: 130px;\n    }\n  }\n\n  @media (min-width: 1201px) {\n    #responsive-spacer-block_de391f6b27db93ba4eabc4df1ebeb8c2 {\n      height: 177px;\n    }\n  }\n\n  <\/style>\n\n<link rel=\"stylesheet\" href=\"https:\/\/www.conradpuntademita.com\/wp-content\/themes\/conrad-ptm\/css\/rooms.css\"\/>\n\n<section id=\"rooms\" class=\"rooms-carousel\">\n<div class=\"room-carousel body-wrapper\">\n\t\t\t<div class=\"room-carousel__images\">\n\t\t\t\t\t<div class=\"room-carousel__image gradient-overlay\">\n\t\t\t<img decoding=\"async\" class=\"lazyload\" src=\"https:\/\/cdn.conradpuntademita.com\/wp-content\/uploads\/2022\/04\/13121156\/CONRAD-PUNTA-DE-MITA-King-Partial-Ocean-View-min-1200x640.jpg\" data-src=\"https:\/\/cdn.conradpuntademita.com\/wp-content\/uploads\/2022\/04\/13121156\/CONRAD-PUNTA-DE-MITA-King-Partial-Ocean-View-min-1200x640.jpg\" data-srcset=\"https:\/\/cdn.conradpuntademita.com\/wp-content\/uploads\/2022\/04\/13121156\/CONRAD-PUNTA-DE-MITA-King-Partial-Ocean-View-min.jpg 2x\" alt=\"Una habitaci\u00f3n de hotel con tv, l\u00e1mpara, sof\u00e1 y silla.\">\n\t\t\t<\/div>\n\t\t\t\t<\/div>\n\t\t\t<div class=\"room-carousel__content\">\n\t\t<div class=\"room-carousel__info\">\n\t\t\t\t\t<h2 class=\"room-carousel__heading heading2 btn-toggle-slider\">Cuartos disponibles<\/h2>\n\t\t\t\t\t\t<\/div>\n\t\t<div class=\"button-groups button-groups--desktop\">\n\t\t\t\t\t\t<\/div>\n\n\t\t<div class=\"button-groups button-groups--mobile\">\n\t\t\t\t\t\t<\/div>\n\t<\/div>\n<\/div>\n\n<div class=\"room-slider__wrapper preopened body-wrapper\" style=\"display:block\">\n\t<div class=\"room-slider\">\n\t\t<div class=\"loop-room\">\n        <div class=\"loop-room__slider\">\n        <div class=\"loop-room__slides\">\n                    <div class=\"loop-room__slide gradient-overlay\">\n            <img decoding=\"async\" class=\"lazyload\" src=\"https:\/\/cdn.conradpuntademita.com\/wp-content\/uploads\/2022\/05\/23054918\/CONRAD-PUNTA-DE-MITA-042901-2-2650-560x340.webp\" data-src=\"https:\/\/cdn.conradpuntademita.com\/wp-content\/uploads\/2022\/05\/23054918\/CONRAD-PUNTA-DE-MITA-042901-2-2650-560x340.webp\" data-srcset=\"https:\/\/cdn.conradpuntademita.com\/wp-content\/uploads\/2022\/05\/23054918\/CONRAD-PUNTA-DE-MITA-042901-2-2650-1120x680.jpg 2x\" alt=\"Habitaci\u00f3n King accesible para personas con discapacidad\">\n            <\/div>\n                <\/div>\n                <a href=\"https:\/\/visitingmedia.com\/tt8\/?ttid=conrad-punta-de-mita#\/360?group=3&#038;tour=26\" class=\"loop-room__matterport btn btn-3d\" target=\"_blank\" title=\"Ver en 3D\" rel=\"noopener noreferrer\">\n            Ver en 3D\n        <\/a>\n                                <span class=\"loop-room__size\">680 pies cuadrados<\/span>\n            <\/div>\n        <div class=\"loop-room__content\">\n        <div class=\"loop-room__text\">\n            <h3 class=\"loop-room__title\">Habitaci\u00f3n con cama King accesible para personas con movilidad limitada.<\/h3>\n            <div class=\"loop-room__excerpt excerpt\">Dise\u00f1ada para una comodidad espaciosa, nuestra cama King accesible para personas con movilidad reducida es un santuario entre el paisaje.<\/div>\n\n        <\/div>\n        <div class=\"button-groups\">\n    \n        <a href=\"https:\/\/www.hilton.com\/es\/book\/reservation\/rooms\/?ctyhocn=PVRPMCI&#038;roomTypeCode=K1RRD&#038;_gl=1*1p6xi2x*_gcl_au*MTc5MzIyMzE3MS4xNzczOTM4MTk5\" class=\"btn btn-amentities bold\" target=\"_blank\" rel=\"noopener noreferrer\">\n        Reservar habitaci\u00f3n    <\/a>\n        <a class=\"btn btn-amentities btn-outline\" href=\"https:\/\/www.conradpuntademita.com\/es\/habitaciones\/vista-parcial-al-mar-movilidad-accesible-cama-king-2\/\" data-id=\"404\">Ver Servicios<\/a>\n<\/div>\n    <\/div>\n<\/div>\n<div class=\"loop-room\">\n        <div class=\"loop-room__slider\">\n        <div class=\"loop-room__slides\">\n                    <div class=\"loop-room__slide gradient-overlay\">\n            <img decoding=\"async\" class=\"lazyload\" src=\"https:\/\/cdn.conradpuntademita.com\/wp-content\/uploads\/2022\/05\/23054918\/CONRAD-PUNTA-DE-MITA-042901-2-2650-560x340.webp\" data-src=\"https:\/\/cdn.conradpuntademita.com\/wp-content\/uploads\/2022\/05\/23054918\/CONRAD-PUNTA-DE-MITA-042901-2-2650-560x340.webp\" data-srcset=\"https:\/\/cdn.conradpuntademita.com\/wp-content\/uploads\/2022\/05\/23054918\/CONRAD-PUNTA-DE-MITA-042901-2-2650-1120x680.jpg 2x\" alt=\"Habitaci\u00f3n King accesible para personas con discapacidad\">\n            <\/div>\n                <\/div>\n                <a href=\"https:\/\/visitingmedia.com\/tt8\/?ttid=conrad-punta-de-mita#\/360?group=3&#038;tour=25\" class=\"loop-room__matterport btn btn-3d\" target=\"_blank\" title=\"Ver en 3D\" rel=\"noopener noreferrer\">\n            Ver en 3D\n        <\/a>\n                                <span class=\"loop-room__size\">705 pies cuadrados<\/span>\n            <\/div>\n        <div class=\"loop-room__content\">\n        <div class=\"loop-room__text\">\n            <h3 class=\"loop-room__title\">Dos Camas Queen Accesibles para Movilidad Limitada<\/h3>\n            <div class=\"loop-room__excerpt excerpt\">Nuestra habitaci\u00f3n accesible para personas con movilidad reducida con vista al mar ofrece comodidad, accesibilidad y vistas lujosas.<\/div>\n\n        <\/div>\n        <div class=\"button-groups\">\n    \n        <a href=\"https:\/\/www.hilton.com\/es\/book\/reservation\/rooms\/?ctyhocn=PVRPMCI&#038;roomTypeCode=Q2RRD&#038;_gl=1*ulkxsd*_gcl_au*MTc5MzIyMzE3MS4xNzczOTM4MTk5\" class=\"btn btn-amentities bold\" target=\"_blank\" rel=\"noopener noreferrer\">\n        Reservar habitaci\u00f3n    <\/a>\n        <a class=\"btn btn-amentities btn-outline\" href=\"https:\/\/www.conradpuntademita.com\/es\/habitaciones\/vista-al-mar-accesible-movilidad-2-cama-queen\/\" data-id=\"258\">Ver Servicios<\/a>\n<\/div>\n    <\/div>\n<\/div>\n\t<\/div>\n<\/div>\n<\/section>","protected":false},"excerpt":{"rendered":"<p>Conrad Punta de Mita prioriza la accesibilidad con habitaciones m\u00e1s amplias, senderos aptos para sillas de ruedas, ascensores, estacionamiento e instalaciones inclusivas, garantizando comodidad y conveniencia para todos los hu\u00e9spedes.<\/p>","protected":false},"author":8,"featured_media":6541,"parent":0,"menu_order":0,"comment_status":"closed","ping_status":"closed","template":"","meta":{"_acf_changed":false,"inline_featured_image":false,"footnotes":""},"categories":[],"class_list":["post-7687","page","type-page","status-publish","has-post-thumbnail","hentry"],"acf":[],"featured_image_src":"https:\/\/cdn.conradpuntademita.com\/wp-content\/uploads\/2023\/07\/21143443\/2-Lobby-600x400.webp","featured_image_src_square":"https:\/\/cdn.conradpuntademita.com\/wp-content\/uploads\/2023\/07\/21143443\/2-Lobby-600x600.webp","publishpress_future_action":{"enabled":false,"date":"2026-05-05 15:00:33","action":"change-status","newStatus":"draft","terms":[],"taxonomy":"category","extraData":[]},"publishpress_future_workflow_manual_trigger":{"enabledWorkflows":[]},"_links":{"self":[{"href":"https:\/\/www.conradpuntademita.com\/es\/wp-json\/wp\/v2\/pages\/7687","targetHints":{"allow":["GET"]}}],"collection":[{"href":"https:\/\/www.conradpuntademita.com\/es\/wp-json\/wp\/v2\/pages"}],"about":[{"href":"https:\/\/www.conradpuntademita.com\/es\/wp-json\/wp\/v2\/types\/page"}],"author":[{"embeddable":true,"href":"https:\/\/www.conradpuntademita.com\/es\/wp-json\/wp\/v2\/users\/8"}],"replies":[{"embeddable":true,"href":"https:\/\/www.conradpuntademita.com\/es\/wp-json\/wp\/v2\/comments?post=7687"}],"version-history":[{"count":25,"href":"https:\/\/www.conradpuntademita.com\/es\/wp-json\/wp\/v2\/pages\/7687\/revisions"}],"predecessor-version":[{"id":16478,"href":"https:\/\/www.conradpuntademita.com\/es\/wp-json\/wp\/v2\/pages\/7687\/revisions\/16478"}],"wp:featuredmedia":[{"embeddable":true,"href":"https:\/\/www.conradpuntademita.com\/es\/wp-json\/wp\/v2\/media\/6541"}],"wp:attachment":[{"href":"https:\/\/www.conradpuntademita.com\/es\/wp-json\/wp\/v2\/media?parent=7687"}],"wp:term":[{"taxonomy":"category","embeddable":true,"href":"https:\/\/www.conradpuntademita.com\/es\/wp-json\/wp\/v2\/categories?post=7687"}],"curies":[{"name":"wp","href":"https:\/\/api.w.org\/{rel}","templated":true}]}}