{"id":408,"date":"2022-05-02T21:52:39","date_gmt":"2022-05-02T21:52:39","guid":{"rendered":"https:\/\/www.conradpuntademita.com\/?post_type=room&#038;p=408"},"modified":"2026-04-24T17:41:00","modified_gmt":"2026-04-24T17:41:00","slug":"suite-de-2-dormitorios-con-vista-al-mar","status":"publish","type":"room","link":"https:\/\/www.conradpuntademita.com\/es\/habitaciones\/suite-de-2-dormitorios-con-vista-al-mar\/","title":{"rendered":"Suite de dos dormitorios con vista al mar"},"content":{"rendered":"<section id=\"K1SOU2\" class=\"single-room banner gradient-banner full-height-banner full-height\">\n  <div class=\"banner-wrapper\">\n          <img decoding=\"async\" src=\"https:\/\/cdn.conradpuntademita.com\/wp-content\/uploads\/2022\/05\/04043505\/CONRAD-PUNTA-DE-MITA-10021095-scaled.webp\" alt=\"CONRAD PUNTA DE MITA-10021095\" class=\"banner__img banner__media\">\n      <\/div>\n\n      <div class=\"banner-content\">\n              <h1 class=\"banner-title heading1\">Suite de dos dormitorios con vista al mar<\/h1>\n      \n              <h3 class=\"banner-subtitle heading5\">Inmersos en el presente<\/h3>\n              \n      \n<\/section>\n\n\n<section id=\"two-columns-block_222df16a6696124896d1adb4cf0c620d\" class=\"two-columns normal-wrapper\">\n  <div class=\"row\">\n          <div class=\"col col-left a-right content\">\n        <p><span style=\"font-weight: 400;\">Arropada por el exuberante entorno natural, nuestra Suite de 2 Dormitorios con Vista al Oc\u00e9ano ofrece la oportunidad de crear tu propio sentido de hogar y aislamiento en nuestro refugio selv\u00e1tico. Dise\u00f1ada para familias o entretenimiento, esta amplia suite cuenta con servicios de conserjer\u00eda personalizados, adem\u00e1s de ba\u00f1os grandes y dos dormitorios. <\/span><\/p>\n                    <div class=\"rooms-left-content-autobooking-ctas\">\n                              <a href=\"https:\/\/www.hilton.com\/es\/book\/reservation\/rooms\/?ctyhocn=PVRPMCI&#038;roomTypeCode=K1SOU2&#038;_gl=1*159vz0c*_gcl_au*MTc5MzIyMzE3MS4xNzczOTM4MTk5\" class=\"btn btn-reserve\" target=\"_blank\" rel=\"noopener noreferrer\">\n                  Reservar habitaci\u00f3n                <\/a>\n                          <\/div>\n                          <div class=\"container-3d\">\n            <a href=\"https:\/\/visitingmedia.com\/tt8\/?ttid=conrad-punta-de-mita#\/3d-model\/2\/5\" class=\"matterport-link link\" target=\"_blank\" title=\"RECORRIDO 3D\" rel=\"noopener\">RECORRIDO 3D\n              <span><svg width=\"22\" height=\"24\" viewbox=\"0 0 22 24\" fill=\"none\" xmlns=\"http:\/\/www.w3.org\/2000\/svg\">\n                <path d=\"M11 0L0 6V18.131L11 24L22 18.131V6.065L11 0V0ZM10 21.2L3.336 17.645L7.537 14.844C8.617 14.125 7.471 12.485 6.294 13.269L2 16.131V8.23L10 12.593V21.2ZM3.133 6.57L10 2.824V7.25C10 8.573 12 8.574 12 7.25V2.835L18.91 6.646L11.005 10.864L3.133 6.57ZM12 12.6L20 8.331V16.131L15.737 13.289C14.556 12.504 13.414 14.144 14.492 14.863L18.664 17.644L12 21.2V12.6Z\" fill=\"black\" \/>\n              <\/svg><\/span>\n            <\/a>\n          <\/div>\n              <\/div>\n              <div class=\"col col-right a-left content\">\n        <p><h4>LISTA DE DETALLES<\/h4>\n<ul>\n<li><span style=\"font-weight: 400;\">Servicio de conserjer\u00eda personal<\/span><\/li>\n<li style=\"font-weight: 400;\" aria-level=\"1\"><span style=\"font-weight: 400;\">Dos camas king<\/span><\/li>\n<li style=\"font-weight: 400;\" aria-level=\"1\"><span style=\"font-weight: 400;\">Sof\u00e1 cama<\/span><\/li>\n<li style=\"font-weight: 400;\" aria-level=\"1\"><span style=\"font-weight: 400;\">Ba\u00f1os privados con duchas tipo lluvia a ras de suelo<\/span><\/li>\n<li style=\"font-weight: 400;\" aria-level=\"1\"><span style=\"font-weight: 400;\">Suite de 1,735 pies cuadrados<\/span><\/li>\n<li>Balc\u00f3n privado<\/li>\n<\/ul>\n<p>&nbsp;<\/p>\n<p>&nbsp;<\/p>\n<hr \/>\n<p>&nbsp;<\/p>\n<p>&nbsp;<\/p>\n<h4>LISTA DE CARACTER\u00cdSTICAS<\/h4>\n<ul>\n<li style=\"font-weight: 400;\" aria-level=\"1\"><span style=\"font-weight: 400;\">TV de pantalla plana de 65 pulgadas<\/span><\/li>\n<li style=\"font-weight: 400;\" aria-level=\"1\"><span style=\"font-weight: 400;\">Cafetera Nespresso<\/span><\/li>\n<li style=\"font-weight: 400;\" aria-level=\"1\"><span style=\"font-weight: 400;\">Aire acondicionado<\/span><\/li>\n<li style=\"font-weight: 400;\" aria-level=\"1\"><span style=\"font-weight: 400;\">Wifi<\/span><\/li>\n<li style=\"font-weight: 400;\" aria-level=\"1\">Equipo para hacer t\u00e9<\/li>\n<\/ul>\n<p>&nbsp;<\/p>\n<p>&nbsp;<\/p>\n<hr \/>\n<\/p>\n      <\/div>\n      <\/div>\n<\/section>\n\n\n<section class=\"block-featured-amenities\" id=\"amenities\">\n    <div class=\"container\">\n                    <h2 class=\"amenities-heading a-up\">Servicios destacados<\/h2>\n                    <ul class=\"amenities-icons-list\">\n                                    <li>\n                        <img decoding=\"async\" src=\"https:\/\/cdn.conradpuntademita.com\/wp-content\/uploads\/2023\/01\/01120315\/transportation.png\" alt=\"Transporte privado de lujo desde y hacia el aeropuerto (Suites Selectas)\" width=\"55\" height=\"auto\"\/>\n                        <span>Transporte privado de lujo desde y hacia el aeropuerto (Suites Selectas)<\/span>\n                                        <li>\n                        <img decoding=\"async\" src=\"https:\/\/cdn.conradpuntademita.com\/wp-content\/uploads\/2023\/01\/01120037\/breakfast.png\" alt=\"Desayuno buffet gourmet diario en \u00c1rbol\" width=\"55\" height=\"auto\"\/>\n                        <span>Desayuno buffet gourmet diario en \u00c1rbol<\/span>\n                                        <li>\n                        <img decoding=\"async\" src=\"https:\/\/cdn.conradpuntademita.com\/wp-content\/uploads\/2023\/01\/01120227\/minibar.png\" alt=\"Reabastecimiento diario en minibar con refrescos, agua y cerveza\" width=\"55\" height=\"auto\"\/>\n                        <span>Reabastecimiento diario en minibar con refrescos, agua y cerveza<\/span>\n                                        <li>\n                        <img decoding=\"async\" src=\"https:\/\/cdn.conradpuntademita.com\/wp-content\/uploads\/2023\/01\/01120052\/cabana.png\" alt=\"50% de descuento en caba\u00f1as frente a la alberca seg\u00fan disponibilidad\" width=\"55\" height=\"auto\"\/>\n                        <span>50% de descuento en caba\u00f1as frente a la alberca seg\u00fan disponibilidad<\/span>\n                                        <li>\n                        <img decoding=\"async\" src=\"https:\/\/cdn.conradpuntademita.com\/wp-content\/uploads\/2023\/01\/01120244\/spa.png\" alt=\"Acceso al spa durante toda la estancia\" width=\"55\" height=\"auto\"\/>\n                        <span>Acceso al spa durante toda la estancia<\/span>\n                                        <li>\n                        <img decoding=\"async\" src=\"https:\/\/cdn.conradpuntademita.com\/wp-content\/uploads\/2023\/01\/01120213\/gift.png\" alt=\"Comidas gratis para ni\u00f1os + Club\" width=\"55\" height=\"auto\"\/>\n                        <span>Comidas gratis para ni\u00f1os + Club<\/span>\n                                        <li>\n                        <img decoding=\"async\" src=\"https:\/\/cdn.conradpuntademita.com\/wp-content\/uploads\/2023\/09\/01082231\/Butler.png\" alt=\"Servicios de conserjer\u00eda personal (suites seleccionadas)\" width=\"55\" height=\"auto\"\/>\n                        <span>Servicios de conserjer\u00eda personal (suites seleccionadas)<\/span>\n                                <\/ul>\n                <\/div>\n<\/section>\n\n\n<section class=\"wysiwig body-wrapper half-width\" id=\"wysiwig-block_c15c56e854dc632ddcb99fb4781d2899\">\n  <p><em>*Ni\u00f1os\u00a0<b>12 a\u00f1os o menos<\/b>\u00a0disfrutar\u00a0<b>un plato de cortes\u00eda del men\u00fa infantil<\/b>\u00a0cuando est\u00e9 acompa\u00f1ado por un adulto que pague y compre un plato principal, disponible solo en\u00a0<b>C\u00f3dice, Mezquite, \u00c1rbol y Paleta<\/b>. Este beneficio no se aplica a comidas en la habitaci\u00f3n, men\u00fas especiales o eventos especiales, incluidos\u00a0<b>Cena de Acci\u00f3n de Gracias, cena de Navidad y cena de Nochevieja.<\/b>. Edades de los hu\u00e9spedes\u00a0<b>4 a 12<\/b>\u00a0disfrutar\u00a0<b>Acceso gratuito durante el d\u00eda al Turi Kids Club por cada noche de estancia.<\/b>, Sujeto a disponibilidad. Se recomienda reservar con antelaci\u00f3n.<\/em><\/p>\n<\/section>\n\n  <section id=\"slider-block_38f154b2a68e9f3fed1e91607126048a\" class=\"slider  slick-slider body-wrapper\">\n    <div class=\"container\">\n      <div class=\"slides slides-images\">\n                  <div class=\"slide\">\n            <div class=\"slide-img\">\n                              <!-- <a href=\"https:\/\/cdn.conradpuntademita.com\/wp-content\/uploads\/2022\/05\/13121914\/TWO-BEDROOM-OCEAN-VIEW-SUITE-WITH-KITCHEN-1-e1653505532464.webp\" data-fancybox=\"gallery\" rel=\"slider-block_38f154b2a68e9f3fed1e91607126048a\" data-caption=\"\"> -->\n                <img decoding=\"async\" class=\"lazyload\" src=\"https:\/\/cdn.conradpuntademita.com\/wp-content\/uploads\/2022\/05\/13121914\/TWO-BEDROOM-OCEAN-VIEW-SUITE-WITH-KITCHEN-1-e1653505532464.webp\" alt=\"Una habitaci\u00f3n de hotel con cama, tv y l\u00e1mpara brillante con vista al r\u00edo con balc\u00f3n\">\n                <!-- <\/a> -->\n                                          <svg class=\"slide-caption\" width=\"22\" height=\"24\" viewbox=\"0 0 22 24\" fill=\"none\" xmlns=\"http:\/\/www.w3.org\/2000\/svg\">\n                <path d=\"M11 0L0 6V18.131L11 24L22 18.131V6.065L11 0ZM10 21.2L3.336 17.645L7.537 14.844C8.617 14.125 7.471 12.485 6.294 13.269L2 16.131V8.23L10 12.593V21.2ZM3.133 6.57L10 2.824V7.25C10 8.573 12 8.574 12 7.25V2.835L18.91 6.646L11.005 10.864L3.133 6.57ZM12 12.6L20 8.331V16.131L15.737 13.289C14.556 12.504 13.414 14.144 14.492 14.863L18.664 17.644L12 21.2V12.6Z\" fill=\"white\" \/>\n              <\/svg>\n            <\/div>\n\n            <div class=\"slide-content\">\n                                        <\/div>\n          <\/div>\n                  <div class=\"slide\">\n            <div class=\"slide-img\">\n                              <!-- <a href=\"https:\/\/cdn.conradpuntademita.com\/wp-content\/uploads\/2022\/05\/04045758\/CONRAD-PUNTA-DE-MITA-10021277-scaled.jpg\" data-fancybox=\"gallery\" rel=\"slider-block_38f154b2a68e9f3fed1e91607126048a\" data-caption=\"\"> -->\n                <img decoding=\"async\" class=\"lazyload\" src=\"https:\/\/cdn.conradpuntademita.com\/wp-content\/uploads\/2022\/05\/04045758\/CONRAD-PUNTA-DE-MITA-10021277-1209x665.webp\" alt=\"La residencia con sof\u00e1, mesa y ventilador.\">\n                <!-- <\/a> -->\n                                          <svg class=\"slide-caption\" width=\"22\" height=\"24\" viewbox=\"0 0 22 24\" fill=\"none\" xmlns=\"http:\/\/www.w3.org\/2000\/svg\">\n                <path d=\"M11 0L0 6V18.131L11 24L22 18.131V6.065L11 0ZM10 21.2L3.336 17.645L7.537 14.844C8.617 14.125 7.471 12.485 6.294 13.269L2 16.131V8.23L10 12.593V21.2ZM3.133 6.57L10 2.824V7.25C10 8.573 12 8.574 12 7.25V2.835L18.91 6.646L11.005 10.864L3.133 6.57ZM12 12.6L20 8.331V16.131L15.737 13.289C14.556 12.504 13.414 14.144 14.492 14.863L18.664 17.644L12 21.2V12.6Z\" fill=\"white\" \/>\n              <\/svg>\n            <\/div>\n\n            <div class=\"slide-content\">\n                                        <\/div>\n          <\/div>\n                  <div class=\"slide\">\n            <div class=\"slide-img\">\n                              <!-- <a href=\"https:\/\/cdn.conradpuntademita.com\/wp-content\/uploads\/2022\/05\/23051313\/PVRPMCI_TwoBedroom-Suite-room2-2650-scaled.jpg\" data-fancybox=\"gallery\" rel=\"slider-block_38f154b2a68e9f3fed1e91607126048a\" data-caption=\"\"> -->\n                <img decoding=\"async\" class=\"lazyload\" src=\"https:\/\/cdn.conradpuntademita.com\/wp-content\/uploads\/2022\/05\/23051313\/PVRPMCI_TwoBedroom-Suite-room2-2650-1209x665.jpg\" alt=\"Habitaci\u00f3n doble con impresionantes vistas\">\n                <!-- <\/a> -->\n                                          <svg class=\"slide-caption\" width=\"22\" height=\"24\" viewbox=\"0 0 22 24\" fill=\"none\" xmlns=\"http:\/\/www.w3.org\/2000\/svg\">\n                <path d=\"M11 0L0 6V18.131L11 24L22 18.131V6.065L11 0ZM10 21.2L3.336 17.645L7.537 14.844C8.617 14.125 7.471 12.485 6.294 13.269L2 16.131V8.23L10 12.593V21.2ZM3.133 6.57L10 2.824V7.25C10 8.573 12 8.574 12 7.25V2.835L18.91 6.646L11.005 10.864L3.133 6.57ZM12 12.6L20 8.331V16.131L15.737 13.289C14.556 12.504 13.414 14.144 14.492 14.863L18.664 17.644L12 21.2V12.6Z\" fill=\"white\" \/>\n              <\/svg>\n            <\/div>\n\n            <div class=\"slide-content\">\n                                        <\/div>\n          <\/div>\n                  <div class=\"slide\">\n            <div class=\"slide-img\">\n                              <!-- <a href=\"https:\/\/cdn.conradpuntademita.com\/wp-content\/uploads\/2022\/05\/04045446\/CONRAD-PUNTA-DE-MITA-10021212-1-scaled.jpg\" data-fancybox=\"gallery\" rel=\"slider-block_38f154b2a68e9f3fed1e91607126048a\" data-caption=\"\"> -->\n                <img decoding=\"async\" class=\"lazyload\" src=\"https:\/\/cdn.conradpuntademita.com\/wp-content\/uploads\/2022\/05\/04045446\/CONRAD-PUNTA-DE-MITA-10021212-1-1209x665.webp\" alt=\"Ba\u00f1o con 2 lavabos\">\n                <!-- <\/a> -->\n                                          <svg class=\"slide-caption\" width=\"22\" height=\"24\" viewbox=\"0 0 22 24\" fill=\"none\" xmlns=\"http:\/\/www.w3.org\/2000\/svg\">\n                <path d=\"M11 0L0 6V18.131L11 24L22 18.131V6.065L11 0ZM10 21.2L3.336 17.645L7.537 14.844C8.617 14.125 7.471 12.485 6.294 13.269L2 16.131V8.23L10 12.593V21.2ZM3.133 6.57L10 2.824V7.25C10 8.573 12 8.574 12 7.25V2.835L18.91 6.646L11.005 10.864L3.133 6.57ZM12 12.6L20 8.331V16.131L15.737 13.289C14.556 12.504 13.414 14.144 14.492 14.863L18.664 17.644L12 21.2V12.6Z\" fill=\"white\" \/>\n              <\/svg>\n            <\/div>\n\n            <div class=\"slide-content\">\n                                        <\/div>\n          <\/div>\n              <\/div>\n    <\/div>\n  <\/section>\n\n\n\n<p><\/p>","protected":false},"excerpt":{"rendered":"<p>Dise\u00f1ada para familias o eventos, esta amplia suite cuenta con servicios de conserje personal, ba\u00f1os grandes y dos habitaciones.<\/p>","protected":false},"featured_media":1049,"parent":0,"menu_order":11,"template":"","meta":{"_acf_changed":true,"inline_featured_image":false},"room_category":[6,67,84],"class_list":["post-408","room","type-room","status-publish","has-post-thumbnail","hentry","room_category-suites","room_category-multi-bedroom","room_category-conrad-concierge-room-types"],"acf":[],"publishpress_future_workflow_manual_trigger":{"enabledWorkflows":[]},"_links":{"self":[{"href":"https:\/\/www.conradpuntademita.com\/es\/wp-json\/wp\/v2\/room\/408","targetHints":{"allow":["GET"]}}],"collection":[{"href":"https:\/\/www.conradpuntademita.com\/es\/wp-json\/wp\/v2\/room"}],"about":[{"href":"https:\/\/www.conradpuntademita.com\/es\/wp-json\/wp\/v2\/types\/room"}],"wp:featuredmedia":[{"embeddable":true,"href":"https:\/\/www.conradpuntademita.com\/es\/wp-json\/wp\/v2\/media\/1049"}],"wp:attachment":[{"href":"https:\/\/www.conradpuntademita.com\/es\/wp-json\/wp\/v2\/media?parent=408"}],"wp:term":[{"taxonomy":"room_category","embeddable":true,"href":"https:\/\/www.conradpuntademita.com\/es\/wp-json\/wp\/v2\/room_category?post=408"}],"curies":[{"name":"wp","href":"https:\/\/api.w.org\/{rel}","templated":true}]}}