{"id":411,"date":"2022-05-02T22:01:53","date_gmt":"2022-05-02T22:01:53","guid":{"rendered":"https:\/\/www.conradpuntademita.com\/?post_type=room&#038;p=411"},"modified":"2026-04-24T17:38:07","modified_gmt":"2026-04-24T17:38:07","slug":"vista-mar-superior-suite-cama-king","status":"publish","type":"room","link":"https:\/\/www.conradpuntademita.com\/es\/habitaciones\/vista-mar-superior-suite-cama-king\/","title":{"rendered":"Superior Suite con vista al mar y cama King"},"content":{"rendered":"<p><\/p>\n\n\n\n<section id=\"K1ROU1\" class=\"single-room banner gradient-banner full-height-banner full-height\">\n  <div class=\"banner-wrapper\">\n          <img decoding=\"async\" src=\"https:\/\/cdn.conradpuntademita.com\/wp-content\/uploads\/2022\/05\/04051307\/PVRPMCI_KingSuite-OceanView-Bedview-scaled.webp\" alt=\"PVRPMCI_KingSuite OceanView Bedview\" class=\"banner__img banner__media\">\n      <\/div>\n\n      <div class=\"banner-content\">\n              <h1 class=\"banner-title heading1\">Superior Suite con vista al mar y cama King<\/h1>\n      \n              <h3 class=\"banner-subtitle heading5\">Inmersos en el presente<\/h3>\n              \n      \n<\/section>\n\n\n<section id=\"two-columns-block_21d5841f430fd25a794d3d1bd5fd5327\" class=\"two-columns normal-wrapper\">\n  <div class=\"row\">\n          <div class=\"col col-left a-right content\">\n        <p>Disfrute de las vistas panor\u00e1micas del oc\u00e9ano mientras disfruta de los sonidos de la naturaleza y las olas rompiendo. Con vistas v\u00edrgenes, la Ocean View Signature Suite King Bed ofrece una amplia sala de estar con sof\u00e1 cama; amplio balc\u00f3n privado amueblado con piscina de inmersi\u00f3n privada y amplio ba\u00f1o en suite.<\/p>\n                    <div class=\"rooms-left-content-autobooking-ctas\">\n                              <a href=\"https:\/\/www.hilton.com\/es\/book\/reservation\/rooms\/?ctyhocn=PVRPMCI&#038;roomTypeCode=K1ROU1&#038;_gl=1*1r6yga7*_gcl_au*MTc5MzIyMzE3MS4xNzczOTM4MTk5\" class=\"btn btn-reserve\" target=\"_blank\" rel=\"noopener noreferrer\">\n                  Reservar habitaci\u00f3n                <\/a>\n                          <\/div>\n                          <div class=\"container-3d\">\n            <a href=\"https:\/\/visitingmedia.com\/tt8\/?ttid=conrad-punta-de-mita#\/360?group=3&#038;tour=18\" class=\"matterport-link link\" target=\"_blank\" title=\"RECORRIDO 3D\" rel=\"noopener\">RECORRIDO 3D\n              <span><svg width=\"22\" height=\"24\" viewbox=\"0 0 22 24\" fill=\"none\" xmlns=\"http:\/\/www.w3.org\/2000\/svg\">\n                <path d=\"M11 0L0 6V18.131L11 24L22 18.131V6.065L11 0V0ZM10 21.2L3.336 17.645L7.537 14.844C8.617 14.125 7.471 12.485 6.294 13.269L2 16.131V8.23L10 12.593V21.2ZM3.133 6.57L10 2.824V7.25C10 8.573 12 8.574 12 7.25V2.835L18.91 6.646L11.005 10.864L3.133 6.57ZM12 12.6L20 8.331V16.131L15.737 13.289C14.556 12.504 13.414 14.144 14.492 14.863L18.664 17.644L12 21.2V12.6Z\" fill=\"black\" \/>\n              <\/svg><\/span>\n            <\/a>\n          <\/div>\n              <\/div>\n              <div class=\"col col-right a-left content\">\n        <p><h4>LISTA DE DETALLES<\/h4>\n<ul>\n<li style=\"font-weight: 400;\" aria-level=\"1\"><span style=\"font-weight: 400;\">Cama tama\u00f1o king<\/span><\/li>\n<li style=\"font-weight: 400;\" aria-level=\"1\"><span style=\"font-weight: 400;\">Sof\u00e1 cama<\/span><\/li>\n<li style=\"font-weight: 400;\" aria-level=\"1\"><span style=\"font-weight: 400;\">Ba\u00f1o privado con ducha tipo lluvia y ba\u00f1era profunda<\/span><\/li>\n<li style=\"font-weight: 400;\" aria-level=\"1\"><span style=\"font-weight: 400;\">Suite de 1460 pies cuadrados<\/span><\/li>\n<li>Balc\u00f3n privado con piscina de inmersi\u00f3n<\/li>\n<\/ul>\n<p>&nbsp;<\/p>\n<p>&nbsp;<\/p>\n<hr \/>\n<p>&nbsp;<\/p>\n<p>&nbsp;<\/p>\n<h4>LISTA DE CARACTER\u00cdSTICAS<\/h4>\n<ul>\n<li style=\"font-weight: 400;\" aria-level=\"1\"><span style=\"font-weight: 400;\">TV de pantalla plana de 65 pulgadas<\/span><\/li>\n<li style=\"font-weight: 400;\" aria-level=\"1\"><span style=\"font-weight: 400;\">Cafetera Nespresso<\/span><\/li>\n<li style=\"font-weight: 400;\" aria-level=\"1\"><span style=\"font-weight: 400;\">Aire acondicionado<\/span><\/li>\n<li style=\"font-weight: 400;\" aria-level=\"1\"><span style=\"font-weight: 400;\">Wifi<\/span><\/li>\n<li style=\"font-weight: 400;\" aria-level=\"1\">Equipo para hacer t\u00e9<\/li>\n<\/ul>\n<p>&nbsp;<\/p>\n<p>&nbsp;<\/p>\n<hr \/>\n<\/p>\n      <\/div>\n      <\/div>\n<\/section>\n\n\n<section class=\"block-featured-amenities\" id=\"amenities\">\n    <div class=\"container\">\n                    <h2 class=\"amenities-heading a-up\">Servicios destacados<\/h2>\n                    <ul class=\"amenities-icons-list\">\n                                    <li>\n                        <img decoding=\"async\" src=\"https:\/\/cdn.conradpuntademita.com\/wp-content\/uploads\/2023\/01\/01120315\/transportation.png\" alt=\"50% de transporte privado de lujo desde y hacia el aeropuerto\" width=\"55\" height=\"auto\"\/>\n                        <span>50% de transporte privado de lujo desde y hacia el aeropuerto<\/span>\n                                        <li>\n                        <img decoding=\"async\" src=\"https:\/\/cdn.conradpuntademita.com\/wp-content\/uploads\/2023\/01\/01120037\/breakfast.png\" alt=\"Desayuno buffet gourmet diario en \u00c1rbol\" width=\"55\" height=\"auto\"\/>\n                        <span>Desayuno buffet gourmet diario en \u00c1rbol<\/span>\n                                        <li>\n                        <img decoding=\"async\" src=\"https:\/\/cdn.conradpuntademita.com\/wp-content\/uploads\/2023\/01\/01120227\/minibar.png\" alt=\"Reabastecimiento diario en minibar con refrescos, agua y cerveza\" width=\"55\" height=\"auto\"\/>\n                        <span>Reabastecimiento diario en minibar con refrescos, agua y cerveza<\/span>\n                                        <li>\n                        <img decoding=\"async\" src=\"https:\/\/cdn.conradpuntademita.com\/wp-content\/uploads\/2023\/01\/01120002\/aromatherapy.png\" alt=\"Cortes\u00eda nocturna y amenidad\" width=\"55\" height=\"auto\"\/>\n                        <span>Cortes\u00eda nocturna y amenidad<\/span>\n                                        <li>\n                        <img decoding=\"async\" src=\"https:\/\/cdn.conradpuntademita.com\/wp-content\/uploads\/2023\/01\/01120052\/cabana.png\" alt=\"50% de descuento en caba\u00f1as frente a la alberca seg\u00fan disponibilidad\" width=\"55\" height=\"auto\"\/>\n                        <span>50% de descuento en caba\u00f1as frente a la alberca seg\u00fan disponibilidad<\/span>\n                                        <li>\n                        <img decoding=\"async\" src=\"https:\/\/cdn.conradpuntademita.com\/wp-content\/uploads\/2023\/01\/01120244\/spa.png\" alt=\"Acceso al spa durante toda la estancia\" width=\"55\" height=\"auto\"\/>\n                        <span>Acceso al spa durante toda la estancia<\/span>\n                                        <li>\n                        <img decoding=\"async\" src=\"https:\/\/cdn.conradpuntademita.com\/wp-content\/uploads\/2023\/01\/01120213\/gift.png\" alt=\"Comidas gratis para ni\u00f1os + Club\" width=\"55\" height=\"auto\"\/>\n                        <span>Comidas gratis para ni\u00f1os + Club<\/span>\n                                <\/ul>\n                <\/div>\n<\/section>\n\n\n<section class=\"wysiwig body-wrapper half-width\" id=\"wysiwig-block_61ad3048eae1a1e2a4c8458edfec9ba6\">\n  <p><em>*Ni\u00f1os\u00a0<b>12 a\u00f1os o menos<\/b>\u00a0disfrutar\u00a0<b>un plato de cortes\u00eda del men\u00fa infantil<\/b>\u00a0cuando est\u00e9 acompa\u00f1ado por un adulto que pague y compre un plato principal, disponible solo en\u00a0<b>C\u00f3dice, Mezquite, \u00c1rbol y Paleta<\/b>. Este beneficio no se aplica a comidas en la habitaci\u00f3n, men\u00fas especiales o eventos especiales, incluidos\u00a0<b>Cena de Acci\u00f3n de Gracias, cena de Navidad y cena de Nochevieja.<\/b>. Edades de los hu\u00e9spedes\u00a0<b>4 a 12<\/b>\u00a0disfrutar\u00a0<b>Acceso gratuito durante el d\u00eda al Turi Kids Club por cada noche de estancia.<\/b>, Sujeto a disponibilidad. Se recomienda reservar con antelaci\u00f3n.<\/em><\/p>\n<\/section>\n\n  <section id=\"slider-block_27ac103172259f02968e027eddbb4142\" class=\"slider  slick-slider body-wrapper\">\n    <div class=\"container\">\n      <div class=\"slides slides-images\">\n                  <div class=\"slide\">\n            <div class=\"slide-img\">\n                              <!-- <a href=\"https:\/\/cdn.conradpuntademita.com\/wp-content\/uploads\/2022\/05\/04050831\/CONRAD-PUNTA-DE-MITA-0930216-scaled.jpg\" data-fancybox=\"gallery\" rel=\"slider-block_27ac103172259f02968e027eddbb4142\" data-caption=\"\"> -->\n                <img decoding=\"async\" class=\"lazyload\" src=\"https:\/\/cdn.conradpuntademita.com\/wp-content\/uploads\/2022\/05\/04050831\/CONRAD-PUNTA-DE-MITA-0930216-1209x665.webp\" alt=\"Cama en s\u00e1bana blanca, TV y terraza con sillas\">\n                <!-- <\/a> -->\n                                          <svg class=\"slide-caption\" width=\"22\" height=\"24\" viewbox=\"0 0 22 24\" fill=\"none\" xmlns=\"http:\/\/www.w3.org\/2000\/svg\">\n                <path d=\"M11 0L0 6V18.131L11 24L22 18.131V6.065L11 0ZM10 21.2L3.336 17.645L7.537 14.844C8.617 14.125 7.471 12.485 6.294 13.269L2 16.131V8.23L10 12.593V21.2ZM3.133 6.57L10 2.824V7.25C10 8.573 12 8.574 12 7.25V2.835L18.91 6.646L11.005 10.864L3.133 6.57ZM12 12.6L20 8.331V16.131L15.737 13.289C14.556 12.504 13.414 14.144 14.492 14.863L18.664 17.644L12 21.2V12.6Z\" fill=\"white\" \/>\n              <\/svg>\n            <\/div>\n\n            <div class=\"slide-content\">\n                                        <\/div>\n          <\/div>\n                  <div class=\"slide\">\n            <div class=\"slide-img\">\n                              <!-- <a href=\"https:\/\/cdn.conradpuntademita.com\/wp-content\/uploads\/2022\/05\/04063028\/CONRAD-PUNTA-DE-MITA-0930148-scaled.jpg\" data-fancybox=\"gallery\" rel=\"slider-block_27ac103172259f02968e027eddbb4142\" data-caption=\"\"> -->\n                <img decoding=\"async\" class=\"lazyload\" src=\"https:\/\/cdn.conradpuntademita.com\/wp-content\/uploads\/2022\/05\/04063028\/CONRAD-PUNTA-DE-MITA-0930148-1209x665.webp\" alt=\"Sala con excelente vista a Punta de Mita\">\n                <!-- <\/a> -->\n                                          <svg class=\"slide-caption\" width=\"22\" height=\"24\" viewbox=\"0 0 22 24\" fill=\"none\" xmlns=\"http:\/\/www.w3.org\/2000\/svg\">\n                <path d=\"M11 0L0 6V18.131L11 24L22 18.131V6.065L11 0ZM10 21.2L3.336 17.645L7.537 14.844C8.617 14.125 7.471 12.485 6.294 13.269L2 16.131V8.23L10 12.593V21.2ZM3.133 6.57L10 2.824V7.25C10 8.573 12 8.574 12 7.25V2.835L18.91 6.646L11.005 10.864L3.133 6.57ZM12 12.6L20 8.331V16.131L15.737 13.289C14.556 12.504 13.414 14.144 14.492 14.863L18.664 17.644L12 21.2V12.6Z\" fill=\"white\" \/>\n              <\/svg>\n            <\/div>\n\n            <div class=\"slide-content\">\n                                        <\/div>\n          <\/div>\n                  <div class=\"slide\">\n            <div class=\"slide-img\">\n                              <!-- <a href=\"https:\/\/cdn.conradpuntademita.com\/wp-content\/uploads\/2022\/05\/04050943\/CONRAD-PUNTA-DE-MITA-0930245-scaled.jpg\" data-fancybox=\"gallery\" rel=\"slider-block_27ac103172259f02968e027eddbb4142\" data-caption=\"\"> -->\n                <img decoding=\"async\" class=\"lazyload\" src=\"https:\/\/cdn.conradpuntademita.com\/wp-content\/uploads\/2022\/05\/04050943\/CONRAD-PUNTA-DE-MITA-0930245-1209x665.webp\" alt=\"Habitaci\u00f3n bien equipada con sof\u00e1 a rayas, TV y l\u00e1mparas.\">\n                <!-- <\/a> -->\n                                          <svg class=\"slide-caption\" width=\"22\" height=\"24\" viewbox=\"0 0 22 24\" fill=\"none\" xmlns=\"http:\/\/www.w3.org\/2000\/svg\">\n                <path d=\"M11 0L0 6V18.131L11 24L22 18.131V6.065L11 0ZM10 21.2L3.336 17.645L7.537 14.844C8.617 14.125 7.471 12.485 6.294 13.269L2 16.131V8.23L10 12.593V21.2ZM3.133 6.57L10 2.824V7.25C10 8.573 12 8.574 12 7.25V2.835L18.91 6.646L11.005 10.864L3.133 6.57ZM12 12.6L20 8.331V16.131L15.737 13.289C14.556 12.504 13.414 14.144 14.492 14.863L18.664 17.644L12 21.2V12.6Z\" fill=\"white\" \/>\n              <\/svg>\n            <\/div>\n\n            <div class=\"slide-content\">\n                                        <\/div>\n          <\/div>\n                  <div class=\"slide\">\n            <div class=\"slide-img\">\n                              <!-- <a href=\"https:\/\/cdn.conradpuntademita.com\/wp-content\/uploads\/2022\/05\/04054351\/PVRPMCI_GrandSuite-Bathroom-scaled.jpg\" data-fancybox=\"gallery\" rel=\"slider-block_27ac103172259f02968e027eddbb4142\" data-caption=\"\"> -->\n                <img decoding=\"async\" class=\"lazyload\" src=\"https:\/\/cdn.conradpuntademita.com\/wp-content\/uploads\/2022\/05\/04054351\/PVRPMCI_GrandSuite-Bathroom-1209x665.webp\" alt=\"Ba\u00f1o con ba\u00f1era, lavabo y toallas blancas.\">\n                <!-- <\/a> -->\n                                          <svg class=\"slide-caption\" width=\"22\" height=\"24\" viewbox=\"0 0 22 24\" fill=\"none\" xmlns=\"http:\/\/www.w3.org\/2000\/svg\">\n                <path d=\"M11 0L0 6V18.131L11 24L22 18.131V6.065L11 0ZM10 21.2L3.336 17.645L7.537 14.844C8.617 14.125 7.471 12.485 6.294 13.269L2 16.131V8.23L10 12.593V21.2ZM3.133 6.57L10 2.824V7.25C10 8.573 12 8.574 12 7.25V2.835L18.91 6.646L11.005 10.864L3.133 6.57ZM12 12.6L20 8.331V16.131L15.737 13.289C14.556 12.504 13.414 14.144 14.492 14.863L18.664 17.644L12 21.2V12.6Z\" fill=\"white\" \/>\n              <\/svg>\n            <\/div>\n\n            <div class=\"slide-content\">\n                                        <\/div>\n          <\/div>\n              <\/div>\n    <\/div>\n  <\/section>\n\n\n\n<p><\/p>","protected":false},"excerpt":{"rendered":"<p>Con vistas v\u00edrgenes al oc\u00e9ano y un balc\u00f3n privado con piscina de inmersi\u00f3n.<\/p>","protected":false},"featured_media":3256,"parent":0,"menu_order":8,"template":"","meta":{"_acf_changed":true,"inline_featured_image":false},"room_category":[6,65],"class_list":["post-411","room","type-room","status-publish","has-post-thumbnail","hentry","room_category-suites","room_category-plunge-pool"],"acf":[],"publishpress_future_workflow_manual_trigger":{"enabledWorkflows":[]},"_links":{"self":[{"href":"https:\/\/www.conradpuntademita.com\/es\/wp-json\/wp\/v2\/room\/411","targetHints":{"allow":["GET"]}}],"collection":[{"href":"https:\/\/www.conradpuntademita.com\/es\/wp-json\/wp\/v2\/room"}],"about":[{"href":"https:\/\/www.conradpuntademita.com\/es\/wp-json\/wp\/v2\/types\/room"}],"wp:featuredmedia":[{"embeddable":true,"href":"https:\/\/www.conradpuntademita.com\/es\/wp-json\/wp\/v2\/media\/3256"}],"wp:attachment":[{"href":"https:\/\/www.conradpuntademita.com\/es\/wp-json\/wp\/v2\/media?parent=411"}],"wp:term":[{"taxonomy":"room_category","embeddable":true,"href":"https:\/\/www.conradpuntademita.com\/es\/wp-json\/wp\/v2\/room_category?post=411"}],"curies":[{"name":"wp","href":"https:\/\/api.w.org\/{rel}","templated":true}]}}