{"id":414,"date":"2022-05-02T22:09:26","date_gmt":"2022-05-02T22:09:26","guid":{"rendered":"https:\/\/www.conradpuntademita.com\/?post_type=room&#038;p=414"},"modified":"2026-04-17T15:42:44","modified_gmt":"2026-04-17T15:42:44","slug":"vista-al-mar-exclusiva-suite-cama-king","status":"publish","type":"room","link":"https:\/\/www.conradpuntademita.com\/es\/habitaciones\/vista-al-mar-exclusiva-suite-cama-king\/","title":{"rendered":"Superior Suite con vista al mar y cama King"},"content":{"rendered":"<section id=\"K1SOU1\" class=\"single-room banner gradient-banner full-height-banner full-height\">\n  <div class=\"banner-wrapper\">\n          <img decoding=\"async\" src=\"https:\/\/cdn.conradpuntademita.com\/wp-content\/uploads\/2022\/05\/04040452\/PVRPMCI_SuperiorSuiteView-scaled.webp\" alt=\"PVRPMCI_SuperiorSuiteView\" class=\"banner__img banner__media\">\n      <\/div>\n\n      <div class=\"banner-content\">\n              <h1 class=\"banner-title heading1\">Superior Suite con vista al mar y cama King<\/h1>\n      \n              <h3 class=\"banner-subtitle heading5\">Inmersos en el presente<\/h3>\n              \n      \n<\/section>\n\n\n<section id=\"two-columns-block_fcceb5f8efaabdd9fa1b60dc98c5217c\" class=\"two-columns normal-wrapper\">\n  <div class=\"row\">\n          <div class=\"col col-left a-right content\">\n        <p><span style=\"font-weight: 400;\">Permita que la belleza intacta de Punta de Mita abrace su esp\u00edritu, invit\u00e1ndolo a la exuberante jungla y la costa virgen desde el santuario de su suite privada Ocean View Superior Suite King Bed. Con muebles modernos y toques locales, esta espaciosa suite ofrece un amplio balc\u00f3n, una cama King y un sof\u00e1 cama adicional.\u00a0 <\/span><\/p>\n                    <div class=\"rooms-left-content-autobooking-ctas\">\n                              <a href=\"https:\/\/www.hilton.com\/es\/book\/reservation\/rooms\/?ctyhocn=PVRPMCI&#038;roomTypeCode=K1SOU1&#038;_gl=1*1lk34qf*_gcl_au*MTc5MzIyMzE3MS4xNzczOTM4MTk5\" class=\"btn btn-reserve\" target=\"_blank\" rel=\"noopener noreferrer\">\n                  Reservar habitaci\u00f3n                <\/a>\n                          <\/div>\n                          <div class=\"container-3d\">\n            <a href=\"https:\/\/visitingmedia.com\/tt8\/?ttid=conrad-punta-de-mita#\/360?group=3&#038;tour=17\" class=\"matterport-link link\" target=\"_blank\" title=\"RECORRIDO 3D\" rel=\"noopener\">RECORRIDO 3D\n              <span><svg width=\"22\" height=\"24\" viewbox=\"0 0 22 24\" fill=\"none\" xmlns=\"http:\/\/www.w3.org\/2000\/svg\">\n                <path d=\"M11 0L0 6V18.131L11 24L22 18.131V6.065L11 0V0ZM10 21.2L3.336 17.645L7.537 14.844C8.617 14.125 7.471 12.485 6.294 13.269L2 16.131V8.23L10 12.593V21.2ZM3.133 6.57L10 2.824V7.25C10 8.573 12 8.574 12 7.25V2.835L18.91 6.646L11.005 10.864L3.133 6.57ZM12 12.6L20 8.331V16.131L15.737 13.289C14.556 12.504 13.414 14.144 14.492 14.863L18.664 17.644L12 21.2V12.6Z\" fill=\"black\" \/>\n              <\/svg><\/span>\n            <\/a>\n          <\/div>\n              <\/div>\n              <div class=\"col col-right a-left content\">\n        <p><h4>LISTA DE DETALLES<\/h4>\n<ul>\n<li style=\"font-weight: 400;\" aria-level=\"1\"><span style=\"font-weight: 400;\">Cama tama\u00f1o king<\/span><\/li>\n<li style=\"font-weight: 400;\" aria-level=\"1\"><span style=\"font-weight: 400;\">Sof\u00e1 cama<\/span><\/li>\n<li style=\"font-weight: 400;\" aria-level=\"1\"><span style=\"font-weight: 400;\">Ducha tipo lluvia y ba\u00f1era profunda<\/span><\/li>\n<li style=\"font-weight: 400;\" aria-level=\"1\"><span style=\"font-weight: 400;\">Suite de 1,735 pies cuadrados<\/span><\/li>\n<li>Balc\u00f3n privado<\/li>\n<\/ul>\n<p>&nbsp;<\/p>\n<p>&nbsp;<\/p>\n<hr \/>\n<p>&nbsp;<\/p>\n<p>&nbsp;<\/p>\n<h4>LISTA DE CARACTER\u00cdSTICAS<\/h4>\n<ul>\n<li style=\"font-weight: 400;\" aria-level=\"1\"><span style=\"font-weight: 400;\">TV de pantalla plana de 65 pulgadas<\/span><\/li>\n<li style=\"font-weight: 400;\" aria-level=\"1\"><span style=\"font-weight: 400;\">Cafetera Nespresso<\/span><\/li>\n<li style=\"font-weight: 400;\" aria-level=\"1\"><span style=\"font-weight: 400;\">Aire acondicionado<\/span><\/li>\n<li style=\"font-weight: 400;\" aria-level=\"1\"><span style=\"font-weight: 400;\">Wifi<\/span><\/li>\n<li style=\"font-weight: 400;\" aria-level=\"1\">Equipo para hacer t\u00e9<\/li>\n<\/ul>\n<p>&nbsp;<\/p>\n<p>&nbsp;<\/p>\n<hr \/>\n<\/p>\n      <\/div>\n      <\/div>\n<\/section>\n\n\n<section class=\"block-featured-amenities\" id=\"amenities\">\n    <div class=\"container\">\n                    <h2 class=\"amenities-heading a-up\">Servicios destacados<\/h2>\n                    <ul class=\"amenities-icons-list\">\n                                    <li>\n                        <img decoding=\"async\" src=\"https:\/\/cdn.conradpuntademita.com\/wp-content\/uploads\/2023\/01\/01120315\/transportation.png\" alt=\"50% de transporte privado de lujo desde y hacia el aeropuerto\" width=\"55\" height=\"auto\"\/>\n                        <span>50% de transporte privado de lujo desde y hacia el aeropuerto<\/span>\n                                        <li>\n                        <img decoding=\"async\" src=\"https:\/\/cdn.conradpuntademita.com\/wp-content\/uploads\/2023\/01\/01120037\/breakfast.png\" alt=\"Desayuno buffet gourmet diario en \u00c1rbol\" width=\"55\" height=\"auto\"\/>\n                        <span>Desayuno buffet gourmet diario en \u00c1rbol<\/span>\n                                        <li>\n                        <img decoding=\"async\" src=\"https:\/\/cdn.conradpuntademita.com\/wp-content\/uploads\/2023\/01\/01120244\/spa.png\" alt=\"Acceso al spa durante toda la estancia\" width=\"55\" height=\"auto\"\/>\n                        <span>Acceso al spa durante toda la estancia<\/span>\n                                        <li>\n                        <img decoding=\"async\" src=\"https:\/\/cdn.conradpuntademita.com\/wp-content\/uploads\/2023\/01\/01120227\/minibar.png\" alt=\"Reabastecimiento diario en minibar con refrescos, agua y cerveza\" width=\"55\" height=\"auto\"\/>\n                        <span>Reabastecimiento diario en minibar con refrescos, agua y cerveza<\/span>\n                                        <li>\n                        <img decoding=\"async\" src=\"https:\/\/cdn.conradpuntademita.com\/wp-content\/uploads\/2023\/01\/01120213\/gift.png\" alt=\"Comidas gratis para ni\u00f1os + Club\" width=\"55\" height=\"auto\"\/>\n                        <span>Comidas gratis para ni\u00f1os + Club<\/span>\n                                        <li>\n                        <img decoding=\"async\" src=\"https:\/\/cdn.conradpuntademita.com\/wp-content\/uploads\/2023\/01\/01120002\/aromatherapy.png\" alt=\"Cortes\u00eda nocturna y amenidad\" width=\"55\" height=\"auto\"\/>\n                        <span>Cortes\u00eda nocturna y amenidad<\/span>\n                                        <li>\n                        <img decoding=\"async\" src=\"https:\/\/cdn.conradpuntademita.com\/wp-content\/uploads\/2023\/01\/01120052\/cabana.png\" alt=\"50% de descuento en caba\u00f1as frente a la alberca seg\u00fan disponibilidad\" width=\"55\" height=\"auto\"\/>\n                        <span>50% de descuento en caba\u00f1as frente a la alberca seg\u00fan disponibilidad<\/span>\n                                <\/ul>\n                <\/div>\n<\/section>\n\n  <section id=\"slider-block_82eab740ff443bfa1edf422732982097\" class=\"slider  slick-slider body-wrapper\">\n    <div class=\"container\">\n      <div class=\"slides slides-images\">\n                  <div class=\"slide\">\n            <div class=\"slide-img\">\n                              <!-- <a href=\"https:\/\/cdn.conradpuntademita.com\/wp-content\/uploads\/2022\/05\/04040644\/CONRAD-PUNTA-DE-MITA-10031690-scaled.webp\" data-fancybox=\"gallery\" rel=\"slider-block_82eab740ff443bfa1edf422732982097\" data-caption=\"\"> -->\n                <img decoding=\"async\" class=\"lazyload\" src=\"https:\/\/cdn.conradpuntademita.com\/wp-content\/uploads\/2022\/05\/04040644\/CONRAD-PUNTA-DE-MITA-10031690-scaled.webp\" alt=\"Sof\u00e1 rayado con TV e impresionantes vistas al Oc\u00e9ano\">\n                <!-- <\/a> -->\n                                          <svg class=\"slide-caption\" width=\"22\" height=\"24\" viewbox=\"0 0 22 24\" fill=\"none\" xmlns=\"http:\/\/www.w3.org\/2000\/svg\">\n                <path d=\"M11 0L0 6V18.131L11 24L22 18.131V6.065L11 0ZM10 21.2L3.336 17.645L7.537 14.844C8.617 14.125 7.471 12.485 6.294 13.269L2 16.131V8.23L10 12.593V21.2ZM3.133 6.57L10 2.824V7.25C10 8.573 12 8.574 12 7.25V2.835L18.91 6.646L11.005 10.864L3.133 6.57ZM12 12.6L20 8.331V16.131L15.737 13.289C14.556 12.504 13.414 14.144 14.492 14.863L18.664 17.644L12 21.2V12.6Z\" fill=\"white\" \/>\n              <\/svg>\n            <\/div>\n\n            <div class=\"slide-content\">\n                                        <\/div>\n          <\/div>\n                  <div class=\"slide\">\n            <div class=\"slide-img\">\n                              <!-- <a href=\"https:\/\/cdn.conradpuntademita.com\/wp-content\/uploads\/2022\/05\/04040745\/CONRAD-PUNTA-DE-MITA-10031777-scaled.jpg\" data-fancybox=\"gallery\" rel=\"slider-block_82eab740ff443bfa1edf422732982097\" data-caption=\"\"> -->\n                <img decoding=\"async\" class=\"lazyload\" src=\"https:\/\/cdn.conradpuntademita.com\/wp-content\/uploads\/2022\/05\/04040745\/CONRAD-PUNTA-DE-MITA-10031777-1209x665.webp\" alt=\"Habitaci\u00f3n con cama en s\u00e1banas blancas, sof\u00e1 y ba\u00f1o\">\n                <!-- <\/a> -->\n                                          <svg class=\"slide-caption\" width=\"22\" height=\"24\" viewbox=\"0 0 22 24\" fill=\"none\" xmlns=\"http:\/\/www.w3.org\/2000\/svg\">\n                <path d=\"M11 0L0 6V18.131L11 24L22 18.131V6.065L11 0ZM10 21.2L3.336 17.645L7.537 14.844C8.617 14.125 7.471 12.485 6.294 13.269L2 16.131V8.23L10 12.593V21.2ZM3.133 6.57L10 2.824V7.25C10 8.573 12 8.574 12 7.25V2.835L18.91 6.646L11.005 10.864L3.133 6.57ZM12 12.6L20 8.331V16.131L15.737 13.289C14.556 12.504 13.414 14.144 14.492 14.863L18.664 17.644L12 21.2V12.6Z\" fill=\"white\" \/>\n              <\/svg>\n            <\/div>\n\n            <div class=\"slide-content\">\n                                        <\/div>\n          <\/div>\n                  <div class=\"slide\">\n            <div class=\"slide-img\">\n                              <!-- <a href=\"https:\/\/cdn.conradpuntademita.com\/wp-content\/uploads\/2022\/05\/04040128\/PVRPMCI_SuperiorSuite-Livingroom-scaled.jpg\" data-fancybox=\"gallery\" rel=\"slider-block_82eab740ff443bfa1edf422732982097\" data-caption=\"\"> -->\n                <img decoding=\"async\" class=\"lazyload\" src=\"https:\/\/cdn.conradpuntademita.com\/wp-content\/uploads\/2022\/05\/04040128\/PVRPMCI_SuperiorSuite-Livingroom-1209x665.webp\" alt=\"Impresionante sal\u00f3n con sof\u00e1 a rayas, TV, l\u00e1mparas y ventilador\">\n                <!-- <\/a> -->\n                                          <svg class=\"slide-caption\" width=\"22\" height=\"24\" viewbox=\"0 0 22 24\" fill=\"none\" xmlns=\"http:\/\/www.w3.org\/2000\/svg\">\n                <path d=\"M11 0L0 6V18.131L11 24L22 18.131V6.065L11 0ZM10 21.2L3.336 17.645L7.537 14.844C8.617 14.125 7.471 12.485 6.294 13.269L2 16.131V8.23L10 12.593V21.2ZM3.133 6.57L10 2.824V7.25C10 8.573 12 8.574 12 7.25V2.835L18.91 6.646L11.005 10.864L3.133 6.57ZM12 12.6L20 8.331V16.131L15.737 13.289C14.556 12.504 13.414 14.144 14.492 14.863L18.664 17.644L12 21.2V12.6Z\" fill=\"white\" \/>\n              <\/svg>\n            <\/div>\n\n            <div class=\"slide-content\">\n                                        <\/div>\n          <\/div>\n                  <div class=\"slide\">\n            <div class=\"slide-img\">\n                              <!-- <a href=\"https:\/\/cdn.conradpuntademita.com\/wp-content\/uploads\/2022\/05\/04040209\/PVRPMCI_SuperiorSuite-Bathroom-scaled.jpg\" data-fancybox=\"gallery\" rel=\"slider-block_82eab740ff443bfa1edf422732982097\" data-caption=\"\"> -->\n                <img decoding=\"async\" class=\"lazyload\" src=\"https:\/\/cdn.conradpuntademita.com\/wp-content\/uploads\/2022\/05\/04040209\/PVRPMCI_SuperiorSuite-Bathroom-1209x665.webp\" alt=\"Ba\u00f1o con ducha, ba\u00f1era y dos lavabos\">\n                <!-- <\/a> -->\n                                          <svg class=\"slide-caption\" width=\"22\" height=\"24\" viewbox=\"0 0 22 24\" fill=\"none\" xmlns=\"http:\/\/www.w3.org\/2000\/svg\">\n                <path d=\"M11 0L0 6V18.131L11 24L22 18.131V6.065L11 0ZM10 21.2L3.336 17.645L7.537 14.844C8.617 14.125 7.471 12.485 6.294 13.269L2 16.131V8.23L10 12.593V21.2ZM3.133 6.57L10 2.824V7.25C10 8.573 12 8.574 12 7.25V2.835L18.91 6.646L11.005 10.864L3.133 6.57ZM12 12.6L20 8.331V16.131L15.737 13.289C14.556 12.504 13.414 14.144 14.492 14.863L18.664 17.644L12 21.2V12.6Z\" fill=\"white\" \/>\n              <\/svg>\n            <\/div>\n\n            <div class=\"slide-content\">\n                                        <\/div>\n          <\/div>\n              <\/div>\n    <\/div>\n  <\/section>\n\n\n\n<p><\/p>","protected":false},"excerpt":{"rendered":"<p>Con muebles modernos y toques locales, esta espaciosa suite ofrece un amplio balc\u00f3n y vistas.<\/p>","protected":false},"featured_media":3212,"parent":0,"menu_order":5,"template":"","meta":{"_acf_changed":true,"inline_featured_image":false},"room_category":[6],"class_list":["post-414","room","type-room","status-publish","has-post-thumbnail","hentry","room_category-suites"],"acf":[],"publishpress_future_workflow_manual_trigger":{"enabledWorkflows":[]},"_links":{"self":[{"href":"https:\/\/www.conradpuntademita.com\/es\/wp-json\/wp\/v2\/room\/414","targetHints":{"allow":["GET"]}}],"collection":[{"href":"https:\/\/www.conradpuntademita.com\/es\/wp-json\/wp\/v2\/room"}],"about":[{"href":"https:\/\/www.conradpuntademita.com\/es\/wp-json\/wp\/v2\/types\/room"}],"wp:featuredmedia":[{"embeddable":true,"href":"https:\/\/www.conradpuntademita.com\/es\/wp-json\/wp\/v2\/media\/3212"}],"wp:attachment":[{"href":"https:\/\/www.conradpuntademita.com\/es\/wp-json\/wp\/v2\/media?parent=414"}],"wp:term":[{"taxonomy":"room_category","embeddable":true,"href":"https:\/\/www.conradpuntademita.com\/es\/wp-json\/wp\/v2\/room_category?post=414"}],"curies":[{"name":"wp","href":"https:\/\/api.w.org\/{rel}","templated":true}]}}