{"id":7558,"date":"2024-02-07T05:07:21","date_gmt":"2024-02-07T05:07:21","guid":{"rendered":"https:\/\/www.conradpuntademita.com\/?post_type=venue&#038;p=7558"},"modified":"2025-10-15T16:03:31","modified_gmt":"2025-10-15T16:03:31","slug":"lugares-intimos","status":"publish","type":"venue","link":"https:\/\/www.conradpuntademita.com\/es\/reuniones-eventos\/lugares-intimos\/","title":{"rendered":"Lugares \u00edntimos"},"content":{"rendered":"<section id=\"banner-block_ece5a131340de449846f9f38823510a3\" class=\"banner gradient-banner full-height-banner full-height single-room\">\n  <div class=\"banner-wrapper\">\n          <img decoding=\"async\" src=\"https:\/\/cdn.conradpuntademita.com\/wp-content\/uploads\/2025\/10\/15160257\/CPM-Small-Intimate-Weddings-110-2000x1333-1-1.webp\" alt=\"CPM-Bodas peque\u00f1as e \u00edntimas-110-2000x1333-1\" class=\"banner__img banner__media\">\n      <\/div>\n\n      <div class=\"banner-content\">\n              <h1 class=\"banner-title heading1\">Espacios \u00edntimos para eventos<\/h1>\n      \n              <h3 class=\"banner-subtitle heading5\"> <\/h3>\n              \n      \n<\/section>\n\n\n<section id=\"responsive-spacer-block_cfc3370e9b3aee9f001b69f977c5eaf4\" class=\"responsive-spacer\">\n<\/section>\n<style>\n  #responsive-spacer-block_cfc3370e9b3aee9f001b69f977c5eaf4 {\n    width: 100%;\n  }\n\n  #responsive-spacer-block_cfc3370e9b3aee9f001b69f977c5eaf4 {\n    height: 273px;\n  }\n\n  @media (min-width: 769px) {\n    #responsive-spacer-block_cfc3370e9b3aee9f001b69f977c5eaf4 {\n      height: 130px;\n    }\n  }\n\n  @media (min-width: 1201px) {\n    #responsive-spacer-block_cfc3370e9b3aee9f001b69f977c5eaf4 {\n      height: 163px;\n    }\n  }\n\n  <\/style>\n\n<section id=\"two-columns-block_5b539ee9abc00f5832dae9b508dc95e7\" class=\"two-columns normal-wrapper two-cta\">\n  <div class=\"row\">\n          <div class=\"col col-left a-right content\">\n        <p><!-- wp:acf\/request-proposal {\"id\":\"block_6267ae4fc2255\",\"name\":\"acf\/request-proposal\",\"data\":{\"field_6267adfe17cd8\":\"request-proposal\",\"field_6267ae0817cd9\":\"\",\"field_6267adf517cd7\":\"\\u003ch2\\u003eRequest \\u003cem\\u003efor\\u003c\/em\\u003e Proposal\\u003c\/h2\\u003e\",\"field_6267ae1417cda\":\"[contact-form-7 id=\\u0022353\\u0022 title=\\u0022Request Proposal\\u0022]\"},\"align\":\"\",\"mode\":\"edit\"} \/--><\/p>\n<p>El lugar ideal para compartir su d\u00eda especial con familiares y amigos cercanos, Conrad Punta de Mita tiene una variedad de opciones para su ceremonia y recepci\u00f3n, ya sea que est\u00e9 imaginando una aventura para dos o una reuni\u00f3n de cincuenta queridos invitados. Aproveche la amplia vista del Pac\u00edfico desde todos los puntos estrat\u00e9gicos. Organice la ceremonia en el balc\u00f3n de una suite con vista al mar y lleve la cena al interior o qu\u00e9dese afuera para disfrutar de la hora m\u00e1gica del atardecer. Tuki Lawn est\u00e1 ubicado junto a la playa, frente a nuestras casas, y crea privacidad para una ceremonia m\u00e1s peque\u00f1a. Mezquite Beach permite un entorno de playa controlado que puede ofrecer ceremonias y catering en la arena cerca de nuestro bar y restaurante en la playa al aire libre. Trabajamos con usted para encontrar el entorno perfecto para su d\u00eda perfecto con una gama de opciones adaptadas a sus deseos.<\/p>\n                      <\/div>\n              <div class=\"col col-right a-left content\">\n        <p><h4>CARACTER\u00cdSTICAS DEL LUGAR<\/h4>\n<ul>\n<li>Privacidad proporcionada por el espacio \u00edntimo.<\/li>\n<li>Combina ceremonia y cena de recepci\u00f3n en un mismo espacio.<\/li>\n<\/ul>\n<p>&nbsp;<\/p>\n<p>&nbsp;<\/p>\n<p>&nbsp;<\/p>\n<p>&nbsp;<\/p>\n<\/p>\n      <\/div>\n      <\/div>\n<\/section>\n\n<section id=\"responsive-spacer-block_74fa1b63aa8b2dbd078bbabc08de0b75\" class=\"responsive-spacer\">\n<\/section>\n<style>\n  #responsive-spacer-block_74fa1b63aa8b2dbd078bbabc08de0b75 {\n    width: 100%;\n  }\n\n  #responsive-spacer-block_74fa1b63aa8b2dbd078bbabc08de0b75 {\n    height: 130px;\n  }\n\n  @media (min-width: 769px) {\n    #responsive-spacer-block_74fa1b63aa8b2dbd078bbabc08de0b75 {\n      height: 140px;\n    }\n  }\n\n  @media (min-width: 1201px) {\n    #responsive-spacer-block_74fa1b63aa8b2dbd078bbabc08de0b75 {\n      height: 141px;\n    }\n  }\n\n  <\/style>\n\n  <section id=\"gallery\" class=\"slider  slick-slider body-wrapper\">\n    <div class=\"container\">\n      <div class=\"slides slides-images\">\n                  <div class=\"slide\">\n            <div class=\"slide-img\">\n                              <!-- <a href=\"https:\/\/cdn.conradpuntademita.com\/wp-content\/uploads\/2024\/02\/15113552\/CPM-Small-Intimate-Weddings-106-2000x1333-1.webp\" data-fancybox=\"gallery\" rel=\"gallery\" data-caption=\"\"> -->\n                <img decoding=\"async\" class=\"lazyload\" src=\"https:\/\/cdn.conradpuntademita.com\/wp-content\/uploads\/2024\/02\/15113552\/CPM-Small-Intimate-Weddings-106-2000x1333-1-1209x665.webp\" alt=\"El balc\u00f3n est\u00e1 bellamente decorado para la celebraci\u00f3n de la boda, ofreciendo vista al mar.\">\n                <!-- <\/a> -->\n                                          <svg class=\"slide-caption\" width=\"22\" height=\"24\" viewbox=\"0 0 22 24\" fill=\"none\" xmlns=\"http:\/\/www.w3.org\/2000\/svg\">\n                <path d=\"M11 0L0 6V18.131L11 24L22 18.131V6.065L11 0ZM10 21.2L3.336 17.645L7.537 14.844C8.617 14.125 7.471 12.485 6.294 13.269L2 16.131V8.23L10 12.593V21.2ZM3.133 6.57L10 2.824V7.25C10 8.573 12 8.574 12 7.25V2.835L18.91 6.646L11.005 10.864L3.133 6.57ZM12 12.6L20 8.331V16.131L15.737 13.289C14.556 12.504 13.414 14.144 14.492 14.863L18.664 17.644L12 21.2V12.6Z\" fill=\"white\" \/>\n              <\/svg>\n            <\/div>\n\n            <div class=\"slide-content\">\n                                        <\/div>\n          <\/div>\n                  <div class=\"slide\">\n            <div class=\"slide-img\">\n                              <!-- <a href=\"https:\/\/cdn.conradpuntademita.com\/wp-content\/uploads\/2024\/02\/07105513\/CPM-Small-Intimate-Weddings-19-2000x1333-1.jpg\" data-fancybox=\"gallery\" rel=\"gallery\" data-caption=\"\"> -->\n                <img decoding=\"async\" class=\"lazyload\" src=\"https:\/\/cdn.conradpuntademita.com\/wp-content\/uploads\/2024\/02\/07105513\/CPM-Small-Intimate-Weddings-19-2000x1333-1-1209x665.jpg\" alt=\"Lugar \u00edntimo para celebrar bodas frente a la playa\">\n                <!-- <\/a> -->\n                                          <svg class=\"slide-caption\" width=\"22\" height=\"24\" viewbox=\"0 0 22 24\" fill=\"none\" xmlns=\"http:\/\/www.w3.org\/2000\/svg\">\n                <path d=\"M11 0L0 6V18.131L11 24L22 18.131V6.065L11 0ZM10 21.2L3.336 17.645L7.537 14.844C8.617 14.125 7.471 12.485 6.294 13.269L2 16.131V8.23L10 12.593V21.2ZM3.133 6.57L10 2.824V7.25C10 8.573 12 8.574 12 7.25V2.835L18.91 6.646L11.005 10.864L3.133 6.57ZM12 12.6L20 8.331V16.131L15.737 13.289C14.556 12.504 13.414 14.144 14.492 14.863L18.664 17.644L12 21.2V12.6Z\" fill=\"white\" \/>\n              <\/svg>\n            <\/div>\n\n            <div class=\"slide-content\">\n                                        <\/div>\n          <\/div>\n                  <div class=\"slide\">\n            <div class=\"slide-img\">\n                              <!-- <a href=\"https:\/\/cdn.conradpuntademita.com\/wp-content\/uploads\/2024\/02\/07105416\/CPM-Small-Intimate-Weddings-57-2000x1333-1.jpg\" data-fancybox=\"gallery\" rel=\"gallery\" data-caption=\"\"> -->\n                <img decoding=\"async\" class=\"lazyload\" src=\"https:\/\/cdn.conradpuntademita.com\/wp-content\/uploads\/2024\/02\/07105416\/CPM-Small-Intimate-Weddings-57-2000x1333-1-1209x665.jpg\" alt=\"Una configuraci\u00f3n de boda incluye dos jarrones de flores largos en la playa con una impresionante vista al mar.\">\n                <!-- <\/a> -->\n                                          <svg class=\"slide-caption\" width=\"22\" height=\"24\" viewbox=\"0 0 22 24\" fill=\"none\" xmlns=\"http:\/\/www.w3.org\/2000\/svg\">\n                <path d=\"M11 0L0 6V18.131L11 24L22 18.131V6.065L11 0ZM10 21.2L3.336 17.645L7.537 14.844C8.617 14.125 7.471 12.485 6.294 13.269L2 16.131V8.23L10 12.593V21.2ZM3.133 6.57L10 2.824V7.25C10 8.573 12 8.574 12 7.25V2.835L18.91 6.646L11.005 10.864L3.133 6.57ZM12 12.6L20 8.331V16.131L15.737 13.289C14.556 12.504 13.414 14.144 14.492 14.863L18.664 17.644L12 21.2V12.6Z\" fill=\"white\" \/>\n              <\/svg>\n            <\/div>\n\n            <div class=\"slide-content\">\n                                        <\/div>\n          <\/div>\n                  <div class=\"slide\">\n            <div class=\"slide-img\">\n                              <!-- <a href=\"https:\/\/cdn.conradpuntademita.com\/wp-content\/uploads\/2024\/02\/07105552\/CPM-Small-Intimate-Weddings-125-2000x1333-1.jpg\" data-fancybox=\"gallery\" rel=\"gallery\" data-caption=\"\"> -->\n                <img decoding=\"async\" class=\"lazyload\" src=\"https:\/\/cdn.conradpuntademita.com\/wp-content\/uploads\/2024\/02\/07105552\/CPM-Small-Intimate-Weddings-125-2000x1333-1-1209x665.jpg\" alt=\"Una mesa de comedor est\u00e1 bellamente decorada con flores y velas para la celebraci\u00f3n.\">\n                <!-- <\/a> -->\n                                          <svg class=\"slide-caption\" width=\"22\" height=\"24\" viewbox=\"0 0 22 24\" fill=\"none\" xmlns=\"http:\/\/www.w3.org\/2000\/svg\">\n                <path d=\"M11 0L0 6V18.131L11 24L22 18.131V6.065L11 0ZM10 21.2L3.336 17.645L7.537 14.844C8.617 14.125 7.471 12.485 6.294 13.269L2 16.131V8.23L10 12.593V21.2ZM3.133 6.57L10 2.824V7.25C10 8.573 12 8.574 12 7.25V2.835L18.91 6.646L11.005 10.864L3.133 6.57ZM12 12.6L20 8.331V16.131L15.737 13.289C14.556 12.504 13.414 14.144 14.492 14.863L18.664 17.644L12 21.2V12.6Z\" fill=\"white\" \/>\n              <\/svg>\n            <\/div>\n\n            <div class=\"slide-content\">\n                                        <\/div>\n          <\/div>\n              <\/div>\n    <\/div>\n  <\/section>\n\n\n<section id=\"responsive-spacer-block_50118b77eb18e13d5504ddab697cfcca\" class=\"responsive-spacer\">\n<\/section>\n<style>\n  #responsive-spacer-block_50118b77eb18e13d5504ddab697cfcca {\n    width: 100%;\n  }\n\n  #responsive-spacer-block_50118b77eb18e13d5504ddab697cfcca {\n    height: 80px;\n  }\n\n  @media (min-width: 769px) {\n    #responsive-spacer-block_50118b77eb18e13d5504ddab697cfcca {\n      height: 100px;\n    }\n  }\n\n  @media (min-width: 1201px) {\n    #responsive-spacer-block_50118b77eb18e13d5504ddab697cfcca {\n      height: 141px;\n    }\n  }\n\n  <\/style>\n\n\n\t<section class=\"media-content body-wrapper align-center not-link\" id=\"catering\">\n\t<div class=\"media-content__left\">\n\t\t\t\t<h2 class=\"heading2 a-up\">\n\t\t\tCatering\t\t\t\t\t<\/h2>\n\t\t\t\t\t\t\t<h4 class=\"media-content__subheading a-up a-delay-1\">Inspirado localmente<\/h4>\n\t\t\n\t\t\n\t\t\n\t\t\t\t<div class=\"media-content__text a-up a-delay-2\"><p>Una colorida expresi\u00f3n de la rica historia y el misterio de Punta de Mita, nuestro personal culinario mezcla lo antiguo con lo nuevo en un viaje gastron\u00f3mico a trav\u00e9s de los sabores, tradiciones e historias de la regi\u00f3n. Con la verdadera hospitalidad mexicana, perm\u00edtanos personalizar completamente su experiencia gastron\u00f3mica, desde c\u00f3cteles personalizados hasta cenas privadas durante su estad\u00eda.<\/p><\/div>\n\t\t\n\t\t\t<\/div>\n\n\t<div class=\"media-content__right hover-images a-up a-delay-2\">\n\t\t<span class=\"media-content__gradient media-content__gradient-left\"><\/span>\n\t\t<span class=\"media-content__gradient media-content__gradient-right\"><\/span>\n\t\t<span class=\"media-content__gradient media-content__gradient-top\"><\/span>\n\t\t<span class=\"media-content__gradient media-content__gradient-bottom\"><\/span>\n\t\t\t\t\t\t\t<img decoding=\"async\" width=\"581\" height=\"735\" src=\"https:\/\/cdn.conradpuntademita.com\/wp-content\/uploads\/2022\/04\/13124809\/Screen-Shot-2022-02-15-at-9.41-1.jpg\" class=\"hover-image is-hovered\" alt=\"Bocadillos guardados en el plato\" loading=\"lazy\" srcset=\"https:\/\/cdn.conradpuntademita.com\/wp-content\/uploads\/2022\/04\/13124809\/Screen-Shot-2022-02-15-at-9.41-1.jpg 581w, https:\/\/cdn.conradpuntademita.com\/wp-content\/uploads\/2022\/04\/13124809\/Screen-Shot-2022-02-15-at-9.41-1-237x300.jpg 237w\" sizes=\"auto, (max-width: 581px) 100vw, 581px\" \/>\t\t\t\t\t<\/div>\n\n\t\t\t<div class=\"media-content__bg\">\n\t\t<img decoding=\"async\" width=\"562\" height=\"489\" src=\"https:\/\/cdn.conradpuntademita.com\/wp-content\/uploads\/2022\/04\/13124801\/Group.png\" class=\"media-content__bg-image\" alt=\"Imagen de textura de flor transparente\" loading=\"lazy\" srcset=\"https:\/\/cdn.conradpuntademita.com\/wp-content\/uploads\/2022\/04\/13124801\/Group.png 562w, https:\/\/cdn.conradpuntademita.com\/wp-content\/uploads\/2022\/04\/13124801\/Group-300x261.png 300w\" sizes=\"auto, (max-width: 562px) 100vw, 562px\" \/>\t\t<\/div>\n\t\t<\/section>\n\n\n<section id=\"responsive-spacer-block_5445e98cb201ac0b9a969076e0d1efa4\" class=\"responsive-spacer\">\n<\/section>\n<style>\n  #responsive-spacer-block_5445e98cb201ac0b9a969076e0d1efa4 {\n    width: 100%;\n  }\n\n  #responsive-spacer-block_5445e98cb201ac0b9a969076e0d1efa4 {\n    height: 101px;\n  }\n\n  @media (min-width: 769px) {\n    #responsive-spacer-block_5445e98cb201ac0b9a969076e0d1efa4 {\n      height: 140px;\n    }\n  }\n\n  @media (min-width: 1201px) {\n    #responsive-spacer-block_5445e98cb201ac0b9a969076e0d1efa4 {\n      height: 188px;\n    }\n  }\n\n  <\/style>","protected":false},"excerpt":{"rendered":"<p>Una boda m\u00e1s \u00edntima merece un espacio \u00edntimo: Ocean View Suites, Tiki Lawn y Mezquite Beach brindan privacidad e intimidad para la celebraci\u00f3n de su boda m\u00e1s peque\u00f1a y su recepci\u00f3n o cena. Podemos alojar hasta 10 personas en suites y Tiki Lawn, o hasta 50 en Mezquite Beach.<\/p>\n<p style=\"text-align: left;\">\u00a0\u00a0<a class=\"btn btn-secondary\" href=\"https:\/\/www.conradpuntademita.com\/es\/reuniones-eventos\/lugares-intimos\/\" target=\"_blank\" rel=\"noopener\">Ver detalles<\/a><\/p>","protected":false},"featured_media":7570,"parent":0,"menu_order":1,"template":"","meta":{"_acf_changed":true,"inline_featured_image":false},"venue_category":[38],"class_list":["post-7558","venue","type-venue","status-publish","has-post-thumbnail","hentry","venue_category-wedding"],"acf":[],"publishpress_future_workflow_manual_trigger":{"enabledWorkflows":[]},"_links":{"self":[{"href":"https:\/\/www.conradpuntademita.com\/es\/wp-json\/wp\/v2\/venue\/7558","targetHints":{"allow":["GET"]}}],"collection":[{"href":"https:\/\/www.conradpuntademita.com\/es\/wp-json\/wp\/v2\/venue"}],"about":[{"href":"https:\/\/www.conradpuntademita.com\/es\/wp-json\/wp\/v2\/types\/venue"}],"wp:featuredmedia":[{"embeddable":true,"href":"https:\/\/www.conradpuntademita.com\/es\/wp-json\/wp\/v2\/media\/7570"}],"wp:attachment":[{"href":"https:\/\/www.conradpuntademita.com\/es\/wp-json\/wp\/v2\/media?parent=7558"}],"wp:term":[{"taxonomy":"venue_category","embeddable":true,"href":"https:\/\/www.conradpuntademita.com\/es\/wp-json\/wp\/v2\/venue_category?post=7558"}],"curies":[{"name":"wp","href":"https:\/\/api.w.org\/{rel}","templated":true}]}}